{"id":15849,"date":"2024-05-30T10:23:42","date_gmt":"2024-05-30T08:23:42","guid":{"rendered":"https:\/\/www.anglet-tourisme.com\/von-anglet-aus\/hoehlen-von-sare\/"},"modified":"2025-04-01T16:12:53","modified_gmt":"2025-04-01T14:12:53","slug":"hoehlen-von-sare","status":"publish","type":"page","link":"https:\/\/www.anglet-tourisme.com\/de\/von-anglet-aus\/hoehlen-von-sare\/","title":{"rendered":"H\u00f6hlen von Sare"},"content":{"rendered":"\n<div class=\"wp-block-group\"><div class=\"wp-block-group__inner-container is-layout-constrained wp-block-group-is-layout-constrained\">\n<div class=\"wp-block-columns is-layout-flex wp-container-core-columns-is-layout-9d6595d7 wp-block-columns-is-layout-flex\">\n<div class=\"wp-block-column is-vertically-aligned-top is-layout-flow wp-block-column-is-layout-flow\">\n<figure class=\"wp-block-gallery has-nested-images columns-2 is-cropped wp-block-gallery-1 is-layout-flex wp-block-gallery-is-layout-flex\">\n<figure data-wp-context=\"{&quot;imageId&quot;:&quot;69f51dea155b8&quot;}\" data-wp-interactive=\"core\/image\" data-wp-key=\"69f51dea155b8\" class=\"wp-block-image size-large wp-lightbox-container\"><img loading=\"lazy\" decoding=\"async\" width=\"1024\" height=\"682\" data-wp-class--hide=\"state.isContentHidden\" data-wp-class--show=\"state.isContentVisible\" data-wp-init=\"callbacks.setButtonStyles\" data-wp-on--click=\"actions.showLightbox\" data-wp-on--load=\"callbacks.setButtonStyles\" data-wp-on-window--resize=\"callbacks.setButtonStyles\" data-id=\"4600\" src=\"https:\/\/www.anglet-tourisme.com\/wp-content\/uploads\/2024\/05\/porche_grottesdesare_2400_1M9A9640-1-1024x682.jpg\" alt=\"\" class=\"wp-image-4600\" srcset=\"https:\/\/www.anglet-tourisme.com\/wp-content\/uploads\/2024\/05\/porche_grottesdesare_2400_1M9A9640-1-1024x682.jpg 1024w, https:\/\/www.anglet-tourisme.com\/wp-content\/uploads\/2024\/05\/porche_grottesdesare_2400_1M9A9640-1-800x533.jpg 800w, https:\/\/www.anglet-tourisme.com\/wp-content\/uploads\/2024\/05\/porche_grottesdesare_2400_1M9A9640-1-768x512.jpg 768w, https:\/\/www.anglet-tourisme.com\/wp-content\/uploads\/2024\/05\/porche_grottesdesare_2400_1M9A9640-1-1536x1024.jpg 1536w, https:\/\/www.anglet-tourisme.com\/wp-content\/uploads\/2024\/05\/porche_grottesdesare_2400_1M9A9640-1.jpg 2000w\" sizes=\"auto, (max-width: 1024px) 100vw, 1024px\" \/><button\n\t\t\tclass=\"lightbox-trigger\"\n\t\t\ttype=\"button\"\n\t\t\taria-haspopup=\"dialog\"\n\t\t\taria-label=\"Vergr\u00f6\u00dfern\"\n\t\t\tdata-wp-init=\"callbacks.initTriggerButton\"\n\t\t\tdata-wp-on--click=\"actions.showLightbox\"\n\t\t\tdata-wp-style--right=\"state.imageButtonRight\"\n\t\t\tdata-wp-style--top=\"state.imageButtonTop\"\n\t\t>\n\t\t\t<svg xmlns=\"http:\/\/www.w3.org\/2000\/svg\" width=\"12\" height=\"12\" fill=\"none\" viewBox=\"0 0 12 12\">\n\t\t\t\t<path fill=\"#fff\" d=\"M2 0a2 2 0 0 0-2 2v2h1.5V2a.5.5 0 0 1 .5-.5h2V0H2Zm2 10.5H2a.5.5 0 0 1-.5-.5V8H0v2a2 2 0 0 0 2 2h2v-1.5ZM8 12v-1.5h2a.5.5 0 0 0 .5-.5V8H12v2a2 2 0 0 1-2 2H8Zm2-12a2 2 0 0 1 2 2v2h-1.5V2a.5.5 0 0 0-.5-.5H8V0h2Z\" \/>\n\t\t\t<\/svg>\n\t\t<\/button><\/figure>\n\n\n\n<figure data-wp-context=\"{&quot;imageId&quot;:&quot;69f51dea15be7&quot;}\" data-wp-interactive=\"core\/image\" data-wp-key=\"69f51dea15be7\" class=\"wp-block-image size-large wp-lightbox-container\"><img loading=\"lazy\" decoding=\"async\" width=\"1024\" height=\"682\" data-wp-class--hide=\"state.isContentHidden\" data-wp-class--show=\"state.isContentVisible\" data-wp-init=\"callbacks.setButtonStyles\" data-wp-on--click=\"actions.showLightbox\" data-wp-on--load=\"callbacks.setButtonStyles\" data-wp-on-window--resize=\"callbacks.setButtonStyles\" data-id=\"4594\" src=\"https:\/\/www.anglet-tourisme.com\/wp-content\/uploads\/2024\/05\/grottesDeSare_interieur3_2400-1-1024x682.jpg\" alt=\"\" class=\"wp-image-4594\" srcset=\"https:\/\/www.anglet-tourisme.com\/wp-content\/uploads\/2024\/05\/grottesDeSare_interieur3_2400-1-1024x682.jpg 1024w, https:\/\/www.anglet-tourisme.com\/wp-content\/uploads\/2024\/05\/grottesDeSare_interieur3_2400-1-800x533.jpg 800w, https:\/\/www.anglet-tourisme.com\/wp-content\/uploads\/2024\/05\/grottesDeSare_interieur3_2400-1-768x512.jpg 768w, https:\/\/www.anglet-tourisme.com\/wp-content\/uploads\/2024\/05\/grottesDeSare_interieur3_2400-1-1536x1024.jpg 1536w, https:\/\/www.anglet-tourisme.com\/wp-content\/uploads\/2024\/05\/grottesDeSare_interieur3_2400-1.jpg 2000w\" sizes=\"auto, (max-width: 1024px) 100vw, 1024px\" \/><button\n\t\t\tclass=\"lightbox-trigger\"\n\t\t\ttype=\"button\"\n\t\t\taria-haspopup=\"dialog\"\n\t\t\taria-label=\"Vergr\u00f6\u00dfern\"\n\t\t\tdata-wp-init=\"callbacks.initTriggerButton\"\n\t\t\tdata-wp-on--click=\"actions.showLightbox\"\n\t\t\tdata-wp-style--right=\"state.imageButtonRight\"\n\t\t\tdata-wp-style--top=\"state.imageButtonTop\"\n\t\t>\n\t\t\t<svg xmlns=\"http:\/\/www.w3.org\/2000\/svg\" width=\"12\" height=\"12\" fill=\"none\" viewBox=\"0 0 12 12\">\n\t\t\t\t<path fill=\"#fff\" d=\"M2 0a2 2 0 0 0-2 2v2h1.5V2a.5.5 0 0 1 .5-.5h2V0H2Zm2 10.5H2a.5.5 0 0 1-.5-.5V8H0v2a2 2 0 0 0 2 2h2v-1.5ZM8 12v-1.5h2a.5.5 0 0 0 .5-.5V8H12v2a2 2 0 0 1-2 2H8Zm2-12a2 2 0 0 1 2 2v2h-1.5V2a.5.5 0 0 0-.5-.5H8V0h2Z\" \/>\n\t\t\t<\/svg>\n\t\t<\/button><\/figure>\n\n\n\n<figure data-wp-context=\"{&quot;imageId&quot;:&quot;69f51dea160d9&quot;}\" data-wp-interactive=\"core\/image\" data-wp-key=\"69f51dea160d9\" class=\"wp-block-image size-large wp-lightbox-container\"><img loading=\"lazy\" decoding=\"async\" width=\"1024\" height=\"682\" data-wp-class--hide=\"state.isContentHidden\" data-wp-class--show=\"state.isContentVisible\" data-wp-init=\"callbacks.setButtonStyles\" data-wp-on--click=\"actions.showLightbox\" data-wp-on--load=\"callbacks.setButtonStyles\" data-wp-on-window--resize=\"callbacks.setButtonStyles\" data-id=\"4597\" src=\"https:\/\/www.anglet-tourisme.com\/wp-content\/uploads\/2024\/05\/grottesDeSare_porcheInterieur_2400-1-1024x682.jpg\" alt=\"\" class=\"wp-image-4597\" srcset=\"https:\/\/www.anglet-tourisme.com\/wp-content\/uploads\/2024\/05\/grottesDeSare_porcheInterieur_2400-1-1024x682.jpg 1024w, https:\/\/www.anglet-tourisme.com\/wp-content\/uploads\/2024\/05\/grottesDeSare_porcheInterieur_2400-1-800x533.jpg 800w, https:\/\/www.anglet-tourisme.com\/wp-content\/uploads\/2024\/05\/grottesDeSare_porcheInterieur_2400-1-768x512.jpg 768w, https:\/\/www.anglet-tourisme.com\/wp-content\/uploads\/2024\/05\/grottesDeSare_porcheInterieur_2400-1-1536x1024.jpg 1536w, https:\/\/www.anglet-tourisme.com\/wp-content\/uploads\/2024\/05\/grottesDeSare_porcheInterieur_2400-1.jpg 2000w\" sizes=\"auto, (max-width: 1024px) 100vw, 1024px\" \/><button\n\t\t\tclass=\"lightbox-trigger\"\n\t\t\ttype=\"button\"\n\t\t\taria-haspopup=\"dialog\"\n\t\t\taria-label=\"Vergr\u00f6\u00dfern\"\n\t\t\tdata-wp-init=\"callbacks.initTriggerButton\"\n\t\t\tdata-wp-on--click=\"actions.showLightbox\"\n\t\t\tdata-wp-style--right=\"state.imageButtonRight\"\n\t\t\tdata-wp-style--top=\"state.imageButtonTop\"\n\t\t>\n\t\t\t<svg xmlns=\"http:\/\/www.w3.org\/2000\/svg\" width=\"12\" height=\"12\" fill=\"none\" viewBox=\"0 0 12 12\">\n\t\t\t\t<path fill=\"#fff\" d=\"M2 0a2 2 0 0 0-2 2v2h1.5V2a.5.5 0 0 1 .5-.5h2V0H2Zm2 10.5H2a.5.5 0 0 1-.5-.5V8H0v2a2 2 0 0 0 2 2h2v-1.5ZM8 12v-1.5h2a.5.5 0 0 0 .5-.5V8H12v2a2 2 0 0 1-2 2H8Zm2-12a2 2 0 0 1 2 2v2h-1.5V2a.5.5 0 0 0-.5-.5H8V0h2Z\" \/>\n\t\t\t<\/svg>\n\t\t<\/button><\/figure>\n<\/figure>\n<\/div>\n\n\n\n<div class=\"wp-block-column is-vertically-aligned-top is-layout-flow wp-block-column-is-layout-flow\">\n<h2 class=\"wp-block-heading\">Die baskische Vorgeschichte<\/h2>\n\n\n\n<p>Die H\u00f6hlen von Sare, eingebettet in das Atxurio-Gebirge, sind ein beeindruckendes Kalksteinmassiv. Eine dieser H\u00f6hlen, Leza genannt, ist seit 2 Millionen Jahren fast unber\u00fchrt. Die H\u00f6hle mit ihren weiten R\u00e4umen und einem der gr\u00f6\u00dften Eingangsportale in Aquitanien enth\u00fcllt Spuren des t\u00e4glichen Lebens unserer Vorfahren. Ein 900 Meter langer Weg, der mit Licht und Ton untermalt ist, bietet ein einzigartiges Erlebnis.   <\/p>\n\n\n\n<p>W\u00e4hrend der 45-min\u00fctigen F\u00fchrung erfahren Sie mehr \u00fcber die geologischen Merkmale des Ortes, seine Rolle als Lebensraum f\u00fcr 10.000 Jahre, seine Mythologie und die Urspr\u00fcnge des baskischen Volkes.<\/p>\n\n\n\n<div style=\"height:40px\" aria-hidden=\"true\" class=\"wp-block-spacer\"><\/div>\n\n\n\n<h2 class=\"wp-block-heading\">Eine Reise in das Herz der baskischen Geschichte und Kultur<\/h2>\n\n\n\n<p>Die H\u00f6hlen von Sare werden durch ein Museum erg\u00e4nzt, in dem Sie Ihre Kenntnisse \u00fcber die Entwicklung des Menschen vertiefen und das Werk von J.M. Barandiaran, einem bedeutenden baskischen Pr\u00e4historiker, kennen lernen k\u00f6nnen. Um das Abenteuer zu verl\u00e4ngern, besuchen Sie sieben weitere bemerkenswerte H\u00f6hlen im Baskenland: Arrikrutz, Mendukilo, Pozalagua, Ikaburu, Zugarramurdi (die Hexenh\u00f6hle), Ekainberri, Koben Koba und das Interpretationszentrum f\u00fcr H\u00f6hlenkunst in Karrantza. <\/p>\n\n\n\n<p>Lassen Sie sich von dieser faszinierenden Entdeckungsreise verf\u00fchren und tauchen Sie ein in die Geheimnisse der baskischen Tiefsee.<\/p>\n<\/div>\n<\/div>\n<\/div><\/div>\n\n<div style=\"height:80px\" aria-hidden=\"true\" class=\"wp-block-spacer\"><\/div>\n\n<div class=\"wp-block-group\"><div class=\"wp-block-group__inner-container is-layout-constrained wp-block-group-is-layout-constrained\">\n<div class=\"wp-block-columns is-layout-flex wp-container-core-columns-is-layout-9d6595d7 wp-block-columns-is-layout-flex\">\n<div class=\"wp-block-column is-layout-flow wp-block-column-is-layout-flow\" style=\"flex-basis:66.66%\">\n<div class=\"wp-block-cover is-light alert\" style=\"min-height:107px;aspect-ratio:unset;\"><span aria-hidden=\"true\" class=\"wp-block-cover__background has-white-background-color has-background-dim-100 has-background-dim\"><\/span><div class=\"wp-block-cover__inner-container is-layout-constrained wp-block-cover-is-layout-constrained\">\n<div class=\"wp-block-group is-nowrap is-layout-flex wp-container-core-group-is-layout-ad2f72ca wp-block-group-is-layout-flex\"><div class=\"wp-block-image\">\n<figure class=\"alignleft size-full is-resized\"><img loading=\"lazy\" decoding=\"async\" width=\"431\" height=\"415\" src=\"https:\/\/www.anglet-tourisme.com\/wp-content\/uploads\/2024\/05\/Anglet-Cote-Basque-PICTOS-V2_page-0001-1.jpg\" alt=\"\" class=\"wp-image-2472\" style=\"aspect-ratio:1;object-fit:cover;width:67px;height:auto\"\/><\/figure>\n<\/div>\n\n\n<h3 class=\"wp-block-heading has-text-align-left has-blue-color has-text-color has-small-font-size\"><strong>INFORMATIONEN<\/strong><\/h3>\n<\/div>\n\n\n\n<p><br\/><strong>ADRESSE<\/strong><br\/><a href=\"https:\/\/www.google.com\/maps\/place\/Grottes+de+Sare\/@43.2685718,-1.5711031,17z\/data=!3m1!4b1!4m6!3m5!1s0xd511910459be0fd:0x5b1aa645f5e1aeb6!8m2!3d43.2685718!4d-1.5711031!16s%2Fg%2F12qbhmwlh?hl=fr&amp;entry=ttu&amp;g_ep=EgoyMDI0MDgyNy4wIKXMDSoASAFQAw%3D%3D\" target=\"_blank\" rel=\"noreferrer noopener\">Grottes de Sare, 64310 SARE<\/a><br\/><br\/><strong>KONTAKT<\/strong><br\/>+33 5 59 54 21 88<br\/><a href=\"https:\/\/www.grottesdesare.fr\/\" data-type=\"link\" data-id=\"https:\/\/www.grottesdesare.fr\/\" target=\"_blank\" rel=\"noreferrer noopener nofollow\">Siehe Website<\/a><br\/><br\/><strong>SP<\/strong>RACHEN<br\/>Franz\u00f6sisch<\/p>\n\n\n\n<div style=\"height:40px\" aria-hidden=\"true\" class=\"wp-block-spacer\"><\/div>\n<\/div><\/div>\n<\/div>\n\n\n\n<div class=\"wp-block-column is-vertically-aligned-center is-layout-flow wp-block-column-is-layout-flow\" style=\"flex-basis:66.66%\">\n<div class=\"wp-block-columns is-layout-flex wp-container-core-columns-is-layout-9d6595d7 wp-block-columns-is-layout-flex\">\n<div class=\"wp-block-column is-layout-flow wp-block-column-is-layout-flow\">\n<h3 class=\"wp-block-heading\">Zug\u00e4nglichkeit<\/h3>\n\n\n\n<ul class=\"wp-block-list\">\n<li>Parkplatz f\u00fcr PKW<\/li>\n\n\n\n<li>Bushaltestellen  <\/li>\n<\/ul>\n<\/div>\n\n\n\n<div class=\"wp-block-column is-vertically-aligned-center is-layout-flow wp-block-column-is-layout-flow\">\n<div class=\"wp-block-buttons is-layout-flex wp-container-core-buttons-is-layout-6b4e3324 wp-block-buttons-is-layout-flex\">\n<div class=\"wp-block-button\"><a class=\"wp-block-button__link has-text-align-center wp-element-button\" href=\"https:\/\/itineraires.txiktxak.fr\/fr\/horaires\/Sare\/arret\/Grottes-de-Sare-~-Sarako-Lezeak\/HEGOBUS:place_SAGRO\" target=\"_blank\" rel=\"nofollow noreferrer noopener\">Anreise mit dem Bus<\/a><\/div>\n<\/div>\n<\/div>\n<\/div>\n\n\n\n<div class=\"frame-responsive\"><iframe loading=\"lazy\" width=\"425\" height=\"350\" src=\"https:\/\/www.openstreetmap.org\/export\/embed.html?bbox=-1.598639488220215%2C43.25748695904712%2C-1.5434503555297852%2C43.27883000534528&#038;layer=mapnik&#038;marker=43.26815941766635%2C-1.571044921875\" style=\"border: 1px solid black\"><\/iframe><br\/><small><a href=\"https:\/\/www.openstreetmap.org\/?mlat=43.2682&#038;mlon=-1.5710#map=15\/43.2682\/-1.5710\">iframe<\/a><\/small><\/div>\n<\/div>\n<\/div>\n<\/div><\/div>\n","protected":false},"excerpt":{"rendered":"<p>Die baskische Vorgeschichte Die H\u00f6hlen von Sare, eingebettet in das Atxurio-Gebirge, sind ein beeindruckendes Kalksteinmassiv. Eine dieser H\u00f6hlen, Leza genannt, ist seit 2 Millionen Jahren fast unber\u00fchrt. Die H\u00f6hle mit ihren weiten R\u00e4umen und einem der gr\u00f6\u00dften Eingangsportale in Aquitanien enth\u00fcllt Spuren des t\u00e4glichen Lebens unserer Vorfahren. Ein 900 Meter [&hellip;]<\/p>\n","protected":false},"author":5,"featured_media":15852,"parent":15767,"menu_order":6,"comment_status":"closed","ping_status":"closed","template":"","meta":{"_acf_changed":false,"_seopress_robots_primary_cat":"","_seopress_titles_title":"Grotte de Sare : Die pr\u00e4historischen H\u00f6hlen von Sare im Baskenland (Sarako lezeak)","_seopress_titles_desc":"Sind Sie von den pr\u00e4historischen H\u00f6hlen von Sare im Baskenland fasziniert? Besuchen Sie Sarako lezeak f\u00fcr ein unvergessliches Bildungsabenteuer. ","_seopress_robots_index":"","footnotes":""},"class_list":["post-15849","page","type-page","status-publish","has-post-thumbnail"],"acf":[],"_links":{"self":[{"href":"https:\/\/www.anglet-tourisme.com\/de\/wp-json\/wp\/v2\/pages\/15849","targetHints":{"allow":["GET"]}}],"collection":[{"href":"https:\/\/www.anglet-tourisme.com\/de\/wp-json\/wp\/v2\/pages"}],"about":[{"href":"https:\/\/www.anglet-tourisme.com\/de\/wp-json\/wp\/v2\/types\/page"}],"author":[{"embeddable":true,"href":"https:\/\/www.anglet-tourisme.com\/de\/wp-json\/wp\/v2\/users\/5"}],"replies":[{"embeddable":true,"href":"https:\/\/www.anglet-tourisme.com\/de\/wp-json\/wp\/v2\/comments?post=15849"}],"version-history":[{"count":1,"href":"https:\/\/www.anglet-tourisme.com\/de\/wp-json\/wp\/v2\/pages\/15849\/revisions"}],"predecessor-version":[{"id":15858,"href":"https:\/\/www.anglet-tourisme.com\/de\/wp-json\/wp\/v2\/pages\/15849\/revisions\/15858"}],"up":[{"embeddable":true,"href":"https:\/\/www.anglet-tourisme.com\/de\/wp-json\/wp\/v2\/pages\/15767"}],"wp:featuredmedia":[{"embeddable":true,"href":"https:\/\/www.anglet-tourisme.com\/de\/wp-json\/wp\/v2\/media\/15852"}],"wp:attachment":[{"href":"https:\/\/www.anglet-tourisme.com\/de\/wp-json\/wp\/v2\/media?parent=15849"}],"curies":[{"name":"wp","href":"https:\/\/api.w.org\/{rel}","templated":true}]}}