{"id":16100,"date":"2024-04-30T15:19:48","date_gmt":"2024-04-30T13:19:48","guid":{"rendered":"https:\/\/www.anglet-tourisme.com\/kultur-besichtigungen-und-ausstellungen\/zentrum-fuer-zeitgenoessische-kunst-in-anglet\/"},"modified":"2025-04-01T16:28:15","modified_gmt":"2025-04-01T14:28:15","slug":"zentrum-fuer-zeitgenoessische-kunst-in-anglet","status":"publish","type":"page","link":"https:\/\/www.anglet-tourisme.com\/de\/kultur-besichtigungen-und-ausstellungen\/zentrum-fuer-zeitgenoessische-kunst-in-anglet\/","title":{"rendered":"Zentrum f\u00fcr zeitgen\u00f6ssische Kunst in Anglet"},"content":{"rendered":"\n<div class=\"wp-block-columns is-layout-flex wp-container-core-columns-is-layout-9d6595d7 wp-block-columns-is-layout-flex\">\n<div class=\"wp-block-column is-layout-flow wp-block-column-is-layout-flow\" style=\"flex-basis:33.33%\"><div class=\"highlight-bloc-container \" id=\"ts-block-65368af54ee28\"  >\n\t<div class=\"highlight-bloc-content\">\n\t\t<div class=\"acf-innerblocks-container\">\n\n<h1 class=\"wp-block-heading suptitle\">Zentrum f\u00fcr zeitgen\u00f6ssische Kunst in Anglet<\/h1>\n\n<\/div>\t<\/div>\n<\/div>\n<\/div>\n\n\n\n<div class=\"wp-block-column is-layout-flow wp-block-column-is-layout-flow\" style=\"flex-basis:66.66%\">\n<p>Das <strong>Centre d&#8217;Art Contemporain de la Ville d&#8217;Anglet <\/strong>liegt im Baskenland in der Region Nouvelle-Aquitaine und vereint zwei sich erg\u00e4nzende Ausstellungsr\u00e4ume: <strong>Die Villa Beatrix Enea <\/strong>und die <strong>Galerie Georges-Pompidou<\/strong>.<\/p>\n\n\n\n<p>Das Zentrum wird von der <strong>Direktion f\u00fcr kulturelle Angelegenheiten, Kulturerbe und St\u00e4dtepartnerschaften der Stadt Anglet<\/strong> verwaltet und ist das Flaggschiff <strong>der<\/strong> Politik zur <strong>Unterst\u00fctzung der zeitgen\u00f6ssischen Kunst,<\/strong> die vor mehr als 40 Jahren begann.<\/p>\n\n\n\n<p>Das ganze Jahr \u00fcber bietet es <strong>kostenlose Ausstellungen und Veranstaltungen<\/strong> an, die Besuchern, Kunstliebhabern und Neugierigen die Gelegenheit bieten, den Reichtum der zeitgen\u00f6ssischen Kunstszene in einem einzigartigen Rahmen im Herzen von Anglet an der baskischen K\u00fcste zu entdecken und zu genie\u00dfen.<\/p>\n<\/div>\n<\/div>\n\n<div style=\"height:80px\" aria-hidden=\"true\" class=\"wp-block-spacer\"><\/div>\n<div id=\"ts-block-666abb621540f\"  class=\"\">\n\t<div id=\"ts-block-666abb621540f\" class=\"tis_item_box_container columns-3 img-zoom\"><article class=\"tis-box \">\r\n\t<a href=\"https:\/\/www.anglet-tourisme.com\/de\/bewegung-in-anglet\/aktivitaeten\/anglet\/LOIAQU064V5BLS4T-galerie-georges-pompidou\/\">\r\n\t\t<div class=\"tis-item-cover\">\r\n\t\t\t\t\t\t\t\t\t\t\t<img decoding=\"async\" src=\"https:\/\/www.anglet-tourisme.com\/wp-content\/uploads\/tis\/Galerie-Pompidou-02-K-Pierret-Delage.jpg\" title=\"Galerie Georges Pompidou\" alt=\"Galerie Georges Pompidou\" \/>\r\n\t\t\t\t\t\t\t\t\t<div class=\"tis-item-label-container\">\r\n\t\t\t\t\t\t\t<!--<span class=\"tis-item-handicap\"><img decoding=\"async\" src=\"https:\/\/www.anglet-tourisme.com\/wp-content\/plugins\/tourinsoft-syndication\/assets\/images\/icon-handicap.svg\" title=\"\" alt=\"\" \/><\/span>-->\r\n\t\t\t\t\t\t\t\t\t<\/div>\r\n\t\t\t\t\t\t\r\n\t\t\t\t\t<\/div>\r\n\t\t\t\t<h3>Galerie Georges Pompidou<\/h3>\r\n\t\t\t\t\r\n\t<\/a>\r\n\t\r\n\t<p>Die Galerie, die die Fassade der Villa Beatrix Enea, mit der ihr Schicksal nun verbunden ist, konfrontiert, zog 2023 von den Mauern der Mediathek in die Umgebung der Villa Beatrix Enea um&hellip;<\/p>\t<strong class=\"tis-box-city\">ANGLET<\/strong>\t\r\n\t\t\t\t\t\t\t\t\t<\/article><article class=\"tis-box \">\r\n\t<a href=\"https:\/\/www.anglet-tourisme.com\/de\/bewegung-in-anglet\/aktivitaeten\/anglet\/LOIAQU064FS000O0-villa-beatrix-enea\/\">\r\n\t\t<div class=\"tis-item-cover\">\r\n\t\t\t\t\t\t\t\t\t\t\t<img decoding=\"async\" src=\"https:\/\/www.anglet-tourisme.com\/wp-content\/uploads\/tis\/-MGL3048.jpg\" title=\"Villa Beatrix Enea\" alt=\"Villa Beatrix Enea\" \/>\r\n\t\t\t\t\t\t\t\t\t<div class=\"tis-item-label-container\">\r\n\t\t\t\t\t\t\t<!--<span class=\"tis-item-handicap\"><img decoding=\"async\" src=\"https:\/\/www.anglet-tourisme.com\/wp-content\/plugins\/tourinsoft-syndication\/assets\/images\/icon-handicap.svg\" title=\"\" alt=\"\" \/><\/span>-->\r\n\t\t\t\t\t\t\t\t\t<\/div>\r\n\t\t\t\t\t\t\r\n\t\t\t\t\t<\/div>\r\n\t\t\t\t<h3>Villa Beatrix Enea<\/h3>\r\n\t\t\t\t\r\n\t<\/a>\r\n\t\r\n\t<p>Die Villa Beatrix Enea, ein bemerkenswertes Geb\u00e4ude im Kulturerbe von Anglet, ist eine ehemalige private Ferienvilla, die Anfang des 20. Jahrhunderts erbaut wurde. Heute beherbergt das weitl\u00e4ufige Geb\u00e4ude im Erdgeschoss ein Zentrum&hellip;<\/p>\t<strong class=\"tis-box-city\">ANGLET<\/strong>\t\r\n\t\t\t\t\t\t\t\t\t<\/article><\/div><\/div>\n\n<div style=\"height:80px\" aria-hidden=\"true\" class=\"wp-block-spacer\"><\/div>\n\n<section class=\"wp-block-group alignwide has-light-green-background-color has-background\"><div class=\"wp-block-group__inner-container is-layout-constrained wp-block-group-is-layout-constrained\"><div id=\"ts-block-66390544d3551\"  class=\"title-bloc-container px-xl aligncenter\">\n\t\t<div class=\"title-bloc-content\">\n\t\t<div class=\"title-bloc\" >\n\t\t\t<div class=\"acf-innerblocks-container\">\n\n<h2 class=\"wp-block-heading\">Sie werden auch m\u00f6gen<\/h2>\n\n<\/div>\t\t<\/div>\n\t\t\t<\/div>\n<\/div>\n\n\n<div id=\"ts-block-66390544d64d3\"  class=\"is-style-horizontal\">\n\t<div class=\"swiper-container tis_item_box-swiper\"><div data-block_id=\"ts-block-66390544d64d3\" class=\"tis_item_box_container columns-2 img-zoom  with-slide slide-ts-block-66390544d64d3\"><div class=\"swiper-wrapper\" data-nb_col=\"2\" id=\"ts-block-66390544d64d3\"><article class=\"tis-box swiper-slide \">\n\t<a href=\"https:\/\/www.anglet-tourisme.com\/de\/bewegung-in-anglet\/aktivitaeten\/anglet\/PCUAQU064FS00001-fabrique-de-chisteras-gonzalez\/\">\n\t\t<div class=\"tis-item-cover \">\n\t\t\t\t\t\t<img decoding=\"async\" src=\"https:\/\/cdt64.media.tourinsoft.eu\/upload\/Maison-Gonzales-Anglet--RIB1609--RiBLANC.jpg?width=450\" title=\"Fabrique de chisteras Gonzalez\" alt=\"Fabrique de chisteras Gonzalez\" loading=\"lazy\" \/>\n\t\t\t\t\t<div class=\"tis-item-label-container\">\n\t\t\t\t\t\t\t<!--<span class=\"tis-item-handicap\"><img decoding=\"async\" src=\"https:\/\/www.anglet-tourisme.com\/wp-content\/plugins\/tourinsoft-syndication\/assets\/images\/icon-handicap.svg\" title=\"\" alt=\"\" \/><\/span>-->\n\t\t\t\t\t\t\t\t\t<\/div>\n\t\t\t\t\t<\/div>\t\t\n\t<\/a>\n\t<div class=\"tis-item-info\">\n\t\t<span class=\"tis-item-type\"><\/span>\t\t<h3>Fabrique de chisteras Gonzalez<\/h3>\n\t\t\t\t\t\t\t\t<p>Begeben Sie sich in eine kleine Stra\u00dfe in Anglet. Klopfen Sie an die T\u00fcr der&hellip;<\/p>\t\t<strong class=\"tis-box-city\">ANGLET<\/strong>\t\t\n\t\t\n\t\t\t\t\t<div class=\"wp-block-button\">\n\t\t\t\t<a href=\"https:\/\/www.anglet-tourisme.com\/de\/bewegung-in-anglet\/aktivitaeten\/anglet\/PCUAQU064FS00001-fabrique-de-chisteras-gonzalez\/\" class=\"has-black-color has-white-background-color has-text-color has-background has-link-color wp-element-button\"><img decoding=\"async\" src=\"https:\/\/www.anglet-tourisme.com\/wp-content\/themes\/onk-tourisme\/assets\/images\/arrow-right-2.svg\" alt=\"Mehr sehen\" \/><\/a>\n\t\t\t<\/div>\n\t\t\t\t\n\t<\/div>\n<\/article><article class=\"tis-box swiper-slide \">\n\t<a href=\"https:\/\/www.anglet-tourisme.com\/de\/bewegung-in-anglet\/aktivitaeten\/anglet\/PCUAQU064FS000G6-fer-forge-pays-basque\/\">\n\t\t<div class=\"tis-item-cover \">\n\t\t\t\t\t\t<img decoding=\"async\" src=\"https:\/\/cdt64.media.tourinsoft.eu\/upload\/Fer-Forge-Pays-Basque.jpg?width=450\" title=\"Fer Forg\u00e9 Pays Basque\" alt=\"Fer Forg\u00e9 Pays Basque\" loading=\"lazy\" \/>\n\t\t\t\t\t<div class=\"tis-item-label-container\">\n\t\t\t\t\t\t\t<!--<span class=\"tis-item-handicap\"><img decoding=\"async\" src=\"https:\/\/www.anglet-tourisme.com\/wp-content\/plugins\/tourinsoft-syndication\/assets\/images\/icon-handicap.svg\" title=\"\" alt=\"\" \/><\/span>-->\n\t\t\t\t\t\t\t\t\t<\/div>\n\t\t\t\t\t<\/div>\t\t\n\t<\/a>\n\t<div class=\"tis-item-info\">\n\t\t<span class=\"tis-item-type\"><\/span>\t\t<h3>Fer Forg\u00e9 Pays Basque<\/h3>\n\t\t\t\t\t\t\t\t<p>Von seiner Werkstatt mit angrenzendem Ausstellungsladen aus entwirft und fertigt er Kunstschmiedearbeiten, Schlosserarbeiten, Dekorationen, Innen-&hellip;<\/p>\t\t<strong class=\"tis-box-city\">ANGLET<\/strong>\t\t\n\t\t\n\t\t\t\t\t<div class=\"wp-block-button\">\n\t\t\t\t<a href=\"https:\/\/www.anglet-tourisme.com\/de\/bewegung-in-anglet\/aktivitaeten\/anglet\/PCUAQU064FS000G6-fer-forge-pays-basque\/\" class=\"has-black-color has-white-background-color has-text-color has-background has-link-color wp-element-button\"><img decoding=\"async\" src=\"https:\/\/www.anglet-tourisme.com\/wp-content\/themes\/onk-tourisme\/assets\/images\/arrow-right-2.svg\" alt=\"Mehr sehen\" \/><\/a>\n\t\t\t<\/div>\n\t\t\t\t\n\t<\/div>\n<\/article><article class=\"tis-box swiper-slide \">\n\t<a href=\"https:\/\/www.anglet-tourisme.com\/de\/bewegung-in-anglet\/aktivitaeten\/anglet\/PCUAQU064V57MR8I-jean-francois-perry-vitrail-et-mosaique\/\">\n\t\t<div class=\"tis-item-cover \">\n\t\t\t\t\t\t<img decoding=\"async\" src=\"https:\/\/cdt64.media.tourinsoft.eu\/upload\/jean-francois-perry-05.jpg?width=450\" title=\"Jean-Fran\u00e7ois Perry - Vitrail et mosa\u00efque\" alt=\"Jean-Fran\u00e7ois Perry - Vitrail et mosa\u00efque\" loading=\"lazy\" \/>\n\t\t\t\t\t<div class=\"tis-item-label-container\">\n\t\t\t\t\t\t\t<!--<span class=\"tis-item-handicap\"><img decoding=\"async\" src=\"https:\/\/www.anglet-tourisme.com\/wp-content\/plugins\/tourinsoft-syndication\/assets\/images\/icon-handicap.svg\" title=\"\" alt=\"\" \/><\/span>-->\n\t\t\t\t\t\t\t\t\t<\/div>\n\t\t\t\t\t<\/div>\t\t\n\t<\/a>\n\t<div class=\"tis-item-info\">\n\t\t<span class=\"tis-item-type\"><\/span>\t\t<h3>Jean-Fran\u00e7ois Perry &#8211; Vitrail et mosa\u00efque<\/h3>\n\t\t\t\t\t\t\t\t<p>Jean-Fran\u00e7ois Perry arbeitet mit traditionellen Bleiverglasungen, Glasfliesen und Mosaiken. Er realisiert Ihre Projekte auf Bestellung,&hellip;<\/p>\t\t<strong class=\"tis-box-city\">ANGLET<\/strong>\t\t\n\t\t\n\t\t\t\t\t<div class=\"wp-block-button\">\n\t\t\t\t<a href=\"https:\/\/www.anglet-tourisme.com\/de\/bewegung-in-anglet\/aktivitaeten\/anglet\/PCUAQU064V57MR8I-jean-francois-perry-vitrail-et-mosaique\/\" class=\"has-black-color has-white-background-color has-text-color has-background has-link-color wp-element-button\"><img decoding=\"async\" src=\"https:\/\/www.anglet-tourisme.com\/wp-content\/themes\/onk-tourisme\/assets\/images\/arrow-right-2.svg\" alt=\"Mehr sehen\" \/><\/a>\n\t\t\t<\/div>\n\t\t\t\t\n\t<\/div>\n<\/article><article class=\"tis-box swiper-slide \">\n\t<a href=\"https:\/\/www.anglet-tourisme.com\/de\/bewegung-in-anglet\/aktivitaeten\/anglet\/PCUAQU064V58KIK7-espace-culturel-uei-en-gasconha\/\">\n\t\t<div class=\"tis-item-cover \">\n\t\t\t\t\t\t<img decoding=\"async\" src=\"https:\/\/cdt64.media.tourinsoft.eu\/upload\/espace-culturel-tivoli-anglet2.jpg?width=450\" title=\"Espace culturel Uei en Gasconha\" alt=\"Espace culturel Uei en Gasconha\" loading=\"lazy\" \/>\n\t\t\t\t\t<div class=\"tis-item-label-container\">\n\t\t\t\t\t\t\t<!--<span class=\"tis-item-handicap\"><img decoding=\"async\" src=\"https:\/\/www.anglet-tourisme.com\/wp-content\/plugins\/tourinsoft-syndication\/assets\/images\/icon-handicap.svg\" title=\"\" alt=\"\" \/><\/span>-->\n\t\t\t\t\t\t\t\t\t<\/div>\n\t\t\t\t\t<\/div>\t\t\n\t<\/a>\n\t<div class=\"tis-item-info\">\n\t\t<span class=\"tis-item-type\"><\/span>\t\t<h3>Espace culturel Uei en Gasconha<\/h3>\n\t\t\t\t\t\t\t\t<p>Uei en Gasconha (Heute in der Gascogne) ist ein Raum f\u00fcr die Interpretation der gascognischen&hellip;<\/p>\t\t<strong class=\"tis-box-city\">ANGLET<\/strong>\t\t\n\t\t\n\t\t\t\t\t<div class=\"wp-block-button\">\n\t\t\t\t<a href=\"https:\/\/www.anglet-tourisme.com\/de\/bewegung-in-anglet\/aktivitaeten\/anglet\/PCUAQU064V58KIK7-espace-culturel-uei-en-gasconha\/\" class=\"has-black-color has-white-background-color has-text-color has-background has-link-color wp-element-button\"><img decoding=\"async\" src=\"https:\/\/www.anglet-tourisme.com\/wp-content\/themes\/onk-tourisme\/assets\/images\/arrow-right-2.svg\" alt=\"Mehr sehen\" \/><\/a>\n\t\t\t<\/div>\n\t\t\t\t\n\t<\/div>\n<\/article><article class=\"tis-box swiper-slide \">\n\t<a href=\"https:\/\/www.anglet-tourisme.com\/de\/bewegung-in-anglet\/aktivitaeten\/anglet\/PCUAQU064V590T55-le-couvent-des-bernardines\/\">\n\t\t<div class=\"tis-item-cover \">\n\t\t\t\t\t\t<img decoding=\"async\" src=\"https:\/\/cdt64.media.tourinsoft.eu\/upload\/Les-Jardins-du-Refuge-I-Love-Anglet-RIB9968--RiBLANC.jpg?width=450\" title=\"Le Couvent des Bernardines\" alt=\"Le Couvent des Bernardines\" loading=\"lazy\" \/>\n\t\t\t\t\t<div class=\"tis-item-label-container\">\n\t\t\t\t\t\t\t<!--<span class=\"tis-item-handicap\"><img decoding=\"async\" src=\"https:\/\/www.anglet-tourisme.com\/wp-content\/plugins\/tourinsoft-syndication\/assets\/images\/icon-handicap.svg\" title=\"\" alt=\"\" \/><\/span>-->\n\t\t\t\t\t\t\t\t\t<\/div>\n\t\t\t\t\t<\/div>\t\t\n\t<\/a>\n\t<div class=\"tis-item-info\">\n\t\t<span class=\"tis-item-type\"><\/span>\t\t<h3>Le Couvent des Bernardines<\/h3>\n\t\t\t\t\t\t\t\t<p>Ein origineller Spaziergang, um das Leben und das Werk des 2015 seliggesprochenen Pater Cestac, Gr\u00fcnder&hellip;<\/p>\t\t<strong class=\"tis-box-city\">ANGLET<\/strong>\t\t\n\t\t\n\t\t\t\t\t<div class=\"wp-block-button\">\n\t\t\t\t<a href=\"https:\/\/www.anglet-tourisme.com\/de\/bewegung-in-anglet\/aktivitaeten\/anglet\/PCUAQU064V590T55-le-couvent-des-bernardines\/\" class=\"has-black-color has-white-background-color has-text-color has-background has-link-color wp-element-button\"><img decoding=\"async\" src=\"https:\/\/www.anglet-tourisme.com\/wp-content\/themes\/onk-tourisme\/assets\/images\/arrow-right-2.svg\" alt=\"Mehr sehen\" \/><\/a>\n\t\t\t<\/div>\n\t\t\t\t\n\t<\/div>\n<\/article><article class=\"tis-box swiper-slide \">\n\t<a href=\"https:\/\/www.anglet-tourisme.com\/de\/bewegung-in-anglet\/aktivitaeten\/anglet\/PCUAQU064V590TWZ-la-love-tower\/\">\n\t\t<div class=\"tis-item-cover \">\n\t\t\t\t\t\t<img decoding=\"async\" src=\"https:\/\/cdt64.media.tourinsoft.eu\/upload\/Love-Tower-I-Love-Anglet-1RIB1330--RiBLANC.jpg?width=450\" title=\"La Love Tower\" alt=\"La Love Tower\" loading=\"lazy\" \/>\n\t\t\t\t\t<div class=\"tis-item-label-container\">\n\t\t\t\t\t\t\t<!--<span class=\"tis-item-handicap\"><img decoding=\"async\" src=\"https:\/\/www.anglet-tourisme.com\/wp-content\/plugins\/tourinsoft-syndication\/assets\/images\/icon-handicap.svg\" title=\"\" alt=\"\" \/><\/span>-->\n\t\t\t\t\t\t\t\t\t<\/div>\n\t\t\t\t\t<\/div>\t\t\n\t<\/a>\n\t<div class=\"tis-item-info\">\n\t\t<span class=\"tis-item-type\"><\/span>\t\t<h3>La Love Tower<\/h3>\n\t\t\t\t\t\t\t\t<p>Ein Werk aus Holz und Metall im Rahmen der 7. Ausgabe der Biennale f\u00fcr zeitgen\u00f6ssische&hellip;<\/p>\t\t<strong class=\"tis-box-city\">ANGLET<\/strong>\t\t\n\t\t\n\t\t\t\t\t<div class=\"wp-block-button\">\n\t\t\t\t<a href=\"https:\/\/www.anglet-tourisme.com\/de\/bewegung-in-anglet\/aktivitaeten\/anglet\/PCUAQU064V590TWZ-la-love-tower\/\" class=\"has-black-color has-white-background-color has-text-color has-background has-link-color wp-element-button\"><img decoding=\"async\" src=\"https:\/\/www.anglet-tourisme.com\/wp-content\/themes\/onk-tourisme\/assets\/images\/arrow-right-2.svg\" alt=\"Mehr sehen\" \/><\/a>\n\t\t\t<\/div>\n\t\t\t\t\n\t<\/div>\n<\/article><article class=\"tis-box swiper-slide \">\n\t<a href=\"https:\/\/www.anglet-tourisme.com\/de\/bewegung-in-anglet\/aktivitaeten\/anglet\/PCUAQU064V590W2T-anglet-surf-avenue\/\">\n\t\t<div class=\"tis-item-cover \">\n\t\t\t\t\t\t<img decoding=\"async\" src=\"https:\/\/cdt64.media.tourinsoft.eu\/upload\/Kelly-Slater-01.jpg?width=450\" title=\"Anglet Surf Avenue\" alt=\"Anglet Surf Avenue\" loading=\"lazy\" \/>\n\t\t\t\t\t<div class=\"tis-item-label-container\">\n\t\t\t\t\t\t\t<!--<span class=\"tis-item-handicap\"><img decoding=\"async\" src=\"https:\/\/www.anglet-tourisme.com\/wp-content\/plugins\/tourinsoft-syndication\/assets\/images\/icon-handicap.svg\" title=\"\" alt=\"\" \/><\/span>-->\n\t\t\t\t\t\t\t\t\t<\/div>\n\t\t\t\t\t<\/div>\t\t\n\t<\/a>\n\t<div class=\"tis-item-info\">\n\t\t<span class=\"tis-item-type\"><\/span>\t\t<h3>Anglet Surf Avenue<\/h3>\n\t\t\t\t\t\t\t\t<p>Unter den Sehensw\u00fcrdigkeiten, die Sie unbedingt besuchen sollten, empfehlen wir Ihnen w\u00e4rmstens die Anglet Surf&hellip;<\/p>\t\t<strong class=\"tis-box-city\">ANGLET<\/strong>\t\t\n\t\t\n\t\t\t\t\t<div class=\"wp-block-button\">\n\t\t\t\t<a href=\"https:\/\/www.anglet-tourisme.com\/de\/bewegung-in-anglet\/aktivitaeten\/anglet\/PCUAQU064V590W2T-anglet-surf-avenue\/\" class=\"has-black-color has-white-background-color has-text-color has-background has-link-color wp-element-button\"><img decoding=\"async\" src=\"https:\/\/www.anglet-tourisme.com\/wp-content\/themes\/onk-tourisme\/assets\/images\/arrow-right-2.svg\" alt=\"Mehr sehen\" \/><\/a>\n\t\t\t<\/div>\n\t\t\t\t\n\t<\/div>\n<\/article><article class=\"tis-box swiper-slide \">\n\t<a href=\"https:\/\/www.anglet-tourisme.com\/de\/bewegung-in-anglet\/aktivitaeten\/anglet\/PCUAQU064V5B9DKZ-lhermione-a-anglet\/\">\n\t\t<div class=\"tis-item-cover \">\n\t\t\t\t\t\t<img decoding=\"async\" src=\"https:\/\/cdt64.media.tourinsoft.eu\/upload\/Hermione-Anglet-IMG-9943-2.jpg?width=450\" title=\"L'Hermione \u00e0 Anglet\" alt=\"L'Hermione \u00e0 Anglet\" loading=\"lazy\" \/>\n\t\t\t\t\t<div class=\"tis-item-label-container\">\n\t\t\t\t\t\t\t<!--<span class=\"tis-item-handicap\"><img decoding=\"async\" src=\"https:\/\/www.anglet-tourisme.com\/wp-content\/plugins\/tourinsoft-syndication\/assets\/images\/icon-handicap.svg\" title=\"\" alt=\"\" \/><\/span>-->\n\t\t\t\t\t\t\t\t\t<\/div>\n\t\t\t\t\t\t<div class=\"tis-item-online-booking\">\n\t\t\t\t<span>Online buchbar<\/span>\n\t\t\t<\/div>\n\t\t\t\t\t<\/div>\t\t\n\t<\/a>\n\t<div class=\"tis-item-info\">\n\t\t<span class=\"tis-item-type\"><\/span>\t\t<h3>L&#8217;Hermione \u00e0 Anglet<\/h3>\n\t\t\t\t\t\t\t\t<p>Die Hermione l\u00e4uft den Hafen von Bayonne in Anglet an, um sich einer General\u00fcberholung zu&hellip;<\/p>\t\t<strong class=\"tis-box-city\">ANGLET<\/strong>\t\t\n\t\t\n\t\t\t\t\t<div class=\"wp-block-button\">\n\t\t\t\t<a href=\"https:\/\/www.anglet-tourisme.com\/de\/bewegung-in-anglet\/aktivitaeten\/anglet\/PCUAQU064V5B9DKZ-lhermione-a-anglet\/\" class=\"has-black-color has-white-background-color has-text-color has-background has-link-color wp-element-button\"><img decoding=\"async\" src=\"https:\/\/www.anglet-tourisme.com\/wp-content\/themes\/onk-tourisme\/assets\/images\/arrow-right-2.svg\" alt=\"Mehr sehen\" \/><\/a>\n\t\t\t<\/div>\n\t\t\t\t\n\t<\/div>\n<\/article><article class=\"tis-box swiper-slide \">\n\t<a href=\"https:\/\/www.anglet-tourisme.com\/de\/bewegung-in-anglet\/aktivitaeten\/anglet\/PCUAQU064V5BAMBY-notre-dame-du-refuge\/\">\n\t\t<div class=\"tis-item-cover \">\n\t\t\t\t\t\t<img decoding=\"async\" src=\"https:\/\/cdt64.media.tourinsoft.eu\/upload\/notre-dame-refuge-anglet-08.jpg?width=450\" title=\"Notre-Dame du Refuge\" alt=\"Notre-Dame du Refuge\" loading=\"lazy\" \/>\n\t\t\t\t\t<div class=\"tis-item-label-container\">\n\t\t\t\t\t\t\t<!--<span class=\"tis-item-handicap\"><img decoding=\"async\" src=\"https:\/\/www.anglet-tourisme.com\/wp-content\/plugins\/tourinsoft-syndication\/assets\/images\/icon-handicap.svg\" title=\"\" alt=\"\" \/><\/span>-->\n\t\t\t\t\t\t\t\t\t<\/div>\n\t\t\t\t\t<\/div>\t\t\n\t<\/a>\n\t<div class=\"tis-item-info\">\n\t\t<span class=\"tis-item-type\"><\/span>\t\t<h3>Notre-Dame du Refuge<\/h3>\n\t\t\t\t\t\t\t\t<p>Sie werden von diesem originellen Spaziergang begeistert sein, der das Leben und Werk des 2015&hellip;<\/p>\t\t<strong class=\"tis-box-city\">ANGLET<\/strong>\t\t\n\t\t\n\t\t\t\t\t<div class=\"wp-block-button\">\n\t\t\t\t<a href=\"https:\/\/www.anglet-tourisme.com\/de\/bewegung-in-anglet\/aktivitaeten\/anglet\/PCUAQU064V5BAMBY-notre-dame-du-refuge\/\" class=\"has-black-color has-white-background-color has-text-color has-background has-link-color wp-element-button\"><img decoding=\"async\" src=\"https:\/\/www.anglet-tourisme.com\/wp-content\/themes\/onk-tourisme\/assets\/images\/arrow-right-2.svg\" alt=\"Mehr sehen\" \/><\/a>\n\t\t\t<\/div>\n\t\t\t\t\n\t<\/div>\n<\/article><article class=\"tis-box swiper-slide \">\n\t<a href=\"https:\/\/www.anglet-tourisme.com\/de\/bewegung-in-anglet\/aktivitaeten\/anglet\/PCUAQU064V5BBXJJ-coutellerie-basque-talaia\/\">\n\t\t<div class=\"tis-item-cover \">\n\t\t\t\t\t\t<img decoding=\"async\" src=\"https:\/\/cdt64.media.tourinsoft.eu\/upload\/TALAIA-coutellerie--basque-artisanale-anglet-pays-basque-1.jpg?width=450\" title=\"Coutellerie basque Talaia\" alt=\"Coutellerie basque Talaia\" loading=\"lazy\" \/>\n\t\t\t\t\t<div class=\"tis-item-label-container\">\n\t\t\t\t\t\t\t<!--<span class=\"tis-item-handicap\"><img decoding=\"async\" src=\"https:\/\/www.anglet-tourisme.com\/wp-content\/plugins\/tourinsoft-syndication\/assets\/images\/icon-handicap.svg\" title=\"\" alt=\"\" \/><\/span>-->\n\t\t\t\t\t\t\t\t\t<\/div>\n\t\t\t\t\t\t<div class=\"tis-item-online-booking\">\n\t\t\t\t<span>Online buchbar<\/span>\n\t\t\t<\/div>\n\t\t\t\t\t<\/div>\t\t\n\t<\/a>\n\t<div class=\"tis-item-info\">\n\t\t<span class=\"tis-item-type\"><\/span>\t\t<h3>Coutellerie basque Talaia<\/h3>\n\t\t\t\t\t\t\t\t<p>In seiner Werkstatt mit Laden im Stadtteil Montbrun fertigt und pr\u00e4sentiert der passionierte Handwerker Eric&hellip;<\/p>\t\t<strong class=\"tis-box-city\">ANGLET<\/strong>\t\t\n\t\t\n\t\t\t\t\t<div class=\"wp-block-button\">\n\t\t\t\t<a href=\"https:\/\/www.anglet-tourisme.com\/de\/bewegung-in-anglet\/aktivitaeten\/anglet\/PCUAQU064V5BBXJJ-coutellerie-basque-talaia\/\" class=\"has-black-color has-white-background-color has-text-color has-background has-link-color wp-element-button\"><img decoding=\"async\" src=\"https:\/\/www.anglet-tourisme.com\/wp-content\/themes\/onk-tourisme\/assets\/images\/arrow-right-2.svg\" alt=\"Mehr sehen\" \/><\/a>\n\t\t\t<\/div>\n\t\t\t\t\n\t<\/div>\n<\/article><\/div><\/div><div class=\"swiper-button-prev prev-ts-block-66390544d64d3\"><\/div><div class=\"swiper-button-next next-ts-block-66390544d64d3\"><\/div><\/div><\/div>\n<\/div><\/section>\n","protected":false},"excerpt":{"rendered":"<p>Das Centre d&#8217;Art Contemporain de la Ville d&#8217;Anglet liegt im Baskenland in der Region Nouvelle-Aquitaine und vereint zwei sich erg\u00e4nzende Ausstellungsr\u00e4ume: Die Villa Beatrix Enea und die Galerie Georges-Pompidou. Das Zentrum wird von der Direktion f\u00fcr kulturelle Angelegenheiten, Kulturerbe und St\u00e4dtepartnerschaften der Stadt Anglet verwaltet und ist das Flaggschiff der [&hellip;]<\/p>\n","protected":false},"author":1,"featured_media":16101,"parent":16089,"menu_order":0,"comment_status":"closed","ping_status":"closed","template":"","meta":{"_acf_changed":false,"_seopress_robots_primary_cat":"","_seopress_titles_title":"Zeitgen\u00f6ssische Kunst in Anglet : Ihr Zentrum f\u00fcr zeitgen\u00f6ssische Kunst in Anglet","_seopress_titles_desc":"Sind Sie Liebhaber zeitgen\u00f6ssischer Kunst? Besuchen Sie das Zentrum in Anglet und erleben Sie eine einzigartige k\u00fcnstlerische Erfahrung. ","_seopress_robots_index":"","footnotes":""},"class_list":["post-16100","page","type-page","status-publish","has-post-thumbnail"],"acf":[],"_links":{"self":[{"href":"https:\/\/www.anglet-tourisme.com\/de\/wp-json\/wp\/v2\/pages\/16100","targetHints":{"allow":["GET"]}}],"collection":[{"href":"https:\/\/www.anglet-tourisme.com\/de\/wp-json\/wp\/v2\/pages"}],"about":[{"href":"https:\/\/www.anglet-tourisme.com\/de\/wp-json\/wp\/v2\/types\/page"}],"author":[{"embeddable":true,"href":"https:\/\/www.anglet-tourisme.com\/de\/wp-json\/wp\/v2\/users\/1"}],"replies":[{"embeddable":true,"href":"https:\/\/www.anglet-tourisme.com\/de\/wp-json\/wp\/v2\/comments?post=16100"}],"version-history":[{"count":1,"href":"https:\/\/www.anglet-tourisme.com\/de\/wp-json\/wp\/v2\/pages\/16100\/revisions"}],"predecessor-version":[{"id":16102,"href":"https:\/\/www.anglet-tourisme.com\/de\/wp-json\/wp\/v2\/pages\/16100\/revisions\/16102"}],"up":[{"embeddable":true,"href":"https:\/\/www.anglet-tourisme.com\/de\/wp-json\/wp\/v2\/pages\/16089"}],"wp:featuredmedia":[{"embeddable":true,"href":"https:\/\/www.anglet-tourisme.com\/de\/wp-json\/wp\/v2\/media\/16101"}],"wp:attachment":[{"href":"https:\/\/www.anglet-tourisme.com\/de\/wp-json\/wp\/v2\/media?parent=16100"}],"curies":[{"name":"wp","href":"https:\/\/api.w.org\/{rel}","templated":true}]}}