{"id":16641,"date":"2024-05-24T14:43:06","date_gmt":"2024-05-24T12:43:06","guid":{"rendered":"https:\/\/www.anglet-tourisme.com\/hoehepunkte-in-anglet\/internationale-biennale-fuer-zeitgenoessische-kunst-ausstellung-zwischen-land-und-meer\/"},"modified":"2025-04-15T17:17:30","modified_gmt":"2025-04-15T15:17:30","slug":"internationale-biennale-fuer-zeitgenoessische-kunst-ausstellung-zwischen-land-und-meer","status":"publish","type":"page","link":"https:\/\/www.anglet-tourisme.com\/de\/hoehepunkte-in-anglet\/internationale-biennale-fuer-zeitgenoessische-kunst-ausstellung-zwischen-land-und-meer\/","title":{"rendered":"Internationale Biennale f\u00fcr zeitgen\u00f6ssische Kunst: Ausstellung zwischen Land und Meer"},"content":{"rendered":"\n<div class=\"wp-block-group\"><div class=\"wp-block-group__inner-container is-layout-constrained wp-block-group-is-layout-constrained\">\n<div class=\"wp-block-columns is-layout-flex wp-container-core-columns-is-layout-9d6595d7 wp-block-columns-is-layout-flex\">\n<div class=\"wp-block-column is-vertically-aligned-top is-layout-flow wp-block-column-is-layout-flow\">\n<figure class=\"wp-block-gallery has-nested-images columns-2 is-cropped wp-block-gallery-1 is-layout-flex wp-block-gallery-is-layout-flex\">\n<figure data-wp-context=\"{&quot;imageId&quot;:&quot;69f5c36f7fb13&quot;}\" data-wp-interactive=\"core\/image\" data-wp-key=\"69f5c36f7fb13\" class=\"wp-block-image size-large wp-lightbox-container\"><img loading=\"lazy\" decoding=\"async\" width=\"1024\" height=\"683\" data-wp-class--hide=\"state.isContentHidden\" data-wp-class--show=\"state.isContentVisible\" data-wp-init=\"callbacks.setButtonStyles\" data-wp-on--click=\"actions.showLightbox\" data-wp-on--load=\"callbacks.setButtonStyles\" data-wp-on-window--resize=\"callbacks.setButtonStyles\" data-id=\"12318\" src=\"https:\/\/www.anglet-tourisme.com\/wp-content\/uploads\/2024\/10\/biennale-anglet-1-1024x683.jpg\" alt=\"\" class=\"wp-image-12318\" srcset=\"https:\/\/www.anglet-tourisme.com\/wp-content\/uploads\/2024\/10\/biennale-anglet-1-1024x683.jpg 1024w, https:\/\/www.anglet-tourisme.com\/wp-content\/uploads\/2024\/10\/biennale-anglet-1-800x533.jpg 800w, https:\/\/www.anglet-tourisme.com\/wp-content\/uploads\/2024\/10\/biennale-anglet-1-150x100.jpg 150w, https:\/\/www.anglet-tourisme.com\/wp-content\/uploads\/2024\/10\/biennale-anglet-1-768x512.jpg 768w, https:\/\/www.anglet-tourisme.com\/wp-content\/uploads\/2024\/10\/biennale-anglet-1.jpg 1500w\" sizes=\"auto, (max-width: 1024px) 100vw, 1024px\" \/><button\n\t\t\tclass=\"lightbox-trigger\"\n\t\t\ttype=\"button\"\n\t\t\taria-haspopup=\"dialog\"\n\t\t\taria-label=\"Vergr\u00f6\u00dfern\"\n\t\t\tdata-wp-init=\"callbacks.initTriggerButton\"\n\t\t\tdata-wp-on--click=\"actions.showLightbox\"\n\t\t\tdata-wp-style--right=\"state.imageButtonRight\"\n\t\t\tdata-wp-style--top=\"state.imageButtonTop\"\n\t\t>\n\t\t\t<svg xmlns=\"http:\/\/www.w3.org\/2000\/svg\" width=\"12\" height=\"12\" fill=\"none\" viewBox=\"0 0 12 12\">\n\t\t\t\t<path fill=\"#fff\" d=\"M2 0a2 2 0 0 0-2 2v2h1.5V2a.5.5 0 0 1 .5-.5h2V0H2Zm2 10.5H2a.5.5 0 0 1-.5-.5V8H0v2a2 2 0 0 0 2 2h2v-1.5ZM8 12v-1.5h2a.5.5 0 0 0 .5-.5V8H12v2a2 2 0 0 1-2 2H8Zm2-12a2 2 0 0 1 2 2v2h-1.5V2a.5.5 0 0 0-.5-.5H8V0h2Z\" \/>\n\t\t\t<\/svg>\n\t\t<\/button><\/figure>\n\n\n\n<figure data-wp-context=\"{&quot;imageId&quot;:&quot;69f5c36f80114&quot;}\" data-wp-interactive=\"core\/image\" data-wp-key=\"69f5c36f80114\" class=\"wp-block-image size-large wp-lightbox-container\"><img loading=\"lazy\" decoding=\"async\" width=\"1024\" height=\"683\" data-wp-class--hide=\"state.isContentHidden\" data-wp-class--show=\"state.isContentVisible\" data-wp-init=\"callbacks.setButtonStyles\" data-wp-on--click=\"actions.showLightbox\" data-wp-on--load=\"callbacks.setButtonStyles\" data-wp-on-window--resize=\"callbacks.setButtonStyles\" data-id=\"12311\" src=\"https:\/\/www.anglet-tourisme.com\/wp-content\/uploads\/2024\/10\/b11-1024x683.jpg\" alt=\"\" class=\"wp-image-12311\" srcset=\"https:\/\/www.anglet-tourisme.com\/wp-content\/uploads\/2024\/10\/b11-1024x683.jpg 1024w, https:\/\/www.anglet-tourisme.com\/wp-content\/uploads\/2024\/10\/b11-800x533.jpg 800w, https:\/\/www.anglet-tourisme.com\/wp-content\/uploads\/2024\/10\/b11-150x100.jpg 150w, https:\/\/www.anglet-tourisme.com\/wp-content\/uploads\/2024\/10\/b11-768x512.jpg 768w, https:\/\/www.anglet-tourisme.com\/wp-content\/uploads\/2024\/10\/b11.jpg 1500w\" sizes=\"auto, (max-width: 1024px) 100vw, 1024px\" \/><button\n\t\t\tclass=\"lightbox-trigger\"\n\t\t\ttype=\"button\"\n\t\t\taria-haspopup=\"dialog\"\n\t\t\taria-label=\"Vergr\u00f6\u00dfern\"\n\t\t\tdata-wp-init=\"callbacks.initTriggerButton\"\n\t\t\tdata-wp-on--click=\"actions.showLightbox\"\n\t\t\tdata-wp-style--right=\"state.imageButtonRight\"\n\t\t\tdata-wp-style--top=\"state.imageButtonTop\"\n\t\t>\n\t\t\t<svg xmlns=\"http:\/\/www.w3.org\/2000\/svg\" width=\"12\" height=\"12\" fill=\"none\" viewBox=\"0 0 12 12\">\n\t\t\t\t<path fill=\"#fff\" d=\"M2 0a2 2 0 0 0-2 2v2h1.5V2a.5.5 0 0 1 .5-.5h2V0H2Zm2 10.5H2a.5.5 0 0 1-.5-.5V8H0v2a2 2 0 0 0 2 2h2v-1.5ZM8 12v-1.5h2a.5.5 0 0 0 .5-.5V8H12v2a2 2 0 0 1-2 2H8Zm2-12a2 2 0 0 1 2 2v2h-1.5V2a.5.5 0 0 0-.5-.5H8V0h2Z\" \/>\n\t\t\t<\/svg>\n\t\t<\/button><\/figure>\n\n\n\n<figure data-wp-context=\"{&quot;imageId&quot;:&quot;69f5c36f80674&quot;}\" data-wp-interactive=\"core\/image\" data-wp-key=\"69f5c36f80674\" class=\"wp-block-image size-large wp-lightbox-container\"><img loading=\"lazy\" decoding=\"async\" width=\"1024\" height=\"682\" data-wp-class--hide=\"state.isContentHidden\" data-wp-class--show=\"state.isContentVisible\" data-wp-init=\"callbacks.setButtonStyles\" data-wp-on--click=\"actions.showLightbox\" data-wp-on--load=\"callbacks.setButtonStyles\" data-wp-on-window--resize=\"callbacks.setButtonStyles\" data-id=\"12706\" src=\"https:\/\/www.anglet-tourisme.com\/wp-content\/uploads\/2024\/10\/la-bienale-angletdji_0214_copyriblanc-1024x682.jpg\" alt=\"\" class=\"wp-image-12706\" srcset=\"https:\/\/www.anglet-tourisme.com\/wp-content\/uploads\/2024\/10\/la-bienale-angletdji_0214_copyriblanc-1024x682.jpg 1024w, https:\/\/www.anglet-tourisme.com\/wp-content\/uploads\/2024\/10\/la-bienale-angletdji_0214_copyriblanc-800x533.jpg 800w, https:\/\/www.anglet-tourisme.com\/wp-content\/uploads\/2024\/10\/la-bienale-angletdji_0214_copyriblanc-150x100.jpg 150w, https:\/\/www.anglet-tourisme.com\/wp-content\/uploads\/2024\/10\/la-bienale-angletdji_0214_copyriblanc-768x512.jpg 768w, https:\/\/www.anglet-tourisme.com\/wp-content\/uploads\/2024\/10\/la-bienale-angletdji_0214_copyriblanc-1536x1024.jpg 1536w, https:\/\/www.anglet-tourisme.com\/wp-content\/uploads\/2024\/10\/la-bienale-angletdji_0214_copyriblanc.jpg 2000w\" sizes=\"auto, (max-width: 1024px) 100vw, 1024px\" \/><button\n\t\t\tclass=\"lightbox-trigger\"\n\t\t\ttype=\"button\"\n\t\t\taria-haspopup=\"dialog\"\n\t\t\taria-label=\"Vergr\u00f6\u00dfern\"\n\t\t\tdata-wp-init=\"callbacks.initTriggerButton\"\n\t\t\tdata-wp-on--click=\"actions.showLightbox\"\n\t\t\tdata-wp-style--right=\"state.imageButtonRight\"\n\t\t\tdata-wp-style--top=\"state.imageButtonTop\"\n\t\t>\n\t\t\t<svg xmlns=\"http:\/\/www.w3.org\/2000\/svg\" width=\"12\" height=\"12\" fill=\"none\" viewBox=\"0 0 12 12\">\n\t\t\t\t<path fill=\"#fff\" d=\"M2 0a2 2 0 0 0-2 2v2h1.5V2a.5.5 0 0 1 .5-.5h2V0H2Zm2 10.5H2a.5.5 0 0 1-.5-.5V8H0v2a2 2 0 0 0 2 2h2v-1.5ZM8 12v-1.5h2a.5.5 0 0 0 .5-.5V8H12v2a2 2 0 0 1-2 2H8Zm2-12a2 2 0 0 1 2 2v2h-1.5V2a.5.5 0 0 0-.5-.5H8V0h2Z\" \/>\n\t\t\t<\/svg>\n\t\t<\/button><\/figure>\n<\/figure>\n<\/div>\n\n\n\n<div class=\"wp-block-column is-vertically-aligned-top is-layout-flow wp-block-column-is-layout-flow\">\n<h2 class=\"wp-block-heading\"><strong>Anglet, eine Stadt, die sich f\u00fcr zeitgen\u00f6ssische Kunst engagiert<\/strong><\/h2>\n\n\n\n<p>Die <strong>internationale Biennale f\u00fcr zeitgen\u00f6ssische Kunst <\/strong>Anglet-Baskische K\u00fcste, die von der Stadt Anglet initiiert und organisiert wird, bietet Ihnen <strong>alle zwei Jahre<\/strong> die M\u00f6glichkeit, einen Parcours mit neuen und verg\u00e4nglichen monumentalen Werken zu entdecken.<\/p>\n\n\n\n<p>Die Werke wurden von K\u00fcnstlern verschiedener Nationalit\u00e4ten vor Ort geschaffen und sind an symboltr\u00e4chtigen Orten der Stadt installiert.<\/p>\n\n\n\n<div style=\"height:40px\" aria-hidden=\"true\" class=\"wp-block-spacer\"><\/div>\n\n\n\n<h2 class=\"wp-block-heading\"><strong>Drei symboltr\u00e4chtige Orte f\u00fcr die <sup>9<\/sup>.<\/strong><\/h2>\n\n\n\n<p>Die Verankerung der Biennale am Ozean bleibt bestehen, aber die <sup>9<\/sup>. Ausgabe im Jahr 2024 hat sich auch im Stadtzentrum etabliert.<\/p>\n\n\n\n<p>Die beiden symboltr\u00e4chtigen Orte des Zentrums f\u00fcr zeitgen\u00f6ssische Kunst in Anglet, die Villa Beatrix Enea und die Galerie Georges Pompidou, waren ebenfalls Schauplatz von Ausstellungen.<\/p>\n<\/div>\n<\/div>\n<\/div><\/div>\n\n\n\n<div class=\"wp-block-group\"><div class=\"wp-block-group__inner-container is-layout-constrained wp-block-group-is-layout-constrained\">\n<div style=\"height:80px\" aria-hidden=\"true\" class=\"wp-block-spacer\"><\/div>\n\n\n\n<div class=\"wp-block-columns is-layout-flex wp-container-core-columns-is-layout-9d6595d7 wp-block-columns-is-layout-flex\">\n<div class=\"wp-block-column is-layout-flow wp-block-column-is-layout-flow\" style=\"flex-basis:66.66%\">\n<div class=\"wp-block-cover is-light alert\" style=\"min-height:107px;aspect-ratio:unset;\"><span aria-hidden=\"true\" class=\"wp-block-cover__background has-white-background-color has-background-dim-100 has-background-dim\"><\/span><div class=\"wp-block-cover__inner-container is-layout-constrained wp-block-cover-is-layout-constrained\">\n<div class=\"wp-block-group is-nowrap is-layout-flex wp-container-core-group-is-layout-ad2f72ca wp-block-group-is-layout-flex\"><div class=\"wp-block-image\">\n<figure class=\"alignleft size-full is-resized\"><img loading=\"lazy\" decoding=\"async\" width=\"431\" height=\"415\" src=\"https:\/\/www.anglet-tourisme.com\/wp-content\/uploads\/2024\/05\/Anglet-Cote-Basque-PICTOS-V2_page-0001-1.jpg\" alt=\"\" class=\"wp-image-2472\" style=\"aspect-ratio:1;object-fit:cover;width:67px;height:auto\"\/><\/figure>\n<\/div>\n\n\n<h3 class=\"wp-block-heading has-text-align-left has-blue-color has-text-color has-small-font-size\"><strong>INFORMATIONEN<\/strong><\/h3>\n<\/div>\n\n\n\n<p><br><strong>ADRESSE<\/strong><br>Esplanade de La Barre, 297 avenue de l&#8217;Adour, 64600 ANGLET<br><br><strong>KONTAKT<\/strong><br>+33 5 59 58 35 60<br><a href=\"https:\/\/biennale.anglet.fr\/\" data-type=\"link\" data-id=\"https:\/\/biennale.anglet.fr\/\" target=\"_blank\" rel=\"noreferrer noopener nofollow\">Siehe die Website<\/a><br><br><strong>ORGANISATION<\/strong><br>Direktion f\u00fcr kulturelle Angelegenheiten, Kulturerbe und St\u00e4dtepartnerschaften der Stadt Anglet<\/p>\n\n\n\n<div style=\"height:40px\" aria-hidden=\"true\" class=\"wp-block-spacer\"><\/div>\n<\/div><\/div>\n<\/div>\n\n\n\n<div class=\"wp-block-column is-vertically-aligned-center is-layout-flow wp-block-column-is-layout-flow\" style=\"flex-basis:66.66%\">\n<div class=\"wp-block-columns is-layout-flex wp-container-core-columns-is-layout-9d6595d7 wp-block-columns-is-layout-flex\">\n<div class=\"wp-block-column is-layout-flow wp-block-column-is-layout-flow\">\n<h3 class=\"wp-block-heading\">Zug\u00e4nglichkeit<\/h3>\n\n\n\n<ul class=\"wp-block-list\">\n<li>Parkplatz f\u00fcr PKW<\/li>\n\n\n\n<li>Bushaltestellen  <\/li>\n<\/ul>\n<\/div>\n\n\n\n<div class=\"wp-block-column is-vertically-aligned-center is-layout-flow wp-block-column-is-layout-flow\">\n<div class=\"wp-block-buttons is-layout-flex wp-container-core-buttons-is-layout-6b4e3324 wp-block-buttons-is-layout-flex\">\n<div class=\"wp-block-button\"><a class=\"wp-block-button__link has-text-align-center wp-element-button\" href=\"https:\/\/itineraires.txiktxak.fr\/fr\/horaires\/Anglet\/arret\/La-Barre\/place_BARR\" target=\"_blank\" rel=\"nofollow noreferrer noopener\">Anreise mit dem Bus<\/a><\/div>\n<\/div>\n<\/div>\n<\/div>\n\n\n\n<div class=\"frame-responsive\"><iframe loading=\"lazy\" width=\"425\" height=\"350\" src=\"https:\/\/www.openstreetmap.org\/export\/embed.html?bbox=-1.5782546997070312%2C43.50598193207539%2C-1.4678764343261719%2C43.548485901583035&#038;layer=mapnik&#038;marker=43.52720982670242%2C-1.5230655670166016\" style=\"border: 1px solid black\"><\/iframe><br\/><small><a href=\"https:\/\/www.openstreetmap.org\/?mlat=43.5272&#038;mlon=-1.5231#map=14\/43.5272\/-1.5231\">iframe<\/a><\/small><\/div>\n<\/div>\n<\/div>\n<\/div><\/div>\n","protected":false},"excerpt":{"rendered":"<p>Anglet, eine Stadt, die sich f\u00fcr zeitgen\u00f6ssische Kunst engagiert Die internationale Biennale f\u00fcr zeitgen\u00f6ssische Kunst Anglet-Baskische K\u00fcste, die von der Stadt Anglet initiiert und organisiert wird, bietet Ihnen alle zwei Jahre die M\u00f6glichkeit, einen Parcours mit neuen und verg\u00e4nglichen monumentalen Werken zu entdecken. Die Werke wurden von K\u00fcnstlern verschiedener Nationalit\u00e4ten [&hellip;]<\/p>\n","protected":false},"author":5,"featured_media":16642,"parent":15733,"menu_order":6,"comment_status":"closed","ping_status":"closed","template":"","meta":{"_acf_changed":false,"_seopress_robots_primary_cat":"","_seopress_titles_title":"Biennale f\u00fcr zeitgen\u00f6ssische Kunst in Anglet: Ausstellung zwischen Land und Meer","_seopress_titles_desc":"Entdecken Sie die k\u00fcnstlerische Avantgarde auf der Biennale f\u00fcr zeitgen\u00f6ssische Kunst in Anglet an der baskischen K\u00fcste. Entdecken Sie fesselnde Kunstwerke in einer einzigartigen K\u00fcstenumgebung.","_seopress_robots_index":"","footnotes":""},"class_list":["post-16641","page","type-page","status-publish","has-post-thumbnail"],"acf":[],"_links":{"self":[{"href":"https:\/\/www.anglet-tourisme.com\/de\/wp-json\/wp\/v2\/pages\/16641","targetHints":{"allow":["GET"]}}],"collection":[{"href":"https:\/\/www.anglet-tourisme.com\/de\/wp-json\/wp\/v2\/pages"}],"about":[{"href":"https:\/\/www.anglet-tourisme.com\/de\/wp-json\/wp\/v2\/types\/page"}],"author":[{"embeddable":true,"href":"https:\/\/www.anglet-tourisme.com\/de\/wp-json\/wp\/v2\/users\/5"}],"replies":[{"embeddable":true,"href":"https:\/\/www.anglet-tourisme.com\/de\/wp-json\/wp\/v2\/comments?post=16641"}],"version-history":[{"count":2,"href":"https:\/\/www.anglet-tourisme.com\/de\/wp-json\/wp\/v2\/pages\/16641\/revisions"}],"predecessor-version":[{"id":17224,"href":"https:\/\/www.anglet-tourisme.com\/de\/wp-json\/wp\/v2\/pages\/16641\/revisions\/17224"}],"up":[{"embeddable":true,"href":"https:\/\/www.anglet-tourisme.com\/de\/wp-json\/wp\/v2\/pages\/15733"}],"wp:featuredmedia":[{"embeddable":true,"href":"https:\/\/www.anglet-tourisme.com\/de\/wp-json\/wp\/v2\/media\/16642"}],"wp:attachment":[{"href":"https:\/\/www.anglet-tourisme.com\/de\/wp-json\/wp\/v2\/media?parent=16641"}],"curies":[{"name":"wp","href":"https:\/\/api.w.org\/{rel}","templated":true}]}}