{"id":16793,"date":"2024-04-30T15:29:50","date_gmt":"2024-04-30T13:29:50","guid":{"rendered":"https:\/\/www.anglet-tourisme.com\/natur\/"},"modified":"2025-11-12T10:51:46","modified_gmt":"2025-11-12T09:51:46","slug":"natur","status":"publish","type":"page","link":"https:\/\/www.anglet-tourisme.com\/de\/natur\/","title":{"rendered":"Natur"},"content":{"rendered":"\n<div class=\"wp-block-columns is-layout-flex wp-container-core-columns-is-layout-9d6595d7 wp-block-columns-is-layout-flex\">\n<div class=\"wp-block-column is-layout-flow wp-block-column-is-layout-flow\" style=\"flex-basis:33.33%\"><div class=\"highlight-bloc-container \" id=\"ts-block-65368af54ee28\"  >\n\t<div class=\"highlight-bloc-content\">\n\t\t<div class=\"acf-innerblocks-container\">\n\n<h1 class=\"wp-block-heading suptitle\">Anglet: zwischen Ozean und Wald, erkunden Sie unsere unber\u00fchrte Natur<\/h1>\n\n<\/div>\t<\/div>\n<\/div>\n\n\n\n<div style=\"height:40px\" aria-hidden=\"true\" class=\"wp-block-spacer\"><\/div>\n\n\n<\/div>\n\n\n\n<div class=\"wp-block-column is-layout-flow wp-block-column-is-layout-flow\" style=\"flex-basis:66.66%\">\n<p>Das <strong>gascognische Motto<\/strong> <strong>&#8222;Ma e pignada per m&#8217;aida&#8220;<\/strong>, ins Franz\u00f6sische \u00fcbersetzt <strong>&#8222;Das Meer und der Kiefernwald, um mir zu helfen&#8220;<\/strong>, illustriert perfekt die Identit\u00e4t von Anglet, einer Stadt, in der sich<strong>Ozean<\/strong> und <strong>Wald<\/strong> treffen.<\/p>\n\n\n\n<p>Seine <strong>gesch\u00fctzten Waldgebiete<\/strong>, insbesondere der <strong>Park Izadia<\/strong>, der als <strong>Natura 2000<\/strong> klassifiziert ist, sowie seine zahlreichen <strong>Parks und G\u00e4rten<\/strong> bieten eine Vielzahl von Aktivit\u00e4ten im<strong> Freien<\/strong>. Ob <strong>Wandern<\/strong>, <strong>Radfahren<\/strong> oder <strong>Reiten<\/strong>, oder um die <strong>lokale Flora und Fauna<\/strong> zu entdecken.<\/p>\n\n\n\n<p>Anglet bietet ein <strong>unvergleichliches Naturerlebnis<\/strong>.<br>Diese gesch\u00fctzten Gr\u00fcnfl\u00e4chen machen Anglet <strong>zur gr\u00fcnen Lunge der baskischen K\u00fcste<\/strong>.<\/p>\n<\/div>\n<\/div>\n\n\n\n<div style=\"height:80px\" aria-hidden=\"true\" class=\"wp-block-spacer\"><\/div>\n\n\n\n<section class=\"wp-block-group alignwide has-orange-light-background-color has-background\"><div class=\"wp-block-group__inner-container is-layout-constrained wp-block-group-is-layout-constrained\">\n<div class=\"wp-block-columns is-layout-flex wp-container-core-columns-is-layout-9d6595d7 wp-block-columns-is-layout-flex\">\n<div class=\"wp-block-column is-layout-flow wp-block-column-is-layout-flow\" style=\"flex-basis:50%\"><div class=\"banner-container  text-shadow with-overlay btn-hover img-zoom\" id=\"ts-block-6629264d16d2a\"  >\n\t\t<a href=\"\/de\/natur\/waelder-von-pignada-und-lazaret\/\" target=\"\">\n\t\t\t<div class=\"banner-content\">\n\n<div class=\"wp-block-cover has-custom-content-position is-position-top-left\" style=\"min-height:350px;aspect-ratio:unset;\"><img loading=\"lazy\" decoding=\"async\" width=\"2000\" height=\"1334\" class=\"wp-block-cover__image-background wp-image-1547\" alt=\"\" src=\"https:\/\/www.anglet-tourisme.com\/wp-content\/uploads\/2024\/05\/1-Forets-Balade-en-foret-Anglet__RIB7758_\u00a9RiBLANC.jpg\" data-object-fit=\"cover\" srcset=\"https:\/\/www.anglet-tourisme.com\/wp-content\/uploads\/2024\/05\/1-Forets-Balade-en-foret-Anglet__RIB7758_\u00a9RiBLANC.jpg 2000w, https:\/\/www.anglet-tourisme.com\/wp-content\/uploads\/2024\/05\/1-Forets-Balade-en-foret-Anglet__RIB7758_\u00a9RiBLANC-800x534.jpg 800w, https:\/\/www.anglet-tourisme.com\/wp-content\/uploads\/2024\/05\/1-Forets-Balade-en-foret-Anglet__RIB7758_\u00a9RiBLANC-1024x683.jpg 1024w, https:\/\/www.anglet-tourisme.com\/wp-content\/uploads\/2024\/05\/1-Forets-Balade-en-foret-Anglet__RIB7758_\u00a9RiBLANC-768x512.jpg 768w, https:\/\/www.anglet-tourisme.com\/wp-content\/uploads\/2024\/05\/1-Forets-Balade-en-foret-Anglet__RIB7758_\u00a9RiBLANC-1536x1025.jpg 1536w\" sizes=\"auto, (max-width: 2000px) 100vw, 2000px\" \/><span aria-hidden=\"true\" class=\"wp-block-cover__background has-background-dim\"><\/span><div class=\"wp-block-cover__inner-container is-layout-flow wp-block-cover-is-layout-flow\">\n<h3 class=\"wp-block-heading has-white-color has-text-color has-link-color wp-elements-44e639f63f06ff051c86916d59bab8c2\">W\u00e4lder von Pignada und Lazaret<\/h3>\n<\/div><\/div>\n\n<\/div>\t\t\t\t\t<div class=\"wp-block-button is-style-outline\">\n\t\t\t<button class=\"wp-block-button__link\">Entdecken Sie<\/button>\n\t\t<\/div>\n\t\t\t<\/a>\n\t\t<\/div>\n<\/div>\n\n\n\n<div class=\"wp-block-column is-layout-flow wp-block-column-is-layout-flow\" style=\"flex-basis:50%\"><div class=\"banner-container  text-shadow with-overlay btn-hover img-zoom\" id=\"ts-block-6629264d16e04\"  >\n\t\t<a href=\"\/de\/bewegung-in-anglet\/aktivitaeten\/anglet\/LOIAQU064FS00079-maison-de-lenvironnement-et-parc-izadia\/\" target=\"\">\n\t\t\t<div class=\"banner-content\">\n\n<div class=\"wp-block-cover has-custom-content-position is-position-top-left\" style=\"min-height:350px;aspect-ratio:unset;\"><img loading=\"lazy\" decoding=\"async\" width=\"2000\" height=\"1334\" class=\"wp-block-cover__image-background wp-image-1551\" alt=\"\" src=\"https:\/\/www.anglet-tourisme.com\/wp-content\/uploads\/2024\/05\/2-Izadia-Anglet_5RIB1101_\u00a9RiBLANC.jpg\" data-object-fit=\"cover\" srcset=\"https:\/\/www.anglet-tourisme.com\/wp-content\/uploads\/2024\/05\/2-Izadia-Anglet_5RIB1101_\u00a9RiBLANC.jpg 2000w, https:\/\/www.anglet-tourisme.com\/wp-content\/uploads\/2024\/05\/2-Izadia-Anglet_5RIB1101_\u00a9RiBLANC-800x534.jpg 800w, https:\/\/www.anglet-tourisme.com\/wp-content\/uploads\/2024\/05\/2-Izadia-Anglet_5RIB1101_\u00a9RiBLANC-1024x683.jpg 1024w, https:\/\/www.anglet-tourisme.com\/wp-content\/uploads\/2024\/05\/2-Izadia-Anglet_5RIB1101_\u00a9RiBLANC-768x512.jpg 768w, https:\/\/www.anglet-tourisme.com\/wp-content\/uploads\/2024\/05\/2-Izadia-Anglet_5RIB1101_\u00a9RiBLANC-1536x1025.jpg 1536w\" sizes=\"auto, (max-width: 2000px) 100vw, 2000px\" \/><span aria-hidden=\"true\" class=\"wp-block-cover__background has-background-dim\"><\/span><div class=\"wp-block-cover__inner-container is-layout-flow wp-block-cover-is-layout-flow\">\n<h3 class=\"wp-block-heading has-white-color has-text-color has-link-color wp-elements-c833adae9917663e96b0c0c9de672541\">Park Izadia<\/h3>\n<\/div><\/div>\n\n<\/div>\t\t\t\t\t<div class=\"wp-block-button is-style-outline\">\n\t\t\t<button class=\"wp-block-button__link\">Entdecken Sie<\/button>\n\t\t<\/div>\n\t\t\t<\/a>\n\t\t<\/div>\n<\/div>\n<\/div>\n\n\n\n<div class=\"wp-block-columns is-layout-flex wp-container-core-columns-is-layout-9d6595d7 wp-block-columns-is-layout-flex\">\n<div class=\"wp-block-column is-layout-flow wp-block-column-is-layout-flow\" style=\"flex-basis:50%\"><div class=\"banner-container  text-shadow with-overlay btn-hover img-zoom\" id=\"ts-block-6629264d16e04\"  >\n\t\t<a href=\"\/de\/natur\/parks-und-gaerten\/\" target=\"\">\n\t\t\t<div class=\"banner-content\">\n\n<div class=\"wp-block-cover has-custom-content-position is-position-top-left\" style=\"min-height:350px;aspect-ratio:unset;\"><img loading=\"lazy\" decoding=\"async\" width=\"2000\" height=\"1333\" class=\"wp-block-cover__image-background wp-image-1555\" alt=\"\" src=\"https:\/\/www.anglet-tourisme.com\/wp-content\/uploads\/2024\/05\/3-parc-et-Jardins-Maharin-I-Love-Anglet_1RIB1642_\u00a9RiBLANC.jpg\" data-object-fit=\"cover\" srcset=\"https:\/\/www.anglet-tourisme.com\/wp-content\/uploads\/2024\/05\/3-parc-et-Jardins-Maharin-I-Love-Anglet_1RIB1642_\u00a9RiBLANC.jpg 2000w, https:\/\/www.anglet-tourisme.com\/wp-content\/uploads\/2024\/05\/3-parc-et-Jardins-Maharin-I-Love-Anglet_1RIB1642_\u00a9RiBLANC-800x533.jpg 800w, https:\/\/www.anglet-tourisme.com\/wp-content\/uploads\/2024\/05\/3-parc-et-Jardins-Maharin-I-Love-Anglet_1RIB1642_\u00a9RiBLANC-1024x682.jpg 1024w, https:\/\/www.anglet-tourisme.com\/wp-content\/uploads\/2024\/05\/3-parc-et-Jardins-Maharin-I-Love-Anglet_1RIB1642_\u00a9RiBLANC-768x512.jpg 768w, https:\/\/www.anglet-tourisme.com\/wp-content\/uploads\/2024\/05\/3-parc-et-Jardins-Maharin-I-Love-Anglet_1RIB1642_\u00a9RiBLANC-1536x1024.jpg 1536w\" sizes=\"auto, (max-width: 2000px) 100vw, 2000px\" \/><span aria-hidden=\"true\" class=\"wp-block-cover__background has-background-dim\"><\/span><div class=\"wp-block-cover__inner-container is-layout-flow wp-block-cover-is-layout-flow\">\n<h3 class=\"wp-block-heading has-white-color has-text-color has-link-color wp-elements-9379be9514d102c4c107040e2d0346eb\">Parks und G\u00e4rten<\/h3>\n<\/div><\/div>\n\n<\/div>\t\t\t\t\t<div class=\"wp-block-button is-style-outline\">\n\t\t\t<button class=\"wp-block-button__link\">Entdecken Sie<\/button>\n\t\t<\/div>\n\t\t\t<\/a>\n\t\t<\/div>\n<\/div>\n\n\n\n<div class=\"wp-block-column is-layout-flow wp-block-column-is-layout-flow\" style=\"flex-basis:50%\"><div class=\"banner-container  text-shadow with-overlay btn-hover img-zoom\" id=\"ts-block-6629264d16ec8\"  >\n\t\t<a href=\"\/de\/natur\/flora-und-fauna\/\" target=\"\">\n\t\t\t<div class=\"banner-content\">\n\n<div class=\"wp-block-cover has-custom-content-position is-position-top-left\" style=\"min-height:350px;aspect-ratio:unset;\"><img loading=\"lazy\" decoding=\"async\" width=\"1080\" height=\"1350\" class=\"wp-block-cover__image-background wp-image-1559\" alt=\"\" src=\"https:\/\/www.anglet-tourisme.com\/wp-content\/uploads\/2024\/05\/4-faune-et-flore-Tarier-patre-Saxicola-rubicola-\u00a9-Leo-1.jpg\" data-object-fit=\"cover\" srcset=\"https:\/\/www.anglet-tourisme.com\/wp-content\/uploads\/2024\/05\/4-faune-et-flore-Tarier-patre-Saxicola-rubicola-\u00a9-Leo-1.jpg 1080w, https:\/\/www.anglet-tourisme.com\/wp-content\/uploads\/2024\/05\/4-faune-et-flore-Tarier-patre-Saxicola-rubicola-\u00a9-Leo-1-480x600.jpg 480w, https:\/\/www.anglet-tourisme.com\/wp-content\/uploads\/2024\/05\/4-faune-et-flore-Tarier-patre-Saxicola-rubicola-\u00a9-Leo-1-819x1024.jpg 819w, https:\/\/www.anglet-tourisme.com\/wp-content\/uploads\/2024\/05\/4-faune-et-flore-Tarier-patre-Saxicola-rubicola-\u00a9-Leo-1-768x960.jpg 768w\" sizes=\"auto, (max-width: 1080px) 100vw, 1080px\" \/><span aria-hidden=\"true\" class=\"wp-block-cover__background has-background-dim\"><\/span><div class=\"wp-block-cover__inner-container is-layout-flow wp-block-cover-is-layout-flow\">\n<h3 class=\"wp-block-heading has-white-color has-text-color has-link-color wp-elements-e1428788affb5f849999b0215965fefa\">Flora und Fauna<\/h3>\n<\/div><\/div>\n\n<\/div>\t\t\t\t\t<div class=\"wp-block-button is-style-outline\">\n\t\t\t<button class=\"wp-block-button__link\">Entdecken Sie<\/button>\n\t\t<\/div>\n\t\t\t<\/a>\n\t\t<\/div>\n<\/div>\n<\/div>\n<\/div><\/section>\n\n\n\n<div style=\"height:80px\" aria-hidden=\"true\" class=\"wp-block-spacer\"><\/div>\n\n\n<div id=\"ts-block-66390544d34f8\"  class=\"title-bloc-container\">\n\t\t<div class=\"title-bloc-content\">\n\t\t<div class=\"title-bloc\" >\n\t\t\t<div class=\"acf-innerblocks-container\">\n\n<p class=\"suptitle\">Zoom auf&#8230;<\/p>\n\n\n\n<h2 class=\"wp-block-heading\">Izadia-Park in Anglet, Schutzgebiet f\u00fcr Biodiversit\u00e4t an der M\u00fcndung des Flusses Adour<\/h2>\n\n<\/div>\t\t<\/div>\n\t\t\t<\/div>\n<\/div>\n\n\n\n<div class=\"wp-block-media-text is-stacked-on-mobile is-image-fill-element\" style=\"grid-template-columns:60% auto\"><figure class=\"wp-block-media-text__media\"><img decoding=\"async\" src=\"https:\/\/www.anglet-tourisme.com\/wp-content\/uploads\/2024\/05\/ZOOM-IZADIA-13-04-23-expo-izadia-carnet-bord-de-mer-LM-2-1024x683.jpg\" alt=\"\" class=\"wp-image-1566 size-full\" style=\"object-position:50% 50%\"\/><\/figure><div class=\"wp-block-media-text__content\">\n<p>Entdecken Sie den Parc Izadia in Anglet, ein Heiligtum der Biodiversit\u00e4t, das an der M\u00fcndung des Adour liegt. Dieses 15 Hektar gro\u00dfe \u00f6kologische Juwel bietet einen faszinierenden Einblick in die \u00d6kosysteme der K\u00fcste.  Folgen Sie einem Pfad mit 10 Stationen, um die Harmonie und die Wechselwirkungen zwischen den nat\u00fcrlichen Lebensr\u00e4umen zu verstehen. Beobachten Sie auf Ihrem Spaziergang eine unglaublich vielf\u00e4ltige Flora und Fauna.<\/p>\n\n\n\n<p>Der Park ist als Natura 2000 und als empfindlicher Naturraum klassifiziert und ist ein privilegierter Zufluchtsort f\u00fcr Wildtiere, ebenso wie die umliegenden W\u00e4lder von Pignada und Lazaret. Ob Sie sich f\u00fcr eine gef\u00fchrte Tour entscheiden, um Ihr Verst\u00e4ndnis zu vertiefen, oder ob Sie lieber in Ihrem eigenen Tempo mit Hilfe eines Faltblatts oder eines Tablet-PCs auf Entdeckungsreise gehen m\u00f6chten, der Parc Izadia verspricht Ihnen ein unvergessliches Erlebnis inmitten der unber\u00fchrten Natur. <\/p>\n\n\n\n<p>Izadia bietet auch Ausstellungen und wissenschaftliche Workshops f\u00fcr die \u00d6ffentlichkeit in Zusammenarbeit mit lokalen Vereinen zum Thema Biodiversit\u00e4t an.<\/p>\n\n\n\n<div style=\"height:40px\" aria-hidden=\"true\" class=\"wp-block-spacer\"><\/div>\n\n\n\n<div class=\"wp-block-buttons is-layout-flex wp-block-buttons-is-layout-flex\">\n<div class=\"wp-block-button is-style-outline is-style-outline--1\"><a class=\"wp-block-button__link wp-element-button\" href=\"\/de\/bewegung-in-anglet\/aktivitaeten\/anglet\/LOIAQU064FS00079-parc-ecologique-izadia\/\">Weitere Informationen<\/a><\/div>\n<\/div>\n<\/div><\/div>\n\n\n\n<div style=\"height:80px\" aria-hidden=\"true\" class=\"wp-block-spacer\"><\/div>\n\n\n\n<section class=\"wp-block-group alignwide has-light-green-background-color has-background\"><div class=\"wp-block-group__inner-container is-layout-constrained wp-block-group-is-layout-constrained\"><div id=\"ts-block-66390544d3551\"  class=\"title-bloc-container px-xl aligncenter\">\n\t\t<div class=\"title-bloc-content\">\n\t\t<div class=\"title-bloc\" >\n\t\t\t<div class=\"acf-innerblocks-container\">\n\n<h2 class=\"wp-block-heading\">Sie werden auch m\u00f6gen<\/h2>\n\n<\/div>\t\t<\/div>\n\t\t\t<\/div>\n<\/div>\n\n\n<div id=\"ts-block-66390544d64d3\"  class=\"is-style-horizontal\">\n\t<div class=\"swiper-container tis_item_box-swiper\"><div data-block_id=\"ts-block-66390544d64d3\" class=\"tis_item_box_container columns-2 img-zoom  with-slide slide-ts-block-66390544d64d3\"><div class=\"swiper-wrapper\" data-nb_col=\"2\" id=\"ts-block-66390544d64d3\"><article class=\"tis-box swiper-slide \">\n\t<a href=\"https:\/\/www.anglet-tourisme.com\/de\/bewegung-in-anglet\/aktivitaeten\/anglet\/PCUAQU064FS00001-fabrique-de-chisteras-gonzalez\/\">\n\t\t<div class=\"tis-item-cover \">\n\t\t\t\t\t\t<img decoding=\"async\" src=\"https:\/\/cdt64.media.tourinsoft.eu\/upload\/Maison-Gonzales-Anglet--RIB1609--RiBLANC.jpg?width=450\" title=\"Fabrique de chisteras Gonzalez\" alt=\"Fabrique de chisteras Gonzalez\" loading=\"lazy\" \/>\n\t\t\t\t\t<div class=\"tis-item-label-container\">\n\t\t\t\t\t\t\t<!--<span class=\"tis-item-handicap\"><img decoding=\"async\" src=\"https:\/\/www.anglet-tourisme.com\/wp-content\/plugins\/tourinsoft-syndication\/assets\/images\/icon-handicap.svg\" title=\"\" alt=\"\" \/><\/span>-->\n\t\t\t\t\t\t\t\t\t<\/div>\n\t\t\t\t\t<\/div>\t\t\n\t<\/a>\n\t<div class=\"tis-item-info\">\n\t\t<span class=\"tis-item-type\"><\/span>\t\t<h3>Fabrique de chisteras Gonzalez<\/h3>\n\t\t\t\t\t\t\t\t<p>Begeben Sie sich in eine kleine Stra\u00dfe in Anglet. Klopfen Sie an die T\u00fcr der&hellip;<\/p>\t\t<strong class=\"tis-box-city\">ANGLET<\/strong>\t\t\n\t\t\n\t\t\t\t\t<div class=\"wp-block-button\">\n\t\t\t\t<a href=\"https:\/\/www.anglet-tourisme.com\/de\/bewegung-in-anglet\/aktivitaeten\/anglet\/PCUAQU064FS00001-fabrique-de-chisteras-gonzalez\/\" class=\"has-black-color has-white-background-color has-text-color has-background has-link-color wp-element-button\"><img decoding=\"async\" src=\"https:\/\/www.anglet-tourisme.com\/wp-content\/themes\/onk-tourisme\/assets\/images\/arrow-right-2.svg\" alt=\"Mehr sehen\" \/><\/a>\n\t\t\t<\/div>\n\t\t\t\t\n\t<\/div>\n<\/article><article class=\"tis-box swiper-slide \">\n\t<a href=\"https:\/\/www.anglet-tourisme.com\/de\/bewegung-in-anglet\/aktivitaeten\/anglet\/PCUAQU064FS000G6-fer-forge-pays-basque\/\">\n\t\t<div class=\"tis-item-cover \">\n\t\t\t\t\t\t<img decoding=\"async\" src=\"https:\/\/cdt64.media.tourinsoft.eu\/upload\/Fer-Forge-Pays-Basque.jpg?width=450\" title=\"Fer Forg\u00e9 Pays Basque\" alt=\"Fer Forg\u00e9 Pays Basque\" loading=\"lazy\" \/>\n\t\t\t\t\t<div class=\"tis-item-label-container\">\n\t\t\t\t\t\t\t<!--<span class=\"tis-item-handicap\"><img decoding=\"async\" src=\"https:\/\/www.anglet-tourisme.com\/wp-content\/plugins\/tourinsoft-syndication\/assets\/images\/icon-handicap.svg\" title=\"\" alt=\"\" \/><\/span>-->\n\t\t\t\t\t\t\t\t\t<\/div>\n\t\t\t\t\t<\/div>\t\t\n\t<\/a>\n\t<div class=\"tis-item-info\">\n\t\t<span class=\"tis-item-type\"><\/span>\t\t<h3>Fer Forg\u00e9 Pays Basque<\/h3>\n\t\t\t\t\t\t\t\t<p>Von seiner Werkstatt mit angrenzendem Ausstellungsladen aus entwirft und fertigt er Kunstschmiedearbeiten, Schlosserarbeiten, Dekorationen, Innen-&hellip;<\/p>\t\t<strong class=\"tis-box-city\">ANGLET<\/strong>\t\t\n\t\t\n\t\t\t\t\t<div class=\"wp-block-button\">\n\t\t\t\t<a href=\"https:\/\/www.anglet-tourisme.com\/de\/bewegung-in-anglet\/aktivitaeten\/anglet\/PCUAQU064FS000G6-fer-forge-pays-basque\/\" class=\"has-black-color has-white-background-color has-text-color has-background has-link-color wp-element-button\"><img decoding=\"async\" src=\"https:\/\/www.anglet-tourisme.com\/wp-content\/themes\/onk-tourisme\/assets\/images\/arrow-right-2.svg\" alt=\"Mehr sehen\" \/><\/a>\n\t\t\t<\/div>\n\t\t\t\t\n\t<\/div>\n<\/article><article class=\"tis-box swiper-slide \">\n\t<a href=\"https:\/\/www.anglet-tourisme.com\/de\/bewegung-in-anglet\/aktivitaeten\/anglet\/PCUAQU064V57MR8I-jean-francois-perry-vitrail-et-mosaique\/\">\n\t\t<div class=\"tis-item-cover \">\n\t\t\t\t\t\t<img decoding=\"async\" src=\"https:\/\/cdt64.media.tourinsoft.eu\/upload\/jean-francois-perry-05.jpg?width=450\" title=\"Jean-Fran\u00e7ois Perry - Vitrail et mosa\u00efque\" alt=\"Jean-Fran\u00e7ois Perry - Vitrail et mosa\u00efque\" loading=\"lazy\" \/>\n\t\t\t\t\t<div class=\"tis-item-label-container\">\n\t\t\t\t\t\t\t<!--<span class=\"tis-item-handicap\"><img decoding=\"async\" src=\"https:\/\/www.anglet-tourisme.com\/wp-content\/plugins\/tourinsoft-syndication\/assets\/images\/icon-handicap.svg\" title=\"\" alt=\"\" \/><\/span>-->\n\t\t\t\t\t\t\t\t\t<\/div>\n\t\t\t\t\t<\/div>\t\t\n\t<\/a>\n\t<div class=\"tis-item-info\">\n\t\t<span class=\"tis-item-type\"><\/span>\t\t<h3>Jean-Fran\u00e7ois Perry &#8211; Vitrail et mosa\u00efque<\/h3>\n\t\t\t\t\t\t\t\t<p>Jean-Fran\u00e7ois Perry arbeitet mit traditionellen Bleiverglasungen, Glasfliesen und Mosaiken. Er realisiert Ihre Projekte auf Bestellung,&hellip;<\/p>\t\t<strong class=\"tis-box-city\">ANGLET<\/strong>\t\t\n\t\t\n\t\t\t\t\t<div class=\"wp-block-button\">\n\t\t\t\t<a href=\"https:\/\/www.anglet-tourisme.com\/de\/bewegung-in-anglet\/aktivitaeten\/anglet\/PCUAQU064V57MR8I-jean-francois-perry-vitrail-et-mosaique\/\" class=\"has-black-color has-white-background-color has-text-color has-background has-link-color wp-element-button\"><img decoding=\"async\" src=\"https:\/\/www.anglet-tourisme.com\/wp-content\/themes\/onk-tourisme\/assets\/images\/arrow-right-2.svg\" alt=\"Mehr sehen\" \/><\/a>\n\t\t\t<\/div>\n\t\t\t\t\n\t<\/div>\n<\/article><article class=\"tis-box swiper-slide \">\n\t<a href=\"https:\/\/www.anglet-tourisme.com\/de\/bewegung-in-anglet\/aktivitaeten\/anglet\/PCUAQU064V58KIK7-espace-culturel-uei-en-gasconha\/\">\n\t\t<div class=\"tis-item-cover \">\n\t\t\t\t\t\t<img decoding=\"async\" src=\"https:\/\/cdt64.media.tourinsoft.eu\/upload\/espace-culturel-tivoli-anglet2.jpg?width=450\" title=\"Espace culturel Uei en Gasconha\" alt=\"Espace culturel Uei en Gasconha\" loading=\"lazy\" \/>\n\t\t\t\t\t<div class=\"tis-item-label-container\">\n\t\t\t\t\t\t\t<!--<span class=\"tis-item-handicap\"><img decoding=\"async\" src=\"https:\/\/www.anglet-tourisme.com\/wp-content\/plugins\/tourinsoft-syndication\/assets\/images\/icon-handicap.svg\" title=\"\" alt=\"\" \/><\/span>-->\n\t\t\t\t\t\t\t\t\t<\/div>\n\t\t\t\t\t<\/div>\t\t\n\t<\/a>\n\t<div class=\"tis-item-info\">\n\t\t<span class=\"tis-item-type\"><\/span>\t\t<h3>Espace culturel Uei en Gasconha<\/h3>\n\t\t\t\t\t\t\t\t<p>Uei en Gasconha (Heute in der Gascogne) ist ein Raum f\u00fcr die Interpretation der gascognischen&hellip;<\/p>\t\t<strong class=\"tis-box-city\">ANGLET<\/strong>\t\t\n\t\t\n\t\t\t\t\t<div class=\"wp-block-button\">\n\t\t\t\t<a href=\"https:\/\/www.anglet-tourisme.com\/de\/bewegung-in-anglet\/aktivitaeten\/anglet\/PCUAQU064V58KIK7-espace-culturel-uei-en-gasconha\/\" class=\"has-black-color has-white-background-color has-text-color has-background has-link-color wp-element-button\"><img decoding=\"async\" src=\"https:\/\/www.anglet-tourisme.com\/wp-content\/themes\/onk-tourisme\/assets\/images\/arrow-right-2.svg\" alt=\"Mehr sehen\" \/><\/a>\n\t\t\t<\/div>\n\t\t\t\t\n\t<\/div>\n<\/article><article class=\"tis-box swiper-slide \">\n\t<a href=\"https:\/\/www.anglet-tourisme.com\/de\/bewegung-in-anglet\/aktivitaeten\/anglet\/PCUAQU064V590T55-le-couvent-des-bernardines\/\">\n\t\t<div class=\"tis-item-cover \">\n\t\t\t\t\t\t<img decoding=\"async\" src=\"https:\/\/cdt64.media.tourinsoft.eu\/upload\/Les-Jardins-du-Refuge-I-Love-Anglet-RIB9968--RiBLANC.jpg?width=450\" title=\"Le Couvent des Bernardines\" alt=\"Le Couvent des Bernardines\" loading=\"lazy\" \/>\n\t\t\t\t\t<div class=\"tis-item-label-container\">\n\t\t\t\t\t\t\t<!--<span class=\"tis-item-handicap\"><img decoding=\"async\" src=\"https:\/\/www.anglet-tourisme.com\/wp-content\/plugins\/tourinsoft-syndication\/assets\/images\/icon-handicap.svg\" title=\"\" alt=\"\" \/><\/span>-->\n\t\t\t\t\t\t\t\t\t<\/div>\n\t\t\t\t\t<\/div>\t\t\n\t<\/a>\n\t<div class=\"tis-item-info\">\n\t\t<span class=\"tis-item-type\"><\/span>\t\t<h3>Le Couvent des Bernardines<\/h3>\n\t\t\t\t\t\t\t\t<p>Ein origineller Spaziergang, um das Leben und das Werk des 2015 seliggesprochenen Pater Cestac, Gr\u00fcnder&hellip;<\/p>\t\t<strong class=\"tis-box-city\">ANGLET<\/strong>\t\t\n\t\t\n\t\t\t\t\t<div class=\"wp-block-button\">\n\t\t\t\t<a href=\"https:\/\/www.anglet-tourisme.com\/de\/bewegung-in-anglet\/aktivitaeten\/anglet\/PCUAQU064V590T55-le-couvent-des-bernardines\/\" class=\"has-black-color has-white-background-color has-text-color has-background has-link-color wp-element-button\"><img decoding=\"async\" src=\"https:\/\/www.anglet-tourisme.com\/wp-content\/themes\/onk-tourisme\/assets\/images\/arrow-right-2.svg\" alt=\"Mehr sehen\" \/><\/a>\n\t\t\t<\/div>\n\t\t\t\t\n\t<\/div>\n<\/article><article class=\"tis-box swiper-slide \">\n\t<a href=\"https:\/\/www.anglet-tourisme.com\/de\/bewegung-in-anglet\/aktivitaeten\/anglet\/PCUAQU064V590TWZ-la-love-tower\/\">\n\t\t<div class=\"tis-item-cover \">\n\t\t\t\t\t\t<img decoding=\"async\" src=\"https:\/\/cdt64.media.tourinsoft.eu\/upload\/Love-Tower-I-Love-Anglet-1RIB1330--RiBLANC.jpg?width=450\" title=\"La Love Tower\" alt=\"La Love Tower\" loading=\"lazy\" \/>\n\t\t\t\t\t<div class=\"tis-item-label-container\">\n\t\t\t\t\t\t\t<!--<span class=\"tis-item-handicap\"><img decoding=\"async\" src=\"https:\/\/www.anglet-tourisme.com\/wp-content\/plugins\/tourinsoft-syndication\/assets\/images\/icon-handicap.svg\" title=\"\" alt=\"\" \/><\/span>-->\n\t\t\t\t\t\t\t\t\t<\/div>\n\t\t\t\t\t<\/div>\t\t\n\t<\/a>\n\t<div class=\"tis-item-info\">\n\t\t<span class=\"tis-item-type\"><\/span>\t\t<h3>La Love Tower<\/h3>\n\t\t\t\t\t\t\t\t<p>Ein Werk aus Holz und Metall im Rahmen der 7. Ausgabe der Biennale f\u00fcr zeitgen\u00f6ssische&hellip;<\/p>\t\t<strong class=\"tis-box-city\">ANGLET<\/strong>\t\t\n\t\t\n\t\t\t\t\t<div class=\"wp-block-button\">\n\t\t\t\t<a href=\"https:\/\/www.anglet-tourisme.com\/de\/bewegung-in-anglet\/aktivitaeten\/anglet\/PCUAQU064V590TWZ-la-love-tower\/\" class=\"has-black-color has-white-background-color has-text-color has-background has-link-color wp-element-button\"><img decoding=\"async\" src=\"https:\/\/www.anglet-tourisme.com\/wp-content\/themes\/onk-tourisme\/assets\/images\/arrow-right-2.svg\" alt=\"Mehr sehen\" \/><\/a>\n\t\t\t<\/div>\n\t\t\t\t\n\t<\/div>\n<\/article><article class=\"tis-box swiper-slide \">\n\t<a href=\"https:\/\/www.anglet-tourisme.com\/de\/bewegung-in-anglet\/aktivitaeten\/anglet\/PCUAQU064V590W2T-anglet-surf-avenue\/\">\n\t\t<div class=\"tis-item-cover \">\n\t\t\t\t\t\t<img decoding=\"async\" src=\"https:\/\/cdt64.media.tourinsoft.eu\/upload\/Kelly-Slater-01.jpg?width=450\" title=\"Anglet Surf Avenue\" alt=\"Anglet Surf Avenue\" loading=\"lazy\" \/>\n\t\t\t\t\t<div class=\"tis-item-label-container\">\n\t\t\t\t\t\t\t<!--<span class=\"tis-item-handicap\"><img decoding=\"async\" src=\"https:\/\/www.anglet-tourisme.com\/wp-content\/plugins\/tourinsoft-syndication\/assets\/images\/icon-handicap.svg\" title=\"\" alt=\"\" \/><\/span>-->\n\t\t\t\t\t\t\t\t\t<\/div>\n\t\t\t\t\t<\/div>\t\t\n\t<\/a>\n\t<div class=\"tis-item-info\">\n\t\t<span class=\"tis-item-type\"><\/span>\t\t<h3>Anglet Surf Avenue<\/h3>\n\t\t\t\t\t\t\t\t<p>Unter den Sehensw\u00fcrdigkeiten, die Sie unbedingt besuchen sollten, empfehlen wir Ihnen w\u00e4rmstens die Anglet Surf&hellip;<\/p>\t\t<strong class=\"tis-box-city\">ANGLET<\/strong>\t\t\n\t\t\n\t\t\t\t\t<div class=\"wp-block-button\">\n\t\t\t\t<a href=\"https:\/\/www.anglet-tourisme.com\/de\/bewegung-in-anglet\/aktivitaeten\/anglet\/PCUAQU064V590W2T-anglet-surf-avenue\/\" class=\"has-black-color has-white-background-color has-text-color has-background has-link-color wp-element-button\"><img decoding=\"async\" src=\"https:\/\/www.anglet-tourisme.com\/wp-content\/themes\/onk-tourisme\/assets\/images\/arrow-right-2.svg\" alt=\"Mehr sehen\" \/><\/a>\n\t\t\t<\/div>\n\t\t\t\t\n\t<\/div>\n<\/article><article class=\"tis-box swiper-slide \">\n\t<a href=\"https:\/\/www.anglet-tourisme.com\/de\/bewegung-in-anglet\/aktivitaeten\/anglet\/PCUAQU064V5B9DKZ-lhermione-a-anglet\/\">\n\t\t<div class=\"tis-item-cover \">\n\t\t\t\t\t\t<img decoding=\"async\" src=\"https:\/\/cdt64.media.tourinsoft.eu\/upload\/Hermione-Anglet-IMG-9943-2.jpg?width=450\" title=\"L'Hermione \u00e0 Anglet\" alt=\"L'Hermione \u00e0 Anglet\" loading=\"lazy\" \/>\n\t\t\t\t\t<div class=\"tis-item-label-container\">\n\t\t\t\t\t\t\t<!--<span class=\"tis-item-handicap\"><img decoding=\"async\" src=\"https:\/\/www.anglet-tourisme.com\/wp-content\/plugins\/tourinsoft-syndication\/assets\/images\/icon-handicap.svg\" title=\"\" alt=\"\" \/><\/span>-->\n\t\t\t\t\t\t\t\t\t<\/div>\n\t\t\t\t\t\t<div class=\"tis-item-online-booking\">\n\t\t\t\t<span>Online buchbar<\/span>\n\t\t\t<\/div>\n\t\t\t\t\t<\/div>\t\t\n\t<\/a>\n\t<div class=\"tis-item-info\">\n\t\t<span class=\"tis-item-type\"><\/span>\t\t<h3>L&#8217;Hermione \u00e0 Anglet<\/h3>\n\t\t\t\t\t\t\t\t<p>Die Hermione l\u00e4uft den Hafen von Bayonne in Anglet an, um sich einer General\u00fcberholung zu&hellip;<\/p>\t\t<strong class=\"tis-box-city\">ANGLET<\/strong>\t\t\n\t\t\n\t\t\t\t\t<div class=\"wp-block-button\">\n\t\t\t\t<a href=\"https:\/\/www.anglet-tourisme.com\/de\/bewegung-in-anglet\/aktivitaeten\/anglet\/PCUAQU064V5B9DKZ-lhermione-a-anglet\/\" class=\"has-black-color has-white-background-color has-text-color has-background has-link-color wp-element-button\"><img decoding=\"async\" src=\"https:\/\/www.anglet-tourisme.com\/wp-content\/themes\/onk-tourisme\/assets\/images\/arrow-right-2.svg\" alt=\"Mehr sehen\" \/><\/a>\n\t\t\t<\/div>\n\t\t\t\t\n\t<\/div>\n<\/article><article class=\"tis-box swiper-slide \">\n\t<a href=\"https:\/\/www.anglet-tourisme.com\/de\/bewegung-in-anglet\/aktivitaeten\/anglet\/PCUAQU064V5BAMBY-notre-dame-du-refuge\/\">\n\t\t<div class=\"tis-item-cover \">\n\t\t\t\t\t\t<img decoding=\"async\" src=\"https:\/\/cdt64.media.tourinsoft.eu\/upload\/notre-dame-refuge-anglet-08.jpg?width=450\" title=\"Notre-Dame du Refuge\" alt=\"Notre-Dame du Refuge\" loading=\"lazy\" \/>\n\t\t\t\t\t<div class=\"tis-item-label-container\">\n\t\t\t\t\t\t\t<!--<span class=\"tis-item-handicap\"><img decoding=\"async\" src=\"https:\/\/www.anglet-tourisme.com\/wp-content\/plugins\/tourinsoft-syndication\/assets\/images\/icon-handicap.svg\" title=\"\" alt=\"\" \/><\/span>-->\n\t\t\t\t\t\t\t\t\t<\/div>\n\t\t\t\t\t<\/div>\t\t\n\t<\/a>\n\t<div class=\"tis-item-info\">\n\t\t<span class=\"tis-item-type\"><\/span>\t\t<h3>Notre-Dame du Refuge<\/h3>\n\t\t\t\t\t\t\t\t<p>Sie werden von diesem originellen Spaziergang begeistert sein, der das Leben und Werk des 2015&hellip;<\/p>\t\t<strong class=\"tis-box-city\">ANGLET<\/strong>\t\t\n\t\t\n\t\t\t\t\t<div class=\"wp-block-button\">\n\t\t\t\t<a href=\"https:\/\/www.anglet-tourisme.com\/de\/bewegung-in-anglet\/aktivitaeten\/anglet\/PCUAQU064V5BAMBY-notre-dame-du-refuge\/\" class=\"has-black-color has-white-background-color has-text-color has-background has-link-color wp-element-button\"><img decoding=\"async\" src=\"https:\/\/www.anglet-tourisme.com\/wp-content\/themes\/onk-tourisme\/assets\/images\/arrow-right-2.svg\" alt=\"Mehr sehen\" \/><\/a>\n\t\t\t<\/div>\n\t\t\t\t\n\t<\/div>\n<\/article><article class=\"tis-box swiper-slide \">\n\t<a href=\"https:\/\/www.anglet-tourisme.com\/de\/bewegung-in-anglet\/aktivitaeten\/anglet\/PCUAQU064V5BBXJJ-coutellerie-basque-talaia\/\">\n\t\t<div class=\"tis-item-cover \">\n\t\t\t\t\t\t<img decoding=\"async\" src=\"https:\/\/cdt64.media.tourinsoft.eu\/upload\/TALAIA-coutellerie--basque-artisanale-anglet-pays-basque-1.jpg?width=450\" title=\"Coutellerie basque Talaia\" alt=\"Coutellerie basque Talaia\" loading=\"lazy\" \/>\n\t\t\t\t\t<div class=\"tis-item-label-container\">\n\t\t\t\t\t\t\t<!--<span class=\"tis-item-handicap\"><img decoding=\"async\" src=\"https:\/\/www.anglet-tourisme.com\/wp-content\/plugins\/tourinsoft-syndication\/assets\/images\/icon-handicap.svg\" title=\"\" alt=\"\" \/><\/span>-->\n\t\t\t\t\t\t\t\t\t<\/div>\n\t\t\t\t\t\t<div class=\"tis-item-online-booking\">\n\t\t\t\t<span>Online buchbar<\/span>\n\t\t\t<\/div>\n\t\t\t\t\t<\/div>\t\t\n\t<\/a>\n\t<div class=\"tis-item-info\">\n\t\t<span class=\"tis-item-type\"><\/span>\t\t<h3>Coutellerie basque Talaia<\/h3>\n\t\t\t\t\t\t\t\t<p>In seiner Werkstatt mit Laden im Stadtteil Montbrun fertigt und pr\u00e4sentiert der passionierte Handwerker Eric&hellip;<\/p>\t\t<strong class=\"tis-box-city\">ANGLET<\/strong>\t\t\n\t\t\n\t\t\t\t\t<div class=\"wp-block-button\">\n\t\t\t\t<a href=\"https:\/\/www.anglet-tourisme.com\/de\/bewegung-in-anglet\/aktivitaeten\/anglet\/PCUAQU064V5BBXJJ-coutellerie-basque-talaia\/\" class=\"has-black-color has-white-background-color has-text-color has-background has-link-color wp-element-button\"><img decoding=\"async\" src=\"https:\/\/www.anglet-tourisme.com\/wp-content\/themes\/onk-tourisme\/assets\/images\/arrow-right-2.svg\" alt=\"Mehr sehen\" \/><\/a>\n\t\t\t<\/div>\n\t\t\t\t\n\t<\/div>\n<\/article><\/div><\/div><div class=\"swiper-button-prev prev-ts-block-66390544d64d3\"><\/div><div class=\"swiper-button-next next-ts-block-66390544d64d3\"><\/div><\/div><\/div>\n<\/div><\/section>\n","protected":false},"excerpt":{"rendered":"<p>Das gascognische Motto &#8222;Ma e pignada per m&#8217;aida&#8220;, ins Franz\u00f6sische \u00fcbersetzt &#8222;Das Meer und der Kiefernwald, um mir zu helfen&#8220;, illustriert perfekt die Identit\u00e4t von Anglet, einer Stadt, in der sichOzean und Wald treffen. Seine gesch\u00fctzten Waldgebiete, insbesondere der Park Izadia, der als Natura 2000 klassifiziert ist, sowie seine zahlreichen [&hellip;]<\/p>\n","protected":false},"author":1,"featured_media":16796,"parent":0,"menu_order":0,"comment_status":"closed","ping_status":"closed","template":"","meta":{"_acf_changed":false,"_seopress_robots_primary_cat":"","_seopress_titles_title":"Naturgebiete in Anglet: alle Naturgebiete in Anglet, an der baskischen K\u00fcste","_seopress_titles_desc":"Erkunden Sie die Naturgebiete von Anglet f\u00fcr ein authentisches Erlebnis an der baskischen K\u00fcste, zwischen Entspannung und Entdeckung.","_seopress_robots_index":"","footnotes":""},"class_list":["post-16793","page","type-page","status-publish","has-post-thumbnail"],"acf":[],"_links":{"self":[{"href":"https:\/\/www.anglet-tourisme.com\/de\/wp-json\/wp\/v2\/pages\/16793","targetHints":{"allow":["GET"]}}],"collection":[{"href":"https:\/\/www.anglet-tourisme.com\/de\/wp-json\/wp\/v2\/pages"}],"about":[{"href":"https:\/\/www.anglet-tourisme.com\/de\/wp-json\/wp\/v2\/types\/page"}],"author":[{"embeddable":true,"href":"https:\/\/www.anglet-tourisme.com\/de\/wp-json\/wp\/v2\/users\/1"}],"replies":[{"embeddable":true,"href":"https:\/\/www.anglet-tourisme.com\/de\/wp-json\/wp\/v2\/comments?post=16793"}],"version-history":[{"count":2,"href":"https:\/\/www.anglet-tourisme.com\/de\/wp-json\/wp\/v2\/pages\/16793\/revisions"}],"predecessor-version":[{"id":19317,"href":"https:\/\/www.anglet-tourisme.com\/de\/wp-json\/wp\/v2\/pages\/16793\/revisions\/19317"}],"wp:featuredmedia":[{"embeddable":true,"href":"https:\/\/www.anglet-tourisme.com\/de\/wp-json\/wp\/v2\/media\/16796"}],"wp:attachment":[{"href":"https:\/\/www.anglet-tourisme.com\/de\/wp-json\/wp\/v2\/media?parent=16793"}],"curies":[{"name":"wp","href":"https:\/\/api.w.org\/{rel}","templated":true}]}}