{"id":16850,"date":"2024-04-30T15:30:55","date_gmt":"2024-04-30T13:30:55","guid":{"rendered":"https:\/\/www.anglet-tourisme.com\/natur\/parks-und-gaerten\/"},"modified":"2025-12-01T16:51:12","modified_gmt":"2025-12-01T15:51:12","slug":"parks-und-gaerten","status":"publish","type":"page","link":"https:\/\/www.anglet-tourisme.com\/de\/natur\/parks-und-gaerten\/","title":{"rendered":"Parks und G\u00e4rten"},"content":{"rendered":"\n<div class=\"wp-block-columns is-layout-flex wp-container-core-columns-is-layout-9d6595d7 wp-block-columns-is-layout-flex\">\n<div class=\"wp-block-column is-layout-flow wp-block-column-is-layout-flow\" style=\"flex-basis:33.33%\"><div class=\"highlight-bloc-container \" id=\"ts-block-65368af54ee28\"  >\n\t<div class=\"highlight-bloc-content\">\n\t\t<div class=\"acf-innerblocks-container\">\n\n<h1 class=\"wp-block-heading suptitle\">Erkunden Sie die G\u00e4rten und Parks von Anglet<\/h1>\n\n<\/div>\t<\/div>\n<\/div>\n<\/div>\n\n\n\n<div class=\"wp-block-column is-layout-flow wp-block-column-is-layout-flow\" style=\"flex-basis:66.66%\">\n<p>Anglet wird mit seinen 700 Hektar Gr\u00fcnfl\u00e4chen auch als <strong>&#8222;Gartenstadt&#8220;<\/strong> bezeichnet und verf\u00fcgt \u00fcber ein reiches Naturerbe. Ob Sie nun <strong>weniger bekannte Orte<\/strong> f\u00fcr Ihre n\u00e4chsten Spazierg\u00e4nge entdecken, sich erholen oder mehr \u00fcber die Artenvielfalt erfahren wollen, Anglet bietet eine Vielfalt an M\u00f6glichkeiten, wo jeder sein Gl\u00fcck finden kann. <\/p>\n\n\n\n<p>Erkunden Sie unumg\u00e4ngliche Orte wie den <strong>Maharin-Park<\/strong>, der ideal f\u00fcr Familien ist, oder vertraulichere Orte wie die<strong>Aire de la Biodiversit\u00e9 de Lamouly<\/strong>. Bewundern Sie Kunst und Kultur im <strong>Garten der Villa Beatrix Enea<\/strong> oder tauchen Sie ein in die Natur im <strong>Park Izadia<\/strong>, einem sensiblen Naturgebiet. Genie\u00dfen Sie Sport im <strong>Park der Villa El Hogar<\/strong>, entdecken Sie den \u00e4ltesten <strong>Garten<\/strong> der Stadt im <strong>Garten von Ansbach<\/strong> und entspannen Sie sich in der idyllischen Umgebung des <strong>Lichtenberger<\/strong> Gartens. Verpassen Sie nicht die Themeng\u00e4rten im <strong>Parc Montaury<\/strong>, die sich perfekt f\u00fcr eine botanische Reise eignen.<\/p>\n\n\n\n<p>Anglet l\u00e4dt Sie in seine G\u00e4rten und Parks ein!<\/p>\n<\/div>\n<\/div>\n\n\n\n<div style=\"height:80px\" aria-hidden=\"true\" class=\"wp-block-spacer\"><\/div>\n\n\n\n<section class=\"wp-block-group alignwide has-orange-light-background-color has-background\"><div class=\"wp-block-group__inner-container is-layout-constrained wp-block-group-is-layout-constrained\">\n<div class=\"wp-block-columns is-layout-flex wp-container-core-columns-is-layout-9d6595d7 wp-block-columns-is-layout-flex\">\n<div class=\"wp-block-column is-layout-flow wp-block-column-is-layout-flow\" style=\"flex-basis:50%\"><div class=\"banner-container  text-shadow with-overlay btn-hover img-zoom\" id=\"ts-block-6629264d16e04\"  >\n\t\t<a href=\"\/de\/bewegung-in-anglet\/aktivitaeten\/anglet\/PNAAQU064V54P9R1-le-maharin\/\" target=\"\">\n\t\t\t<div class=\"banner-content\">\n\n<div class=\"wp-block-cover has-custom-content-position is-position-top-left\" style=\"min-height:350px;aspect-ratio:unset;\"><img loading=\"lazy\" decoding=\"async\" width=\"1333\" height=\"2000\" class=\"wp-block-cover__image-background wp-image-5583\" alt=\"\" src=\"https:\/\/www.anglet-tourisme.com\/wp-content\/uploads\/2024\/06\/Maharin-I-Love-Anglet_1RIB1641\u00a9RiBLANC.jpg\" data-object-fit=\"cover\" srcset=\"https:\/\/www.anglet-tourisme.com\/wp-content\/uploads\/2024\/06\/Maharin-I-Love-Anglet_1RIB1641\u00a9RiBLANC.jpg 1333w, https:\/\/www.anglet-tourisme.com\/wp-content\/uploads\/2024\/06\/Maharin-I-Love-Anglet_1RIB1641\u00a9RiBLANC-400x600.jpg 400w, https:\/\/www.anglet-tourisme.com\/wp-content\/uploads\/2024\/06\/Maharin-I-Love-Anglet_1RIB1641\u00a9RiBLANC-682x1024.jpg 682w, https:\/\/www.anglet-tourisme.com\/wp-content\/uploads\/2024\/06\/Maharin-I-Love-Anglet_1RIB1641\u00a9RiBLANC-768x1152.jpg 768w, https:\/\/www.anglet-tourisme.com\/wp-content\/uploads\/2024\/06\/Maharin-I-Love-Anglet_1RIB1641\u00a9RiBLANC-1024x1536.jpg 1024w\" sizes=\"auto, (max-width: 1333px) 100vw, 1333px\" \/><span aria-hidden=\"true\" class=\"wp-block-cover__background has-background-dim\"><\/span><div class=\"wp-block-cover__inner-container is-layout-flow wp-block-cover-is-layout-flow\">\n<h3 class=\"wp-block-heading has-white-color has-text-color has-link-color wp-elements-9c04d7ee845325f05bc7507a002b6c28\">Maharin Park<\/h3>\n<\/div><\/div>\n\n<\/div>\t\t\t\t\t<div class=\"wp-block-button is-style-outline\">\n\t\t\t<button class=\"wp-block-button__link\">Entdecken Sie<\/button>\n\t\t<\/div>\n\t\t\t<\/a>\n\t\t<\/div>\n<\/div>\n\n\n\n<div class=\"wp-block-column is-layout-flow wp-block-column-is-layout-flow\" style=\"flex-basis:50%\"><div class=\"banner-container  text-shadow with-overlay btn-hover img-zoom\" id=\"ts-block-6629264d16ec8\"  >\n\t\t<a href=\"\/de\/bewegung-in-anglet\/aktivitaeten\/anglet\/PCUAQU064V5BXKXQ-jardin-de-la-villa-beatrix-enea\/\" target=\"\">\n\t\t\t<div class=\"banner-content\">\n\n<div class=\"wp-block-cover has-custom-content-position is-position-top-left\" style=\"min-height:350px;aspect-ratio:unset;\"><img loading=\"lazy\" decoding=\"async\" width=\"2000\" height=\"1333\" class=\"wp-block-cover__image-background wp-image-5589\" alt=\"\" src=\"https:\/\/www.anglet-tourisme.com\/wp-content\/uploads\/2024\/06\/Villa-Beatrix-Enea-I-Love-Anglet_1RIB0018_\u00a9RiBLANC.jpg\" data-object-fit=\"cover\" srcset=\"https:\/\/www.anglet-tourisme.com\/wp-content\/uploads\/2024\/06\/Villa-Beatrix-Enea-I-Love-Anglet_1RIB0018_\u00a9RiBLANC.jpg 2000w, https:\/\/www.anglet-tourisme.com\/wp-content\/uploads\/2024\/06\/Villa-Beatrix-Enea-I-Love-Anglet_1RIB0018_\u00a9RiBLANC-800x533.jpg 800w, https:\/\/www.anglet-tourisme.com\/wp-content\/uploads\/2024\/06\/Villa-Beatrix-Enea-I-Love-Anglet_1RIB0018_\u00a9RiBLANC-1024x682.jpg 1024w, https:\/\/www.anglet-tourisme.com\/wp-content\/uploads\/2024\/06\/Villa-Beatrix-Enea-I-Love-Anglet_1RIB0018_\u00a9RiBLANC-768x512.jpg 768w, https:\/\/www.anglet-tourisme.com\/wp-content\/uploads\/2024\/06\/Villa-Beatrix-Enea-I-Love-Anglet_1RIB0018_\u00a9RiBLANC-1536x1024.jpg 1536w\" sizes=\"auto, (max-width: 2000px) 100vw, 2000px\" \/><span aria-hidden=\"true\" class=\"wp-block-cover__background has-background-dim\"><\/span><div class=\"wp-block-cover__inner-container is-layout-flow wp-block-cover-is-layout-flow\">\n<h3 class=\"wp-block-heading has-white-color has-text-color has-link-color wp-elements-2e9cf29656c96f388fa1c27c6737f8e5\">Garten der Villa Beatrix Enea<\/h3>\n<\/div><\/div>\n\n<\/div>\t\t\t\t\t<div class=\"wp-block-button is-style-outline\">\n\t\t\t<button class=\"wp-block-button__link\">Entdecken Sie<\/button>\n\t\t<\/div>\n\t\t\t<\/a>\n\t\t<\/div>\n<\/div>\n<\/div>\n\n\n\n<div class=\"wp-block-columns is-layout-flex wp-container-core-columns-is-layout-9d6595d7 wp-block-columns-is-layout-flex\">\n<div class=\"wp-block-column is-layout-flow wp-block-column-is-layout-flow\" style=\"flex-basis:40%\"><div class=\"banner-container  text-shadow with-overlay btn-hover img-zoom\" id=\"ts-block-6629264d16e04\"  >\n\t\t<a href=\"\/de\/bewegung-in-anglet\/aktivitaeten\/anglet\/PCUAQU064V5BXKSP-parc-de-la-villa-el-hogar\/\" target=\"\">\n\t\t\t<div class=\"banner-content\">\n\n<div class=\"wp-block-cover has-custom-content-position is-position-top-left\" style=\"min-height:350px;aspect-ratio:unset;\"><img loading=\"lazy\" decoding=\"async\" width=\"2000\" height=\"1334\" class=\"wp-block-cover__image-background wp-image-8346\" alt=\"\" src=\"https:\/\/www.anglet-tourisme.com\/wp-content\/uploads\/2024\/07\/el-hogar-K-Pierret-Delage-03.jpg\" data-object-fit=\"cover\" srcset=\"https:\/\/www.anglet-tourisme.com\/wp-content\/uploads\/2024\/07\/el-hogar-K-Pierret-Delage-03.jpg 2000w, https:\/\/www.anglet-tourisme.com\/wp-content\/uploads\/2024\/07\/el-hogar-K-Pierret-Delage-03-800x534.jpg 800w, https:\/\/www.anglet-tourisme.com\/wp-content\/uploads\/2024\/07\/el-hogar-K-Pierret-Delage-03-1024x683.jpg 1024w, https:\/\/www.anglet-tourisme.com\/wp-content\/uploads\/2024\/07\/el-hogar-K-Pierret-Delage-03-768x512.jpg 768w, https:\/\/www.anglet-tourisme.com\/wp-content\/uploads\/2024\/07\/el-hogar-K-Pierret-Delage-03-1536x1025.jpg 1536w\" sizes=\"auto, (max-width: 2000px) 100vw, 2000px\" \/><span aria-hidden=\"true\" class=\"wp-block-cover__background has-background-dim\"><\/span><div class=\"wp-block-cover__inner-container is-layout-flow wp-block-cover-is-layout-flow\">\n<h3 class=\"wp-block-heading has-white-color has-text-color has-link-color wp-elements-565d301b3eb3ad56683cdbbe1d955647\">Park der Villa El Hogar<\/h3>\n<\/div><\/div>\n\n<\/div>\t\t\t\t\t<div class=\"wp-block-button is-style-outline\">\n\t\t\t<button class=\"wp-block-button__link\">Entdecken Sie<\/button>\n\t\t<\/div>\n\t\t\t<\/a>\n\t\t<\/div>\n<\/div>\n\n\n\n<div class=\"wp-block-column is-layout-flow wp-block-column-is-layout-flow\" style=\"flex-basis:30%\"><div class=\"banner-container  text-shadow with-overlay btn-hover img-zoom\" id=\"ts-block-6629264d16d2a\"  >\n\t\t<a href=\"\/de\/bewegung-in-anglet\/aktivitaeten\/anglet\/LOIAQU064FS00079-maison-de-lenvironnement-et-parc-izadia\/\" target=\"\">\n\t\t\t<div class=\"banner-content\">\n\n<div class=\"wp-block-cover has-custom-content-position is-position-top-left\" style=\"min-height:350px;aspect-ratio:unset;\"><img loading=\"lazy\" decoding=\"async\" width=\"800\" height=\"533\" class=\"wp-block-cover__image-background wp-image-2430\" alt=\"\" src=\"https:\/\/www.anglet-tourisme.com\/wp-content\/uploads\/2024\/05\/parc-izadia-anglet-08-3.jpg\" data-object-fit=\"cover\" srcset=\"https:\/\/www.anglet-tourisme.com\/wp-content\/uploads\/2024\/05\/parc-izadia-anglet-08-3.jpg 800w, https:\/\/www.anglet-tourisme.com\/wp-content\/uploads\/2024\/05\/parc-izadia-anglet-08-3-768x512.jpg 768w\" sizes=\"auto, (max-width: 800px) 100vw, 800px\" \/><span aria-hidden=\"true\" class=\"wp-block-cover__background has-background-dim\"><\/span><div class=\"wp-block-cover__inner-container is-layout-flow wp-block-cover-is-layout-flow\">\n<h3 class=\"wp-block-heading has-white-color has-text-color has-link-color wp-elements-c833adae9917663e96b0c0c9de672541\">Park Izadia<\/h3>\n<\/div><\/div>\n\n<\/div>\t\t\t\t\t<div class=\"wp-block-button is-style-outline\">\n\t\t\t<button class=\"wp-block-button__link\">Entdecken Sie<\/button>\n\t\t<\/div>\n\t\t\t<\/a>\n\t\t<\/div>\n<\/div>\n\n\n\n<div class=\"wp-block-column is-layout-flow wp-block-column-is-layout-flow\" style=\"flex-basis:30%\"><div class=\"banner-container  text-shadow with-overlay btn-hover img-zoom\" id=\"ts-block-6629264d16d2a\"  >\n\t\t<a href=\"\/de\/bewegung-in-anglet\/aktivitaeten\/anglet\/PCUAQU064V5BY4T4-jardin-dansbach\/\" target=\"\">\n\t\t\t<div class=\"banner-content\">\n\n<div class=\"wp-block-cover has-custom-content-position is-position-top-left\" style=\"min-height:350px;aspect-ratio:unset;\"><img loading=\"lazy\" decoding=\"async\" width=\"2048\" height=\"1365\" class=\"wp-block-cover__image-background wp-image-5580\" alt=\"\" src=\"https:\/\/www.anglet-tourisme.com\/wp-content\/uploads\/2024\/06\/MG_2460-scaled.jpg\" data-object-fit=\"cover\" srcset=\"https:\/\/www.anglet-tourisme.com\/wp-content\/uploads\/2024\/06\/MG_2460-scaled.jpg 2048w, https:\/\/www.anglet-tourisme.com\/wp-content\/uploads\/2024\/06\/MG_2460-800x533.jpg 800w, https:\/\/www.anglet-tourisme.com\/wp-content\/uploads\/2024\/06\/MG_2460-1024x683.jpg 1024w, https:\/\/www.anglet-tourisme.com\/wp-content\/uploads\/2024\/06\/MG_2460-768x512.jpg 768w, https:\/\/www.anglet-tourisme.com\/wp-content\/uploads\/2024\/06\/MG_2460-1536x1024.jpg 1536w\" sizes=\"auto, (max-width: 2048px) 100vw, 2048px\" \/><span aria-hidden=\"true\" class=\"wp-block-cover__background has-background-dim\"><\/span><div class=\"wp-block-cover__inner-container is-layout-flow wp-block-cover-is-layout-flow\">\n<h3 class=\"wp-block-heading has-white-color has-text-color has-link-color wp-elements-47afd1b108a477d172c55ef4b39fe638\">Garten von Ansbach  <\/h3>\n<\/div><\/div>\n\n<\/div>\t\t\t\t\t<div class=\"wp-block-button is-style-outline\">\n\t\t\t<button class=\"wp-block-button__link\">Entdecken Sie<\/button>\n\t\t<\/div>\n\t\t\t<\/a>\n\t\t<\/div>\n<\/div>\n<\/div>\n\n\n\n<div class=\"wp-block-columns is-layout-flex wp-container-core-columns-is-layout-9d6595d7 wp-block-columns-is-layout-flex\">\n<div class=\"wp-block-column is-layout-flow wp-block-column-is-layout-flow\" style=\"flex-basis:30%\"><div class=\"banner-container  text-shadow with-overlay btn-hover img-zoom\" id=\"ts-block-6629264d16e04\"  >\n\t\t<a href=\"\/de\/bewegung-in-anglet\/aktivitaeten\/anglet\/PCUAQU064V5BY51R-parc-montaury\/\" target=\"\">\n\t\t\t<div class=\"banner-content\">\n\n<div class=\"wp-block-cover has-custom-content-position is-position-top-left\" style=\"min-height:350px;aspect-ratio:unset;\"><img loading=\"lazy\" decoding=\"async\" width=\"1024\" height=\"682\" class=\"wp-block-cover__image-background wp-image-19363 size-large\" alt=\"\" src=\"https:\/\/www.anglet-tourisme.com\/wp-content\/uploads\/2025\/11\/parc-montaury-anglet-04-1024x682.jpg\" data-object-fit=\"cover\" srcset=\"https:\/\/www.anglet-tourisme.com\/wp-content\/uploads\/2025\/11\/parc-montaury-anglet-04-1024x682.jpg 1024w, https:\/\/www.anglet-tourisme.com\/wp-content\/uploads\/2025\/11\/parc-montaury-anglet-04-800x533.jpg 800w, https:\/\/www.anglet-tourisme.com\/wp-content\/uploads\/2025\/11\/parc-montaury-anglet-04-150x100.jpg 150w, https:\/\/www.anglet-tourisme.com\/wp-content\/uploads\/2025\/11\/parc-montaury-anglet-04-768x512.jpg 768w, https:\/\/www.anglet-tourisme.com\/wp-content\/uploads\/2025\/11\/parc-montaury-anglet-04-1536x1024.jpg 1536w, https:\/\/www.anglet-tourisme.com\/wp-content\/uploads\/2025\/11\/parc-montaury-anglet-04.jpg 2000w\" sizes=\"auto, (max-width: 1024px) 100vw, 1024px\" \/><span aria-hidden=\"true\" class=\"wp-block-cover__background has-background-dim\"><\/span><div class=\"wp-block-cover__inner-container is-layout-flow wp-block-cover-is-layout-flow\">\n<h3 class=\"wp-block-heading has-white-color has-text-color has-link-color wp-elements-64f7ae6ee6a1ebf25efe71d6e77e83c5\">Park Montaury<\/h3>\n<\/div><\/div>\n\n<\/div>\t\t\t\t\t<div class=\"wp-block-button is-style-outline\">\n\t\t\t<button class=\"wp-block-button__link\">Entdecken Sie<\/button>\n\t\t<\/div>\n\t\t\t<\/a>\n\t\t<\/div>\n<\/div>\n\n\n\n<div class=\"wp-block-column is-layout-flow wp-block-column-is-layout-flow\" style=\"flex-basis:40%\"><div class=\"banner-container  text-shadow with-overlay btn-hover img-zoom\" id=\"ts-block-6629264d16d2a\"  >\n\t\t<a href=\"\/de\/bewegung-in-anglet\/aktivitaeten\/anglet\/PCUAQU064V5BY4XL-aire-de-biodiversite-de-lamouly\/\" target=\"\">\n\t\t\t<div class=\"banner-content\">\n\n<div class=\"wp-block-cover has-custom-content-position is-position-top-left\" style=\"min-height:350px;aspect-ratio:unset;\"><img loading=\"lazy\" decoding=\"async\" width=\"1024\" height=\"682\" class=\"wp-block-cover__image-background wp-image-19371 size-large\" alt=\"\" src=\"https:\/\/www.anglet-tourisme.com\/wp-content\/uploads\/2025\/11\/havre-biodiversite-lamouly-4-1024x682.jpg\" data-object-fit=\"cover\" srcset=\"https:\/\/www.anglet-tourisme.com\/wp-content\/uploads\/2025\/11\/havre-biodiversite-lamouly-4-1024x682.jpg 1024w, https:\/\/www.anglet-tourisme.com\/wp-content\/uploads\/2025\/11\/havre-biodiversite-lamouly-4-800x533.jpg 800w, https:\/\/www.anglet-tourisme.com\/wp-content\/uploads\/2025\/11\/havre-biodiversite-lamouly-4-150x100.jpg 150w, https:\/\/www.anglet-tourisme.com\/wp-content\/uploads\/2025\/11\/havre-biodiversite-lamouly-4-768x512.jpg 768w, https:\/\/www.anglet-tourisme.com\/wp-content\/uploads\/2025\/11\/havre-biodiversite-lamouly-4-1536x1024.jpg 1536w, https:\/\/www.anglet-tourisme.com\/wp-content\/uploads\/2025\/11\/havre-biodiversite-lamouly-4.jpg 2000w\" sizes=\"auto, (max-width: 1024px) 100vw, 1024px\" \/><span aria-hidden=\"true\" class=\"wp-block-cover__background has-background-dim\"><\/span><div class=\"wp-block-cover__inner-container is-layout-flow wp-block-cover-is-layout-flow\">\n<h3 class=\"wp-block-heading has-white-color has-text-color has-link-color wp-elements-8f9dfd9d47738ae3f8d61290485a6c97\">Lamouly &#8211; ein Hafen der Biodiversit\u00e4t<\/h3>\n<\/div><\/div>\n\n<\/div>\t\t\t\t\t<div class=\"wp-block-button is-style-outline\">\n\t\t\t<button class=\"wp-block-button__link\">Entdecken Sie<\/button>\n\t\t<\/div>\n\t\t\t<\/a>\n\t\t<\/div>\n<\/div>\n\n\n\n<div class=\"wp-block-column is-layout-flow wp-block-column-is-layout-flow\" style=\"flex-basis:30%\"><div class=\"banner-container  text-shadow with-overlay btn-hover img-zoom\" id=\"ts-block-6629264d16d2a\"  >\n\t\t<a href=\"\/de\/bewegung-in-anglet\/aktivitaeten\/anglet\/PCUAQU064V5BY53O-jardin-lichtenberger\/\" target=\"\">\n\t\t\t<div class=\"banner-content\">\n\n<div class=\"wp-block-cover has-custom-content-position is-position-top-left\" style=\"min-height:350px;aspect-ratio:unset;\"><img loading=\"lazy\" decoding=\"async\" width=\"1500\" height=\"1000\" class=\"wp-block-cover__image-background wp-image-13656\" alt=\"\" src=\"https:\/\/www.anglet-tourisme.com\/wp-content\/uploads\/2024\/11\/jardin-lichtenberger-c-dario-tonini-01.jpg\" data-object-fit=\"cover\" srcset=\"https:\/\/www.anglet-tourisme.com\/wp-content\/uploads\/2024\/11\/jardin-lichtenberger-c-dario-tonini-01.jpg 1500w, https:\/\/www.anglet-tourisme.com\/wp-content\/uploads\/2024\/11\/jardin-lichtenberger-c-dario-tonini-01-800x533.jpg 800w, https:\/\/www.anglet-tourisme.com\/wp-content\/uploads\/2024\/11\/jardin-lichtenberger-c-dario-tonini-01-1024x683.jpg 1024w, https:\/\/www.anglet-tourisme.com\/wp-content\/uploads\/2024\/11\/jardin-lichtenberger-c-dario-tonini-01-150x100.jpg 150w, https:\/\/www.anglet-tourisme.com\/wp-content\/uploads\/2024\/11\/jardin-lichtenberger-c-dario-tonini-01-768x512.jpg 768w\" sizes=\"auto, (max-width: 1500px) 100vw, 1500px\" \/><span aria-hidden=\"true\" class=\"wp-block-cover__background has-background-dim\"><\/span><div class=\"wp-block-cover__inner-container is-layout-flow wp-block-cover-is-layout-flow\">\n<h3 class=\"wp-block-heading has-white-color has-text-color has-link-color wp-elements-23ac9c363141bedb855c0d5c07934440\">Lichtenberger Garten<\/h3>\n<\/div><\/div>\n\n<\/div>\t\t\t\t\t<div class=\"wp-block-button is-style-outline\">\n\t\t\t<button class=\"wp-block-button__link\">Entdecken Sie<\/button>\n\t\t<\/div>\n\t\t\t<\/a>\n\t\t<\/div>\n<\/div>\n<\/div>\n<\/div><\/section>\n\n\n\n<div style=\"height:80px\" aria-hidden=\"true\" class=\"wp-block-spacer\"><\/div>\n\n\n\n<section class=\"wp-block-group alignwide has-light-green-background-color has-background\"><div class=\"wp-block-group__inner-container is-layout-constrained wp-block-group-is-layout-constrained\"><div id=\"ts-block-66390544d3551\"  class=\"title-bloc-container px-xl aligncenter\">\n\t\t<div class=\"title-bloc-content\">\n\t\t<div class=\"title-bloc\" >\n\t\t\t<div class=\"acf-innerblocks-container\">\n\n<h2 class=\"wp-block-heading\">Sie werden auch m\u00f6gen<\/h2>\n\n<\/div>\t\t<\/div>\n\t\t\t<\/div>\n<\/div>\n\n\n<div id=\"ts-block-66390544d64d3\"  class=\"is-style-horizontal\">\n\t<div class=\"swiper-container tis_item_box-swiper\"><div data-block_id=\"ts-block-66390544d64d3\" class=\"tis_item_box_container columns-2 img-zoom  with-slide slide-ts-block-66390544d64d3\"><div class=\"swiper-wrapper\" data-nb_col=\"2\" id=\"ts-block-66390544d64d3\"><article class=\"tis-box swiper-slide \">\n\t<a href=\"https:\/\/www.anglet-tourisme.com\/de\/bewegung-in-anglet\/aktivitaeten\/anglet\/PNAAQU064FS00002-foret-du-pignada\/\">\n\t\t<div class=\"tis-item-cover \">\n\t\t\t\t\t\t<img decoding=\"async\" src=\"https:\/\/cdt64.media.tourinsoft.eu\/upload\/Balade-en-foret-Anglet--RIB7758--RiBLANC.jpg?width=450\" title=\"For\u00eat du Pignada\" alt=\"For\u00eat du Pignada\" loading=\"lazy\" \/>\n\t\t\t\t\t<div class=\"tis-item-label-container\">\n\t\t\t\t\t\t\t<!--<span class=\"tis-item-handicap\"><img decoding=\"async\" src=\"https:\/\/www.anglet-tourisme.com\/wp-content\/plugins\/tourinsoft-syndication\/assets\/images\/icon-handicap.svg\" title=\"\" alt=\"\" \/><\/span>-->\n\t\t\t\t\t\t\t\t\t\t<span class=\"tis-item-durable\"><img decoding=\"async\" src=\"https:\/\/www.anglet-tourisme.com\/wp-content\/plugins\/tourinsoft-syndication\/assets\/images\/icon-durable.svg\" title=\"D\u00e9veloppement durable\" alt=\"D\u00e9veloppement durable\" \/><\/span>\n\t\t\t\t\t\t<\/div>\n\t\t\t\t\t<\/div>\t\t\n\t<\/a>\n\t<div class=\"tis-item-info\">\n\t\t<span class=\"tis-item-type\"><\/span>\t\t<h3>For\u00eat du Pignada<\/h3>\n\t\t\t\t\t\t\t\t<p>Anglet ist der Ort, an dem der Ozean und der Wald aufeinandertreffen. Dieses 250 Hektar&hellip;<\/p>\t\t<strong class=\"tis-box-city\">ANGLET<\/strong>\t\t\n\t\t\n\t\t\t\t\t<div class=\"wp-block-button\">\n\t\t\t\t<a href=\"https:\/\/www.anglet-tourisme.com\/de\/bewegung-in-anglet\/aktivitaeten\/anglet\/PNAAQU064FS00002-foret-du-pignada\/\" class=\"has-black-color has-white-background-color has-text-color has-background has-link-color wp-element-button\"><img decoding=\"async\" src=\"https:\/\/www.anglet-tourisme.com\/wp-content\/themes\/onk-tourisme\/assets\/images\/arrow-right-2.svg\" alt=\"Mehr sehen\" \/><\/a>\n\t\t\t<\/div>\n\t\t\t\t\n\t<\/div>\n<\/article><article class=\"tis-box swiper-slide \">\n\t<a href=\"https:\/\/www.anglet-tourisme.com\/de\/bewegung-in-anglet\/aktivitaeten\/anglet\/PNAAQU064FS0001A-grotte-de-la-chambre-damour\/\">\n\t\t<div class=\"tis-item-cover \">\n\t\t\t\t\t\t<img decoding=\"async\" src=\"https:\/\/cdt64.media.tourinsoft.eu\/upload\/Grotte-de-la-CA-2---Dario-2-2.jpg?width=450\" title=\"Grotte de la Chambre d'Amour\" alt=\"Grotte de la Chambre d'Amour\" loading=\"lazy\" \/>\n\t\t\t\t\t<div class=\"tis-item-label-container\">\n\t\t\t\t\t\t\t<!--<span class=\"tis-item-handicap\"><img decoding=\"async\" src=\"https:\/\/www.anglet-tourisme.com\/wp-content\/plugins\/tourinsoft-syndication\/assets\/images\/icon-handicap.svg\" title=\"\" alt=\"\" \/><\/span>-->\n\t\t\t\t\t\t\t\t\t<\/div>\n\t\t\t\t\t<\/div>\t\t\n\t<\/a>\n\t<div class=\"tis-item-info\">\n\t\t<span class=\"tis-item-type\"><\/span>\t\t<h3>Grotte de la Chambre d&#8217;Amour<\/h3>\n\t\t\t\t\t\t\t\t<p>Die H\u00f6hle der Chambre d&#8217;Amour gab einem ganzen Stadtteil gegen\u00fcber dem Ozean zwischen den Str\u00e4nden&hellip;<\/p>\t\t<strong class=\"tis-box-city\">ANGLET<\/strong>\t\t\n\t\t\n\t\t\t\t\t<div class=\"wp-block-button\">\n\t\t\t\t<a href=\"https:\/\/www.anglet-tourisme.com\/de\/bewegung-in-anglet\/aktivitaeten\/anglet\/PNAAQU064FS0001A-grotte-de-la-chambre-damour\/\" class=\"has-black-color has-white-background-color has-text-color has-background has-link-color wp-element-button\"><img decoding=\"async\" src=\"https:\/\/www.anglet-tourisme.com\/wp-content\/themes\/onk-tourisme\/assets\/images\/arrow-right-2.svg\" alt=\"Mehr sehen\" \/><\/a>\n\t\t\t<\/div>\n\t\t\t\t\n\t<\/div>\n<\/article><article class=\"tis-box swiper-slide \">\n\t<a href=\"https:\/\/www.anglet-tourisme.com\/de\/bewegung-in-anglet\/aktivitaeten\/anglet\/PNAAQU064V54P9R1-le-maharin\/\">\n\t\t<div class=\"tis-item-cover \">\n\t\t\t\t\t\t<img decoding=\"async\" src=\"https:\/\/cdt64.media.tourinsoft.eu\/upload\/Maharin-I-Love-Anglet-1RIB1642--RiBLANC.jpg?width=450\" title=\"Le Maharin\" alt=\"Le Maharin\" loading=\"lazy\" \/>\n\t\t\t\t\t<div class=\"tis-item-label-container\">\n\t\t\t\t\t\t\t<!--<span class=\"tis-item-handicap\"><img decoding=\"async\" src=\"https:\/\/www.anglet-tourisme.com\/wp-content\/plugins\/tourinsoft-syndication\/assets\/images\/icon-handicap.svg\" title=\"\" alt=\"\" \/><\/span>-->\n\t\t\t\t\t\t\t\t\t<\/div>\n\t\t\t\t\t<\/div>\t\t\n\t<\/a>\n\t<div class=\"tis-item-info\">\n\t\t<span class=\"tis-item-type\"><\/span>\t\t<h3>Le Maharin<\/h3>\n\t\t\t\t\t\t\t\t<p>Zwischen Montbrun und Butte-aux-Cailles gelegen, beeindruckt Le Maharin durch die Qualit\u00e4t seiner Anlagen. Die 7&hellip;<\/p>\t\t<strong class=\"tis-box-city\">ANGLET<\/strong>\t\t\n\t\t\n\t\t\t\t\t<div class=\"wp-block-button\">\n\t\t\t\t<a href=\"https:\/\/www.anglet-tourisme.com\/de\/bewegung-in-anglet\/aktivitaeten\/anglet\/PNAAQU064V54P9R1-le-maharin\/\" class=\"has-black-color has-white-background-color has-text-color has-background has-link-color wp-element-button\"><img decoding=\"async\" src=\"https:\/\/www.anglet-tourisme.com\/wp-content\/themes\/onk-tourisme\/assets\/images\/arrow-right-2.svg\" alt=\"Mehr sehen\" \/><\/a>\n\t\t\t<\/div>\n\t\t\t\t\n\t<\/div>\n<\/article><article class=\"tis-box swiper-slide \">\n\t<a href=\"https:\/\/www.anglet-tourisme.com\/de\/bewegung-in-anglet\/aktivitaeten\/anglet\/PNAAQU064V5BVYE9-foret-du-lazaret\/\">\n\t\t<div class=\"tis-item-cover \">\n\t\t\t\t\t\t<img decoding=\"async\" src=\"https:\/\/cdt64.media.tourinsoft.eu\/upload\/Running-Foret-I-Love-Anglet-1RIB2318--RiBLANC.jpg?width=450\" title=\"For\u00eat du Lazaret\" alt=\"For\u00eat du Lazaret\" loading=\"lazy\" \/>\n\t\t\t\t\t<div class=\"tis-item-label-container\">\n\t\t\t\t\t\t\t<!--<span class=\"tis-item-handicap\"><img decoding=\"async\" src=\"https:\/\/www.anglet-tourisme.com\/wp-content\/plugins\/tourinsoft-syndication\/assets\/images\/icon-handicap.svg\" title=\"\" alt=\"\" \/><\/span>-->\n\t\t\t\t\t\t\t\t\t\t<span class=\"tis-item-durable\"><img decoding=\"async\" src=\"https:\/\/www.anglet-tourisme.com\/wp-content\/plugins\/tourinsoft-syndication\/assets\/images\/icon-durable.svg\" title=\"D\u00e9veloppement durable\" alt=\"D\u00e9veloppement durable\" \/><\/span>\n\t\t\t\t\t\t<\/div>\n\t\t\t\t\t<\/div>\t\t\n\t<\/a>\n\t<div class=\"tis-item-info\">\n\t\t<span class=\"tis-item-type\"><\/span>\t\t<h3>For\u00eat du Lazaret<\/h3>\n\t\t\t\t\t\t\t\t<p>Der im Stadtteil Blancpignon gelegene For\u00eat du Lazaret, der als Espace Naturel Sensible eingestuft ist,&hellip;<\/p>\t\t<strong class=\"tis-box-city\">ANGLET<\/strong>\t\t\n\t\t\n\t\t\t\t\t<div class=\"wp-block-button\">\n\t\t\t\t<a href=\"https:\/\/www.anglet-tourisme.com\/de\/bewegung-in-anglet\/aktivitaeten\/anglet\/PNAAQU064V5BVYE9-foret-du-lazaret\/\" class=\"has-black-color has-white-background-color has-text-color has-background has-link-color wp-element-button\"><img decoding=\"async\" src=\"https:\/\/www.anglet-tourisme.com\/wp-content\/themes\/onk-tourisme\/assets\/images\/arrow-right-2.svg\" alt=\"Mehr sehen\" \/><\/a>\n\t\t\t<\/div>\n\t\t\t\t\n\t<\/div>\n<\/article><article class=\"tis-box swiper-slide \">\n\t<a href=\"https:\/\/www.anglet-tourisme.com\/de\/bewegung-in-anglet\/aktivitaeten\/anglet\/PNAAQU064V5C0MMC-aire-de-biodiversite-de-lamouly\/\">\n\t\t<div class=\"tis-item-cover \">\n\t\t\t\t\t\t<img decoding=\"async\" src=\"https:\/\/cdt64.media.tourinsoft.eu\/upload\/Havre-biodiversite-Lamouly-4-2.jpg?width=450\" title=\"Aire de biodiversit\u00e9 de Lamouly\" alt=\"Aire de biodiversit\u00e9 de Lamouly\" loading=\"lazy\" \/>\n\t\t\t\t\t<div class=\"tis-item-label-container\">\n\t\t\t\t\t\t\t<!--<span class=\"tis-item-handicap\"><img decoding=\"async\" src=\"https:\/\/www.anglet-tourisme.com\/wp-content\/plugins\/tourinsoft-syndication\/assets\/images\/icon-handicap.svg\" title=\"\" alt=\"\" \/><\/span>-->\n\t\t\t\t\t\t\t\t\t<\/div>\n\t\t\t\t\t<\/div>\t\t\n\t<\/a>\n\t<div class=\"tis-item-info\">\n\t\t<span class=\"tis-item-type\"><\/span>\t\t<h3>Aire de biodiversit\u00e9 de Lamouly<\/h3>\n\t\t\t\t\t\t\t\t<p>Willkommen in der Area de Biodiversit\u00e9 de Lamouly, einem Gebiet, das der Sensibilisierung f\u00fcr den&hellip;<\/p>\t\t<strong class=\"tis-box-city\">ANGLET<\/strong>\t\t\n\t\t\n\t\t\t\t\t<div class=\"wp-block-button\">\n\t\t\t\t<a href=\"https:\/\/www.anglet-tourisme.com\/de\/bewegung-in-anglet\/aktivitaeten\/anglet\/PNAAQU064V5C0MMC-aire-de-biodiversite-de-lamouly\/\" class=\"has-black-color has-white-background-color has-text-color has-background has-link-color wp-element-button\"><img decoding=\"async\" src=\"https:\/\/www.anglet-tourisme.com\/wp-content\/themes\/onk-tourisme\/assets\/images\/arrow-right-2.svg\" alt=\"Mehr sehen\" \/><\/a>\n\t\t\t<\/div>\n\t\t\t\t\n\t<\/div>\n<\/article><article class=\"tis-box swiper-slide \">\n\t<a href=\"https:\/\/www.anglet-tourisme.com\/de\/bewegung-in-anglet\/aktivitaeten\/anglet\/PNAAQU064V5CAAMR-parc-izadia\/\">\n\t\t<div class=\"tis-item-cover \">\n\t\t\t\t\t\t<img decoding=\"async\" src=\"https:\/\/cdt64.media.tourinsoft.eu\/upload\/Parc-Izadia-Anglet-Dario-Tonini-09-2-2.jpg?width=450\" title=\"Parc Izadia\" alt=\"Parc Izadia\" loading=\"lazy\" \/>\n\t\t\t\t\t<div class=\"tis-item-label-container\">\n\t\t\t\t\t\t\t<!--<span class=\"tis-item-handicap\"><img decoding=\"async\" src=\"https:\/\/www.anglet-tourisme.com\/wp-content\/plugins\/tourinsoft-syndication\/assets\/images\/icon-handicap.svg\" title=\"\" alt=\"\" \/><\/span>-->\n\t\t\t\t\t\t\t\t\t<\/div>\n\t\t\t\t\t<\/div>\t\t\n\t<\/a>\n\t<div class=\"tis-item-info\">\n\t\t<span class=\"tis-item-type\"><\/span>\t\t<h3>Parc Izadia<\/h3>\n\t\t\t\t\t\t\t\t<p>Dieser 15 Hektar gro\u00dfe Park, der ebenso sch\u00f6n wie diskret ist, bewahrt die letzten nat\u00fcrlichen&hellip;<\/p>\t\t<strong class=\"tis-box-city\">ANGLET<\/strong>\t\t\n\t\t\n\t\t\t\t\t<div class=\"wp-block-button\">\n\t\t\t\t<a href=\"https:\/\/www.anglet-tourisme.com\/de\/bewegung-in-anglet\/aktivitaeten\/anglet\/PNAAQU064V5CAAMR-parc-izadia\/\" class=\"has-black-color has-white-background-color has-text-color has-background has-link-color wp-element-button\"><img decoding=\"async\" src=\"https:\/\/www.anglet-tourisme.com\/wp-content\/themes\/onk-tourisme\/assets\/images\/arrow-right-2.svg\" alt=\"Mehr sehen\" \/><\/a>\n\t\t\t<\/div>\n\t\t\t\t\n\t<\/div>\n<\/article><\/div><\/div><div class=\"swiper-button-prev prev-ts-block-66390544d64d3\"><\/div><div class=\"swiper-button-next next-ts-block-66390544d64d3\"><\/div><\/div><\/div>\n<\/div><\/section>\n","protected":false},"excerpt":{"rendered":"<p>Anglet wird mit seinen 700 Hektar Gr\u00fcnfl\u00e4chen auch als &#8222;Gartenstadt&#8220; bezeichnet und verf\u00fcgt \u00fcber ein reiches Naturerbe. Ob Sie nun weniger bekannte Orte f\u00fcr Ihre n\u00e4chsten Spazierg\u00e4nge entdecken, sich erholen oder mehr \u00fcber die Artenvielfalt erfahren wollen, Anglet bietet eine Vielfalt an M\u00f6glichkeiten, wo jeder sein Gl\u00fcck finden kann. Erkunden [&hellip;]<\/p>\n","protected":false},"author":1,"featured_media":16862,"parent":16793,"menu_order":0,"comment_status":"closed","ping_status":"closed","template":"","meta":{"_acf_changed":false,"_seopress_robots_primary_cat":"","_seopress_titles_title":"\u00d6ffentliche Parks und G\u00e4rten von Anglet: Naturanlagen im Herzen von Anglet","_seopress_titles_desc":"Suchen Sie nach Gr\u00fcnfl\u00e4chen in Anglet? Die \u00f6ffentlichen Parks und G\u00e4rten von Anglet bieten beruhigende Naturanlagen, in denen Sie sich erholen und vergn\u00fcgen k\u00f6nnen.","_seopress_robots_index":"","footnotes":""},"class_list":["post-16850","page","type-page","status-publish","has-post-thumbnail"],"acf":[],"_links":{"self":[{"href":"https:\/\/www.anglet-tourisme.com\/de\/wp-json\/wp\/v2\/pages\/16850","targetHints":{"allow":["GET"]}}],"collection":[{"href":"https:\/\/www.anglet-tourisme.com\/de\/wp-json\/wp\/v2\/pages"}],"about":[{"href":"https:\/\/www.anglet-tourisme.com\/de\/wp-json\/wp\/v2\/types\/page"}],"author":[{"embeddable":true,"href":"https:\/\/www.anglet-tourisme.com\/de\/wp-json\/wp\/v2\/users\/1"}],"replies":[{"embeddable":true,"href":"https:\/\/www.anglet-tourisme.com\/de\/wp-json\/wp\/v2\/comments?post=16850"}],"version-history":[{"count":3,"href":"https:\/\/www.anglet-tourisme.com\/de\/wp-json\/wp\/v2\/pages\/16850\/revisions"}],"predecessor-version":[{"id":19532,"href":"https:\/\/www.anglet-tourisme.com\/de\/wp-json\/wp\/v2\/pages\/16850\/revisions\/19532"}],"up":[{"embeddable":true,"href":"https:\/\/www.anglet-tourisme.com\/de\/wp-json\/wp\/v2\/pages\/16793"}],"wp:featuredmedia":[{"embeddable":true,"href":"https:\/\/www.anglet-tourisme.com\/de\/wp-json\/wp\/v2\/media\/16862"}],"wp:attachment":[{"href":"https:\/\/www.anglet-tourisme.com\/de\/wp-json\/wp\/v2\/media?parent=16850"}],"curies":[{"name":"wp","href":"https:\/\/api.w.org\/{rel}","templated":true}]}}