{"id":16931,"date":"2024-05-01T09:30:30","date_gmt":"2024-05-01T07:30:30","guid":{"rendered":"https:\/\/www.anglet-tourisme.com\/straende-gebrauchsanweisung\/"},"modified":"2026-04-02T11:24:50","modified_gmt":"2026-04-02T09:24:50","slug":"straende-gebrauchsanweisung","status":"publish","type":"page","link":"https:\/\/www.anglet-tourisme.com\/de\/straende-gebrauchsanweisung\/","title":{"rendered":"Str\u00e4nde &#8211; Gebrauchsanweisung"},"content":{"rendered":"\n<div class=\"wp-block-columns is-layout-flex wp-container-core-columns-is-layout-9d6595d7 wp-block-columns-is-layout-flex\">\n<div class=\"wp-block-column is-layout-flow wp-block-column-is-layout-flow\" style=\"flex-basis:33.33%\"><div class=\"highlight-bloc-container \" id=\"ts-block-65368af54ee28\"  >\n\t<div class=\"highlight-bloc-content\">\n\t\t<div class=\"acf-innerblocks-container\">\n\n<h1 class=\"wp-block-heading suptitle\">Strand\u00fcberwachung und K\u00fcstenvorschriften<\/h1>\n\n<\/div>\t<\/div>\n<\/div>\n<\/div>\n\n\n\n<div class=\"wp-block-column is-layout-flow wp-block-column-is-layout-flow\" style=\"flex-basis:66.66%\">\n<p>Jeden Sommer werden 90 Rettungsschwimmer mobilisiert, um die Sicherheit der Badeg\u00e4ste an acht der elf Str\u00e4nde von Anglet zu gew\u00e4hrleisten. Z\u00f6gern Sie nicht, sie zu treffen und Ihre Fragen zu stellen.<\/p>\n<\/div>\n<\/div>\n\n\n\n<div style=\"height:80px\" aria-hidden=\"true\" class=\"wp-block-spacer\"><\/div>\n\n\n\n<div class=\"wp-block-columns is-layout-flex wp-container-core-columns-is-layout-9d6595d7 wp-block-columns-is-layout-flex\">\n<div class=\"wp-block-column is-layout-flow wp-block-column-is-layout-flow\">\n<div class=\"wp-block-columns is-layout-flex wp-container-core-columns-is-layout-9d6595d7 wp-block-columns-is-layout-flex\">\n<div class=\"wp-block-column is-layout-flow wp-block-column-is-layout-flow\">\n<div class=\"tabs-container default\" id=\"ts-block-664ddee6da89a\" > \n\t\t\t<ul>\n\t\t\t\t\t\t\t\t\n\t\t\t\t\t\t\t\t\t\t\t\t\t\t\t\t\t\t\t\n\t\t\t\t\t\t\t\t\t\t\t\t\t\t\n\t\t\t\t\t\t\t\t\t\t\t\t\t\t\n\t\t\t\t\t\t\t\t\t\t\t\t\t\t\n\t\t\t\t\t\t\t\t\t\t\t\t\t\t\t\t\t\t\t\n\t\t\t\t\t\t\t\t\t\t\t\t\t\t\n\t\t\t\t\t\t\t\t\t\t\t\t\t\t\n\t\t\t\t\t\t\t\t\t\t\t\t\t\t\n\t\t\t\t\t\t\t\t\t\t\t\t\t\t\t\t\t\t\t\n\t\t\t\t\t\t\t\t\t\t\t\t\t\t\n\t\t\t\t\t\t\t\t\t\t\t\t\t\t\n\t\t\t\t\t\t\t\t\t\t\t\t\t\t\n\t\t\t\t\t\t\t\t\t\t\t\t\t\t\t\t\t\t\t\n\t\t\t\t\t\t\t\t\t\t\t\t\t\t\n\t\t\t\t\t\t\t\t\t\t\t\t\t\t\n\t\t\t\t\t\t\t\t\t\t\t\t\t\t\n\t\t\t\t\t\t\t\t\t\t\t\t\t\t\t\t\t\t\t\n\t\t\t\t\t\t\t\t\t\t\t\t\t\t\n\t\t\t\t\t\t\t\t\t\t\t\t\t\t\n\t\t\t\t\t\t\t\t\t\t\t\t\t\t\n\t\t\t\t\t\t\t\t\t\t\t\t\t\t\t\t\t\t\t\n\t\t\t\t\t\t\t\t\t\t\t\t\t\t\n\t\t\t\t\t\t\t\t\t\t\t\t\t\t\n\t\t\t\t\t\t\t\t\t\t\t\t\t\t\n\t\t\t\t\t\t\t\t\t\t\t\t\t\t\t\t\t\t\t\n\t\t\t\t\t\t\t\t\t\t\t\t\t\t\n\t\t\t\t\t\t\t\t\t\t\t\t\t\t\n\t\t\t\t\t\t\t\t\t\t\t\t\t\t\n\t\t\t\t\t\t\t\t\t\t\t\t\t\t\n\t\t\t\t\t\t\t\t\t\t\t\t\t\t\n\t\t\t\t\t\t\t\t\t\t\t\t\t\t\t\t\t\t\t\n\t\t\t\t\t\t\t\t\t\t\t\t\t\t\n\t\t\t\t\t\t\t\t\t\t\t\t\t\t\n\t\t\t\t\t\t\t\t\t\t\t\t\t\t\n\t\t\t\t\t\t\t\t\t\t\t<\/ul>\n\t\t<div class=\"tabs-content\">\n<div id=\"ts-block-664ddee6dabfd\"  class=\" px has-light-green-background-color has-background\">\n\t<div class=\"acf-innerblocks-container\">\n\n<div style=\"height:15px\" aria-hidden=\"true\" class=\"wp-block-spacer\"><\/div>\n\n\n\n<p>Die <strong>\u00dcberwachungsperioden<\/strong> f\u00fcr das Jahr 2026 werden wie folgt festgelegt:<\/p>\n\n\n\n<div style=\"height:15px\" aria-hidden=\"true\" class=\"wp-block-spacer\"><\/div>\n\n\n\n<figure class=\"wp-block-table\"><table><tbody><tr><td>Marinella Strand<\/td><td>4. April bis 1. November<\/td><\/tr><tr><td>Strand Petite Chambre d&#8217;Amour<\/td><td>vom 13. Juni bis 13. September<\/td><\/tr><tr><td>Strand von Sables d&#8217;Or<\/td><td>vom 13. Juni bis 13. September<\/td><\/tr><tr><td>Strand von La Madrague<\/td><td>vom 13. Juni bis 13. September<\/td><\/tr><tr><td>Strand von Les Cavaliers<\/td><td>vom 13. Juni bis 13. September<\/td><\/tr><tr><td>Strand der Korsaren<\/td><td>vom 6. Juli bis 30. August<\/td><\/tr><tr><td>Strand des Ozeans<\/td><td>vom 6. Juli bis 30. August<\/td><\/tr><tr><td>Strand von La Barre<\/td><td>vom 6. Juli bis 30. August<\/td><\/tr><\/tbody><\/table><\/figure>\n\n\n\n<div style=\"height:10px\" aria-hidden=\"true\" class=\"wp-block-spacer\"><\/div>\n\n<\/div><\/div>\n\n\n<div id=\"ts-block-664ddee6dac34\"  class=\" px has-orange-light-background-color has-background\">\n\t<div class=\"acf-innerblocks-container\">\n\n<div style=\"height:15px\" aria-hidden=\"true\" class=\"wp-block-spacer\"><\/div>\n\n\n\n<p>Die Badeaufsicht wird zu folgenden <strong>Zeiten <\/strong>durchgef\u00fchrt:<\/p>\n\n\n\n<div style=\"height:15px\" aria-hidden=\"true\" class=\"wp-block-spacer\"><\/div>\n\n\n\n<figure class=\"wp-block-table\"><table><tbody><tr><td>Vom 4. April bis 5. Juli und vom 31. August bis 25. Oktober<\/td><td>t\u00e4glich von 12:00 bis 18:00 Uhr<\/td><\/tr><tr><td>Vom 6. Juli bis 30. August<\/td><td>t\u00e4glich von 10.30 bis 19.00 Uhr<\/td><\/tr><tr><td>Vom 26. Oktober bis zum 1. November<\/td><td>t\u00e4glich von 11.00 bis 17.00 Uhr<\/td><\/tr><\/tbody><\/table><\/figure>\n\n\n\n<div style=\"height:10px\" aria-hidden=\"true\" class=\"wp-block-spacer\"><\/div>\n\n<\/div><\/div>\n\n<\/div> \n<\/div><\/div>\n<\/div>\n<\/div>\n<\/div>\n\n\n\n<div style=\"height:80px\" aria-hidden=\"true\" class=\"wp-block-spacer\"><\/div>\n\n\n\n<div class=\"wp-block-columns is-layout-flex wp-container-core-columns-is-layout-9d6595d7 wp-block-columns-is-layout-flex\">\n<div class=\"wp-block-column is-vertically-aligned-center is-layout-flow wp-block-column-is-layout-flow\">\n<div class=\"wp-block-columns is-layout-flex wp-container-core-columns-is-layout-9d6595d7 wp-block-columns-is-layout-flex\">\n<div class=\"wp-block-column is-layout-flow wp-block-column-is-layout-flow\">\n<div class=\"wp-block-buttons is-layout-flex wp-block-buttons-is-layout-flex\">\n<div class=\"wp-block-button is-style-outline is-style-outline--1\"><a class=\"wp-block-button__link wp-element-button\" href=\"\/wp-content\/uploads\/2026\/04\/reglementation-generale-littoral-plages-police-bains-de-mer-saison-2026-622.pdf\" target=\"_blank\" rel=\"noreferrer noopener\">Download der Strandverordnung 2026<\/a><\/div>\n\n\n\n<div class=\"wp-block-button is-style-outline is-style-outline--2\"><a class=\"wp-block-button__link wp-element-button\" href=\"\/wp-content\/uploads\/2024\/06\/BAIGNADE_ANGLET_TOURISME.pdf\" target=\"_blank\" rel=\"noreferrer noopener\">Erl\u00e4uterungen zu den verschiedenen Flaggen<\/a><\/div>\n<\/div>\n<\/div>\n<\/div>\n<\/div>\n<\/div>\n\n\n\n<div style=\"height:80px\" aria-hidden=\"true\" class=\"wp-block-spacer\"><\/div>\n\n\n\n<div class=\"wp-block-columns is-layout-flex wp-container-core-columns-is-layout-9d6595d7 wp-block-columns-is-layout-flex\">\n<div class=\"wp-block-column is-layout-flow wp-block-column-is-layout-flow\">\n<h2 class=\"wp-block-heading\">Kalilo<\/h2>\n\n\n\n<p>Alle Echtzeitinformationen \u00fcber die Str\u00e4nde der baskischen K\u00fcste in der <strong>Kalilo-Anwendung<\/strong>.<br>Diese Anwendung ist ein Service der Communaut\u00e9 d&#8217;Agglom\u00e9ration Pays Basque.<\/p>\n\n\n\n<p>Bevor Sie baden oder surfen gehen, sollten Sie sich die Kalilo-App ansehen.<\/p>\n\n\n\n<p>Sie bietet Ihnen Zugang zu verschiedenen Daten \u00fcber alle Str\u00e4nde von Anglet an der baskischen K\u00fcste:<\/p>\n\n\n\n<div class=\"wp-block-columns is-layout-flex wp-container-core-columns-is-layout-9d6595d7 wp-block-columns-is-layout-flex\">\n<div class=\"wp-block-column is-layout-flow wp-block-column-is-layout-flow\">\n<ul class=\"wp-block-list\">\n<li>Die Farbe der Flagge<\/li>\n\n\n\n<li>Das Wetter des Tages<\/li>\n\n\n\n<li>Lokale Wind-, Wellen- und Gezeitenangaben<\/li>\n<\/ul>\n<\/div>\n\n\n\n<div class=\"wp-block-column is-layout-flow wp-block-column-is-layout-flow\">\n<ul class=\"wp-block-list\">\n<li>\u00dcberwachungszeiten<\/li>\n\n\n\n<li>Zug\u00e4nglichkeit<\/li>\n\n\n\n<li>Praktische Dienstleistungen (kleine Restaurants, Wassersportvereine&#8230;)<\/li>\n<\/ul>\n<\/div>\n<\/div>\n\n\n\n<div class=\"wp-block-cover is-light alert\" style=\"min-height:107px;aspect-ratio:unset;\"><span aria-hidden=\"true\" class=\"wp-block-cover__background has-white-background-color has-background-dim-100 has-background-dim\"><\/span><div class=\"wp-block-cover__inner-container is-layout-constrained wp-block-cover-is-layout-constrained\">\n<div class=\"wp-block-group is-nowrap is-layout-flex wp-container-core-group-is-layout-ad2f72ca wp-block-group-is-layout-flex\"><div class=\"wp-block-image\">\n<figure class=\"alignleft size-full is-resized\"><img loading=\"lazy\" decoding=\"async\" width=\"61\" height=\"61\" src=\"https:\/\/www.anglet-tourisme.com\/wp-content\/uploads\/2024\/05\/icon-info.png\" alt=\"\" class=\"wp-image-1178\" style=\"object-fit:cover;width:30px;height:30px\"\/><\/figure>\n<\/div>\n\n\n<p class=\"has-text-align-left has-blue-color has-text-color wp-container-content-9cfa9a5a\"><strong>Wie kann ich sie herunterladen?<\/strong><\/p>\n<\/div>\n\n\n\n<ul class=\"wp-block-list\">\n<li><a href=\"https:\/\/play.google.com\/store\/apps\/details?id=fr.setavoo.kalilo&amp;hl=fr\" target=\"_blank\" rel=\"noreferrer noopener\"><strong>Im App Store<\/strong><\/a><\/li>\n\n\n\n<li><a href=\"https:\/\/apps.apple.com\/fr\/app\/kalilo\/id1468258470\" data-type=\"link\" data-id=\"https:\/\/apps.apple.com\/fr\/app\/kalilo\/id1468258470\" target=\"_blank\" rel=\"noreferrer noopener\"><strong>Im Google Play Store<\/strong><\/a><\/li>\n<\/ul>\n\n\n\n<div style=\"height:40px\" aria-hidden=\"true\" class=\"wp-block-spacer\"><\/div>\n<\/div><\/div>\n<\/div>\n\n\n\n<div class=\"wp-block-column is-vertically-aligned-center is-layout-flow wp-block-column-is-layout-flow\">\n<figure class=\"wp-block-gallery has-nested-images columns-2 is-cropped wp-block-gallery-3 is-layout-flex wp-block-gallery-is-layout-flex\">\n<figure class=\"wp-block-image size-full\"><img loading=\"lazy\" decoding=\"async\" width=\"512\" height=\"512\" data-id=\"5991\" src=\"https:\/\/www.anglet-tourisme.com\/wp-content\/uploads\/2024\/06\/KALILO-2.jpg\" alt=\"\" class=\"wp-image-5991\" srcset=\"https:\/\/www.anglet-tourisme.com\/wp-content\/uploads\/2024\/06\/KALILO-2.jpg 512w, https:\/\/www.anglet-tourisme.com\/wp-content\/uploads\/2024\/06\/KALILO-2-150x150.jpg 150w\" sizes=\"auto, (max-width: 512px) 100vw, 512px\" \/><\/figure>\n\n\n\n<figure class=\"wp-block-image size-full\"><a href=\"https:\/\/www.communaute-paysbasque.fr\/decouvrir\/les-plages-du-pays-basque\" target=\"_blank\" rel=\"noreferrer noopener\"><img loading=\"lazy\" decoding=\"async\" width=\"1000\" height=\"1000\" data-id=\"5994\" src=\"https:\/\/www.anglet-tourisme.com\/wp-content\/uploads\/2024\/06\/KALILO.jpg\" alt=\"\" class=\"wp-image-5994\" srcset=\"https:\/\/www.anglet-tourisme.com\/wp-content\/uploads\/2024\/06\/KALILO.jpg 1000w, https:\/\/www.anglet-tourisme.com\/wp-content\/uploads\/2024\/06\/KALILO-600x600.jpg 600w, https:\/\/www.anglet-tourisme.com\/wp-content\/uploads\/2024\/06\/KALILO-150x150.jpg 150w, https:\/\/www.anglet-tourisme.com\/wp-content\/uploads\/2024\/06\/KALILO-768x768.jpg 768w\" sizes=\"auto, (max-width: 1000px) 100vw, 1000px\" \/><\/a><\/figure>\n\n\n\n<figure class=\"wp-block-image size-large\"><img loading=\"lazy\" decoding=\"async\" width=\"1024\" height=\"682\" data-id=\"3997\" src=\"https:\/\/www.anglet-tourisme.com\/wp-content\/uploads\/2024\/05\/2-Sunset-Anglet__IB_4870_\u00a9RiBLANC-1024x682.jpg\" alt=\"\" class=\"wp-image-3997\" srcset=\"https:\/\/www.anglet-tourisme.com\/wp-content\/uploads\/2024\/05\/2-Sunset-Anglet__IB_4870_\u00a9RiBLANC-1024x682.jpg 1024w, https:\/\/www.anglet-tourisme.com\/wp-content\/uploads\/2024\/05\/2-Sunset-Anglet__IB_4870_\u00a9RiBLANC-800x533.jpg 800w, https:\/\/www.anglet-tourisme.com\/wp-content\/uploads\/2024\/05\/2-Sunset-Anglet__IB_4870_\u00a9RiBLANC-768x512.jpg 768w, https:\/\/www.anglet-tourisme.com\/wp-content\/uploads\/2024\/05\/2-Sunset-Anglet__IB_4870_\u00a9RiBLANC-1536x1024.jpg 1536w, https:\/\/www.anglet-tourisme.com\/wp-content\/uploads\/2024\/05\/2-Sunset-Anglet__IB_4870_\u00a9RiBLANC.jpg 2000w\" sizes=\"auto, (max-width: 1024px) 100vw, 1024px\" \/><\/figure>\n<\/figure>\n<\/div>\n<\/div>\n\n\n\n<div style=\"height:80px\" aria-hidden=\"true\" class=\"wp-block-spacer\"><\/div>\n\n\n\n<div class=\"wp-block-columns is-layout-flex wp-container-core-columns-is-layout-9d6595d7 wp-block-columns-is-layout-flex\">\n<div class=\"wp-block-column is-vertically-aligned-center is-layout-flow wp-block-column-is-layout-flow\">\n<figure class=\"wp-block-image size-large\"><img loading=\"lazy\" decoding=\"async\" width=\"1024\" height=\"575\" src=\"https:\/\/www.anglet-tourisme.com\/wp-content\/uploads\/2024\/05\/La-Madrague-Anglet_DJI_0241_\u00a9RiBLANC-1024x575.jpg\" alt=\"\" class=\"wp-image-3682\" srcset=\"https:\/\/www.anglet-tourisme.com\/wp-content\/uploads\/2024\/05\/La-Madrague-Anglet_DJI_0241_\u00a9RiBLANC-1024x575.jpg 1024w, https:\/\/www.anglet-tourisme.com\/wp-content\/uploads\/2024\/05\/La-Madrague-Anglet_DJI_0241_\u00a9RiBLANC-800x450.jpg 800w, https:\/\/www.anglet-tourisme.com\/wp-content\/uploads\/2024\/05\/La-Madrague-Anglet_DJI_0241_\u00a9RiBLANC-768x432.jpg 768w, https:\/\/www.anglet-tourisme.com\/wp-content\/uploads\/2024\/05\/La-Madrague-Anglet_DJI_0241_\u00a9RiBLANC-1536x863.jpg 1536w, https:\/\/www.anglet-tourisme.com\/wp-content\/uploads\/2024\/05\/La-Madrague-Anglet_DJI_0241_\u00a9RiBLANC.jpg 2000w\" sizes=\"auto, (max-width: 1024px) 100vw, 1024px\" \/><\/figure>\n<\/div>\n\n\n\n<div class=\"wp-block-column is-layout-flow wp-block-column-is-layout-flow\">\n<h2 class=\"wp-block-heading\">Gezeiten<\/h2>\n\n\n\n<p><strong>Gezeitenkalender<\/strong><br>Im Gezeitenkalender finden Sie die besten Zeiten f\u00fcr Ihre Aktivit\u00e4ten (Schwimmen, Surfen, Angeln, Sonnenbaden&#8230;).<\/p>\n\n\n\n<div style=\"height:40px\" aria-hidden=\"true\" class=\"wp-block-spacer\"><\/div>\n\n\n\n<div class=\"wp-block-buttons is-layout-flex wp-block-buttons-is-layout-flex\">\n<div class=\"wp-block-button is-style-outline is-style-outline--4\"><a class=\"wp-block-button__link wp-element-button\" href=\"https:\/\/www.calameo.com\/read\/00012321790ee4fb1b402\" target=\"_blank\" rel=\"noreferrer noopener\">Gezeitenkalender herunterladen<\/a><\/div>\n<\/div>\n\n\n\n<div style=\"height:40px\" aria-hidden=\"true\" class=\"wp-block-spacer\"><\/div>\n\n\n\n<p class=\"has-small-font-size\">\u00a9SHOM<br>Reproduktion der SHOM Gezeitenvorhersagen f\u00fcr Boucau-Bayonne &#8211; nicht von SHOM \u00fcberpr\u00fcft und unter der alleinigen Verantwortung des Herausgebers erstellt.<\/p>\n<\/div>\n<\/div>\n\n\n\n<div style=\"height:80px\" aria-hidden=\"true\" class=\"wp-block-spacer\"><\/div>\n\n\n\n<div class=\"wp-block-group alignfull has-light-green-background-color has-background\"><div class=\"wp-block-group__inner-container is-layout-constrained wp-block-group-is-layout-constrained\">\n<div style=\"height:50px\" aria-hidden=\"true\" class=\"wp-block-spacer\"><\/div>\n\n\n\n<h2 class=\"wp-block-heading has-text-align-center\">Webcams<\/h2>\n\n\n\n<div style=\"height:50px\" aria-hidden=\"true\" class=\"wp-block-spacer\"><\/div>\n\n\n\n<div class=\"wp-block-columns is-layout-flex wp-container-core-columns-is-layout-9d6595d7 wp-block-columns-is-layout-flex\">\n<div class=\"wp-block-column is-layout-flow wp-block-column-is-layout-flow\" style=\"flex-basis:50%\">\n<div class=\"wp-block-group\"><div class=\"wp-block-group__inner-container is-layout-constrained wp-block-group-is-layout-constrained\">\n<h3 class=\"wp-block-heading\">La Petite Chambre d&#8217;Amour<\/h3>\n\n\n\n<div style=\"height:20px\" aria-hidden=\"true\" class=\"wp-block-spacer\"><\/div>\n\n\n\n<div class=\"frame-responsive\"><iframe src=\"https:\/\/pv.viewsurf.com\/1922\/Anglet-La-petit-chambre-d-amour\" scrolling=\"no\" frameborder=\"0\" allowfullscreen=\"allowfullscreen\"><\/iframe><\/div>\n<\/div><\/div>\n<\/div>\n\n\n\n<div class=\"wp-block-column is-layout-flow wp-block-column-is-layout-flow\" style=\"flex-basis:50%\">\n<div class=\"wp-block-group\"><div class=\"wp-block-group__inner-container is-layout-constrained wp-block-group-is-layout-constrained\">\n<h3 class=\"wp-block-heading\">Le Club<\/h3>\n\n\n\n<div style=\"height:20px\" aria-hidden=\"true\" class=\"wp-block-spacer\"><\/div>\n\n\n\n<div class=\"frame-responsive\"><iframe src=\"https:\/\/pv.viewsurf.com\/2126\/Anglet-Plage-du-Club\" scrolling=\"no\" frameborder=\"0\" allowfullscreen=\"allowfullscreen\"><\/iframe><\/div>\n<\/div><\/div>\n<\/div>\n<\/div>\n\n\n\n<div class=\"wp-block-columns is-layout-flex wp-container-core-columns-is-layout-9d6595d7 wp-block-columns-is-layout-flex\">\n<div class=\"wp-block-column is-layout-flow wp-block-column-is-layout-flow\" style=\"flex-basis:50%\">\n<div class=\"wp-block-group\"><div class=\"wp-block-group__inner-container is-layout-constrained wp-block-group-is-layout-constrained\">\n<h3 class=\"wp-block-heading\">Les Sables d&#8217;Or<\/h3>\n\n\n\n<div style=\"height:20px\" aria-hidden=\"true\" class=\"wp-block-spacer\"><\/div>\n\n\n\n<div class=\"frame-responsive\"><iframe src=\"https:\/\/pv.viewsurf.com\/2128\/Anglet-Plage-des-Sables-d-Or\" scrolling=\"no\" frameborder=\"0\" allowfullscreen=\"allowfullscreen\"><\/iframe><\/div>\n<\/div><\/div>\n<\/div>\n\n\n\n<div class=\"wp-block-column is-layout-flow wp-block-column-is-layout-flow\" style=\"flex-basis:50%\">\n<div class=\"wp-block-group\"><div class=\"wp-block-group__inner-container is-layout-constrained wp-block-group-is-layout-constrained\">\n<h3 class=\"wp-block-heading\">Les Sables d&#8217;Or, Marinella, Les Corsaires<\/h3>\n\n\n\n<div style=\"height:20px\" aria-hidden=\"true\" class=\"wp-block-spacer\"><\/div>\n\n\n\n<div class=\"frame-responsive\"><iframe src=\"https:\/\/pv.viewsurf.com\/2130\/Anglet-Panoramique-Sables-d-Or-Marinella-Corsaires\" scrolling=\"no\" frameborder=\"0\" allowfullscreen=\"allowfullscreen\"><\/iframe><\/div>\n<\/div><\/div>\n<\/div>\n<\/div>\n\n\n\n<div class=\"wp-block-columns is-layout-flex wp-container-core-columns-is-layout-9d6595d7 wp-block-columns-is-layout-flex\">\n<div class=\"wp-block-column is-layout-flow wp-block-column-is-layout-flow\" style=\"flex-basis:50%\">\n<div class=\"wp-block-group\"><div class=\"wp-block-group__inner-container is-layout-constrained wp-block-group-is-layout-constrained\">\n<h3 class=\"wp-block-heading\">L&#8217;Oc\u00e9an<\/h3>\n\n\n\n<div style=\"height:20px\" aria-hidden=\"true\" class=\"wp-block-spacer\"><\/div>\n\n\n\n<div class=\"frame-responsive\"><iframe src=\"https:\/\/pv.viewsurf.com\/774\/Anglet-Plage-de-l-Ocean\" scrolling=\"no\" frameborder=\"0\" allowfullscreen=\"allowfullscreen\"><\/iframe><\/div>\n<\/div><\/div>\n<\/div>\n\n\n\n<div class=\"wp-block-column is-layout-flow wp-block-column-is-layout-flow\" style=\"flex-basis:50%\">\n<div class=\"wp-block-group\"><div class=\"wp-block-group__inner-container is-layout-constrained wp-block-group-is-layout-constrained\">\n<h3 class=\"wp-block-heading\">Les Cavaliers<\/h3>\n\n\n\n<div style=\"height:20px\" aria-hidden=\"true\" class=\"wp-block-spacer\"><\/div>\n\n\n\n<div class=\"frame-responsive\"><iframe src=\"https:\/\/pv.viewsurf.com\/1994\/Anglet-Plage-des-Cavaliers\" scrolling=\"no\" frameborder=\"0\" allowfullscreen=\"allowfullscreen\"><\/iframe><\/div>\n<\/div><\/div>\n<\/div>\n<\/div>\n\n\n\n<div class=\"wp-block-columns is-layout-flex wp-container-core-columns-is-layout-9d6595d7 wp-block-columns-is-layout-flex\">\n<div class=\"wp-block-column is-layout-flow wp-block-column-is-layout-flow\" style=\"flex-basis:50%\">\n<div class=\"wp-block-group\"><div class=\"wp-block-group__inner-container is-layout-constrained wp-block-group-is-layout-constrained\">\n<h3 class=\"wp-block-heading\">La Barre und die M\u00fcndung des Adour<\/h3>\n\n\n\n<div style=\"height:20px\" aria-hidden=\"true\" class=\"wp-block-spacer\"><\/div>\n\n\n\n<div class=\"frame-responsive\"><iframe src=\"https:\/\/pv.viewsurf.com\/2134\/Anglet-Plage-de-La-Barre-et-embouchure-de-l-Adour\" scrolling=\"no\" frameborder=\"0\" allowfullscreen=\"allowfullscreen\"><\/iframe><\/div>\n<\/div><\/div>\n<\/div>\n\n\n\n<div class=\"wp-block-column is-layout-flow wp-block-column-is-layout-flow\" style=\"flex-basis:50%\">\n<div class=\"wp-block-group\"><div class=\"wp-block-group__inner-container is-layout-constrained wp-block-group-is-layout-constrained\">\n<h3 class=\"wp-block-heading\">Panorama: La Chambre d&#8217;Amour<\/h3>\n\n\n\n<div style=\"height:20px\" aria-hidden=\"true\" class=\"wp-block-spacer\"><\/div>\n\n\n\n<div class=\"frame-responsive\"><iframe src=\"https:\/\/www.skaping.com\/anglet\/chambre-d-amour\" scrolling=\"no\" frameborder=\"0\" allowfullscreen=\"allowfullscreen\"><\/iframe><\/div>\n<\/div><\/div>\n<\/div>\n<\/div>\n\n\n\n<div style=\"height:50px\" aria-hidden=\"true\" class=\"wp-block-spacer\"><\/div>\n<\/div><\/div>\n\n\n\n<div style=\"height:80px\" aria-hidden=\"true\" class=\"wp-block-spacer\"><\/div>\n\n\n\n<div class=\"wp-block-columns is-layout-flex wp-container-core-columns-is-layout-9d6595d7 wp-block-columns-is-layout-flex\">\n<div class=\"wp-block-column is-vertically-aligned-center is-layout-flow wp-block-column-is-layout-flow\">\n<h2 class=\"wp-block-heading\">Blaue Flagge und Qualit\u00e4tsmanagement f\u00fcr Badegew\u00e4sser<\/h2>\n\n\n\n<div style=\"height:40px\" aria-hidden=\"true\" class=\"wp-block-spacer\"><\/div>\n\n\n\n<h3 class=\"wp-block-heading\">Blaue Flagge<\/h3>\n\n\n\n<p>Im Jahr 2024 wurden die 8 bewachten Str\u00e4nde von Anglet mit der <strong>Blauen Flagge<\/strong> ausgezeichnet. Eine internationale Zertifizierung, die das Engagement der Stadt f\u00fcr einen nachhaltigen Tourismus belohnt. Das Label ber\u00fccksichtigt die Qualit\u00e4t des Badewassers, die Abwasserbehandlung, das kollektive Abwassersystem, die M\u00fcllentsorgung, die Zug\u00e4nglichkeit f\u00fcr Personen mit eingeschr\u00e4nkter Mobilit\u00e4t, die Beschilderung und die Umwelterziehung.  <\/p>\n\n\n\n<div style=\"height:40px\" aria-hidden=\"true\" class=\"wp-block-spacer\"><\/div>\n\n\n\n<h3 class=\"wp-block-heading\">Qualit\u00e4tsmanagement f\u00fcr Badegew\u00e4sser<\/h3>\n\n\n\n<p>Am 28. Juli 2021 erhielt die Stadt die Erneuerung der Zertifizierung <strong>&#8222;D\u00e9marche qualit\u00e9 des eaux de baignade&#8220;<\/strong> f\u00fcr die acht Str\u00e4nde, die unter der Aufsicht der K\u00fcstenretter stehen. Die Zertifizierung wird f\u00fcr drei Jahre durch das B\u00fcro AES certification erteilt und unterliegt einem j\u00e4hrlichen \u00dcberwachungsaudit. Dieses vom Umweltministerium geschaffene Label belohnt die Gemeinde f\u00fcr die Gesamtheit der Kontroll- und Informationsmittel in Echtzeit, die zum Schutz der Gesundheit der Badeg\u00e4ste eingesetzt werden. F\u00fcr Anglet stellt die Qualit\u00e4t der Badegew\u00e4sser eine wichtige \u00f6kologische und touristische Herausforderung dar. Die Stadt besitzt seit Juni 2017 diese Zertifizierung.    <\/p>\n\n\n\n<div style=\"height:40px\" aria-hidden=\"true\" class=\"wp-block-spacer\"><\/div>\n<\/div>\n\n\n\n<div class=\"wp-block-column is-vertically-aligned-center is-layout-flow wp-block-column-is-layout-flow\">\n<figure class=\"wp-block-gallery has-nested-images columns-2 is-cropped wp-block-gallery-5 is-layout-flex wp-block-gallery-is-layout-flex\">\n<figure class=\"wp-block-image size-large\"><a href=\"https:\/\/pavillonbleu.org\/\" target=\"_blank\" rel=\"noreferrer noopener\"><img loading=\"lazy\" decoding=\"async\" width=\"1024\" height=\"904\" data-id=\"5970\" src=\"https:\/\/www.anglet-tourisme.com\/wp-content\/uploads\/2024\/06\/LOGO_PAVILLON-BLEU-1-1024x904.jpg\" alt=\"\" class=\"wp-image-5970\" srcset=\"https:\/\/www.anglet-tourisme.com\/wp-content\/uploads\/2024\/06\/LOGO_PAVILLON-BLEU-1-1024x904.jpg 1024w, https:\/\/www.anglet-tourisme.com\/wp-content\/uploads\/2024\/06\/LOGO_PAVILLON-BLEU-1-679x600.jpg 679w, https:\/\/www.anglet-tourisme.com\/wp-content\/uploads\/2024\/06\/LOGO_PAVILLON-BLEU-1-768x678.jpg 768w, https:\/\/www.anglet-tourisme.com\/wp-content\/uploads\/2024\/06\/LOGO_PAVILLON-BLEU-1.jpg 1223w\" sizes=\"auto, (max-width: 1024px) 100vw, 1024px\" \/><\/a><\/figure>\n\n\n\n<figure class=\"wp-block-image size-large\"><a href=\"https:\/\/pavillonbleu.org\/\" target=\"_blank\" rel=\"noreferrer noopener\"><img loading=\"lazy\" decoding=\"async\" width=\"1024\" height=\"897\" data-id=\"5973\" src=\"https:\/\/www.anglet-tourisme.com\/wp-content\/uploads\/2024\/06\/LOGO_PAVILLON-BLEU-2-1024x897.jpg\" alt=\"\" class=\"wp-image-5973\" srcset=\"https:\/\/www.anglet-tourisme.com\/wp-content\/uploads\/2024\/06\/LOGO_PAVILLON-BLEU-2-1024x897.jpg 1024w, https:\/\/www.anglet-tourisme.com\/wp-content\/uploads\/2024\/06\/LOGO_PAVILLON-BLEU-2-685x600.jpg 685w, https:\/\/www.anglet-tourisme.com\/wp-content\/uploads\/2024\/06\/LOGO_PAVILLON-BLEU-2-768x673.jpg 768w, https:\/\/www.anglet-tourisme.com\/wp-content\/uploads\/2024\/06\/LOGO_PAVILLON-BLEU-2.jpg 1233w\" sizes=\"auto, (max-width: 1024px) 100vw, 1024px\" \/><\/a><\/figure>\n\n\n\n<figure class=\"wp-block-image size-large\"><a href=\"https:\/\/baignades.sante.gouv.fr\/baignades\/editorial\/fr\/accueil.html\" target=\"_blank\" rel=\"noreferrer noopener\"><img loading=\"lazy\" decoding=\"async\" width=\"1024\" height=\"594\" data-id=\"5945\" src=\"https:\/\/www.anglet-tourisme.com\/wp-content\/uploads\/2024\/06\/CQEB-1024x594.jpg\" alt=\"\" class=\"wp-image-5945\" srcset=\"https:\/\/www.anglet-tourisme.com\/wp-content\/uploads\/2024\/06\/CQEB-1024x594.jpg 1024w, https:\/\/www.anglet-tourisme.com\/wp-content\/uploads\/2024\/06\/CQEB-800x464.jpg 800w, https:\/\/www.anglet-tourisme.com\/wp-content\/uploads\/2024\/06\/CQEB-768x445.jpg 768w, https:\/\/www.anglet-tourisme.com\/wp-content\/uploads\/2024\/06\/CQEB-1536x891.jpg 1536w, https:\/\/www.anglet-tourisme.com\/wp-content\/uploads\/2024\/06\/CQEB.jpg 2000w\" sizes=\"auto, (max-width: 1024px) 100vw, 1024px\" \/><\/a><\/figure>\n<\/figure>\n<\/div>\n<\/div>\n\n\n\n<div class=\"wp-block-buttons is-layout-flex wp-block-buttons-is-layout-flex\">\n<div class=\"wp-block-button is-style-outline is-style-outline--6\"><a class=\"wp-block-button__link wp-element-button\" href=\"https:\/\/www.anglet-tourisme.com\/de\/straende-gebrauchsanweisung\/qualitaet-des-badegewaessers-von-anglet\/\">Qualit\u00e4t des Badegew\u00e4ssers von Anglet<\/a><\/div>\n<\/div>\n\n\n\n<div style=\"height:80px\" aria-hidden=\"true\" class=\"wp-block-spacer\"><\/div>\n\n\n\n<div class=\"wp-block-columns is-layout-flex wp-container-core-columns-is-layout-9d6595d7 wp-block-columns-is-layout-flex\">\n<div class=\"wp-block-column is-vertically-aligned-center is-layout-flow wp-block-column-is-layout-flow\">\n<figure class=\"wp-block-gallery has-nested-images columns-2 is-cropped wp-block-gallery-7 is-layout-flex wp-block-gallery-is-layout-flex\">\n<figure class=\"wp-block-image size-large\"><img loading=\"lazy\" decoding=\"async\" width=\"1024\" height=\"683\" data-id=\"6006\" src=\"https:\/\/www.anglet-tourisme.com\/wp-content\/uploads\/2024\/06\/PLATEFORME-ANGLET-1024x683.jpg\" alt=\"\" class=\"wp-image-6006\" srcset=\"https:\/\/www.anglet-tourisme.com\/wp-content\/uploads\/2024\/06\/PLATEFORME-ANGLET-1024x683.jpg 1024w, https:\/\/www.anglet-tourisme.com\/wp-content\/uploads\/2024\/06\/PLATEFORME-ANGLET-800x533.jpg 800w, https:\/\/www.anglet-tourisme.com\/wp-content\/uploads\/2024\/06\/PLATEFORME-ANGLET-768x512.jpg 768w, https:\/\/www.anglet-tourisme.com\/wp-content\/uploads\/2024\/06\/PLATEFORME-ANGLET.jpg 1500w\" sizes=\"auto, (max-width: 1024px) 100vw, 1024px\" \/><\/figure>\n\n\n\n<figure class=\"wp-block-image size-full\"><img loading=\"lazy\" decoding=\"async\" width=\"1000\" height=\"750\" data-id=\"6009\" src=\"https:\/\/www.anglet-tourisme.com\/wp-content\/uploads\/2024\/06\/Tiralo-handicap-plage.jpg\" alt=\"\" class=\"wp-image-6009\" srcset=\"https:\/\/www.anglet-tourisme.com\/wp-content\/uploads\/2024\/06\/Tiralo-handicap-plage.jpg 1000w, https:\/\/www.anglet-tourisme.com\/wp-content\/uploads\/2024\/06\/Tiralo-handicap-plage-800x600.jpg 800w, https:\/\/www.anglet-tourisme.com\/wp-content\/uploads\/2024\/06\/Tiralo-handicap-plage-768x576.jpg 768w\" sizes=\"auto, (max-width: 1000px) 100vw, 1000px\" \/><\/figure>\n\n\n\n<figure class=\"wp-block-image size-large\"><img loading=\"lazy\" decoding=\"async\" width=\"1024\" height=\"680\" data-id=\"4036\" src=\"https:\/\/www.anglet-tourisme.com\/wp-content\/uploads\/2024\/05\/6-Tiralo-1024x680.jpg\" alt=\"\" class=\"wp-image-4036\" srcset=\"https:\/\/www.anglet-tourisme.com\/wp-content\/uploads\/2024\/05\/6-Tiralo-1024x680.jpg 1024w, https:\/\/www.anglet-tourisme.com\/wp-content\/uploads\/2024\/05\/6-Tiralo-800x531.jpg 800w, https:\/\/www.anglet-tourisme.com\/wp-content\/uploads\/2024\/05\/6-Tiralo-768x510.jpg 768w, https:\/\/www.anglet-tourisme.com\/wp-content\/uploads\/2024\/05\/6-Tiralo-1536x1020.jpg 1536w, https:\/\/www.anglet-tourisme.com\/wp-content\/uploads\/2024\/05\/6-Tiralo.jpg 1772w\" sizes=\"auto, (max-width: 1024px) 100vw, 1024px\" \/><\/figure>\n<\/figure>\n<\/div>\n\n\n\n<div class=\"wp-block-column is-layout-flow wp-block-column-is-layout-flow\">\n<h2 class=\"wp-block-heading\">Tiralo<\/h2>\n\n\n\n<p>Der Strand der Petite Chambre d&#8217;Amour ist seit mehreren Jahren mit dem <strong>Handiplage-Label<\/strong> ausgezeichnet und verf\u00fcgt \u00fcber eine spezielle Einrichtung, die es Menschen mit Behinderungen erm\u00f6glicht, sicher zu baden. Eine Plattform mit einer Pergola erm\u00f6glicht es den Benutzern, am Eingang des Strandes zu parken. Der Zugang zum Bad wird durch eine spezielle Matte auf dem Sand erleichtert.  <\/p>\n\n\n\n<p>Das Schwimmen erfolgt an Bord eines <strong>Tiralo<\/strong>. Dieser Strandstuhl f\u00fcr Personen mit eingeschr\u00e4nkter Mobilit\u00e4t kann ohne Umbau sowohl auf dem Boden rollen als auch auf dem Wasser schwimmen. Der Tiralio kann auf allen Arten von Boden, Sand oder Kieselsteinen, leicht bewegt werden.  <\/p>\n\n\n\n<p>Personen mit eingeschr\u00e4nkter Mobilit\u00e4t k\u00f6nnen mit ihrem eigenen Rollstuhl eine 20 m\u00b2 gro\u00dfe schattige Plattform nutzen, die direkt auf dem Sand liegt. Auf der R\u00fcckseite der Rettungsstation befinden sich behindertengerechte Sanit\u00e4ranlagen. <\/p>\n\n\n\n<p>Tel. : 05 59 03 20 94<\/p>\n<\/div>\n<\/div>\n\n\n\n<div style=\"height:80px\" aria-hidden=\"true\" class=\"wp-block-spacer\"><\/div>\n\n\n<div id=\"ts-block-6661dd1f9cf51\"  class=\"\">\n\t<div class=\"swiper-container tis_item_box-swiper\"><div data-block_id=\"ts-block-6661dd1f9cf51\" class=\"tis_item_box_container img-zoom columns-3  with-slide slide-ts-block-6661dd1f9cf51\"><div class=\"swiper-wrapper\" data-nb_col=\"3\" id=\"ts-block-6661dd1f9cf51\"><article class=\"tis-box swiper-slide \">\r\n\t<a href=\"https:\/\/www.anglet-tourisme.com\/de\/bewegung-in-anglet\/aktivitaeten\/anglet\/LOIAQU064FS000BS-plage-de-la-petite-chambre-damour\/\">\r\n\t\t<div class=\"tis-item-cover\">\r\n\t\t\t\t\t\t\t\t\t\t\t<img decoding=\"async\" src=\"https:\/\/www.anglet-tourisme.com\/wp-content\/uploads\/tis\/petite-chambre-amour.jpg\" title=\"Plage de la Petite Chambre d'Amour\" alt=\"Plage de la Petite Chambre d'Amour\" \/>\r\n\t\t\t\t\t\t\t\t\t<div class=\"tis-item-label-container\">\r\n\t\t\t\t\t\t\t<!--<span class=\"tis-item-handicap\"><img decoding=\"async\" src=\"https:\/\/www.anglet-tourisme.com\/wp-content\/plugins\/tourinsoft-syndication\/assets\/images\/icon-handicap.svg\" title=\"\" alt=\"\" \/><\/span>-->\r\n\t\t\t\t\t\t\t\t\t\t<span class=\"tis-item-durable\"><img decoding=\"async\" src=\"https:\/\/www.anglet-tourisme.com\/wp-content\/plugins\/tourinsoft-syndication\/assets\/images\/icon-durable.svg\" title=\"D\u00e9veloppement durable\" alt=\"D\u00e9veloppement durable\" \/><\/span>\r\n\t\t\t\t\t\t<\/div>\r\n\t\t\t\t\t\t\r\n\t\t\t\t\t<\/div>\r\n\t\t\t\t<h3>Plage de la Petite Chambre d&#8217;Amour<\/h3>\r\n\t\t\t\t\r\n\t<\/a>\r\n\t\r\n\t<p>Der Strand Petite Chambre d&#8217;Amour liegt am Fu\u00dfe der majest\u00e4tischen Klippen von Cap Saint-Martin und seines ber\u00fchmten, 1832 errichteten Leuchtturms, der den Seeleuten in den st\u00fcrmischen N\u00e4chten des Atlantiks den Weg weist.&hellip;<\/p>\t<strong class=\"tis-box-city\">ANGLET<\/strong>\t\r\n\t\t\t\t\t\t\t\t\t<\/article><article class=\"tis-box swiper-slide \">\r\n\t<a href=\"https:\/\/www.anglet-tourisme.com\/de\/bewegung-in-anglet\/aktivitaeten\/anglet\/LOIAQU064FS000BU-plage-du-club\/\">\r\n\t\t<div class=\"tis-item-cover\">\r\n\t\t\t\t\t\t\t\t\t\t\t<img decoding=\"async\" src=\"https:\/\/www.anglet-tourisme.com\/wp-content\/uploads\/tis\/plage-club-8701--K.Pierret-Delage.jpg\" title=\"Plage du Club\" alt=\"Plage du Club\" \/>\r\n\t\t\t\t\t\t\t\t\t<div class=\"tis-item-label-container\">\r\n\t\t\t\t\t\t\t<!--<span class=\"tis-item-handicap\"><img decoding=\"async\" src=\"https:\/\/www.anglet-tourisme.com\/wp-content\/plugins\/tourinsoft-syndication\/assets\/images\/icon-handicap.svg\" title=\"\" alt=\"\" \/><\/span>-->\r\n\t\t\t\t\t\t\t\t\t<\/div>\r\n\t\t\t\t\t\t\r\n\t\t\t\t\t<\/div>\r\n\t\t\t\t<h3>Plage du Club<\/h3>\r\n\t\t\t\t\r\n\t<\/a>\r\n\t\r\n\t<p>Der kleine, zwischen zwei Buhnen eingebettete Strand Plage du Club hat die Besonderheit, dass er bei Ebbe von Surfern stark frequentiert wird, da er bei Flut vollst\u00e4ndig bedeckt ist. Er ist einer&hellip;<\/p>\t<strong class=\"tis-box-city\">ANGLET<\/strong>\t\r\n\t\t\t\t\t\t\t\t\t<\/article><article class=\"tis-box swiper-slide \">\r\n\t<a href=\"https:\/\/www.anglet-tourisme.com\/de\/bewegung-in-anglet\/aktivitaeten\/anglet\/LOIAQU064FS000BV-plage-des-sables-dor\/\">\r\n\t\t<div class=\"tis-item-cover\">\r\n\t\t\t\t\t\t\t\t\t\t\t<img decoding=\"async\" src=\"https:\/\/www.anglet-tourisme.com\/wp-content\/uploads\/tis\/Sables-d-Or--K.Pierret-Delage---8504.jpg\" title=\"Plage des Sables d'Or\" alt=\"Plage des Sables d'Or\" \/>\r\n\t\t\t\t\t\t\t\t\t<div class=\"tis-item-label-container\">\r\n\t\t\t\t\t\t\t<!--<span class=\"tis-item-handicap\"><img decoding=\"async\" src=\"https:\/\/www.anglet-tourisme.com\/wp-content\/plugins\/tourinsoft-syndication\/assets\/images\/icon-handicap.svg\" title=\"\" alt=\"\" \/><\/span>-->\r\n\t\t\t\t\t\t\t\t\t\t<span class=\"tis-item-durable\"><img decoding=\"async\" src=\"https:\/\/www.anglet-tourisme.com\/wp-content\/plugins\/tourinsoft-syndication\/assets\/images\/icon-durable.svg\" title=\"D\u00e9veloppement durable\" alt=\"D\u00e9veloppement durable\" \/><\/span>\r\n\t\t\t\t\t\t<\/div>\r\n\t\t\t\t\t\t\r\n\t\t\t\t\t<\/div>\r\n\t\t\t\t<h3>Plage des Sables d&#8217;Or<\/h3>\r\n\t\t\t\t\r\n\t<\/a>\r\n\t\r\n\t<p>Der Strand Sables d&#8217;Or ist der letzte Strand im Viertel Chambre d&#8217;Amour und weist alle Merkmale eines Stadtstrandes auf. Umgeben von Bars und Restaurants ist er das ganze Jahr \u00fcber gut besucht,&hellip;<\/p>\t<strong class=\"tis-box-city\">ANGLET<\/strong>\t\r\n\t\t\t\t\t\t\t\t\t<\/article><article class=\"tis-box swiper-slide \">\r\n\t<a href=\"https:\/\/www.anglet-tourisme.com\/de\/bewegung-in-anglet\/aktivitaeten\/anglet\/LOIAQU064FS000BW-plage-de-marinella\/\">\r\n\t\t<div class=\"tis-item-cover\">\r\n\t\t\t\t\t\t\t\t\t\t\t<img decoding=\"async\" src=\"https:\/\/www.anglet-tourisme.com\/wp-content\/uploads\/tis\/La-Marinella-Anglet--RIB9726--RiBLANC.jpg\" title=\"Plage de Marinella\" alt=\"Plage de Marinella\" \/>\r\n\t\t\t\t\t\t\t\t\t<div class=\"tis-item-label-container\">\r\n\t\t\t\t\t\t\t<!--<span class=\"tis-item-handicap\"><img decoding=\"async\" src=\"https:\/\/www.anglet-tourisme.com\/wp-content\/plugins\/tourinsoft-syndication\/assets\/images\/icon-handicap.svg\" title=\"\" alt=\"\" \/><\/span>-->\r\n\t\t\t\t\t\t\t\t\t\t<span class=\"tis-item-durable\"><img decoding=\"async\" src=\"https:\/\/www.anglet-tourisme.com\/wp-content\/plugins\/tourinsoft-syndication\/assets\/images\/icon-durable.svg\" title=\"D\u00e9veloppement durable\" alt=\"D\u00e9veloppement durable\" \/><\/span>\r\n\t\t\t\t\t\t<\/div>\r\n\t\t\t\t\t\t\r\n\t\t\t\t\t<\/div>\r\n\t\t\t\t<h3>Plage de Marinella<\/h3>\r\n\t\t\t\t\r\n\t<\/a>\r\n\t\r\n\t<p>Der Strand von Marinella ist der kosmopolitischste Strand von Anglet. Dieser lange, von Deichen ges\u00e4umte Strand wird von einer sehr unterschiedlichen Klientel besucht: Familien, Kinder und Surfer gehen ganz selbstverst\u00e4ndlich an diesen&hellip;<\/p>\t<strong class=\"tis-box-city\">ANGLET<\/strong>\t\r\n\t\t\t\t\t\t\t\t\t<\/article><article class=\"tis-box swiper-slide \">\r\n\t<a href=\"https:\/\/www.anglet-tourisme.com\/de\/bewegung-in-anglet\/aktivitaeten\/anglet\/LOIAQU064FS000C0-plage-des-corsaires\/\">\r\n\t\t<div class=\"tis-item-cover\">\r\n\t\t\t\t\t\t\t\t\t\t\t<img decoding=\"async\" src=\"https:\/\/www.anglet-tourisme.com\/wp-content\/uploads\/tis\/Corsaires--K.Pierret-Delage---7745.jpg\" title=\"Plage des Corsaires\" alt=\"Plage des Corsaires\" \/>\r\n\t\t\t\t\t\t\t\t\t<div class=\"tis-item-label-container\">\r\n\t\t\t\t\t\t\t<!--<span class=\"tis-item-handicap\"><img decoding=\"async\" src=\"https:\/\/www.anglet-tourisme.com\/wp-content\/plugins\/tourinsoft-syndication\/assets\/images\/icon-handicap.svg\" title=\"\" alt=\"\" \/><\/span>-->\r\n\t\t\t\t\t\t\t\t\t\t<span class=\"tis-item-durable\"><img decoding=\"async\" src=\"https:\/\/www.anglet-tourisme.com\/wp-content\/plugins\/tourinsoft-syndication\/assets\/images\/icon-durable.svg\" title=\"D\u00e9veloppement durable\" alt=\"D\u00e9veloppement durable\" \/><\/span>\r\n\t\t\t\t\t\t<\/div>\r\n\t\t\t\t\t\t\r\n\t\t\t\t\t<\/div>\r\n\t\t\t\t<h3>Plage des Corsaires<\/h3>\r\n\t\t\t\t\r\n\t<\/a>\r\n\t\r\n\t<p>Der Strand Les Corsaires, \u00e4hnlich wie sein Nachbar Marinella, ist entschieden auf junge Leute ausgerichtet. Die Gr\u00fcnfl\u00e4chen entlang des Strandes sind beliebt und eignen sich zum Drachensteigenlassen und f\u00fcr Ballsportarten. Der Strand&hellip;<\/p>\t<strong class=\"tis-box-city\">ANGLET<\/strong>\t\r\n\t\t\t\t\t\t\t\t\t<\/article><article class=\"tis-box swiper-slide \">\r\n\t<a href=\"https:\/\/www.anglet-tourisme.com\/de\/bewegung-in-anglet\/aktivitaeten\/anglet\/LOIAQU064FS000C2-plage-de-la-petite-madrague\/\">\r\n\t\t<div class=\"tis-item-cover\">\r\n\t\t\t\t\t\t\t\t\t\t\t<img decoding=\"async\" src=\"https:\/\/www.anglet-tourisme.com\/wp-content\/uploads\/tis\/Petite-Madrague----K.Pierret-Delage.jpg\" title=\"Plage de la Petite Madrague\" alt=\"Plage de la Petite Madrague\" \/>\r\n\t\t\t\t\t\t\t\t\t<div class=\"tis-item-label-container\">\r\n\t\t\t\t\t\t\t<!--<span class=\"tis-item-handicap\"><img decoding=\"async\" src=\"https:\/\/www.anglet-tourisme.com\/wp-content\/plugins\/tourinsoft-syndication\/assets\/images\/icon-handicap.svg\" title=\"\" alt=\"\" \/><\/span>-->\r\n\t\t\t\t\t\t\t\t\t<\/div>\r\n\t\t\t\t\t\t\r\n\t\t\t\t\t<\/div>\r\n\t\t\t\t<h3>Plage de la Petite Madrague<\/h3>\r\n\t\t\t\t\r\n\t<\/a>\r\n\t\r\n\t<p>La Petite Madrague, zwischen den Str\u00e4nden La Madrague und Les Corsaires gelegen, ist einer der trendigsten Str\u00e4nde von Anglet. Diese riesige Fl\u00e4che mit feinem Sand beherbergt eine eklektische Klientel: Jugendliche, Familien und&hellip;<\/p>\t<strong class=\"tis-box-city\">ANGLET<\/strong>\t\r\n\t\t\t\t\t\t\t\t\t<\/article><article class=\"tis-box swiper-slide \">\r\n\t<a href=\"https:\/\/www.anglet-tourisme.com\/de\/bewegung-in-anglet\/aktivitaeten\/anglet\/LOIAQU064FS000C1-plage-de-la-madrague\/\">\r\n\t\t<div class=\"tis-item-cover\">\r\n\t\t\t\t\t\t\t\t\t\t\t<img decoding=\"async\" src=\"https:\/\/www.anglet-tourisme.com\/wp-content\/uploads\/tis\/La-Madrague---Anglet-1RIB5783--RiBLANC.jpg\" title=\"Plage de la Madrague\" alt=\"Plage de la Madrague\" \/>\r\n\t\t\t\t\t\t\t\t\t<div class=\"tis-item-label-container\">\r\n\t\t\t\t\t\t\t<!--<span class=\"tis-item-handicap\"><img decoding=\"async\" src=\"https:\/\/www.anglet-tourisme.com\/wp-content\/plugins\/tourinsoft-syndication\/assets\/images\/icon-handicap.svg\" title=\"\" alt=\"\" \/><\/span>-->\r\n\t\t\t\t\t\t\t\t\t\t<span class=\"tis-item-durable\"><img decoding=\"async\" src=\"https:\/\/www.anglet-tourisme.com\/wp-content\/plugins\/tourinsoft-syndication\/assets\/images\/icon-durable.svg\" title=\"D\u00e9veloppement durable\" alt=\"D\u00e9veloppement durable\" \/><\/span>\r\n\t\t\t\t\t\t<\/div>\r\n\t\t\t\t\t\t\r\n\t\t\t\t\t<\/div>\r\n\t\t\t\t<h3>Plage de la Madrague<\/h3>\r\n\t\t\t\t\r\n\t<\/a>\r\n\t\r\n\t<p>La Madrague ist sicherlich einer der sch\u00f6nsten Str\u00e4nde von Anglet. Dieser riesige Bereich mit feinem Sand beherbergt eine eklektische Klientel. Hier treffen sich junge Leute, Familien und Senioren. Die weitl\u00e4ufigen Gr\u00fcnfl\u00e4chen rund&hellip;<\/p>\t<strong class=\"tis-box-city\">ANGLET<\/strong>\t\r\n\t\t\t\t\t\t\t\t\t<\/article><article class=\"tis-box swiper-slide \">\r\n\t<a href=\"https:\/\/www.anglet-tourisme.com\/de\/bewegung-in-anglet\/aktivitaeten\/anglet\/LOIAQU064FS000C3-plage-de-locean\/\">\r\n\t\t<div class=\"tis-item-cover\">\r\n\t\t\t\t\t\t\t\t\t\t\t<img decoding=\"async\" src=\"https:\/\/www.anglet-tourisme.com\/wp-content\/uploads\/tis\/ocean-4684--K.Pierret-Delage.jpg\" title=\"Plage de l'Oc\u00e9an\" alt=\"Plage de l'Oc\u00e9an\" \/>\r\n\t\t\t\t\t\t\t\t\t<div class=\"tis-item-label-container\">\r\n\t\t\t\t\t\t\t<!--<span class=\"tis-item-handicap\"><img decoding=\"async\" src=\"https:\/\/www.anglet-tourisme.com\/wp-content\/plugins\/tourinsoft-syndication\/assets\/images\/icon-handicap.svg\" title=\"\" alt=\"\" \/><\/span>-->\r\n\t\t\t\t\t\t\t\t\t\t<span class=\"tis-item-durable\"><img decoding=\"async\" src=\"https:\/\/www.anglet-tourisme.com\/wp-content\/plugins\/tourinsoft-syndication\/assets\/images\/icon-durable.svg\" title=\"D\u00e9veloppement durable\" alt=\"D\u00e9veloppement durable\" \/><\/span>\r\n\t\t\t\t\t\t<\/div>\r\n\t\t\t\t\t\t\r\n\t\t\t\t\t<\/div>\r\n\t\t\t\t<h3>Plage de l&#8217;Oc\u00e9an<\/h3>\r\n\t\t\t\t\r\n\t<\/a>\r\n\t\r\n\t<p>Der Strand des Ozeans ist ein Land der Kontraste. Das Blockhaus, ein \u00dcberbleibsel aus dem letzten Krieg, stellt die Verbindung zwischen der gr\u00fcnen Sch\u00f6nheit des Chiberta-Golfplatzes und dem blonden Sandstrand dar. Er&hellip;<\/p>\t<strong class=\"tis-box-city\">ANGLET<\/strong>\t\r\n\t\t\t\t\t\t\t\t\t<\/article><article class=\"tis-box swiper-slide \">\r\n\t<a href=\"https:\/\/www.anglet-tourisme.com\/de\/bewegung-in-anglet\/aktivitaeten\/anglet\/LOIAQU064FS000C4-plage-des-dunes\/\">\r\n\t\t<div class=\"tis-item-cover\">\r\n\t\t\t\t\t\t\t\t\t\t\t<img decoding=\"async\" src=\"https:\/\/www.anglet-tourisme.com\/wp-content\/uploads\/tis\/Dunes--K.Pierret-Delage---6621.jpg\" title=\"Plage des Dunes\" alt=\"Plage des Dunes\" \/>\r\n\t\t\t\t\t\t\t\t\t<div class=\"tis-item-label-container\">\r\n\t\t\t\t\t\t\t<!--<span class=\"tis-item-handicap\"><img decoding=\"async\" src=\"https:\/\/www.anglet-tourisme.com\/wp-content\/plugins\/tourinsoft-syndication\/assets\/images\/icon-handicap.svg\" title=\"\" alt=\"\" \/><\/span>-->\r\n\t\t\t\t\t\t\t\t\t<\/div>\r\n\t\t\t\t\t\t\r\n\t\t\t\t\t<\/div>\r\n\t\t\t\t<h3>Plage des Dunes<\/h3>\r\n\t\t\t\t\r\n\t<\/a>\r\n\t\r\n\t<p>Dieser bei Surfern sehr beliebte Strand am Rande des ber\u00fchmten Golfplatzes Chiberta ist sicherlich der &#8222;wildeste&#8220; Strand an der K\u00fcste von Anglet. Da er nur \u00fcber eine Unterf\u00fchrung zug\u00e4nglich ist und es&hellip;<\/p>\t<strong class=\"tis-box-city\">ANGLET<\/strong>\t\r\n\t\t\t\t\t\t\t\t\t<\/article><article class=\"tis-box swiper-slide \">\r\n\t<a href=\"https:\/\/www.anglet-tourisme.com\/de\/bewegung-in-anglet\/aktivitaeten\/anglet\/LOIAQU064FS000C5-plage-des-cavaliers\/\">\r\n\t\t<div class=\"tis-item-cover\">\r\n\t\t\t\t\t\t\t\t\t\t\t<img decoding=\"async\" src=\"https:\/\/www.anglet-tourisme.com\/wp-content\/uploads\/tis\/Plage-des-Cavaliers--K.Pierret-Delage.jpg\" title=\"Plage des Cavaliers\" alt=\"Plage des Cavaliers\" \/>\r\n\t\t\t\t\t\t\t\t\t<div class=\"tis-item-label-container\">\r\n\t\t\t\t\t\t\t<!--<span class=\"tis-item-handicap\"><img decoding=\"async\" src=\"https:\/\/www.anglet-tourisme.com\/wp-content\/plugins\/tourinsoft-syndication\/assets\/images\/icon-handicap.svg\" title=\"\" alt=\"\" \/><\/span>-->\r\n\t\t\t\t\t\t\t\t\t\t<span class=\"tis-item-durable\"><img decoding=\"async\" src=\"https:\/\/www.anglet-tourisme.com\/wp-content\/plugins\/tourinsoft-syndication\/assets\/images\/icon-durable.svg\" title=\"D\u00e9veloppement durable\" alt=\"D\u00e9veloppement durable\" \/><\/span>\r\n\t\t\t\t\t\t<\/div>\r\n\t\t\t\t\t\t\r\n\t\t\t\t\t<\/div>\r\n\t\t\t\t<h3>Plage des Cavaliers<\/h3>\r\n\t\t\t\t\r\n\t<\/a>\r\n\t\r\n\t<p>Der Strand Les Cavaliers ist weltweit f\u00fcr seine kr\u00e4ftigen Wellen bekannt. Er wird von zahlreichen Gr\u00fcnfl\u00e4chen dominiert, vor allem aber vom Thalassotherapie-Komplex Atlanthal. Spazierwege durchkreuzen die langen Rasenstreifen und werden von vielen&hellip;<\/p>\t<strong class=\"tis-box-city\">ANGLET<\/strong>\t\r\n\t\t\t\t\t\t\t\t\t<\/article><article class=\"tis-box swiper-slide \">\r\n\t<a href=\"https:\/\/www.anglet-tourisme.com\/de\/bewegung-in-anglet\/aktivitaeten\/anglet\/LOIAQU064FS000C6-plage-de-la-barre\/\">\r\n\t\t<div class=\"tis-item-cover\">\r\n\t\t\t\t\t\t\t\t\t\t\t<img decoding=\"async\" src=\"https:\/\/www.anglet-tourisme.com\/wp-content\/uploads\/tis\/La-Barre-Anglet-DJI-0891--RiBLANC.jpg\" title=\"Plage de La Barre\" alt=\"Plage de La Barre\" \/>\r\n\t\t\t\t\t\t\t\t\t<div class=\"tis-item-label-container\">\r\n\t\t\t\t\t\t\t<!--<span class=\"tis-item-handicap\"><img decoding=\"async\" src=\"https:\/\/www.anglet-tourisme.com\/wp-content\/plugins\/tourinsoft-syndication\/assets\/images\/icon-handicap.svg\" title=\"\" alt=\"\" \/><\/span>-->\r\n\t\t\t\t\t\t\t\t\t\t<span class=\"tis-item-durable\"><img decoding=\"async\" src=\"https:\/\/www.anglet-tourisme.com\/wp-content\/plugins\/tourinsoft-syndication\/assets\/images\/icon-durable.svg\" title=\"D\u00e9veloppement durable\" alt=\"D\u00e9veloppement durable\" \/><\/span>\r\n\t\t\t\t\t\t<\/div>\r\n\t\t\t\t\t\t\r\n\t\t\t\t\t<\/div>\r\n\t\t\t\t<h3>Plage de La Barre<\/h3>\r\n\t\t\t\t\r\n\t<\/a>\r\n\t\r\n\t<p>La Barre liegt im Norden des Ortes und ist der kleinste Strand von Anglet. Er ist auch durch die N\u00e4he zur M\u00fcndung des Adour gepr\u00e4gt. Er ist zwischen zwei langen Buhnen eingebettet&hellip;<\/p>\t<strong class=\"tis-box-city\">ANGLET<\/strong>\t\r\n\t\t\t\t\t\t\t\t\t<\/article><\/div><\/div><div class=\"swiper-button-prev prev-ts-block-6661dd1f9cf51\"><\/div><div class=\"swiper-button-next next-ts-block-6661dd1f9cf51\"><\/div><\/div><\/div>\n","protected":false},"excerpt":{"rendered":"<p>Jeden Sommer werden 90 Rettungsschwimmer mobilisiert, um die Sicherheit der Badeg\u00e4ste an acht der elf Str\u00e4nde von Anglet zu gew\u00e4hrleisten. Z\u00f6gern Sie nicht, sie zu treffen und Ihre Fragen zu stellen. Kalilo Alle Echtzeitinformationen \u00fcber die Str\u00e4nde der baskischen K\u00fcste in der Kalilo-Anwendung.Diese Anwendung ist ein Service der Communaut\u00e9 d&#8217;Agglom\u00e9ration [&hellip;]<\/p>\n","protected":false},"author":1,"featured_media":16934,"parent":0,"menu_order":0,"comment_status":"closed","ping_status":"closed","template":"","meta":{"_acf_changed":false,"_seopress_robots_primary_cat":"","_seopress_titles_title":"Gebrauchsanweisung f\u00fcr die Str\u00e4nde von Anglet: praktische Informationen, die Sie kennen sollten","_seopress_titles_desc":"Brauchen Sie Tipps f\u00fcr die Str\u00e4nde von Anglet? Hier finden Sie alle praktischen Informationen f\u00fcr einen ruhigen und angenehmen Aufenthalt und ein ungest\u00f6rtes Badevergn\u00fcgen.","_seopress_robots_index":"","footnotes":""},"class_list":["post-16931","page","type-page","status-publish","has-post-thumbnail"],"acf":[],"_links":{"self":[{"href":"https:\/\/www.anglet-tourisme.com\/de\/wp-json\/wp\/v2\/pages\/16931","targetHints":{"allow":["GET"]}}],"collection":[{"href":"https:\/\/www.anglet-tourisme.com\/de\/wp-json\/wp\/v2\/pages"}],"about":[{"href":"https:\/\/www.anglet-tourisme.com\/de\/wp-json\/wp\/v2\/types\/page"}],"author":[{"embeddable":true,"href":"https:\/\/www.anglet-tourisme.com\/de\/wp-json\/wp\/v2\/users\/1"}],"replies":[{"embeddable":true,"href":"https:\/\/www.anglet-tourisme.com\/de\/wp-json\/wp\/v2\/comments?post=16931"}],"version-history":[{"count":3,"href":"https:\/\/www.anglet-tourisme.com\/de\/wp-json\/wp\/v2\/pages\/16931\/revisions"}],"predecessor-version":[{"id":21166,"href":"https:\/\/www.anglet-tourisme.com\/de\/wp-json\/wp\/v2\/pages\/16931\/revisions\/21166"}],"wp:featuredmedia":[{"embeddable":true,"href":"https:\/\/www.anglet-tourisme.com\/de\/wp-json\/wp\/v2\/media\/16934"}],"wp:attachment":[{"href":"https:\/\/www.anglet-tourisme.com\/de\/wp-json\/wp\/v2\/media?parent=16931"}],"curies":[{"name":"wp","href":"https:\/\/api.w.org\/{rel}","templated":true}]}}