{"id":11699,"date":"2024-05-22T10:12:41","date_gmt":"2024-05-22T08:12:41","guid":{"rendered":"https:\/\/www.anglet-tourisme.com\/lo-mas-destacado-de-anglet\/"},"modified":"2026-02-25T15:20:45","modified_gmt":"2026-02-25T14:20:45","slug":"lo-mas-destacado-de-anglet","status":"publish","type":"page","link":"https:\/\/www.anglet-tourisme.com\/es\/lo-mas-destacado-de-anglet\/","title":{"rendered":"Lo m\u00e1s destacado de Anglet"},"content":{"rendered":"\n<div class=\"wp-block-columns is-layout-flex wp-container-core-columns-is-layout-9d6595d7 wp-block-columns-is-layout-flex\">\n<div class=\"wp-block-column is-layout-flow wp-block-column-is-layout-flow\" style=\"flex-basis:33.33%\"><div class=\"highlight-bloc-container \" id=\"ts-block-65368af54ee28\"  >\n\t<div class=\"highlight-bloc-content\">\n\t\t<div class=\"acf-innerblocks-container\">\n\n<h1 class=\"wp-block-heading suptitle\">\u00a1Todo es acci\u00f3n en Anglet!<\/h1>\n\n<\/div>\t<\/div>\n<\/div>\n<\/div>\n\n\n\n<div class=\"wp-block-column is-layout-flow wp-block-column-is-layout-flow\" style=\"flex-basis:66.66%\">\n<p>\u00a1Unas vacaciones en Anglet tambi\u00e9n significan recuerdos inolvidables durante todo el a\u00f1o!<\/p>\n\n\n\n<p>Disfruta de una gran variedad de espect\u00e1culos y eventos para toda la familia: conciertos junto a la playa, proyecciones de pel\u00edculas al aire libre, competiciones deportivas, fuegos artificiales con el imperdible <strong>Espect\u00e1culo<\/strong> <strong>piromel\u00f3dico y<\/strong> exposiciones de arte al aire libre con la renombrada <strong>Bienal de Arte Contempor\u00e1neo<\/strong>.<\/p>\n\n\n\n<p>Si te gustan los deportes y el tercer tiempo, te encantar\u00e1n: el torneo profesional de pelota vasca a mano desnuda, <strong>Pilotarienak<\/strong>, el <strong>Footing Gastron\u00f3mico<\/strong>, el <strong>Festival de Rugby Playa de Anglet<\/strong>, el <strong>Open de Voley Playa<\/strong>, el <strong>Anglet Surf de Nuit<\/strong> y el <strong>Ba\u00f1o de Mediod\u00eda<\/strong>.<\/p>\n\n\n\n<p>Los asistentes al festival disfrutar\u00e1n del programa musical de <strong>los Nocturnos de la Chambre d&#8217;Amour<\/strong>,<strong> <\/strong>de la selecci\u00f3n de pel\u00edculas del <strong>Festival Internacional de Cine de Surf<\/strong>, de los espect\u00e1culos familiares de arte callejero del <strong>Festival les Jours Heureux<\/strong>, y de los puestos de vendedores de art\u00edculos de segunda mano y anticuarios del <strong>Festival des Chineurs<\/strong>.<\/p>\n\n\n\n<p>Se invita a los visitantes a participar en las fiestas y tradiciones locales vascas y gasconas, y a descubrir <strong>Olentzero<\/strong>, el <strong>Carnaval Vasco<\/strong>, <strong>las Fiestas de Anglet<\/strong>, la <strong>Ma\u00efada<\/strong>, los <strong>Fuegos de la Saint-Jean <\/strong>y los<strong> espect\u00e1culos de las Fuerzas Vascas<\/strong>.<\/p>\n\n\n\n<p>Otros acontecimientos jalonan el a\u00f1o, y a lo largo de los a\u00f1os se han convertido en citas muy esperadas en el calendario de todo el mundo: <strong>Moncin\u00e9 \u00e0 la plage<\/strong>, el <strong>Mercado Nocturno<\/strong>, la Feria de Dise\u00f1adores, el <strong>Quartier Moderne<\/strong> y el <strong>Mercado Navide\u00f1o<\/strong> Franco-Alem\u00e1n.<\/p>\n<\/div>\n<\/div>\n\n\n\n<div style=\"height:80px\" aria-hidden=\"true\" class=\"wp-block-spacer\"><\/div>\n\n\n\n<section class=\"wp-block-group alignwide has-orange-light-background-color has-background\"><div class=\"wp-block-group__inner-container is-layout-constrained wp-block-group-is-layout-constrained\">\n<h2 class=\"wp-block-heading has-text-align-center\">\u00a1Marca tus calendarios!<\/h2>\n\n\n\n<div style=\"height:50px\" aria-hidden=\"true\" class=\"wp-block-spacer\"><\/div>\n\n\n\n<div class=\"wp-block-columns is-layout-flex wp-container-core-columns-is-layout-9d6595d7 wp-block-columns-is-layout-flex\">\n<div class=\"wp-block-column is-layout-flow wp-block-column-is-layout-flow\" style=\"flex-basis:30%\"><div class=\"banner-container  text-shadow with-overlay btn-hover img-zoom\" id=\"ts-block-6629264d16d2a\"  >\n\t\t<a href=\"\/es\/lo-mas-destacado-de-anglet\/bano-de-mediodia\/\" target=\"\">\n\t\t\t<div class=\"banner-content\">\n\n<div class=\"wp-block-cover has-custom-content-position is-position-top-left\" style=\"min-height:350px;aspect-ratio:unset;\"><img loading=\"lazy\" decoding=\"async\" width=\"2000\" height=\"1334\" class=\"wp-block-cover__image-background wp-image-3111\" alt=\"\" src=\"https:\/\/www.anglet-tourisme.com\/wp-content\/uploads\/2024\/05\/Bain-1er-Janvier-Anglet__RIB3351_\u00a9RiBLANC.jpg\" data-object-fit=\"cover\" srcset=\"https:\/\/www.anglet-tourisme.com\/wp-content\/uploads\/2024\/05\/Bain-1er-Janvier-Anglet__RIB3351_\u00a9RiBLANC.jpg 2000w, https:\/\/www.anglet-tourisme.com\/wp-content\/uploads\/2024\/05\/Bain-1er-Janvier-Anglet__RIB3351_\u00a9RiBLANC-800x534.jpg 800w, https:\/\/www.anglet-tourisme.com\/wp-content\/uploads\/2024\/05\/Bain-1er-Janvier-Anglet__RIB3351_\u00a9RiBLANC-1024x683.jpg 1024w, https:\/\/www.anglet-tourisme.com\/wp-content\/uploads\/2024\/05\/Bain-1er-Janvier-Anglet__RIB3351_\u00a9RiBLANC-768x512.jpg 768w, https:\/\/www.anglet-tourisme.com\/wp-content\/uploads\/2024\/05\/Bain-1er-Janvier-Anglet__RIB3351_\u00a9RiBLANC-1536x1025.jpg 1536w\" sizes=\"auto, (max-width: 2000px) 100vw, 2000px\" \/><span aria-hidden=\"true\" class=\"wp-block-cover__background has-background-dim\"><\/span><div class=\"wp-block-cover__inner-container is-layout-flow wp-block-cover-is-layout-flow\">\n<h3 class=\"wp-block-heading has-white-color has-text-color has-link-color wp-elements-6cd7b089c4813430b944a6eb58d861ae\">Ba\u00f1o de Mediod\u00eda<\/h3>\n<\/div><\/div>\n\n<\/div>\t\t\t\t\t<div class=\"wp-block-button is-style-outline\">\n\t\t\t<button class=\"wp-block-button__link\">Descubre<\/button>\n\t\t<\/div>\n\t\t\t<\/a>\n\t\t<\/div>\n<\/div>\n\n\n\n<div class=\"wp-block-column is-layout-flow wp-block-column-is-layout-flow\" style=\"flex-basis:40%\"><div class=\"banner-container  text-shadow with-overlay btn-hover img-zoom\" id=\"ts-block-6629264d16e04\"  >\n\t\t<a href=\"\/es\/lo-mas-destacado-de-anglet\/pilotarienak\/\" target=\"\">\n\t\t\t<div class=\"banner-content\">\n\n<div class=\"wp-block-cover has-custom-content-position is-position-top-left\" style=\"min-height:350px;aspect-ratio:unset;\"><img loading=\"lazy\" decoding=\"async\" width=\"2000\" height=\"1334\" class=\"wp-block-cover__image-background wp-image-15140\" alt=\"\" src=\"https:\/\/www.anglet-tourisme.com\/wp-content\/uploads\/2025\/02\/pilotarienak_ord_7197.jpg\" data-object-fit=\"cover\" srcset=\"https:\/\/www.anglet-tourisme.com\/wp-content\/uploads\/2025\/02\/pilotarienak_ord_7197.jpg 2000w, https:\/\/www.anglet-tourisme.com\/wp-content\/uploads\/2025\/02\/pilotarienak_ord_7197-800x534.jpg 800w, https:\/\/www.anglet-tourisme.com\/wp-content\/uploads\/2025\/02\/pilotarienak_ord_7197-1024x683.jpg 1024w, https:\/\/www.anglet-tourisme.com\/wp-content\/uploads\/2025\/02\/pilotarienak_ord_7197-150x100.jpg 150w, https:\/\/www.anglet-tourisme.com\/wp-content\/uploads\/2025\/02\/pilotarienak_ord_7197-768x512.jpg 768w, https:\/\/www.anglet-tourisme.com\/wp-content\/uploads\/2025\/02\/pilotarienak_ord_7197-1536x1025.jpg 1536w\" sizes=\"auto, (max-width: 2000px) 100vw, 2000px\" \/><span aria-hidden=\"true\" class=\"wp-block-cover__background has-background-dim\"><\/span><div class=\"wp-block-cover__inner-container is-layout-flow wp-block-cover-is-layout-flow\">\n<h3 class=\"wp-block-heading has-white-color has-text-color has-link-color wp-elements-20992b07869f8c936f1b2f5ffa596336\">Pilotarienak&nbsp;Torneo de Pelota Vasca<\/h3>\n<\/div><\/div>\n\n<\/div>\t\t\t\t\t<div class=\"wp-block-button is-style-outline\">\n\t\t\t<button class=\"wp-block-button__link\">Descubre<\/button>\n\t\t<\/div>\n\t\t\t<\/a>\n\t\t<\/div>\n<\/div>\n\n\n\n<div class=\"wp-block-column is-layout-flow wp-block-column-is-layout-flow\" style=\"flex-basis:30%\"><div class=\"banner-container  text-shadow with-overlay btn-hover img-zoom\" id=\"ts-block-6629264d16ec8\"  >\n\t\t<a href=\"\/es\/lo-mas-destacado-de-anglet\/festival-los-dias-felices\/\" target=\"\">\n\t\t\t<div class=\"banner-content\">\n\n<div class=\"wp-block-cover has-custom-content-position is-position-top-left\" style=\"min-height:350px;aspect-ratio:unset;\"><img loading=\"lazy\" decoding=\"async\" width=\"1314\" height=\"876\" class=\"wp-block-cover__image-background wp-image-3707\" alt=\"\" src=\"https:\/\/www.anglet-tourisme.com\/wp-content\/uploads\/2024\/05\/3-festival-les-jours-heureux-\u00a9K.Pierret-Delage.jpg\" data-object-fit=\"cover\" srcset=\"https:\/\/www.anglet-tourisme.com\/wp-content\/uploads\/2024\/05\/3-festival-les-jours-heureux-\u00a9K.Pierret-Delage.jpg 1314w, https:\/\/www.anglet-tourisme.com\/wp-content\/uploads\/2024\/05\/3-festival-les-jours-heureux-\u00a9K.Pierret-Delage-800x533.jpg 800w, https:\/\/www.anglet-tourisme.com\/wp-content\/uploads\/2024\/05\/3-festival-les-jours-heureux-\u00a9K.Pierret-Delage-1024x683.jpg 1024w, https:\/\/www.anglet-tourisme.com\/wp-content\/uploads\/2024\/05\/3-festival-les-jours-heureux-\u00a9K.Pierret-Delage-768x512.jpg 768w\" sizes=\"auto, (max-width: 1314px) 100vw, 1314px\" \/><span aria-hidden=\"true\" class=\"wp-block-cover__background has-background-dim\"><\/span><div class=\"wp-block-cover__inner-container is-layout-flow wp-block-cover-is-layout-flow\">\n<h3 class=\"wp-block-heading has-white-color has-text-color has-link-color wp-elements-83b4166e170f24040921fd31c370baa4\">D\u00edas felices<\/h3>\n<\/div><\/div>\n\n<\/div>\t\t\t\t\t<div class=\"wp-block-button is-style-outline\">\n\t\t\t<button class=\"wp-block-button__link\">Descubre<\/button>\n\t\t<\/div>\n\t\t\t<\/a>\n\t\t<\/div>\n<\/div>\n<\/div>\n\n\n\n<div class=\"wp-block-columns is-layout-flex wp-container-core-columns-is-layout-9d6595d7 wp-block-columns-is-layout-flex\">\n<div class=\"wp-block-column is-layout-flow wp-block-column-is-layout-flow\" style=\"flex-basis:40%\"><div class=\"banner-container  text-shadow with-overlay btn-hover img-zoom\" id=\"ts-block-6629264d16d2a\"  >\n\t\t<a href=\"\/es\/lo-mas-destacado-de-anglet\/footing-gastronomico\/\" target=\"\">\n\t\t\t<div class=\"banner-content\">\n\n<div class=\"wp-block-cover has-custom-content-position is-position-top-left\" style=\"min-height:350px;aspect-ratio:unset;\"><img loading=\"lazy\" decoding=\"async\" width=\"1800\" height=\"1200\" class=\"wp-block-cover__image-background wp-image-15145\" alt=\"\" src=\"https:\/\/www.anglet-tourisme.com\/wp-content\/uploads\/2025\/02\/footing-gastronomique-k-pierret-delage-02.jpg\" data-object-fit=\"cover\" srcset=\"https:\/\/www.anglet-tourisme.com\/wp-content\/uploads\/2025\/02\/footing-gastronomique-k-pierret-delage-02.jpg 1800w, https:\/\/www.anglet-tourisme.com\/wp-content\/uploads\/2025\/02\/footing-gastronomique-k-pierret-delage-02-800x533.jpg 800w, https:\/\/www.anglet-tourisme.com\/wp-content\/uploads\/2025\/02\/footing-gastronomique-k-pierret-delage-02-1024x683.jpg 1024w, https:\/\/www.anglet-tourisme.com\/wp-content\/uploads\/2025\/02\/footing-gastronomique-k-pierret-delage-02-150x100.jpg 150w, https:\/\/www.anglet-tourisme.com\/wp-content\/uploads\/2025\/02\/footing-gastronomique-k-pierret-delage-02-768x512.jpg 768w, https:\/\/www.anglet-tourisme.com\/wp-content\/uploads\/2025\/02\/footing-gastronomique-k-pierret-delage-02-1536x1024.jpg 1536w\" sizes=\"auto, (max-width: 1800px) 100vw, 1800px\" \/><span aria-hidden=\"true\" class=\"wp-block-cover__background has-background-dim\"><\/span><div class=\"wp-block-cover__inner-container is-layout-flow wp-block-cover-is-layout-flow\">\n<h3 class=\"wp-block-heading has-white-color has-text-color has-link-color wp-elements-0132a6b0d8b06538df99895151b593cb\">Footing gastron\u00f3mico<\/h3>\n<\/div><\/div>\n\n<\/div>\t\t\t\t\t<div class=\"wp-block-button is-style-outline\">\n\t\t\t<button class=\"wp-block-button__link\">Descubre<\/button>\n\t\t<\/div>\n\t\t\t<\/a>\n\t\t<\/div>\n<\/div>\n\n\n\n<div class=\"wp-block-column is-layout-flow wp-block-column-is-layout-flow\" style=\"flex-basis:30%\"><div class=\"banner-container  text-shadow with-overlay btn-hover img-zoom\" id=\"ts-block-6629264d16e04\"  >\n\t\t<a href=\"\/es\/lo-mas-destacado-de-anglet\/open-de-voley-playa\/\" target=\"\">\n\t\t\t<div class=\"banner-content\">\n\n<div class=\"wp-block-cover has-custom-content-position is-position-top-left\" style=\"min-height:350px;aspect-ratio:unset;\"><img loading=\"lazy\" decoding=\"async\" width=\"1500\" height=\"1000\" class=\"wp-block-cover__image-background wp-image-3715\" alt=\"\" src=\"https:\/\/www.anglet-tourisme.com\/wp-content\/uploads\/2024\/05\/8-Open_Beach_Volley.jpg\" data-object-fit=\"cover\" srcset=\"https:\/\/www.anglet-tourisme.com\/wp-content\/uploads\/2024\/05\/8-Open_Beach_Volley.jpg 1500w, https:\/\/www.anglet-tourisme.com\/wp-content\/uploads\/2024\/05\/8-Open_Beach_Volley-800x533.jpg 800w, https:\/\/www.anglet-tourisme.com\/wp-content\/uploads\/2024\/05\/8-Open_Beach_Volley-1024x683.jpg 1024w, https:\/\/www.anglet-tourisme.com\/wp-content\/uploads\/2024\/05\/8-Open_Beach_Volley-768x512.jpg 768w\" sizes=\"auto, (max-width: 1500px) 100vw, 1500px\" \/><span aria-hidden=\"true\" class=\"wp-block-cover__background has-background-dim\"><\/span><div class=\"wp-block-cover__inner-container is-layout-flow wp-block-cover-is-layout-flow\">\n<h3 class=\"wp-block-heading has-white-color has-text-color has-link-color wp-elements-f21c13fc74e09db8e36dc0b7bfee9677\">Open de Voley Playa<\/h3>\n<\/div><\/div>\n\n<\/div>\t\t\t\t\t<div class=\"wp-block-button is-style-outline\">\n\t\t\t<button class=\"wp-block-button__link\">Descubre<\/button>\n\t\t<\/div>\n\t\t\t<\/a>\n\t\t<\/div>\n<\/div>\n\n\n\n<div class=\"wp-block-column is-layout-flow wp-block-column-is-layout-flow\" style=\"flex-basis:30%\"><div class=\"banner-container  text-shadow with-overlay btn-hover img-zoom\" id=\"ts-block-6629264d16ec8\"  >\n\t\t<a href=\"\/es\/lo-mas-destacado-de-anglet\/bienal-internacional-de-arte-contemporaneo\/\" target=\"\">\n\t\t\t<div class=\"banner-content\">\n\n<div class=\"wp-block-cover has-custom-content-position is-position-top-left\" style=\"min-height:351px;aspect-ratio:unset;\"><img decoding=\"async\" class=\"wp-block-cover__image-background wp-image-3755\" alt=\"\" src=\"https:\/\/www.anglet-tourisme.com\/wp-content\/uploads\/2024\/05\/BIENNA3.jpg\" data-object-fit=\"cover\"\/><span aria-hidden=\"true\" class=\"wp-block-cover__background has-background-dim\"><\/span><div class=\"wp-block-cover__inner-container is-layout-flow wp-block-cover-is-layout-flow\">\n<h3 class=\"wp-block-heading has-white-color has-text-color has-link-color wp-elements-b6cf8ea2391ad5beb2360bb4ad479e17\">Bienal de Arte Contempor\u00e1neo<\/h3>\n<\/div><\/div>\n\n<\/div>\t\t\t\t\t<div class=\"wp-block-button is-style-outline\">\n\t\t\t<button class=\"wp-block-button__link\">Descubre<\/button>\n\t\t<\/div>\n\t\t\t<\/a>\n\t\t<\/div>\n<\/div>\n<\/div>\n\n\n\n<div class=\"wp-block-columns is-layout-flex wp-container-core-columns-is-layout-9d6595d7 wp-block-columns-is-layout-flex\">\n<div class=\"wp-block-column is-layout-flow wp-block-column-is-layout-flow\" style=\"flex-basis:30%\"><div class=\"banner-container  text-shadow with-overlay btn-hover img-zoom\" id=\"ts-block-6629264d16d2a\"  >\n\t\t<a href=\"\/es\/lo-mas-destacado-de-anglet\/les-nocturnes-de-la-chambre-amour\/\" target=\"\">\n\t\t\t<div class=\"banner-content\">\n\n<div class=\"wp-block-cover has-custom-content-position is-position-top-left\" style=\"min-height:350px;aspect-ratio:unset;\"><img loading=\"lazy\" decoding=\"async\" width=\"2000\" height=\"1333\" class=\"wp-block-cover__image-background wp-image-3719\" alt=\"\" src=\"https:\/\/www.anglet-tourisme.com\/wp-content\/uploads\/2024\/05\/5-Nocturnes-de-la-Chambre-d_Amour-Anglet_1RIB8289_\u00a9RiBLANC.jpg\" data-object-fit=\"cover\" srcset=\"https:\/\/www.anglet-tourisme.com\/wp-content\/uploads\/2024\/05\/5-Nocturnes-de-la-Chambre-d_Amour-Anglet_1RIB8289_\u00a9RiBLANC.jpg 2000w, https:\/\/www.anglet-tourisme.com\/wp-content\/uploads\/2024\/05\/5-Nocturnes-de-la-Chambre-d_Amour-Anglet_1RIB8289_\u00a9RiBLANC-800x533.jpg 800w, https:\/\/www.anglet-tourisme.com\/wp-content\/uploads\/2024\/05\/5-Nocturnes-de-la-Chambre-d_Amour-Anglet_1RIB8289_\u00a9RiBLANC-1024x682.jpg 1024w, https:\/\/www.anglet-tourisme.com\/wp-content\/uploads\/2024\/05\/5-Nocturnes-de-la-Chambre-d_Amour-Anglet_1RIB8289_\u00a9RiBLANC-768x512.jpg 768w, https:\/\/www.anglet-tourisme.com\/wp-content\/uploads\/2024\/05\/5-Nocturnes-de-la-Chambre-d_Amour-Anglet_1RIB8289_\u00a9RiBLANC-1536x1024.jpg 1536w\" sizes=\"auto, (max-width: 2000px) 100vw, 2000px\" \/><span aria-hidden=\"true\" class=\"wp-block-cover__background has-background-dim\"><\/span><div class=\"wp-block-cover__inner-container is-layout-flow wp-block-cover-is-layout-flow\">\n<h3 class=\"wp-block-heading has-white-color has-text-color has-link-color wp-elements-35a39dd6c57d0d8c34d29c480aa7f1ed\">Nocturnos de la Chambre d&#8217;Amour<\/h3>\n<\/div><\/div>\n\n<\/div>\t\t\t\t\t<div class=\"wp-block-button is-style-outline\">\n\t\t\t<button class=\"wp-block-button__link\">Descubre<\/button>\n\t\t<\/div>\n\t\t\t<\/a>\n\t\t<\/div>\n<\/div>\n\n\n\n<div class=\"wp-block-column is-layout-flow wp-block-column-is-layout-flow\" style=\"flex-basis:30%\"><div class=\"banner-container  text-shadow with-overlay btn-hover img-zoom\" id=\"ts-block-6629264d16ec8\"  >\n\t\t<a href=\"\/es\/lo-mas-destacado-de-anglet\/espectaculo-piromelodico\/\" target=\"\">\n\t\t\t<div class=\"banner-content\">\n\n<div class=\"wp-block-cover has-custom-content-position is-position-top-left\" style=\"min-height:351px;aspect-ratio:unset;\"><img loading=\"lazy\" decoding=\"async\" width=\"2000\" height=\"1334\" class=\"wp-block-cover__image-background wp-image-8359\" alt=\"\" src=\"https:\/\/www.anglet-tourisme.com\/wp-content\/uploads\/2024\/07\/Pyromelodique-Anglet_RIB3271_\u00a9RiBLANC.jpg\" data-object-fit=\"cover\" srcset=\"https:\/\/www.anglet-tourisme.com\/wp-content\/uploads\/2024\/07\/Pyromelodique-Anglet_RIB3271_\u00a9RiBLANC.jpg 2000w, https:\/\/www.anglet-tourisme.com\/wp-content\/uploads\/2024\/07\/Pyromelodique-Anglet_RIB3271_\u00a9RiBLANC-800x534.jpg 800w, https:\/\/www.anglet-tourisme.com\/wp-content\/uploads\/2024\/07\/Pyromelodique-Anglet_RIB3271_\u00a9RiBLANC-1024x683.jpg 1024w, https:\/\/www.anglet-tourisme.com\/wp-content\/uploads\/2024\/07\/Pyromelodique-Anglet_RIB3271_\u00a9RiBLANC-768x512.jpg 768w, https:\/\/www.anglet-tourisme.com\/wp-content\/uploads\/2024\/07\/Pyromelodique-Anglet_RIB3271_\u00a9RiBLANC-1536x1025.jpg 1536w\" sizes=\"auto, (max-width: 2000px) 100vw, 2000px\" \/><span aria-hidden=\"true\" class=\"wp-block-cover__background has-background-dim\"><\/span><div class=\"wp-block-cover__inner-container is-layout-flow wp-block-cover-is-layout-flow\">\n<h3 class=\"wp-block-heading has-white-color has-text-color has-link-color wp-elements-342c2501fb453289ebb79da28e3ac4b9\">Espect\u00e1culo piromel\u00f3dico<\/h3>\n<\/div><\/div>\n\n<\/div>\t\t\t\t\t<div class=\"wp-block-button is-style-outline\">\n\t\t\t<button class=\"wp-block-button__link\">Descubre<\/button>\n\t\t<\/div>\n\t\t\t<\/a>\n\t\t<\/div>\n<\/div>\n\n\n\n<div class=\"wp-block-column is-layout-flow wp-block-column-is-layout-flow\" style=\"flex-basis:40%\"><div class=\"banner-container  text-shadow with-overlay btn-hover img-zoom\" id=\"ts-block-6629264d16d2a\"  >\n\t\t<a href=\"\/es\/lo-mas-destacado-de-anglet\/festival-de-rugby-de-la-playa\/\" target=\"\">\n\t\t\t<div class=\"banner-content\">\n\n<div class=\"wp-block-cover has-custom-content-position is-position-top-left\" style=\"min-height:350px;aspect-ratio:unset;\"><img loading=\"lazy\" decoding=\"async\" width=\"1500\" height=\"1000\" class=\"wp-block-cover__image-background wp-image-14487\" alt=\"\" src=\"https:\/\/www.anglet-tourisme.com\/wp-content\/uploads\/2025\/01\/anglet-beach-rugby-festival-24-08.jpg\" data-object-fit=\"cover\" srcset=\"https:\/\/www.anglet-tourisme.com\/wp-content\/uploads\/2025\/01\/anglet-beach-rugby-festival-24-08.jpg 1500w, https:\/\/www.anglet-tourisme.com\/wp-content\/uploads\/2025\/01\/anglet-beach-rugby-festival-24-08-800x533.jpg 800w, https:\/\/www.anglet-tourisme.com\/wp-content\/uploads\/2025\/01\/anglet-beach-rugby-festival-24-08-1024x683.jpg 1024w, https:\/\/www.anglet-tourisme.com\/wp-content\/uploads\/2025\/01\/anglet-beach-rugby-festival-24-08-150x100.jpg 150w, https:\/\/www.anglet-tourisme.com\/wp-content\/uploads\/2025\/01\/anglet-beach-rugby-festival-24-08-768x512.jpg 768w\" sizes=\"auto, (max-width: 1500px) 100vw, 1500px\" \/><span aria-hidden=\"true\" class=\"wp-block-cover__background has-background-dim\"><\/span><div class=\"wp-block-cover__inner-container is-layout-flow wp-block-cover-is-layout-flow\">\n<h3 class=\"wp-block-heading has-white-color has-text-color has-link-color wp-elements-6df8028b435f2eb613489307f2496897\">Festival de Rugby de la Playa de Anglet<\/h3>\n<\/div><\/div>\n\n<\/div>\t\t\t\t\t<div class=\"wp-block-button is-style-outline\">\n\t\t\t<button class=\"wp-block-button__link\">Descubre<\/button>\n\t\t<\/div>\n\t\t\t<\/a>\n\t\t<\/div>\n<\/div>\n<\/div>\n\n\n\n<div class=\"wp-block-columns is-layout-flex wp-container-core-columns-is-layout-9d6595d7 wp-block-columns-is-layout-flex\">\n<div class=\"wp-block-column is-layout-flow wp-block-column-is-layout-flow\" style=\"flex-basis:40%\"><div class=\"banner-container  text-shadow with-overlay btn-hover img-zoom\" id=\"ts-block-6629264d16e04\"  >\n\t\t<a href=\"\/es\/lo-mas-destacado-de-anglet\/festival-internacional-de-cine-de-surf\/\" target=\"\">\n\t\t\t<div class=\"banner-content\">\n\n<div class=\"wp-block-cover has-custom-content-position is-position-top-left\" style=\"min-height:350px;aspect-ratio:unset;\"><img loading=\"lazy\" decoding=\"async\" width=\"2048\" height=\"1365\" class=\"wp-block-cover__image-background wp-image-3166\" alt=\"\" src=\"https:\/\/www.anglet-tourisme.com\/wp-content\/uploads\/2024\/05\/FIFS-Anglet1-scaled.jpeg\" data-object-fit=\"cover\" srcset=\"https:\/\/www.anglet-tourisme.com\/wp-content\/uploads\/2024\/05\/FIFS-Anglet1-scaled.jpeg 2048w, https:\/\/www.anglet-tourisme.com\/wp-content\/uploads\/2024\/05\/FIFS-Anglet1-800x533.jpeg 800w, https:\/\/www.anglet-tourisme.com\/wp-content\/uploads\/2024\/05\/FIFS-Anglet1-1024x683.jpeg 1024w, https:\/\/www.anglet-tourisme.com\/wp-content\/uploads\/2024\/05\/FIFS-Anglet1-768x512.jpeg 768w, https:\/\/www.anglet-tourisme.com\/wp-content\/uploads\/2024\/05\/FIFS-Anglet1-1536x1024.jpeg 1536w\" sizes=\"auto, (max-width: 2048px) 100vw, 2048px\" \/><span aria-hidden=\"true\" class=\"wp-block-cover__background has-background-dim\"><\/span><div class=\"wp-block-cover__inner-container is-layout-flow wp-block-cover-is-layout-flow\">\n<h3 class=\"wp-block-heading has-white-color has-text-color has-link-color wp-elements-35a2f15012526fa9b137b9e30aac29c3\">Festival Internacional de Cine de Surf  <\/h3>\n<\/div><\/div>\n\n<\/div>\t\t\t\t\t<div class=\"wp-block-button is-style-outline\">\n\t\t\t<button class=\"wp-block-button__link\">Descubre<\/button>\n\t\t<\/div>\n\t\t\t<\/a>\n\t\t<\/div>\n<\/div>\n\n\n\n<div class=\"wp-block-column is-layout-flow wp-block-column-is-layout-flow\" style=\"flex-basis:30%\"><div class=\"banner-container  text-shadow with-overlay btn-hover img-zoom\" id=\"ts-block-6629264d16e04\"  >\n\t\t<a href=\"\/es\/lo-mas-destacado-de-anglet\/festival-des-chineurs\/\" target=\"\">\n\t\t\t<div class=\"banner-content\">\n\n<div class=\"wp-block-cover has-custom-content-position is-position-top-left\" style=\"min-height:350px;aspect-ratio:unset;\"><img loading=\"lazy\" decoding=\"async\" width=\"1500\" height=\"1000\" class=\"wp-block-cover__image-background wp-image-3472\" alt=\"\" src=\"https:\/\/www.anglet-tourisme.com\/wp-content\/uploads\/2024\/05\/Festival_des_chineurs_1.jpg\" data-object-fit=\"cover\" srcset=\"https:\/\/www.anglet-tourisme.com\/wp-content\/uploads\/2024\/05\/Festival_des_chineurs_1.jpg 1500w, https:\/\/www.anglet-tourisme.com\/wp-content\/uploads\/2024\/05\/Festival_des_chineurs_1-800x533.jpg 800w, https:\/\/www.anglet-tourisme.com\/wp-content\/uploads\/2024\/05\/Festival_des_chineurs_1-1024x683.jpg 1024w, https:\/\/www.anglet-tourisme.com\/wp-content\/uploads\/2024\/05\/Festival_des_chineurs_1-768x512.jpg 768w\" sizes=\"auto, (max-width: 1500px) 100vw, 1500px\" \/><span aria-hidden=\"true\" class=\"wp-block-cover__background has-background-dim\"><\/span><div class=\"wp-block-cover__inner-container is-layout-flow wp-block-cover-is-layout-flow\">\n<h3 class=\"wp-block-heading has-white-color has-text-color has-link-color wp-elements-351a5aef1ef5bc16139a960c9e38f5c8\">Festival des Chineurs<\/h3>\n<\/div><\/div>\n\n<\/div>\t\t\t\t\t<div class=\"wp-block-button is-style-outline\">\n\t\t\t<button class=\"wp-block-button__link\">Descubre<\/button>\n\t\t<\/div>\n\t\t\t<\/a>\n\t\t<\/div>\n<\/div>\n\n\n\n<div class=\"wp-block-column is-layout-flow wp-block-column-is-layout-flow\" style=\"flex-basis:30%\"><div class=\"banner-container  text-shadow with-overlay btn-hover img-zoom\" id=\"ts-block-6629264d16d2a\"  >\n\t\t<a href=\"\/es\/lo-mas-destacado-de-anglet\/anglet-surf-de-nuit\/\" target=\"\">\n\t\t\t<div class=\"banner-content\">\n\n<div class=\"wp-block-cover has-custom-content-position is-position-top-left\" style=\"min-height:350px;aspect-ratio:unset;\"><img loading=\"lazy\" decoding=\"async\" width=\"2048\" height=\"1365\" class=\"wp-block-cover__image-background wp-image-3798\" alt=\"\" src=\"https:\/\/www.anglet-tourisme.com\/wp-content\/uploads\/2024\/05\/12-Jorgann-Couzinet-FRA-8693AngletSurfdenuit18Masurel-scaled.jpg\" data-object-fit=\"cover\" srcset=\"https:\/\/www.anglet-tourisme.com\/wp-content\/uploads\/2024\/05\/12-Jorgann-Couzinet-FRA-8693AngletSurfdenuit18Masurel-scaled.jpg 2048w, https:\/\/www.anglet-tourisme.com\/wp-content\/uploads\/2024\/05\/12-Jorgann-Couzinet-FRA-8693AngletSurfdenuit18Masurel-800x533.jpg 800w, https:\/\/www.anglet-tourisme.com\/wp-content\/uploads\/2024\/05\/12-Jorgann-Couzinet-FRA-8693AngletSurfdenuit18Masurel-1024x683.jpg 1024w, https:\/\/www.anglet-tourisme.com\/wp-content\/uploads\/2024\/05\/12-Jorgann-Couzinet-FRA-8693AngletSurfdenuit18Masurel-768x512.jpg 768w, https:\/\/www.anglet-tourisme.com\/wp-content\/uploads\/2024\/05\/12-Jorgann-Couzinet-FRA-8693AngletSurfdenuit18Masurel-1536x1024.jpg 1536w\" sizes=\"auto, (max-width: 2048px) 100vw, 2048px\" \/><span aria-hidden=\"true\" class=\"wp-block-cover__background has-background-dim\"><\/span><div class=\"wp-block-cover__inner-container is-layout-flow wp-block-cover-is-layout-flow\">\n<h3 class=\"wp-block-heading has-white-color has-text-color has-link-color wp-elements-683810f73de60d767b91da5e8b0a7e38\">Cara\u00efbos Surf Nocturno<\/h3>\n<\/div><\/div>\n\n<\/div>\t\t\t\t\t<div class=\"wp-block-button is-style-outline\">\n\t\t\t<button class=\"wp-block-button__link\">Descubre<\/button>\n\t\t<\/div>\n\t\t\t<\/a>\n\t\t<\/div>\n<\/div>\n<\/div>\n\n\n\n<div class=\"wp-block-columns is-layout-flex wp-container-core-columns-is-layout-9d6595d7 wp-block-columns-is-layout-flex\">\n<div class=\"wp-block-column is-layout-flow wp-block-column-is-layout-flow\" style=\"flex-basis:50%\"><div class=\"banner-container  text-shadow with-overlay btn-hover img-zoom\" id=\"ts-block-6629264d16e04\"  >\n\t\t<a href=\"\/es\/lo-mas-destacado-de-anglet\/fiestas-y-tradiciones\/\" target=\"\">\n\t\t\t<div class=\"banner-content\">\n\n<div class=\"wp-block-cover has-custom-content-position is-position-top-left\" style=\"min-height:350px;aspect-ratio:unset;\"><img loading=\"lazy\" decoding=\"async\" width=\"2048\" height=\"1365\" class=\"wp-block-cover__image-background wp-image-4689\" alt=\"\" src=\"https:\/\/www.anglet-tourisme.com\/wp-content\/uploads\/2024\/05\/Anglet-33-scaled.jpg\" data-object-fit=\"cover\" srcset=\"https:\/\/www.anglet-tourisme.com\/wp-content\/uploads\/2024\/05\/Anglet-33-scaled.jpg 2048w, https:\/\/www.anglet-tourisme.com\/wp-content\/uploads\/2024\/05\/Anglet-33-800x533.jpg 800w, https:\/\/www.anglet-tourisme.com\/wp-content\/uploads\/2024\/05\/Anglet-33-1024x683.jpg 1024w, https:\/\/www.anglet-tourisme.com\/wp-content\/uploads\/2024\/05\/Anglet-33-768x512.jpg 768w, https:\/\/www.anglet-tourisme.com\/wp-content\/uploads\/2024\/05\/Anglet-33-1536x1024.jpg 1536w\" sizes=\"auto, (max-width: 2048px) 100vw, 2048px\" \/><span aria-hidden=\"true\" class=\"wp-block-cover__background has-background-dim\"><\/span><div class=\"wp-block-cover__inner-container is-layout-flow wp-block-cover-is-layout-flow\">\n<h3 class=\"wp-block-heading has-white-color has-text-color has-link-color wp-elements-0837c26a3ce3ddf85218e6824b1b191e\">Fiestas y tradiciones  <\/h3>\n<\/div><\/div>\n\n<\/div>\t\t\t\t\t<div class=\"wp-block-button is-style-outline\">\n\t\t\t<button class=\"wp-block-button__link\">Descubre<\/button>\n\t\t<\/div>\n\t\t\t<\/a>\n\t\t<\/div>\n<\/div>\n\n\n\n<div class=\"wp-block-column is-layout-flow wp-block-column-is-layout-flow\" style=\"flex-basis:50%\"><div class=\"banner-container  text-shadow with-overlay btn-hover img-zoom\" id=\"ts-block-6629264d16e04\"  >\n\t\t<a href=\"\/es\/lo-mas-destacado-de-anglet\/acontecimientos-ineludibles\/\" target=\"\">\n\t\t\t<div class=\"banner-content\">\n\n<div class=\"wp-block-cover has-custom-content-position is-position-top-left\" style=\"min-height:350px;aspect-ratio:unset;\"><img loading=\"lazy\" decoding=\"async\" width=\"1334\" height=\"2000\" class=\"wp-block-cover__image-background wp-image-3245\" alt=\"\" src=\"https:\/\/www.anglet-tourisme.com\/wp-content\/uploads\/2024\/05\/MOEB8B1.jpg\" data-object-fit=\"cover\" srcset=\"https:\/\/www.anglet-tourisme.com\/wp-content\/uploads\/2024\/05\/MOEB8B1.jpg 1334w, https:\/\/www.anglet-tourisme.com\/wp-content\/uploads\/2024\/05\/MOEB8B1-400x600.jpg 400w, https:\/\/www.anglet-tourisme.com\/wp-content\/uploads\/2024\/05\/MOEB8B1-683x1024.jpg 683w, https:\/\/www.anglet-tourisme.com\/wp-content\/uploads\/2024\/05\/MOEB8B1-768x1151.jpg 768w, https:\/\/www.anglet-tourisme.com\/wp-content\/uploads\/2024\/05\/MOEB8B1-1025x1536.jpg 1025w\" sizes=\"auto, (max-width: 1334px) 100vw, 1334px\" \/><span aria-hidden=\"true\" class=\"wp-block-cover__background has-background-dim\"><\/span><div class=\"wp-block-cover__inner-container is-layout-flow wp-block-cover-is-layout-flow\">\n<h3 class=\"wp-block-heading has-white-color has-text-color has-link-color wp-elements-242c5686d8467b54bd6350ffa5e38ee6\">Acontecimientos ineludibles<\/h3>\n<\/div><\/div>\n\n<\/div>\t\t\t\t\t<div class=\"wp-block-button is-style-outline\">\n\t\t\t<button class=\"wp-block-button__link\">Descubre<\/button>\n\t\t<\/div>\n\t\t\t<\/a>\n\t\t<\/div>\n<\/div>\n<\/div>\n<\/div><\/section>\n","protected":false},"excerpt":{"rendered":"<p>\u00a1Unas vacaciones en Anglet tambi\u00e9n significan recuerdos inolvidables durante todo el a\u00f1o! Disfruta de una gran variedad de espect\u00e1culos y eventos para toda la familia: conciertos junto a la playa, proyecciones de pel\u00edculas al aire libre, competiciones deportivas, fuegos artificiales con el imperdible Espect\u00e1culo piromel\u00f3dico y exposiciones de arte al [&hellip;]<\/p>\n","protected":false},"author":1,"featured_media":3691,"parent":0,"menu_order":0,"comment_status":"closed","ping_status":"closed","template":"","meta":{"_acf_changed":false,"_seopress_robots_primary_cat":"","_seopress_titles_title":"Eventos en Anglet: lista de eventos para hacer en Anglet - Costa Vasca","_seopress_titles_desc":"Explora los eventos en Anglet: festivales, mercado de Quintaou, exposiciones y espect\u00e1culos.\r\nGu\u00eda completa para salir por el Pa\u00eds Vasco, cerca de Biarritz","_seopress_robots_index":"","footnotes":""},"class_list":["post-11699","page","type-page","status-publish","has-post-thumbnail"],"acf":[],"_links":{"self":[{"href":"https:\/\/www.anglet-tourisme.com\/es\/wp-json\/wp\/v2\/pages\/11699","targetHints":{"allow":["GET"]}}],"collection":[{"href":"https:\/\/www.anglet-tourisme.com\/es\/wp-json\/wp\/v2\/pages"}],"about":[{"href":"https:\/\/www.anglet-tourisme.com\/es\/wp-json\/wp\/v2\/types\/page"}],"author":[{"embeddable":true,"href":"https:\/\/www.anglet-tourisme.com\/es\/wp-json\/wp\/v2\/users\/1"}],"replies":[{"embeddable":true,"href":"https:\/\/www.anglet-tourisme.com\/es\/wp-json\/wp\/v2\/comments?post=11699"}],"version-history":[{"count":2,"href":"https:\/\/www.anglet-tourisme.com\/es\/wp-json\/wp\/v2\/pages\/11699\/revisions"}],"predecessor-version":[{"id":20411,"href":"https:\/\/www.anglet-tourisme.com\/es\/wp-json\/wp\/v2\/pages\/11699\/revisions\/20411"}],"wp:featuredmedia":[{"embeddable":true,"href":"https:\/\/www.anglet-tourisme.com\/es\/wp-json\/wp\/v2\/media\/3691"}],"wp:attachment":[{"href":"https:\/\/www.anglet-tourisme.com\/es\/wp-json\/wp\/v2\/media?parent=11699"}],"curies":[{"name":"wp","href":"https:\/\/api.w.org\/{rel}","templated":true}]}}