{"id":11786,"date":"2024-04-29T10:23:41","date_gmt":"2024-04-29T08:23:41","guid":{"rendered":"https:\/\/www.anglet-tourisme.com\/actividades\/"},"modified":"2024-10-01T17:43:40","modified_gmt":"2024-10-01T15:43:40","slug":"actividades","status":"publish","type":"page","link":"https:\/\/www.anglet-tourisme.com\/es\/en-movimiento-en-anglet\/actividades\/","title":{"rendered":"Actividades"},"content":{"rendered":"\n<div class=\"wp-block-columns is-layout-flex wp-container-core-columns-is-layout-9d6595d7 wp-block-columns-is-layout-flex\">\n<div class=\"wp-block-column is-layout-flow wp-block-column-is-layout-flow\" style=\"flex-basis:33.33%\"><div class=\"highlight-bloc-container \" id=\"ts-block-65368af54ee28\"  >\n\t<div class=\"highlight-bloc-content\">\n\t\t<div class=\"acf-innerblocks-container\">\n\n<h1 class=\"wp-block-heading suptitle\">Actividades<\/h1>\n\n<\/div>\t<\/div>\n<\/div>\n<\/div>\n\n\n\n<div class=\"wp-block-column is-layout-flow wp-block-column-is-layout-flow\" style=\"flex-basis:66.66%\">\n<p>Anglet es un espacio vital natural, idealmente situado entre el oc\u00e9ano y el bosque.<\/p>\n\n\n\n<p>A algunos les seducir\u00e1 el oc\u00e9ano y sus playas, el surf y otros placeres marinos.<\/p>\n\n\n\n<p>Otros preferir\u00e1n el bosque de Pignada, ideal para actividades deportivas.<\/p>\n\n\n\n<p>Tambi\u00e9n hay cultura, visitas tur\u00edsticas, gastronom\u00eda, talleres experienciales, bienestar y artesan\u00eda local para hacer las delicias de grandes y peque\u00f1os.<\/p>\n<\/div>\n<\/div>\n<div id=\"ts-block-662f590d3d0bc\"  class=\"is-style-map\">\n\t\t<script type=\"text\/javascript\">\n\t\tvar tsObjects = {\"type\":\"FeatureCollection\",\"features\":[{\"geometry\":{\"type\":\"Point\",\"coordinates\":[-1.52356,43.506]},\"type\":\"Feature\",\"id\":\"ASCAQU064FS00001\",\"properties\":{\"objectTypeCode\":\"ASC\",\"name\":\"Club Hippique de la C\\u00f4te Basque\",\"marker_id\":\"ASCAQU064FS00001\",\"commune\":\"ANGLET\",\"display_city\":\"1\",\"cp\":\"64600\",\"ad1\":\"Route du Petit Palais\",\"gmapLongitude\":-1.52356,\"gmapLatitude\":43.506,\"zone1\":null,\"telephone\":\"+33 5 59 63 83 45\",\"detail_url\":\"https:\\\/\\\/www.anglet-tourisme.com\\\/es\\\/en-movimiento-en-anglet\\\/actividades\\\/anglet\\\/ASCAQU064FS00001-club-hippique-de-la-cote-basque\\\/\",\"excerpt\":\"A cinco minutos de las playas y al borde del bosque de Chiberta, el Club H\\u00edpico de la Costa Vasca acoge desde hace m\\u00e1s de 60 a\\u00f1os a jinetes de todos los&hellip;\",\"display_excerpt\":\"1\",\"photo\":\"https:\\\/\\\/www.anglet-tourisme.com\\\/wp-content\\\/uploads\\\/tis\\\/club-hippique-CB-Dario-Tonini-01.jpg\",\"clas\":null,\"btn_label\":\"Ver m\\u00e1s\",\"btn_class\":null,\"durable\":false,\"charte\":\"\",\"durable_label\":\"Desarrollo sostenible\",\"online_bookable\":\"Reservas en l\\u00ednea\",\"price_from\":false,\"tags\":[{\"object_tag_id\":\"278869\",\"syndicObjectID\":\"ASCAQU064FS00001\",\"tag_id\":\"3\",\"subtag_id\":\"1\",\"field\":\"Equitation\"}],\"type\":\"Place\"}},{\"geometry\":{\"type\":\"Point\",\"coordinates\":[-1.51131,43.4893]},\"type\":\"Feature\",\"id\":\"ASCAQU064FS0006J\",\"properties\":{\"objectTypeCode\":\"ASC\",\"name\":\"Anglet Olympique Tennis Club\",\"marker_id\":\"ASCAQU064FS0006J\",\"commune\":\"ANGLET\",\"display_city\":\"1\",\"cp\":\"64600\",\"ad1\":\"54 rue de Hausquette\",\"gmapLongitude\":-1.51131,\"gmapLatitude\":43.4893,\"zone1\":null,\"telephone\":\"+33 5 59 63 90 30\",\"detail_url\":\"https:\\\/\\\/www.anglet-tourisme.com\\\/es\\\/en-movimiento-en-anglet\\\/actividades\\\/anglet\\\/ASCAQU064FS0006J-anglet-olympique-tennis-club\\\/\",\"excerpt\":\"7 pistas de hierba y 2 pistas cubiertas de resina.\",\"display_excerpt\":\"1\",\"photo\":\"https:\\\/\\\/www.anglet-tourisme.com\\\/wp-content\\\/uploads\\\/tis\\\/anglet-olympique-tennis-01.jpg\",\"clas\":null,\"btn_label\":\"Ver m\\u00e1s\",\"btn_class\":null,\"durable\":false,\"charte\":\"\",\"durable_label\":\"Desarrollo sostenible\",\"online_bookable\":\"Reservas en l\\u00ednea\",\"price_from\":false,\"tags\":[{\"object_tag_id\":\"278908\",\"syndicObjectID\":\"ASCAQU064FS0006J\",\"tag_id\":\"2\",\"subtag_id\":\"165\",\"field\":\"Tennis\"}],\"type\":\"Place\"}},{\"geometry\":{\"type\":\"Point\",\"coordinates\":[-1.53393,43.511]},\"type\":\"Feature\",\"id\":\"ASCAQU064FS0009P\",\"properties\":{\"objectTypeCode\":\"ASC\",\"name\":\"Madrague Surf School\",\"marker_id\":\"ASCAQU064FS0009P\",\"commune\":\"ANGLET\",\"display_city\":\"1\",\"cp\":\"64600\",\"ad1\":\"Plage de la Madrague\",\"gmapLongitude\":-1.53393,\"gmapLatitude\":43.511,\"zone1\":null,\"telephone\":\"\",\"detail_url\":\"https:\\\/\\\/www.anglet-tourisme.com\\\/es\\\/en-movimiento-en-anglet\\\/actividades\\\/anglet\\\/ASCAQU064FS0009P-madrague-surf-school\\\/\",\"excerpt\":\"Escuela francesa de Surf. Lugares de pr\\u00e1ctica: Playas de la Madrague, Corsaires y L\\u2019Oc\\u00e9an. Alquiler de material (tablas y combinaciones).\",\"display_excerpt\":\"1\",\"photo\":\"https:\\\/\\\/www.anglet-tourisme.com\\\/wp-content\\\/uploads\\\/tis\\\/MSC-08.jpg\",\"clas\":null,\"btn_label\":\"Ver m\\u00e1s\",\"btn_class\":null,\"durable\":false,\"charte\":\"\",\"durable_label\":\"Desarrollo sostenible\",\"online_bookable\":\"Reservas en l\\u00ednea\",\"price_from\":false,\"tags\":[{\"object_tag_id\":\"278913\",\"syndicObjectID\":\"ASCAQU064FS0009P\",\"tag_id\":\"5\",\"subtag_id\":\"89\",\"field\":\"Bodyboard\"},{\"object_tag_id\":\"278914\",\"syndicObjectID\":\"ASCAQU064FS0009P\",\"tag_id\":\"5\",\"subtag_id\":\"89\",\"field\":\"Stand-up-paddle-board\"},{\"object_tag_id\":\"278912\",\"syndicObjectID\":\"ASCAQU064FS0009P\",\"tag_id\":\"5\",\"subtag_id\":\"89\",\"field\":\"Surf\"}],\"type\":\"Place\"}},{\"geometry\":{\"type\":\"Point\",\"coordinates\":[-1.54427,43.4974]},\"type\":\"Feature\",\"id\":\"ASCAQU064FS0009Q\",\"properties\":{\"objectTypeCode\":\"ASC\",\"name\":\"Ecole de Surf Rainbow\",\"marker_id\":\"ASCAQU064FS0009Q\",\"commune\":\"ANGLET\",\"display_city\":\"1\",\"cp\":\"64600\",\"ad1\":\"Plage de la Petite Chambre d'Amour\",\"gmapLongitude\":-1.54427,\"gmapLatitude\":43.4974,\"zone1\":null,\"telephone\":\"\",\"detail_url\":\"https:\\\/\\\/www.anglet-tourisme.com\\\/es\\\/en-movimiento-en-anglet\\\/actividades\\\/anglet\\\/ASCAQU064FS0009Q-ecole-de-surf-rainbow\\\/\",\"excerpt\":\"La escuela de surf Rainbow est\\u00e1 situada en la playa de VVF en Anglet, frente al mar. Tiene m\\u00e1s de 25 a\\u00f1os de antig\\u00fcedad y experiencia y aprovecha un marco ideal. Le&hellip;\",\"display_excerpt\":\"1\",\"photo\":\"https:\\\/\\\/www.anglet-tourisme.com\\\/wp-content\\\/uploads\\\/tis\\\/Rainbow-Surf-School-01.jpg\",\"clas\":null,\"btn_label\":\"Ver m\\u00e1s\",\"btn_class\":null,\"durable\":false,\"charte\":\"\",\"durable_label\":\"Desarrollo sostenible\",\"online_bookable\":\"Reservas en l\\u00ednea\",\"price_from\":false,\"tags\":[{\"object_tag_id\":\"278922\",\"syndicObjectID\":\"ASCAQU064FS0009Q\",\"tag_id\":\"5\",\"subtag_id\":\"89\",\"field\":\"Bodyboard\"},{\"object_tag_id\":\"278923\",\"syndicObjectID\":\"ASCAQU064FS0009Q\",\"tag_id\":\"5\",\"subtag_id\":\"89\",\"field\":\"Stand-up-paddle-board\"},{\"object_tag_id\":\"278921\",\"syndicObjectID\":\"ASCAQU064FS0009Q\",\"tag_id\":\"5\",\"subtag_id\":\"89\",\"field\":\"Surf\"}],\"type\":\"Place\"}},{\"geometry\":{\"type\":\"Point\",\"coordinates\":[-1.50402,43.5246]},\"type\":\"Feature\",\"id\":\"ASCAQU064FS000E1\",\"properties\":{\"objectTypeCode\":\"ASC\",\"name\":\"Jet Sport 64\",\"marker_id\":\"ASCAQU064FS000E1\",\"commune\":\"ANGLET\",\"display_city\":\"1\",\"cp\":\"64600\",\"ad1\":\"118 avenue de l'Adour\",\"gmapLongitude\":-1.50402,\"gmapLatitude\":43.5246,\"zone1\":null,\"telephone\":\"+33 5 59 52 42 51\",\"detail_url\":\"https:\\\/\\\/www.anglet-tourisme.com\\\/es\\\/en-movimiento-en-anglet\\\/actividades\\\/anglet\\\/ASCAQU064FS000E1-jet-sport-64\\\/\",\"excerpt\":\"Para descubrir la Costa Vasca, pilotee su jet, tambi\\u00e9n sin permiso, acompa\\u00f1ado de un monitor (a partir de los 16 a\\u00f1os). Variada selecci\\u00f3n de excursiones, con o sin permiso, por el mar&hellip;\",\"display_excerpt\":\"1\",\"photo\":\"https:\\\/\\\/www.anglet-tourisme.com\\\/wp-content\\\/uploads\\\/tis\\\/Sport-Jet-64---Anglet-Tourisme-Anglet--RIB5585-RiBLANC.jpg\",\"clas\":null,\"btn_label\":\"Ver m\\u00e1s\",\"btn_class\":null,\"durable\":false,\"charte\":\"\",\"durable_label\":\"Desarrollo sostenible\",\"online_bookable\":\"Reservas en l\\u00ednea\",\"price_from\":false,\"tags\":[{\"object_tag_id\":\"278948\",\"syndicObjectID\":\"ASCAQU064FS000E1\",\"tag_id\":\"5\",\"subtag_id\":\"7\",\"field\":\"Jet-ski\"},{\"object_tag_id\":\"278949\",\"syndicObjectID\":\"ASCAQU064FS000E1\",\"tag_id\":\"5\",\"subtag_id\":\"7\",\"field\":\"Scooter de mer\"}],\"type\":\"Place\"}},{\"geometry\":{\"type\":\"Point\",\"coordinates\":[-1.52638,43.5203]},\"type\":\"Feature\",\"id\":\"ASCAQU064FS000FL\",\"properties\":{\"objectTypeCode\":\"ASC\",\"name\":\"Ecole de Surf Gliss'Experience\",\"marker_id\":\"ASCAQU064FS000FL\",\"commune\":\"ANGLET\",\"display_city\":\"1\",\"cp\":\"64600\",\"ad1\":\"Plage des Cavaliers\",\"gmapLongitude\":-1.52638,\"gmapLatitude\":43.5203,\"zone1\":null,\"telephone\":\"\",\"detail_url\":\"https:\\\/\\\/www.anglet-tourisme.com\\\/es\\\/en-movimiento-en-anglet\\\/actividades\\\/anglet\\\/ASCAQU064FS000FL-ecole-de-surf-glissexperience\\\/\",\"excerpt\":\"Cursos de surf, cursillos de todos los niveles y campamento de surf en Anglet y Biarritz. Abierto de abril a noviembre. Lugar de pr\\u00e1ctica: playa de Cavaliers (en temporada), sur de Landas&hellip;\",\"display_excerpt\":\"1\",\"photo\":\"https:\\\/\\\/www.anglet-tourisme.com\\\/wp-content\\\/uploads\\\/tis\\\/ecole-de-surf-2023---groupe-glissexperience.jpg\",\"clas\":null,\"btn_label\":\"Ver m\\u00e1s\",\"btn_class\":null,\"durable\":false,\"charte\":\"\",\"durable_label\":\"Desarrollo sostenible\",\"online_bookable\":\"Reservas en l\\u00ednea\",\"price_from\":false,\"tags\":[{\"object_tag_id\":\"278959\",\"syndicObjectID\":\"ASCAQU064FS000FL\",\"tag_id\":\"5\",\"subtag_id\":\"89\",\"field\":\"Bodyboard\"},{\"object_tag_id\":\"278958\",\"syndicObjectID\":\"ASCAQU064FS000FL\",\"tag_id\":\"5\",\"subtag_id\":\"89\",\"field\":\"Stand-up-paddle-board\"},{\"object_tag_id\":\"278957\",\"syndicObjectID\":\"ASCAQU064FS000FL\",\"tag_id\":\"5\",\"subtag_id\":\"89\",\"field\":\"Surf\"}],\"type\":\"Place\"}},{\"geometry\":{\"type\":\"Point\",\"coordinates\":[-1.52683,43.5197]},\"type\":\"Feature\",\"id\":\"ASCAQU064FS000ON\",\"properties\":{\"objectTypeCode\":\"ASC\",\"name\":\"ES64 Anglet\",\"marker_id\":\"ASCAQU064FS000ON\",\"commune\":\"ANGLET\",\"display_city\":\"1\",\"cp\":\"64600\",\"ad1\":\"Plage des Cavaliers\",\"gmapLongitude\":-1.52683,\"gmapLatitude\":43.5197,\"zone1\":null,\"telephone\":\"\",\"detail_url\":\"https:\\\/\\\/www.anglet-tourisme.com\\\/es\\\/en-movimiento-en-anglet\\\/actividades\\\/anglet\\\/ASCAQU064FS000ON-es64-anglet\\\/\",\"excerpt\":\"Cursos colectivos y particulares, cursillos entre semana y en fin de semana, y alquiler de material.\",\"display_excerpt\":\"1\",\"photo\":\"https:\\\/\\\/www.anglet-tourisme.com\\\/wp-content\\\/uploads\\\/tis\\\/ES64-ANGLET.jpg\",\"clas\":null,\"btn_label\":\"Ver m\\u00e1s\",\"btn_class\":null,\"durable\":false,\"charte\":\"\",\"durable_label\":\"Desarrollo sostenible\",\"online_bookable\":\"Reservas en l\\u00ednea\",\"price_from\":false,\"tags\":[{\"object_tag_id\":\"278991\",\"syndicObjectID\":\"ASCAQU064FS000ON\",\"tag_id\":\"5\",\"subtag_id\":\"89\",\"field\":\"Surf\"}],\"type\":\"Place\"}},{\"geometry\":{\"type\":\"Point\",\"coordinates\":[-1.53731,43.4983]},\"type\":\"Feature\",\"id\":\"ASCAQU064V507ZFG\",\"properties\":{\"objectTypeCode\":\"ASC\",\"name\":\"SOFI 64 - Ecole de Fran\\u00e7ais\",\"marker_id\":\"ASCAQU064V507ZFG\",\"commune\":\"ANGLET\",\"display_city\":\"1\",\"cp\":\"64600\",\"ad1\":\"13 bis rue de Bouney\",\"gmapLongitude\":-1.53731,\"gmapLatitude\":43.4983,\"zone1\":null,\"telephone\":\"+33 5 59 45 79 23\",\"detail_url\":\"https:\\\/\\\/www.anglet-tourisme.com\\\/es\\\/en-movimiento-en-anglet\\\/actividades\\\/anglet\\\/ASCAQU064V507ZFG-sofi-64-ecole-de-francais\\\/\",\"excerpt\":\"Nuestra escuela de franc\\u00e9s SOFI 64 le da la bienvenida en un entorno privilegiado de la Costa Vasca, a dos pasos de las playas de Anglet. Nuestros locales cuentan con 5 aulas&hellip;\",\"display_excerpt\":\"1\",\"photo\":\"https:\\\/\\\/www.anglet-tourisme.com\\\/wp-content\\\/uploads\\\/tis\\\/sofi64-logo.jpg\",\"clas\":null,\"btn_label\":\"Ver m\\u00e1s\",\"btn_class\":null,\"durable\":false,\"charte\":\"\",\"durable_label\":\"Desarrollo sostenible\",\"online_bookable\":\"Reservas en l\\u00ednea\",\"price_from\":false,\"tags\":[{\"object_tag_id\":\"279001\",\"syndicObjectID\":\"ASCAQU064V507ZFG\",\"tag_id\":\"10\",\"subtag_id\":\"5\",\"field\":\"Cours de langue\"}],\"type\":\"Place\"}},{\"geometry\":{\"type\":\"Point\",\"coordinates\":[-1.50421,43.5242]},\"type\":\"Feature\",\"id\":\"ASCAQU064V5082T4\",\"properties\":{\"objectTypeCode\":\"ASC\",\"name\":\"Joe Bike Anglet\",\"marker_id\":\"ASCAQU064V5082T4\",\"commune\":\"ANGLET\",\"display_city\":\"1\",\"cp\":\"64600\",\"ad1\":\"114 avenue de l\\u2019Adour\",\"gmapLongitude\":-1.50421,\"gmapLatitude\":43.5242,\"zone1\":null,\"telephone\":\"+33 5 59 55 34 51\",\"detail_url\":\"https:\\\/\\\/www.anglet-tourisme.com\\\/es\\\/en-movimiento-en-anglet\\\/actividades\\\/anglet\\\/ASCAQU064V5082T4-joe-bike-anglet\\\/\",\"excerpt\":\"Joe Bike by Les Roues de Lilou le propone una amplia gama de bicicletas, cl\\u00e1sicas o el\\u00e9ctricas, para desplazarse y descubrir el Pa\\u00eds Vasco. Bicicletas de monta\\u00f1a, bicicletas para ni\\u00f1os, sillas para&hellip;\",\"display_excerpt\":\"1\",\"photo\":\"https:\\\/\\\/www.anglet-tourisme.com\\\/wp-content\\\/uploads\\\/tis\\\/Joe-Bike-by-Les-Roues-de-Lilou.jpg\",\"clas\":null,\"btn_label\":\"Ver m\\u00e1s\",\"btn_class\":null,\"durable\":false,\"charte\":\"\",\"durable_label\":\"Desarrollo sostenible\",\"online_bookable\":\"Reservas en l\\u00ednea\",\"price_from\":false,\"tags\":[{\"object_tag_id\":\"279003\",\"syndicObjectID\":\"ASCAQU064V5082T4\",\"tag_id\":\"3\",\"subtag_id\":\"4\",\"field\":\"Cyclotourisme\"},{\"object_tag_id\":\"279002\",\"syndicObjectID\":\"ASCAQU064V5082T4\",\"tag_id\":\"3\",\"subtag_id\":\"4\",\"field\":\"V\\u00e9lo \\u00e9lectrique\"},{\"object_tag_id\":\"279005\",\"syndicObjectID\":\"ASCAQU064V5082T4\",\"tag_id\":\"3\",\"subtag_id\":\"4\",\"field\":\"VTT\"}],\"type\":\"Place\"}},{\"geometry\":{\"type\":\"Point\",\"coordinates\":[-1.50614,43.4831]},\"type\":\"Feature\",\"id\":\"ASCAQU064V57M75T\",\"properties\":{\"objectTypeCode\":\"ASC\",\"name\":\"Laser Game Evolution\",\"marker_id\":\"ASCAQU064V57M75T\",\"commune\":\"ANGLET\",\"display_city\":\"1\",\"cp\":\"64600\",\"ad1\":\"10 rue Louis Colas\",\"gmapLongitude\":-1.50614,\"gmapLatitude\":43.4831,\"zone1\":null,\"telephone\":\"+33 5 59 48 46 39\",\"detail_url\":\"https:\\\/\\\/www.anglet-tourisme.com\\\/es\\\/en-movimiento-en-anglet\\\/actividades\\\/anglet\\\/ASCAQU064V57M75T-laser-game-evolution\\\/\",\"excerpt\":\"Para ni\\u00f1os a partir de 7 a\\u00f1os, previa reserva. Ven a divertirte en nuestros 3 laberintos de 4 niveles con nuestro flamante equipamiento\",\"display_excerpt\":\"1\",\"photo\":\"https:\\\/\\\/www.anglet-tourisme.com\\\/wp-content\\\/uploads\\\/tis\\\/lazer-game-evolution-05.jpg\",\"clas\":null,\"btn_label\":\"Ver m\\u00e1s\",\"btn_class\":null,\"durable\":false,\"charte\":\"\",\"durable_label\":\"Desarrollo sostenible\",\"online_bookable\":\"Reservas en l\\u00ednea\",\"price_from\":false,\"tags\":[{\"object_tag_id\":\"279007\",\"syndicObjectID\":\"ASCAQU064V57M75T\",\"tag_id\":\"2\",\"subtag_id\":\"59\",\"field\":\"Jeu de laser\"}],\"type\":\"Place\"}},{\"geometry\":{\"type\":\"Point\",\"coordinates\":[-1.53069,43.5141]},\"type\":\"Feature\",\"id\":\"ASCAQU064V5AQFAN\",\"properties\":{\"objectTypeCode\":\"ASC\",\"name\":\"Guides de Bain Angloys : stage d'initiation\",\"marker_id\":\"ASCAQU064V5AQFAN\",\"commune\":\"ANGLET\",\"display_city\":\"1\",\"cp\":\"64600\",\"ad1\":\"Plage de l'Oc\\u00e9an\",\"gmapLongitude\":-1.53069,\"gmapLatitude\":43.5141,\"zone1\":null,\"telephone\":\"\",\"detail_url\":\"https:\\\/\\\/www.anglet-tourisme.com\\\/es\\\/en-movimiento-en-anglet\\\/actividades\\\/anglet\\\/ASCAQU064V5AQFAN-guides-de-bain-angloys-stage-dinitiation\\\/\",\"excerpt\":\"Club de salvamento y socorrismo costero, afiliado a la Federaci\\u00f3n Francesa de Salvamento y Socorrismo y a la Federaci\\u00f3n Francesa de Surf. Ofrece cursos de iniciaci\\u00f3n y descubrimiento del salvamento y socorrismo&hellip;\",\"display_excerpt\":\"1\",\"photo\":\"https:\\\/\\\/www.anglet-tourisme.com\\\/wp-content\\\/uploads\\\/tis\\\/guides-de-bain-angloys-01.jpg\",\"clas\":null,\"btn_label\":\"Ver m\\u00e1s\",\"btn_class\":null,\"durable\":false,\"charte\":\"\",\"durable_label\":\"Desarrollo sostenible\",\"online_bookable\":\"Reservas en l\\u00ednea\",\"price_from\":false,\"tags\":[{\"object_tag_id\":\"279031\",\"syndicObjectID\":\"ASCAQU064V5AQFAN\",\"tag_id\":\"5\",\"subtag_id\":\"7\",\"field\":\"Sauvetage c\\u00f4tier\"}],\"type\":\"Place\"}},{\"geometry\":{\"type\":\"Point\",\"coordinates\":[-1.5346,43.5101]},\"type\":\"Feature\",\"id\":\"ASCAQU064V5BBVTT\",\"properties\":{\"objectTypeCode\":\"ASC\",\"name\":\"Power Surf Center\",\"marker_id\":\"ASCAQU064V5BBVTT\",\"commune\":\"ANGLET\",\"display_city\":\"1\",\"cp\":\"64600\",\"ad1\":\"Plage de la Madrague\",\"gmapLongitude\":-1.5346,\"gmapLatitude\":43.5101,\"zone1\":null,\"telephone\":\"\",\"detail_url\":\"https:\\\/\\\/www.anglet-tourisme.com\\\/es\\\/en-movimiento-en-anglet\\\/actividades\\\/anglet\\\/ASCAQU064V5BBVTT-power-surf-center\\\/\",\"excerpt\":\"Clases y alquiler de tablas (surf, bodyboard, paddle...). Clases colectivas en grupos reducidos. Clases particulares a la carta. Entrenadores medallistas para una ense\\u00f1anza de calidad y de vanguardia. Entrenamiento en el agua,&hellip;\",\"display_excerpt\":\"1\",\"photo\":\"https:\\\/\\\/www.anglet-tourisme.com\\\/wp-content\\\/uploads\\\/tis\\\/power-surf-center-07.jpg\",\"clas\":null,\"btn_label\":\"Ver m\\u00e1s\",\"btn_class\":null,\"durable\":false,\"charte\":\"\",\"durable_label\":\"Desarrollo sostenible\",\"online_bookable\":\"Reservas en l\\u00ednea\",\"price_from\":false,\"tags\":[{\"object_tag_id\":\"279044\",\"syndicObjectID\":\"ASCAQU064V5BBVTT\",\"tag_id\":\"5\",\"subtag_id\":\"89\",\"field\":\"Stand-up-paddle-board\"},{\"object_tag_id\":\"279043\",\"syndicObjectID\":\"ASCAQU064V5BBVTT\",\"tag_id\":\"5\",\"subtag_id\":\"89\",\"field\":\"Surf\"}],\"type\":\"Place\"}},{\"geometry\":{\"type\":\"Point\",\"coordinates\":[-1.50387,43.5237]},\"type\":\"Feature\",\"id\":\"ASCAQU064V5BCNIS\",\"properties\":{\"objectTypeCode\":\"ASC\",\"name\":\"Bicicletta la maison du cycle\",\"marker_id\":\"ASCAQU064V5BCNIS\",\"commune\":\"ANGLET\",\"display_city\":\"1\",\"cp\":\"64600\",\"ad1\":\"110B avenue de l\\u2019Adour\",\"gmapLongitude\":-1.50387,\"gmapLatitude\":43.5237,\"zone1\":null,\"telephone\":\"+33 5 59 70 18 75\",\"detail_url\":\"https:\\\/\\\/www.anglet-tourisme.com\\\/es\\\/en-movimiento-en-anglet\\\/actividades\\\/anglet\\\/ASCAQU064V5BCNIS-bicicletta-la-maison-du-cycle\\\/\",\"excerpt\":\"\\u00bfQuieres alquilar una bici por un d\\u00eda, una semana o m\\u00e1s? Idealmente situado en el puerto deportivo de Anglet, nuestro concept store le permite acceder r\\u00e1pidamente a un circuito \\u00fanico de carriles&hellip;\",\"display_excerpt\":\"1\",\"photo\":\"https:\\\/\\\/www.anglet-tourisme.com\\\/wp-content\\\/uploads\\\/tis\\\/Bicicletta-3.jpg\",\"clas\":null,\"btn_label\":\"Ver m\\u00e1s\",\"btn_class\":null,\"durable\":false,\"charte\":\"\",\"durable_label\":\"Desarrollo sostenible\",\"online_bookable\":\"Reservas en l\\u00ednea\",\"price_from\":false,\"tags\":[{\"object_tag_id\":\"279050\",\"syndicObjectID\":\"ASCAQU064V5BCNIS\",\"tag_id\":\"3\",\"subtag_id\":\"4\",\"field\":\"Cyclotourisme\"},{\"object_tag_id\":\"279049\",\"syndicObjectID\":\"ASCAQU064V5BCNIS\",\"tag_id\":\"3\",\"subtag_id\":\"4\",\"field\":\"V\\u00e9lo \\u00e9lectrique\"},{\"object_tag_id\":\"279048\",\"syndicObjectID\":\"ASCAQU064V5BCNIS\",\"tag_id\":\"3\",\"subtag_id\":\"4\",\"field\":\"VTT\"}],\"type\":\"Place\"}},{\"geometry\":{\"type\":\"Point\",\"coordinates\":[-1.52111,43.4823]},\"type\":\"Feature\",\"id\":\"ASCAQU064V5BKTO6\",\"properties\":{\"objectTypeCode\":\"ASC\",\"name\":\"Atelier nature avec Mendi, le jardin de tous\",\"marker_id\":\"ASCAQU064V5BKTO6\",\"commune\":\"ANGLET\",\"display_city\":\"1\",\"cp\":\"64600\",\"ad1\":\"15 rue de Louillot\",\"gmapLongitude\":-1.52111,\"gmapLatitude\":43.4823,\"zone1\":null,\"telephone\":\"+33 5 59 03 80 41\",\"detail_url\":\"https:\\\/\\\/www.anglet-tourisme.com\\\/es\\\/en-movimiento-en-anglet\\\/actividades\\\/anglet\\\/ASCAQU064V5BKTO6-atelier-nature-avec-mendi-le-jardin-de-tous\\\/\",\"excerpt\":\"Hemos redise\\u00f1ado nuestra web de Anglet para acoger a todo tipo de visitantes y ayudarles a descubrir nuestra profesi\\u00f3n de horticultores. Estamos desarrollando nuestra oferta de actividades de turismo de conocimiento (visitas&hellip;\",\"display_excerpt\":\"1\",\"photo\":\"https:\\\/\\\/www.anglet-tourisme.com\\\/wp-content\\\/uploads\\\/tis\\\/Atelier-nature-Mendi-Dario-Tonini-11.jpg\",\"clas\":null,\"btn_label\":\"Ver m\\u00e1s\",\"btn_class\":null,\"durable\":false,\"charte\":\"\",\"durable_label\":\"Desarrollo sostenible\",\"online_bookable\":\"Reservas en l\\u00ednea\",\"price_from\":false,\"tags\":[{\"object_tag_id\":\"279054\",\"syndicObjectID\":\"ASCAQU064V5BKTO6\",\"tag_id\":\"10\",\"subtag_id\":\"5\",\"field\":\"Botanique, jardin\"}],\"type\":\"Place\"}},{\"geometry\":{\"type\":\"Point\",\"coordinates\":[-1.49693,43.5228]},\"type\":\"Feature\",\"id\":\"ASCAQU064V5BKVQB\",\"properties\":{\"objectTypeCode\":\"ASC\",\"name\":\"Ab\\u2019s Boats Plaisance\",\"marker_id\":\"ASCAQU064V5BKVQB\",\"commune\":\"ANGLET\",\"display_city\":\"1\",\"cp\":\"64600\",\"ad1\":\"Port Adhoc Bayonne-Anglet\",\"gmapLongitude\":-1.49693,\"gmapLatitude\":43.5228,\"zone1\":null,\"telephone\":\"\",\"detail_url\":\"https:\\\/\\\/www.anglet-tourisme.com\\\/es\\\/en-movimiento-en-anglet\\\/actividades\\\/anglet\\\/ASCAQU064V5BKVQB-abs-boats-plaisance\\\/\",\"excerpt\":\"Excursiones mar\\u00edtimas privadas de Anglet a San Juan de Luz de medio d\\u00eda o de Anglet a Hendaya de un d\\u00eda completo. Le ofrecemos la posibilidad de visitar la magn\\u00edfica Costa Vasca&hellip;\",\"display_excerpt\":\"1\",\"photo\":\"https:\\\/\\\/www.anglet-tourisme.com\\\/wp-content\\\/uploads\\\/tis\\\/ABS-BOATS-PLAISANCE-03.jpg\",\"clas\":null,\"btn_label\":\"Ver m\\u00e1s\",\"btn_class\":null,\"durable\":false,\"charte\":\"\",\"durable_label\":\"Desarrollo sostenible\",\"online_bookable\":\"Reservas en l\\u00ednea\",\"price_from\":false,\"tags\":[{\"object_tag_id\":\"279055\",\"syndicObjectID\":\"ASCAQU064V5BKVQB\",\"tag_id\":\"5\",\"subtag_id\":\"7\",\"field\":\"Motonautisme (bateau \\u00e0 moteur)\"}],\"type\":\"Place\"}},{\"geometry\":{\"type\":\"Point\",\"coordinates\":[-1.49525,43.5192]},\"type\":\"Feature\",\"id\":\"ASCAQU064V5BM511\",\"properties\":{\"objectTypeCode\":\"ASC\",\"name\":\"Txiki Combi\",\"marker_id\":\"ASCAQU064V5BM511\",\"commune\":\"ANGLET\",\"display_city\":\"1\",\"cp\":\"64600\",\"ad1\":\"For\\u00eat du Lazaret\",\"gmapLongitude\":-1.49525,\"gmapLatitude\":43.5192,\"zone1\":null,\"telephone\":\"\",\"detail_url\":\"https:\\\/\\\/www.anglet-tourisme.com\\\/es\\\/en-movimiento-en-anglet\\\/actividades\\\/anglet\\\/ASCAQU064V5BM511-txiki-combi\\\/\",\"excerpt\":\"\\u00bfTe gustar\\u00eda descubrir Anglet y el Pa\\u00eds Vasco de una forma original, al son de los Beach Boys? Suba a bordo de Woody y Joe, aut\\u00e9nticos Volkswagen Combis de los a\\u00f1os 70&hellip;\",\"display_excerpt\":\"1\",\"photo\":\"https:\\\/\\\/www.anglet-tourisme.com\\\/wp-content\\\/uploads\\\/tis\\\/Txiki-Combi-02.jpg\",\"clas\":null,\"btn_label\":\"Ver m\\u00e1s\",\"btn_class\":null,\"durable\":false,\"charte\":\"\",\"durable_label\":\"Desarrollo sostenible\",\"online_bookable\":\"Reservas en l\\u00ednea\",\"price_from\":false,\"tags\":[{\"object_tag_id\":\"279059\",\"syndicObjectID\":\"ASCAQU064V5BM511\",\"tag_id\":\"10\",\"subtag_id\":\"5\",\"field\":\"Patrimoine\"}],\"type\":\"Place\"}},{\"geometry\":{\"type\":\"Point\",\"coordinates\":[-1.54325,43.4996]},\"type\":\"Feature\",\"id\":\"ASCAQU064V5BTTB1\",\"properties\":{\"objectTypeCode\":\"ASC\",\"name\":\"Anglet Surf Club\",\"marker_id\":\"ASCAQU064V5BTTB1\",\"commune\":\"ANGLET\",\"display_city\":\"1\",\"cp\":\"64600\",\"ad1\":\"Plage du Club\",\"gmapLongitude\":-1.54325,\"gmapLatitude\":43.4996,\"zone1\":null,\"telephone\":\"+33 5 59 03 01 66\",\"detail_url\":\"https:\\\/\\\/www.anglet-tourisme.com\\\/es\\\/en-movimiento-en-anglet\\\/actividades\\\/anglet\\\/ASCAQU064V5BTTB1-anglet-surf-club\\\/\",\"excerpt\":\"Desde 1995, el Club de Surf de Anglet ofrece a los habitantes de Anglet la posibilidad de practicar surf durante todo el a\\u00f1o en la costa vasca.\",\"display_excerpt\":\"1\",\"photo\":\"https:\\\/\\\/www.anglet-tourisme.com\\\/wp-content\\\/uploads\\\/tis\\\/Anglet-Surf-Club-04.jpg\",\"clas\":null,\"btn_label\":\"Ver m\\u00e1s\",\"btn_class\":null,\"durable\":false,\"charte\":\"\",\"durable_label\":\"Desarrollo sostenible\",\"online_bookable\":\"Reservas en l\\u00ednea\",\"price_from\":false,\"tags\":[{\"object_tag_id\":\"279067\",\"syndicObjectID\":\"ASCAQU064V5BTTB1\",\"tag_id\":\"5\",\"subtag_id\":\"89\",\"field\":\"Surf\"}],\"type\":\"Place\"}},{\"geometry\":{\"type\":\"Point\",\"coordinates\":[-1.49693,43.5228]},\"type\":\"Feature\",\"id\":\"ASCAQU064V5BWL90\",\"properties\":{\"objectTypeCode\":\"ASC\",\"name\":\"BaiBoat\",\"marker_id\":\"ASCAQU064V5BWL90\",\"commune\":\"ANGLET\",\"display_city\":\"1\",\"cp\":\"64600\",\"ad1\":\"Port Adhoc Bayonne-Anglet\",\"gmapLongitude\":-1.49693,\"gmapLatitude\":43.5228,\"zone1\":null,\"telephone\":\"\",\"detail_url\":\"https:\\\/\\\/www.anglet-tourisme.com\\\/es\\\/en-movimiento-en-anglet\\\/actividades\\\/anglet\\\/ASCAQU064V5BWL90-baiboat\\\/\",\"excerpt\":\"BaiBoat es una empresa de alquiler de barcos situada en Anglet, a orillas del r\\u00edo Adour, en la desembocadura del oc\\u00e9ano Atl\\u00e1ntico. Creada por dos amigos, BaiBoat ofrece paseos en barco a&hellip;\",\"display_excerpt\":\"1\",\"photo\":\"https:\\\/\\\/www.anglet-tourisme.com\\\/wp-content\\\/uploads\\\/tis\\\/BaiBoat-64---Anglet-Tourisme-Anglet-RIB-4013-RiBLANC.jpg\",\"clas\":null,\"btn_label\":\"Ver m\\u00e1s\",\"btn_class\":null,\"durable\":false,\"charte\":\"\",\"durable_label\":\"Desarrollo sostenible\",\"online_bookable\":\"Reservas en l\\u00ednea\",\"price_from\":false,\"tags\":[{\"object_tag_id\":\"279071\",\"syndicObjectID\":\"ASCAQU064V5BWL90\",\"tag_id\":\"5\",\"subtag_id\":\"7\",\"field\":\"Motonautisme (bateau \\u00e0 moteur)\"}],\"type\":\"Place\"}},{\"geometry\":{\"type\":\"Point\",\"coordinates\":[-1.50365,43.5206]},\"type\":\"Feature\",\"id\":\"ASCAQU064V5C2IOA\",\"properties\":{\"objectTypeCode\":\"ASC\",\"name\":\"L'atelier des Manuelles\",\"marker_id\":\"ASCAQU064V5C2IOA\",\"commune\":\"ANGLET\",\"display_city\":\"1\",\"cp\":\"64600\",\"ad1\":\"145 all\\u00e9e de l'Empereur\",\"gmapLongitude\":-1.50365,\"gmapLatitude\":43.5206,\"zone1\":null,\"telephone\":\"\",\"detail_url\":\"https:\\\/\\\/www.anglet-tourisme.com\\\/es\\\/en-movimiento-en-anglet\\\/actividades\\\/anglet\\\/ASCAQU064V5C2IOA-latelier-des-manuelles\\\/\",\"excerpt\":\"En el taller de Laure Estevez, soliflores, jarrones y objetos cotidianos van m\\u00e1s all\\u00e1 de su funci\\u00f3n primaria para convertirse en obras de arte por derecho propio. Trabajando en gres de alta&hellip;\",\"display_excerpt\":\"1\",\"photo\":\"https:\\\/\\\/www.anglet-tourisme.com\\\/wp-content\\\/uploads\\\/tis\\\/Laure-Estevez-2---Dario-Tonini.jpg\",\"clas\":null,\"btn_label\":\"Ver m\\u00e1s\",\"btn_class\":null,\"durable\":false,\"charte\":\"\",\"durable_label\":\"Desarrollo sostenible\",\"online_bookable\":\"Reservas en l\\u00ednea\",\"price_from\":false,\"tags\":[{\"object_tag_id\":\"279073\",\"syndicObjectID\":\"ASCAQU064V5C2IOA\",\"tag_id\":\"10\",\"subtag_id\":\"5\",\"field\":\"Poterie\"}],\"type\":\"Place\"}},{\"geometry\":{\"type\":\"Point\",\"coordinates\":[-1.50145,43.5154]},\"type\":\"Feature\",\"id\":\"ASCAQU064V5C2JVA\",\"properties\":{\"objectTypeCode\":\"ASC\",\"name\":\"Torr\\u00e9faction artisanale La Torref\\u2019\",\"marker_id\":\"ASCAQU064V5C2JVA\",\"commune\":\"ANGLET\",\"display_city\":\"1\",\"cp\":\"64600\",\"ad1\":\"La Torref'\",\"gmapLongitude\":-1.50145,\"gmapLatitude\":43.5154,\"zone1\":null,\"telephone\":\"+33 9 86 70 01 76\",\"detail_url\":\"https:\\\/\\\/www.anglet-tourisme.com\\\/es\\\/en-movimiento-en-anglet\\\/actividades\\\/anglet\\\/ASCAQU064V5C2JVA-torrefaction-artisanale-la-torref\\\/\",\"excerpt\":\"En La Torref', preferimos saborear el caf\\u00e9 cuando es excepcional, es decir, cuando tiene una trazabilidad impecable y se tuesta a mano in situ todos los d\\u00edas. \\u00bfTiene curiosidad por descubrir los&hellip;\",\"display_excerpt\":\"1\",\"photo\":\"https:\\\/\\\/www.anglet-tourisme.com\\\/wp-content\\\/uploads\\\/tis\\\/La-Torref-1RIB0535-RiBLANC.jpg\",\"clas\":null,\"btn_label\":\"Ver m\\u00e1s\",\"btn_class\":null,\"durable\":false,\"charte\":\"\",\"durable_label\":\"Desarrollo sostenible\",\"online_bookable\":\"Reservas en l\\u00ednea\",\"price_from\":false,\"tags\":[{\"object_tag_id\":\"279074\",\"syndicObjectID\":\"ASCAQU064V5C2JVA\",\"tag_id\":\"10\",\"subtag_id\":\"5\",\"field\":\"Savoir-faire artisanal\"}],\"type\":\"Place\"}},{\"geometry\":{\"type\":\"Point\",\"coordinates\":[-1.52266,43.5263]},\"type\":\"Feature\",\"id\":\"ASCAQU064V5C5G2H\",\"properties\":{\"objectTypeCode\":\"ASC\",\"name\":\"Ecole de bodyboard Txiki Boogie\",\"marker_id\":\"ASCAQU064V5C5G2H\",\"commune\":\"ANGLET\",\"display_city\":\"1\",\"cp\":\"64600\",\"ad1\":\"297 avenue de l'Adour\",\"gmapLongitude\":-1.52266,\"gmapLatitude\":43.5263,\"zone1\":null,\"telephone\":\"\",\"detail_url\":\"https:\\\/\\\/www.anglet-tourisme.com\\\/es\\\/en-movimiento-en-anglet\\\/actividades\\\/anglet\\\/ASCAQU064V5C5G2H-ecole-de-bodyboard-txiki-boogie\\\/\",\"excerpt\":\"Txiki Boogie es un centro exclusivo de bodyboard situado en el barrio de La Barre, en Anglet. Te damos la bienvenida todo el a\\u00f1o y podemos ayudarte con lo que te propongas:&hellip;\",\"display_excerpt\":\"1\",\"photo\":\"https:\\\/\\\/www.anglet-tourisme.com\\\/wp-content\\\/uploads\\\/tis\\\/Txiki-boogie-logo.jpg\",\"clas\":null,\"btn_label\":\"Ver m\\u00e1s\",\"btn_class\":null,\"durable\":false,\"charte\":\"\",\"durable_label\":\"Desarrollo sostenible\",\"online_bookable\":\"Reservas en l\\u00ednea\",\"price_from\":false,\"tags\":[{\"object_tag_id\":\"279075\",\"syndicObjectID\":\"ASCAQU064V5C5G2H\",\"tag_id\":\"5\",\"subtag_id\":\"89\",\"field\":\"Bodyboard\"}],\"type\":\"Place\"}},{\"geometry\":{\"type\":\"Point\",\"coordinates\":[-1.53404,43.4812]},\"type\":\"Feature\",\"id\":\"DEGAQU064V5BKQRR\",\"properties\":{\"objectTypeCode\":\"DEG\",\"name\":\"Maison Pommiers\",\"marker_id\":\"DEGAQU064V5BKQRR\",\"commune\":\"ANGLET\",\"display_city\":\"1\",\"cp\":\"64600\",\"ad1\":\"102 avenue de Biarritz\",\"gmapLongitude\":-1.53404,\"gmapLatitude\":43.4812,\"zone1\":null,\"telephone\":\"+33 5 59 23 90 70\",\"detail_url\":\"https:\\\/\\\/www.anglet-tourisme.com\\\/es\\\/en-movimiento-en-anglet\\\/actividades\\\/anglet\\\/DEGAQU064V5BKQRR-maison-pommiers\\\/\",\"excerpt\":\"El pastel vasco, \\u00a1un gran cl\\u00e1sico! En todas las familias se guarda en secreto una receta, que se transmite y se guarda con cari\\u00f1o. Pero en Anglet, una direcci\\u00f3n destaca por su&hellip;\",\"display_excerpt\":\"1\",\"photo\":\"https:\\\/\\\/www.anglet-tourisme.com\\\/wp-content\\\/uploads\\\/tis\\\/maison-pommiers-24.jpg\",\"clas\":null,\"btn_label\":\"Ver m\\u00e1s\",\"btn_class\":null,\"durable\":false,\"charte\":\"\",\"durable_label\":\"Desarrollo sostenible\",\"online_bookable\":\"Reservas en l\\u00ednea\",\"price_from\":false,\"tags\":[{\"object_tag_id\":\"279082\",\"syndicObjectID\":\"DEGAQU064V5BKQRR\",\"tag_id\":\"1\",\"subtag_id\":\"62\",\"field\":\"P\\u00e2tisserie \\\/ Biscuiterie\"}],\"type\":\"Place\"}},{\"geometry\":{\"type\":\"Point\",\"coordinates\":[-1.54293,43.5001]},\"type\":\"Feature\",\"id\":\"DEGAQU064V5BVS5I\",\"properties\":{\"objectTypeCode\":\"DEG\",\"name\":\"Artisan glacier Txomin\",\"marker_id\":\"DEGAQU064V5BVS5I\",\"commune\":\"ANGLET\",\"display_city\":\"1\",\"cp\":\"64600\",\"ad1\":\"Plage du Club\",\"gmapLongitude\":-1.54293,\"gmapLatitude\":43.5001,\"zone1\":null,\"telephone\":\"\",\"detail_url\":\"https:\\\/\\\/www.anglet-tourisme.com\\\/es\\\/en-movimiento-en-anglet\\\/actividades\\\/anglet\\\/DEGAQU064V5BVS5I-artisan-glacier-txomin\\\/\",\"excerpt\":\"Si te gustan los helados, te encantar\\u00e1n los sorbetes y helados Txomin, elaborados con buena leche de vaca vasca de la granja Larrea de Urrugne, que ellos mismos pasteurizan en su laboratorio&hellip;\",\"display_excerpt\":\"1\",\"photo\":\"https:\\\/\\\/www.anglet-tourisme.com\\\/wp-content\\\/uploads\\\/tis\\\/Txomin-Anglet-05.jpg\",\"clas\":null,\"btn_label\":\"Ver m\\u00e1s\",\"btn_class\":null,\"durable\":false,\"charte\":\"\",\"durable_label\":\"Desarrollo sostenible\",\"online_bookable\":false,\"price_from\":false,\"tags\":[{\"object_tag_id\":\"279083\",\"syndicObjectID\":\"DEGAQU064V5BVS5I\",\"tag_id\":\"1\",\"subtag_id\":\"43\",\"field\":\"Glaces\"},{\"object_tag_id\":\"279084\",\"syndicObjectID\":\"DEGAQU064V5BVS5I\",\"tag_id\":\"19\",\"subtag_id\":\"134\",\"field\":\"Glaces\"}],\"type\":\"Place\"}},{\"geometry\":{\"type\":\"Point\",\"coordinates\":[-1.53179,43.4951]},\"type\":\"Feature\",\"id\":\"DEGAQU064V5BVSCZ\",\"properties\":{\"objectTypeCode\":\"DEG\",\"name\":\"Maison Gautier\",\"marker_id\":\"DEGAQU064V5BVSCZ\",\"commune\":\"ANGLET\",\"display_city\":\"1\",\"cp\":\"64600\",\"ad1\":\"26 avenue de la Chambre d'Amour\",\"gmapLongitude\":-1.53179,\"gmapLatitude\":43.4951,\"zone1\":null,\"telephone\":\"+33 5 59 03 25 92\",\"detail_url\":\"https:\\\/\\\/www.anglet-tourisme.com\\\/es\\\/en-movimiento-en-anglet\\\/actividades\\\/anglet\\\/DEGAQU064V5BVSCZ-maison-gautier\\\/\",\"excerpt\":\"Maison Gautier \\\"la cr\\u00e8me de la cr\\u00e8me\\\" es una panader\\u00eda y pasteler\\u00eda situada en el barrio de Cinq Cantons. Todo est\\u00e1 hecho en casa con amor.\",\"display_excerpt\":\"1\",\"photo\":\"https:\\\/\\\/www.anglet-tourisme.com\\\/wp-content\\\/uploads\\\/tis\\\/maison-gautier-14.jpg\",\"clas\":null,\"btn_label\":\"Ver m\\u00e1s\",\"btn_class\":null,\"durable\":false,\"charte\":\"\",\"durable_label\":\"Desarrollo sostenible\",\"online_bookable\":false,\"price_from\":false,\"tags\":[{\"object_tag_id\":\"279085\",\"syndicObjectID\":\"DEGAQU064V5BVSCZ\",\"tag_id\":\"1\",\"subtag_id\":\"62\",\"field\":\"P\\u00e2tisserie \\\/ Biscuiterie\"}],\"type\":\"Place\"}},{\"geometry\":{\"type\":\"Point\",\"coordinates\":[-1.52345,43.5212]},\"type\":\"Feature\",\"id\":\"LOIAQU064FS0001J\",\"properties\":{\"objectTypeCode\":\"LOI\",\"name\":\"Thalasso et Bien-\\u00eatre \\u00e0 Atlanthal\",\"marker_id\":\"LOIAQU064FS0001J\",\"commune\":\"ANGLET\",\"display_city\":\"1\",\"cp\":\"64600\",\"ad1\":\"153 boulevard des Plages\",\"gmapLongitude\":-1.52345,\"gmapLatitude\":43.5212,\"zone1\":null,\"telephone\":\"+33 5 59 52 75 55\",\"detail_url\":\"https:\\\/\\\/www.anglet-tourisme.com\\\/es\\\/en-movimiento-en-anglet\\\/actividades\\\/anglet\\\/LOIAQU064FS0001J-thalasso-et-bien-etre-a-atlanthal\\\/\",\"excerpt\":\"El Lagon: piscina de agua marina climatizada a 34\\u00b0C con m\\u00e1s de 350 m2 y con espacio interior y exterior. Chorros de masaje, camas de microburbujas, calles de nataci\\u00f3n y recorridos a&hellip;\",\"display_excerpt\":\"1\",\"photo\":\"https:\\\/\\\/www.anglet-tourisme.com\\\/wp-content\\\/uploads\\\/tis\\\/atlanthal-eliophot-arsandaux-511-2.jpg\",\"clas\":null,\"btn_label\":\"Ver m\\u00e1s\",\"btn_class\":null,\"durable\":false,\"charte\":\"\",\"durable_label\":\"Desarrollo sostenible\",\"online_bookable\":\"Reservas en l\\u00ednea\",\"price_from\":false,\"tags\":[{\"object_tag_id\":\"279087\",\"syndicObjectID\":\"LOIAQU064FS0001J\",\"tag_id\":\"6\",\"subtag_id\":\"16\",\"field\":\"Bien-\\u00eatre\"},{\"object_tag_id\":\"279089\",\"syndicObjectID\":\"LOIAQU064FS0001J\",\"tag_id\":\"6\",\"subtag_id\":\"16\",\"field\":\"Salle de remise en forme\"},{\"object_tag_id\":\"279091\",\"syndicObjectID\":\"LOIAQU064FS0001J\",\"tag_id\":\"6\",\"subtag_id\":\"91\",\"field\":\"Thalassoth\\u00e9rapie\"}],\"type\":\"Place\"}},{\"geometry\":{\"type\":\"Point\",\"coordinates\":[-1.49334,43.5015]},\"type\":\"Feature\",\"id\":\"LOIAQU064V506CCL\",\"properties\":{\"objectTypeCode\":\"LOI\",\"name\":\"Grenadine & Crayonnade\",\"marker_id\":\"LOIAQU064V506CCL\",\"commune\":\"ANGLET\",\"display_city\":\"1\",\"cp\":\"64600\",\"ad1\":\"11 avenue de l'Adour\",\"gmapLongitude\":-1.49334,\"gmapLatitude\":43.5015,\"zone1\":null,\"telephone\":\"\",\"detail_url\":\"https:\\\/\\\/www.anglet-tourisme.com\\\/es\\\/en-movimiento-en-anglet\\\/actividades\\\/anglet\\\/LOIAQU064V506CCL-grenadine-crayonnade\\\/\",\"excerpt\":\"Grenadine & Crayonnade es un parque de juegos \\u00fanico en Francia... \\u00a1y est\\u00e1 en Anglet! Fue idea de una madre que buscaba una alternativa a los parques de juegos para sus 2&hellip;\",\"display_excerpt\":\"1\",\"photo\":\"https:\\\/\\\/www.anglet-tourisme.com\\\/wp-content\\\/uploads\\\/tis\\\/Grenadine-et-crayonnade-1-2.jpg\",\"clas\":null,\"btn_label\":\"Ver m\\u00e1s\",\"btn_class\":null,\"durable\":false,\"charte\":\"\",\"durable_label\":\"Desarrollo sostenible\",\"online_bookable\":\"Reservas en l\\u00ednea\",\"price_from\":false,\"tags\":[{\"object_tag_id\":\"279132\",\"syndicObjectID\":\"LOIAQU064V506CCL\",\"tag_id\":\"2\",\"subtag_id\":\"31\",\"field\":\"Aire de jeux pour enfants\"},{\"object_tag_id\":\"279133\",\"syndicObjectID\":\"LOIAQU064V506CCL\",\"tag_id\":\"2\",\"subtag_id\":\"31\",\"field\":\"Club enfants\"}],\"type\":\"Place\"}},{\"geometry\":{\"type\":\"Point\",\"coordinates\":[-1.52345,43.5212]},\"type\":\"Feature\",\"id\":\"LOIAQU064V5ATF5D\",\"properties\":{\"objectTypeCode\":\"LOI\",\"name\":\"Le Lagon\",\"marker_id\":\"LOIAQU064V5ATF5D\",\"commune\":\"ANGLET\",\"display_city\":\"1\",\"cp\":\"64600\",\"ad1\":\"153 boulevard des Plages\",\"gmapLongitude\":-1.52345,\"gmapLatitude\":43.5212,\"zone1\":null,\"telephone\":\"+33 5 59 52 75 72\",\"detail_url\":\"https:\\\/\\\/www.anglet-tourisme.com\\\/es\\\/en-movimiento-en-anglet\\\/actividades\\\/anglet\\\/LOIAQU064V5ATF5D-le-lagon\\\/\",\"excerpt\":\"350 m\\u00b2 de agua de mar climatizada. Basta con un par de ba\\u00f1os para pasar de la piscina cubierta a la exterior. Venga a disfrutar de los chorros de masaje, un recorrido&hellip;\",\"display_excerpt\":\"1\",\"photo\":\"https:\\\/\\\/www.anglet-tourisme.com\\\/wp-content\\\/uploads\\\/tis\\\/thalassotherapie-atlanthal-06.jpg\",\"clas\":null,\"btn_label\":\"Ver m\\u00e1s\",\"btn_class\":null,\"durable\":false,\"charte\":\"\",\"durable_label\":\"Desarrollo sostenible\",\"online_bookable\":false,\"price_from\":false,\"tags\":[{\"object_tag_id\":\"279141\",\"syndicObjectID\":\"LOIAQU064V5ATF5D\",\"tag_id\":\"6\",\"subtag_id\":\"16\",\"field\":\"Bien-\\u00eatre\"},{\"object_tag_id\":\"279142\",\"syndicObjectID\":\"LOIAQU064V5ATF5D\",\"tag_id\":\"6\",\"subtag_id\":\"91\",\"field\":\"Thalassoth\\u00e9rapie\"}],\"type\":\"Place\"}},{\"geometry\":{\"type\":\"Point\",\"coordinates\":[-1.52918,43.4945]},\"type\":\"Feature\",\"id\":\"LOIAQU064V5BRFA1\",\"properties\":{\"objectTypeCode\":\"LOI\",\"name\":\"Halles Biltoki Anglet\",\"marker_id\":\"LOIAQU064V5BRFA1\",\"commune\":\"ANGLET\",\"display_city\":\"1\",\"cp\":\"64600\",\"ad1\":\"11 rue Paul Courbin\",\"gmapLongitude\":-1.52918,\"gmapLatitude\":43.4945,\"zone1\":null,\"telephone\":\"+33 5 59 29 97 43\",\"detail_url\":\"https:\\\/\\\/www.anglet-tourisme.com\\\/es\\\/en-movimiento-en-anglet\\\/actividades\\\/anglet\\\/LOIAQU064V5BRFA1-halles-biltoki-anglet\\\/\",\"excerpt\":\"Adoradas por los lugare\\u00f1os y los numerosos turistas, Les Halles des 5 Cantons pueden presumir de ser un lugar imprescindible en Anglet. No solo podr\\u00e1 hacer la compra, sino tambi\\u00e9n pasar un&hellip;\",\"display_excerpt\":\"1\",\"photo\":\"https:\\\/\\\/www.anglet-tourisme.com\\\/wp-content\\\/uploads\\\/tis\\\/halles-5-cantons-Biltoki-02-4.jpg\",\"clas\":null,\"btn_label\":\"Ver m\\u00e1s\",\"btn_class\":null,\"durable\":false,\"charte\":\"\",\"durable_label\":\"Desarrollo sostenible\",\"online_bookable\":\"Reservas en l\\u00ednea\",\"price_from\":false,\"tags\":[{\"object_tag_id\":\"279145\",\"syndicObjectID\":\"LOIAQU064V5BRFA1\",\"tag_id\":\"10\",\"subtag_id\":\"13\",\"field\":\"March\\u00e9 couvert\"}],\"type\":\"Place\"}},{\"geometry\":{\"type\":\"Point\",\"coordinates\":[-1.52438,43.5138]},\"type\":\"Feature\",\"id\":\"LOIAQU064V5BU25A\",\"properties\":{\"objectTypeCode\":\"LOI\",\"name\":\"Spa Maison Chiberta\",\"marker_id\":\"LOIAQU064V5BU25A\",\"commune\":\"ANGLET\",\"display_city\":\"1\",\"cp\":\"64600\",\"ad1\":\"Maison Chiberta\",\"gmapLongitude\":-1.52438,\"gmapLatitude\":43.5138,\"zone1\":null,\"telephone\":\"+33 5 64 11 62 30\",\"detail_url\":\"https:\\\/\\\/www.anglet-tourisme.com\\\/es\\\/en-movimiento-en-anglet\\\/actividades\\\/anglet\\\/LOIAQU064V5BU25A-spa-maison-chiberta\\\/\",\"excerpt\":\"Masajes, sauna, hammam... el spa de 300 m\\u00b2 completamente renovado le invita a dejarse llevar en una decoraci\\u00f3n de l\\u00edneas puras. Le esperan tres salas de tratamientos, donde podr\\u00e1 disfrutar de rituales&hellip;\",\"display_excerpt\":\"1\",\"photo\":\"https:\\\/\\\/www.anglet-tourisme.com\\\/wp-content\\\/uploads\\\/tis\\\/Spa--2--3.jpg\",\"clas\":null,\"btn_label\":\"Ver m\\u00e1s\",\"btn_class\":null,\"durable\":false,\"charte\":\"\",\"durable_label\":\"Desarrollo sostenible\",\"online_bookable\":\"Reservas en l\\u00ednea\",\"price_from\":false,\"tags\":[{\"object_tag_id\":\"279149\",\"syndicObjectID\":\"LOIAQU064V5BU25A\",\"tag_id\":\"6\",\"subtag_id\":\"16\",\"field\":\"Bien-\\u00eatre\"},{\"object_tag_id\":\"279151\",\"syndicObjectID\":\"LOIAQU064V5BU25A\",\"tag_id\":\"6\",\"subtag_id\":\"16\",\"field\":\"Salle de remise en forme\"},{\"object_tag_id\":\"279150\",\"syndicObjectID\":\"LOIAQU064V5BU25A\",\"tag_id\":\"5\",\"subtag_id\":\"149\",\"field\":\"Piscine\"}],\"type\":\"Place\"}},{\"geometry\":{\"type\":\"Point\",\"coordinates\":[-1.52991,43.4626]},\"type\":\"Feature\",\"id\":\"LOIAQU064V5BY56X\",\"properties\":{\"objectTypeCode\":\"LOI\",\"name\":\"Le Spa de Brindos\",\"marker_id\":\"LOIAQU064V5BY56X\",\"commune\":\"ANGLET\",\"display_city\":\"1\",\"cp\":\"64600\",\"ad1\":\"1 all\\u00e9e du Ch\\u00e2teau\",\"gmapLongitude\":-1.52991,\"gmapLatitude\":43.4626,\"zone1\":null,\"telephone\":\"+33 5 59 51 53 63\",\"detail_url\":\"https:\\\/\\\/www.anglet-tourisme.com\\\/es\\\/en-movimiento-en-anglet\\\/actividades\\\/anglet\\\/LOIAQU064V5BY56X-le-spa-de-brindos\\\/\",\"excerpt\":\"Bienvenido al Spa de Brindos, un lugar encantado en un marco excepcional. Ofreciendo una experiencia \\u00fanica y personalizada, este spa est\\u00e1 abierto a los hu\\u00e9spedes de fuera del hotel. Disfrute de tratamientos&hellip;\",\"display_excerpt\":\"1\",\"photo\":\"https:\\\/\\\/www.anglet-tourisme.com\\\/wp-content\\\/uploads\\\/tis\\\/Le-Spa-de-Brindos-01.jpg\",\"clas\":null,\"btn_label\":\"Ver m\\u00e1s\",\"btn_class\":null,\"durable\":false,\"charte\":\"\",\"durable_label\":\"Desarrollo sostenible\",\"online_bookable\":\"Reservas en l\\u00ednea\",\"price_from\":false,\"tags\":[{\"object_tag_id\":\"279153\",\"syndicObjectID\":\"LOIAQU064V5BY56X\",\"tag_id\":\"6\",\"subtag_id\":\"16\",\"field\":\"Bien-\\u00eatre\"},{\"object_tag_id\":\"279154\",\"syndicObjectID\":\"LOIAQU064V5BY56X\",\"tag_id\":\"6\",\"subtag_id\":\"16\",\"field\":\"Salle de remise en forme\"}],\"type\":\"Place\"}},{\"geometry\":{\"type\":\"Point\",\"coordinates\":[-1.50164,43.5212]},\"type\":\"Feature\",\"id\":\"LOIAQU064V5C7RDU\",\"properties\":{\"objectTypeCode\":\"LOI\",\"name\":\"Halles de Blancpignon\",\"marker_id\":\"LOIAQU064V5C7RDU\",\"commune\":\"ANGLET\",\"display_city\":\"1\",\"cp\":\"64600\",\"ad1\":\"96 avenue de l'Adour\",\"gmapLongitude\":-1.50164,\"gmapLatitude\":43.5212,\"zone1\":null,\"telephone\":\"+33 5 59 03 13 67#+33 5 59 42 18 94#+33 9 79 31 80 78\",\"detail_url\":\"https:\\\/\\\/www.anglet-tourisme.com\\\/es\\\/en-movimiento-en-anglet\\\/actividades\\\/anglet\\\/LOIAQU064V5C7RDU-halles-de-blancpignon\\\/\",\"excerpt\":\"\\u00a1Autenticidad a la vista en el barrio! Las Halles de Blancpignon, m\\u00e1s \\u00edntimas, cultivan el esp\\u00edritu de proximidad. Aqu\\u00ed, los habitantes del barrio vienen a abastecerse de productos de calidad. En la&hellip;\",\"display_excerpt\":\"1\",\"photo\":\"https:\\\/\\\/www.anglet-tourisme.com\\\/wp-content\\\/uploads\\\/tis\\\/Le-Terroir-des-Halles-04-2.jpg\",\"clas\":null,\"btn_label\":\"Ver m\\u00e1s\",\"btn_class\":null,\"durable\":false,\"charte\":\"\",\"durable_label\":\"Desarrollo sostenible\",\"online_bookable\":false,\"price_from\":false,\"tags\":[{\"object_tag_id\":\"279161\",\"syndicObjectID\":\"LOIAQU064V5C7RDU\",\"tag_id\":\"10\",\"subtag_id\":\"13\",\"field\":\"March\\u00e9 couvert\"}],\"type\":\"Place\"}},{\"geometry\":{\"type\":\"Point\",\"coordinates\":[-1.50206,43.4981]},\"type\":\"Feature\",\"id\":\"PCUAQU064V5BBXJJ\",\"properties\":{\"objectTypeCode\":\"PCU\",\"name\":\"Coutellerie basque Talaia\",\"marker_id\":\"PCUAQU064V5BBXJJ\",\"commune\":\"ANGLET\",\"display_city\":\"1\",\"cp\":\"64600\",\"ad1\":\"12 impasse Ernest Lannebere\",\"gmapLongitude\":-1.50206,\"gmapLatitude\":43.4981,\"zone1\":null,\"telephone\":\"\",\"detail_url\":\"https:\\\/\\\/www.anglet-tourisme.com\\\/es\\\/en-movimiento-en-anglet\\\/actividades\\\/anglet\\\/PCUAQU064V5BBXJJ-coutellerie-basque-talaia\\\/\",\"excerpt\":\"En su taller-tienda situado en el barrio de Montbrun, el apasionado artesano Eric Burel-Etchegoin crea y expone sus numerosas creaciones. All\\u00ed fabrica cuchillos artesanales de elegante dise\\u00f1o, con mangos de madera o&hellip;\",\"display_excerpt\":\"1\",\"photo\":\"https:\\\/\\\/www.anglet-tourisme.com\\\/wp-content\\\/uploads\\\/tis\\\/TALAIA-coutellerie--basque-artisanale-anglet-pays-basque-1.jpg\",\"clas\":null,\"btn_label\":\"Ver m\\u00e1s\",\"btn_class\":null,\"durable\":false,\"charte\":\"\",\"durable_label\":\"Desarrollo sostenible\",\"online_bookable\":\"Reservas en l\\u00ednea\",\"price_from\":false,\"tags\":[{\"object_tag_id\":\"279171\",\"syndicObjectID\":\"PCUAQU064V5BBXJJ\",\"tag_id\":\"10\",\"subtag_id\":\"10\",\"field\":\"Artisan d'art\"}],\"type\":\"Place\"}},{\"geometry\":{\"type\":\"Point\",\"coordinates\":[-1.515,43.5029]},\"type\":\"Feature\",\"id\":\"PCUAQU064V5BSCUA\",\"properties\":{\"objectTypeCode\":\"PCU\",\"name\":\"Les Compagnons du Tour de France\",\"marker_id\":\"PCUAQU064V5BSCUA\",\"commune\":\"ANGLET\",\"display_city\":\"1\",\"cp\":\"64600\",\"ad1\":\"94 avenue de Montbrun\",\"gmapLongitude\":-1.515,\"gmapLatitude\":43.5029,\"zone1\":null,\"telephone\":\"+33 5 59 52 72 38\",\"detail_url\":\"https:\\\/\\\/www.anglet-tourisme.com\\\/es\\\/en-movimiento-en-anglet\\\/actividades\\\/anglet\\\/PCUAQU064V5BSCUA-les-compagnons-du-tour-de-france\\\/\",\"excerpt\":\"El \\\"Carr\\u00e9 d'Expression\\\" de los Compagnons d'Anglet alberga una exposici\\u00f3n permanente de las obras maestras de los Compagnons. Tambi\\u00e9n est\\u00e1 abierto a exposiciones puntuales, lo que confiere a la sede de los&hellip;\",\"display_excerpt\":\"1\",\"photo\":\"https:\\\/\\\/www.anglet-tourisme.com\\\/wp-content\\\/uploads\\\/tis\\\/Les-Compagnons-06-Les-Compagnons.jpg\",\"clas\":null,\"btn_label\":\"Ver m\\u00e1s\",\"btn_class\":null,\"durable\":false,\"charte\":\"\",\"durable_label\":\"Desarrollo sostenible\",\"online_bookable\":\"Reservas en l\\u00ednea\",\"price_from\":false,\"tags\":[{\"object_tag_id\":\"279173\",\"syndicObjectID\":\"PCUAQU064V5BSCUA\",\"tag_id\":\"10\",\"subtag_id\":\"22\",\"field\":\"Centre d'interpr\\u00e9tation\"}],\"type\":\"Place\"}},{\"geometry\":{\"type\":\"Point\",\"coordinates\":[-1.53584,43.5034]},\"type\":\"Feature\",\"id\":\"PCUAQU064V5BTEAO\",\"properties\":{\"objectTypeCode\":\"PCU\",\"name\":\"Maison Mamas Joaillerie\",\"marker_id\":\"PCUAQU064V5BTEAO\",\"commune\":\"ANGLET\",\"display_city\":\"1\",\"cp\":\"64600\",\"ad1\":\"38 boulevard des Plages\",\"gmapLongitude\":-1.53584,\"gmapLatitude\":43.5034,\"zone1\":null,\"telephone\":\"+33 5 35 45 94 52\",\"detail_url\":\"https:\\\/\\\/www.anglet-tourisme.com\\\/es\\\/en-movimiento-en-anglet\\\/actividades\\\/anglet\\\/PCUAQU064V5BTEAO-maison-mamas-joaillerie\\\/\",\"excerpt\":\"Maison Mamas es una empresa de joyer\\u00eda con sede en Anglet, formada por C\\u00e9lia, joyera y gem\\u00f3loga, y Justine, directora creativa. Fabricamos todas nuestras joyas en nuestro propio taller. En nuestro escaparate&hellip;\",\"display_excerpt\":\"1\",\"photo\":\"https:\\\/\\\/www.anglet-tourisme.com\\\/wp-content\\\/uploads\\\/tis\\\/maison-mamas-01.jpg\",\"clas\":null,\"btn_label\":\"Ver m\\u00e1s\",\"btn_class\":null,\"durable\":false,\"charte\":\"\",\"durable_label\":\"Desarrollo sostenible\",\"online_bookable\":\"Reservas en l\\u00ednea\",\"price_from\":false,\"tags\":[{\"object_tag_id\":\"279175\",\"syndicObjectID\":\"PCUAQU064V5BTEAO\",\"tag_id\":\"10\",\"subtag_id\":\"10\",\"field\":\"Artisan d'art\"}],\"type\":\"Place\"}},{\"geometry\":{\"type\":\"Point\",\"coordinates\":[-1.53389,43.4657]},\"type\":\"Feature\",\"id\":\"ASCAQU064FS00019\",\"properties\":{\"objectTypeCode\":\"ASC\",\"name\":\"A\\u00e9roclub Basque\",\"marker_id\":\"ASCAQU064FS00019\",\"commune\":\"ANGLET\",\"display_city\":\"1\",\"cp\":\"64600\",\"ad1\":\"3 all\\u00e9e des A\\u00e9roclubs\",\"gmapLongitude\":-1.53389,\"gmapLatitude\":43.4657,\"zone1\":null,\"telephone\":\"+33 5 59 23 93 79\",\"detail_url\":\"https:\\\/\\\/www.anglet-tourisme.com\\\/es\\\/en-movimiento-en-anglet\\\/actividades\\\/anglet\\\/ASCAQU064FS00019-aeroclub-basque\\\/\",\"excerpt\":\"Bautismo del aire, escuela de pilotos, aviones y ULM. Salida de Anglet: Aer\\u00f3dromo de Parme.\",\"display_excerpt\":\"1\",\"photo\":\"https:\\\/\\\/www.anglet-tourisme.com\\\/wp-content\\\/uploads\\\/tis\\\/Aeroclub-Basque-1.jpg\",\"clas\":null,\"btn_label\":\"Ver m\\u00e1s\",\"btn_class\":null,\"durable\":false,\"charte\":\"\",\"durable_label\":\"Desarrollo sostenible\",\"online_bookable\":false,\"price_from\":false,\"tags\":[{\"object_tag_id\":\"278874\",\"syndicObjectID\":\"ASCAQU064FS00019\",\"tag_id\":\"2\",\"subtag_id\":\"164\",\"field\":\"Avion de tourisme\"},{\"object_tag_id\":\"278875\",\"syndicObjectID\":\"ASCAQU064FS00019\",\"tag_id\":\"2\",\"subtag_id\":\"164\",\"field\":\"ULM\"}],\"type\":\"Place\"}},{\"geometry\":{\"type\":\"Point\",\"coordinates\":[-1.53877,43.5034]},\"type\":\"Feature\",\"id\":\"ASCAQU064FS00059\",\"properties\":{\"objectTypeCode\":\"ASC\",\"name\":\"Ecole de Surf C\\u00f4te Fran\\u00e7aise Anglet\",\"marker_id\":\"ASCAQU064FS00059\",\"commune\":\"ANGLET\",\"display_city\":\"1\",\"cp\":\"64600\",\"ad1\":\"Plage de Marinella\",\"gmapLongitude\":-1.53877,\"gmapLatitude\":43.5034,\"zone1\":null,\"telephone\":\"\",\"detail_url\":\"https:\\\/\\\/www.anglet-tourisme.com\\\/es\\\/en-movimiento-en-anglet\\\/actividades\\\/anglet\\\/ASCAQU064FS00059-ecole-de-surf-cote-francaise-anglet\\\/\",\"excerpt\":\"Surf y bodyboarding para adultos y ni\\u00f1os en la playa de Marinella. Disfrute, venga a hacer surf con total seguridad, con monitores con t\\u00edtulos oficiales del estado. De iniciaci\\u00f3n a perfeccionamiento, le&hellip;\",\"display_excerpt\":\"1\",\"photo\":\"https:\\\/\\\/www.anglet-tourisme.com\\\/wp-content\\\/uploads\\\/tis\\\/ESCF-ANGLET.jpg\",\"clas\":null,\"btn_label\":\"Ver m\\u00e1s\",\"btn_class\":null,\"durable\":false,\"charte\":\"\",\"durable_label\":\"Desarrollo sostenible\",\"online_bookable\":false,\"price_from\":false,\"tags\":[{\"object_tag_id\":\"278879\",\"syndicObjectID\":\"ASCAQU064FS00059\",\"tag_id\":\"5\",\"subtag_id\":\"89\",\"field\":\"Bodyboard\"},{\"object_tag_id\":\"278878\",\"syndicObjectID\":\"ASCAQU064FS00059\",\"tag_id\":\"5\",\"subtag_id\":\"89\",\"field\":\"Surf\"}],\"type\":\"Place\"}},{\"geometry\":{\"type\":\"Point\",\"coordinates\":[-1.53729,43.506]},\"type\":\"Feature\",\"id\":\"ASCAQU064FS0005A\",\"properties\":{\"objectTypeCode\":\"ASC\",\"name\":\"Ecole de Surf Uhaina\",\"marker_id\":\"ASCAQU064FS0005A\",\"commune\":\"ANGLET\",\"display_city\":\"1\",\"cp\":\"64600\",\"ad1\":\"Plage des Corsaires\",\"gmapLongitude\":-1.53729,\"gmapLatitude\":43.506,\"zone1\":null,\"telephone\":\"\",\"detail_url\":\"https:\\\/\\\/www.anglet-tourisme.com\\\/es\\\/en-movimiento-en-anglet\\\/actividades\\\/anglet\\\/ASCAQU064FS0005A-ecole-de-surf-uhaina\\\/\",\"excerpt\":\"Escuela de surf Uhaina, en la playa de Corsaires, situada en un litoral vigilado de 4,5 km. Las mejores olas de la Costa Vasca. Ideal para aprender a hacer surf con total&hellip;\",\"display_excerpt\":\"1\",\"photo\":\"https:\\\/\\\/www.anglet-tourisme.com\\\/wp-content\\\/uploads\\\/tis\\\/ECOLE-UHAINA-01.jpg\",\"clas\":null,\"btn_label\":\"Ver m\\u00e1s\",\"btn_class\":null,\"durable\":false,\"charte\":\"\",\"durable_label\":\"Desarrollo sostenible\",\"online_bookable\":false,\"price_from\":false,\"tags\":[{\"object_tag_id\":\"278889\",\"syndicObjectID\":\"ASCAQU064FS0005A\",\"tag_id\":\"5\",\"subtag_id\":\"89\",\"field\":\"Bodyboard\"},{\"object_tag_id\":\"278888\",\"syndicObjectID\":\"ASCAQU064FS0005A\",\"tag_id\":\"5\",\"subtag_id\":\"89\",\"field\":\"Surf\"}],\"type\":\"Place\"}},{\"geometry\":{\"type\":\"Point\",\"coordinates\":[-1.53974,43.5027]},\"type\":\"Feature\",\"id\":\"ASCAQU064FS0005C\",\"properties\":{\"objectTypeCode\":\"ASC\",\"name\":\"Le Club de la Glisse\",\"marker_id\":\"ASCAQU064FS0005C\",\"commune\":\"ANGLET\",\"display_city\":\"1\",\"cp\":\"64604\",\"ad1\":\"Plage de Marinella\",\"gmapLongitude\":-1.53974,\"gmapLatitude\":43.5027,\"zone1\":null,\"telephone\":\"\",\"detail_url\":\"https:\\\/\\\/www.anglet-tourisme.com\\\/es\\\/en-movimiento-en-anglet\\\/actividades\\\/anglet\\\/ASCAQU064FS0005C-le-club-de-la-glisse\\\/\",\"excerpt\":\"Escuela de surf homologada por la Federaci\\u00f3n Francesa de Surf (junio de 2000). Entrega de diploma FFS (primera espuma, Ola de bronce, plata u oro), a partir del 4\\u00ba curso. De iniciaci\\u00f3n&hellip;\",\"display_excerpt\":\"1\",\"photo\":\"https:\\\/\\\/www.anglet-tourisme.com\\\/wp-content\\\/uploads\\\/tis\\\/7surf.jpg\",\"clas\":null,\"btn_label\":\"Ver m\\u00e1s\",\"btn_class\":null,\"durable\":false,\"charte\":\"\",\"durable_label\":\"Desarrollo sostenible\",\"online_bookable\":false,\"price_from\":false,\"tags\":[{\"object_tag_id\":\"278894\",\"syndicObjectID\":\"ASCAQU064FS0005C\",\"tag_id\":\"5\",\"subtag_id\":\"89\",\"field\":\"Bodyboard\"},{\"object_tag_id\":\"278895\",\"syndicObjectID\":\"ASCAQU064FS0005C\",\"tag_id\":\"5\",\"subtag_id\":\"89\",\"field\":\"Stand-up-paddle-board\"},{\"object_tag_id\":\"278893\",\"syndicObjectID\":\"ASCAQU064FS0005C\",\"tag_id\":\"5\",\"subtag_id\":\"89\",\"field\":\"Surf\"}],\"type\":\"Place\"}},{\"geometry\":{\"type\":\"Point\",\"coordinates\":[-1.54143,43.501]},\"type\":\"Feature\",\"id\":\"ASCAQU064FS0009R\",\"properties\":{\"objectTypeCode\":\"ASC\",\"name\":\"Wa\\u00efmea Surf School\",\"marker_id\":\"ASCAQU064FS0009R\",\"commune\":\"ANGLET\",\"display_city\":\"1\",\"cp\":\"64600\",\"ad1\":\"3 esplanade des Gascons\",\"gmapLongitude\":-1.54143,\"gmapLatitude\":43.501,\"zone1\":null,\"telephone\":\"\",\"detail_url\":\"https:\\\/\\\/www.anglet-tourisme.com\\\/es\\\/en-movimiento-en-anglet\\\/actividades\\\/anglet\\\/ASCAQU064FS0009R-waimea-surf-school\\\/\",\"excerpt\":\"Escuela francesa de Surf. Lugares de pr\\u00e1ctica: Playas de Anglet y de la Costa Vasca. Situada en la playa Sables d\\u2019Or, frente a la oficina de turismo, la escuela de surf Freestyle&hellip;\",\"display_excerpt\":\"1\",\"photo\":\"https:\\\/\\\/www.anglet-tourisme.com\\\/wp-content\\\/uploads\\\/tis\\\/Waimea-Surf-School-03.jpg\",\"clas\":null,\"btn_label\":\"Ver m\\u00e1s\",\"btn_class\":null,\"durable\":false,\"charte\":\"\",\"durable_label\":\"Desarrollo sostenible\",\"online_bookable\":false,\"price_from\":false,\"tags\":[{\"object_tag_id\":\"278930\",\"syndicObjectID\":\"ASCAQU064FS0009R\",\"tag_id\":\"5\",\"subtag_id\":\"89\",\"field\":\"Surf\"}],\"type\":\"Place\"}},{\"geometry\":{\"type\":\"Point\",\"coordinates\":[-1.51001,43.5263]},\"type\":\"Feature\",\"id\":\"ASCAQU064FS000AD\",\"properties\":{\"objectTypeCode\":\"ASC\",\"name\":\"Yacht Club Adour Atlantique\",\"marker_id\":\"ASCAQU064FS000AD\",\"commune\":\"ANGLET\",\"display_city\":\"1\",\"cp\":\"64600\",\"ad1\":\"118 avenue de l'Adour\",\"gmapLongitude\":-1.51001,\"gmapLatitude\":43.5263,\"zone1\":null,\"telephone\":\"+33 5 59 63 60 31\",\"detail_url\":\"https:\\\/\\\/www.anglet-tourisme.com\\\/es\\\/en-movimiento-en-anglet\\\/actividades\\\/anglet\\\/ASCAQU064FS000AD-yacht-club-adour-atlantique\\\/\",\"excerpt\":\"Pesca de mar en barco. Establecimiento autorizado de formaci\\u00f3n para obtener licencias de barco: permiso costero, permiso costero certificado y limitado de radiotelefon\\u00eda. Escuela federal de pesca para j\\u00f3venes y adultos. Salidas&hellip;\",\"display_excerpt\":\"1\",\"photo\":\"https:\\\/\\\/www.anglet-tourisme.com\\\/wp-content\\\/uploads\\\/tis\\\/Yacht-Club-Peche.jpg\",\"clas\":null,\"btn_label\":\"Ver m\\u00e1s\",\"btn_class\":null,\"durable\":false,\"charte\":\"\",\"durable_label\":\"Desarrollo sostenible\",\"online_bookable\":false,\"price_from\":false,\"tags\":[{\"object_tag_id\":\"278935\",\"syndicObjectID\":\"ASCAQU064FS000AD\",\"tag_id\":\"3\",\"subtag_id\":\"63\",\"field\":\"P\\u00eache en mer\"}],\"type\":\"Place\"}},{\"geometry\":{\"type\":\"Point\",\"coordinates\":[-1.54193,43.5004]},\"type\":\"Feature\",\"id\":\"ASCAQU064FS000DT\",\"properties\":{\"objectTypeCode\":\"ASC\",\"name\":\"John and Tim Surf School\",\"marker_id\":\"ASCAQU064FS000DT\",\"commune\":\"ANGLET\",\"display_city\":\"1\",\"cp\":\"64600\",\"ad1\":\"John Larcher & Tim Creignou\",\"gmapLongitude\":-1.54193,\"gmapLatitude\":43.5004,\"zone1\":null,\"telephone\":\"\",\"detail_url\":\"https:\\\/\\\/www.anglet-tourisme.com\\\/es\\\/en-movimiento-en-anglet\\\/actividades\\\/anglet\\\/ASCAQU064FS000DT-john-and-tim-surf-school\\\/\",\"excerpt\":\"Curso exclusivo para los mejores momentos de la marea, para mayor seguridad y, sobre todo, para garantizar cursos de calidad.\",\"display_excerpt\":\"1\",\"photo\":\"https:\\\/\\\/www.anglet-tourisme.com\\\/wp-content\\\/uploads\\\/tis\\\/John-and-Tim-Surf-School-04.jpg\",\"clas\":null,\"btn_label\":\"Ver m\\u00e1s\",\"btn_class\":null,\"durable\":false,\"charte\":\"\",\"durable_label\":\"Desarrollo sostenible\",\"online_bookable\":false,\"price_from\":false,\"tags\":[{\"object_tag_id\":\"278941\",\"syndicObjectID\":\"ASCAQU064FS000DT\",\"tag_id\":\"5\",\"subtag_id\":\"89\",\"field\":\"Stand-up-paddle-board\"},{\"object_tag_id\":\"278940\",\"syndicObjectID\":\"ASCAQU064FS000DT\",\"tag_id\":\"5\",\"subtag_id\":\"89\",\"field\":\"Surf\"}],\"type\":\"Place\"}},{\"geometry\":{\"type\":\"Point\",\"coordinates\":[-1.5147,43.4814]},\"type\":\"Feature\",\"id\":\"ASCAQU064FS000FI\",\"properties\":{\"objectTypeCode\":\"ASC\",\"name\":\"Bike Atlantic\",\"marker_id\":\"ASCAQU064FS000FI\",\"commune\":\"ANGLET\",\"display_city\":\"1\",\"cp\":\"64600\",\"ad1\":\"\",\"gmapLongitude\":-1.5147,\"gmapLatitude\":43.4814,\"zone1\":null,\"telephone\":\"\",\"detail_url\":\"https:\\\/\\\/www.anglet-tourisme.com\\\/es\\\/en-movimiento-en-anglet\\\/actividades\\\/anglet\\\/ASCAQU064FS000FI-bike-atlantic\\\/\",\"excerpt\":\"Alquiler de bicicletas todo terreno y bicicletas de carrera. Excursiones en bicicleta y circuitos personalizados en el Pa\\u00eds Vasco, Las Landas y B\\u00e9arn: > Entrega y recogida en el lugar de alojamiento&hellip;\",\"display_excerpt\":\"1\",\"photo\":\"https:\\\/\\\/www.anglet-tourisme.com\\\/wp-content\\\/uploads\\\/tis\\\/Location-velo-sur-la-Cote-Basque.jpg\",\"clas\":null,\"btn_label\":\"Ver m\\u00e1s\",\"btn_class\":null,\"durable\":false,\"charte\":\"\",\"durable_label\":\"Desarrollo sostenible\",\"online_bookable\":false,\"price_from\":false,\"tags\":[{\"object_tag_id\":\"278956\",\"syndicObjectID\":\"ASCAQU064FS000FI\",\"tag_id\":\"3\",\"subtag_id\":\"4\",\"field\":\"Cyclotourisme\"}],\"type\":\"Place\"}},{\"geometry\":{\"type\":\"Point\",\"coordinates\":[-1.52257,43.5263]},\"type\":\"Feature\",\"id\":\"ASCAQU064FS000FN\",\"properties\":{\"objectTypeCode\":\"ASC\",\"name\":\"Anglet Olympique Cano\\u00eb Kayak\",\"marker_id\":\"ASCAQU064FS000FN\",\"commune\":\"ANGLET\",\"display_city\":\"1\",\"cp\":\"64600\",\"ad1\":\"297 avenue de l'Adour\",\"gmapLongitude\":-1.52257,\"gmapLatitude\":43.5263,\"zone1\":null,\"telephone\":\"\",\"detail_url\":\"https:\\\/\\\/www.anglet-tourisme.com\\\/es\\\/en-movimiento-en-anglet\\\/actividades\\\/anglet\\\/ASCAQU064FS000FN-anglet-olympique-canoe-kayak\\\/\",\"excerpt\":\"Situado en la playa de La Barre (entre la pista de patinaje y el parque de skate), en la desembocadura del Adour, el equipo del club le propone actividades mar\\u00edtimas para todos&hellip;\",\"display_excerpt\":\"1\",\"photo\":\"https:\\\/\\\/www.anglet-tourisme.com\\\/wp-content\\\/uploads\\\/tis\\\/AOCK-11.jpg\",\"clas\":null,\"btn_label\":\"Ver m\\u00e1s\",\"btn_class\":null,\"durable\":false,\"charte\":\"\",\"durable_label\":\"Desarrollo sostenible\",\"online_bookable\":false,\"price_from\":false,\"tags\":[{\"object_tag_id\":\"278960\",\"syndicObjectID\":\"ASCAQU064FS000FN\",\"tag_id\":\"5\",\"subtag_id\":\"7\",\"field\":\"Kayak de mer\"},{\"object_tag_id\":\"278961\",\"syndicObjectID\":\"ASCAQU064FS000FN\",\"tag_id\":\"5\",\"subtag_id\":\"7\",\"field\":\"Wave-ski\"},{\"object_tag_id\":\"278962\",\"syndicObjectID\":\"ASCAQU064FS000FN\",\"tag_id\":\"5\",\"subtag_id\":\"89\",\"field\":\"Stand-up-paddle-board\"}],\"type\":\"Place\"}},{\"geometry\":{\"type\":\"Point\",\"coordinates\":[-1.52088,43.5146]},\"type\":\"Feature\",\"id\":\"ASCAQU064FS000FO\",\"properties\":{\"objectTypeCode\":\"ASC\",\"name\":\"Tennis Chiberta Country Club\",\"marker_id\":\"ASCAQU064FS000FO\",\"commune\":\"ANGLET\",\"display_city\":\"1\",\"cp\":\"64600\",\"ad1\":\"22 avenue du Lac\",\"gmapLongitude\":-1.52088,\"gmapLatitude\":43.5146,\"zone1\":null,\"telephone\":\"+33 5 59 63 83 58\",\"detail_url\":\"https:\\\/\\\/www.anglet-tourisme.com\\\/es\\\/en-movimiento-en-anglet\\\/actividades\\\/anglet\\\/ASCAQU064FS000FO-tennis-chiberta-country-club\\\/\",\"excerpt\":\"Las pistas de tenis de Chiberta se encuentran situadas en un marco excepcional, entre el bosque y el mar, en medio del campo de golf y en las orillas del lago. Se&hellip;\",\"display_excerpt\":\"1\",\"photo\":\"https:\\\/\\\/www.anglet-tourisme.com\\\/wp-content\\\/uploads\\\/tis\\\/Tennis-Chiberta-Anglet-1.jpg\",\"clas\":null,\"btn_label\":\"Ver m\\u00e1s\",\"btn_class\":null,\"durable\":false,\"charte\":\"\",\"durable_label\":\"Desarrollo sostenible\",\"online_bookable\":false,\"price_from\":false,\"tags\":[{\"object_tag_id\":\"278968\",\"syndicObjectID\":\"ASCAQU064FS000FO\",\"tag_id\":\"2\",\"subtag_id\":\"165\",\"field\":\"Tennis\"}],\"type\":\"Place\"}},{\"geometry\":{\"type\":\"Point\",\"coordinates\":[-1.49907,43.5143]},\"type\":\"Feature\",\"id\":\"ASCAQU064FS000FP\",\"properties\":{\"objectTypeCode\":\"ASC\",\"name\":\"SportBall Anglet SBA\",\"marker_id\":\"ASCAQU064FS000FP\",\"commune\":\"ANGLET\",\"display_city\":\"1\",\"cp\":\"64600\",\"ad1\":\"23 promenade du Prince Imp\\u00e9rial\",\"gmapLongitude\":-1.49907,\"gmapLatitude\":43.5143,\"zone1\":null,\"telephone\":\"+33 5 59 63 40 66\",\"detail_url\":\"https:\\\/\\\/www.anglet-tourisme.com\\\/es\\\/en-movimiento-en-anglet\\\/actividades\\\/anglet\\\/ASCAQU064FS000FP-sportball-anglet-sba\\\/\",\"excerpt\":\"Cerca de las playas y en los l\\u00edmites del bosque de Lazaret, le esperamos en un ambiente distendido y dedicado a los deportes de pelota y raqueta. All\\u00ed encontrar\\u00e1 squash, raquetbol (\\u00fanico&hellip;\",\"display_excerpt\":\"1\",\"photo\":\"https:\\\/\\\/www.anglet-tourisme.com\\\/wp-content\\\/uploads\\\/tis\\\/SBA-Sportball-Anglet.jpg\",\"clas\":null,\"btn_label\":\"Ver m\\u00e1s\",\"btn_class\":null,\"durable\":false,\"charte\":\"\",\"durable_label\":\"Desarrollo sostenible\",\"online_bookable\":false,\"price_from\":false,\"tags\":[{\"object_tag_id\":\"278972\",\"syndicObjectID\":\"ASCAQU064FS000FP\",\"tag_id\":\"2\",\"subtag_id\":\"165\",\"field\":\"Squash\"}],\"type\":\"Place\"}},{\"geometry\":{\"type\":\"Point\",\"coordinates\":[-1.54042,43.5016]},\"type\":\"Feature\",\"id\":\"ASCAQU064FS000FS\",\"properties\":{\"objectTypeCode\":\"ASC\",\"name\":\"Anglet Beach Bask\",\"marker_id\":\"ASCAQU064FS000FS\",\"commune\":\"ANGLET\",\"display_city\":\"1\",\"cp\":\"64600\",\"ad1\":\"7 esplanade des Gascons\",\"gmapLongitude\":-1.54042,\"gmapLatitude\":43.5016,\"zone1\":null,\"telephone\":\"\",\"detail_url\":\"https:\\\/\\\/www.anglet-tourisme.com\\\/es\\\/en-movimiento-en-anglet\\\/actividades\\\/anglet\\\/ASCAQU064FS000FS-anglet-beach-bask\\\/\",\"excerpt\":\"La playa de Sables d\\u2019Or est\\u00e1 equipada en temporada con una decena de campos permanentes de Voley Playa. En esa \\u00e9poca se convierte en el lugar de reuni\\u00f3n de todos los aficionados&hellip;\",\"display_excerpt\":\"1\",\"photo\":\"https:\\\/\\\/www.anglet-tourisme.com\\\/wp-content\\\/uploads\\\/tis\\\/anglet-beach-bask-01.jpg\",\"clas\":null,\"btn_label\":\"Ver m\\u00e1s\",\"btn_class\":null,\"durable\":false,\"charte\":\"\",\"durable_label\":\"Desarrollo sostenible\",\"online_bookable\":false,\"price_from\":false,\"tags\":[{\"object_tag_id\":\"278973\",\"syndicObjectID\":\"ASCAQU064FS000FS\",\"tag_id\":\"2\",\"subtag_id\":\"165\",\"field\":\"Beach-volley\"}],\"type\":\"Place\"}},{\"geometry\":{\"type\":\"Point\",\"coordinates\":[-1.51604,43.4802]},\"type\":\"Feature\",\"id\":\"ASCAQU064FS000KK\",\"properties\":{\"objectTypeCode\":\"ASC\",\"name\":\"Anglet Surf Spirit\",\"marker_id\":\"ASCAQU064FS000KK\",\"commune\":\"ANGLET\",\"display_city\":\"1\",\"cp\":\"64600\",\"ad1\":\"Plage de l'Oc\\u00e9an\",\"gmapLongitude\":-1.51604,\"gmapLatitude\":43.4802,\"zone1\":null,\"telephone\":\"\",\"detail_url\":\"https:\\\/\\\/www.anglet-tourisme.com\\\/es\\\/en-movimiento-en-anglet\\\/actividades\\\/anglet\\\/ASCAQU064FS000KK-anglet-surf-spirit\\\/\",\"excerpt\":\"Escuela de surf y bodyboarding Alquiler de material. Dispone de tablas adaptadas, combinaci\\u00f3n \\u201cshorty\\u201d e integral para todos los niveles: de principiante a competidor. Posibilidad de alojamiento a 500 m de la&hellip;\",\"display_excerpt\":\"1\",\"photo\":\"https:\\\/\\\/www.anglet-tourisme.com\\\/wp-content\\\/uploads\\\/tis\\\/ANGLET-SURF-SPIRIT-04-2.jpg\",\"clas\":null,\"btn_label\":\"Ver m\\u00e1s\",\"btn_class\":null,\"durable\":false,\"charte\":\"\",\"durable_label\":\"Desarrollo sostenible\",\"online_bookable\":false,\"price_from\":false,\"tags\":[{\"object_tag_id\":\"278977\",\"syndicObjectID\":\"ASCAQU064FS000KK\",\"tag_id\":\"5\",\"subtag_id\":\"89\",\"field\":\"Bodyboard\"},{\"object_tag_id\":\"278978\",\"syndicObjectID\":\"ASCAQU064FS000KK\",\"tag_id\":\"5\",\"subtag_id\":\"89\",\"field\":\"Stand-up-paddle-board\"},{\"object_tag_id\":\"278976\",\"syndicObjectID\":\"ASCAQU064FS000KK\",\"tag_id\":\"5\",\"subtag_id\":\"89\",\"field\":\"Surf\"}],\"type\":\"Place\"}},{\"geometry\":{\"type\":\"Point\",\"coordinates\":[-1.54548,43.4953]},\"type\":\"Feature\",\"id\":\"ASCAQU064FS000LC\",\"properties\":{\"objectTypeCode\":\"ASC\",\"name\":\"Promenade Littorale\",\"marker_id\":\"ASCAQU064FS000LC\",\"commune\":\"ANGLET\",\"display_city\":\"1\",\"cp\":\"64600\",\"ad1\":\"\",\"gmapLongitude\":-1.54548,\"gmapLatitude\":43.4953,\"zone1\":null,\"telephone\":\"+33 5 59 03 77 01\",\"detail_url\":\"https:\\\/\\\/www.anglet-tourisme.com\\\/es\\\/en-movimiento-en-anglet\\\/actividades\\\/anglet\\\/ASCAQU064FS000LC-promenade-littorale\\\/\",\"excerpt\":\"Las playas de Anglet se extienden a lo largo de 4,5 km de norte a sur y est\\u00e1n bordeadas por un paseo conocido como Promenade Littorale (Paseo Victor Mendiboure), que permite a&hellip;\",\"display_excerpt\":\"1\",\"photo\":\"https:\\\/\\\/www.anglet-tourisme.com\\\/wp-content\\\/uploads\\\/tis\\\/Promenade-Littorale-LM-04.jpg\",\"clas\":null,\"btn_label\":\"Ver m\\u00e1s\",\"btn_class\":null,\"durable\":false,\"charte\":\"\",\"durable_label\":\"Desarrollo sostenible\",\"online_bookable\":false,\"price_from\":false,\"tags\":[{\"object_tag_id\":\"278988\",\"syndicObjectID\":\"ASCAQU064FS000LC\",\"tag_id\":\"3\",\"subtag_id\":\"3\",\"field\":\"Randonn\\u00e9e p\\u00e9destre\"}],\"type\":\"Place\"}},{\"geometry\":{\"type\":\"Point\",\"coordinates\":[-1.54303,43.4949]},\"type\":\"Feature\",\"id\":\"ASCAQU064FS000NN\",\"properties\":{\"objectTypeCode\":\"ASC\",\"name\":\"Promenade des Falaises \",\"marker_id\":\"ASCAQU064FS000NN\",\"commune\":\"ANGLET\",\"display_city\":\"1\",\"cp\":\"64600\",\"ad1\":\"Esplanade Yves Brunaud - d\\u00e9part\",\"gmapLongitude\":-1.54303,\"gmapLatitude\":43.4949,\"zone1\":null,\"telephone\":\"+33 5 59 03 77 01\",\"detail_url\":\"https:\\\/\\\/www.anglet-tourisme.com\\\/es\\\/en-movimiento-en-anglet\\\/actividades\\\/anglet\\\/ASCAQU064FS000NN-promenade-des-falaises\\\/\",\"excerpt\":\"\",\"display_excerpt\":\"1\",\"photo\":\"https:\\\/\\\/www.anglet-tourisme.com\\\/wp-content\\\/uploads\\\/tis\\\/Love-Tower-I-Love-Anglet-1RIB1341--RiBLANC.jpg\",\"clas\":null,\"btn_label\":\"Ver m\\u00e1s\",\"btn_class\":null,\"durable\":false,\"charte\":\"\",\"durable_label\":\"Desarrollo sostenible\",\"online_bookable\":false,\"price_from\":false,\"tags\":[{\"object_tag_id\":\"278989\",\"syndicObjectID\":\"ASCAQU064FS000NN\",\"tag_id\":\"3\",\"subtag_id\":\"3\",\"field\":\"Randonn\\u00e9e p\\u00e9destre\"}],\"type\":\"Place\"}},{\"geometry\":{\"type\":\"Point\",\"coordinates\":[-1.51165,43.5034]},\"type\":\"Feature\",\"id\":\"ASCAQU064FS000NP\",\"properties\":{\"objectTypeCode\":\"ASC\",\"name\":\"Promenade en For\\u00eat\",\"marker_id\":\"ASCAQU064FS000NP\",\"commune\":\"ANGLET\",\"display_city\":\"1\",\"cp\":\"64600\",\"ad1\":\"For\\u00eat du Pignada\",\"gmapLongitude\":-1.51165,\"gmapLatitude\":43.5034,\"zone1\":null,\"telephone\":\"+33 5 59 03 77 01\",\"detail_url\":\"https:\\\/\\\/www.anglet-tourisme.com\\\/es\\\/en-movimiento-en-anglet\\\/actividades\\\/anglet\\\/ASCAQU064FS000NP-promenade-en-foret\\\/\",\"excerpt\":\"\\\"Ma e pignada per m'aida\\\": El mar y el bosque de pinos para ayudarme. El lema de Anglet refleja a la perfecci\\u00f3n la particularidad de la ciudad, punto de encuentro entre el&hellip;\",\"display_excerpt\":\"1\",\"photo\":\"https:\\\/\\\/www.anglet-tourisme.com\\\/wp-content\\\/uploads\\\/tis\\\/Running---I-love-Anglet-1RIB3195--RiBLANC.jpg\",\"clas\":null,\"btn_label\":\"Ver m\\u00e1s\",\"btn_class\":null,\"durable\":false,\"charte\":\"\",\"durable_label\":\"Desarrollo sostenible\",\"online_bookable\":false,\"price_from\":false,\"tags\":[{\"object_tag_id\":\"278990\",\"syndicObjectID\":\"ASCAQU064FS000NP\",\"tag_id\":\"3\",\"subtag_id\":\"3\",\"field\":\"Randonn\\u00e9e p\\u00e9destre\"}],\"type\":\"Place\"}},{\"geometry\":{\"type\":\"Point\",\"coordinates\":[-1.53548,43.4708]},\"type\":\"Feature\",\"id\":\"ASCAQU064FS000PJ\",\"properties\":{\"objectTypeCode\":\"ASC\",\"name\":\"Biarritz H\\u00e9licopt\\u00e8re\",\"marker_id\":\"ASCAQU064FS000PJ\",\"commune\":\"ANGLET\",\"display_city\":\"1\",\"cp\":\"64600\",\"ad1\":\"A\\u00e9roport de Biarritz Pays Basque\",\"gmapLongitude\":-1.53548,\"gmapLatitude\":43.4708,\"zone1\":null,\"telephone\":\"+33 5 59 23 78 20\",\"detail_url\":\"https:\\\/\\\/www.anglet-tourisme.com\\\/es\\\/en-movimiento-en-anglet\\\/actividades\\\/anglet\\\/ASCAQU064FS000PJ-biarritz-helicoptere\\\/\",\"excerpt\":\"Descubrimiento del Pa\\u00eds Vasco, Las Landas, los Pirineos... y circuitos por etapas: de golf, gastron\\u00f3micos y culturales.\",\"display_excerpt\":\"1\",\"photo\":\"https:\\\/\\\/www.anglet-tourisme.com\\\/wp-content\\\/uploads\\\/tis\\\/Biarritz-Helicoptere-05.jpg\",\"clas\":null,\"btn_label\":\"Ver m\\u00e1s\",\"btn_class\":null,\"durable\":false,\"charte\":\"\",\"durable_label\":\"Desarrollo sostenible\",\"online_bookable\":\"Reservas en l\\u00ednea\",\"price_from\":false,\"tags\":[{\"object_tag_id\":\"278996\",\"syndicObjectID\":\"ASCAQU064FS000PJ\",\"tag_id\":\"2\",\"subtag_id\":\"164\",\"field\":\"Avion de tourisme\"},{\"object_tag_id\":\"278995\",\"syndicObjectID\":\"ASCAQU064FS000PJ\",\"tag_id\":\"2\",\"subtag_id\":\"164\",\"field\":\"H\\u00e9licopt\\u00e8re\"}],\"type\":\"Place\"}},{\"geometry\":{\"type\":\"Point\",\"coordinates\":[-1.52989,43.4948]},\"type\":\"Feature\",\"id\":\"ASCAQU064V54B3N2\",\"properties\":{\"objectTypeCode\":\"ASC\",\"name\":\"Location longue dur\\u00e9e d\\u2019un v\\u00e9lo \\u00e9lectrique\",\"marker_id\":\"ASCAQU064V54B3N2\",\"commune\":\"ANGLET\",\"display_city\":\"1\",\"cp\":\"64600\",\"ad1\":\"Office de Tourisme et de Loisirs\",\"gmapLongitude\":-1.52989,\"gmapLatitude\":43.4948,\"zone1\":null,\"telephone\":\"+33 5 59 03 77 01\",\"detail_url\":\"https:\\\/\\\/www.anglet-tourisme.com\\\/es\\\/en-movimiento-en-anglet\\\/actividades\\\/anglet\\\/ASCAQU064V54B3N2-location-longue-duree-dun-velo-electrique\\\/\",\"excerpt\":\"\",\"display_excerpt\":\"1\",\"photo\":\"https:\\\/\\\/www.anglet-tourisme.com\\\/wp-content\\\/uploads\\\/tis\\\/Velos-a-Assistance-Electrique-Txik-Txak.jpg\",\"clas\":null,\"btn_label\":\"Ver m\\u00e1s\",\"btn_class\":null,\"durable\":false,\"charte\":\"\",\"durable_label\":\"Desarrollo sostenible\",\"online_bookable\":\"Reservas en l\\u00ednea\",\"price_from\":false,\"tags\":[{\"object_tag_id\":\"279006\",\"syndicObjectID\":\"ASCAQU064V54B3N2\",\"tag_id\":\"3\",\"subtag_id\":\"4\",\"field\":\"V\\u00e9lo \\u00e9lectrique\"}],\"type\":\"Place\"}},{\"geometry\":{\"type\":\"Point\",\"coordinates\":[-1.54165,43.4995]},\"type\":\"Feature\",\"id\":\"ASCAQU064V58AFVZ\",\"properties\":{\"objectTypeCode\":\"ASC\",\"name\":\"Anglet Surf Oc\\u00e9an - R\\u00e9my Sanchez\",\"marker_id\":\"ASCAQU064V58AFVZ\",\"commune\":\"ANGLET\",\"display_city\":\"1\",\"cp\":\"64600\",\"ad1\":\"7 bis place des Docteurs Gentilhe\",\"gmapLongitude\":-1.54165,\"gmapLatitude\":43.4995,\"zone1\":null,\"telephone\":\"\",\"detail_url\":\"https:\\\/\\\/www.anglet-tourisme.com\\\/es\\\/en-movimiento-en-anglet\\\/actividades\\\/anglet\\\/ASCAQU064V58AFVZ-anglet-surf-ocean-remy-sanchez\\\/\",\"excerpt\":\"La escuela Anglet Surf Oc\\u00e9an es m\\u00f3vil y elige la playa de Anglet en funci\\u00f3n de los mejores bancos de arena. Desde la Petite Chambre d'Amour hasta La Barre, encontraremos la mejor&hellip;\",\"display_excerpt\":\"1\",\"photo\":\"https:\\\/\\\/www.anglet-tourisme.com\\\/wp-content\\\/uploads\\\/tis\\\/ecole-surf-REMI-SANCHEZ.jpg\",\"clas\":null,\"btn_label\":\"Ver m\\u00e1s\",\"btn_class\":null,\"durable\":false,\"charte\":\"\",\"durable_label\":\"Desarrollo sostenible\",\"online_bookable\":false,\"price_from\":false,\"tags\":[{\"object_tag_id\":\"279009\",\"syndicObjectID\":\"ASCAQU064V58AFVZ\",\"tag_id\":\"5\",\"subtag_id\":\"89\",\"field\":\"Stand-up-paddle-board\"},{\"object_tag_id\":\"279008\",\"syndicObjectID\":\"ASCAQU064V58AFVZ\",\"tag_id\":\"5\",\"subtag_id\":\"89\",\"field\":\"Surf\"}],\"type\":\"Place\"}},{\"geometry\":{\"type\":\"Point\",\"coordinates\":[-1.54041,43.5006]},\"type\":\"Feature\",\"id\":\"ASCAQU064V5A1GO0\",\"properties\":{\"objectTypeCode\":\"ASC\",\"name\":\"Chasse au tr\\u00e9sor T\\u00e8rra Aventura \\\"Cap sur la Chambre d'Amour !\\\"\",\"marker_id\":\"ASCAQU064V5A1GO0\",\"commune\":\"ANGLET\",\"display_city\":\"1\",\"cp\":\"64600\",\"ad1\":\"Avenue des Dauphins\",\"gmapLongitude\":-1.54041,\"gmapLatitude\":43.5006,\"zone1\":null,\"telephone\":\"+33 5 59 03 77 01\",\"detail_url\":\"https:\\\/\\\/www.anglet-tourisme.com\\\/es\\\/en-movimiento-en-anglet\\\/actividades\\\/anglet\\\/ASCAQU064V5A1GO0-chasse-au-tresor-terra-aventura-cap-sur-la-chambre-damour\\\/\",\"excerpt\":\"\\\"T\\u00e8rra Aventura\\\" es un paseo original, una b\\u00fasqueda del tesoro a lo largo de unos kil\\u00f3metros que permite descubrir la zona, el patrimonio local y las an\\u00e9cdotas, \\u00a1todo jugando! Equipados con la&hellip;\",\"display_excerpt\":\"1\",\"photo\":\"https:\\\/\\\/www.anglet-tourisme.com\\\/wp-content\\\/uploads\\\/tis\\\/Terra-Aventura-I-Love-Anglet-1RIB3595--RiBLANC-2.jpg\",\"clas\":null,\"btn_label\":\"Ver m\\u00e1s\",\"btn_class\":null,\"durable\":false,\"charte\":\"\",\"durable_label\":\"Desarrollo sostenible\",\"online_bookable\":false,\"price_from\":false,\"tags\":[{\"object_tag_id\":\"279013\",\"syndicObjectID\":\"ASCAQU064V5A1GO0\",\"tag_id\":\"2\",\"subtag_id\":\"31\",\"field\":\"Geocaching\"}],\"type\":\"Place\"}},{\"geometry\":{\"type\":\"Point\",\"coordinates\":[-1.52286,43.5259]},\"type\":\"Feature\",\"id\":\"ASCAQU064V5A6KAN\",\"properties\":{\"objectTypeCode\":\"ASC\",\"name\":\"N.A.S.A - skateboarding association -\",\"marker_id\":\"ASCAQU064V5A6KAN\",\"commune\":\"ANGLET\",\"display_city\":\"1\",\"cp\":\"64600\",\"ad1\":\"Skate park de La Barre\",\"gmapLongitude\":-1.52286,\"gmapLatitude\":43.5259,\"zone1\":null,\"telephone\":\"\",\"detail_url\":\"https:\\\/\\\/www.anglet-tourisme.com\\\/es\\\/en-movimiento-en-anglet\\\/actividades\\\/anglet\\\/ASCAQU064V5A6KAN-n-a-s-a-skateboarding-association\\\/\",\"excerpt\":\"Durante las vacaciones, Kids Skate School, la escuela de skate del Pa\\u00eds Vasco en colaboraci\\u00f3n con la asociaci\\u00f3n NASA, te ofrece cursos y talleres de skate en el skate park de La&hellip;\",\"display_excerpt\":\"1\",\"photo\":\"https:\\\/\\\/www.anglet-tourisme.com\\\/wp-content\\\/uploads\\\/tis\\\/KidsSkateSchool-Anglet-01.jpg\",\"clas\":null,\"btn_label\":\"Ver m\\u00e1s\",\"btn_class\":null,\"durable\":false,\"charte\":\"\",\"durable_label\":\"Desarrollo sostenible\",\"online_bookable\":false,\"price_from\":false,\"tags\":[{\"object_tag_id\":\"279014\",\"syndicObjectID\":\"ASCAQU064V5A6KAN\",\"tag_id\":\"5\",\"subtag_id\":\"89\",\"field\":\"Sport de glisse\"}],\"type\":\"Place\"}},{\"geometry\":{\"type\":\"Point\",\"coordinates\":[-1.52347,43.5035]},\"type\":\"Feature\",\"id\":\"ASCAQU064V5AH789\",\"properties\":{\"objectTypeCode\":\"ASC\",\"name\":\"Les Jardins du Refuge\",\"marker_id\":\"ASCAQU064V5AH789\",\"commune\":\"ANGLET\",\"display_city\":\"1\",\"cp\":\"64600\",\"ad1\":\"Congr\\u00e9gation des Servantes de Marie\",\"gmapLongitude\":-1.52347,\"gmapLatitude\":43.5035,\"zone1\":null,\"telephone\":\"+33 5 59 52 81 32\",\"detail_url\":\"https:\\\/\\\/www.anglet-tourisme.com\\\/es\\\/en-movimiento-en-anglet\\\/actividades\\\/anglet\\\/ASCAQU064V5AH789-les-jardins-du-refuge\\\/\",\"excerpt\":\"Granja social que perpet\\u00faa la tradici\\u00f3n hort\\u00edcola de Anglet desde 1839. Patrimonio cultural privado que ofrece productos agr\\u00edcolas y regionales. La tienda, el cementerio de arena y la capilla s\\u00f3lo est\\u00e1n abiertos&hellip;\",\"display_excerpt\":\"1\",\"photo\":\"https:\\\/\\\/www.anglet-tourisme.com\\\/wp-content\\\/uploads\\\/tis\\\/Les-Jardins-du-Refuge-1.jpg\",\"clas\":null,\"btn_label\":\"Ver m\\u00e1s\",\"btn_class\":null,\"durable\":false,\"charte\":\"\",\"durable_label\":\"Desarrollo sostenible\",\"online_bookable\":false,\"price_from\":false,\"tags\":[{\"object_tag_id\":\"279015\",\"syndicObjectID\":\"ASCAQU064V5AH789\",\"tag_id\":\"10\",\"subtag_id\":\"5\",\"field\":\"Botanique, jardin\"}],\"type\":\"Place\"}},{\"geometry\":{\"type\":\"Point\",\"coordinates\":[-1.51358,43.5266]},\"type\":\"Feature\",\"id\":\"ASCAQU064V5AHFUC\",\"properties\":{\"objectTypeCode\":\"ASC\",\"name\":\"B.A.Bike\",\"marker_id\":\"ASCAQU064V5AHFUC\",\"commune\":\"ANGLET\",\"display_city\":\"1\",\"cp\":\"64600\",\"ad1\":\"130 avenue de l\\u2019Adour\",\"gmapLongitude\":-1.51358,\"gmapLatitude\":43.5266,\"zone1\":null,\"telephone\":\"\",\"detail_url\":\"https:\\\/\\\/www.anglet-tourisme.com\\\/es\\\/en-movimiento-en-anglet\\\/actividades\\\/anglet\\\/ASCAQU064V5AHFUC-b-a-bike\\\/\",\"excerpt\":\"La escuela de ciclismo ofrece aprendizaje, perfeccionamiento y acompa\\u00f1amiento en bicicleta para todos los p\\u00fablicos: adultos, ni\\u00f1os, discapacitados, Ofrecemos cursos de bicicleta de monta\\u00f1a para ni\\u00f1os y paseos en bicicleta de monta\\u00f1a&hellip;\",\"display_excerpt\":\"1\",\"photo\":\"https:\\\/\\\/www.anglet-tourisme.com\\\/wp-content\\\/uploads\\\/tis\\\/BABike-21.jpg\",\"clas\":null,\"btn_label\":\"Ver m\\u00e1s\",\"btn_class\":null,\"durable\":false,\"charte\":\"\",\"durable_label\":\"Desarrollo sostenible\",\"online_bookable\":false,\"price_from\":false,\"tags\":[{\"object_tag_id\":\"279016\",\"syndicObjectID\":\"ASCAQU064V5AHFUC\",\"tag_id\":\"3\",\"subtag_id\":\"4\",\"field\":\"Cyclotourisme\"},{\"object_tag_id\":\"279017\",\"syndicObjectID\":\"ASCAQU064V5AHFUC\",\"tag_id\":\"3\",\"subtag_id\":\"4\",\"field\":\"V\\u00e9lo \\u00e9lectrique\"},{\"object_tag_id\":\"279018\",\"syndicObjectID\":\"ASCAQU064V5AHFUC\",\"tag_id\":\"3\",\"subtag_id\":\"4\",\"field\":\"VTT\"}],\"type\":\"Place\"}},{\"geometry\":{\"type\":\"Point\",\"coordinates\":[-1.54302,43.4993]},\"type\":\"Feature\",\"id\":\"ASCAQU064V5AN6C5\",\"properties\":{\"objectTypeCode\":\"ASC\",\"name\":\"Yoga face \\u00e0 l'Oc\\u00e9an\",\"marker_id\":\"ASCAQU064V5AN6C5\",\"commune\":\"ANGLET\",\"display_city\":\"1\",\"cp\":\"64600\",\"ad1\":\"Chambre d'Amour\",\"gmapLongitude\":-1.54302,\"gmapLatitude\":43.4993,\"zone1\":null,\"telephone\":\"+33 5 59 03 77 01\",\"detail_url\":\"https:\\\/\\\/www.anglet-tourisme.com\\\/es\\\/en-movimiento-en-anglet\\\/actividades\\\/anglet\\\/ASCAQU064V5AN6C5-yoga-face-a-locean\\\/\",\"excerpt\":\"Anglet Turismo ofrece clases de yoga impartidas por profesores cualificados en la zona de la Chambre d'Amour, frente al oc\\u00e9ano. Estas sesiones se desarrollan en un ambiente tranquilo donde podr\\u00e1 practicar diferentes&hellip;\",\"display_excerpt\":\"1\",\"photo\":\"https:\\\/\\\/www.anglet-tourisme.com\\\/wp-content\\\/uploads\\\/tis\\\/Yoga-Espace-de-l-Ocean-RiBLANC-05.jpg\",\"clas\":null,\"btn_label\":\"Ver m\\u00e1s\",\"btn_class\":null,\"durable\":false,\"charte\":\"\",\"durable_label\":\"Desarrollo sostenible\",\"online_bookable\":\"Reservas en l\\u00ednea\",\"price_from\":false,\"tags\":[{\"object_tag_id\":\"279030\",\"syndicObjectID\":\"ASCAQU064V5AN6C5\",\"tag_id\":\"6\",\"subtag_id\":\"16\",\"field\":\"Yoga\"},{\"object_tag_id\":\"279029\",\"syndicObjectID\":\"ASCAQU064V5AN6C5\",\"tag_id\":\"2\",\"subtag_id\":\"165\",\"field\":\"Yoga\"}],\"type\":\"Place\"}},{\"geometry\":{\"type\":\"Point\",\"coordinates\":[-1.49916,43.5098]},\"type\":\"Feature\",\"id\":\"ASCAQU064V5B9DPH\",\"properties\":{\"objectTypeCode\":\"ASC\",\"name\":\"L'Hermione \\u00e0 Anglet\",\"marker_id\":\"ASCAQU064V5B9DPH\",\"commune\":\"ANGLET\",\"display_city\":\"1\",\"cp\":\"64600\",\"ad1\":\"12 avenue de l'Adour\",\"gmapLongitude\":-1.49916,\"gmapLatitude\":43.5098,\"zone1\":null,\"telephone\":\"+33 5 59 03 77 01\",\"detail_url\":\"https:\\\/\\\/www.anglet-tourisme.com\\\/es\\\/en-movimiento-en-anglet\\\/actividades\\\/anglet\\\/ASCAQU064V5B9DPH-lhermione-a-anglet\\\/\",\"excerpt\":\"El gran reacondicionamiento del Hermione. L'Hermione est\\u00e1 siendo reacondicionado en el puerto de Bayona, en Anglet. Ha sido puesto en seco para una importante operaci\\u00f3n de mantenimiento, ya que hay que realizar&hellip;\",\"display_excerpt\":\"1\",\"photo\":\"https:\\\/\\\/www.anglet-tourisme.com\\\/wp-content\\\/uploads\\\/tis\\\/Hermione-Anglet-IMG-9943.jpg\",\"clas\":null,\"btn_label\":\"Ver m\\u00e1s\",\"btn_class\":null,\"durable\":false,\"charte\":\"\",\"durable_label\":\"Desarrollo sostenible\",\"online_bookable\":\"Reservas en l\\u00ednea\",\"price_from\":false,\"tags\":[{\"object_tag_id\":\"279034\",\"syndicObjectID\":\"ASCAQU064V5B9DPH\",\"tag_id\":\"10\",\"subtag_id\":\"5\",\"field\":\"Chantiers de restauration\"}],\"type\":\"Place\"}},{\"geometry\":{\"type\":\"Point\",\"coordinates\":[-1.51169,43.5034]},\"type\":\"Feature\",\"id\":\"ASCAQU064V5B9QII\",\"properties\":{\"objectTypeCode\":\"ASC\",\"name\":\"Balade entre golf et for\\u00eat\",\"marker_id\":\"ASCAQU064V5B9QII\",\"commune\":\"ANGLET\",\"display_city\":\"1\",\"cp\":\"64600\",\"ad1\":\"Avenue de Montbrun\",\"gmapLongitude\":-1.51169,\"gmapLatitude\":43.5034,\"zone1\":null,\"telephone\":\"+33 5 59 03 77 01\",\"detail_url\":\"https:\\\/\\\/www.anglet-tourisme.com\\\/es\\\/en-movimiento-en-anglet\\\/actividades\\\/anglet\\\/ASCAQU064V5B9QII-balade-entre-golf-et-foret\\\/\",\"excerpt\":\"Entre el campo de golf y el bosque, \\u00a1sucumba al estilo de vida \\u00fanico de Anglet! Salga de Montbrun a la entrada del bosque de Pignada, por la v\\u00eda verde entre pinos&hellip;\",\"display_excerpt\":\"1\",\"photo\":\"https:\\\/\\\/www.anglet-tourisme.com\\\/wp-content\\\/uploads\\\/tis\\\/Balade-en-foret-Anglet-RiBLANC.jpg\",\"clas\":null,\"btn_label\":\"Ver m\\u00e1s\",\"btn_class\":null,\"durable\":false,\"charte\":\"\",\"durable_label\":\"Desarrollo sostenible\",\"online_bookable\":false,\"price_from\":false,\"tags\":[{\"object_tag_id\":\"279035\",\"syndicObjectID\":\"ASCAQU064V5B9QII\",\"tag_id\":\"3\",\"subtag_id\":\"3\",\"field\":\"Randonn\\u00e9e p\\u00e9destre\"},{\"object_tag_id\":\"279037\",\"syndicObjectID\":\"ASCAQU064V5B9QII\",\"tag_id\":\"3\",\"subtag_id\":\"4\",\"field\":\"V\\u00e9lo \\u00e9lectrique\"},{\"object_tag_id\":\"279036\",\"syndicObjectID\":\"ASCAQU064V5B9QII\",\"tag_id\":\"3\",\"subtag_id\":\"4\",\"field\":\"VTT\"}],\"type\":\"Place\"}},{\"geometry\":{\"type\":\"Point\",\"coordinates\":[-1.502,43.458]},\"type\":\"Feature\",\"id\":\"ASCAQU064V5BAP28\",\"properties\":{\"objectTypeCode\":\"ASC\",\"name\":\"Lauki - D\\u00e9couverte et exp\\u00e9riences Pelote Basque\",\"marker_id\":\"ASCAQU064V5BAP28\",\"commune\":\"ANGLET\",\"display_city\":\"1\",\"cp\":\"64600\",\"ad1\":\"10 avenue Marie et Pierre Elhorga\",\"gmapLongitude\":-1.502,\"gmapLatitude\":43.458,\"zone1\":null,\"telephone\":\"\",\"detail_url\":\"https:\\\/\\\/www.anglet-tourisme.com\\\/es\\\/en-movimiento-en-anglet\\\/actividades\\\/anglet\\\/ASCAQU064V5BAP28-lauki-decouverte-et-experiences-pelote-basque\\\/\",\"excerpt\":\"La pelota vasca es el deporte rey en nuestra regi\\u00f3n. Se trata de un verdadero deporte que se materializa en varios juegos. Especialidades practicadas: mano desnuda, pala, xare y chistera. Se puede&hellip;\",\"display_excerpt\":\"1\",\"photo\":\"https:\\\/\\\/www.anglet-tourisme.com\\\/wp-content\\\/uploads\\\/tis\\\/Lauki-pilota-01.jpg\",\"clas\":null,\"btn_label\":\"Ver m\\u00e1s\",\"btn_class\":null,\"durable\":false,\"charte\":\"\",\"durable_label\":\"Desarrollo sostenible\",\"online_bookable\":false,\"price_from\":false,\"tags\":[{\"object_tag_id\":\"279038\",\"syndicObjectID\":\"ASCAQU064V5BAP28\",\"tag_id\":\"2\",\"subtag_id\":\"165\",\"field\":\"Pelote basque\"}],\"type\":\"Place\"}},{\"geometry\":{\"type\":\"Point\",\"coordinates\":[-1.51078,43.5018]},\"type\":\"Feature\",\"id\":\"ASCAQU064V5BBSIO\",\"properties\":{\"objectTypeCode\":\"ASC\",\"name\":\"Emmanuelle Joly - Personal Surf Coach\",\"marker_id\":\"ASCAQU064V5BBSIO\",\"commune\":\"ANGLET\",\"display_city\":\"1\",\"cp\":\"64600\",\"ad1\":\"41 avenue des Pyr\\u00e9n\\u00e9es\",\"gmapLongitude\":-1.51078,\"gmapLatitude\":43.5018,\"zone1\":null,\"telephone\":\"\",\"detail_url\":\"https:\\\/\\\/www.anglet-tourisme.com\\\/es\\\/en-movimiento-en-anglet\\\/actividades\\\/anglet\\\/ASCAQU064V5BBSIO-emmanuelle-joly-personal-surf-coach\\\/\",\"excerpt\":\"Surf coaching privado con recogida a domicilio (Bayona-Anglet-Biarritz). Surf coaching y surf guiding a todos los niveles con Emmanuelle Joly, 6 veces campeona de Europa y 5 veces campeona de Francia.\",\"display_excerpt\":\"1\",\"photo\":\"https:\\\/\\\/www.anglet-tourisme.com\\\/wp-content\\\/uploads\\\/tis\\\/PERSONAL-SURF-COACH-01.jpg\",\"clas\":null,\"btn_label\":\"Ver m\\u00e1s\",\"btn_class\":null,\"durable\":false,\"charte\":\"\",\"durable_label\":\"Desarrollo sostenible\",\"online_bookable\":false,\"price_from\":false,\"tags\":[{\"object_tag_id\":\"279039\",\"syndicObjectID\":\"ASCAQU064V5BBSIO\",\"tag_id\":\"5\",\"subtag_id\":\"89\",\"field\":\"Surf\"}],\"type\":\"Place\"}},{\"geometry\":{\"type\":\"Point\",\"coordinates\":[-1.51,43.5263]},\"type\":\"Feature\",\"id\":\"ASCAQU064V5BDL52\",\"properties\":{\"objectTypeCode\":\"ASC\",\"name\":\"CaptaineJ\",\"marker_id\":\"ASCAQU064V5BDL52\",\"commune\":\"ANGLET\",\"display_city\":\"1\",\"cp\":\"64600\",\"ad1\":\"118 avenue de l'Adour\",\"gmapLongitude\":-1.51,\"gmapLatitude\":43.5263,\"zone1\":null,\"telephone\":\"\",\"detail_url\":\"https:\\\/\\\/www.anglet-tourisme.com\\\/es\\\/en-movimiento-en-anglet\\\/actividades\\\/anglet\\\/ASCAQU064V5BDL52-captainej\\\/\",\"excerpt\":\"Tras 10 a\\u00f1os recorriendo el mundo en busca de los peces m\\u00e1s bellos, CaptaineJ le invita a compartir su experiencia durante una jornada llena de sensaciones. Ahora gu\\u00eda de pesca especializado en&hellip;\",\"display_excerpt\":\"1\",\"photo\":\"https:\\\/\\\/www.anglet-tourisme.com\\\/wp-content\\\/uploads\\\/tis\\\/Captaine-J-01.jpg\",\"clas\":null,\"btn_label\":\"Ver m\\u00e1s\",\"btn_class\":null,\"durable\":false,\"charte\":\"\",\"durable_label\":\"Desarrollo sostenible\",\"online_bookable\":false,\"price_from\":false,\"tags\":[{\"object_tag_id\":\"279052\",\"syndicObjectID\":\"ASCAQU064V5BDL52\",\"tag_id\":\"3\",\"subtag_id\":\"63\",\"field\":\"P\\u00eache en mer\"}],\"type\":\"Place\"}},{\"geometry\":{\"type\":\"Point\",\"coordinates\":[-1.50985,43.502]},\"type\":\"Feature\",\"id\":\"ASCAQU064V5BDLTX\",\"properties\":{\"objectTypeCode\":\"ASC\",\"name\":\"Initiation \\u00e0 la Pelote Basque\",\"marker_id\":\"ASCAQU064V5BDLTX\",\"commune\":\"ANGLET\",\"display_city\":\"1\",\"cp\":\"64600\",\"ad1\":\"33 avenue des Pyr\\u00e9n\\u00e9es\",\"gmapLongitude\":-1.50985,\"gmapLatitude\":43.502,\"zone1\":null,\"telephone\":\"+33 5 59 03 77 01\",\"detail_url\":\"https:\\\/\\\/www.anglet-tourisme.com\\\/es\\\/en-movimiento-en-anglet\\\/actividades\\\/anglet\\\/ASCAQU064V5BDLTX-initiation-a-la-pelote-basque\\\/\",\"excerpt\":\"Iniciaci\\u00f3n a la Pelota Vasca ofrecida por Anglet Turismo e impartida por un monitor deportivo cualificado, en la pared izquierda cubierta de Les Cigales. La pelota es el deporte rey en nuestra&hellip;\",\"display_excerpt\":\"1\",\"photo\":\"https:\\\/\\\/www.anglet-tourisme.com\\\/wp-content\\\/uploads\\\/tis\\\/2022.07.19-I-LOVE-ANGLET---Pelote-Basque-08880-6.jpg\",\"clas\":null,\"btn_label\":\"Ver m\\u00e1s\",\"btn_class\":null,\"durable\":false,\"charte\":\"\",\"durable_label\":\"Desarrollo sostenible\",\"online_bookable\":\"Reservas en l\\u00ednea\",\"price_from\":false,\"tags\":[{\"object_tag_id\":\"279053\",\"syndicObjectID\":\"ASCAQU064V5BDLTX\",\"tag_id\":\"2\",\"subtag_id\":\"165\",\"field\":\"Pelote basque\"}],\"type\":\"Place\"}},{\"geometry\":{\"type\":\"Point\",\"coordinates\":[-1.49799,43.515]},\"type\":\"Feature\",\"id\":\"ASCAQU064V5BKS2W\",\"properties\":{\"objectTypeCode\":\"ASC\",\"name\":\"Atelier Little Anana \\u2013 Design, mobilier artisanal et fabrication de planches de surf\",\"marker_id\":\"ASCAQU064V5BKS2W\",\"commune\":\"ANGLET\",\"display_city\":\"1\",\"cp\":\"64600\",\"ad1\":\"13 promenade du Prince Imp\\u00e9rial\",\"gmapLongitude\":-1.49799,\"gmapLatitude\":43.515,\"zone1\":null,\"telephone\":\"\",\"detail_url\":\"https:\\\/\\\/www.anglet-tourisme.com\\\/es\\\/en-movimiento-en-anglet\\\/actividades\\\/anglet\\\/ASCAQU064V5BKS2W-atelier-little-anana-design-mobilier-artisanal-et-fabrication-de-planches-de-surf\\\/\",\"excerpt\":\"Situada entre el bosque y el oc\\u00e9ano, Little Anana re\\u00fane un taller de dise\\u00f1o y un espacio de fabricaci\\u00f3n de tablas de surf hechas a mano. La marca dise\\u00f1a y fabrica muebles&hellip;\",\"display_excerpt\":\"1\",\"photo\":\"https:\\\/\\\/www.anglet-tourisme.com\\\/wp-content\\\/uploads\\\/tis\\\/LITTLE-ANANA-01.jpg\",\"clas\":null,\"btn_label\":\"Ver m\\u00e1s\",\"btn_class\":null,\"durable\":false,\"charte\":\"\",\"durable_label\":\"Desarrollo sostenible\",\"online_bookable\":false,\"price_from\":false,\"type\":\"Place\"}},{\"geometry\":{\"type\":\"Point\",\"coordinates\":[-1.50515,43.5137]},\"type\":\"Feature\",\"id\":\"ASCAQU064V5BKWLH\",\"properties\":{\"objectTypeCode\":\"ASC\",\"name\":\"Cancha - Initiation \\u00e0 la Pelote Basque\",\"marker_id\":\"ASCAQU064V5BKWLH\",\"commune\":\"ANGLET\",\"display_city\":\"1\",\"cp\":\"64600\",\"ad1\":\"Diff\\u00e9rents frontons\",\"gmapLongitude\":-1.50515,\"gmapLatitude\":43.5137,\"zone1\":null,\"telephone\":\"\",\"detail_url\":\"https:\\\/\\\/www.anglet-tourisme.com\\\/es\\\/en-movimiento-en-anglet\\\/actividades\\\/anglet\\\/ASCAQU064V5BKWLH-cancha-initiation-a-la-pelote-basque\\\/\",\"excerpt\":\"Te invitamos a descubrir la Pelota Vasca durante un curso de iniciaci\\u00f3n. Este deporte emblem\\u00e1tico le permitir\\u00e1 conocer de cerca las sensaciones que experimentan nuestros jugadores en la Cancha. A trav\\u00e9s de&hellip;\",\"display_excerpt\":\"1\",\"photo\":\"https:\\\/\\\/www.anglet-tourisme.com\\\/wp-content\\\/uploads\\\/tis\\\/cours-particulier-de-pelote-basque-avec-des-professionnels.jpg\",\"clas\":null,\"btn_label\":\"Ver m\\u00e1s\",\"btn_class\":null,\"durable\":false,\"charte\":\"\",\"durable_label\":\"Desarrollo sostenible\",\"online_bookable\":\"Reservas en l\\u00ednea\",\"price_from\":false,\"tags\":[{\"object_tag_id\":\"279056\",\"syndicObjectID\":\"ASCAQU064V5BKWLH\",\"tag_id\":\"2\",\"subtag_id\":\"165\",\"field\":\"Pelote basque\"}],\"type\":\"Place\"}},{\"geometry\":{\"type\":\"Point\",\"coordinates\":[-1.51907,43.4797]},\"type\":\"Feature\",\"id\":\"ASCAQU064V5BM0JP\",\"properties\":{\"objectTypeCode\":\"ASC\",\"name\":\"Ebiketours64 : Balades guid\\u00e9es \\u00e0 v\\u00e9lo \\u00e9lectrique\",\"marker_id\":\"ASCAQU064V5BM0JP\",\"commune\":\"ANGLET\",\"display_city\":\"1\",\"cp\":\"64600\",\"ad1\":\"28 avenue d'Espagne\",\"gmapLongitude\":-1.51907,\"gmapLatitude\":43.4797,\"zone1\":null,\"telephone\":\"\",\"detail_url\":\"https:\\\/\\\/www.anglet-tourisme.com\\\/es\\\/en-movimiento-en-anglet\\\/actividades\\\/anglet\\\/ASCAQU064V5BM0JP-ebiketours64-balades-guidees-a-velo-electrique\\\/\",\"excerpt\":\"Excursiones guiadas en bicicleta el\\u00e9ctrica de un d\\u00eda o medio d\\u00eda por la Costa Vasca (de Bayona a Socoa) y el Sur de las Landas. Temas propuestos: cultura, artesan\\u00eda, gastronom\\u00eda local. Paseos&hellip;\",\"display_excerpt\":\"1\",\"photo\":\"https:\\\/\\\/www.anglet-tourisme.com\\\/wp-content\\\/uploads\\\/tis\\\/love-tower-anglet-5-2.jpg\",\"clas\":null,\"btn_label\":\"Ver m\\u00e1s\",\"btn_class\":null,\"durable\":false,\"charte\":\"\",\"durable_label\":\"Desarrollo sostenible\",\"online_bookable\":false,\"price_from\":false,\"tags\":[{\"object_tag_id\":\"279058\",\"syndicObjectID\":\"ASCAQU064V5BM0JP\",\"tag_id\":\"3\",\"subtag_id\":\"4\",\"field\":\"V\\u00e9lo \\u00e9lectrique\"}],\"type\":\"Place\"}},{\"geometry\":{\"type\":\"Point\",\"coordinates\":[-1.52363,43.5058]},\"type\":\"Feature\",\"id\":\"ASCAQU064V5BMSR2\",\"properties\":{\"objectTypeCode\":\"ASC\",\"name\":\"Ateliers artistiques avec Poulpykiss\",\"marker_id\":\"ASCAQU064V5BMSR2\",\"commune\":\"ANGLET\",\"display_city\":\"1\",\"cp\":\"64600\",\"ad1\":\"Restaurant Relais de Chiberta\",\"gmapLongitude\":-1.52363,\"gmapLatitude\":43.5058,\"zone1\":null,\"telephone\":\"\",\"detail_url\":\"https:\\\/\\\/www.anglet-tourisme.com\\\/es\\\/en-movimiento-en-anglet\\\/actividades\\\/anglet\\\/ASCAQU064V5BMSR2-ateliers-artistiques-avec-poulpykiss\\\/\",\"excerpt\":\"La pintora y escultora Virginie C\\u00e9taire, alias Poulpykiss, ofrece talleres de arte para ni\\u00f1os de 5 a 14 a\\u00f1os. El programa incluye pintura, modelado, escultura, creaci\\u00f3n de m\\u00f3viles y t\\u00f3tems, todo ello&hellip;\",\"display_excerpt\":\"1\",\"photo\":\"https:\\\/\\\/www.anglet-tourisme.com\\\/wp-content\\\/uploads\\\/tis\\\/Ateliers-artistiques-avec-Poulpykiss-03.jpg\",\"clas\":null,\"btn_label\":\"Ver m\\u00e1s\",\"btn_class\":null,\"durable\":false,\"charte\":\"\",\"durable_label\":\"Desarrollo sostenible\",\"online_bookable\":\"Reservas en l\\u00ednea\",\"price_from\":false,\"tags\":[{\"object_tag_id\":\"279060\",\"syndicObjectID\":\"ASCAQU064V5BMSR2\",\"tag_id\":\"10\",\"subtag_id\":\"5\",\"field\":\"Peintures arts graphiques\"},{\"object_tag_id\":\"279061\",\"syndicObjectID\":\"ASCAQU064V5BMSR2\",\"tag_id\":\"10\",\"subtag_id\":\"5\",\"field\":\"Poterie\"},{\"object_tag_id\":\"279062\",\"syndicObjectID\":\"ASCAQU064V5BMSR2\",\"tag_id\":\"10\",\"subtag_id\":\"5\",\"field\":\"Sculpture\"}],\"type\":\"Place\"}},{\"geometry\":{\"type\":\"Point\",\"coordinates\":[-1.52145,43.5279]},\"type\":\"Feature\",\"id\":\"ASCAQU064V5BN823\",\"properties\":{\"objectTypeCode\":\"ASC\",\"name\":\"Chasse au tr\\u00e9sor T\\u00e8rra Aventura \\\"Touche pas \\u00e0 mon Pignada !\\\"\",\"marker_id\":\"ASCAQU064V5BN823\",\"commune\":\"ANGLET\",\"display_city\":\"1\",\"cp\":\"64600\",\"ad1\":\"297 avenue de l'Adour\",\"gmapLongitude\":-1.52145,\"gmapLatitude\":43.5279,\"zone1\":null,\"telephone\":\"+33 5 59 03 77 01\",\"detail_url\":\"https:\\\/\\\/www.anglet-tourisme.com\\\/es\\\/en-movimiento-en-anglet\\\/actividades\\\/anglet\\\/ASCAQU064V5BN823-chasse-au-tresor-terra-aventura-touche-pas-a-mon-pignada\\\/\",\"excerpt\":\"\\\"T\\u00e8rra Aventura\\\" es un paseo original, una b\\u00fasqueda del tesoro de unos pocos kil\\u00f3metros que permite descubrir la zona, el patrimonio local y las an\\u00e9cdotas, \\u00a1todo jugando! \\u00a1Armados con la aplicaci\\u00f3n para&hellip;\",\"display_excerpt\":\"1\",\"photo\":\"https:\\\/\\\/www.anglet-tourisme.com\\\/wp-content\\\/uploads\\\/tis\\\/Terra-Aventura-Anglet--RIB7602-Modifier--RiBLANC--1-.jpg\",\"clas\":null,\"btn_label\":\"Ver m\\u00e1s\",\"btn_class\":null,\"durable\":false,\"charte\":\"\",\"durable_label\":\"Desarrollo sostenible\",\"online_bookable\":false,\"price_from\":false,\"tags\":[{\"object_tag_id\":\"279066\",\"syndicObjectID\":\"ASCAQU064V5BN823\",\"tag_id\":\"2\",\"subtag_id\":\"31\",\"field\":\"Geocaching\"}],\"type\":\"Place\"}},{\"geometry\":{\"type\":\"Point\",\"coordinates\":[-1.52952,43.4951]},\"type\":\"Feature\",\"id\":\"ASCAQU064V5BV6W9\",\"properties\":{\"objectTypeCode\":\"ASC\",\"name\":\"Ateliers d'\\u00e9criture pour adultes et pour enfants\",\"marker_id\":\"ASCAQU064V5BV6W9\",\"commune\":\"ANGLET\",\"display_city\":\"1\",\"cp\":\"64600\",\"ad1\":\"Cinq Cantons\",\"gmapLongitude\":-1.52952,\"gmapLatitude\":43.4951,\"zone1\":null,\"telephone\":\"+33 6 46 04 13 30\",\"detail_url\":\"https:\\\/\\\/www.anglet-tourisme.com\\\/es\\\/en-movimiento-en-anglet\\\/actividades\\\/anglet\\\/ASCAQU064V5BV6W9-ateliers-decriture-pour-adultes-et-pour-enfants\\\/\",\"excerpt\":\"Ofrezco talleres de escritura para adultos y talleres de escritura para ni\\u00f1os, en grupos reducidos. Para adultos, hay sesiones mensuales de 3 horas, o incluso sesiones de 2, 3 d\\u00edas o una&hellip;\",\"display_excerpt\":\"1\",\"photo\":\"https:\\\/\\\/www.anglet-tourisme.com\\\/wp-content\\\/uploads\\\/tis\\\/ateliers-ecriture-anglet-01-2.jpg\",\"clas\":null,\"btn_label\":\"Ver m\\u00e1s\",\"btn_class\":null,\"durable\":false,\"charte\":\"\",\"durable_label\":\"Desarrollo sostenible\",\"online_bookable\":false,\"price_from\":false,\"tags\":[{\"object_tag_id\":\"279068\",\"syndicObjectID\":\"ASCAQU064V5BV6W9\",\"tag_id\":\"10\",\"subtag_id\":\"5\",\"field\":\"Litt\\u00e9rature\"}],\"type\":\"Place\"}},{\"geometry\":{\"type\":\"Point\",\"coordinates\":[-1.49638,43.5057]},\"type\":\"Feature\",\"id\":\"ASCAQU064V5C10NV\",\"properties\":{\"objectTypeCode\":\"ASC\",\"name\":\"L\\u00e9omih C\\u00e9ramique\",\"marker_id\":\"ASCAQU064V5C10NV\",\"commune\":\"ANGLET\",\"display_city\":\"1\",\"cp\":\"64600\",\"ad1\":\"35 avenue de l'Adour\",\"gmapLongitude\":-1.49638,\"gmapLatitude\":43.5057,\"zone1\":null,\"telephone\":\"\",\"detail_url\":\"https:\\\/\\\/www.anglet-tourisme.com\\\/es\\\/en-movimiento-en-anglet\\\/actividades\\\/anglet\\\/ASCAQU064V5C10NV-leomih-ceramique\\\/\",\"excerpt\":\"Descubra el mundo de L\\u00e9omih, donde la dise\\u00f1adora Lisa Tran revisita objetos de cer\\u00e1mica cotidianos. Jugando con asas de gran tama\\u00f1o, texturas variadas y salpicaduras de color, Lisa utiliza el gres por&hellip;\",\"display_excerpt\":\"1\",\"photo\":\"https:\\\/\\\/www.anglet-tourisme.com\\\/wp-content\\\/uploads\\\/tis\\\/Leomih-Ceramique-08.jpg\",\"clas\":null,\"btn_label\":\"Ver m\\u00e1s\",\"btn_class\":null,\"durable\":false,\"charte\":\"\",\"durable_label\":\"Desarrollo sostenible\",\"online_bookable\":false,\"price_from\":false,\"tags\":[{\"object_tag_id\":\"279072\",\"syndicObjectID\":\"ASCAQU064V5C10NV\",\"tag_id\":\"10\",\"subtag_id\":\"5\",\"field\":\"C\\u00e9ramique\"}],\"type\":\"Place\"}},{\"geometry\":{\"type\":\"Point\",\"coordinates\":[-1.49997,43.5193]},\"type\":\"Feature\",\"id\":\"ASCAQU064V5C9NJE\",\"properties\":{\"objectTypeCode\":\"ASC\",\"name\":\"Les Ateliers de La Maison Zabaldu\",\"marker_id\":\"ASCAQU064V5C9NJE\",\"commune\":\"ANGLET\",\"display_city\":\"1\",\"cp\":\"64600\",\"ad1\":\"La Maison Zabaldu\",\"gmapLongitude\":-1.49997,\"gmapLatitude\":43.5193,\"zone1\":null,\"telephone\":\"\",\"detail_url\":\"https:\\\/\\\/www.anglet-tourisme.com\\\/es\\\/en-movimiento-en-anglet\\\/actividades\\\/anglet\\\/ASCAQU064V5C9NJE-les-ateliers-de-la-maison-zabaldu\\\/\",\"excerpt\":\"Los talleres de La Maison Zabaldu le invitan a explorar diversos materiales y aprender t\\u00e9cnicas artesanales en un entorno c\\u00e1lido e inspirador. Estas experiencias de aprendizaje pr\\u00e1ctico est\\u00e1n dirigidas tanto a principiantes&hellip;\",\"display_excerpt\":\"1\",\"photo\":\"https:\\\/\\\/www.anglet-tourisme.com\\\/wp-content\\\/uploads\\\/tis\\\/La-Maison-Zabaldu.jpg\",\"clas\":null,\"btn_label\":\"Ver m\\u00e1s\",\"btn_class\":null,\"durable\":false,\"charte\":\"\",\"durable_label\":\"Desarrollo sostenible\",\"online_bookable\":\"Reservas en l\\u00ednea\",\"price_from\":false,\"type\":\"Place\"}},{\"geometry\":{\"type\":\"Point\",\"coordinates\":[-1.50429,43.4643]},\"type\":\"Feature\",\"id\":\"ASCAQU064V5CA24F\",\"properties\":{\"objectTypeCode\":\"ASC\",\"name\":\"Fluid Immersion\",\"marker_id\":\"ASCAQU064V5CA24F\",\"commune\":\"ANGLET\",\"display_city\":\"1\",\"cp\":\"64600\",\"ad1\":\"Pyratoys\",\"gmapLongitude\":-1.50429,\"gmapLatitude\":43.4643,\"zone1\":null,\"telephone\":\"\",\"detail_url\":\"https:\\\/\\\/www.anglet-tourisme.com\\\/es\\\/en-movimiento-en-anglet\\\/actividades\\\/anglet\\\/ASCAQU064V5CA24F-fluid-immersion\\\/\",\"excerpt\":\"Cata a domicilio. Taller de iniciaci\\u00f3n a la cata y la enolog\\u00eda. Varias opciones disponibles: una simple introducci\\u00f3n, una cata completa con actividades sensoriales, maridaje de tapas o una experiencia con un&hellip;\",\"display_excerpt\":\"1\",\"photo\":\"https:\\\/\\\/www.anglet-tourisme.com\\\/wp-content\\\/uploads\\\/tis\\\/Fluid-immersion-1.jpg\",\"clas\":null,\"btn_label\":\"Ver m\\u00e1s\",\"btn_class\":null,\"durable\":false,\"charte\":\"\",\"durable_label\":\"Desarrollo sostenible\",\"online_bookable\":false,\"price_from\":false,\"tags\":[{\"object_tag_id\":\"279079\",\"syndicObjectID\":\"ASCAQU064V5CA24F\",\"tag_id\":\"10\",\"subtag_id\":\"5\",\"field\":\"\\u0152nologie\"}],\"type\":\"Place\"}},{\"geometry\":{\"type\":\"Point\",\"coordinates\":[-1.51952,43.5206]},\"type\":\"Feature\",\"id\":\"ASCAQU064V5CBOR3\",\"properties\":{\"objectTypeCode\":\"ASC\",\"name\":\"Nahetrail - Run touristique\",\"marker_id\":\"ASCAQU064V5CBOR3\",\"commune\":\"ANGLET\",\"display_city\":\"1\",\"cp\":\"64600\",\"ad1\":\"16 avenue de la B\\u00e9casse\",\"gmapLongitude\":-1.51952,\"gmapLatitude\":43.5206,\"zone1\":null,\"telephone\":\"\",\"detail_url\":\"https:\\\/\\\/www.anglet-tourisme.com\\\/es\\\/en-movimiento-en-anglet\\\/actividades\\\/anglet\\\/ASCAQU064V5CBOR3-nahetrail-run-touristique\\\/\",\"excerpt\":\"Aficionado al trail y al senderismo desde hace muchos a\\u00f1os, me gustar\\u00eda proponerle una experiencia original: la carrera tur\\u00edstica. Mucho m\\u00e1s que una salida deportiva, el trail running se convierte en una&hellip;\",\"display_excerpt\":\"1\",\"photo\":\"https:\\\/\\\/www.anglet-tourisme.com\\\/wp-content\\\/uploads\\\/tis\\\/nahetrail-anglet-01.jpg\",\"clas\":null,\"btn_label\":\"Ver m\\u00e1s\",\"btn_class\":null,\"durable\":false,\"charte\":\"\",\"durable_label\":\"Desarrollo sostenible\",\"online_bookable\":false,\"price_from\":false,\"tags\":[{\"object_tag_id\":\"279081\",\"syndicObjectID\":\"ASCAQU064V5CBOR3\",\"tag_id\":\"3\",\"subtag_id\":\"3\",\"field\":\"Randonn\\u00e9e p\\u00e9destre\"},{\"object_tag_id\":\"279080\",\"syndicObjectID\":\"ASCAQU064V5CBOR3\",\"tag_id\":\"3\",\"subtag_id\":\"3\",\"field\":\"Trail\"}],\"type\":\"Place\"}},{\"geometry\":{\"type\":\"Point\",\"coordinates\":[-1.50927,43.4894]},\"type\":\"Feature\",\"id\":\"LOIAQU064FS00001\",\"properties\":{\"objectTypeCode\":\"LOI\",\"name\":\"Centre aquatique El Hogar\",\"marker_id\":\"LOIAQU064FS00001\",\"commune\":\"ANGLET\",\"display_city\":\"1\",\"cp\":\"64600\",\"ad1\":\"2 rue du Pastiss\\u00e9\",\"gmapLongitude\":-1.50927,\"gmapLatitude\":43.4894,\"zone1\":null,\"telephone\":\"+33 5 54 97 00 55\",\"detail_url\":\"https:\\\/\\\/www.anglet-tourisme.com\\\/es\\\/en-movimiento-en-anglet\\\/actividades\\\/anglet\\\/LOIAQU064FS00001-centre-aquatique-el-hogar\\\/\",\"excerpt\":\"Plongez dans l\\u2019univers El Hogar, votre nouveau centre aquatique \\u00e0 Anglet !Envie de sport, de d\\u00e9tente ou de moments en famille ? El Hogar est LE spot aquatique qui vous accueille dans&hellip;\",\"display_excerpt\":\"1\",\"photo\":\"https:\\\/\\\/www.anglet-tourisme.com\\\/wp-content\\\/uploads\\\/tis\\\/centre-aquatique-el-hogar-2025-1.jpg\",\"clas\":null,\"btn_label\":\"Ver m\\u00e1s\",\"btn_class\":null,\"durable\":false,\"charte\":\"\",\"durable_label\":\"Desarrollo sostenible\",\"online_bookable\":false,\"price_from\":false,\"tags\":[{\"object_tag_id\":\"279086\",\"syndicObjectID\":\"LOIAQU064FS00001\",\"tag_id\":\"5\",\"subtag_id\":\"149\",\"field\":\"Piscine\"}],\"type\":\"Place\"}},{\"geometry\":{\"type\":\"Point\",\"coordinates\":[-1.52442,43.5131]},\"type\":\"Feature\",\"id\":\"LOIAQU064FS00020\",\"properties\":{\"objectTypeCode\":\"LOI\",\"name\":\"Golf de Chiberta\",\"marker_id\":\"LOIAQU064FS00020\",\"commune\":\"ANGLET\",\"display_city\":\"1\",\"cp\":\"64600\",\"ad1\":\"104 boulevard des Plages\",\"gmapLongitude\":-1.52442,\"gmapLatitude\":43.5131,\"zone1\":null,\"telephone\":\"+33 5 59 52 51 10\",\"detail_url\":\"https:\\\/\\\/www.anglet-tourisme.com\\\/es\\\/en-movimiento-en-anglet\\\/actividades\\\/anglet\\\/LOIAQU064FS00020-golf-de-chiberta\\\/\",\"excerpt\":\"Quiz\\u00e1s el campo m\\u00e1s hermoso de la regi\\u00f3n, el campo de golf de Chiberta se reparte entre el pinar y la orilla del mar, en el esp\\u00edritu m\\u00e1s puro de los links&hellip;\",\"display_excerpt\":\"1\",\"photo\":\"https:\\\/\\\/www.anglet-tourisme.com\\\/wp-content\\\/uploads\\\/tis\\\/Golf-de-Chiberta-13.jpg\",\"clas\":null,\"btn_label\":\"Ver m\\u00e1s\",\"btn_class\":null,\"durable\":false,\"charte\":\"\",\"durable_label\":\"Desarrollo sostenible\",\"online_bookable\":false,\"price_from\":false,\"tags\":[{\"object_tag_id\":\"279092\",\"syndicObjectID\":\"LOIAQU064FS00020\",\"tag_id\":\"3\",\"subtag_id\":\"44\",\"field\":\"Golf\"}],\"type\":\"Place\"}},{\"geometry\":{\"type\":\"Point\",\"coordinates\":[-1.50734,43.5254]},\"type\":\"Feature\",\"id\":\"LOIAQU064FS0003U\",\"properties\":{\"objectTypeCode\":\"LOI\",\"name\":\"Port de plaisance du Brise-Lames\",\"marker_id\":\"LOIAQU064FS0003U\",\"commune\":\"ANGLET\",\"display_city\":\"1\",\"cp\":\"64600\",\"ad1\":\"118 avenue de l'Adour\",\"gmapLongitude\":-1.50734,\"gmapLatitude\":43.5254,\"zone1\":null,\"telephone\":\"+33 5 59 63 05 45\",\"detail_url\":\"https:\\\/\\\/www.anglet-tourisme.com\\\/es\\\/en-movimiento-en-anglet\\\/actividades\\\/anglet\\\/LOIAQU064FS0003U-port-de-plaisance-du-brise-lames\\\/\",\"excerpt\":\"Situado en la orilla izquierda del Adour, a 700 m de su desembocadura, el puerto deportivo de Brise-Lames se extiende a lo largo del canal, protegido por dos diques de escollera. Ofrece&hellip;\",\"display_excerpt\":\"1\",\"photo\":\"https:\\\/\\\/www.anglet-tourisme.com\\\/wp-content\\\/uploads\\\/tis\\\/port-plaisance-brises-lames-2.jpg\",\"clas\":null,\"btn_label\":\"Ver m\\u00e1s\",\"btn_class\":null,\"durable\":false,\"charte\":\"\",\"durable_label\":\"Desarrollo sostenible\",\"online_bookable\":false,\"price_from\":false,\"tags\":[{\"object_tag_id\":\"279093\",\"syndicObjectID\":\"LOIAQU064FS0003U\",\"tag_id\":\"5\",\"subtag_id\":\"71\",\"field\":\"Port de plaisance\"}],\"type\":\"Place\"}},{\"geometry\":{\"type\":\"Point\",\"coordinates\":[-1.52211,43.5269]},\"type\":\"Feature\",\"id\":\"LOIAQU064FS00043\",\"properties\":{\"objectTypeCode\":\"LOI\",\"name\":\"Patinoire de La Barre\",\"marker_id\":\"LOIAQU064FS00043\",\"commune\":\"ANGLET\",\"display_city\":\"1\",\"cp\":\"64600\",\"ad1\":\"299 avenue de l'Adour\",\"gmapLongitude\":-1.52211,\"gmapLatitude\":43.5269,\"zone1\":null,\"telephone\":\"+33 5 59 57 17 30\",\"detail_url\":\"https:\\\/\\\/www.anglet-tourisme.com\\\/es\\\/en-movimiento-en-anglet\\\/actividades\\\/anglet\\\/LOIAQU064FS00043-patinoire-de-la-barre\\\/\",\"excerpt\":\"La pista de patinaje de La Barre es toda una sorpresa. En un per\\u00edmetro de 200 km, es la \\u00fanica pista en la que se pueden practicar deportes de hielo, gracias a&hellip;\",\"display_excerpt\":\"1\",\"photo\":\"https:\\\/\\\/www.anglet-tourisme.com\\\/wp-content\\\/uploads\\\/tis\\\/Hormadi-Anglet-1RIB9879--RiBLANC.jpg\",\"clas\":null,\"btn_label\":\"Ver m\\u00e1s\",\"btn_class\":null,\"durable\":false,\"charte\":\"\",\"durable_label\":\"Desarrollo sostenible\",\"online_bookable\":false,\"price_from\":false,\"tags\":[{\"object_tag_id\":\"279094\",\"syndicObjectID\":\"LOIAQU064FS00043\",\"tag_id\":\"22\",\"subtag_id\":\"156\",\"field\":\"Patinoire\"}],\"type\":\"Place\"}},{\"geometry\":{\"type\":\"Point\",\"coordinates\":[-1.50631,43.4836]},\"type\":\"Feature\",\"id\":\"LOIAQU064FS0004V\",\"properties\":{\"objectTypeCode\":\"LOI\",\"name\":\"Moncin\\u00e9\",\"marker_id\":\"LOIAQU064FS0004V\",\"commune\":\"ANGLET\",\"display_city\":\"1\",\"cp\":\"64600\",\"ad1\":\"Rue des Barthes\",\"gmapLongitude\":-1.50631,\"gmapLatitude\":43.4836,\"zone1\":null,\"telephone\":\"+33 8 92 68 66 06\",\"detail_url\":\"https:\\\/\\\/www.anglet-tourisme.com\\\/es\\\/en-movimiento-en-anglet\\\/actividades\\\/anglet\\\/LOIAQU064FS0004V-moncine\\\/\",\"excerpt\":\"Moncin\\u00e9, el cine de Anglet, es un complejo de 6 salas situado en una zona comercial. Est\\u00e1 rodeado de restaurantes y tiendas. El aparcamiento es f\\u00e1cil y gratuito. El cine proyecta pel\\u00edculas&hellip;\",\"display_excerpt\":\"1\",\"photo\":\"https:\\\/\\\/www.anglet-tourisme.com\\\/wp-content\\\/uploads\\\/tis\\\/moncine-anglet-02.jpg\",\"clas\":null,\"btn_label\":\"Ver m\\u00e1s\",\"btn_class\":null,\"durable\":false,\"charte\":\"\",\"durable_label\":\"Desarrollo sostenible\",\"online_bookable\":false,\"price_from\":false,\"tags\":[{\"object_tag_id\":\"279095\",\"syndicObjectID\":\"LOIAQU064FS0004V\",\"tag_id\":\"22\",\"subtag_id\":\"158\",\"field\":\"Salle(s) de cin\\u00e9ma\"}],\"type\":\"Place\"}},{\"geometry\":{\"type\":\"Point\",\"coordinates\":[-1.52615,43.5073]},\"type\":\"Feature\",\"id\":\"LOIAQU064FS00077\",\"properties\":{\"objectTypeCode\":\"LOI\",\"name\":\"Golf de l'Imp\\u00e9ratrice\",\"marker_id\":\"LOIAQU064FS00077\",\"commune\":\"ANGLET\",\"display_city\":\"1\",\"cp\":\"64600\",\"ad1\":\"Avenue de l'Imp\\u00e9ratrice\",\"gmapLongitude\":-1.52615,\"gmapLatitude\":43.5073,\"zone1\":null,\"telephone\":\"+33 5 59 52 61 00\",\"detail_url\":\"https:\\\/\\\/www.anglet-tourisme.com\\\/es\\\/en-movimiento-en-anglet\\\/actividades\\\/anglet\\\/LOIAQU064FS00077-golf-de-limperatrice\\\/\",\"excerpt\":\"Este campo de 9 hoyos (Imp\\u00e9ratrice) es plano y m\\u00e1s bien corto, pero t\\u00e9cnico, destinado tanto a la iniciaci\\u00f3n como al trabajo de precisi\\u00f3n de los buenos jugadores. Distancia: 1434 m -&hellip;\",\"display_excerpt\":\"1\",\"photo\":\"https:\\\/\\\/www.anglet-tourisme.com\\\/wp-content\\\/uploads\\\/tis\\\/1-GolfImperatrice.jpg\",\"clas\":null,\"btn_label\":\"Ver m\\u00e1s\",\"btn_class\":null,\"durable\":false,\"charte\":\"\",\"durable_label\":\"Desarrollo sostenible\",\"online_bookable\":false,\"price_from\":false,\"tags\":[{\"object_tag_id\":\"279096\",\"syndicObjectID\":\"LOIAQU064FS00077\",\"tag_id\":\"3\",\"subtag_id\":\"44\",\"field\":\"Golf\"}],\"type\":\"Place\"}},{\"geometry\":{\"type\":\"Point\",\"coordinates\":[-1.51965,43.5263]},\"type\":\"Feature\",\"id\":\"LOIAQU064FS00079\",\"properties\":{\"objectTypeCode\":\"LOI\",\"name\":\"La Maison de l'Environnement\",\"marker_id\":\"LOIAQU064FS00079\",\"commune\":\"ANGLET\",\"display_city\":\"1\",\"cp\":\"64600\",\"ad1\":\"297 avenue de l'Adour\",\"gmapLongitude\":-1.51965,\"gmapLatitude\":43.5263,\"zone1\":null,\"telephone\":\"+33 5 59 57 17 48\",\"detail_url\":\"https:\\\/\\\/www.anglet-tourisme.com\\\/es\\\/en-movimiento-en-anglet\\\/actividades\\\/anglet\\\/LOIAQU064FS00079-la-maison-de-lenvironnement\\\/\",\"excerpt\":\"En la desembocadura del Adour, el parque ecol\\u00f3gico Izadia le invita a descubrir la biodiversidad de los humedales litorales. Este itinerario de 14 hect\\u00e1reas, tan bonito como discreto, le permite observar en&hellip;\",\"display_excerpt\":\"1\",\"photo\":\"https:\\\/\\\/www.anglet-tourisme.com\\\/wp-content\\\/uploads\\\/tis\\\/La-Maison-de-l-Environnemen-Anglet-4.jpg\",\"clas\":null,\"btn_label\":\"Ver m\\u00e1s\",\"btn_class\":null,\"durable\":true,\"charte\":\"\",\"durable_label\":\"Desarrollo sostenible\",\"online_bookable\":\"Reservas en l\\u00ednea\",\"price_from\":false,\"type\":\"Place\"}},{\"geometry\":{\"type\":\"Point\",\"coordinates\":[-1.52286,43.5259]},\"type\":\"Feature\",\"id\":\"LOIAQU064FS0007A\",\"properties\":{\"objectTypeCode\":\"LOI\",\"name\":\"Skatepark de La Barre\",\"marker_id\":\"LOIAQU064FS0007A\",\"commune\":\"ANGLET\",\"display_city\":\"1\",\"cp\":\"64600\",\"ad1\":\"299 avenue de l'Adour\",\"gmapLongitude\":-1.52286,\"gmapLatitude\":43.5259,\"zone1\":null,\"telephone\":\"+33 5 59 58 35 35\",\"detail_url\":\"https:\\\/\\\/www.anglet-tourisme.com\\\/es\\\/en-movimiento-en-anglet\\\/actividades\\\/anglet\\\/LOIAQU064FS0007A-skatepark-de-la-barre\\\/\",\"excerpt\":\"Entre el mar y el parque ecol\\u00f3gico, al lado de la pista de patinaje, un espacio de 1700 m2 que incluye una zona de street (dos bowls y otros m\\u00f3dulos) destinada al&hellip;\",\"display_excerpt\":\"1\",\"photo\":\"https:\\\/\\\/www.anglet-tourisme.com\\\/wp-content\\\/uploads\\\/tis\\\/Skatepark-et-aire-de-jeux-1---Dario-T.jpg\",\"clas\":null,\"btn_label\":\"Ver m\\u00e1s\",\"btn_class\":null,\"durable\":false,\"charte\":\"\",\"durable_label\":\"Desarrollo sostenible\",\"online_bookable\":false,\"price_from\":false,\"tags\":[{\"object_tag_id\":\"279097\",\"syndicObjectID\":\"LOIAQU064FS0007A\",\"tag_id\":\"2\",\"subtag_id\":\"31\",\"field\":\"Aire de jeux pour enfants\"}],\"type\":\"Place\"}},{\"geometry\":{\"type\":\"Point\",\"coordinates\":[-1.50515,43.5135]},\"type\":\"Feature\",\"id\":\"LOIAQU064FS0008U\",\"properties\":{\"objectTypeCode\":\"LOI\",\"name\":\"Trinquet Orok Bat\",\"marker_id\":\"LOIAQU064FS0008U\",\"commune\":\"ANGLET\",\"display_city\":\"1\",\"cp\":\"64600\",\"ad1\":\"1 all\\u00e9e Orok Bat\",\"gmapLongitude\":-1.50515,\"gmapLatitude\":43.5135,\"zone1\":null,\"telephone\":\"+33 5 59 31 91 00\",\"detail_url\":\"https:\\\/\\\/www.anglet-tourisme.com\\\/es\\\/en-movimiento-en-anglet\\\/actividades\\\/anglet\\\/LOIAQU064FS0008U-trinquet-orok-bat\\\/\",\"excerpt\":\"Front\\u00f3n y trinquete. Posibilidad de pr\\u00e9stamo de material.\",\"display_excerpt\":\"1\",\"photo\":\"https:\\\/\\\/www.anglet-tourisme.com\\\/wp-content\\\/uploads\\\/tis\\\/Orok-Bat.jpg\",\"clas\":null,\"btn_label\":\"Ver m\\u00e1s\",\"btn_class\":null,\"durable\":false,\"charte\":\"\",\"durable_label\":\"Desarrollo sostenible\",\"online_bookable\":false,\"price_from\":false,\"tags\":[{\"object_tag_id\":\"279098\",\"syndicObjectID\":\"LOIAQU064FS0008U\",\"tag_id\":\"2\",\"subtag_id\":\"165\",\"field\":\"Fronton\"},{\"object_tag_id\":\"279099\",\"syndicObjectID\":\"LOIAQU064FS0008U\",\"tag_id\":\"2\",\"subtag_id\":\"165\",\"field\":\"Mur \\u00e0 gauche\"},{\"object_tag_id\":\"279100\",\"syndicObjectID\":\"LOIAQU064FS0008U\",\"tag_id\":\"2\",\"subtag_id\":\"165\",\"field\":\"Trinquet\"}],\"type\":\"Place\"}},{\"geometry\":{\"type\":\"Point\",\"coordinates\":[-1.52018,43.4762]},\"type\":\"Feature\",\"id\":\"LOIAQU064FS000AI\",\"properties\":{\"objectTypeCode\":\"LOI\",\"name\":\"Centre Sportif et Culturel Haitz Pean\",\"marker_id\":\"LOIAQU064FS000AI\",\"commune\":\"ANGLET\",\"display_city\":\"1\",\"cp\":\"64600\",\"ad1\":\"24 promenade du Parc Belay\",\"gmapLongitude\":-1.52018,\"gmapLatitude\":43.4762,\"zone1\":null,\"telephone\":\"+33 5 59 03 06 45\",\"detail_url\":\"https:\\\/\\\/www.anglet-tourisme.com\\\/es\\\/en-movimiento-en-anglet\\\/actividades\\\/anglet\\\/LOIAQU064FS000AI-centre-sportif-et-culturel-haitz-pean\\\/\",\"excerpt\":\"Trinquete y trinquete de cristal: pelota vasca. Squash. Sala de combate: deportes de combate, tai chi. Sala de baile: hip-hop, baile contempor\\u00e1neo, pilates y gimnasia suave. Gimnasio: voleibol, b\\u00e1dminton. Sala de reuniones.\",\"display_excerpt\":\"1\",\"photo\":\"https:\\\/\\\/www.anglet-tourisme.com\\\/wp-content\\\/uploads\\\/tis\\\/-MGL6316.jpg\",\"clas\":null,\"btn_label\":\"Ver m\\u00e1s\",\"btn_class\":null,\"durable\":false,\"charte\":\"\",\"durable_label\":\"Desarrollo sostenible\",\"online_bookable\":\"Reservas en l\\u00ednea\",\"price_from\":false,\"tags\":[{\"object_tag_id\":\"279101\",\"syndicObjectID\":\"LOIAQU064FS000AI\",\"tag_id\":\"2\",\"subtag_id\":\"165\",\"field\":\"Fronton\"},{\"object_tag_id\":\"279102\",\"syndicObjectID\":\"LOIAQU064FS000AI\",\"tag_id\":\"2\",\"subtag_id\":\"165\",\"field\":\"Gymnase\"},{\"object_tag_id\":\"279103\",\"syndicObjectID\":\"LOIAQU064FS000AI\",\"tag_id\":\"2\",\"subtag_id\":\"165\",\"field\":\"Salle de sport\"}],\"type\":\"Place\"}},{\"geometry\":{\"type\":\"Point\",\"coordinates\":[-1.50987,43.489]},\"type\":\"Feature\",\"id\":\"LOIAQU064FS000AJ\",\"properties\":{\"objectTypeCode\":\"LOI\",\"name\":\"Centre Sportif et Culturel El Hogar - Villa El Hogar\",\"marker_id\":\"LOIAQU064FS000AJ\",\"commune\":\"ANGLET\",\"display_city\":\"1\",\"cp\":\"64600\",\"ad1\":\"54 rue de Hausquette\",\"gmapLongitude\":-1.50987,\"gmapLatitude\":43.489,\"zone1\":null,\"telephone\":\"+33 5 59 57 10 90\",\"detail_url\":\"https:\\\/\\\/www.anglet-tourisme.com\\\/es\\\/en-movimiento-en-anglet\\\/actividades\\\/anglet\\\/LOIAQU064FS000AJ-centre-sportif-et-culturel-el-hogar-villa-el-hogar\\\/\",\"excerpt\":\"Front\\u00f3n.\",\"display_excerpt\":\"1\",\"photo\":\"https:\\\/\\\/www.anglet-tourisme.com\\\/wp-content\\\/uploads\\\/tis\\\/el-hogar-K-Pierret-Delage-03.jpg\",\"clas\":null,\"btn_label\":\"Ver m\\u00e1s\",\"btn_class\":null,\"durable\":false,\"charte\":\"\",\"durable_label\":\"Desarrollo sostenible\",\"online_bookable\":false,\"price_from\":false,\"tags\":[{\"object_tag_id\":\"279109\",\"syndicObjectID\":\"LOIAQU064FS000AJ\",\"tag_id\":\"5\",\"subtag_id\":\"149\",\"field\":\"Piscine\"},{\"object_tag_id\":\"279107\",\"syndicObjectID\":\"LOIAQU064FS000AJ\",\"tag_id\":\"2\",\"subtag_id\":\"165\",\"field\":\"Gymnase\"},{\"object_tag_id\":\"279108\",\"syndicObjectID\":\"LOIAQU064FS000AJ\",\"tag_id\":\"2\",\"subtag_id\":\"165\",\"field\":\"Mur \\u00e0 gauche\"}],\"type\":\"Place\"}},{\"geometry\":{\"type\":\"Point\",\"coordinates\":[-1.54538,43.4971]},\"type\":\"Feature\",\"id\":\"LOIAQU064FS000BS\",\"properties\":{\"objectTypeCode\":\"LOI\",\"name\":\"Plage de la Petite Chambre d'Amour\",\"marker_id\":\"LOIAQU064FS000BS\",\"commune\":\"ANGLET\",\"display_city\":\"1\",\"cp\":\"64600\",\"ad1\":\"Promenade des Sources\",\"gmapLongitude\":-1.54538,\"gmapLatitude\":43.4971,\"zone1\":null,\"telephone\":\"+33 5 59 58 35 35\",\"detail_url\":\"https:\\\/\\\/www.anglet-tourisme.com\\\/es\\\/en-movimiento-en-anglet\\\/actividades\\\/anglet\\\/LOIAQU064FS000BS-plage-de-la-petite-chambre-damour\\\/\",\"excerpt\":\"Esta playa se encuentra situada al pie del majestuoso acantilado del Cabo Saint-Martin y de su famoso faro. La base del acantilado est\\u00e1 llena de grutas. El acceso, desafortunadamente, est\\u00e1 prohibido por&hellip;\",\"display_excerpt\":\"1\",\"photo\":\"https:\\\/\\\/www.anglet-tourisme.com\\\/wp-content\\\/uploads\\\/tis\\\/petite-chambre-amour.jpg\",\"clas\":null,\"btn_label\":\"Ver m\\u00e1s\",\"btn_class\":null,\"durable\":true,\"charte\":\"\",\"durable_label\":\"Desarrollo sostenible\",\"online_bookable\":false,\"price_from\":false,\"tags\":[{\"object_tag_id\":\"279112\",\"syndicObjectID\":\"LOIAQU064FS000BS\",\"tag_id\":\"5\",\"subtag_id\":\"67\",\"field\":\"Plage surveill\\u00e9e\"}],\"type\":\"Place\"}},{\"geometry\":{\"type\":\"Point\",\"coordinates\":[-1.54363,43.4998]},\"type\":\"Feature\",\"id\":\"LOIAQU064FS000BU\",\"properties\":{\"objectTypeCode\":\"LOI\",\"name\":\"Plage du Club\",\"marker_id\":\"LOIAQU064FS000BU\",\"commune\":\"ANGLET\",\"display_city\":\"1\",\"cp\":\"64600\",\"ad1\":\"Esplanade des Gascons\",\"gmapLongitude\":-1.54363,\"gmapLatitude\":43.4998,\"zone1\":null,\"telephone\":\"+33 5 59 58 35 35\",\"detail_url\":\"https:\\\/\\\/www.anglet-tourisme.com\\\/es\\\/en-movimiento-en-anglet\\\/actividades\\\/anglet\\\/LOIAQU064FS000BU-plage-du-club\\\/\",\"excerpt\":\"Peque\\u00f1a playa encajada entre dos espigones, presenta la particularidad de ser muy frecuentada durante la marea baja, porque la marea alta la cubre totalmente. Es una de las dos playas \\u201curbanas\\u201d de&hellip;\",\"display_excerpt\":\"1\",\"photo\":\"https:\\\/\\\/www.anglet-tourisme.com\\\/wp-content\\\/uploads\\\/tis\\\/plage-club-8701--K.Pierret-Delage.jpg\",\"clas\":null,\"btn_label\":\"Ver m\\u00e1s\",\"btn_class\":null,\"durable\":false,\"charte\":\"\",\"durable_label\":\"Desarrollo sostenible\",\"online_bookable\":false,\"price_from\":false,\"tags\":[{\"object_tag_id\":\"279113\",\"syndicObjectID\":\"LOIAQU064FS000BU\",\"tag_id\":\"5\",\"subtag_id\":\"67\",\"field\":\"Plage non surveill\\u00e9e\"}],\"type\":\"Place\"}},{\"geometry\":{\"type\":\"Point\",\"coordinates\":[-1.54082,43.502]},\"type\":\"Feature\",\"id\":\"LOIAQU064FS000BV\",\"properties\":{\"objectTypeCode\":\"LOI\",\"name\":\"Plage des Sables d'Or\",\"marker_id\":\"LOIAQU064FS000BV\",\"commune\":\"ANGLET\",\"display_city\":\"1\",\"cp\":\"64600\",\"ad1\":\"Avenue des Dauphins\",\"gmapLongitude\":-1.54082,\"gmapLatitude\":43.502,\"zone1\":null,\"telephone\":\"+33 5 59 58 35 35\",\"detail_url\":\"https:\\\/\\\/www.anglet-tourisme.com\\\/es\\\/en-movimiento-en-anglet\\\/actividades\\\/anglet\\\/LOIAQU064FS000BV-plage-des-sables-dor\\\/\",\"excerpt\":\"\\u00daltima playa del barrio de la Chambre d\\u2019Amour, la playa de Sables d\\u2019Or re\\u00fane todas las caracter\\u00edsticas de una playa urbana. Rodeada por bares-restaurante, se acude all\\u00ed durante todo el a\\u00f1o. Esta&hellip;\",\"display_excerpt\":\"1\",\"photo\":\"https:\\\/\\\/www.anglet-tourisme.com\\\/wp-content\\\/uploads\\\/tis\\\/Sables-d-Or--K.Pierret-Delage---8504.jpg\",\"clas\":null,\"btn_label\":\"Ver m\\u00e1s\",\"btn_class\":null,\"durable\":true,\"charte\":\"\",\"durable_label\":\"Desarrollo sostenible\",\"online_bookable\":false,\"price_from\":false,\"tags\":[{\"object_tag_id\":\"279114\",\"syndicObjectID\":\"LOIAQU064FS000BV\",\"tag_id\":\"5\",\"subtag_id\":\"67\",\"field\":\"Plage surveill\\u00e9e\"}],\"type\":\"Place\"}},{\"geometry\":{\"type\":\"Point\",\"coordinates\":[-1.53932,43.5044]},\"type\":\"Feature\",\"id\":\"LOIAQU064FS000BW\",\"properties\":{\"objectTypeCode\":\"LOI\",\"name\":\"Plage de Marinella\",\"marker_id\":\"LOIAQU064FS000BW\",\"commune\":\"ANGLET\",\"display_city\":\"1\",\"cp\":\"64600\",\"ad1\":\"Avenue des Go\\u00e9lands\",\"gmapLongitude\":-1.53932,\"gmapLatitude\":43.5044,\"zone1\":null,\"telephone\":\"+33 5 59 58 35 35\",\"detail_url\":\"https:\\\/\\\/www.anglet-tourisme.com\\\/es\\\/en-movimiento-en-anglet\\\/actividades\\\/anglet\\\/LOIAQU064FS000BW-plage-de-marinella\\\/\",\"excerpt\":\"La playa de Marinella es la m\\u00e1s cosmopolita de Anglet. Esta larga playa, bordeada de diques, es frecuentada por una clientela de lo m\\u00e1s variopinta: familias, ni\\u00f1os y surfistas. All\\u00ed se puede&hellip;\",\"display_excerpt\":\"1\",\"photo\":\"https:\\\/\\\/www.anglet-tourisme.com\\\/wp-content\\\/uploads\\\/tis\\\/La-Marinella-Anglet--RIB9726--RiBLANC.jpg\",\"clas\":null,\"btn_label\":\"Ver m\\u00e1s\",\"btn_class\":null,\"durable\":true,\"charte\":\"\",\"durable_label\":\"Desarrollo sostenible\",\"online_bookable\":false,\"price_from\":false,\"tags\":[{\"object_tag_id\":\"279115\",\"syndicObjectID\":\"LOIAQU064FS000BW\",\"tag_id\":\"5\",\"subtag_id\":\"67\",\"field\":\"Plage surveill\\u00e9e\"}],\"type\":\"Place\"}},{\"geometry\":{\"type\":\"Point\",\"coordinates\":[-1.5375,43.5074]},\"type\":\"Feature\",\"id\":\"LOIAQU064FS000C0\",\"properties\":{\"objectTypeCode\":\"LOI\",\"name\":\"Plage des Corsaires\",\"marker_id\":\"LOIAQU064FS000C0\",\"commune\":\"ANGLET\",\"display_city\":\"1\",\"cp\":\"64600\",\"ad1\":\"Avenue des Corsaires\",\"gmapLongitude\":-1.5375,\"gmapLatitude\":43.5074,\"zone1\":null,\"telephone\":\"+33 5 59 58 35 35\",\"detail_url\":\"https:\\\/\\\/www.anglet-tourisme.com\\\/es\\\/en-movimiento-en-anglet\\\/actividades\\\/anglet\\\/LOIAQU064FS000C0-plage-des-corsaires\\\/\",\"excerpt\":\"Esta playa est\\u00e1 totalmente orientada a los j\\u00f3venes. Los espacios verdes que la bordean son apreciados y propicios para hacer volar la cometa y practicar deportes de pelota. La playa marca la&hellip;\",\"display_excerpt\":\"1\",\"photo\":\"https:\\\/\\\/www.anglet-tourisme.com\\\/wp-content\\\/uploads\\\/tis\\\/Corsaires--K.Pierret-Delage---7745.jpg\",\"clas\":null,\"btn_label\":\"Ver m\\u00e1s\",\"btn_class\":null,\"durable\":true,\"charte\":\"\",\"durable_label\":\"Desarrollo sostenible\",\"online_bookable\":false,\"price_from\":false,\"tags\":[{\"object_tag_id\":\"279116\",\"syndicObjectID\":\"LOIAQU064FS000C0\",\"tag_id\":\"5\",\"subtag_id\":\"67\",\"field\":\"Plage surveill\\u00e9e\"}],\"type\":\"Place\"}},{\"geometry\":{\"type\":\"Point\",\"coordinates\":[-1.5345,43.5111]},\"type\":\"Feature\",\"id\":\"LOIAQU064FS000C1\",\"properties\":{\"objectTypeCode\":\"LOI\",\"name\":\"Plage de la Madrague\",\"marker_id\":\"LOIAQU064FS000C1\",\"commune\":\"ANGLET\",\"display_city\":\"1\",\"cp\":\"64600\",\"ad1\":\"Avenue de la Madrague\",\"gmapLongitude\":-1.5345,\"gmapLatitude\":43.5111,\"zone1\":null,\"telephone\":\"+33 5 59 58 35 35\",\"detail_url\":\"https:\\\/\\\/www.anglet-tourisme.com\\\/es\\\/en-movimiento-en-anglet\\\/actividades\\\/anglet\\\/LOIAQU064FS000C1-plage-de-la-madrague\\\/\",\"excerpt\":\"La Madrague es verdaderamente una de las playas m\\u00e1s bonitas de Anglet. Esta inmensa extensi\\u00f3n de arena fina acoge a una clientela ecl\\u00e9ctica. All\\u00ed se encuentran j\\u00f3venes, familias y personas mayores. Sus&hellip;\",\"display_excerpt\":\"1\",\"photo\":\"https:\\\/\\\/www.anglet-tourisme.com\\\/wp-content\\\/uploads\\\/tis\\\/La-Madrague---Anglet-1RIB5783--RiBLANC.jpg\",\"clas\":null,\"btn_label\":\"Ver m\\u00e1s\",\"btn_class\":null,\"durable\":true,\"charte\":\"\",\"durable_label\":\"Desarrollo sostenible\",\"online_bookable\":false,\"price_from\":false,\"tags\":[{\"object_tag_id\":\"279117\",\"syndicObjectID\":\"LOIAQU064FS000C1\",\"tag_id\":\"5\",\"subtag_id\":\"67\",\"field\":\"Plage surveill\\u00e9e\"}],\"type\":\"Place\"}},{\"geometry\":{\"type\":\"Point\",\"coordinates\":[-1.53598,43.5095]},\"type\":\"Feature\",\"id\":\"LOIAQU064FS000C2\",\"properties\":{\"objectTypeCode\":\"LOI\",\"name\":\"Plage de la Petite Madrague\",\"marker_id\":\"LOIAQU064FS000C2\",\"commune\":\"ANGLET\",\"display_city\":\"1\",\"cp\":\"64600\",\"ad1\":\"Avenue de la Madrague\",\"gmapLongitude\":-1.53598,\"gmapLatitude\":43.5095,\"zone1\":null,\"telephone\":\"+33 5 59 58 35 35\",\"detail_url\":\"https:\\\/\\\/www.anglet-tourisme.com\\\/es\\\/en-movimiento-en-anglet\\\/actividades\\\/anglet\\\/LOIAQU064FS000C2-plage-de-la-petite-madrague\\\/\",\"excerpt\":\"La Petite Madrague es una de las playas m\\u00e1s modernas de Anglet. Esta inmensa extensi\\u00f3n de arena fina acoge a una clientela ecl\\u00e9ctica: All\\u00ed se encuentran j\\u00f3venes, familias y personas mayores. Sus&hellip;\",\"display_excerpt\":\"1\",\"photo\":\"https:\\\/\\\/www.anglet-tourisme.com\\\/wp-content\\\/uploads\\\/tis\\\/Petite-Madrague----K.Pierret-Delage.jpg\",\"clas\":null,\"btn_label\":\"Ver m\\u00e1s\",\"btn_class\":null,\"durable\":false,\"charte\":\"\",\"durable_label\":\"Desarrollo sostenible\",\"online_bookable\":false,\"price_from\":false,\"tags\":[{\"object_tag_id\":\"279118\",\"syndicObjectID\":\"LOIAQU064FS000C2\",\"tag_id\":\"5\",\"subtag_id\":\"67\",\"field\":\"Plage non surveill\\u00e9e\"}],\"type\":\"Place\"}},{\"geometry\":{\"type\":\"Point\",\"coordinates\":[-1.53141,43.5147]},\"type\":\"Feature\",\"id\":\"LOIAQU064FS000C3\",\"properties\":{\"objectTypeCode\":\"LOI\",\"name\":\"Plage de l'Oc\\u00e9an\",\"marker_id\":\"LOIAQU064FS000C3\",\"commune\":\"ANGLET\",\"display_city\":\"1\",\"cp\":\"64600\",\"ad1\":\"Avenue de l'Oc\\u00e9an\",\"gmapLongitude\":-1.53141,\"gmapLatitude\":43.5147,\"zone1\":null,\"telephone\":\"+33 5 59 58 35 35\",\"detail_url\":\"https:\\\/\\\/www.anglet-tourisme.com\\\/es\\\/en-movimiento-en-anglet\\\/actividades\\\/anglet\\\/LOIAQU064FS000C3-plage-de-locean\\\/\",\"excerpt\":\"La playa de L\\u2019Oc\\u00e9an es una de las m\\u00e1s \\u201csalvajes\\u201d de Anglet. Su entrada cuenta con una pasarela que aporta un punto de vista \\u00fanico de la costa de Anglet. En este&hellip;\",\"display_excerpt\":\"1\",\"photo\":\"https:\\\/\\\/www.anglet-tourisme.com\\\/wp-content\\\/uploads\\\/tis\\\/ocean-4684--K.Pierret-Delage.jpg\",\"clas\":null,\"btn_label\":\"Ver m\\u00e1s\",\"btn_class\":null,\"durable\":true,\"charte\":\"\",\"durable_label\":\"Desarrollo sostenible\",\"online_bookable\":false,\"price_from\":false,\"tags\":[{\"object_tag_id\":\"279119\",\"syndicObjectID\":\"LOIAQU064FS000C3\",\"tag_id\":\"5\",\"subtag_id\":\"67\",\"field\":\"Plage surveill\\u00e9e\"}],\"type\":\"Place\"}},{\"geometry\":{\"type\":\"Point\",\"coordinates\":[-1.52914,43.5171]},\"type\":\"Feature\",\"id\":\"LOIAQU064FS000C4\",\"properties\":{\"objectTypeCode\":\"LOI\",\"name\":\"Plage des Dunes\",\"marker_id\":\"LOIAQU064FS000C4\",\"commune\":\"ANGLET\",\"display_city\":\"1\",\"cp\":\"64600\",\"ad1\":\"Avenue des Dunes\",\"gmapLongitude\":-1.52914,\"gmapLatitude\":43.5171,\"zone1\":null,\"telephone\":\"+33 5 59 58 35 35\",\"detail_url\":\"https:\\\/\\\/www.anglet-tourisme.com\\\/es\\\/en-movimiento-en-anglet\\\/actividades\\\/anglet\\\/LOIAQU064FS000C4-plage-des-dunes\\\/\",\"excerpt\":\"En los bordes del famoso campo de golf de Chiberta, esta playa, muy apreciada por los surfistas, es verdaderamente la m\\u00e1s \\u201csalvaje\\u201d de nuestro litoral. Su acceso \\u00fanico por un paso subterr\\u00e1neo&hellip;\",\"display_excerpt\":\"1\",\"photo\":\"https:\\\/\\\/www.anglet-tourisme.com\\\/wp-content\\\/uploads\\\/tis\\\/Dunes--K.Pierret-Delage---6621.jpg\",\"clas\":null,\"btn_label\":\"Ver m\\u00e1s\",\"btn_class\":null,\"durable\":false,\"charte\":\"\",\"durable_label\":\"Desarrollo sostenible\",\"online_bookable\":false,\"price_from\":false,\"tags\":[{\"object_tag_id\":\"279120\",\"syndicObjectID\":\"LOIAQU064FS000C4\",\"tag_id\":\"5\",\"subtag_id\":\"67\",\"field\":\"Plage non surveill\\u00e9e\"}],\"type\":\"Place\"}},{\"geometry\":{\"type\":\"Point\",\"coordinates\":[-1.52665,43.5208]},\"type\":\"Feature\",\"id\":\"LOIAQU064FS000C5\",\"properties\":{\"objectTypeCode\":\"LOI\",\"name\":\"Plage des Cavaliers\",\"marker_id\":\"LOIAQU064FS000C5\",\"commune\":\"ANGLET\",\"display_city\":\"1\",\"cp\":\"64600\",\"ad1\":\"Avenue des Cavaliers\",\"gmapLongitude\":-1.52665,\"gmapLatitude\":43.5208,\"zone1\":null,\"telephone\":\"+33 5 59 58 35 35\",\"detail_url\":\"https:\\\/\\\/www.anglet-tourisme.com\\\/es\\\/en-movimiento-en-anglet\\\/actividades\\\/anglet\\\/LOIAQU064FS000C5-plage-des-cavaliers\\\/\",\"excerpt\":\"Conocida en todo el mundo por sus potentes olas, la playa de Cavaliers acoge numerosas competiciones de surf. Est\\u00e1 dominada por muchos espacios verdes pero, sobre todo, por el complejo de talasoterapia&hellip;\",\"display_excerpt\":\"1\",\"photo\":\"https:\\\/\\\/www.anglet-tourisme.com\\\/wp-content\\\/uploads\\\/tis\\\/Plage-des-Cavaliers--K.Pierret-Delage.jpg\",\"clas\":null,\"btn_label\":\"Ver m\\u00e1s\",\"btn_class\":null,\"durable\":true,\"charte\":\"\",\"durable_label\":\"Desarrollo sostenible\",\"online_bookable\":false,\"price_from\":false,\"tags\":[{\"object_tag_id\":\"279121\",\"syndicObjectID\":\"LOIAQU064FS000C5\",\"tag_id\":\"5\",\"subtag_id\":\"67\",\"field\":\"Plage surveill\\u00e9e\"}],\"type\":\"Place\"}},{\"geometry\":{\"type\":\"Point\",\"coordinates\":[-1.522,43.527]},\"type\":\"Feature\",\"id\":\"LOIAQU064FS000C6\",\"properties\":{\"objectTypeCode\":\"LOI\",\"name\":\"Plage de La Barre\",\"marker_id\":\"LOIAQU064FS000C6\",\"commune\":\"ANGLET\",\"display_city\":\"1\",\"cp\":\"64600\",\"ad1\":\"299 avenue de l'Adour\",\"gmapLongitude\":-1.522,\"gmapLatitude\":43.527,\"zone1\":null,\"telephone\":\"+33 5 59 58 35 35\",\"detail_url\":\"https:\\\/\\\/www.anglet-tourisme.com\\\/es\\\/en-movimiento-en-anglet\\\/actividades\\\/anglet\\\/LOIAQU064FS000C6-plage-de-la-barre\\\/\",\"excerpt\":\"Situada al norte de la estaci\\u00f3n, La Barre es la playa m\\u00e1s peque\\u00f1a de Anglet. Tambi\\u00e9n est\\u00e1 marcada por la proximidad de la desembocadura del Adour. Encajada entre 2 espigones, es la&hellip;\",\"display_excerpt\":\"1\",\"photo\":\"https:\\\/\\\/www.anglet-tourisme.com\\\/wp-content\\\/uploads\\\/tis\\\/La-Barre-Anglet-DJI-0891--RiBLANC.jpg\",\"clas\":null,\"btn_label\":\"Ver m\\u00e1s\",\"btn_class\":null,\"durable\":true,\"charte\":\"\",\"durable_label\":\"Desarrollo sostenible\",\"online_bookable\":false,\"price_from\":false,\"tags\":[{\"object_tag_id\":\"279122\",\"syndicObjectID\":\"LOIAQU064FS000C6\",\"tag_id\":\"5\",\"subtag_id\":\"67\",\"field\":\"Plage surveill\\u00e9e\"}],\"type\":\"Place\"}},{\"geometry\":{\"type\":\"Point\",\"coordinates\":[-1.50985,43.502]},\"type\":\"Feature\",\"id\":\"LOIAQU064FS000EF\",\"properties\":{\"objectTypeCode\":\"LOI\",\"name\":\"AEP Les Cigales\",\"marker_id\":\"LOIAQU064FS000EF\",\"commune\":\"ANGLET\",\"display_city\":\"1\",\"cp\":\"64600\",\"ad1\":\"33 avenue des Pyr\\u00e9n\\u00e9es\",\"gmapLongitude\":-1.50985,\"gmapLatitude\":43.502,\"zone1\":null,\"telephone\":\"\",\"detail_url\":\"https:\\\/\\\/www.anglet-tourisme.com\\\/es\\\/en-movimiento-en-anglet\\\/actividades\\\/anglet\\\/LOIAQU064FS000EF-aep-les-cigales\\\/\",\"excerpt\":\"Front\\u00f3n.\",\"display_excerpt\":\"1\",\"photo\":\"https:\\\/\\\/www.anglet-tourisme.com\\\/wp-content\\\/uploads\\\/tis\\\/-MG-3795.jpg\",\"clas\":null,\"btn_label\":\"Ver m\\u00e1s\",\"btn_class\":null,\"durable\":false,\"charte\":\"\",\"durable_label\":\"Desarrollo sostenible\",\"online_bookable\":false,\"price_from\":false,\"tags\":[{\"object_tag_id\":\"279123\",\"syndicObjectID\":\"LOIAQU064FS000EF\",\"tag_id\":\"2\",\"subtag_id\":\"165\",\"field\":\"Mur \\u00e0 gauche\"},{\"object_tag_id\":\"279124\",\"syndicObjectID\":\"LOIAQU064FS000EF\",\"tag_id\":\"2\",\"subtag_id\":\"165\",\"field\":\"Terrain(s) de tennis\"}],\"type\":\"Place\"}},{\"geometry\":{\"type\":\"Point\",\"coordinates\":[-1.50265,43.4578]},\"type\":\"Feature\",\"id\":\"LOIAQU064FS000EH\",\"properties\":{\"objectTypeCode\":\"LOI\",\"name\":\"Hardoytarrak\",\"marker_id\":\"LOIAQU064FS000EH\",\"commune\":\"ANGLET\",\"display_city\":\"1\",\"cp\":\"64600\",\"ad1\":\"10 avenue Marie et Pierre Elhorga\",\"gmapLongitude\":-1.50265,\"gmapLatitude\":43.4578,\"zone1\":null,\"telephone\":\"\",\"detail_url\":\"https:\\\/\\\/www.anglet-tourisme.com\\\/es\\\/en-movimiento-en-anglet\\\/actividades\\\/anglet\\\/LOIAQU064FS000EH-hardoytarrak\\\/\",\"excerpt\":\"Descubrimiento de 4 de las principales especialidades de la pelota vasca: pelota mano, pala, chistera y Xare (paleta argentina). Iniciaci\\u00f3n y cursos particulares para ni\\u00f1os y adultos, grupos escolares y seminarios. Iniciaci\\u00f3n&hellip;\",\"display_excerpt\":\"1\",\"photo\":\"https:\\\/\\\/www.anglet-tourisme.com\\\/wp-content\\\/uploads\\\/tis\\\/hardoytarrak-2.JPG\",\"clas\":null,\"btn_label\":\"Ver m\\u00e1s\",\"btn_class\":null,\"durable\":false,\"charte\":\"\",\"durable_label\":\"Desarrollo sostenible\",\"online_bookable\":false,\"price_from\":false,\"tags\":[{\"object_tag_id\":\"279125\",\"syndicObjectID\":\"LOIAQU064FS000EH\",\"tag_id\":\"2\",\"subtag_id\":\"165\",\"field\":\"Fronton\"},{\"object_tag_id\":\"279126\",\"syndicObjectID\":\"LOIAQU064FS000EH\",\"tag_id\":\"2\",\"subtag_id\":\"165\",\"field\":\"Mur \\u00e0 gauche\"}],\"type\":\"Place\"}},{\"geometry\":{\"type\":\"Point\",\"coordinates\":[-1.49923,43.5057]},\"type\":\"Feature\",\"id\":\"LOIAQU064FS000ER\",\"properties\":{\"objectTypeCode\":\"LOI\",\"name\":\"City Stade de Lesp\\u00e8s\",\"marker_id\":\"LOIAQU064FS000ER\",\"commune\":\"ANGLET\",\"display_city\":\"1\",\"cp\":\"64600\",\"ad1\":\"Rue de Lesp\\u00e8s\",\"gmapLongitude\":-1.49923,\"gmapLatitude\":43.5057,\"zone1\":null,\"telephone\":\"+33 5 59 57 10 90\",\"detail_url\":\"https:\\\/\\\/www.anglet-tourisme.com\\\/es\\\/en-movimiento-en-anglet\\\/actividades\\\/anglet\\\/LOIAQU064FS000ER-city-stade-de-lespes\\\/\",\"excerpt\":\"Terreno de juegos para ni\\u00f1os.\",\"display_excerpt\":\"1\",\"photo\":\"https:\\\/\\\/www.anglet-tourisme.com\\\/wp-content\\\/uploads\\\/tis\\\/DSC-37967.jpg\",\"clas\":null,\"btn_label\":\"Ver m\\u00e1s\",\"btn_class\":null,\"durable\":false,\"charte\":\"\",\"durable_label\":\"Desarrollo sostenible\",\"online_bookable\":false,\"price_from\":false,\"tags\":[{\"object_tag_id\":\"279127\",\"syndicObjectID\":\"LOIAQU064FS000ER\",\"tag_id\":\"2\",\"subtag_id\":\"31\",\"field\":\"Aire de jeux pour enfants\"},{\"object_tag_id\":\"279128\",\"syndicObjectID\":\"LOIAQU064FS000ER\",\"tag_id\":\"2\",\"subtag_id\":\"165\",\"field\":\"Stade\"}],\"type\":\"Place\"}},{\"geometry\":{\"type\":\"Point\",\"coordinates\":[-1.5133,43.4836]},\"type\":\"Feature\",\"id\":\"LOIAQU064FS000O0\",\"properties\":{\"objectTypeCode\":\"LOI\",\"name\":\"Villa Beatrix Enea\",\"marker_id\":\"LOIAQU064FS000O0\",\"commune\":\"ANGLET\",\"display_city\":\"1\",\"cp\":\"64600\",\"ad1\":\"2 rue Albert le Barillier\",\"gmapLongitude\":-1.5133,\"gmapLatitude\":43.4836,\"zone1\":null,\"telephone\":\"+33 5 59 58 35 60\",\"detail_url\":\"https:\\\/\\\/www.anglet-tourisme.com\\\/es\\\/en-movimiento-en-anglet\\\/actividades\\\/anglet\\\/LOIAQU064FS000O0-villa-beatrix-enea\\\/\",\"excerpt\":\"Galer\\u00eda de arte, actos culturales, patrimonio y hermanamiento de ciudades. 3 salas dedicadas a la expresi\\u00f3n art\\u00edstica. El parque tambi\\u00e9n acoge obras.\",\"display_excerpt\":\"1\",\"photo\":\"https:\\\/\\\/www.anglet-tourisme.com\\\/wp-content\\\/uploads\\\/tis\\\/-MGL3048.jpg\",\"clas\":null,\"btn_label\":\"Ver m\\u00e1s\",\"btn_class\":null,\"durable\":false,\"charte\":\"\",\"durable_label\":\"Desarrollo sostenible\",\"online_bookable\":false,\"price_from\":false,\"tags\":[{\"object_tag_id\":\"279129\",\"syndicObjectID\":\"LOIAQU064FS000O0\",\"tag_id\":\"10\",\"subtag_id\":\"13\",\"field\":\"Galerie d'art\"}],\"type\":\"Place\"}},{\"geometry\":{\"type\":\"Point\",\"coordinates\":[-1.52411,43.5254]},\"type\":\"Feature\",\"id\":\"LOIAQU064FS000PQ\",\"properties\":{\"objectTypeCode\":\"LOI\",\"name\":\"Agr\\u00e8s sportifs face \\u00e0 l'oc\\u00e9an\",\"marker_id\":\"LOIAQU064FS000PQ\",\"commune\":\"ANGLET\",\"display_city\":\"1\",\"cp\":\"64600\",\"ad1\":\"Plages de Marinella et de La Barre\",\"gmapLongitude\":-1.52411,\"gmapLatitude\":43.5254,\"zone1\":null,\"telephone\":\"+33 5 59 58 35 80\",\"detail_url\":\"https:\\\/\\\/www.anglet-tourisme.com\\\/es\\\/en-movimiento-en-anglet\\\/actividades\\\/anglet\\\/LOIAQU064FS000PQ-agres-sportifs-face-a-locean\\\/\",\"excerpt\":\"Dos zonas de deporte y relajaci\\u00f3n con vistas al mar, cada una de ellas compuesta por 8 aparatos adaptados a todos los niveles Lejos de las m\\u00e1quinas de los gimnasios, el aparato&hellip;\",\"display_excerpt\":\"1\",\"photo\":\"https:\\\/\\\/www.anglet-tourisme.com\\\/wp-content\\\/uploads\\\/tis\\\/Promenade---Sunset-Anglet-RIB0285--RiBLANC.jpg\",\"clas\":null,\"btn_label\":\"Ver m\\u00e1s\",\"btn_class\":null,\"durable\":false,\"charte\":\"\",\"durable_label\":\"Desarrollo sostenible\",\"online_bookable\":false,\"price_from\":false,\"tags\":[{\"object_tag_id\":\"279130\",\"syndicObjectID\":\"LOIAQU064FS000PQ\",\"tag_id\":\"3\",\"subtag_id\":\"87\",\"field\":\"Parcours de sant\\u00e9\"}],\"type\":\"Place\"}},{\"geometry\":{\"type\":\"Point\",\"coordinates\":[-1.54337,43.4947]},\"type\":\"Feature\",\"id\":\"LOIAQU064FS000QE\",\"properties\":{\"objectTypeCode\":\"LOI\",\"name\":\"Piste cyclable \\\"Boulevard des Plages\\\"\",\"marker_id\":\"LOIAQU064FS000QE\",\"commune\":\"ANGLET\",\"display_city\":\"1\",\"cp\":\"64600\",\"ad1\":\"Chambre d'Amour (d\\u00e9part)\",\"gmapLongitude\":-1.54337,\"gmapLatitude\":43.4947,\"zone1\":null,\"telephone\":\"+33 5 59 03 77 01\",\"detail_url\":\"https:\\\/\\\/www.anglet-tourisme.com\\\/es\\\/en-movimiento-en-anglet\\\/actividades\\\/anglet\\\/LOIAQU064FS000QE-piste-cyclable-boulevard-des-plages\\\/\",\"excerpt\":\"Este carril bici une y da servicio a las 11 playas de Anglet a lo largo de 4,5 km. Para prolongar el trayecto hacia Bayona y Ustaritz: contin\\u00fae por el carril bici&hellip;\",\"display_excerpt\":\"1\",\"photo\":\"https:\\\/\\\/www.anglet-tourisme.com\\\/wp-content\\\/uploads\\\/tis\\\/Ballade-en-Velo-I-Love-Anglet-1RIB1317--RiBLANC.jpg\",\"clas\":null,\"btn_label\":\"Ver m\\u00e1s\",\"btn_class\":null,\"durable\":false,\"charte\":\"\",\"durable_label\":\"Desarrollo sostenible\",\"online_bookable\":false,\"price_from\":false,\"tags\":[{\"object_tag_id\":\"279131\",\"syndicObjectID\":\"LOIAQU064FS000QE\",\"tag_id\":\"3\",\"subtag_id\":\"4\",\"field\":\"Piste cyclable\"}],\"type\":\"Place\"}},{\"geometry\":{\"type\":\"Point\",\"coordinates\":[-1.54302,43.4993]},\"type\":\"Feature\",\"id\":\"LOIAQU064V508NSV\",\"properties\":{\"objectTypeCode\":\"LOI\",\"name\":\"Espace de l\\u2019Oc\\u00e9an \",\"marker_id\":\"LOIAQU064V508NSV\",\"commune\":\"ANGLET\",\"display_city\":\"1\",\"cp\":\"64600\",\"ad1\":\"Esplanade des Docteurs Gentilhe\",\"gmapLongitude\":-1.54302,\"gmapLatitude\":43.4993,\"zone1\":null,\"telephone\":\"+33 5 59 03 77 01\",\"detail_url\":\"https:\\\/\\\/www.anglet-tourisme.com\\\/es\\\/en-movimiento-en-anglet\\\/actividades\\\/anglet\\\/LOIAQU064V508NSV-espace-de-locean\\\/\",\"excerpt\":\"Bienvenido al Espace de l'Oc\\u00e9an, su sala de recepciones junto al mar. Idealmente situado en uno de los barrios m\\u00e1s bellos de Anglet, la Chambre d'Amour, el Espace de l'Oc\\u00e9an es el&hellip;\",\"display_excerpt\":\"1\",\"photo\":\"https:\\\/\\\/www.anglet-tourisme.com\\\/wp-content\\\/uploads\\\/tis\\\/EspOceanMaiAout19-Masurel-0002-2.JPG\",\"clas\":null,\"btn_label\":\"Ver m\\u00e1s\",\"btn_class\":null,\"durable\":false,\"charte\":\"\",\"durable_label\":\"Desarrollo sostenible\",\"online_bookable\":false,\"price_from\":false,\"tags\":[{\"object_tag_id\":\"279134\",\"syndicObjectID\":\"LOIAQU064V508NSV\",\"tag_id\":\"9\",\"subtag_id\":\"162\",\"field\":\"Salle de s\\u00e9minaire\"}],\"type\":\"Place\"}},{\"geometry\":{\"type\":\"Point\",\"coordinates\":[-1.52256,43.5257]},\"type\":\"Feature\",\"id\":\"LOIAQU064V50FIJN\",\"properties\":{\"objectTypeCode\":\"LOI\",\"name\":\"City Stade de La Barre\",\"marker_id\":\"LOIAQU064V50FIJN\",\"commune\":\"ANGLET\",\"display_city\":\"1\",\"cp\":\"64600\",\"ad1\":\"299 avenue de l'Adour\",\"gmapLongitude\":-1.52256,\"gmapLatitude\":43.5257,\"zone1\":null,\"telephone\":\"+33 5 59 57 10 90\",\"detail_url\":\"https:\\\/\\\/www.anglet-tourisme.com\\\/es\\\/en-movimiento-en-anglet\\\/actividades\\\/anglet\\\/LOIAQU064V50FIJN-city-stade-de-la-barre\\\/\",\"excerpt\":\"Zona polideportiva para ni\\u00f1os con cancha de baloncesto y f\\u00fatbol.\",\"display_excerpt\":\"1\",\"photo\":\"https:\\\/\\\/www.anglet-tourisme.com\\\/wp-content\\\/uploads\\\/tis\\\/Skatepark-et-aire-de-jeux-5---Dario-T-2.jpg\",\"clas\":null,\"btn_label\":\"Ver m\\u00e1s\",\"btn_class\":null,\"durable\":false,\"charte\":\"\",\"durable_label\":\"Desarrollo sostenible\",\"online_bookable\":false,\"price_from\":false,\"tags\":[{\"object_tag_id\":\"279135\",\"syndicObjectID\":\"LOIAQU064V50FIJN\",\"tag_id\":\"2\",\"subtag_id\":\"31\",\"field\":\"Aire de jeux pour enfants\"},{\"object_tag_id\":\"279136\",\"syndicObjectID\":\"LOIAQU064V50FIJN\",\"tag_id\":\"3\",\"subtag_id\":\"80\",\"field\":\"Aire de pique-nique\"},{\"object_tag_id\":\"279137\",\"syndicObjectID\":\"LOIAQU064V50FIJN\",\"tag_id\":\"2\",\"subtag_id\":\"165\",\"field\":\"Stade\"}],\"type\":\"Place\"}},{\"geometry\":{\"type\":\"Point\",\"coordinates\":[-1.5133,43.4843]},\"type\":\"Feature\",\"id\":\"LOIAQU064V50FIP8\",\"properties\":{\"objectTypeCode\":\"LOI\",\"name\":\"Th\\u00e9\\u00e2tre Quintaou\",\"marker_id\":\"LOIAQU064V50FIP8\",\"commune\":\"ANGLET\",\"display_city\":\"1\",\"cp\":\"64600\",\"ad1\":\"1 all\\u00e9e de Quintaou\",\"gmapLongitude\":-1.5133,\"gmapLatitude\":43.4843,\"zone1\":null,\"telephone\":\"+33 5 59 58 73 00#+33 5 59 58 35 60\",\"detail_url\":\"https:\\\/\\\/www.anglet-tourisme.com\\\/es\\\/en-movimiento-en-anglet\\\/actividades\\\/anglet\\\/LOIAQU064V50FIP8-theatre-quintaou\\\/\",\"excerpt\":\"El Th\\u00e9\\u00e2tre Quintaou es un importante lugar para las artes esc\\u00e9nicas, que ofrece un atractivo espacio vital. Gestionado por la ciudad de Anglet, el teatro dispone de una gran sala con capacidad&hellip;\",\"display_excerpt\":\"1\",\"photo\":\"https:\\\/\\\/www.anglet-tourisme.com\\\/wp-content\\\/uploads\\\/tis\\\/2022.06.21---I-LOVE-ANGLET---Quintaou---Web-2-18.jpg\",\"clas\":null,\"btn_label\":\"Ver m\\u00e1s\",\"btn_class\":null,\"durable\":false,\"charte\":\"\",\"durable_label\":\"Desarrollo sostenible\",\"online_bookable\":false,\"price_from\":false,\"tags\":[{\"object_tag_id\":\"279138\",\"syndicObjectID\":\"LOIAQU064V50FIP8\",\"tag_id\":\"22\",\"subtag_id\":\"157\",\"field\":\"Salle de spectacle\"}],\"type\":\"Place\"}},{\"geometry\":{\"type\":\"Point\",\"coordinates\":[-1.51936,43.4836]},\"type\":\"Feature\",\"id\":\"LOIAQU064V50FIRO\",\"properties\":{\"objectTypeCode\":\"LOI\",\"name\":\"Les Ecuries de Baroja\",\"marker_id\":\"LOIAQU064V50FIRO\",\"commune\":\"ANGLET\",\"display_city\":\"1\",\"cp\":\"64600\",\"ad1\":\"19 rue des Quatre Cantons\",\"gmapLongitude\":-1.51936,\"gmapLatitude\":43.4836,\"zone1\":null,\"telephone\":\"+33 5 59 58 35 60\",\"detail_url\":\"https:\\\/\\\/www.anglet-tourisme.com\\\/es\\\/en-movimiento-en-anglet\\\/actividades\\\/anglet\\\/LOIAQU064V50FIRO-les-ecuries-de-baroja\\\/\",\"excerpt\":\"Centro multidisciplinar de creaci\\u00f3n y presentaci\\u00f3n gestionado por el Departamento de Asuntos Culturales, Patrimonio y Hermanamientos. Dos salas de 80 y 65 plazas o 180 plazas de pie en la planta baja&hellip;\",\"display_excerpt\":\"1\",\"photo\":\"https:\\\/\\\/www.anglet-tourisme.com\\\/wp-content\\\/uploads\\\/tis\\\/ecuries-baroja-anglet-01.jpg\",\"clas\":null,\"btn_label\":\"Ver m\\u00e1s\",\"btn_class\":null,\"durable\":false,\"charte\":\"\",\"durable_label\":\"Desarrollo sostenible\",\"online_bookable\":\"Reservas en l\\u00ednea\",\"price_from\":false,\"tags\":[{\"object_tag_id\":\"279139\",\"syndicObjectID\":\"LOIAQU064V50FIRO\",\"tag_id\":\"22\",\"subtag_id\":\"157\",\"field\":\"Salle de spectacle\"}],\"type\":\"Place\"}},{\"geometry\":{\"type\":\"Point\",\"coordinates\":[-1.50127,43.5209]},\"type\":\"Feature\",\"id\":\"LOIAQU064V57LXPF\",\"properties\":{\"objectTypeCode\":\"LOI\",\"name\":\"Escape You\",\"marker_id\":\"LOIAQU064V57LXPF\",\"commune\":\"ANGLET\",\"display_city\":\"1\",\"cp\":\"64600\",\"ad1\":\"96 avenue de l'Adour\",\"gmapLongitude\":-1.50127,\"gmapLatitude\":43.5209,\"zone1\":null,\"telephone\":\"\",\"detail_url\":\"https:\\\/\\\/www.anglet-tourisme.com\\\/es\\\/en-movimiento-en-anglet\\\/actividades\\\/anglet\\\/LOIAQU064V57LXPF-escape-you\\\/\",\"excerpt\":\"Bienvenido a Escape You, \\u00a1su destino definitivo para vivir una aventura inolvidable! Sum\\u00e9rjase en nuestras cuatro emocionantes salas de juegos de escape, donde le esperan misterios y enigmas. Tras la emoci\\u00f3n del&hellip;\",\"display_excerpt\":\"1\",\"photo\":\"https:\\\/\\\/www.anglet-tourisme.com\\\/wp-content\\\/uploads\\\/tis\\\/Escape-You-logo.jpg\",\"clas\":null,\"btn_label\":\"Ver m\\u00e1s\",\"btn_class\":null,\"durable\":false,\"charte\":\"\",\"durable_label\":\"Desarrollo sostenible\",\"online_bookable\":false,\"price_from\":false,\"tags\":[{\"object_tag_id\":\"279140\",\"syndicObjectID\":\"LOIAQU064V57LXPF\",\"tag_id\":\"2\",\"subtag_id\":\"61\",\"field\":\"Jeux d'\\u00e9nigmes\"}],\"type\":\"Place\"}},{\"geometry\":{\"type\":\"Point\",\"coordinates\":[-1.49656,43.4955]},\"type\":\"Feature\",\"id\":\"LOIAQU064V5AYEPB\",\"properties\":{\"objectTypeCode\":\"LOI\",\"name\":\"Escape game ilusiom\",\"marker_id\":\"LOIAQU064V5AYEPB\",\"commune\":\"ANGLET\",\"display_city\":\"1\",\"cp\":\"64600\",\"ad1\":\"10 rue de l'Industrie\",\"gmapLongitude\":-1.49656,\"gmapLatitude\":43.4955,\"zone1\":null,\"telephone\":\"\",\"detail_url\":\"https:\\\/\\\/www.anglet-tourisme.com\\\/es\\\/en-movimiento-en-anglet\\\/actividades\\\/anglet\\\/LOIAQU064V5AYEPB-escape-game-ilusiom\\\/\",\"excerpt\":\"\\u00a1Ilusiom, el nuevo Juego de Escape en Anglet que te desaf\\u00eda! \\u00bfTe atreves? Venga a conocer a los Maestros del Tiempo y disfrute de una experiencia \\u00fanica de inmersi\\u00f3n total. Mediante el&hellip;\",\"display_excerpt\":\"1\",\"photo\":\"https:\\\/\\\/www.anglet-tourisme.com\\\/wp-content\\\/uploads\\\/tis\\\/Escape-game-Ilusiom-2.jpg\",\"clas\":null,\"btn_label\":\"Ver m\\u00e1s\",\"btn_class\":null,\"durable\":false,\"charte\":\"\",\"durable_label\":\"Desarrollo sostenible\",\"online_bookable\":false,\"price_from\":false,\"tags\":[{\"object_tag_id\":\"279143\",\"syndicObjectID\":\"LOIAQU064V5AYEPB\",\"tag_id\":\"2\",\"subtag_id\":\"61\",\"field\":\"Jeux d'\\u00e9nigmes\"}],\"type\":\"Place\"}},{\"geometry\":{\"type\":\"Point\",\"coordinates\":[-1.5133,43.4836]},\"type\":\"Feature\",\"id\":\"LOIAQU064V5BLS4T\",\"properties\":{\"objectTypeCode\":\"LOI\",\"name\":\"Galerie Georges Pompidou\",\"marker_id\":\"LOIAQU064V5BLS4T\",\"commune\":\"ANGLET\",\"display_city\":\"1\",\"cp\":\"64600\",\"ad1\":\"2 rue Albert le Barillier\",\"gmapLongitude\":-1.5133,\"gmapLatitude\":43.4836,\"zone1\":null,\"telephone\":\"+33 5 59 58 35 60\",\"detail_url\":\"https:\\\/\\\/www.anglet-tourisme.com\\\/es\\\/en-movimiento-en-anglet\\\/actividades\\\/anglet\\\/LOIAQU064V5BLS4T-galerie-georges-pompidou\\\/\",\"excerpt\":\"Frente a la fachada de la Villa Beatrix Enea, a la que ahora est\\u00e1 ligado su destino, la galer\\u00eda se traslad\\u00f3 en 2023 de los muros de la mediateca a los alrededores&hellip;\",\"display_excerpt\":\"1\",\"photo\":\"https:\\\/\\\/www.anglet-tourisme.com\\\/wp-content\\\/uploads\\\/tis\\\/Galerie-Pompidou-02-K-Pierret-Delage.jpg\",\"clas\":null,\"btn_label\":\"Ver m\\u00e1s\",\"btn_class\":null,\"durable\":false,\"charte\":\"\",\"durable_label\":\"Desarrollo sostenible\",\"online_bookable\":false,\"price_from\":false,\"tags\":[{\"object_tag_id\":\"279144\",\"syndicObjectID\":\"LOIAQU064V5BLS4T\",\"tag_id\":\"10\",\"subtag_id\":\"13\",\"field\":\"Galerie d'art\"}],\"type\":\"Place\"}},{\"geometry\":{\"type\":\"Point\",\"coordinates\":[-1.53952,43.5028]},\"type\":\"Feature\",\"id\":\"LOIAQU064V5BT9KY\",\"properties\":{\"objectTypeCode\":\"LOI\",\"name\":\"Club de plage Les Petits Mailhouns\",\"marker_id\":\"LOIAQU064V5BT9KY\",\"commune\":\"ANGLET\",\"display_city\":\"1\",\"cp\":\"64600\",\"ad1\":\"Plage de Marinella\",\"gmapLongitude\":-1.53952,\"gmapLatitude\":43.5028,\"zone1\":null,\"telephone\":\"\",\"detail_url\":\"https:\\\/\\\/www.anglet-tourisme.com\\\/es\\\/en-movimiento-en-anglet\\\/actividades\\\/anglet\\\/LOIAQU064V5BT9KY-club-de-plage-les-petits-mailhouns\\\/\",\"excerpt\":\"El club de playa acoge a ni\\u00f1os de 3 a 12 a\\u00f1os. En julio y agosto: un amplio abanico de actividades para todas las edades (juegos deportivos en equipo, competiciones y torneos&hellip;\",\"display_excerpt\":\"1\",\"photo\":\"https:\\\/\\\/www.anglet-tourisme.com\\\/wp-content\\\/uploads\\\/tis\\\/Les-petits-Mailhouns-4---Dario-T.jpg\",\"clas\":null,\"btn_label\":\"Ver m\\u00e1s\",\"btn_class\":null,\"durable\":false,\"charte\":\"\",\"durable_label\":\"Desarrollo sostenible\",\"online_bookable\":false,\"price_from\":false,\"tags\":[{\"object_tag_id\":\"279147\",\"syndicObjectID\":\"LOIAQU064V5BT9KY\",\"tag_id\":\"2\",\"subtag_id\":\"31\",\"field\":\"Club enfants\"},{\"object_tag_id\":\"279146\",\"syndicObjectID\":\"LOIAQU064V5BT9KY\",\"tag_id\":\"5\",\"subtag_id\":\"67\",\"field\":\"Club de plage\"},{\"object_tag_id\":\"279148\",\"syndicObjectID\":\"LOIAQU064V5BT9KY\",\"tag_id\":\"5\",\"subtag_id\":\"149\",\"field\":\"Piscine\"}],\"type\":\"Place\"}},{\"geometry\":{\"type\":\"Point\",\"coordinates\":[-1.526,43.4772]},\"type\":\"Feature\",\"id\":\"LOIAQU064V5BYCQE\",\"properties\":{\"objectTypeCode\":\"LOI\",\"name\":\"O'Spa Institut et Fitness au Novotel\",\"marker_id\":\"LOIAQU064V5BYCQE\",\"commune\":\"ANGLET\",\"display_city\":\"1\",\"cp\":\"64600\",\"ad1\":\"68 avenue d'Espagne\",\"gmapLongitude\":-1.526,\"gmapLatitude\":43.4772,\"zone1\":null,\"telephone\":\"+33 5 59 58 50 05\",\"detail_url\":\"https:\\\/\\\/www.anglet-tourisme.com\\\/es\\\/en-movimiento-en-anglet\\\/actividades\\\/anglet\\\/LOIAQU064V5BYCQE-ospa-institut-et-fitness-au-novotel\\\/\",\"excerpt\":\"Enclavado al borde de un parque arbolado de tres hect\\u00e1reas en el coraz\\u00f3n de Anglet, el Novotel Institut O'Spa es el lugar perfecto para una merecida pausa de bienestar. Abierto a hu\\u00e9spedes&hellip;\",\"display_excerpt\":\"1\",\"photo\":\"https:\\\/\\\/www.anglet-tourisme.com\\\/wp-content\\\/uploads\\\/tis\\\/O-Spa-Novotel-03.jpg\",\"clas\":null,\"btn_label\":\"Ver m\\u00e1s\",\"btn_class\":null,\"durable\":false,\"charte\":\"\",\"durable_label\":\"Desarrollo sostenible\",\"online_bookable\":\"Reservas en l\\u00ednea\",\"price_from\":false,\"tags\":[{\"object_tag_id\":\"279155\",\"syndicObjectID\":\"LOIAQU064V5BYCQE\",\"tag_id\":\"6\",\"subtag_id\":\"16\",\"field\":\"Bien-\\u00eatre\"},{\"object_tag_id\":\"279156\",\"syndicObjectID\":\"LOIAQU064V5BYCQE\",\"tag_id\":\"5\",\"subtag_id\":\"149\",\"field\":\"Piscine\"},{\"object_tag_id\":\"279157\",\"syndicObjectID\":\"LOIAQU064V5BYCQE\",\"tag_id\":\"9\",\"subtag_id\":\"162\",\"field\":\"Salle de s\\u00e9minaire\"}],\"type\":\"Place\"}},{\"geometry\":{\"type\":\"Point\",\"coordinates\":[-1.51029,43.4827]},\"type\":\"Feature\",\"id\":\"LOIAQU064V5BZTFS\",\"properties\":{\"objectTypeCode\":\"LOI\",\"name\":\"Biblioth\\u00e8que Quintaou\",\"marker_id\":\"LOIAQU064V5BZTFS\",\"commune\":\"ANGLET\",\"display_city\":\"1\",\"cp\":\"64600\",\"ad1\":\"6 avenue Eug\\u00e8ne Bernain\",\"gmapLongitude\":-1.51029,\"gmapLatitude\":43.4827,\"zone1\":null,\"telephone\":\"+33 5 59 52 17 55\",\"detail_url\":\"https:\\\/\\\/www.anglet-tourisme.com\\\/es\\\/en-movimiento-en-anglet\\\/actividades\\\/anglet\\\/LOIAQU064V5BZTFS-bibliotheque-quintaou\\\/\",\"excerpt\":\"La biblioteca provisional se est\\u00e1 instalando cerca del instituto de Endarra, mientras se renueva y ampl\\u00eda la biblioteca de Quintaou. En la biblioteca provisional, los usuarios encontrar\\u00e1n todos los fondos de la&hellip;\",\"display_excerpt\":\"1\",\"photo\":\"https:\\\/\\\/www.anglet-tourisme.com\\\/wp-content\\\/uploads\\\/tis\\\/Bibliotheque-Quintaou-Anglet-03.jpg\",\"clas\":null,\"btn_label\":\"Ver m\\u00e1s\",\"btn_class\":null,\"durable\":false,\"charte\":\"\",\"durable_label\":\"Desarrollo sostenible\",\"online_bookable\":false,\"price_from\":false,\"tags\":[{\"object_tag_id\":\"279159\",\"syndicObjectID\":\"LOIAQU064V5BZTFS\",\"tag_id\":\"10\",\"subtag_id\":\"13\",\"field\":\"Biblioth\\u00e8que - m\\u00e9diath\\u00e8que\"}],\"type\":\"Place\"}},{\"geometry\":{\"type\":\"Point\",\"coordinates\":[-1.50035,43.5118]},\"type\":\"Feature\",\"id\":\"LOIAQU064V5C2KFV\",\"properties\":{\"objectTypeCode\":\"LOI\",\"name\":\"Ama Studio Holistique\",\"marker_id\":\"LOIAQU064V5C2KFV\",\"commune\":\"ANGLET\",\"display_city\":\"1\",\"cp\":\"64600\",\"ad1\":\"97 avenue de l'Adour\",\"gmapLongitude\":-1.50035,\"gmapLatitude\":43.5118,\"zone1\":null,\"telephone\":\"\",\"detail_url\":\"https:\\\/\\\/www.anglet-tourisme.com\\\/es\\\/en-movimiento-en-anglet\\\/actividades\\\/anglet\\\/LOIAQU064V5C2KFV-ama-studio-holistique\\\/\",\"excerpt\":\"Ama Studio & Caf\\u00e9 Holistique es el rinc\\u00f3n zen de las mujeres que arrasan. Este lugar \\u00fanico, que combina bienestar, medicina alternativa y cordialidad, ofrece soluciones de cuidados y acompa\\u00f1amiento para mujeres&hellip;\",\"display_excerpt\":\"1\",\"photo\":\"https:\\\/\\\/www.anglet-tourisme.com\\\/wp-content\\\/uploads\\\/tis\\\/AmaStudio-04-RiBLANC.jpg\",\"clas\":null,\"btn_label\":\"Ver m\\u00e1s\",\"btn_class\":null,\"durable\":false,\"charte\":\"\",\"durable_label\":\"Desarrollo sostenible\",\"online_bookable\":false,\"price_from\":false,\"tags\":[{\"object_tag_id\":\"279160\",\"syndicObjectID\":\"LOIAQU064V5C2KFV\",\"tag_id\":\"6\",\"subtag_id\":\"16\",\"field\":\"Bien-\\u00eatre\"}],\"type\":\"Place\"}},{\"geometry\":{\"type\":\"Point\",\"coordinates\":[-1.53908,43.4903]},\"type\":\"Feature\",\"id\":\"PCUAQU064FS00001\",\"properties\":{\"objectTypeCode\":\"PCU\",\"name\":\"Fabrique de chisteras Gonzalez\",\"marker_id\":\"PCUAQU064FS00001\",\"commune\":\"ANGLET\",\"display_city\":\"1\",\"cp\":\"64600\",\"ad1\":\"6 all\\u00e9e des Liserons\",\"gmapLongitude\":-1.53908,\"gmapLatitude\":43.4903,\"zone1\":null,\"telephone\":\"+33 5 59 03 85 04\",\"detail_url\":\"https:\\\/\\\/www.anglet-tourisme.com\\\/es\\\/en-movimiento-en-anglet\\\/actividades\\\/anglet\\\/PCUAQU064FS00001-fabrique-de-chisteras-gonzalez\\\/\",\"excerpt\":\"Pierre Gonz\\u00e1lez ha perpetuado la tradici\\u00f3n desde 1887 fabricando manualmente chisteras (guante grande y guante peque\\u00f1o) para jugar a las diversas especialidades de la pelota vasca.\",\"display_excerpt\":\"1\",\"photo\":\"https:\\\/\\\/www.anglet-tourisme.com\\\/wp-content\\\/uploads\\\/tis\\\/Maison-Gonzales-Anglet--RIB1609--RiBLANC.jpg\",\"clas\":null,\"btn_label\":\"Ver m\\u00e1s\",\"btn_class\":null,\"durable\":false,\"charte\":\"\",\"durable_label\":\"Desarrollo sostenible\",\"online_bookable\":false,\"price_from\":false,\"tags\":[{\"object_tag_id\":\"279162\",\"syndicObjectID\":\"PCUAQU064FS00001\",\"tag_id\":\"10\",\"subtag_id\":\"10\",\"field\":\"Artisan d'art\"}],\"type\":\"Place\"}},{\"geometry\":{\"type\":\"Point\",\"coordinates\":[-1.50322,43.5026]},\"type\":\"Feature\",\"id\":\"PCUAQU064FS000G6\",\"properties\":{\"objectTypeCode\":\"PCU\",\"name\":\"Fer Forg\\u00e9 Pays Basque\",\"marker_id\":\"PCUAQU064FS000G6\",\"commune\":\"ANGLET\",\"display_city\":\"1\",\"cp\":\"64600\",\"ad1\":\"170 rue de Hausquette\",\"gmapLongitude\":-1.50322,\"gmapLatitude\":43.5026,\"zone1\":null,\"telephone\":\"+33 9 70 35 22 90#+33 5 59 52 30 03\",\"detail_url\":\"https:\\\/\\\/www.anglet-tourisme.com\\\/es\\\/en-movimiento-en-anglet\\\/actividades\\\/anglet\\\/PCUAQU064FS000G6-fer-forge-pays-basque\\\/\",\"excerpt\":\"Desde su taller, que incluye una tienda contigua con exposici\\u00f3n, crea y fabrica objetos art\\u00edsticos de hierro forjado, cerraduras, decoraci\\u00f3n, muebles de interior y exterior y tablas artesanales: Cruz vasca (triskel) integrada&hellip;\",\"display_excerpt\":\"1\",\"photo\":\"https:\\\/\\\/www.anglet-tourisme.com\\\/wp-content\\\/uploads\\\/tis\\\/Fer-Forge-Pays-Basque.jpg\",\"clas\":null,\"btn_label\":\"Ver m\\u00e1s\",\"btn_class\":null,\"durable\":false,\"charte\":\"\",\"durable_label\":\"Desarrollo sostenible\",\"online_bookable\":false,\"price_from\":false,\"tags\":[{\"object_tag_id\":\"279163\",\"syndicObjectID\":\"PCUAQU064FS000G6\",\"tag_id\":\"10\",\"subtag_id\":\"10\",\"field\":\"Artisan d'art\"}],\"type\":\"Place\"}},{\"geometry\":{\"type\":\"Point\",\"coordinates\":[-1.50206,43.5104]},\"type\":\"Feature\",\"id\":\"PCUAQU064V57MR8I\",\"properties\":{\"objectTypeCode\":\"PCU\",\"name\":\"Jean-Fran\\u00e7ois Perry - Vitrail et mosa\\u00efque\",\"marker_id\":\"PCUAQU064V57MR8I\",\"commune\":\"ANGLET\",\"display_city\":\"1\",\"cp\":\"64600\",\"ad1\":\"8 all\\u00e9e Pinodieta\",\"gmapLongitude\":-1.50206,\"gmapLatitude\":43.5104,\"zone1\":null,\"telephone\":\"\",\"detail_url\":\"https:\\\/\\\/www.anglet-tourisme.com\\\/es\\\/en-movimiento-en-anglet\\\/actividades\\\/anglet\\\/PCUAQU064V57MR8I-jean-francois-perry-vitrail-et-mosaique\\\/\",\"excerpt\":\"Jean-Fran\\u00e7ois Perry trabaja con vidrieras emplomadas tradicionales, placas de vidrio y mosaicos. Realiza sus proyectos por encargo, desde los estilos m\\u00e1s cl\\u00e1sicos a los m\\u00e1s contempor\\u00e1neos. Pintura sobre vidrio.\",\"display_excerpt\":\"1\",\"photo\":\"https:\\\/\\\/www.anglet-tourisme.com\\\/wp-content\\\/uploads\\\/tis\\\/jean-francois-perry-05.jpg\",\"clas\":null,\"btn_label\":\"Ver m\\u00e1s\",\"btn_class\":null,\"durable\":false,\"charte\":\"\",\"durable_label\":\"Desarrollo sostenible\",\"online_bookable\":false,\"price_from\":false,\"tags\":[{\"object_tag_id\":\"279164\",\"syndicObjectID\":\"PCUAQU064V57MR8I\",\"tag_id\":\"10\",\"subtag_id\":\"10\",\"field\":\"Artisan d'art\"}],\"type\":\"Place\"}},{\"geometry\":{\"type\":\"Point\",\"coordinates\":[-1.50354,43.4922]},\"type\":\"Feature\",\"id\":\"PCUAQU064V58KIK7\",\"properties\":{\"objectTypeCode\":\"PCU\",\"name\":\"Espace culturel Uei en Gasconha\",\"marker_id\":\"PCUAQU064V58KIK7\",\"commune\":\"ANGLET\",\"display_city\":\"1\",\"cp\":\"64600\",\"ad1\":\"27 rue d\\u2019Euskadi\",\"gmapLongitude\":-1.50354,\"gmapLatitude\":43.4922,\"zone1\":null,\"telephone\":\"+33 5 59 58 35 60\",\"detail_url\":\"https:\\\/\\\/www.anglet-tourisme.com\\\/es\\\/en-movimiento-en-anglet\\\/actividades\\\/anglet\\\/PCUAQU064V58KIK7-espace-culturel-uei-en-gasconha\\\/\",\"excerpt\":\"Uei en Gasconha (Hoy en Gascu\\u00f1a) es un centro de interpretaci\\u00f3n de la lengua y la cultura gasconas, instalado en una ampliaci\\u00f3n del centro cultural Tivoli. El objetivo de este nuevo equipamiento&hellip;\",\"display_excerpt\":\"1\",\"photo\":\"https:\\\/\\\/www.anglet-tourisme.com\\\/wp-content\\\/uploads\\\/tis\\\/espace-culturel-tivoli-anglet2.jpg\",\"clas\":null,\"btn_label\":\"Ver m\\u00e1s\",\"btn_class\":null,\"durable\":false,\"charte\":\"\",\"durable_label\":\"Desarrollo sostenible\",\"online_bookable\":false,\"price_from\":false,\"tags\":[{\"object_tag_id\":\"279165\",\"syndicObjectID\":\"PCUAQU064V58KIK7\",\"tag_id\":\"10\",\"subtag_id\":\"22\",\"field\":\"Centre d'interpr\\u00e9tation\"}],\"type\":\"Place\"}},{\"geometry\":{\"type\":\"Point\",\"coordinates\":[-1.52348,43.5035]},\"type\":\"Feature\",\"id\":\"PCUAQU064V590T55\",\"properties\":{\"objectTypeCode\":\"PCU\",\"name\":\"Le Couvent des Bernardines\",\"marker_id\":\"PCUAQU064V590T55\",\"commune\":\"ANGLET\",\"display_city\":\"1\",\"cp\":\"64600\",\"ad1\":\"102 avenue Abb\\u00e9 Cestac\",\"gmapLongitude\":-1.52348,\"gmapLatitude\":43.5035,\"zone1\":null,\"telephone\":\"+33 5 59 52 81 30\",\"detail_url\":\"https:\\\/\\\/www.anglet-tourisme.com\\\/es\\\/en-movimiento-en-anglet\\\/actividades\\\/anglet\\\/PCUAQU064V590T55-le-couvent-des-bernardines\\\/\",\"excerpt\":\"Un original paseo para descubrir la vida y la obra del padre Cestac, beatificado en 2015, fundador de la Congregaci\\u00f3n de los Siervos de Mar\\u00eda Para visitar: La Capilla de las Bernadinas&hellip;\",\"display_excerpt\":\"1\",\"photo\":\"https:\\\/\\\/www.anglet-tourisme.com\\\/wp-content\\\/uploads\\\/tis\\\/Les-Jardins-du-Refuge-I-Love-Anglet-RIB9968--RiBLANC.jpg\",\"clas\":null,\"btn_label\":\"Ver m\\u00e1s\",\"btn_class\":null,\"durable\":false,\"charte\":\"\",\"durable_label\":\"Desarrollo sostenible\",\"online_bookable\":false,\"price_from\":false,\"tags\":[{\"object_tag_id\":\"279166\",\"syndicObjectID\":\"PCUAQU064V590T55\",\"tag_id\":\"10\",\"subtag_id\":\"81\",\"field\":\"Site \\\/ monument\"}],\"type\":\"Place\"}},{\"geometry\":{\"type\":\"Point\",\"coordinates\":[-1.54303,43.4979]},\"type\":\"Feature\",\"id\":\"PCUAQU064V590TWZ\",\"properties\":{\"objectTypeCode\":\"PCU\",\"name\":\"La Love Tower\",\"marker_id\":\"PCUAQU064V590TWZ\",\"commune\":\"ANGLET\",\"display_city\":\"1\",\"cp\":\"64600\",\"ad1\":\"All\\u00e9e Paul Prieto\",\"gmapLongitude\":-1.54303,\"gmapLatitude\":43.4979,\"zone1\":null,\"telephone\":\"+33 5 59 58 35 60\",\"detail_url\":\"https:\\\/\\\/www.anglet-tourisme.com\\\/es\\\/en-movimiento-en-anglet\\\/actividades\\\/anglet\\\/PCUAQU064V590TWZ-la-love-tower\\\/\",\"excerpt\":\"una obra de madera y metal que forma parte de la 7\\u00aa edici\\u00f3n de la Bienal de Arte Contempor\\u00e1neo del artista japon\\u00e9s Tadashi Kawamata A cuatro metros de altura, con una escalera&hellip;\",\"display_excerpt\":\"1\",\"photo\":\"https:\\\/\\\/www.anglet-tourisme.com\\\/wp-content\\\/uploads\\\/tis\\\/Love-Tower-I-Love-Anglet-1RIB1330--RiBLANC.jpg\",\"clas\":null,\"btn_label\":\"Ver m\\u00e1s\",\"btn_class\":null,\"durable\":false,\"charte\":\"\",\"durable_label\":\"Desarrollo sostenible\",\"online_bookable\":false,\"price_from\":false,\"tags\":[{\"object_tag_id\":\"279167\",\"syndicObjectID\":\"PCUAQU064V590TWZ\",\"tag_id\":\"10\",\"subtag_id\":\"81\",\"field\":\"Site \\\/ monument\"}],\"type\":\"Place\"}},{\"geometry\":{\"type\":\"Point\",\"coordinates\":[-1.54228,43.5009]},\"type\":\"Feature\",\"id\":\"PCUAQU064V590W2T\",\"properties\":{\"objectTypeCode\":\"PCU\",\"name\":\"Anglet Surf Avenue\",\"marker_id\":\"PCUAQU064V590W2T\",\"commune\":\"ANGLET\",\"display_city\":\"1\",\"cp\":\"64600\",\"ad1\":\"Esplanade des Gascons\",\"gmapLongitude\":-1.54228,\"gmapLatitude\":43.5009,\"zone1\":null,\"telephone\":\"+33 5 59 03 77 01\",\"detail_url\":\"https:\\\/\\\/www.anglet-tourisme.com\\\/es\\\/en-movimiento-en-anglet\\\/actividades\\\/anglet\\\/PCUAQU064V590W2T-anglet-surf-avenue\\\/\",\"excerpt\":\"Entre los lugares imprescindibles que visitar, recomendamos encarecidamente la Anglet Surf Avenue, situada en la terraza de Sables d'Or, frente al oc\\u00e9ano. Inaugurada en 2018 con motivo del 50.\\u00ba aniversario del surf&hellip;\",\"display_excerpt\":\"1\",\"photo\":\"https:\\\/\\\/www.anglet-tourisme.com\\\/wp-content\\\/uploads\\\/tis\\\/Kelly-Slater-01.jpg\",\"clas\":null,\"btn_label\":\"Ver m\\u00e1s\",\"btn_class\":null,\"durable\":false,\"charte\":\"\",\"durable_label\":\"Desarrollo sostenible\",\"online_bookable\":false,\"price_from\":false,\"tags\":[{\"object_tag_id\":\"279168\",\"syndicObjectID\":\"PCUAQU064V590W2T\",\"tag_id\":\"10\",\"subtag_id\":\"81\",\"field\":\"Site \\\/ monument\"}],\"type\":\"Place\"}},{\"geometry\":{\"type\":\"Point\",\"coordinates\":[-1.49916,43.5098]},\"type\":\"Feature\",\"id\":\"PCUAQU064V5B9DKZ\",\"properties\":{\"objectTypeCode\":\"PCU\",\"name\":\"L'Hermione \\u00e0 Anglet\",\"marker_id\":\"PCUAQU064V5B9DKZ\",\"commune\":\"ANGLET\",\"display_city\":\"1\",\"cp\":\"64600\",\"ad1\":\"12 avenue de l'Adour\",\"gmapLongitude\":-1.49916,\"gmapLatitude\":43.5098,\"zone1\":null,\"telephone\":\"+33 5 59 03 77 01\",\"detail_url\":\"https:\\\/\\\/www.anglet-tourisme.com\\\/es\\\/en-movimiento-en-anglet\\\/actividades\\\/anglet\\\/PCUAQU064V5B9DKZ-lhermione-a-anglet\\\/\",\"excerpt\":\"El Hermione hace escala en el puerto de Bayona, en Anglet, para su gran reacondicionamiento Este barco \\u00fanico, aut\\u00e9ntica r\\u00e9plica de un tres m\\u00e1stiles del siglo XVIII, pas\\u00f3 por la desembocadura del&hellip;\",\"display_excerpt\":\"1\",\"photo\":\"https:\\\/\\\/www.anglet-tourisme.com\\\/wp-content\\\/uploads\\\/tis\\\/Hermione-Anglet-IMG-9943-2.jpg\",\"clas\":null,\"btn_label\":\"Ver m\\u00e1s\",\"btn_class\":null,\"durable\":false,\"charte\":\"\",\"durable_label\":\"Desarrollo sostenible\",\"online_bookable\":\"Reservas en l\\u00ednea\",\"price_from\":false,\"tags\":[{\"object_tag_id\":\"279169\",\"syndicObjectID\":\"PCUAQU064V5B9DKZ\",\"tag_id\":\"10\",\"subtag_id\":\"81\",\"field\":\"Site \\\/ monument\"}],\"type\":\"Place\"}},{\"geometry\":{\"type\":\"Point\",\"coordinates\":[-1.52756,43.4984]},\"type\":\"Feature\",\"id\":\"PCUAQU064V5BAMBY\",\"properties\":{\"objectTypeCode\":\"PCU\",\"name\":\"Notre-Dame du Refuge\",\"marker_id\":\"PCUAQU064V5BAMBY\",\"commune\":\"ANGLET\",\"display_city\":\"1\",\"cp\":\"64600\",\"ad1\":\"36 promenade de La Barre\",\"gmapLongitude\":-1.52756,\"gmapLatitude\":43.4984,\"zone1\":null,\"telephone\":\"+33 5 59 03 99 52\",\"detail_url\":\"https:\\\/\\\/www.anglet-tourisme.com\\\/es\\\/en-movimiento-en-anglet\\\/actividades\\\/anglet\\\/PCUAQU064V5BAMBY-notre-dame-du-refuge\\\/\",\"excerpt\":\"D\\u00e9jese seducir por este original paseo que recorre la vida y la obra del padre Cestac, beatificado en 2015, fundador de la Congregaci\\u00f3n de los Siervos de Mar\\u00eda. Para ver: La capilla&hellip;\",\"display_excerpt\":\"1\",\"photo\":\"https:\\\/\\\/www.anglet-tourisme.com\\\/wp-content\\\/uploads\\\/tis\\\/notre-dame-refuge-anglet-08.jpg\",\"clas\":null,\"btn_label\":\"Ver m\\u00e1s\",\"btn_class\":null,\"durable\":false,\"charte\":\"\",\"durable_label\":\"Desarrollo sostenible\",\"online_bookable\":false,\"price_from\":false,\"tags\":[{\"object_tag_id\":\"279170\",\"syndicObjectID\":\"PCUAQU064V5BAMBY\",\"tag_id\":\"10\",\"subtag_id\":\"81\",\"field\":\"Site \\\/ monument\"}],\"type\":\"Place\"}},{\"geometry\":{\"type\":\"Point\",\"coordinates\":[-1.53705,43.506]},\"type\":\"Feature\",\"id\":\"PCUAQU064V5BM6EH\",\"properties\":{\"objectTypeCode\":\"PCU\",\"name\":\"Visite des postes de secours des plages\",\"marker_id\":\"PCUAQU064V5BM6EH\",\"commune\":\"ANGLET\",\"display_city\":\"1\",\"cp\":\"64600\",\"ad1\":\"Postes de secours\",\"gmapLongitude\":-1.53705,\"gmapLatitude\":43.506,\"zone1\":null,\"telephone\":\"+33 5 59 03 77 01\",\"detail_url\":\"https:\\\/\\\/www.anglet-tourisme.com\\\/es\\\/en-movimiento-en-anglet\\\/actividades\\\/anglet\\\/PCUAQU064V5BM6EH-visite-des-postes-de-secours-des-plages\\\/\",\"excerpt\":\"\\\"En la piel de los socorristas\\\" Descubra su vida cotidiana visitando con uno de ellos los puestos de socorro de Anglet. Conozca a los embajadores que velan cada d\\u00eda por nuestra seguridad.&hellip;\",\"display_excerpt\":\"1\",\"photo\":\"https:\\\/\\\/www.anglet-tourisme.com\\\/wp-content\\\/uploads\\\/tis\\\/Visite-Poste-La-Marinella---Anglet--RIB2086--RiBLANC-5.jpg\",\"clas\":null,\"btn_label\":\"Ver m\\u00e1s\",\"btn_class\":null,\"durable\":false,\"charte\":\"\",\"durable_label\":\"Desarrollo sostenible\",\"online_bookable\":\"Reservas en l\\u00ednea\",\"price_from\":false,\"tags\":[{\"object_tag_id\":\"279172\",\"syndicObjectID\":\"PCUAQU064V5BM6EH\",\"tag_id\":\"10\",\"subtag_id\":\"96\",\"field\":\"Visite guid\\u00e9e de ville, village\"}],\"type\":\"Place\"}},{\"geometry\":{\"type\":\"Point\",\"coordinates\":[-1.5161,43.5024]},\"type\":\"Feature\",\"id\":\"PCUAQU064V5BTE7I\",\"properties\":{\"objectTypeCode\":\"PCU\",\"name\":\"Agap\\u00e9 C\\u00e9ramiques\",\"marker_id\":\"PCUAQU064V5BTE7I\",\"commune\":\"ANGLET\",\"display_city\":\"1\",\"cp\":\"64600\",\"ad1\":\"133 avenue de Montbrun\",\"gmapLongitude\":-1.5161,\"gmapLatitude\":43.5024,\"zone1\":null,\"telephone\":\"\",\"detail_url\":\"https:\\\/\\\/www.anglet-tourisme.com\\\/es\\\/en-movimiento-en-anglet\\\/actividades\\\/anglet\\\/PCUAQU064V5BTE7I-agape-ceramiques\\\/\",\"excerpt\":\"Agap\\u00e9 C\\u00e9ramiques, creado por la artesana No\\u00eblle Pierre, es un taller de alfarer\\u00eda y cer\\u00e1mica situado en el coraz\\u00f3n de Anglet, en el barrio de Montbrun. Utilizando el torno o el modelado,&hellip;\",\"display_excerpt\":\"1\",\"photo\":\"https:\\\/\\\/www.anglet-tourisme.com\\\/wp-content\\\/uploads\\\/tis\\\/Agape-Ceramiques-anglet.jpg\",\"clas\":null,\"btn_label\":\"Ver m\\u00e1s\",\"btn_class\":null,\"durable\":false,\"charte\":\"\",\"durable_label\":\"Desarrollo sostenible\",\"online_bookable\":false,\"price_from\":false,\"tags\":[{\"object_tag_id\":\"279174\",\"syndicObjectID\":\"PCUAQU064V5BTE7I\",\"tag_id\":\"10\",\"subtag_id\":\"10\",\"field\":\"Artisan d'art\"}],\"type\":\"Place\"}},{\"geometry\":{\"type\":\"Point\",\"coordinates\":[-1.53508,43.4949]},\"type\":\"Feature\",\"id\":\"PCUAQU064V5BW2XZ\",\"properties\":{\"objectTypeCode\":\"PCU\",\"name\":\"\\u00c9glise Sainte-Marie\",\"marker_id\":\"PCUAQU064V5BW2XZ\",\"commune\":\"ANGLET\",\"display_city\":\"1\",\"cp\":\"64600\",\"ad1\":\"31 avenue de la Chambre d'Amour\",\"gmapLongitude\":-1.53508,\"gmapLatitude\":43.4949,\"zone1\":null,\"telephone\":\"+33 5 59 03 76 00\",\"detail_url\":\"https:\\\/\\\/www.anglet-tourisme.com\\\/es\\\/en-movimiento-en-anglet\\\/actividades\\\/anglet\\\/PCUAQU064V5BW2XZ-eglise-sainte-marie\\\/\",\"excerpt\":\"Aut\\u00e9ntica joya del siglo XX, la iglesia Sainte-Marie, construida en 1932, est\\u00e1 catalogada como monumento hist\\u00f3rico desde 2014. Obra de los arquitectos Pierre Fonterme (1895-1985) y Charles H\\u00e9brard (1895-1941), se alza orgullosa&hellip;\",\"display_excerpt\":\"1\",\"photo\":\"https:\\\/\\\/www.anglet-tourisme.com\\\/wp-content\\\/uploads\\\/tis\\\/Eglise-Sainte-Marie-I-Love-Anglet-RIB0112--RiBLANC.jpg\",\"clas\":null,\"btn_label\":\"Ver m\\u00e1s\",\"btn_class\":null,\"durable\":false,\"charte\":\"\",\"durable_label\":\"Desarrollo sostenible\",\"online_bookable\":false,\"price_from\":false,\"tags\":[{\"object_tag_id\":\"279176\",\"syndicObjectID\":\"PCUAQU064V5BW2XZ\",\"tag_id\":\"10\",\"subtag_id\":\"81\",\"field\":\"Site \\\/ monument\"}],\"type\":\"Place\"}},{\"geometry\":{\"type\":\"Point\",\"coordinates\":[-1.51433,43.4819]},\"type\":\"Feature\",\"id\":\"PCUAQU064V5BW3UW\",\"properties\":{\"objectTypeCode\":\"PCU\",\"name\":\"\\u00c9glise Saint-L\\u00e9on\",\"marker_id\":\"PCUAQU064V5BW3UW\",\"commune\":\"ANGLET\",\"display_city\":\"1\",\"cp\":\"64600\",\"ad1\":\"Rue Am\\u00e9d\\u00e9e Dufourg\",\"gmapLongitude\":-1.51433,\"gmapLatitude\":43.4819,\"zone1\":null,\"telephone\":\"+33 5 59 63 02 44\",\"detail_url\":\"https:\\\/\\\/www.anglet-tourisme.com\\\/es\\\/en-movimiento-en-anglet\\\/actividades\\\/anglet\\\/PCUAQU064V5BW3UW-eglise-saint-leon\\\/\",\"excerpt\":\"La iglesia de Saint-L\\u00e9on es la m\\u00e1s antigua de Anglet, construida en 1557 tras el desmantelamiento de la capilla de Saint-L\\u00e9on de Bayona. Seg\\u00fan algunas fuentes, conserva la peque\\u00f1a b\\u00f3veda rom\\u00e1nica y&hellip;\",\"display_excerpt\":\"1\",\"photo\":\"https:\\\/\\\/www.anglet-tourisme.com\\\/wp-content\\\/uploads\\\/tis\\\/Eglise-Saint-Leon-1---Dario-T-5.jpg\",\"clas\":null,\"btn_label\":\"Ver m\\u00e1s\",\"btn_class\":null,\"durable\":false,\"charte\":\"\",\"durable_label\":\"Desarrollo sostenible\",\"online_bookable\":false,\"price_from\":false,\"tags\":[{\"object_tag_id\":\"279177\",\"syndicObjectID\":\"PCUAQU064V5BW3UW\",\"tag_id\":\"10\",\"subtag_id\":\"81\",\"field\":\"Site \\\/ monument\"}],\"type\":\"Place\"}},{\"geometry\":{\"type\":\"Point\",\"coordinates\":[-1.51504,43.4814]},\"type\":\"Feature\",\"id\":\"PCUAQU064V5BXDJ7\",\"properties\":{\"objectTypeCode\":\"PCU\",\"name\":\"H\\u00f4tel de Ville d\\u2019Anglet - Mairie\",\"marker_id\":\"PCUAQU064V5BXDJ7\",\"commune\":\"ANGLET\",\"display_city\":\"1\",\"cp\":\"64600\",\"ad1\":\"Rue Am\\u00e9d\\u00e9e Dufourg\",\"gmapLongitude\":-1.51504,\"gmapLatitude\":43.4814,\"zone1\":null,\"telephone\":\"+33 5 59 58 35 35\",\"detail_url\":\"https:\\\/\\\/www.anglet-tourisme.com\\\/es\\\/en-movimiento-en-anglet\\\/actividades\\\/anglet\\\/PCUAQU064V5BXDJ7-hotel-de-ville-danglet-mairie\\\/\",\"excerpt\":\"El Ayuntamiento de Anglet es un testigo clave de la historia y la arquitectura locales. Los aficionados apreciar\\u00e1n los elementos distintivos de este movimiento regionalista, que confieren al edificio su car\\u00e1cter \\u00fanico&hellip;\",\"display_excerpt\":\"1\",\"photo\":\"https:\\\/\\\/www.anglet-tourisme.com\\\/wp-content\\\/uploads\\\/tis\\\/Hotel-de-Ville-Anglet-01-2.jpg\",\"clas\":null,\"btn_label\":\"Ver m\\u00e1s\",\"btn_class\":null,\"durable\":false,\"charte\":\"\",\"durable_label\":\"Desarrollo sostenible\",\"online_bookable\":false,\"price_from\":false,\"tags\":[{\"object_tag_id\":\"279178\",\"syndicObjectID\":\"PCUAQU064V5BXDJ7\",\"tag_id\":\"10\",\"subtag_id\":\"81\",\"field\":\"Site \\\/ monument\"}],\"type\":\"Place\"}},{\"geometry\":{\"type\":\"Point\",\"coordinates\":[-1.51075,43.4896]},\"type\":\"Feature\",\"id\":\"PCUAQU064V5BXKSP\",\"properties\":{\"objectTypeCode\":\"PCU\",\"name\":\"Parc de la Villa El Hogar\",\"marker_id\":\"PCUAQU064V5BXKSP\",\"commune\":\"ANGLET\",\"display_city\":\"1\",\"cp\":\"64600\",\"ad1\":\"54 rue de Hausquette\",\"gmapLongitude\":-1.51075,\"gmapLatitude\":43.4896,\"zone1\":null,\"telephone\":\"+33 5 59 57 10 90\",\"detail_url\":\"https:\\\/\\\/www.anglet-tourisme.com\\\/es\\\/en-movimiento-en-anglet\\\/actividades\\\/anglet\\\/PCUAQU064V5BXKSP-parc-de-la-villa-el-hogar\\\/\",\"excerpt\":\"El Parque de la Villa El Hogar es un lugar para relajarse y un espacio din\\u00e1mico donde se dan cita la naturaleza, la cultura y el deporte. El parque est\\u00e1 adornado con&hellip;\",\"display_excerpt\":\"1\",\"photo\":\"https:\\\/\\\/www.anglet-tourisme.com\\\/wp-content\\\/uploads\\\/tis\\\/el-hogar-K-Pierret-Delage-11-2.jpg\",\"clas\":null,\"btn_label\":\"Ver m\\u00e1s\",\"btn_class\":null,\"durable\":false,\"charte\":\"\",\"durable_label\":\"Desarrollo sostenible\",\"online_bookable\":false,\"price_from\":false,\"type\":\"Place\"}},{\"geometry\":{\"type\":\"Point\",\"coordinates\":[-1.5133,43.4836]},\"type\":\"Feature\",\"id\":\"PCUAQU064V5BXKXQ\",\"properties\":{\"objectTypeCode\":\"PCU\",\"name\":\"Jardin de la Villa Beatrix Enea\",\"marker_id\":\"PCUAQU064V5BXKXQ\",\"commune\":\"ANGLET\",\"display_city\":\"1\",\"cp\":\"64600\",\"ad1\":\"2 rue Albert le Barillier\",\"gmapLongitude\":-1.5133,\"gmapLatitude\":43.4836,\"zone1\":null,\"telephone\":\"+33 5 59 58 35 60\",\"detail_url\":\"https:\\\/\\\/www.anglet-tourisme.com\\\/es\\\/en-movimiento-en-anglet\\\/actividades\\\/anglet\\\/PCUAQU064V5BXKXQ-jardin-de-la-villa-beatrix-enea\\\/\",\"excerpt\":\"Pasee por este marco excepcional y d\\u00e9jese seducir por la belleza y la tranquilidad de este espacio \\u00fanico. El jard\\u00edn de la Villa Beatrix Enea es una aut\\u00e9ntica joya que ocupa 1,2&hellip;\",\"display_excerpt\":\"1\",\"photo\":\"https:\\\/\\\/www.anglet-tourisme.com\\\/wp-content\\\/uploads\\\/tis\\\/beatrix-enea-Dario-Tonini-02-2.jpg\",\"clas\":null,\"btn_label\":\"Ver m\\u00e1s\",\"btn_class\":null,\"durable\":false,\"charte\":\"\",\"durable_label\":\"Desarrollo sostenible\",\"online_bookable\":false,\"price_from\":false,\"type\":\"Place\"}},{\"geometry\":{\"type\":\"Point\",\"coordinates\":[-1.52995,43.4627]},\"type\":\"Feature\",\"id\":\"PCUAQU064V5BXQ7F\",\"properties\":{\"objectTypeCode\":\"PCU\",\"name\":\"Le Ch\\u00e2teau de Brindos\",\"marker_id\":\"PCUAQU064V5BXQ7F\",\"commune\":\"ANGLET\",\"display_city\":\"1\",\"cp\":\"64600\",\"ad1\":\"1 all\\u00e9e du Ch\\u00e2teau\",\"gmapLongitude\":-1.52995,\"gmapLatitude\":43.4627,\"zone1\":null,\"telephone\":\"+33 5 59 51 53 63\",\"detail_url\":\"https:\\\/\\\/www.anglet-tourisme.com\\\/es\\\/en-movimiento-en-anglet\\\/actividades\\\/anglet\\\/PCUAQU064V5BXQ7F-le-chateau-de-brindos\\\/\",\"excerpt\":\"El castillo de Brindos es una joya de la arquitectura hispano-morisca dise\\u00f1ada en los a\\u00f1os 30 por el famoso arquitecto de Biarritz William Marcel. Adquirida por el arquitecto escoc\\u00e9s Reginald Wright, esta&hellip;\",\"display_excerpt\":\"1\",\"photo\":\"https:\\\/\\\/www.anglet-tourisme.com\\\/wp-content\\\/uploads\\\/tis\\\/brindos-lac-chateau-anglet-2-2.jpg\",\"clas\":null,\"btn_label\":\"Ver m\\u00e1s\",\"btn_class\":null,\"durable\":false,\"charte\":\"\",\"durable_label\":\"Desarrollo sostenible\",\"online_bookable\":false,\"price_from\":false,\"tags\":[{\"object_tag_id\":\"279179\",\"syndicObjectID\":\"PCUAQU064V5BXQ7F\",\"tag_id\":\"10\",\"subtag_id\":\"81\",\"field\":\"Site \\\/ monument\"}],\"type\":\"Place\"}},{\"geometry\":{\"type\":\"Point\",\"coordinates\":[-1.49997,43.5193]},\"type\":\"Feature\",\"id\":\"PCUAQU064V5BXZ19\",\"properties\":{\"objectTypeCode\":\"PCU\",\"name\":\"La Maison Zabaldu\",\"marker_id\":\"PCUAQU064V5BXZ19\",\"commune\":\"ANGLET\",\"display_city\":\"1\",\"cp\":\"64600\",\"ad1\":\"12 all\\u00e9e Mouesca\",\"gmapLongitude\":-1.49997,\"gmapLatitude\":43.5193,\"zone1\":null,\"telephone\":\"\",\"detail_url\":\"https:\\\/\\\/www.anglet-tourisme.com\\\/es\\\/en-movimiento-en-anglet\\\/actividades\\\/anglet\\\/PCUAQU064V5BXZ19-la-maison-zabaldu\\\/\",\"excerpt\":\"Descubra la Maison Zabaldu, una joya escondida al borde del bosque de Lazaret. Este lugar \\u00fanico, fundado por el carpintero y escultor Daniel Arcondeguy y la esmaltadora Germaine Auzem\\u00e9ry, celebra la pasi\\u00f3n&hellip;\",\"display_excerpt\":\"1\",\"photo\":\"https:\\\/\\\/www.anglet-tourisme.com\\\/wp-content\\\/uploads\\\/tis\\\/Maison-zabaldu-1.jpg\",\"clas\":null,\"btn_label\":\"Ver m\\u00e1s\",\"btn_class\":null,\"durable\":false,\"charte\":\"\",\"durable_label\":\"Desarrollo sostenible\",\"online_bookable\":\"Reservas en l\\u00ednea\",\"price_from\":false,\"tags\":[{\"object_tag_id\":\"279180\",\"syndicObjectID\":\"PCUAQU064V5BXZ19\",\"tag_id\":\"10\",\"subtag_id\":\"10\",\"field\":\"Artisan d'art\"}],\"type\":\"Place\"}},{\"geometry\":{\"type\":\"Point\",\"coordinates\":[-1.51598,43.481]},\"type\":\"Feature\",\"id\":\"PCUAQU064V5BY4T4\",\"properties\":{\"objectTypeCode\":\"PCU\",\"name\":\"Jardin d'Ansbach\",\"marker_id\":\"PCUAQU064V5BY4T4\",\"commune\":\"ANGLET\",\"display_city\":\"1\",\"cp\":\"64600\",\"ad1\":\"Passage du Jardin d'Ansbach\",\"gmapLongitude\":-1.51598,\"gmapLatitude\":43.481,\"zone1\":null,\"telephone\":\"+33 5 59 58 35 35\",\"detail_url\":\"https:\\\/\\\/www.anglet-tourisme.com\\\/es\\\/en-movimiento-en-anglet\\\/actividades\\\/anglet\\\/PCUAQU064V5BY4T4-jardin-dansbach\\\/\",\"excerpt\":\"Bordeando el Ayuntamiento de Anglet, el Jard\\u00edn de Ansbach se extiende a lo largo de 1,5 hect\\u00e1reas, ofreciendo un remanso de paz con senderos bordeados de parterres, maleza y grandes \\u00e1rboles (con\\u00edferas,&hellip;\",\"display_excerpt\":\"1\",\"photo\":\"https:\\\/\\\/www.anglet-tourisme.com\\\/wp-content\\\/uploads\\\/tis\\\/parc-ansbach-anglet-01-2.jpg\",\"clas\":null,\"btn_label\":\"Ver m\\u00e1s\",\"btn_class\":null,\"durable\":false,\"charte\":\"\",\"durable_label\":\"Desarrollo sostenible\",\"online_bookable\":false,\"price_from\":false,\"type\":\"Place\"}},{\"geometry\":{\"type\":\"Point\",\"coordinates\":[-1.49939,43.4957]},\"type\":\"Feature\",\"id\":\"PCUAQU064V5BY4XL\",\"properties\":{\"objectTypeCode\":\"PCU\",\"name\":\"Aire de biodiversit\\u00e9 de Lamouly\",\"marker_id\":\"PCUAQU064V5BY4XL\",\"commune\":\"ANGLET\",\"display_city\":\"1\",\"cp\":\"64600\",\"ad1\":\"68 rue de Lamouly\",\"gmapLongitude\":-1.49939,\"gmapLatitude\":43.4957,\"zone1\":null,\"telephone\":\"+33 5 59 58 35 35\",\"detail_url\":\"https:\\\/\\\/www.anglet-tourisme.com\\\/es\\\/en-movimiento-en-anglet\\\/actividades\\\/anglet\\\/PCUAQU064V5BY4XL-aire-de-biodiversite-de-lamouly\\\/\",\"excerpt\":\"Bienvenido al Espacio de Biodiversidad de Lamouly, un espacio dedicado a la sensibilizaci\\u00f3n sobre los retos de la preservaci\\u00f3n de la biodiversidad. Situado en pleno centro de Anglet, alberga numerosas especies protegidas,&hellip;\",\"display_excerpt\":\"1\",\"photo\":\"https:\\\/\\\/www.anglet-tourisme.com\\\/wp-content\\\/uploads\\\/tis\\\/Havre-biodiversite-Lamouly-2.jpg\",\"clas\":null,\"btn_label\":\"Ver m\\u00e1s\",\"btn_class\":null,\"durable\":false,\"charte\":\"\",\"durable_label\":\"Desarrollo sostenible\",\"online_bookable\":false,\"price_from\":false,\"type\":\"Place\"}},{\"geometry\":{\"type\":\"Point\",\"coordinates\":[-1.50931,43.4799]},\"type\":\"Feature\",\"id\":\"PCUAQU064V5BY51R\",\"properties\":{\"objectTypeCode\":\"PCU\",\"name\":\"Parc Montaury\",\"marker_id\":\"PCUAQU064V5BY51R\",\"commune\":\"ANGLET\",\"display_city\":\"1\",\"cp\":\"64600\",\"ad1\":\"All\\u00e9e du Parc Montaury\",\"gmapLongitude\":-1.50931,\"gmapLatitude\":43.4799,\"zone1\":null,\"telephone\":\"+33 5 59 58 35 35\",\"detail_url\":\"https:\\\/\\\/www.anglet-tourisme.com\\\/es\\\/en-movimiento-en-anglet\\\/actividades\\\/anglet\\\/PCUAQU064V5BY51R-parc-montaury\\\/\",\"excerpt\":\"Parc Montaury le invita a dar un relajante paseo por sus jardines tem\\u00e1ticos que celebran la historia del Pa\\u00eds Vasco y sus viajes. Descubra c\\u00f3mo plantas de todos los rincones del mundo&hellip;\",\"display_excerpt\":\"1\",\"photo\":\"https:\\\/\\\/www.anglet-tourisme.com\\\/wp-content\\\/uploads\\\/tis\\\/Parc-Montaury-Anglet-01.jpg\",\"clas\":null,\"btn_label\":\"Ver m\\u00e1s\",\"btn_class\":null,\"durable\":false,\"charte\":\"\",\"durable_label\":\"Desarrollo sostenible\",\"online_bookable\":false,\"price_from\":false,\"type\":\"Place\"}},{\"geometry\":{\"type\":\"Point\",\"coordinates\":[-1.52071,43.5126]},\"type\":\"Feature\",\"id\":\"PCUAQU064V5BY53O\",\"properties\":{\"objectTypeCode\":\"PCU\",\"name\":\"Jardin Lichtenberger\",\"marker_id\":\"PCUAQU064V5BY53O\",\"commune\":\"ANGLET\",\"display_city\":\"1\",\"cp\":\"64600\",\"ad1\":\"38 avenue du Lac\",\"gmapLongitude\":-1.52071,\"gmapLatitude\":43.5126,\"zone1\":null,\"telephone\":\"+33 5 59 58 35 35\",\"detail_url\":\"https:\\\/\\\/www.anglet-tourisme.com\\\/es\\\/en-movimiento-en-anglet\\\/actividades\\\/anglet\\\/PCUAQU064V5BY53O-jardin-lichtenberger\\\/\",\"excerpt\":\"Le encantar\\u00e1 el Jardin Lichtenberger, un buc\\u00f3lico jard\\u00edn de 7.000 m\\u00b2 a dos pasos de la For\\u00eat du Pignada, en Anglet. Poblado de hortensias, carboneros y pinos, este jard\\u00edn invita a la&hellip;\",\"display_excerpt\":\"1\",\"photo\":\"https:\\\/\\\/www.anglet-tourisme.com\\\/wp-content\\\/uploads\\\/tis\\\/Jardin-Lichtenberger-c-Dario-Tonini-06.jpg\",\"clas\":null,\"btn_label\":\"Ver m\\u00e1s\",\"btn_class\":null,\"durable\":false,\"charte\":\"\",\"durable_label\":\"Desarrollo sostenible\",\"online_bookable\":false,\"price_from\":false,\"type\":\"Place\"}},{\"geometry\":{\"type\":\"Point\",\"coordinates\":[-1.50212,43.5217]},\"type\":\"Feature\",\"id\":\"PCUAQU064V5C2JWH\",\"properties\":{\"objectTypeCode\":\"PCU\",\"name\":\"NOTOX\",\"marker_id\":\"PCUAQU064V5C2JWH\",\"commune\":\"ANGLET\",\"display_city\":\"1\",\"cp\":\"64600\",\"ad1\":\"6 rue du Lazaret\",\"gmapLongitude\":-1.50212,\"gmapLatitude\":43.5217,\"zone1\":null,\"telephone\":\"+33 5 25 56 50 10\",\"detail_url\":\"https:\\\/\\\/www.anglet-tourisme.com\\\/es\\\/en-movimiento-en-anglet\\\/actividades\\\/anglet\\\/PCUAQU064V5C2JWH-notox\\\/\",\"excerpt\":\"Desde 2006, NOTOX dise\\u00f1a y fabrica en Anglet tablas de surf que reflejan los valores ecol\\u00f3gicos de sus surfistas. La idea fundadora: ofrecer tablas respetuosas con la naturaleza y las personas, sin&hellip;\",\"display_excerpt\":\"1\",\"photo\":\"https:\\\/\\\/www.anglet-tourisme.com\\\/wp-content\\\/uploads\\\/tis\\\/notox-Surfboards-01.jpg\",\"clas\":null,\"btn_label\":\"Ver m\\u00e1s\",\"btn_class\":null,\"durable\":false,\"charte\":\"\",\"durable_label\":\"Desarrollo sostenible\",\"online_bookable\":false,\"price_from\":false,\"tags\":[{\"object_tag_id\":\"279181\",\"syndicObjectID\":\"PCUAQU064V5C2JWH\",\"tag_id\":\"10\",\"subtag_id\":\"10\",\"field\":\"Artisan d'art\"}],\"type\":\"Place\"}},{\"geometry\":{\"type\":\"Point\",\"coordinates\":[-1.49802,43.5146]},\"type\":\"Feature\",\"id\":\"PCUAQU064V5C2QBG\",\"properties\":{\"objectTypeCode\":\"PCU\",\"name\":\"Mathieu Palette - \\u00c9b\\u00e9niste et designer\",\"marker_id\":\"PCUAQU064V5C2QBG\",\"commune\":\"ANGLET\",\"display_city\":\"1\",\"cp\":\"64600\",\"ad1\":\"13 promenade du Prince Imp\\u00e9rial\",\"gmapLongitude\":-1.49802,\"gmapLatitude\":43.5146,\"zone1\":null,\"telephone\":\"\",\"detail_url\":\"https:\\\/\\\/www.anglet-tourisme.com\\\/es\\\/en-movimiento-en-anglet\\\/actividades\\\/anglet\\\/PCUAQU064V5C2QBG-mathieu-palette-ebeniste-et-designer\\\/\",\"excerpt\":\"\",\"display_excerpt\":\"1\",\"photo\":\"https:\\\/\\\/www.anglet-tourisme.com\\\/wp-content\\\/uploads\\\/tis\\\/Mathieu-Palette-6.jpg\",\"clas\":null,\"btn_label\":\"Ver m\\u00e1s\",\"btn_class\":null,\"durable\":false,\"charte\":\"\",\"durable_label\":\"Desarrollo sostenible\",\"online_bookable\":false,\"price_from\":false,\"tags\":[{\"object_tag_id\":\"279182\",\"syndicObjectID\":\"PCUAQU064V5C2QBG\",\"tag_id\":\"10\",\"subtag_id\":\"10\",\"field\":\"Artisan d'art\"}],\"type\":\"Place\"}},{\"geometry\":{\"type\":\"Point\",\"coordinates\":[-1.498,43.5147]},\"type\":\"Feature\",\"id\":\"PCUAQU064V5C2R1T\",\"properties\":{\"objectTypeCode\":\"PCU\",\"name\":\"Yvette at Home - \\u00c9b\\u00e9niste\",\"marker_id\":\"PCUAQU064V5C2R1T\",\"commune\":\"ANGLET\",\"display_city\":\"1\",\"cp\":\"64600\",\"ad1\":\"13 promenade du Prince Imp\\u00e9rial\",\"gmapLongitude\":-1.498,\"gmapLatitude\":43.5147,\"zone1\":null,\"telephone\":\"\",\"detail_url\":\"https:\\\/\\\/www.anglet-tourisme.com\\\/es\\\/en-movimiento-en-anglet\\\/actividades\\\/anglet\\\/PCUAQU064V5C2R1T-yvette-at-home-ebeniste\\\/\",\"excerpt\":\"\",\"display_excerpt\":\"1\",\"photo\":\"https:\\\/\\\/www.anglet-tourisme.com\\\/wp-content\\\/uploads\\\/tis\\\/Yvette-at-home-02.jpg\",\"clas\":null,\"btn_label\":\"Ver m\\u00e1s\",\"btn_class\":null,\"durable\":false,\"charte\":\"\",\"durable_label\":\"Desarrollo sostenible\",\"online_bookable\":false,\"price_from\":false,\"tags\":[{\"object_tag_id\":\"279183\",\"syndicObjectID\":\"PCUAQU064V5C2R1T\",\"tag_id\":\"10\",\"subtag_id\":\"10\",\"field\":\"Artisan d'art\"}],\"type\":\"Place\"}},{\"geometry\":{\"type\":\"Point\",\"coordinates\":[-1.49797,43.5143]},\"type\":\"Feature\",\"id\":\"PCUAQU064V5C2R6V\",\"properties\":{\"objectTypeCode\":\"PCU\",\"name\":\"Charbo\\u2019Art - Agencement et d\\u00e9coration en bois recycl\\u00e9\",\"marker_id\":\"PCUAQU064V5C2R6V\",\"commune\":\"ANGLET\",\"display_city\":\"1\",\"cp\":\"64600\",\"ad1\":\"Atelier 11\",\"gmapLongitude\":-1.49797,\"gmapLatitude\":43.5143,\"zone1\":null,\"telephone\":\"\",\"detail_url\":\"https:\\\/\\\/www.anglet-tourisme.com\\\/es\\\/en-movimiento-en-anglet\\\/actividades\\\/anglet\\\/PCUAQU064V5C2R6V-charboart-agencement-et-decoration-en-bois-recycle\\\/\",\"excerpt\":\"\",\"display_excerpt\":\"1\",\"photo\":\"https:\\\/\\\/www.anglet-tourisme.com\\\/wp-content\\\/uploads\\\/tis\\\/Charbo-Art-freres-ibarboure.jpg\",\"clas\":null,\"btn_label\":\"Ver m\\u00e1s\",\"btn_class\":null,\"durable\":false,\"charte\":\"\",\"durable_label\":\"Desarrollo sostenible\",\"online_bookable\":false,\"price_from\":false,\"tags\":[{\"object_tag_id\":\"279184\",\"syndicObjectID\":\"PCUAQU064V5C2R6V\",\"tag_id\":\"10\",\"subtag_id\":\"10\",\"field\":\"Artisan d'art\"}],\"type\":\"Place\"}},{\"geometry\":{\"type\":\"Point\",\"coordinates\":[-1.50075,43.4905]},\"type\":\"Feature\",\"id\":\"PCUAQU064V5C9ZBX\",\"properties\":{\"objectTypeCode\":\"PCU\",\"name\":\"Jardin Manuel de Falla\",\"marker_id\":\"PCUAQU064V5C9ZBX\",\"commune\":\"ANGLET\",\"display_city\":\"1\",\"cp\":\"64600\",\"ad1\":\"45 avenue Jean L\\u00e9on Laporte\",\"gmapLongitude\":-1.50075,\"gmapLatitude\":43.4905,\"zone1\":null,\"telephone\":\"+33 5 59 58 35 35\",\"detail_url\":\"https:\\\/\\\/www.anglet-tourisme.com\\\/es\\\/en-movimiento-en-anglet\\\/actividades\\\/anglet\\\/PCUAQU064V5C9ZBX-jardin-manuel-de-falla\\\/\",\"excerpt\":\"En pleno centro de Anglet, el jard\\u00edn Manuel de Falla es un remanso de verdor y biodiversidad. Este peque\\u00f1o espacio natural, tranquilo y acogedor, invita al descanso y al descubrimiento. Es el&hellip;\",\"display_excerpt\":\"1\",\"photo\":\"https:\\\/\\\/www.anglet-tourisme.com\\\/wp-content\\\/uploads\\\/tis\\\/Jardin-Manuel-de-Falla-Anglet-3.jpg\",\"clas\":null,\"btn_label\":\"Ver m\\u00e1s\",\"btn_class\":null,\"durable\":false,\"charte\":\"\",\"durable_label\":\"Desarrollo sostenible\",\"online_bookable\":false,\"price_from\":false,\"type\":\"Place\"}},{\"geometry\":{\"type\":\"Point\",\"coordinates\":[-1.5117,43.5035]},\"type\":\"Feature\",\"id\":\"PNAAQU064FS00002\",\"properties\":{\"objectTypeCode\":\"PNA\",\"name\":\"For\\u00eat du Pignada\",\"marker_id\":\"PNAAQU064FS00002\",\"commune\":\"ANGLET\",\"display_city\":\"1\",\"cp\":\"64600\",\"ad1\":\"Avenue de Montbrun\",\"gmapLongitude\":-1.5117,\"gmapLatitude\":43.5035,\"zone1\":null,\"telephone\":\"+33 5 59 03 77 01\",\"detail_url\":\"https:\\\/\\\/www.anglet-tourisme.com\\\/es\\\/en-movimiento-en-anglet\\\/actividades\\\/anglet\\\/PNAAQU064FS00002-foret-du-pignada\\\/\",\"excerpt\":\"Anglet es el punto de encuentro del mar y del bosque. Situado a dos pasos de las playas, este espacio frondoso de 250 hect\\u00e1reas cubre casi el 10\\u00a0% de la superficie del&hellip;\",\"display_excerpt\":\"1\",\"photo\":\"https:\\\/\\\/www.anglet-tourisme.com\\\/wp-content\\\/uploads\\\/tis\\\/Balade-en-foret-Anglet--RIB7758--RiBLANC.jpg\",\"clas\":null,\"btn_label\":\"Ver m\\u00e1s\",\"btn_class\":null,\"durable\":true,\"charte\":\"\",\"durable_label\":\"Desarrollo sostenible\",\"online_bookable\":false,\"price_from\":false,\"tags\":[{\"object_tag_id\":\"279185\",\"syndicObjectID\":\"PNAAQU064FS00002\",\"tag_id\":\"7\",\"subtag_id\":\"38\",\"field\":\"For\\u00eats\"}],\"type\":\"Place\"}},{\"geometry\":{\"type\":\"Point\",\"coordinates\":[-1.54309,43.4983]},\"type\":\"Feature\",\"id\":\"PNAAQU064FS0001A\",\"properties\":{\"objectTypeCode\":\"PNA\",\"name\":\"Grotte de la Chambre d'Amour\",\"marker_id\":\"PNAAQU064FS0001A\",\"commune\":\"ANGLET\",\"display_city\":\"1\",\"cp\":\"64600\",\"ad1\":\"Avenue des Vagues\",\"gmapLongitude\":-1.54309,\"gmapLatitude\":43.4983,\"zone1\":null,\"telephone\":\"+33 5 59 03 77 01\",\"detail_url\":\"https:\\\/\\\/www.anglet-tourisme.com\\\/es\\\/en-movimiento-en-anglet\\\/actividades\\\/anglet\\\/PNAAQU064FS0001A-grotte-de-la-chambre-damour\\\/\",\"excerpt\":\"La gruta de la Chambre d\\u2019Amour ha dado su nombre a todo un barrio que se encuentra frente al mar, entre las playas de Anglet y el faro de Biarritz. En la&hellip;\",\"display_excerpt\":\"1\",\"photo\":\"https:\\\/\\\/www.anglet-tourisme.com\\\/wp-content\\\/uploads\\\/tis\\\/Grotte-de-la-CA-2---Dario-2-2.jpg\",\"clas\":null,\"btn_label\":\"Ver m\\u00e1s\",\"btn_class\":null,\"durable\":false,\"charte\":\"\",\"durable_label\":\"Desarrollo sostenible\",\"online_bookable\":false,\"price_from\":false,\"tags\":[{\"object_tag_id\":\"279186\",\"syndicObjectID\":\"PNAAQU064FS0001A\",\"tag_id\":\"7\",\"subtag_id\":\"45\",\"field\":\"Grotte, gouffre\"}],\"type\":\"Place\"}},{\"geometry\":{\"type\":\"Point\",\"coordinates\":[-1.5133,43.5013]},\"type\":\"Feature\",\"id\":\"PNAAQU064V54P9R1\",\"properties\":{\"objectTypeCode\":\"PNA\",\"name\":\"Le Maharin\",\"marker_id\":\"PNAAQU064V54P9R1\",\"commune\":\"ANGLET\",\"display_city\":\"1\",\"cp\":\"64600\",\"ad1\":\"All\\u00e9e du Val Fleuri\",\"gmapLongitude\":-1.5133,\"gmapLatitude\":43.5013,\"zone1\":null,\"telephone\":\"+33 5 59 03 77 01\",\"detail_url\":\"https:\\\/\\\/www.anglet-tourisme.com\\\/es\\\/en-movimiento-en-anglet\\\/actividades\\\/anglet\\\/PNAAQU064V54P9R1-le-maharin\\\/\",\"excerpt\":\"Situado entre Montbrun y la Butte-aux-Cailles, el Maharin impresiona por la calidad de sus instalaciones. Verdadero pulm\\u00f3n verde de 7 hect\\u00e1reas, el lugar ha conservado su car\\u00e1cter arbolado, sus orillas y su&hellip;\",\"display_excerpt\":\"1\",\"photo\":\"https:\\\/\\\/www.anglet-tourisme.com\\\/wp-content\\\/uploads\\\/tis\\\/Maharin-I-Love-Anglet-1RIB1642--RiBLANC.jpg\",\"clas\":null,\"btn_label\":\"Ver m\\u00e1s\",\"btn_class\":null,\"durable\":false,\"charte\":\"\",\"durable_label\":\"Desarrollo sostenible\",\"online_bookable\":false,\"price_from\":false,\"tags\":[{\"object_tag_id\":\"279187\",\"syndicObjectID\":\"PNAAQU064V54P9R1\",\"tag_id\":\"7\",\"subtag_id\":\"12\",\"field\":\"Autre type de site naturel\"}],\"type\":\"Place\"}},{\"geometry\":{\"type\":\"Point\",\"coordinates\":[-1.49725,43.5195]},\"type\":\"Feature\",\"id\":\"PNAAQU064V5BVYE9\",\"properties\":{\"objectTypeCode\":\"PNA\",\"name\":\"For\\u00eat du Lazaret\",\"marker_id\":\"PNAAQU064V5BVYE9\",\"commune\":\"ANGLET\",\"display_city\":\"1\",\"cp\":\"64600\",\"ad1\":\"Promenade du Prince Imp\\u00e9rial\",\"gmapLongitude\":-1.49725,\"gmapLatitude\":43.5195,\"zone1\":null,\"telephone\":\"+33 5 59 03 77 01\",\"detail_url\":\"https:\\\/\\\/www.anglet-tourisme.com\\\/es\\\/en-movimiento-en-anglet\\\/actividades\\\/anglet\\\/PNAAQU064V5BVYE9-foret-du-lazaret\\\/\",\"excerpt\":\"Situado en el barrio de Blancpignon, el Bosque del Lazareto, declarado Espacio Natural Sensible, es un lugar ideal para descubrir la biodiversidad. Se extiende a lo largo de 10 hect\\u00e1reas a orillas&hellip;\",\"display_excerpt\":\"1\",\"photo\":\"https:\\\/\\\/www.anglet-tourisme.com\\\/wp-content\\\/uploads\\\/tis\\\/Running-Foret-I-Love-Anglet-1RIB2318--RiBLANC.jpg\",\"clas\":null,\"btn_label\":\"Ver m\\u00e1s\",\"btn_class\":null,\"durable\":true,\"charte\":\"\",\"durable_label\":\"Desarrollo sostenible\",\"online_bookable\":false,\"price_from\":false,\"tags\":[{\"object_tag_id\":\"279188\",\"syndicObjectID\":\"PNAAQU064V5BVYE9\",\"tag_id\":\"7\",\"subtag_id\":\"38\",\"field\":\"For\\u00eats\"}],\"type\":\"Place\"}},{\"geometry\":{\"type\":\"Point\",\"coordinates\":[-1.49939,43.4957]},\"type\":\"Feature\",\"id\":\"PNAAQU064V5C0MMC\",\"properties\":{\"objectTypeCode\":\"PNA\",\"name\":\"Aire de biodiversit\\u00e9 de Lamouly\",\"marker_id\":\"PNAAQU064V5C0MMC\",\"commune\":\"ANGLET\",\"display_city\":\"1\",\"cp\":\"64600\",\"ad1\":\"68 rue de Lamouly\",\"gmapLongitude\":-1.49939,\"gmapLatitude\":43.4957,\"zone1\":null,\"telephone\":\"+33 5 59 58 35 35\",\"detail_url\":\"https:\\\/\\\/www.anglet-tourisme.com\\\/es\\\/en-movimiento-en-anglet\\\/actividades\\\/anglet\\\/PNAAQU064V5C0MMC-aire-de-biodiversite-de-lamouly\\\/\",\"excerpt\":\"Bienvenido al Espacio de Biodiversidad de Lamouly, un espacio dedicado a la sensibilizaci\\u00f3n sobre los retos de la preservaci\\u00f3n de la biodiversidad. Situado en pleno centro de Anglet, alberga numerosas especies protegidas,&hellip;\",\"display_excerpt\":\"1\",\"photo\":\"https:\\\/\\\/www.anglet-tourisme.com\\\/wp-content\\\/uploads\\\/tis\\\/Havre-biodiversite-Lamouly-4-2.jpg\",\"clas\":null,\"btn_label\":\"Ver m\\u00e1s\",\"btn_class\":null,\"durable\":false,\"charte\":\"\",\"durable_label\":\"Desarrollo sostenible\",\"online_bookable\":false,\"price_from\":false,\"tags\":[{\"object_tag_id\":\"279189\",\"syndicObjectID\":\"PNAAQU064V5C0MMC\",\"tag_id\":\"7\",\"subtag_id\":\"12\",\"field\":\"Autre type de site naturel\"}],\"type\":\"Place\"}},{\"geometry\":{\"type\":\"Point\",\"coordinates\":[-1.51963,43.5262]},\"type\":\"Feature\",\"id\":\"PNAAQU064V5CAAMR\",\"properties\":{\"objectTypeCode\":\"PNA\",\"name\":\"Parc Izadia\",\"marker_id\":\"PNAAQU064V5CAAMR\",\"commune\":\"ANGLET\",\"display_city\":\"1\",\"cp\":\"64600\",\"ad1\":\"297 avenue de l'Adour\",\"gmapLongitude\":-1.51963,\"gmapLatitude\":43.5262,\"zone1\":null,\"telephone\":\"+33 5 59 57 17 48\",\"detail_url\":\"https:\\\/\\\/www.anglet-tourisme.com\\\/es\\\/en-movimiento-en-anglet\\\/actividades\\\/anglet\\\/PNAAQU064V5CAAMR-parc-izadia\\\/\",\"excerpt\":\"Este parque de 15 hect\\u00e1reas, tan bello como discreto, conserva los \\u00faltimos vestigios naturales del litoral dunar, revelando un paisaje diverso: lagunas litorales, lagos, praderas saladas, charcas de agua dulce y entornos&hellip;\",\"display_excerpt\":\"1\",\"photo\":\"https:\\\/\\\/www.anglet-tourisme.com\\\/wp-content\\\/uploads\\\/tis\\\/Parc-Izadia-Anglet-Dario-Tonini-09-2-2.jpg\",\"clas\":null,\"btn_label\":\"Ver m\\u00e1s\",\"btn_class\":null,\"durable\":false,\"charte\":\"\",\"durable_label\":\"Desarrollo sostenible\",\"online_bookable\":false,\"price_from\":false,\"tags\":[{\"object_tag_id\":\"279190\",\"syndicObjectID\":\"PNAAQU064V5CAAMR\",\"tag_id\":\"7\",\"subtag_id\":\"12\",\"field\":\"Autre type de site naturel\"}],\"type\":\"Place\"}}]};\n\t<\/script>\n\n\t\t\n\n<div id=\"tourinsoft-loader\">\n\t<div class=\"outer\">\n\t\t<div class=\"inner\">\n\t\t\t<div class=\"small\"><\/div>\n\t\t\t<div class=\"small\"><\/div>\n\t\t\t<div class=\"small\"><\/div>\n\t\t\t<div class=\"small\"><\/div>\n\t\t<\/div>\n\t\t<div class=\"big\">\n\t\t\t<div class=\"small\"><\/div>\n\t\t<\/div>\n\t\t<div class=\"big\">\n\t\t\t<div class=\"small\"><\/div>\n\t\t<\/div>\n\t<\/div>\n<\/div>\n\n\n<div style=\"height:50px\" aria-hidden=\"true\" class=\"wp-block-spacer\" id=\"form-results\"><\/div>\n\n\t<div class=\"py wp-block-group alignfull has-white-color has-dark-background-color has-text-color has-background\" id=\"tourisoft-search-form-container\">\n\t\t<div class=\"wp-block-group__inner-container aligncenter\">\n\t\t\t<div id=\"tourisoft-search-form\" data-elloha=\"1\">\n\t<div class=\"h3 has-white-color\" id=\"tourinsoft-nb-results\"><span id=\"nb_results\">146<\/span> <span id=\"type_results\">resultado(s)<\/span> coinciden con esta b\u00fasqueda<\/div>\n\t<form id=\"list-searchform\" action=\"\" method=\"get\" data-action=\"https:\/\/www.anglet-tourisme.com\/es\/en-movimiento-en-anglet\/actividades\/\">\n\t\t<div id=\"visible-form-fields\">\n\t\t\t<input type=\"hidden\" id=\"bor_code\" value=\"ASC|DEG|LOI|PCU|PNA\" \/>\n\t\t\t<input type=\"hidden\" id=\"page_id\" value=\"11786\" \/>\n\t\t\t<input type=\"hidden\" name=\"search\" value=\"1\" \/>\n\t\t\t\n\t\t\t\t\t\t\t\n\t\t\t \n\t\t\t\t<div class=\"form-input\">\n\t\t\t\t\t\t\t\t\t\t<select id=\"tis_tag\" data-tag=\"\" data-default_page=\"1\">\n\t\t\t\t\t\t\t\t\t\t\n\t\t\t\t\t\t\t\t\t\t\t\t\t<option value=\"\">Tipo de actividades<\/option>\n\t\t\t\t\t\t\t\t\t\t\t\t\n\t\t\t\t\t\t\t\t\t\t\t\t\t\t\t\t\t\t\t\t\n\t\t\t\t\t\t\t\t<option value=\"\/es\/en-movimiento-en-anglet\/actividades\/gastronomie\/\"  data-tag_id=\"1\">Gastronom\u00eda<\/option>\n\t\t\t\t\t\t\t\t\t\t\t\t\t\t\n\t\t\t\t\t\t\t\t<option value=\"\/es\/en-movimiento-en-anglet\/actividades\/activites-de-loisirs\/\"  data-tag_id=\"2\">Actividades de ocio<\/option>\n\t\t\t\t\t\t\t\t\t\t\t\t\t\t\n\t\t\t\t\t\t\t\t<option value=\"\/es\/en-movimiento-en-anglet\/actividades\/activites-de-nature\/\"  data-tag_id=\"3\">Actividades al aire libre<\/option>\n\t\t\t\t\t\t\t\t\t\t\t\t\t\t\n\t\t\t\t\t\t\t\t<option value=\"\/es\/en-movimiento-en-anglet\/actividades\/plages-et-activites-nautiques\/\"  data-tag_id=\"5\">Playas y actividades acu\u00e1ticas<\/option>\n\t\t\t\t\t\t\t\t\t\t\t\t\t\t\n\t\t\t\t\t\t\t\t<option value=\"\/es\/en-movimiento-en-anglet\/actividades\/remise-en-forme\/\"  data-tag_id=\"6\">Puesta en forma<\/option>\n\t\t\t\t\t\t\t\t\t\t\t\t\t\t\n\t\t\t\t\t\t\t\t<option value=\"\/es\/en-movimiento-en-anglet\/actividades\/sites-naturels\/\"  data-tag_id=\"7\">Espacios naturales<\/option>\n\t\t\t\t\t\t\t\t\t\t\t\t\t\t\n\t\t\t\t\t\t\t\t<option value=\"\/es\/en-movimiento-en-anglet\/actividades\/tourisme-d-affaires\/\"  data-tag_id=\"9\">Turismo de negocios<\/option>\n\t\t\t\t\t\t\t\t\t\t\t\t\t\t\n\t\t\t\t\t\t\t\t<option value=\"\/es\/en-movimiento-en-anglet\/actividades\/visites-culture-et-patrimoine\/\"  data-tag_id=\"10\">Visitas, cultura y patrimonio<\/option>\n\t\t\t\t\t\t\t\t\t\t\t\t\t\t\n\t\t\t\t\t\t\t\t<option value=\"\/es\/en-movimiento-en-anglet\/actividades\/sorties\/\"  data-tag_id=\"22\">Salidas<\/option>\n\t\t\t\t\t\t\t\t\t\t\t\t\t\t\t\t\t\t<\/select>\n\t\t\t\t<\/div>\n\t\t\t\t<div class=\"form-input\">\n\t\t\t\t\t\t\t\t\t\t\t<script type=\"text\/javascript\">\n\t\t\t\t\t\t\tvar form_subtags = {\"3\":{\"1\":{\"url\":\"a-cheval\",\"title\":\"Equitaci\\u00f3n\"},\"3\":{\"url\":\"a-pied\",\"title\":\"Senderismo\"},\"4\":{\"url\":\"a-velo\",\"title\":\"Ciclismo\"},\"44\":{\"url\":\"golf\",\"title\":\"Golf\"},\"63\":{\"url\":\"peche\",\"title\":\"Pesca\"},\"80\":{\"url\":\"se-poser\",\"title\":\"Descanso \\\/ miradores\"},\"87\":{\"url\":\"sports-nature\",\"title\":\"Deportes al aire libre\"}},\"10\":{\"5\":{\"url\":\"activites-culturelles-et-stages\",\"title\":\"Actividades culturales y talleres\"},\"10\":{\"url\":\"artisan-d-art\",\"title\":\"Artesan\\u00eda\"},\"13\":{\"url\":\"autres\",\"title\":\"Otros\"},\"22\":{\"url\":\"centre-d-interpretation\",\"title\":\"Centro de interpretaci\\u00f3n\"},\"81\":{\"url\":\"site-monument\",\"title\":\"Sitios y monumentos\"},\"96\":{\"url\":\"visites\",\"title\":\"Visitas\"}},\"5\":{\"7\":{\"url\":\"activites-nautiques\",\"title\":\"Actividades acu\\u00e1ticas\"},\"149\":{\"url\":\"piscines\",\"title\":\"Piscinas\"},\"67\":{\"url\":\"plages\",\"title\":\"Playas\"},\"71\":{\"url\":\"port\",\"title\":\"Puerto \\\/ puerto deportivo\"},\"89\":{\"url\":\"surf\",\"title\":\"Surf\"}},\"7\":{\"12\":{\"url\":\"autres\",\"title\":\"Otros\"},\"38\":{\"url\":\"forets\",\"title\":\"Bosques\"},\"45\":{\"url\":\"grotte-gouffre\",\"title\":\"Cuevas y simas\"},\"51\":{\"url\":\"lacs-plans-d-eau\",\"title\":\"Lagos y masas de agua\"}},\"2\":{\"165\":{\"url\":\"autres-sports\",\"title\":\"Otros deportes\"},\"164\":{\"url\":\"dans-les-airs\",\"title\":\"Deportes a\\u00e9reos\"},\"31\":{\"url\":\"enfants\",\"title\":\"Ni\\u00f1os\"},\"59\":{\"url\":\"paintball-lasergame\",\"title\":\"Paintball y l\\u00e1ser tag\"},\"61\":{\"url\":\"parcs-a-theme-escape-game\",\"title\":\"Parques tem\\u00e1ticos y escape games\"}},\"6\":{\"16\":{\"url\":\"bien-etre\",\"title\":\"Bienestar\"},\"91\":{\"url\":\"thalassotherapie\",\"title\":\"Talasoterapia\"}},\"1\":{\"43\":{\"url\":\"glaces\",\"title\":\"Helados\"},\"62\":{\"url\":\"patisserie\",\"title\":\"Pasteler\\u00eda\"}},\"22\":{\"156\":{\"url\":\"patinoire\",\"title\":\"Pista de hielo\"},\"157\":{\"url\":\"salle-de-spectacle\",\"title\":\"Sala de espect\\u00e1culos\"},\"158\":{\"url\":\"salles-de-cinema\",\"title\":\"Sala(s) de cine\"}},\"9\":{\"162\":{\"url\":\"salle-de-seminaire\",\"title\":\"Sala de seminario\"}}};\n\t\t\t\t\t\t<\/script>\n\t\t\t\t\t\t\t\t\t\t\t\t\t\t\t<select id=\"tis_subtag\" data-subtag=\"\" data-default_page=\"1\">\n\t\t\t\t\t\t\t\t\t\t\t\t\t\t\t\t\t\t<option value=\"\">Especifique &#8230;<\/option>\n\t\t\t\t\t\t\t\t\t\t\t\t\t\t\t\t\t<\/select>\n\t\t\t\t\t<input type=\"hidden\" name=\"tis_field\" id=\"tis_field\" value=\"\" \/>\n\t\t\t\t<\/div>\n\t\t\t\t\t\t\n\t\t\t\t\t\t\t\t\t<input type=\"hidden\" id=\"tis_tagqualification\" name=\"tag_qualification\" value=\"\" \/>\n\t\t\t\t\t\t\t\t\t\t\t\t\t\t\t\t\n\t\t\t\t\t\t\n\t\t\t\t\t\t\n\t\t\t\n\t\t\t\t\t\t\t\t\t\t\t\t\t\t<input type=\"hidden\" value=\"\" id=\"city_name\" \/>\n\t\t\t\t\t\t\t\t\t\t\n\t\t\t\t\t<!-- City -- begin -->\n\t\t\t\t\t<div class=\"form-input autocomplete sc6-position-relative select-auto js-select-auto js-autocomplete\" data-autocomplete-dropdown-visible-class=\"autocomplete--results-visible\">\n\t\t\t\t\t\t<input type=\"hidden\" class=\"user_geoloc\" \/>\n\t\t\t\t\t\t<!-- select -->\n\t\t\t\t\t\t<select id=\"tis_city\" class=\"js-select-auto__select hide\" data-current_city=\"\" data-default_page=\"1\">\n\t\t\t\t\t\t\t<optgroup label=\"Ciudad\">\n\t\t\t\t\t\t\t\t<option value=\"\">Ciudad<\/option>\n\t\t\t\t\t\t\t\t<option value=\"anglet\">ANGLET<\/option>\t\t\t\t\t\t\t<\/optgroup>\n\t\t\t\t\t\t\t\t\t\t\t\t\t<\/select>\n\n\t\t\t\t\t  <!-- input -->\n\t\t\t\t\t  <div class=\"select-auto__input-wrapper\">\n\t\t\t\t\t\t<input class=\"sc6-form-control js-autocomplete__input js-select-auto__input\" type=\"text\" id=\"autocomplete-input-id\" placeholder=\"Destino\" autocomplete=\"off\">\n\n\t\t\t\t\t\t<div class=\"select-auto__input-icon-wrapper\">\n\t\t\t\t\t\t  <!-- arrow sc6-icon -->\n\t\t\t\t\t\t  <svg class=\"sc6-icon\" viewBox=\"0 0 16 16\">\n\t\t\t\t\t\t\t<title>Open selection<\/title>\n\t\t\t\t\t\t\t<polyline points=\"1 5 8 12 15 5\" fill=\"none\" stroke=\"currentColor\" stroke-linecap=\"round\" stroke-linejoin=\"round\" stroke-width=\"2\" \/>\n\t\t\t\t\t\t  <\/svg>\n\n\t\t\t\t\t\t  <!-- close X sc6-icon -->\n\t\t\t\t\t\t  <button class=\"select-auto__input-btn js-select-auto__input-btn js-tab-focus\">\n\t\t\t\t\t\t\t<svg class=\"sc6-icon\" viewBox=\"0 0 16 16\">\n\t\t\t\t\t\t\t  <title>Reset selection<\/title>\n\t\t\t\t\t\t\t  <path d=\"M8,0a8,8,0,1,0,8,8A8,8,0,0,0,8,0Zm3.707,10.293a1,1,0,1,1-1.414,1.414L8,9.414,5.707,11.707a1,1,0,0,1-1.414-1.414L6.586,8,4.293,5.707A1,1,0,0,1,5.707,4.293L8,6.586l2.293-2.293a1,1,0,1,1,1.414,1.414L9.414,8Z\" \/>\n\t\t\t\t\t\t\t<\/svg>\n\t\t\t\t\t\t  <\/button>\n\t\t\t\t\t\t<\/div>\n\t\t\t\t\t  <\/div>\n\n\t\t\t\t\t  <!-- dropdown -->\n\t\t\t\t\t  <div class=\"autocomplete__results select-auto__results js-autocomplete__results\">\n\t\t\t\t\t\t<ul id=\"autocomplete1\" class=\"autocomplete__list js-autocomplete__list\">\n\t\t\t\t\t\t  <li class=\"select-auto__group-title sc6-padding-y-xs sc6-padding-x-sm sc6-color-contrast-medium autocomplete__item--is-hidden js-autocomplete__result\" data-autocomplete-template=\"optgroup\" role=\"presentation\">\n\t\t\t\t\t\t\t<span class=\"sc6-text-truncate\" data-autocomplete-label><\/span>\n\t\t\t\t\t\t  <\/li>\n\n\t\t\t\t\t\t  <li class=\"select-auto__option sc6-padding-y-xs sc6-padding-x-sm autocomplete__item--is-hidden js-autocomplete__result\" data-autocomplete-template=\"option\">\n\t\t\t\t\t\t\t<span class=\"sc6-hide\" data-autocomplete-value><\/span>\n\t\t\t\t\t\t\t<div class=\"sc6-text-truncate\" data-autocomplete-label><\/div>\n\t\t\t\t\t\t  <\/li>\n\n\t\t\t\t\t\t  <li class=\"select-auto__no-results-msg sc6-padding-y-xs sc6-padding-x-sm sc6-text-truncate autocomplete__item--is-hidden js-autocomplete__result\" data-autocomplete-template=\"no-results\" role=\"presentation\"><\/li>\n\t\t\t\t\t\t<\/ul>\n\t\t\t\t\t  <\/div>\n\t\t\t\t\t<\/div>\n\t\t\t\t\t\n\t\t\t\t\t<span class=\"userGeo\" data-form=\"list-searchform\"><\/span>\n\t\t\t\t\t\n\t\t\t\t\t<!-- City -- end -->\n\t\t\t\t\t\n\t\t\t\t\t\n\t\t\t\t\t\t\t\t\t\t\n\t\t\t\n\t\t\t\n\t\t\t<input type=\"hidden\" id=\"tis_date_from\" name=\"date_from\" value=\"\" \/>\n\t\t\t<input type=\"hidden\" id=\"tis_date_to\" name=\"date_to\" value=\"\" \/>\n\t\t\t\n\t\t\t\t\t\t\t\n\t\t\t\t<div class=\"form-input\">\n\t\t\t\t\t<input type=\"text\" class=\"datepicker\" data-field=\"tis_date_from\" data-related_to=\"tis_date_to\" id=\"tis_date_picker\" value=\"\" autocomplete=\"off\" placeholder=\"Fecha\" aria-label=\"Fecha\" \/>\n\t\t\t\t\t<span class=\"empty-field hide\" data-related_from=\"tis_date_from\" data-related_to=\"tis_date_to\" data-related_field=\"tis_date_picker\" >x<\/span>\n\t\t\t\t<\/div>\n\t\t\t\t<input type=\"hidden\" id=\"tis_weekend\" value=\"\" \/>\n\t\t\t\t\n\t\t\t\t\n\t\t\t\n\t\t\t\n\t\t\t\t\t\n\t\t\t\n\t\t\t\n\t\t\t<button role=\"button\" aria-pressed=\"false\" type=\"sumbit\" class=\"wp-block-button__link\" id=\"validate_form\">Buscar en<\/button>\n\t\t\t<!--<a href=\"#\" id=\"display-filters\" onclick=\"gtag('event','clic_filtre_listing',{'event_category':'Prospect','event_label':''});\">Filtros<\/a>-->\n\t\t\t\n\t\t\t\t\t\t\t<a href=\"#\" id=\"display-map\">Ver en el mapa<\/a>\n\t\t\t\t\t\t\n\t\t<\/div>\n\t\t\n\t\t<div id=\"form-filters\">\n\t\t\t<div id=\"form-filters-overlay\"><\/div>\n\t\t\t<div id=\"hidden-form-filters\">\n\t\t\t\t<div class=\"form-filters-content has-text-align-left\">\n\t\t\t\t\t<span class=\"dashicons dashicons-no-alt\" id=\"close-form-filters\"><\/span>\n\t\t\t\t\t<div class=\"h3 aligncenter\">Filtros<\/div>\n\t\t\t\t\t<hr \/>\n\t\t\t\t\t\n\t\t\t\t\t<!--<div class=\"h4\">Buscar por nombre<\/div>\n\t\t\t\t\t<div class=\"form-group\">\n\t\t\t\t\t\t<div class=\"form-input\">\n\t\t\t\t\t\t\t<input type=\"text\" name=\"tis_title\" value=\"\" placeholder=\"Nom de l'\u00e9tablissement\" \/>\n\t\t\t\t\t\t<\/div>\n\t\t\t\t\t\t<div class=\"form-input\">\n\t\t\t\t\t\t\t<button class=\"btn update_search\">Buscar en<\/button>\n\t\t\t\t\t\t<\/div>\n\t\t\t\t\t<\/div>-->\n\t\t\t\t\t\n\t\t\t\t\t\t\t\t\t\t\n\t\t\t\t\t\n\t\t\t\t\t\t\t\t\t\t<div id=\"tourisme-handicap\">\n\t\t\t\t\t\t<img decoding=\"async\" src=\"https:\/\/www.anglet-tourisme.com\/wp-content\/plugins\/tourinsoft-syndication\/assets\/images\/logo-tourisme-handicap.png\" alt=\"Label Tourisme et Handicap\" title=\"Label Tourisme et Handicap\" \/>\n\t\t\t\t\t\t<div>\n\t\t\t\t\t\t\t<div class=\"h4\">Turismo accesible<\/div>\n\t\t\t\t\t\t\t<div class=\"form-group\">\n\t\t\t\t\t\t\t\t<div class=\"form-input\">\n\t\t\t\t\t\t\t\t\t<label class=\"checkbox-container\">Discapacidad auditiva\t\t\t\t\t\t\t\t\t\t<input type=\"checkbox\" class=\"update_search\" name=\"tis_handicap[]\" value=\"Discapacidad auditiva\"  \/> \n\t\t\t\t\t\t\t\t\t\t<span class=\"checkmark\"><\/span>\n\t\t\t\t\t\t\t\t\t<\/label>\n\t\t\t\t\t\t\t\t<\/div>\n\t\t\t\t\t\t\t\t<div class=\"form-input\">\n\t\t\t\t\t\t\t\t\t<label class=\"checkbox-container\">Discapacidad mental\t\t\t\t\t\t\t\t\t\t<input type=\"checkbox\" class=\"update_search\" name=\"tis_handicap[]\" value=\"Discapacidad mental\"  \/>\n\t\t\t\t\t\t\t\t\t\t<span class=\"checkmark\"><\/span>\n\t\t\t\t\t\t\t\t\t<\/label>\n\t\t\t\t\t\t\t\t<\/div>\n\t\t\t\t\t\t\t\t<div class=\"form-input\">\n\t\t\t\t\t\t\t\t\t<label class=\"checkbox-container\">Minusval\u00eda motriz\t\t\t\t\t\t\t\t\t\t<input type=\"checkbox\" class=\"update_search\" name=\"tis_handicap[]\" value=\"Minusval\u00eda motriz\"  \/>\n\t\t\t\t\t\t\t\t\t\t<span class=\"checkmark\"><\/span>\n\t\t\t\t\t\t\t\t\t<\/label>\n\t\t\t\t\t\t\t\t<\/div>\n\t\t\t\t\t\t\t\t<div class=\"form-input\">\n\t\t\t\t\t\t\t\t\t<label class=\"checkbox-container\">Discapacidad visual\t\t\t\t\t\t\t\t\t\t<input type=\"checkbox\" class=\"update_search\" name=\"tis_handicap[]\" value=\"Discapacidad visual\"  \/>\n\t\t\t\t\t\t\t\t\t\t<span class=\"checkmark\"><\/span>\n\t\t\t\t\t\t\t\t\t<\/label>\n\t\t\t\t\t\t\t\t<\/div>\n\t\t\t\t\t\t\t<\/div>\n\t\t\t\t\t\t<\/div>\n\t\t\t\t\t<\/div>\n\t\t\t\t\t\t\t\t\t\t\n\t\t\t\t\t\t\t\t\t\t\n\t\t\t\t\t\t\t\t\t\t\t\t\t<div class=\"h4\">Labels<\/div>\n\t\t\t\t\t\t\t<div class=\"form-group\">\n\t\t\t\t\t\t\t\t\t\t\t\t\t\t\t\t\t\t\t\t\t\t\t\t\t<div class=\"form-input \">\n\t\t\t\t\t\t\t\t\t\t<label class=\"checkbox-container\">\n\t\t\t\t\t\t\t\t\t\t\tQualit\u00e9 Tourisme\t\t\t\t\t\t\t\t\t\t\t<input type=\"checkbox\" class=\"update_search\" name=\"tis_label[]\" value=\"Qualit\u00e9 Tourisme\"  \/> \n\t\t\t\t\t\t\t\t\t\t\t<span class=\"checkmark\"><\/span>\n\t\t\t\t\t\t\t\t\t\t<\/label>\n\t\t\t\t\t\t\t\t\t<\/div>\n\t\t\t\t\t\t\t\t\t\t\t\t\t\t\t\t\t\t\t\t\t\t\t\t\t\t\t\t\t\t\t\t\t\t\t<div class=\"form-input \">\n\t\t\t\t\t\t\t\t\t\t<label class=\"checkbox-container\">\n\t\t\t\t\t\t\t\t\t\t\tEcole Fran\u00e7aise de Surf\t\t\t\t\t\t\t\t\t\t\t<input type=\"checkbox\" class=\"update_search\" name=\"tis_label[]\" value=\"Ecole Fran\u00e7aise de Surf\"  \/> \n\t\t\t\t\t\t\t\t\t\t\t<span class=\"checkmark\"><\/span>\n\t\t\t\t\t\t\t\t\t\t<\/label>\n\t\t\t\t\t\t\t\t\t<\/div>\n\t\t\t\t\t\t\t\t\t\t\t\t\t\t\t\t\t\t\t\t\t\t\t\t\t\t\t\t\t\t\t\t\t\t\t<div class=\"form-input \">\n\t\t\t\t\t\t\t\t\t\t<label class=\"checkbox-container\">\n\t\t\t\t\t\t\t\t\t\t\tAccueil V\u00e9lo\t\t\t\t\t\t\t\t\t\t\t<input type=\"checkbox\" class=\"update_search\" name=\"tis_label[]\" value=\"Accueil V\u00e9lo\"  \/> \n\t\t\t\t\t\t\t\t\t\t\t<span class=\"checkmark\"><\/span>\n\t\t\t\t\t\t\t\t\t\t<\/label>\n\t\t\t\t\t\t\t\t\t<\/div>\n\t\t\t\t\t\t\t\t\t\t\t\t\t\t\t\t\t\t\t\t\t\t\t\t\t\t\t\t\t\t\t\t\t\t\t<div class=\"form-input \">\n\t\t\t\t\t\t\t\t\t\t<label class=\"checkbox-container\">\n\t\t\t\t\t\t\t\t\t\t\tV\u00e9lodyss\u00e9e\t\t\t\t\t\t\t\t\t\t\t<input type=\"checkbox\" class=\"update_search\" name=\"tis_label[]\" value=\"V\u00e9lodyss\u00e9e\"  \/> \n\t\t\t\t\t\t\t\t\t\t\t<span class=\"checkmark\"><\/span>\n\t\t\t\t\t\t\t\t\t\t<\/label>\n\t\t\t\t\t\t\t\t\t<\/div>\n\t\t\t\t\t\t\t\t\t\t\t\t\t\t\t\t\t\t\t\t\t\t\t\t\t\t\t\t\t\t\t\t\t\t\t<div class=\"form-input hide\">\n\t\t\t\t\t\t\t\t\t\t<label class=\"checkbox-container\">\n\t\t\t\t\t\t\t\t\t\t\tTerra Aventura\t\t\t\t\t\t\t\t\t\t\t<input type=\"checkbox\" class=\"update_search\" name=\"tis_label[]\" value=\"Terra Aventura\"  \/> \n\t\t\t\t\t\t\t\t\t\t\t<span class=\"checkmark\"><\/span>\n\t\t\t\t\t\t\t\t\t\t<\/label>\n\t\t\t\t\t\t\t\t\t<\/div>\n\t\t\t\t\t\t\t\t\t\t\t\t\t\t\t\t\t\t\t\t\t\t\t\t\t\t\t\t\t\t\t\t\t\t\t<div class=\"form-input hide\">\n\t\t\t\t\t\t\t\t\t\t<label class=\"checkbox-container\">\n\t\t\t\t\t\t\t\t\t\t\tF\u00e9d\u00e9ration Fran\u00e7aise de Golf\t\t\t\t\t\t\t\t\t\t\t<input type=\"checkbox\" class=\"update_search\" name=\"tis_label[]\" value=\"F\u00e9d\u00e9ration Fran\u00e7aise de Golf\"  \/> \n\t\t\t\t\t\t\t\t\t\t\t<span class=\"checkmark\"><\/span>\n\t\t\t\t\t\t\t\t\t\t<\/label>\n\t\t\t\t\t\t\t\t\t<\/div>\n\t\t\t\t\t\t\t\t\t\t\t\t\t\t\t\t\t\t\t\t\t\t\t\t\t\t\t\t\t\t\t\t\t\t\t<div class=\"form-input hide\">\n\t\t\t\t\t\t\t\t\t\t<label class=\"checkbox-container\">\n\t\t\t\t\t\t\t\t\t\t\tPavillon bleu\t\t\t\t\t\t\t\t\t\t\t<input type=\"checkbox\" class=\"update_search\" name=\"tis_label[]\" value=\"Pavillon bleu\"  \/> \n\t\t\t\t\t\t\t\t\t\t\t<span class=\"checkmark\"><\/span>\n\t\t\t\t\t\t\t\t\t\t<\/label>\n\t\t\t\t\t\t\t\t\t<\/div>\n\t\t\t\t\t\t\t\t\t\t\t\t\t\t\t\t\t\t\t\t\t\t\t\t\t\t<span class=\"display-more\">Mostrar m\u00e1s<\/span>\n\t\t\t\t\t\t\t<\/div>\n\t\t\t\t\t\t\t\n\n\t\t\t\t\t\t<div class=\"h4\">Servicios<\/div>\n\t\t\t\t\t\t<div class=\"form-group\" id=\"services\">\n\t\t\t\t\t\t\t\t\t\t\t\t\t\t<div class=\"form-input\" id=\"checkbox-animaux\">\n\t\t\t\t\t\t\t\t<label class=\"checkbox-container\" for=\"tis_animaux\">\n\t\t\t\t\t\t\t\t\tSe admiten mascotas\t\t\t\t\t\t\t\t\t<input type=\"checkbox\" class=\"update_search\" name=\"tis_animaux\" id=\"tis_animaux\" value=\"1\"  \/>\n\t\t\t\t\t\t\t\t\t<span class=\"checkmark\"><\/span>\n\t\t\t\t\t\t\t\t<\/label>\n\t\t\t\t\t\t\t<\/div>\n\t\t\t\t\t\t\t\t\t\t\t\t\t\t<div class=\"form-input\" id=\"checkbox-handi\">\n\t\t\t\t\t\t\t\t<label class=\"checkbox-container\" for=\"tis_acceshandi\">\n\t\t\t\t\t\t\t\t\tAccesible en silla de ruedas\t\t\t\t\t\t\t\t\t<input type=\"checkbox\" class=\"update_search\" name=\"tis_acceshandi\" id=\"tis_acceshandi\"  value=\"1\" \/> \n\t\t\t\t\t\t\t\t\t<span class=\"checkmark\"><\/span>\n\t\t\t\t\t\t\t\t<\/label>\n\t\t\t\t\t\t\t<\/div>\n\t\t\t\t\t\t\t\t\t\t\t\t\t\t<div class=\"form-input\" id=\"checkbox-group\">\n\t\t\t\t\t\t\t\t<label class=\"checkbox-container\" for=\"tis_groupe\">\n\t\t\t\t\t\t\t\t\tGrupos bienvenidos\t\t\t\t\t\t\t\t\t<input type=\"checkbox\" class=\"update_search\" name=\"tis_groupe\" id=\"tis_groupe\"  value=\"1\" \/> \n\t\t\t\t\t\t\t\t<span class=\"checkmark\"><\/span>\n\t\t\t\t\t\t\t\t<\/label>\n\t\t\t\t\t\t\t<\/div>\n\t\t\t\t\t\t\t\t\t\t\t\t\t\t\t\t\t\t\t\t\t<div class=\"form-input\" id=\"checkbox-cheque\">\n\t\t\t\t\t\t\t\t<label class=\"checkbox-container\">\n\t\t\t\t\t\t\t\t\tCheques vacaciones\t\t\t\t\t\t\t\t\t<input type=\"checkbox\" class=\"update_search\" name=\"tis_modpaiement[]\" value=\"Ch\u00e8ques Vacances\"  \/> \n\t\t\t\t\t\t\t\t\t<span class=\"checkmark\"><\/span>\n\t\t\t\t\t\t\t\t<\/label>\n\t\t\t\t\t\t\t<\/div>\n\t\t\t\t\t\t\t\t\t\t\t\t\t\t\n\t\t\t\t\t\t\t\t\t\t\t\t\t\t\t\t\t\t\t\t\t\n\t\t\t\t\t\t\t\t\t\t\t\t\t\t<div class=\"form-input\" id=\"checkbox-qualitetourisme\">\n\t\t\t\t\t\t\t\t<label class=\"checkbox-container\">\n\t\t\t\t\t\t\t\t\tQualit\u00e9 Tourisme\n\t\t\t\t\t\t\t\t\t<input type=\"checkbox\" class=\"update_search\" name=\"tis_label[]\" value=\"Qualit\u00e9 Tourisme\"  \/>\n\t\t\t\t\t\t\t\t\t<span class=\"checkmark\"><\/span>\n\t\t\t\t\t\t\t\t<\/label>\n\t\t\t\t\t\t\t<\/div>\n\t\t\t\t\t\t\t\t\t\t\t\t\t<\/div>\n\t\t\t\t\t\t\n\t\t\t\t\t\t\t\n\t\t\t\t\t\t\n\t\t\t\t\t\t\t\t\t\t\t\n\t\t\t\t\t\t\t\t\t\t\n\t\t\t\t\t\n\t\t\t\t\n\t\t\t\t\t\t\n\t\t\t\t\t\t\t\t\t\t\n\t\t\t\t\t<div class=\"h4\">Lenguas habladas<\/div>\n\t\t\t\t\t<div class=\"form-group\" id=\"spoken-languages\">\n\t\t\t\t\t\t<div class=\"form-input\">\n\t\t\t\t\t\t\t<label class=\"checkbox-container\">\n\t\t\t\t\t\t\t\tFranc\u00e9s\t\t\t\t\t\t\t\t<input type=\"checkbox\" class=\"update_search\" name=\"tis_langparle[]\" value=\"Fran\u00e7ais\"  \/> \n\t\t\t\t\t\t\t\t<span class=\"checkmark\"><\/span>\n\t\t\t\t\t\t\t<\/label>\n\t\t\t\t\t\t<\/div>\n\t\t\t\t\t\t<div class=\"form-input\">\n\t\t\t\t\t\t\t<label class=\"checkbox-container\">\n\t\t\t\t\t\t\t\tEuskadi\t\t\t\t\t\t\t\t<input type=\"checkbox\" class=\"update_search\" name=\"tis_langparle[]\" value=\"Basque\"  \/>\n\t\t\t\t\t\t\t\t<span class=\"checkmark\"><\/span>\n\t\t\t\t\t\t\t<\/label>\n\t\t\t\t\t\t<\/div>\n\t\t\t\t\t\t<div class=\"form-input\">\n\t\t\t\t\t\t\t<label class=\"checkbox-container\">\n\t\t\t\t\t\t\t\tEspa\u00f1ol\t\t\t\t\t\t\t\t<input type=\"checkbox\" class=\"update_search\" name=\"tis_langparle[]\" value=\"Espagnol\"  \/>\n\t\t\t\t\t\t\t\t<span class=\"checkmark\"><\/span>\n\t\t\t\t\t\t\t<\/label>\n\t\t\t\t\t\t<\/div>\n\t\t\t\t\t\t<div class=\"form-input\">\n\t\t\t\t\t\t\t<label class=\"checkbox-container\">\n\t\t\t\t\t\t\t\tIngl\u00e9s\t\t\t\t\t\t\t\t<input type=\"checkbox\" class=\"update_search\" name=\"tis_langparle[]\" value=\"Anglais\"  \/>\n\t\t\t\t\t\t\t\t<span class=\"checkmark\"><\/span>\n\t\t\t\t\t\t\t<\/label>\n\t\t\t\t\t\t<\/div>\n\t\t\t\t\t\t<div class=\"form-input\">\n\t\t\t\t\t\t\t<label class=\"checkbox-container\">\n\t\t\t\t\t\t\t\tAlem\u00e1n\t\t\t\t\t\t\t\t<input type=\"checkbox\" class=\"update_search\" name=\"tis_langparle[]\" value=\"Allemand\"  \/>\n\t\t\t\t\t\t\t\t<span class=\"checkmark\"><\/span>\n\t\t\t\t\t\t\t<\/label>\n\t\t\t\t\t\t<\/div>\n\t\t\t\t\t\t<div class=\"form-input\">\n\t\t\t\t\t\t\t<label class=\"checkbox-container\">\n\t\t\t\t\t\t\t\tItaliano\t\t\t\t\t\t\t\t<input type=\"checkbox\" class=\"update_search\" name=\"tis_langparle[]\" value=\"Italien\"  \/>\n\t\t\t\t\t\t\t\t<span class=\"checkmark\"><\/span>\n\t\t\t\t\t\t\t<\/label>\n\t\t\t\t\t\t<\/div>\n\t\t\t\t\t\t<div class=\"form-input\">\n\t\t\t\t\t\t\t<label class=\"checkbox-container\">\n\t\t\t\t\t\t\t\tPortugu\u00e9s\t\t\t\t\t\t\t\t<input type=\"checkbox\" class=\"update_search\" name=\"tis_langparle[]\" value=\"Portuguais\"  \/>\n\t\t\t\t\t\t\t\t<span class=\"checkmark\"><\/span>\n\t\t\t\t\t\t\t<\/label>\n\t\t\t\t\t\t<\/div>\n\t\t\t\t\t<\/div>\n\t\t\t\t\t\t\t\t\t\t\n\t\t\t\t\t<div class=\"wp-block-buttons\">\n\t\t\t\t\t\t\t\t\t\t\t\t\t<button role=\"button\" aria-pressed=\"false\" type=\"sumbit\" class=\"wp-block-button__link\">Mostrar resultados<\/button>\n\t\t\t\t\t\t\t\t\t\t\t<\/div>\n\t\t\t\t<\/div>\n\t\t\t<\/div>\n\t\t<\/div>\n\t\t\n\t<\/form>\n<\/div>\t\t\t<\/div>\n\t<\/div>\n\n<div id=\"tourinsoft-list\" class=\"py wp-block-group alignfull has-light-grey-background-color has-background\">\n\t<div class=\"tourinsoft-map-container\">\n\t\t<div id=\"tourinsoft-result-list\">\n\t\t\t\t\t\t<div id=\"tourinsoft-result-header\">\n\t\t\t\t<div id=\"tourinsoft-result-title\">\n\t\t\t\t\t\t\t\t\t\t\t<h3>Resultados de la b\u00fasqueda<\/h3>\n\t\t\t\t\t\t\t\t\t\t \/ <span id=\"tourinsoft-nb-results\"><span id=\"nb_results\">146<\/span> resultado(s)<\/span>\t\t\t\t<\/div>\n\t\t\t\t\n\t\t\t\t\n\t\t\t\t\t\t\t\t<div class=\"wp-block-buttons wp-block-buttons-is-layout-flex\" id=\"short-filters\">\n\t\t\t\t\t<div class=\"wp-block-button\">\n\t\t\t\t\t\t<a class=\"wp-block-button__link short-filter \" href=\"#\" id=\"filter-durable\" data-related=\"tis_tagqualification\" data-value=\"D\u00e9veloppement durable\" data-type=\"tag\"><img decoding=\"async\" src=\"https:\/\/www.anglet-tourisme.com\/wp-content\/plugins\/tourinsoft-syndication\/assets\/images\/icon-durable.svg\" title=\"D\u00e9veloppement durable\" alt=\"D\u00e9veloppement durable\" \/>Durable<\/a>\n\t\t\t\t\t<\/div>\n\t\t\t\t<\/div>\n\t\t\t\t\t\t\t\t\n\t\t\t\t<!--<a href=\"#\" id=\"display-filters\" onclick=\"gtag('event','clic_filtre_listing',{'event_category':'Prospect','event_label':''});\">-->\n\t\t\t\t\t\t\t\t<div class=\"filters-container\">\n\t\t\t\t\t<a href=\"#\" id=\"display-filters\">\n\t\t\t\t\t\tFiltros\t\t\t\t\t\t<span id=\"nb_filters\">0<\/span>\n\t\t\t\t\t<\/a>\n\t\t\t\t\t\t\t\t\t\t\t<div id=\"filter-title\">\n\t\t\t\t\t\t\t<input type=\"search\" form=\"list-searchform\" name=\"tis_title\" value=\"\" placeholder=\"Denominaci\u00f3n de la oferta\" \/>\n\t\t\t\t\t\t\t<button type=\"submit\" form=\"list-searchform\"><img decoding=\"async\" src=\"https:\/\/www.anglet-tourisme.com\/wp-content\/plugins\/tourinsoft-syndication\/assets\/images\/icon-search.svg\" alt=\"Buscar en\" title=\"Buscar en\" \/><\/button>\n\t\t\t\t\t\t<\/div>\n\t\t\t\t\t\t\t\t\t\t\t\n\t\t\t\t\t<div class=\"wp-block-buttons wp-block-buttons-is-layout-flex filters-list\">\n\t\t\t\t\t\t\t\t\t\t<\/div>\n\t\t\t\t<\/div>\t\n\t\t\t\t\t\t\t<\/div>\n\t\t\t\t\t\t<div id=\"tourinsoft-result-container\" >\n\t\t\t\n\t\t\t\t\t\t\t\t<div id=\"js-marker-result\" class=\"grid-mode\" >\n\t\t\t\t\t\n\t\t\t\t\t<article class=\"js-marker tourinsoft-item tis-box \" id=\"marker-ASCAQU064FS00001\" data-lat=\"43.506\" data-lng=\"-1.52356\" data-title=\"Club Hippique de la C\u00f4te Basque\">\n\t<a href=\"https:\/\/www.anglet-tourisme.com\/es\/en-movimiento-en-anglet\/actividades\/anglet\/ASCAQU064FS00001-club-hippique-de-la-cote-basque\/\" class=\"trk_visit_single\">\n\t\t<div class=\"tis-item-cover \">\n\t\t\t\t\t\t\t\t\t<img decoding=\"async\" src=\"https:\/\/www.anglet-tourisme.com\/wp-content\/uploads\/tis\/club-hippique-CB-Dario-Tonini-01.jpg\" title=\"Club Hippique de la C\u00f4te Basque\" alt=\"Club Hippique de la C\u00f4te Basque\" loading=\"lazy\" \/>\n\t\t\t\t\t\t\t\t<div class=\"tis-item-label-container\">\n\t\t\t\t\t\t\t\t\t<!--<span class=\"tis-item-handicap\"><img decoding=\"async\" src=\"https:\/\/www.anglet-tourisme.com\/wp-content\/plugins\/tourinsoft-syndication\/assets\/images\/icon-handicap.svg\" title=\"\" alt=\"\" \/><\/span>-->\n\t\t\t\t\t\t\t\t\t\t\t<\/div>\n\t\t\t\t\t\t<div class=\"tis-item-online-booking\">\n\t\t\t\t<span>Reservas en l\u00ednea<\/span>\n\t\t\t<\/div>\n\t\t\t\t\t<\/div>\n\t\t\n\t\t\n\t\t\n\t\t<h3>\t\t\tClub Hippique de la C\u00f4te Basque\t\t<\/h3>\n\t\t\t<\/a>\n\t\n\t\t\t\t\t\t<div class=\"tis-item-tags\">\n\t\t\t\t\t\t\t\t<span class=\"tis-item-tag\">Equitation<\/span>\n\t\t\t\t\t\t\t<\/div>\n\t\t\t\t\n\t<p>A cinco minutos de las playas y al borde del bosque de Chiberta, el Club H\u00edpico de la Costa Vasca acoge desde hace m\u00e1s de 60 a\u00f1os a jinetes de todos los&hellip;<\/p>\t\n\t<strong class=\"tis-box-city\">ANGLET<\/strong>\t\n\t<div class=\"wp-block-button is-style-outline\">\n\t\t<a href=\"https:\/\/www.anglet-tourisme.com\/es\/en-movimiento-en-anglet\/actividades\/anglet\/ASCAQU064FS00001-club-hippique-de-la-cote-basque\/\" class=\"trk_visit_single wp-block-button__link has-dark-color has-white-background-color \">Ver m\u00e1s<\/a>\n\t<\/div>\n\t\n<\/article>\t<article class=\"js-marker tourinsoft-item tis-box \" id=\"marker-ASCAQU064FS0006J\" data-lat=\"43.4893\" data-lng=\"-1.51131\" data-title=\"Anglet Olympique Tennis Club\">\n\t<a href=\"https:\/\/www.anglet-tourisme.com\/es\/en-movimiento-en-anglet\/actividades\/anglet\/ASCAQU064FS0006J-anglet-olympique-tennis-club\/\" class=\"trk_visit_single\">\n\t\t<div class=\"tis-item-cover \">\n\t\t\t\t\t\t\t\t\t<img decoding=\"async\" src=\"https:\/\/www.anglet-tourisme.com\/wp-content\/uploads\/tis\/anglet-olympique-tennis-01.jpg\" title=\"Anglet Olympique Tennis Club\" alt=\"Anglet Olympique Tennis Club\" loading=\"lazy\" \/>\n\t\t\t\t\t\t\t\t<div class=\"tis-item-label-container\">\n\t\t\t\t\t\t\t\t\t<!--<span class=\"tis-item-handicap\"><img decoding=\"async\" src=\"https:\/\/www.anglet-tourisme.com\/wp-content\/plugins\/tourinsoft-syndication\/assets\/images\/icon-handicap.svg\" title=\"\" alt=\"\" \/><\/span>-->\n\t\t\t\t\t\t\t\t\t\t\t<\/div>\n\t\t\t\t\t\t<div class=\"tis-item-online-booking\">\n\t\t\t\t<span>Reservas en l\u00ednea<\/span>\n\t\t\t<\/div>\n\t\t\t\t\t<\/div>\n\t\t\n\t\t\n\t\t\n\t\t<h3>\t\t\tAnglet Olympique Tennis Club\t\t<\/h3>\n\t\t\t<\/a>\n\t\n\t\t\t\t\t\t<div class=\"tis-item-tags\">\n\t\t\t\t\t\t\t\t<span class=\"tis-item-tag\">Tennis<\/span>\n\t\t\t\t\t\t\t<\/div>\n\t\t\t\t\n\t<p>7 pistas de hierba y 2 pistas cubiertas de resina.<\/p>\t\n\t<strong class=\"tis-box-city\">ANGLET<\/strong>\t\n\t<div class=\"wp-block-button is-style-outline\">\n\t\t<a href=\"https:\/\/www.anglet-tourisme.com\/es\/en-movimiento-en-anglet\/actividades\/anglet\/ASCAQU064FS0006J-anglet-olympique-tennis-club\/\" class=\"trk_visit_single wp-block-button__link has-dark-color has-white-background-color \">Ver m\u00e1s<\/a>\n\t<\/div>\n\t\n<\/article>\t<article class=\"js-marker tourinsoft-item tis-box \" id=\"marker-ASCAQU064FS0009P\" data-lat=\"43.511\" data-lng=\"-1.53393\" data-title=\"Madrague Surf School\">\n\t<a href=\"https:\/\/www.anglet-tourisme.com\/es\/en-movimiento-en-anglet\/actividades\/anglet\/ASCAQU064FS0009P-madrague-surf-school\/\" class=\"trk_visit_single\">\n\t\t<div class=\"tis-item-cover \">\n\t\t\t\t\t\t\t\t\t<img decoding=\"async\" src=\"https:\/\/www.anglet-tourisme.com\/wp-content\/uploads\/tis\/MSC-08.jpg\" title=\"Madrague Surf School\" alt=\"Madrague Surf School\" loading=\"lazy\" \/>\n\t\t\t\t\t\t\t\t<div class=\"tis-item-label-container\">\n\t\t\t\t\t\t\t\t\t<!--<span class=\"tis-item-handicap\"><img decoding=\"async\" src=\"https:\/\/www.anglet-tourisme.com\/wp-content\/plugins\/tourinsoft-syndication\/assets\/images\/icon-handicap.svg\" title=\"\" alt=\"\" \/><\/span>-->\n\t\t\t\t\t\t\t\t\t\t\t<\/div>\n\t\t\t\t\t\t<div class=\"tis-item-online-booking\">\n\t\t\t\t<span>Reservas en l\u00ednea<\/span>\n\t\t\t<\/div>\n\t\t\t\t\t<\/div>\n\t\t\n\t\t\n\t\t\n\t\t<h3>\t\t\tMadrague Surf School\t\t<\/h3>\n\t\t\t<\/a>\n\t\n\t\t\t\t\t\t<div class=\"tis-item-tags\">\n\t\t\t\t\t\t\t\t<span class=\"tis-item-tag\">Bodyboard<\/span>\n\t\t\t\t\t\t\t\t<span class=\"tis-item-tag\">Stand-up-paddle-board<\/span>\n\t\t\t\t\t\t\t\t<span class=\"tis-item-tag\">Surf<\/span>\n\t\t\t\t\t\t\t<\/div>\n\t\t\t\t\n\t<p>Escuela francesa de Surf. Lugares de pr\u00e1ctica: Playas de la Madrague, Corsaires y L\u2019Oc\u00e9an. Alquiler de material (tablas y combinaciones).<\/p>\t\n\t<strong class=\"tis-box-city\">ANGLET<\/strong>\t\n\t<div class=\"wp-block-button is-style-outline\">\n\t\t<a href=\"https:\/\/www.anglet-tourisme.com\/es\/en-movimiento-en-anglet\/actividades\/anglet\/ASCAQU064FS0009P-madrague-surf-school\/\" class=\"trk_visit_single wp-block-button__link has-dark-color has-white-background-color \">Ver m\u00e1s<\/a>\n\t<\/div>\n\t\n<\/article>\t<article class=\"js-marker tourinsoft-item tis-box \" id=\"marker-ASCAQU064FS0009Q\" data-lat=\"43.4974\" data-lng=\"-1.54427\" data-title=\"Ecole de Surf Rainbow\">\n\t<a href=\"https:\/\/www.anglet-tourisme.com\/es\/en-movimiento-en-anglet\/actividades\/anglet\/ASCAQU064FS0009Q-ecole-de-surf-rainbow\/\" class=\"trk_visit_single\">\n\t\t<div class=\"tis-item-cover \">\n\t\t\t\t\t\t\t\t\t<img decoding=\"async\" src=\"https:\/\/www.anglet-tourisme.com\/wp-content\/uploads\/tis\/Rainbow-Surf-School-01.jpg\" title=\"Ecole de Surf Rainbow\" alt=\"Ecole de Surf Rainbow\" loading=\"lazy\" \/>\n\t\t\t\t\t\t\t\t<div class=\"tis-item-label-container\">\n\t\t\t\t\t\t\t\t\t<!--<span class=\"tis-item-handicap\"><img decoding=\"async\" src=\"https:\/\/www.anglet-tourisme.com\/wp-content\/plugins\/tourinsoft-syndication\/assets\/images\/icon-handicap.svg\" title=\"\" alt=\"\" \/><\/span>-->\n\t\t\t\t\t\t\t\t\t\t\t<\/div>\n\t\t\t\t\t\t<div class=\"tis-item-online-booking\">\n\t\t\t\t<span>Reservas en l\u00ednea<\/span>\n\t\t\t<\/div>\n\t\t\t\t\t<\/div>\n\t\t\n\t\t\n\t\t\n\t\t<h3>\t\t\tEcole de Surf Rainbow\t\t<\/h3>\n\t\t\t<\/a>\n\t\n\t\t\t\t\t\t<div class=\"tis-item-tags\">\n\t\t\t\t\t\t\t\t<span class=\"tis-item-tag\">Bodyboard<\/span>\n\t\t\t\t\t\t\t\t<span class=\"tis-item-tag\">Stand-up-paddle-board<\/span>\n\t\t\t\t\t\t\t\t<span class=\"tis-item-tag\">Surf<\/span>\n\t\t\t\t\t\t\t<\/div>\n\t\t\t\t\n\t<p>La escuela de surf Rainbow est\u00e1 situada en la playa de VVF en Anglet, frente al mar. Tiene m\u00e1s de 25 a\u00f1os de antig\u00fcedad y experiencia y aprovecha un marco ideal. Le&hellip;<\/p>\t\n\t<strong class=\"tis-box-city\">ANGLET<\/strong>\t\n\t<div class=\"wp-block-button is-style-outline\">\n\t\t<a href=\"https:\/\/www.anglet-tourisme.com\/es\/en-movimiento-en-anglet\/actividades\/anglet\/ASCAQU064FS0009Q-ecole-de-surf-rainbow\/\" class=\"trk_visit_single wp-block-button__link has-dark-color has-white-background-color \">Ver m\u00e1s<\/a>\n\t<\/div>\n\t\n<\/article>\t<article class=\"js-marker tourinsoft-item tis-box \" id=\"marker-ASCAQU064FS000E1\" data-lat=\"43.5246\" data-lng=\"-1.50402\" data-title=\"Jet Sport 64\">\n\t<a href=\"https:\/\/www.anglet-tourisme.com\/es\/en-movimiento-en-anglet\/actividades\/anglet\/ASCAQU064FS000E1-jet-sport-64\/\" class=\"trk_visit_single\">\n\t\t<div class=\"tis-item-cover \">\n\t\t\t\t\t\t\t\t\t<img decoding=\"async\" src=\"https:\/\/www.anglet-tourisme.com\/wp-content\/uploads\/tis\/Sport-Jet-64---Anglet-Tourisme-Anglet--RIB5585-RiBLANC.jpg\" title=\"Jet Sport 64\" alt=\"Jet Sport 64\" loading=\"lazy\" \/>\n\t\t\t\t\t\t\t\t<div class=\"tis-item-label-container\">\n\t\t\t\t\t\t\t\t\t<!--<span class=\"tis-item-handicap\"><img decoding=\"async\" src=\"https:\/\/www.anglet-tourisme.com\/wp-content\/plugins\/tourinsoft-syndication\/assets\/images\/icon-handicap.svg\" title=\"\" alt=\"\" \/><\/span>-->\n\t\t\t\t\t\t\t\t\t\t\t<\/div>\n\t\t\t\t\t\t<div class=\"tis-item-online-booking\">\n\t\t\t\t<span>Reservas en l\u00ednea<\/span>\n\t\t\t<\/div>\n\t\t\t\t\t<\/div>\n\t\t\n\t\t\n\t\t\n\t\t<h3>\t\t\tJet Sport 64\t\t<\/h3>\n\t\t\t<\/a>\n\t\n\t\t\t\t\t\t<div class=\"tis-item-tags\">\n\t\t\t\t\t\t\t\t<span class=\"tis-item-tag\">Jet-ski<\/span>\n\t\t\t\t\t\t\t\t<span class=\"tis-item-tag\">Scooter de mer<\/span>\n\t\t\t\t\t\t\t<\/div>\n\t\t\t\t\n\t<p>Para descubrir la Costa Vasca, pilotee su jet, tambi\u00e9n sin permiso, acompa\u00f1ado de un monitor (a partir de los 16 a\u00f1os). Variada selecci\u00f3n de excursiones, con o sin permiso, por el mar&hellip;<\/p>\t\n\t<strong class=\"tis-box-city\">ANGLET<\/strong>\t\n\t<div class=\"wp-block-button is-style-outline\">\n\t\t<a href=\"https:\/\/www.anglet-tourisme.com\/es\/en-movimiento-en-anglet\/actividades\/anglet\/ASCAQU064FS000E1-jet-sport-64\/\" class=\"trk_visit_single wp-block-button__link has-dark-color has-white-background-color \">Ver m\u00e1s<\/a>\n\t<\/div>\n\t\n<\/article>\t<article class=\"js-marker tourinsoft-item tis-box \" id=\"marker-ASCAQU064FS000FL\" data-lat=\"43.5203\" data-lng=\"-1.52638\" data-title=\"Ecole de Surf Gliss'Experience\">\n\t<a href=\"https:\/\/www.anglet-tourisme.com\/es\/en-movimiento-en-anglet\/actividades\/anglet\/ASCAQU064FS000FL-ecole-de-surf-glissexperience\/\" class=\"trk_visit_single\">\n\t\t<div class=\"tis-item-cover \">\n\t\t\t\t\t\t\t\t\t<img decoding=\"async\" src=\"https:\/\/www.anglet-tourisme.com\/wp-content\/uploads\/tis\/ecole-de-surf-2023---groupe-glissexperience.jpg\" title=\"Ecole de Surf Gliss'Experience\" alt=\"Ecole de Surf Gliss'Experience\" loading=\"lazy\" \/>\n\t\t\t\t\t\t\t\t<div class=\"tis-item-label-container\">\n\t\t\t\t\t\t\t\t\t<!--<span class=\"tis-item-handicap\"><img decoding=\"async\" src=\"https:\/\/www.anglet-tourisme.com\/wp-content\/plugins\/tourinsoft-syndication\/assets\/images\/icon-handicap.svg\" title=\"\" alt=\"\" \/><\/span>-->\n\t\t\t\t\t\t\t\t\t\t\t<\/div>\n\t\t\t\t\t\t<div class=\"tis-item-online-booking\">\n\t\t\t\t<span>Reservas en l\u00ednea<\/span>\n\t\t\t<\/div>\n\t\t\t\t\t<\/div>\n\t\t\n\t\t\n\t\t\n\t\t<h3>\t\t\tEcole de Surf Gliss&#8217;Experience\t\t<\/h3>\n\t\t\t<\/a>\n\t\n\t\t\t\t\t\t<div class=\"tis-item-tags\">\n\t\t\t\t\t\t\t\t<span class=\"tis-item-tag\">Bodyboard<\/span>\n\t\t\t\t\t\t\t\t<span class=\"tis-item-tag\">Stand-up-paddle-board<\/span>\n\t\t\t\t\t\t\t\t<span class=\"tis-item-tag\">Surf<\/span>\n\t\t\t\t\t\t\t<\/div>\n\t\t\t\t\n\t<p>Cursos de surf, cursillos de todos los niveles y campamento de surf en Anglet y Biarritz. Abierto de abril a noviembre. Lugar de pr\u00e1ctica: playa de Cavaliers (en temporada), sur de Landas&hellip;<\/p>\t\n\t<strong class=\"tis-box-city\">ANGLET<\/strong>\t\n\t<div class=\"wp-block-button is-style-outline\">\n\t\t<a href=\"https:\/\/www.anglet-tourisme.com\/es\/en-movimiento-en-anglet\/actividades\/anglet\/ASCAQU064FS000FL-ecole-de-surf-glissexperience\/\" class=\"trk_visit_single wp-block-button__link has-dark-color has-white-background-color \">Ver m\u00e1s<\/a>\n\t<\/div>\n\t\n<\/article>\t<article class=\"js-marker tourinsoft-item tis-box \" id=\"marker-ASCAQU064FS000ON\" data-lat=\"43.5197\" data-lng=\"-1.52683\" data-title=\"ES64 Anglet\">\n\t<a href=\"https:\/\/www.anglet-tourisme.com\/es\/en-movimiento-en-anglet\/actividades\/anglet\/ASCAQU064FS000ON-es64-anglet\/\" class=\"trk_visit_single\">\n\t\t<div class=\"tis-item-cover \">\n\t\t\t\t\t\t\t\t\t<img decoding=\"async\" src=\"https:\/\/www.anglet-tourisme.com\/wp-content\/uploads\/tis\/ES64-ANGLET.jpg\" title=\"ES64 Anglet\" alt=\"ES64 Anglet\" loading=\"lazy\" \/>\n\t\t\t\t\t\t\t\t<div class=\"tis-item-label-container\">\n\t\t\t\t\t\t\t\t\t<!--<span class=\"tis-item-handicap\"><img decoding=\"async\" src=\"https:\/\/www.anglet-tourisme.com\/wp-content\/plugins\/tourinsoft-syndication\/assets\/images\/icon-handicap.svg\" title=\"\" alt=\"\" \/><\/span>-->\n\t\t\t\t\t\t\t\t\t\t\t<\/div>\n\t\t\t\t\t\t<div class=\"tis-item-online-booking\">\n\t\t\t\t<span>Reservas en l\u00ednea<\/span>\n\t\t\t<\/div>\n\t\t\t\t\t<\/div>\n\t\t\n\t\t\n\t\t\n\t\t<h3>\t\t\tES64 Anglet\t\t<\/h3>\n\t\t\t<\/a>\n\t\n\t\t\t\t\t\t<div class=\"tis-item-tags\">\n\t\t\t\t\t\t\t\t<span class=\"tis-item-tag\">Surf<\/span>\n\t\t\t\t\t\t\t<\/div>\n\t\t\t\t\n\t<p>Cursos colectivos y particulares, cursillos entre semana y en fin de semana, y alquiler de material.<\/p>\t\n\t<strong class=\"tis-box-city\">ANGLET<\/strong>\t\n\t<div class=\"wp-block-button is-style-outline\">\n\t\t<a href=\"https:\/\/www.anglet-tourisme.com\/es\/en-movimiento-en-anglet\/actividades\/anglet\/ASCAQU064FS000ON-es64-anglet\/\" class=\"trk_visit_single wp-block-button__link has-dark-color has-white-background-color \">Ver m\u00e1s<\/a>\n\t<\/div>\n\t\n<\/article>\t<article class=\"js-marker tourinsoft-item tis-box \" id=\"marker-ASCAQU064V507ZFG\" data-lat=\"43.4983\" data-lng=\"-1.53731\" data-title=\"SOFI 64 - Ecole de Fran\u00e7ais\">\n\t<a href=\"https:\/\/www.anglet-tourisme.com\/es\/en-movimiento-en-anglet\/actividades\/anglet\/ASCAQU064V507ZFG-sofi-64-ecole-de-francais\/\" class=\"trk_visit_single\">\n\t\t<div class=\"tis-item-cover \">\n\t\t\t\t\t\t\t\t\t<img decoding=\"async\" src=\"https:\/\/www.anglet-tourisme.com\/wp-content\/uploads\/tis\/sofi64-logo.jpg\" title=\"SOFI 64 - Ecole de Fran\u00e7ais\" alt=\"SOFI 64 - Ecole de Fran\u00e7ais\" loading=\"lazy\" \/>\n\t\t\t\t\t\t\t\t<div class=\"tis-item-label-container\">\n\t\t\t\t\t\t\t\t\t<!--<span class=\"tis-item-handicap\"><img decoding=\"async\" src=\"https:\/\/www.anglet-tourisme.com\/wp-content\/plugins\/tourinsoft-syndication\/assets\/images\/icon-handicap.svg\" title=\"\" alt=\"\" \/><\/span>-->\n\t\t\t\t\t\t\t\t\t\t\t<\/div>\n\t\t\t\t\t\t<div class=\"tis-item-online-booking\">\n\t\t\t\t<span>Reservas en l\u00ednea<\/span>\n\t\t\t<\/div>\n\t\t\t\t\t<\/div>\n\t\t\n\t\t\n\t\t\n\t\t<h3>\t\t\tSOFI 64 &#8211; Ecole de Fran\u00e7ais\t\t<\/h3>\n\t\t\t<\/a>\n\t\n\t\t\t\t\t\t<div class=\"tis-item-tags\">\n\t\t\t\t\t\t\t\t<span class=\"tis-item-tag\">Cours de langue<\/span>\n\t\t\t\t\t\t\t<\/div>\n\t\t\t\t\n\t<p>Nuestra escuela de franc\u00e9s SOFI 64 le da la bienvenida en un entorno privilegiado de la Costa Vasca, a dos pasos de las playas de Anglet. Nuestros locales cuentan con 5 aulas&hellip;<\/p>\t\n\t<strong class=\"tis-box-city\">ANGLET<\/strong>\t\n\t<div class=\"wp-block-button is-style-outline\">\n\t\t<a href=\"https:\/\/www.anglet-tourisme.com\/es\/en-movimiento-en-anglet\/actividades\/anglet\/ASCAQU064V507ZFG-sofi-64-ecole-de-francais\/\" class=\"trk_visit_single wp-block-button__link has-dark-color has-white-background-color \">Ver m\u00e1s<\/a>\n\t<\/div>\n\t\n<\/article>\t<article class=\"js-marker tourinsoft-item tis-box \" id=\"marker-ASCAQU064V5082T4\" data-lat=\"43.5242\" data-lng=\"-1.50421\" data-title=\"Joe Bike Anglet\">\n\t<a href=\"https:\/\/www.anglet-tourisme.com\/es\/en-movimiento-en-anglet\/actividades\/anglet\/ASCAQU064V5082T4-joe-bike-anglet\/\" class=\"trk_visit_single\">\n\t\t<div class=\"tis-item-cover \">\n\t\t\t\t\t\t\t\t\t<img decoding=\"async\" src=\"https:\/\/www.anglet-tourisme.com\/wp-content\/uploads\/tis\/Joe-Bike-by-Les-Roues-de-Lilou.jpg\" title=\"Joe Bike Anglet\" alt=\"Joe Bike Anglet\" loading=\"lazy\" \/>\n\t\t\t\t\t\t\t\t<div class=\"tis-item-label-container\">\n\t\t\t\t\t\t\t\t\t<!--<span class=\"tis-item-handicap\"><img decoding=\"async\" src=\"https:\/\/www.anglet-tourisme.com\/wp-content\/plugins\/tourinsoft-syndication\/assets\/images\/icon-handicap.svg\" title=\"\" alt=\"\" \/><\/span>-->\n\t\t\t\t\t\t\t\t\t\t\t<\/div>\n\t\t\t\t\t\t<div class=\"tis-item-online-booking\">\n\t\t\t\t<span>Reservas en l\u00ednea<\/span>\n\t\t\t<\/div>\n\t\t\t\t\t<\/div>\n\t\t\n\t\t\n\t\t\n\t\t<h3>\t\t\tJoe Bike Anglet\t\t<\/h3>\n\t\t\t<\/a>\n\t\n\t\t\t\t\t\t<div class=\"tis-item-tags\">\n\t\t\t\t\t\t\t\t<span class=\"tis-item-tag\">Cyclotourisme<\/span>\n\t\t\t\t\t\t\t\t<span class=\"tis-item-tag\">V\u00e9lo \u00e9lectrique<\/span>\n\t\t\t\t\t\t\t\t<span class=\"tis-item-tag\">VTT<\/span>\n\t\t\t\t\t\t\t<\/div>\n\t\t\t\t\n\t<p>Joe Bike by Les Roues de Lilou le propone una amplia gama de bicicletas, cl\u00e1sicas o el\u00e9ctricas, para desplazarse y descubrir el Pa\u00eds Vasco. Bicicletas de monta\u00f1a, bicicletas para ni\u00f1os, sillas para&hellip;<\/p>\t\n\t<strong class=\"tis-box-city\">ANGLET<\/strong>\t\n\t<div class=\"wp-block-button is-style-outline\">\n\t\t<a href=\"https:\/\/www.anglet-tourisme.com\/es\/en-movimiento-en-anglet\/actividades\/anglet\/ASCAQU064V5082T4-joe-bike-anglet\/\" class=\"trk_visit_single wp-block-button__link has-dark-color has-white-background-color \">Ver m\u00e1s<\/a>\n\t<\/div>\n\t\n<\/article>\t<article class=\"js-marker tourinsoft-item tis-box \" id=\"marker-ASCAQU064V57M75T\" data-lat=\"43.4831\" data-lng=\"-1.50614\" data-title=\"Laser Game Evolution\">\n\t<a href=\"https:\/\/www.anglet-tourisme.com\/es\/en-movimiento-en-anglet\/actividades\/anglet\/ASCAQU064V57M75T-laser-game-evolution\/\" class=\"trk_visit_single\">\n\t\t<div class=\"tis-item-cover \">\n\t\t\t\t\t\t\t\t\t<img decoding=\"async\" src=\"https:\/\/www.anglet-tourisme.com\/wp-content\/uploads\/tis\/lazer-game-evolution-05.jpg\" title=\"Laser Game Evolution\" alt=\"Laser Game Evolution\" loading=\"lazy\" \/>\n\t\t\t\t\t\t\t\t<div class=\"tis-item-label-container\">\n\t\t\t\t\t\t\t\t\t<!--<span class=\"tis-item-handicap\"><img decoding=\"async\" src=\"https:\/\/www.anglet-tourisme.com\/wp-content\/plugins\/tourinsoft-syndication\/assets\/images\/icon-handicap.svg\" title=\"\" alt=\"\" \/><\/span>-->\n\t\t\t\t\t\t\t\t\t\t\t<\/div>\n\t\t\t\t\t\t<div class=\"tis-item-online-booking\">\n\t\t\t\t<span>Reservas en l\u00ednea<\/span>\n\t\t\t<\/div>\n\t\t\t\t\t<\/div>\n\t\t\n\t\t\n\t\t\n\t\t<h3>\t\t\tLaser Game Evolution\t\t<\/h3>\n\t\t\t<\/a>\n\t\n\t\t\t\t\t\t<div class=\"tis-item-tags\">\n\t\t\t\t\t\t\t\t<span class=\"tis-item-tag\">Jeu de laser<\/span>\n\t\t\t\t\t\t\t<\/div>\n\t\t\t\t\n\t<p>Para ni\u00f1os a partir de 7 a\u00f1os, previa reserva. Ven a divertirte en nuestros 3 laberintos de 4 niveles con nuestro flamante equipamiento<\/p>\t\n\t<strong class=\"tis-box-city\">ANGLET<\/strong>\t\n\t<div class=\"wp-block-button is-style-outline\">\n\t\t<a href=\"https:\/\/www.anglet-tourisme.com\/es\/en-movimiento-en-anglet\/actividades\/anglet\/ASCAQU064V57M75T-laser-game-evolution\/\" class=\"trk_visit_single wp-block-button__link has-dark-color has-white-background-color \">Ver m\u00e1s<\/a>\n\t<\/div>\n\t\n<\/article>\t<article class=\"js-marker tourinsoft-item tis-box \" id=\"marker-ASCAQU064V5AQFAN\" data-lat=\"43.5141\" data-lng=\"-1.53069\" data-title=\"Guides de Bain Angloys : stage d'initiation\">\n\t<a href=\"https:\/\/www.anglet-tourisme.com\/es\/en-movimiento-en-anglet\/actividades\/anglet\/ASCAQU064V5AQFAN-guides-de-bain-angloys-stage-dinitiation\/\" class=\"trk_visit_single\">\n\t\t<div class=\"tis-item-cover \">\n\t\t\t\t\t\t\t\t\t<img decoding=\"async\" src=\"https:\/\/www.anglet-tourisme.com\/wp-content\/uploads\/tis\/guides-de-bain-angloys-01.jpg\" title=\"Guides de Bain Angloys : stage d'initiation\" alt=\"Guides de Bain Angloys : stage d'initiation\" loading=\"lazy\" \/>\n\t\t\t\t\t\t\t\t<div class=\"tis-item-label-container\">\n\t\t\t\t\t\t\t\t\t<!--<span class=\"tis-item-handicap\"><img decoding=\"async\" src=\"https:\/\/www.anglet-tourisme.com\/wp-content\/plugins\/tourinsoft-syndication\/assets\/images\/icon-handicap.svg\" title=\"\" alt=\"\" \/><\/span>-->\n\t\t\t\t\t\t\t\t\t\t\t<\/div>\n\t\t\t\t\t\t<div class=\"tis-item-online-booking\">\n\t\t\t\t<span>Reservas en l\u00ednea<\/span>\n\t\t\t<\/div>\n\t\t\t\t\t<\/div>\n\t\t\n\t\t\n\t\t\n\t\t<h3>\t\t\tGuides de Bain Angloys : stage d&#8217;initiation\t\t<\/h3>\n\t\t\t<\/a>\n\t\n\t\t\t\t\t\t<div class=\"tis-item-tags\">\n\t\t\t\t\t\t\t\t<span class=\"tis-item-tag\">Sauvetage c\u00f4tier<\/span>\n\t\t\t\t\t\t\t<\/div>\n\t\t\t\t\n\t<p>Club de salvamento y socorrismo costero, afiliado a la Federaci\u00f3n Francesa de Salvamento y Socorrismo y a la Federaci\u00f3n Francesa de Surf. Ofrece cursos de iniciaci\u00f3n y descubrimiento del salvamento y socorrismo&hellip;<\/p>\t\n\t<strong class=\"tis-box-city\">ANGLET<\/strong>\t\n\t<div class=\"wp-block-button is-style-outline\">\n\t\t<a href=\"https:\/\/www.anglet-tourisme.com\/es\/en-movimiento-en-anglet\/actividades\/anglet\/ASCAQU064V5AQFAN-guides-de-bain-angloys-stage-dinitiation\/\" class=\"trk_visit_single wp-block-button__link has-dark-color has-white-background-color \">Ver m\u00e1s<\/a>\n\t<\/div>\n\t\n<\/article>\t<article class=\"js-marker tourinsoft-item tis-box \" id=\"marker-ASCAQU064V5BBVTT\" data-lat=\"43.5101\" data-lng=\"-1.5346\" data-title=\"Power Surf Center\">\n\t<a href=\"https:\/\/www.anglet-tourisme.com\/es\/en-movimiento-en-anglet\/actividades\/anglet\/ASCAQU064V5BBVTT-power-surf-center\/\" class=\"trk_visit_single\">\n\t\t<div class=\"tis-item-cover \">\n\t\t\t\t\t\t\t\t\t<img decoding=\"async\" src=\"https:\/\/www.anglet-tourisme.com\/wp-content\/uploads\/tis\/power-surf-center-07.jpg\" title=\"Power Surf Center\" alt=\"Power Surf Center\" loading=\"lazy\" \/>\n\t\t\t\t\t\t\t\t<div class=\"tis-item-label-container\">\n\t\t\t\t\t\t\t\t\t<!--<span class=\"tis-item-handicap\"><img decoding=\"async\" src=\"https:\/\/www.anglet-tourisme.com\/wp-content\/plugins\/tourinsoft-syndication\/assets\/images\/icon-handicap.svg\" title=\"\" alt=\"\" \/><\/span>-->\n\t\t\t\t\t\t\t\t\t\t\t<\/div>\n\t\t\t\t\t\t<div class=\"tis-item-online-booking\">\n\t\t\t\t<span>Reservas en l\u00ednea<\/span>\n\t\t\t<\/div>\n\t\t\t\t\t<\/div>\n\t\t\n\t\t\n\t\t\n\t\t<h3>\t\t\tPower Surf Center\t\t<\/h3>\n\t\t\t<\/a>\n\t\n\t\t\t\t\t\t<div class=\"tis-item-tags\">\n\t\t\t\t\t\t\t\t<span class=\"tis-item-tag\">Stand-up-paddle-board<\/span>\n\t\t\t\t\t\t\t\t<span class=\"tis-item-tag\">Surf<\/span>\n\t\t\t\t\t\t\t<\/div>\n\t\t\t\t\n\t<p>Clases y alquiler de tablas (surf, bodyboard, paddle&#8230;). Clases colectivas en grupos reducidos. Clases particulares a la carta. Entrenadores medallistas para una ense\u00f1anza de calidad y de vanguardia. Entrenamiento en el agua,&hellip;<\/p>\t\n\t<strong class=\"tis-box-city\">ANGLET<\/strong>\t\n\t<div class=\"wp-block-button is-style-outline\">\n\t\t<a href=\"https:\/\/www.anglet-tourisme.com\/es\/en-movimiento-en-anglet\/actividades\/anglet\/ASCAQU064V5BBVTT-power-surf-center\/\" class=\"trk_visit_single wp-block-button__link has-dark-color has-white-background-color \">Ver m\u00e1s<\/a>\n\t<\/div>\n\t\n<\/article>\t<article class=\"js-marker tourinsoft-item tis-box \" id=\"marker-ASCAQU064V5BCNIS\" data-lat=\"43.5237\" data-lng=\"-1.50387\" data-title=\"Bicicletta la maison du cycle\">\n\t<a href=\"https:\/\/www.anglet-tourisme.com\/es\/en-movimiento-en-anglet\/actividades\/anglet\/ASCAQU064V5BCNIS-bicicletta-la-maison-du-cycle\/\" class=\"trk_visit_single\">\n\t\t<div class=\"tis-item-cover \">\n\t\t\t\t\t\t\t\t\t<img decoding=\"async\" src=\"https:\/\/www.anglet-tourisme.com\/wp-content\/uploads\/tis\/Bicicletta-3.jpg\" title=\"Bicicletta la maison du cycle\" alt=\"Bicicletta la maison du cycle\" loading=\"lazy\" \/>\n\t\t\t\t\t\t\t\t<div class=\"tis-item-label-container\">\n\t\t\t\t\t\t\t\t\t<!--<span class=\"tis-item-handicap\"><img decoding=\"async\" src=\"https:\/\/www.anglet-tourisme.com\/wp-content\/plugins\/tourinsoft-syndication\/assets\/images\/icon-handicap.svg\" title=\"\" alt=\"\" \/><\/span>-->\n\t\t\t\t\t\t\t\t\t\t\t<\/div>\n\t\t\t\t\t\t<div class=\"tis-item-online-booking\">\n\t\t\t\t<span>Reservas en l\u00ednea<\/span>\n\t\t\t<\/div>\n\t\t\t\t\t<\/div>\n\t\t\n\t\t\n\t\t\n\t\t<h3>\t\t\tBicicletta la maison du cycle\t\t<\/h3>\n\t\t\t<\/a>\n\t\n\t\t\t\t\t\t<div class=\"tis-item-tags\">\n\t\t\t\t\t\t\t\t<span class=\"tis-item-tag\">Cyclotourisme<\/span>\n\t\t\t\t\t\t\t\t<span class=\"tis-item-tag\">V\u00e9lo \u00e9lectrique<\/span>\n\t\t\t\t\t\t\t\t<span class=\"tis-item-tag\">VTT<\/span>\n\t\t\t\t\t\t\t<\/div>\n\t\t\t\t\n\t<p>\u00bfQuieres alquilar una bici por un d\u00eda, una semana o m\u00e1s? Idealmente situado en el puerto deportivo de Anglet, nuestro concept store le permite acceder r\u00e1pidamente a un circuito \u00fanico de carriles&hellip;<\/p>\t\n\t<strong class=\"tis-box-city\">ANGLET<\/strong>\t\n\t<div class=\"wp-block-button is-style-outline\">\n\t\t<a href=\"https:\/\/www.anglet-tourisme.com\/es\/en-movimiento-en-anglet\/actividades\/anglet\/ASCAQU064V5BCNIS-bicicletta-la-maison-du-cycle\/\" class=\"trk_visit_single wp-block-button__link has-dark-color has-white-background-color \">Ver m\u00e1s<\/a>\n\t<\/div>\n\t\n<\/article>\t<article class=\"js-marker tourinsoft-item tis-box \" id=\"marker-ASCAQU064V5BKTO6\" data-lat=\"43.4823\" data-lng=\"-1.52111\" data-title=\"Atelier nature avec Mendi, le jardin de tous\">\n\t<a href=\"https:\/\/www.anglet-tourisme.com\/es\/en-movimiento-en-anglet\/actividades\/anglet\/ASCAQU064V5BKTO6-atelier-nature-avec-mendi-le-jardin-de-tous\/\" class=\"trk_visit_single\">\n\t\t<div class=\"tis-item-cover \">\n\t\t\t\t\t\t\t\t\t<img decoding=\"async\" src=\"https:\/\/www.anglet-tourisme.com\/wp-content\/uploads\/tis\/Atelier-nature-Mendi-Dario-Tonini-11.jpg\" title=\"Atelier nature avec Mendi, le jardin de tous\" alt=\"Atelier nature avec Mendi, le jardin de tous\" loading=\"lazy\" \/>\n\t\t\t\t\t\t\t\t<div class=\"tis-item-label-container\">\n\t\t\t\t\t\t\t\t\t<!--<span class=\"tis-item-handicap\"><img decoding=\"async\" src=\"https:\/\/www.anglet-tourisme.com\/wp-content\/plugins\/tourinsoft-syndication\/assets\/images\/icon-handicap.svg\" title=\"\" alt=\"\" \/><\/span>-->\n\t\t\t\t\t\t\t\t\t\t\t<\/div>\n\t\t\t\t\t\t<div class=\"tis-item-online-booking\">\n\t\t\t\t<span>Reservas en l\u00ednea<\/span>\n\t\t\t<\/div>\n\t\t\t\t\t<\/div>\n\t\t\n\t\t\n\t\t\n\t\t<h3>\t\t\tAtelier nature avec Mendi, le jardin de tous\t\t<\/h3>\n\t\t\t<\/a>\n\t\n\t\t\t\t\t\t<div class=\"tis-item-tags\">\n\t\t\t\t\t\t\t\t<span class=\"tis-item-tag\">Botanique, jardin<\/span>\n\t\t\t\t\t\t\t<\/div>\n\t\t\t\t\n\t<p>Hemos redise\u00f1ado nuestra web de Anglet para acoger a todo tipo de visitantes y ayudarles a descubrir nuestra profesi\u00f3n de horticultores. Estamos desarrollando nuestra oferta de actividades de turismo de conocimiento (visitas&hellip;<\/p>\t\n\t<strong class=\"tis-box-city\">ANGLET<\/strong>\t\n\t<div class=\"wp-block-button is-style-outline\">\n\t\t<a href=\"https:\/\/www.anglet-tourisme.com\/es\/en-movimiento-en-anglet\/actividades\/anglet\/ASCAQU064V5BKTO6-atelier-nature-avec-mendi-le-jardin-de-tous\/\" class=\"trk_visit_single wp-block-button__link has-dark-color has-white-background-color \">Ver m\u00e1s<\/a>\n\t<\/div>\n\t\n<\/article>\t<article class=\"js-marker tourinsoft-item tis-box \" id=\"marker-ASCAQU064V5BKVQB\" data-lat=\"43.5228\" data-lng=\"-1.49693\" data-title=\"Ab\u2019s Boats Plaisance\">\n\t<a href=\"https:\/\/www.anglet-tourisme.com\/es\/en-movimiento-en-anglet\/actividades\/anglet\/ASCAQU064V5BKVQB-abs-boats-plaisance\/\" class=\"trk_visit_single\">\n\t\t<div class=\"tis-item-cover \">\n\t\t\t\t\t\t\t\t\t<img decoding=\"async\" src=\"https:\/\/www.anglet-tourisme.com\/wp-content\/uploads\/tis\/ABS-BOATS-PLAISANCE-03.jpg\" title=\"Ab\u2019s Boats Plaisance\" alt=\"Ab\u2019s Boats Plaisance\" loading=\"lazy\" \/>\n\t\t\t\t\t\t\t\t<div class=\"tis-item-label-container\">\n\t\t\t\t\t\t\t\t\t<!--<span class=\"tis-item-handicap\"><img decoding=\"async\" src=\"https:\/\/www.anglet-tourisme.com\/wp-content\/plugins\/tourinsoft-syndication\/assets\/images\/icon-handicap.svg\" title=\"\" alt=\"\" \/><\/span>-->\n\t\t\t\t\t\t\t\t\t\t\t<\/div>\n\t\t\t\t\t\t<div class=\"tis-item-online-booking\">\n\t\t\t\t<span>Reservas en l\u00ednea<\/span>\n\t\t\t<\/div>\n\t\t\t\t\t<\/div>\n\t\t\n\t\t\n\t\t\n\t\t<h3>\t\t\tAb\u2019s Boats Plaisance\t\t<\/h3>\n\t\t\t<\/a>\n\t\n\t\t\t\t\t\t<div class=\"tis-item-tags\">\n\t\t\t\t\t\t\t\t<span class=\"tis-item-tag\">Motonautisme (bateau \u00e0 moteur)<\/span>\n\t\t\t\t\t\t\t<\/div>\n\t\t\t\t\n\t<p>Excursiones mar\u00edtimas privadas de Anglet a San Juan de Luz de medio d\u00eda o de Anglet a Hendaya de un d\u00eda completo. Le ofrecemos la posibilidad de visitar la magn\u00edfica Costa Vasca&hellip;<\/p>\t\n\t<strong class=\"tis-box-city\">ANGLET<\/strong>\t\n\t<div class=\"wp-block-button is-style-outline\">\n\t\t<a href=\"https:\/\/www.anglet-tourisme.com\/es\/en-movimiento-en-anglet\/actividades\/anglet\/ASCAQU064V5BKVQB-abs-boats-plaisance\/\" class=\"trk_visit_single wp-block-button__link has-dark-color has-white-background-color \">Ver m\u00e1s<\/a>\n\t<\/div>\n\t\n<\/article>\t<article class=\"js-marker tourinsoft-item tis-box \" id=\"marker-ASCAQU064V5BM511\" data-lat=\"43.5192\" data-lng=\"-1.49525\" data-title=\"Txiki Combi\">\n\t<a href=\"https:\/\/www.anglet-tourisme.com\/es\/en-movimiento-en-anglet\/actividades\/anglet\/ASCAQU064V5BM511-txiki-combi\/\" class=\"trk_visit_single\">\n\t\t<div class=\"tis-item-cover \">\n\t\t\t\t\t\t\t\t\t<img decoding=\"async\" src=\"https:\/\/www.anglet-tourisme.com\/wp-content\/uploads\/tis\/Txiki-Combi-02.jpg\" title=\"Txiki Combi\" alt=\"Txiki Combi\" loading=\"lazy\" \/>\n\t\t\t\t\t\t\t\t<div class=\"tis-item-label-container\">\n\t\t\t\t\t\t\t\t\t<!--<span class=\"tis-item-handicap\"><img decoding=\"async\" src=\"https:\/\/www.anglet-tourisme.com\/wp-content\/plugins\/tourinsoft-syndication\/assets\/images\/icon-handicap.svg\" title=\"\" alt=\"\" \/><\/span>-->\n\t\t\t\t\t\t\t\t\t\t\t<\/div>\n\t\t\t\t\t\t<div class=\"tis-item-online-booking\">\n\t\t\t\t<span>Reservas en l\u00ednea<\/span>\n\t\t\t<\/div>\n\t\t\t\t\t<\/div>\n\t\t\n\t\t\n\t\t\n\t\t<h3>\t\t\tTxiki Combi\t\t<\/h3>\n\t\t\t<\/a>\n\t\n\t\t\t\t\t\t<div class=\"tis-item-tags\">\n\t\t\t\t\t\t\t\t<span class=\"tis-item-tag\">Patrimoine<\/span>\n\t\t\t\t\t\t\t<\/div>\n\t\t\t\t\n\t<p>\u00bfTe gustar\u00eda descubrir Anglet y el Pa\u00eds Vasco de una forma original, al son de los Beach Boys? Suba a bordo de Woody y Joe, aut\u00e9nticos Volkswagen Combis de los a\u00f1os 70&hellip;<\/p>\t\n\t<strong class=\"tis-box-city\">ANGLET<\/strong>\t\n\t<div class=\"wp-block-button is-style-outline\">\n\t\t<a href=\"https:\/\/www.anglet-tourisme.com\/es\/en-movimiento-en-anglet\/actividades\/anglet\/ASCAQU064V5BM511-txiki-combi\/\" class=\"trk_visit_single wp-block-button__link has-dark-color has-white-background-color \">Ver m\u00e1s<\/a>\n\t<\/div>\n\t\n<\/article>\t<article class=\"js-marker tourinsoft-item tis-box \" id=\"marker-ASCAQU064V5BTTB1\" data-lat=\"43.4996\" data-lng=\"-1.54325\" data-title=\"Anglet Surf Club\">\n\t<a href=\"https:\/\/www.anglet-tourisme.com\/es\/en-movimiento-en-anglet\/actividades\/anglet\/ASCAQU064V5BTTB1-anglet-surf-club\/\" class=\"trk_visit_single\">\n\t\t<div class=\"tis-item-cover \">\n\t\t\t\t\t\t\t\t\t<img decoding=\"async\" src=\"https:\/\/www.anglet-tourisme.com\/wp-content\/uploads\/tis\/Anglet-Surf-Club-04.jpg\" title=\"Anglet Surf Club\" alt=\"Anglet Surf Club\" loading=\"lazy\" \/>\n\t\t\t\t\t\t\t\t<div class=\"tis-item-label-container\">\n\t\t\t\t\t\t\t\t\t<!--<span class=\"tis-item-handicap\"><img decoding=\"async\" src=\"https:\/\/www.anglet-tourisme.com\/wp-content\/plugins\/tourinsoft-syndication\/assets\/images\/icon-handicap.svg\" title=\"\" alt=\"\" \/><\/span>-->\n\t\t\t\t\t\t\t\t\t\t\t<\/div>\n\t\t\t\t\t\t<div class=\"tis-item-online-booking\">\n\t\t\t\t<span>Reservas en l\u00ednea<\/span>\n\t\t\t<\/div>\n\t\t\t\t\t<\/div>\n\t\t\n\t\t\n\t\t\n\t\t<h3>\t\t\tAnglet Surf Club\t\t<\/h3>\n\t\t\t<\/a>\n\t\n\t\t\t\t\t\t<div class=\"tis-item-tags\">\n\t\t\t\t\t\t\t\t<span class=\"tis-item-tag\">Surf<\/span>\n\t\t\t\t\t\t\t<\/div>\n\t\t\t\t\n\t<p>Desde 1995, el Club de Surf de Anglet ofrece a los habitantes de Anglet la posibilidad de practicar surf durante todo el a\u00f1o en la costa vasca.<\/p>\t\n\t<strong class=\"tis-box-city\">ANGLET<\/strong>\t\n\t<div class=\"wp-block-button is-style-outline\">\n\t\t<a href=\"https:\/\/www.anglet-tourisme.com\/es\/en-movimiento-en-anglet\/actividades\/anglet\/ASCAQU064V5BTTB1-anglet-surf-club\/\" class=\"trk_visit_single wp-block-button__link has-dark-color has-white-background-color \">Ver m\u00e1s<\/a>\n\t<\/div>\n\t\n<\/article>\t<article class=\"js-marker tourinsoft-item tis-box \" id=\"marker-ASCAQU064V5BWL90\" data-lat=\"43.5228\" data-lng=\"-1.49693\" data-title=\"BaiBoat\">\n\t<a href=\"https:\/\/www.anglet-tourisme.com\/es\/en-movimiento-en-anglet\/actividades\/anglet\/ASCAQU064V5BWL90-baiboat\/\" class=\"trk_visit_single\">\n\t\t<div class=\"tis-item-cover \">\n\t\t\t\t\t\t\t\t\t<img decoding=\"async\" src=\"https:\/\/www.anglet-tourisme.com\/wp-content\/uploads\/tis\/BaiBoat-64---Anglet-Tourisme-Anglet-RIB-4013-RiBLANC.jpg\" title=\"BaiBoat\" alt=\"BaiBoat\" loading=\"lazy\" \/>\n\t\t\t\t\t\t\t\t<div class=\"tis-item-label-container\">\n\t\t\t\t\t\t\t\t\t<!--<span class=\"tis-item-handicap\"><img decoding=\"async\" src=\"https:\/\/www.anglet-tourisme.com\/wp-content\/plugins\/tourinsoft-syndication\/assets\/images\/icon-handicap.svg\" title=\"\" alt=\"\" \/><\/span>-->\n\t\t\t\t\t\t\t\t\t\t\t<\/div>\n\t\t\t\t\t\t<div class=\"tis-item-online-booking\">\n\t\t\t\t<span>Reservas en l\u00ednea<\/span>\n\t\t\t<\/div>\n\t\t\t\t\t<\/div>\n\t\t\n\t\t\n\t\t\n\t\t<h3>\t\t\tBaiBoat\t\t<\/h3>\n\t\t\t<\/a>\n\t\n\t\t\t\t\t\t<div class=\"tis-item-tags\">\n\t\t\t\t\t\t\t\t<span class=\"tis-item-tag\">Motonautisme (bateau \u00e0 moteur)<\/span>\n\t\t\t\t\t\t\t<\/div>\n\t\t\t\t\n\t<p>BaiBoat es una empresa de alquiler de barcos situada en Anglet, a orillas del r\u00edo Adour, en la desembocadura del oc\u00e9ano Atl\u00e1ntico. Creada por dos amigos, BaiBoat ofrece paseos en barco a&hellip;<\/p>\t\n\t<strong class=\"tis-box-city\">ANGLET<\/strong>\t\n\t<div class=\"wp-block-button is-style-outline\">\n\t\t<a href=\"https:\/\/www.anglet-tourisme.com\/es\/en-movimiento-en-anglet\/actividades\/anglet\/ASCAQU064V5BWL90-baiboat\/\" class=\"trk_visit_single wp-block-button__link has-dark-color has-white-background-color \">Ver m\u00e1s<\/a>\n\t<\/div>\n\t\n<\/article>\t<article class=\"js-marker tourinsoft-item tis-box \" id=\"marker-ASCAQU064V5C2IOA\" data-lat=\"43.5206\" data-lng=\"-1.50365\" data-title=\"L'atelier des Manuelles\">\n\t<a href=\"https:\/\/www.anglet-tourisme.com\/es\/en-movimiento-en-anglet\/actividades\/anglet\/ASCAQU064V5C2IOA-latelier-des-manuelles\/\" class=\"trk_visit_single\">\n\t\t<div class=\"tis-item-cover \">\n\t\t\t\t\t\t\t\t\t<img decoding=\"async\" src=\"https:\/\/www.anglet-tourisme.com\/wp-content\/uploads\/tis\/Laure-Estevez-2---Dario-Tonini.jpg\" title=\"L'atelier des Manuelles\" alt=\"L'atelier des Manuelles\" loading=\"lazy\" \/>\n\t\t\t\t\t\t\t\t<div class=\"tis-item-label-container\">\n\t\t\t\t\t\t\t\t\t<!--<span class=\"tis-item-handicap\"><img decoding=\"async\" src=\"https:\/\/www.anglet-tourisme.com\/wp-content\/plugins\/tourinsoft-syndication\/assets\/images\/icon-handicap.svg\" title=\"\" alt=\"\" \/><\/span>-->\n\t\t\t\t\t\t\t\t\t\t\t<\/div>\n\t\t\t\t\t\t<div class=\"tis-item-online-booking\">\n\t\t\t\t<span>Reservas en l\u00ednea<\/span>\n\t\t\t<\/div>\n\t\t\t\t\t<\/div>\n\t\t\n\t\t\n\t\t\n\t\t<h3>\t\t\tL&#8217;atelier des Manuelles\t\t<\/h3>\n\t\t\t<\/a>\n\t\n\t\t\t\t\t\t<div class=\"tis-item-tags\">\n\t\t\t\t\t\t\t\t<span class=\"tis-item-tag\">Poterie<\/span>\n\t\t\t\t\t\t\t<\/div>\n\t\t\t\t\n\t<p>En el taller de Laure Estevez, soliflores, jarrones y objetos cotidianos van m\u00e1s all\u00e1 de su funci\u00f3n primaria para convertirse en obras de arte por derecho propio. Trabajando en gres de alta&hellip;<\/p>\t\n\t<strong class=\"tis-box-city\">ANGLET<\/strong>\t\n\t<div class=\"wp-block-button is-style-outline\">\n\t\t<a href=\"https:\/\/www.anglet-tourisme.com\/es\/en-movimiento-en-anglet\/actividades\/anglet\/ASCAQU064V5C2IOA-latelier-des-manuelles\/\" class=\"trk_visit_single wp-block-button__link has-dark-color has-white-background-color \">Ver m\u00e1s<\/a>\n\t<\/div>\n\t\n<\/article>\t<article class=\"js-marker tourinsoft-item tis-box \" id=\"marker-ASCAQU064V5C2JVA\" data-lat=\"43.5154\" data-lng=\"-1.50145\" data-title=\"Torr\u00e9faction artisanale La Torref\u2019\">\n\t<a href=\"https:\/\/www.anglet-tourisme.com\/es\/en-movimiento-en-anglet\/actividades\/anglet\/ASCAQU064V5C2JVA-torrefaction-artisanale-la-torref\/\" class=\"trk_visit_single\">\n\t\t<div class=\"tis-item-cover \">\n\t\t\t\t\t\t\t\t\t<img decoding=\"async\" src=\"https:\/\/www.anglet-tourisme.com\/wp-content\/uploads\/tis\/La-Torref-1RIB0535-RiBLANC.jpg\" title=\"Torr\u00e9faction artisanale La Torref\u2019\" alt=\"Torr\u00e9faction artisanale La Torref\u2019\" loading=\"lazy\" \/>\n\t\t\t\t\t\t\t\t<div class=\"tis-item-label-container\">\n\t\t\t\t\t\t\t\t\t<!--<span class=\"tis-item-handicap\"><img decoding=\"async\" src=\"https:\/\/www.anglet-tourisme.com\/wp-content\/plugins\/tourinsoft-syndication\/assets\/images\/icon-handicap.svg\" title=\"\" alt=\"\" \/><\/span>-->\n\t\t\t\t\t\t\t\t\t\t\t<\/div>\n\t\t\t\t\t\t<div class=\"tis-item-online-booking\">\n\t\t\t\t<span>Reservas en l\u00ednea<\/span>\n\t\t\t<\/div>\n\t\t\t\t\t<\/div>\n\t\t\n\t\t\n\t\t\n\t\t<h3>\t\t\tTorr\u00e9faction artisanale La Torref\u2019\t\t<\/h3>\n\t\t\t<\/a>\n\t\n\t\t\t\t\t\t<div class=\"tis-item-tags\">\n\t\t\t\t\t\t\t\t<span class=\"tis-item-tag\">Savoir-faire artisanal<\/span>\n\t\t\t\t\t\t\t<\/div>\n\t\t\t\t\n\t<p>En La Torref&#8217;, preferimos saborear el caf\u00e9 cuando es excepcional, es decir, cuando tiene una trazabilidad impecable y se tuesta a mano in situ todos los d\u00edas. \u00bfTiene curiosidad por descubrir los&hellip;<\/p>\t\n\t<strong class=\"tis-box-city\">ANGLET<\/strong>\t\n\t<div class=\"wp-block-button is-style-outline\">\n\t\t<a href=\"https:\/\/www.anglet-tourisme.com\/es\/en-movimiento-en-anglet\/actividades\/anglet\/ASCAQU064V5C2JVA-torrefaction-artisanale-la-torref\/\" class=\"trk_visit_single wp-block-button__link has-dark-color has-white-background-color \">Ver m\u00e1s<\/a>\n\t<\/div>\n\t\n<\/article>\t<article class=\"js-marker tourinsoft-item tis-box \" id=\"marker-ASCAQU064V5C5G2H\" data-lat=\"43.5263\" data-lng=\"-1.52266\" data-title=\"Ecole de bodyboard Txiki Boogie\">\n\t<a href=\"https:\/\/www.anglet-tourisme.com\/es\/en-movimiento-en-anglet\/actividades\/anglet\/ASCAQU064V5C5G2H-ecole-de-bodyboard-txiki-boogie\/\" class=\"trk_visit_single\">\n\t\t<div class=\"tis-item-cover \">\n\t\t\t\t\t\t\t\t\t<img decoding=\"async\" src=\"https:\/\/www.anglet-tourisme.com\/wp-content\/uploads\/tis\/Txiki-boogie-logo.jpg\" title=\"Ecole de bodyboard Txiki Boogie\" alt=\"Ecole de bodyboard Txiki Boogie\" loading=\"lazy\" \/>\n\t\t\t\t\t\t\t\t<div class=\"tis-item-label-container\">\n\t\t\t\t\t\t\t\t\t<!--<span class=\"tis-item-handicap\"><img decoding=\"async\" src=\"https:\/\/www.anglet-tourisme.com\/wp-content\/plugins\/tourinsoft-syndication\/assets\/images\/icon-handicap.svg\" title=\"\" alt=\"\" \/><\/span>-->\n\t\t\t\t\t\t\t\t\t\t\t<\/div>\n\t\t\t\t\t\t<div class=\"tis-item-online-booking\">\n\t\t\t\t<span>Reservas en l\u00ednea<\/span>\n\t\t\t<\/div>\n\t\t\t\t\t<\/div>\n\t\t\n\t\t\n\t\t\n\t\t<h3>\t\t\tEcole de bodyboard Txiki Boogie\t\t<\/h3>\n\t\t\t<\/a>\n\t\n\t\t\t\t\t\t<div class=\"tis-item-tags\">\n\t\t\t\t\t\t\t\t<span class=\"tis-item-tag\">Bodyboard<\/span>\n\t\t\t\t\t\t\t<\/div>\n\t\t\t\t\n\t<p>Txiki Boogie es un centro exclusivo de bodyboard situado en el barrio de La Barre, en Anglet. Te damos la bienvenida todo el a\u00f1o y podemos ayudarte con lo que te propongas:&hellip;<\/p>\t\n\t<strong class=\"tis-box-city\">ANGLET<\/strong>\t\n\t<div class=\"wp-block-button is-style-outline\">\n\t\t<a href=\"https:\/\/www.anglet-tourisme.com\/es\/en-movimiento-en-anglet\/actividades\/anglet\/ASCAQU064V5C5G2H-ecole-de-bodyboard-txiki-boogie\/\" class=\"trk_visit_single wp-block-button__link has-dark-color has-white-background-color \">Ver m\u00e1s<\/a>\n\t<\/div>\n\t\n<\/article>\t<article class=\"js-marker tourinsoft-item tis-box \" id=\"marker-DEGAQU064V5BKQRR\" data-lat=\"43.4812\" data-lng=\"-1.53404\" data-title=\"Maison Pommiers\">\n\t<a href=\"https:\/\/www.anglet-tourisme.com\/es\/en-movimiento-en-anglet\/actividades\/anglet\/DEGAQU064V5BKQRR-maison-pommiers\/\" class=\"trk_visit_single\">\n\t\t<div class=\"tis-item-cover \">\n\t\t\t\t\t\t\t\t\t<img decoding=\"async\" src=\"https:\/\/www.anglet-tourisme.com\/wp-content\/uploads\/tis\/maison-pommiers-24.jpg\" title=\"Maison Pommiers\" alt=\"Maison Pommiers\" loading=\"lazy\" \/>\n\t\t\t\t\t\t\t\t<div class=\"tis-item-label-container\">\n\t\t\t\t\t\t\t\t\t<!--<span class=\"tis-item-handicap\"><img decoding=\"async\" src=\"https:\/\/www.anglet-tourisme.com\/wp-content\/plugins\/tourinsoft-syndication\/assets\/images\/icon-handicap.svg\" title=\"\" alt=\"\" \/><\/span>-->\n\t\t\t\t\t\t\t\t\t\t\t<\/div>\n\t\t\t\t\t\t<div class=\"tis-item-online-booking\">\n\t\t\t\t<span>Reservas en l\u00ednea<\/span>\n\t\t\t<\/div>\n\t\t\t\t\t<\/div>\n\t\t\n\t\t\n\t\t\n\t\t<h3>\t\t\tMaison Pommiers\t\t<\/h3>\n\t\t\t<\/a>\n\t\n\t\t\t\t\t\t<div class=\"tis-item-tags\">\n\t\t\t\t\t\t\t\t<span class=\"tis-item-tag\">P\u00e2tisserie \/ Biscuiterie<\/span>\n\t\t\t\t\t\t\t<\/div>\n\t\t\t\t\n\t<p>El pastel vasco, \u00a1un gran cl\u00e1sico! En todas las familias se guarda en secreto una receta, que se transmite y se guarda con cari\u00f1o. Pero en Anglet, una direcci\u00f3n destaca por su&hellip;<\/p>\t\n\t<strong class=\"tis-box-city\">ANGLET<\/strong>\t\n\t<div class=\"wp-block-button is-style-outline\">\n\t\t<a href=\"https:\/\/www.anglet-tourisme.com\/es\/en-movimiento-en-anglet\/actividades\/anglet\/DEGAQU064V5BKQRR-maison-pommiers\/\" class=\"trk_visit_single wp-block-button__link has-dark-color has-white-background-color \">Ver m\u00e1s<\/a>\n\t<\/div>\n\t\n<\/article>\t<article class=\"js-marker tourinsoft-item tis-box \" id=\"marker-DEGAQU064V5BVS5I\" data-lat=\"43.5001\" data-lng=\"-1.54293\" data-title=\"Artisan glacier Txomin\">\n\t<a href=\"https:\/\/www.anglet-tourisme.com\/es\/en-movimiento-en-anglet\/actividades\/anglet\/DEGAQU064V5BVS5I-artisan-glacier-txomin\/\" class=\"trk_visit_single\">\n\t\t<div class=\"tis-item-cover \">\n\t\t\t\t\t\t\t\t\t<img decoding=\"async\" src=\"https:\/\/www.anglet-tourisme.com\/wp-content\/uploads\/tis\/Txomin-Anglet-05.jpg\" title=\"Artisan glacier Txomin\" alt=\"Artisan glacier Txomin\" loading=\"lazy\" \/>\n\t\t\t\t\t\t\t\t<div class=\"tis-item-label-container\">\n\t\t\t\t\t\t\t\t\t<!--<span class=\"tis-item-handicap\"><img decoding=\"async\" src=\"https:\/\/www.anglet-tourisme.com\/wp-content\/plugins\/tourinsoft-syndication\/assets\/images\/icon-handicap.svg\" title=\"\" alt=\"\" \/><\/span>-->\n\t\t\t\t\t\t\t\t\t\t\t<\/div>\n\t\t\t\t\t<\/div>\n\t\t\n\t\t\n\t\t\n\t\t<h3>\t\t\tArtisan glacier Txomin\t\t<\/h3>\n\t\t\t<\/a>\n\t\n\t\t\t\t\t\t<div class=\"tis-item-tags\">\n\t\t\t\t\t\t\t\t<span class=\"tis-item-tag\">Glaces<\/span>\n\t\t\t\t\t\t\t\t<span class=\"tis-item-tag\">Glaces<\/span>\n\t\t\t\t\t\t\t<\/div>\n\t\t\t\t\n\t<p>Si te gustan los helados, te encantar\u00e1n los sorbetes y helados Txomin, elaborados con buena leche de vaca vasca de la granja Larrea de Urrugne, que ellos mismos pasteurizan en su laboratorio&hellip;<\/p>\t\n\t<strong class=\"tis-box-city\">ANGLET<\/strong>\t\n\t<div class=\"wp-block-button is-style-outline\">\n\t\t<a href=\"https:\/\/www.anglet-tourisme.com\/es\/en-movimiento-en-anglet\/actividades\/anglet\/DEGAQU064V5BVS5I-artisan-glacier-txomin\/\" class=\"trk_visit_single wp-block-button__link has-dark-color has-white-background-color \">Ver m\u00e1s<\/a>\n\t<\/div>\n\t\n<\/article>\t<article class=\"js-marker tourinsoft-item tis-box \" id=\"marker-DEGAQU064V5BVSCZ\" data-lat=\"43.4951\" data-lng=\"-1.53179\" data-title=\"Maison Gautier\">\n\t<a href=\"https:\/\/www.anglet-tourisme.com\/es\/en-movimiento-en-anglet\/actividades\/anglet\/DEGAQU064V5BVSCZ-maison-gautier\/\" class=\"trk_visit_single\">\n\t\t<div class=\"tis-item-cover \">\n\t\t\t\t\t\t\t\t\t<img decoding=\"async\" src=\"https:\/\/www.anglet-tourisme.com\/wp-content\/uploads\/tis\/maison-gautier-14.jpg\" title=\"Maison Gautier\" alt=\"Maison Gautier\" loading=\"lazy\" \/>\n\t\t\t\t\t\t\t\t<div class=\"tis-item-label-container\">\n\t\t\t\t\t\t\t\t\t<!--<span class=\"tis-item-handicap\"><img decoding=\"async\" src=\"https:\/\/www.anglet-tourisme.com\/wp-content\/plugins\/tourinsoft-syndication\/assets\/images\/icon-handicap.svg\" title=\"\" alt=\"\" \/><\/span>-->\n\t\t\t\t\t\t\t\t\t\t\t<\/div>\n\t\t\t\t\t<\/div>\n\t\t\n\t\t\n\t\t\n\t\t<h3>\t\t\tMaison Gautier\t\t<\/h3>\n\t\t\t<\/a>\n\t\n\t\t\t\t\t\t<div class=\"tis-item-tags\">\n\t\t\t\t\t\t\t\t<span class=\"tis-item-tag\">P\u00e2tisserie \/ Biscuiterie<\/span>\n\t\t\t\t\t\t\t<\/div>\n\t\t\t\t\n\t<p>Maison Gautier \u00abla cr\u00e8me de la cr\u00e8me\u00bb es una panader\u00eda y pasteler\u00eda situada en el barrio de Cinq Cantons. Todo est\u00e1 hecho en casa con amor.<\/p>\t\n\t<strong class=\"tis-box-city\">ANGLET<\/strong>\t\n\t<div class=\"wp-block-button is-style-outline\">\n\t\t<a href=\"https:\/\/www.anglet-tourisme.com\/es\/en-movimiento-en-anglet\/actividades\/anglet\/DEGAQU064V5BVSCZ-maison-gautier\/\" class=\"trk_visit_single wp-block-button__link has-dark-color has-white-background-color \">Ver m\u00e1s<\/a>\n\t<\/div>\n\t\n<\/article>\t<article class=\"js-marker tourinsoft-item tis-box \" id=\"marker-LOIAQU064FS0001J\" data-lat=\"43.5212\" data-lng=\"-1.52345\" data-title=\"Thalasso et Bien-\u00eatre \u00e0 Atlanthal\">\n\t<a href=\"https:\/\/www.anglet-tourisme.com\/es\/en-movimiento-en-anglet\/actividades\/anglet\/LOIAQU064FS0001J-thalasso-et-bien-etre-a-atlanthal\/\" class=\"trk_visit_single\">\n\t\t<div class=\"tis-item-cover \">\n\t\t\t\t\t\t\t\t\t<img decoding=\"async\" src=\"https:\/\/www.anglet-tourisme.com\/wp-content\/uploads\/tis\/atlanthal-eliophot-arsandaux-511-2.jpg\" title=\"Thalasso et Bien-\u00eatre \u00e0 Atlanthal\" alt=\"Thalasso et Bien-\u00eatre \u00e0 Atlanthal\" loading=\"lazy\" \/>\n\t\t\t\t\t\t\t\t<div class=\"tis-item-label-container\">\n\t\t\t\t\t\t\t\t\t<!--<span class=\"tis-item-handicap\"><img decoding=\"async\" src=\"https:\/\/www.anglet-tourisme.com\/wp-content\/plugins\/tourinsoft-syndication\/assets\/images\/icon-handicap.svg\" title=\"\" alt=\"\" \/><\/span>-->\n\t\t\t\t\t\t\t\t\t\t\t<\/div>\n\t\t\t\t\t\t<div class=\"tis-item-online-booking\">\n\t\t\t\t<span>Reservas en l\u00ednea<\/span>\n\t\t\t<\/div>\n\t\t\t\t\t<\/div>\n\t\t\n\t\t\n\t\t\n\t\t<h3>\t\t\tThalasso et Bien-\u00eatre \u00e0 Atlanthal\t\t<\/h3>\n\t\t\t<\/a>\n\t\n\t\t\t\t\t\t<div class=\"tis-item-tags\">\n\t\t\t\t\t\t\t\t<span class=\"tis-item-tag\">Bien-\u00eatre<\/span>\n\t\t\t\t\t\t\t\t<span class=\"tis-item-tag\">Salle de remise en forme<\/span>\n\t\t\t\t\t\t\t\t<span class=\"tis-item-tag\">Thalassoth\u00e9rapie<\/span>\n\t\t\t\t\t\t\t<\/div>\n\t\t\t\t\n\t<p>El Lagon: piscina de agua marina climatizada a 34\u00b0C con m\u00e1s de 350 m2 y con espacio interior y exterior. Chorros de masaje, camas de microburbujas, calles de nataci\u00f3n y recorridos a&hellip;<\/p>\t\n\t<strong class=\"tis-box-city\">ANGLET<\/strong>\t\n\t<div class=\"wp-block-button is-style-outline\">\n\t\t<a href=\"https:\/\/www.anglet-tourisme.com\/es\/en-movimiento-en-anglet\/actividades\/anglet\/LOIAQU064FS0001J-thalasso-et-bien-etre-a-atlanthal\/\" class=\"trk_visit_single wp-block-button__link has-dark-color has-white-background-color \">Ver m\u00e1s<\/a>\n\t<\/div>\n\t\n<\/article>\t<article class=\"js-marker tourinsoft-item tis-box \" id=\"marker-LOIAQU064V506CCL\" data-lat=\"43.5015\" data-lng=\"-1.49334\" data-title=\"Grenadine &#038; Crayonnade\">\n\t<a href=\"https:\/\/www.anglet-tourisme.com\/es\/en-movimiento-en-anglet\/actividades\/anglet\/LOIAQU064V506CCL-grenadine-crayonnade\/\" class=\"trk_visit_single\">\n\t\t<div class=\"tis-item-cover \">\n\t\t\t\t\t\t\t\t\t<img decoding=\"async\" src=\"https:\/\/www.anglet-tourisme.com\/wp-content\/uploads\/tis\/Grenadine-et-crayonnade-1-2.jpg\" title=\"Grenadine &#038; Crayonnade\" alt=\"Grenadine &#038; Crayonnade\" loading=\"lazy\" \/>\n\t\t\t\t\t\t\t\t<div class=\"tis-item-label-container\">\n\t\t\t\t\t\t\t\t\t<!--<span class=\"tis-item-handicap\"><img decoding=\"async\" src=\"https:\/\/www.anglet-tourisme.com\/wp-content\/plugins\/tourinsoft-syndication\/assets\/images\/icon-handicap.svg\" title=\"\" alt=\"\" \/><\/span>-->\n\t\t\t\t\t\t\t\t\t\t\t<\/div>\n\t\t\t\t\t\t<div class=\"tis-item-online-booking\">\n\t\t\t\t<span>Reservas en l\u00ednea<\/span>\n\t\t\t<\/div>\n\t\t\t\t\t<\/div>\n\t\t\n\t\t\n\t\t\n\t\t<h3>\t\t\tGrenadine &#038; Crayonnade\t\t<\/h3>\n\t\t\t<\/a>\n\t\n\t\t\t\t\t\t<div class=\"tis-item-tags\">\n\t\t\t\t\t\t\t\t<span class=\"tis-item-tag\">Aire de jeux pour enfants<\/span>\n\t\t\t\t\t\t\t\t<span class=\"tis-item-tag\">Club enfants<\/span>\n\t\t\t\t\t\t\t<\/div>\n\t\t\t\t\n\t<p>Grenadine &#038; Crayonnade es un parque de juegos \u00fanico en Francia&#8230; \u00a1y est\u00e1 en Anglet! Fue idea de una madre que buscaba una alternativa a los parques de juegos para sus 2&hellip;<\/p>\t\n\t<strong class=\"tis-box-city\">ANGLET<\/strong>\t\n\t<div class=\"wp-block-button is-style-outline\">\n\t\t<a href=\"https:\/\/www.anglet-tourisme.com\/es\/en-movimiento-en-anglet\/actividades\/anglet\/LOIAQU064V506CCL-grenadine-crayonnade\/\" class=\"trk_visit_single wp-block-button__link has-dark-color has-white-background-color \">Ver m\u00e1s<\/a>\n\t<\/div>\n\t\n<\/article>\t<article class=\"js-marker tourinsoft-item tis-box \" id=\"marker-LOIAQU064V5ATF5D\" data-lat=\"43.5212\" data-lng=\"-1.52345\" data-title=\"Le Lagon\">\n\t<a href=\"https:\/\/www.anglet-tourisme.com\/es\/en-movimiento-en-anglet\/actividades\/anglet\/LOIAQU064V5ATF5D-le-lagon\/\" class=\"trk_visit_single\">\n\t\t<div class=\"tis-item-cover \">\n\t\t\t\t\t\t\t\t\t<img decoding=\"async\" src=\"https:\/\/www.anglet-tourisme.com\/wp-content\/uploads\/tis\/thalassotherapie-atlanthal-06.jpg\" title=\"Le Lagon\" alt=\"Le Lagon\" loading=\"lazy\" \/>\n\t\t\t\t\t\t\t\t<div class=\"tis-item-label-container\">\n\t\t\t\t\t\t\t\t\t<!--<span class=\"tis-item-handicap\"><img decoding=\"async\" src=\"https:\/\/www.anglet-tourisme.com\/wp-content\/plugins\/tourinsoft-syndication\/assets\/images\/icon-handicap.svg\" title=\"\" alt=\"\" \/><\/span>-->\n\t\t\t\t\t\t\t\t\t\t\t<\/div>\n\t\t\t\t\t<\/div>\n\t\t\n\t\t\n\t\t\n\t\t<h3>\t\t\tLe Lagon\t\t<\/h3>\n\t\t\t<\/a>\n\t\n\t\t\t\t\t\t<div class=\"tis-item-tags\">\n\t\t\t\t\t\t\t\t<span class=\"tis-item-tag\">Bien-\u00eatre<\/span>\n\t\t\t\t\t\t\t\t<span class=\"tis-item-tag\">Thalassoth\u00e9rapie<\/span>\n\t\t\t\t\t\t\t<\/div>\n\t\t\t\t\n\t<p>350 m\u00b2 de agua de mar climatizada. Basta con un par de ba\u00f1os para pasar de la piscina cubierta a la exterior. Venga a disfrutar de los chorros de masaje, un recorrido&hellip;<\/p>\t\n\t<strong class=\"tis-box-city\">ANGLET<\/strong>\t\n\t<div class=\"wp-block-button is-style-outline\">\n\t\t<a href=\"https:\/\/www.anglet-tourisme.com\/es\/en-movimiento-en-anglet\/actividades\/anglet\/LOIAQU064V5ATF5D-le-lagon\/\" class=\"trk_visit_single wp-block-button__link has-dark-color has-white-background-color \">Ver m\u00e1s<\/a>\n\t<\/div>\n\t\n<\/article>\t<article class=\"js-marker tourinsoft-item tis-box \" id=\"marker-LOIAQU064V5BRFA1\" data-lat=\"43.4945\" data-lng=\"-1.52918\" data-title=\"Halles Biltoki Anglet\">\n\t<a href=\"https:\/\/www.anglet-tourisme.com\/es\/en-movimiento-en-anglet\/actividades\/anglet\/LOIAQU064V5BRFA1-halles-biltoki-anglet\/\" class=\"trk_visit_single\">\n\t\t<div class=\"tis-item-cover \">\n\t\t\t\t\t\t\t\t\t<img decoding=\"async\" src=\"https:\/\/www.anglet-tourisme.com\/wp-content\/uploads\/tis\/halles-5-cantons-Biltoki-02-4.jpg\" title=\"Halles Biltoki Anglet\" alt=\"Halles Biltoki Anglet\" loading=\"lazy\" \/>\n\t\t\t\t\t\t\t\t<div class=\"tis-item-label-container\">\n\t\t\t\t\t\t\t\t\t<!--<span class=\"tis-item-handicap\"><img decoding=\"async\" src=\"https:\/\/www.anglet-tourisme.com\/wp-content\/plugins\/tourinsoft-syndication\/assets\/images\/icon-handicap.svg\" title=\"\" alt=\"\" \/><\/span>-->\n\t\t\t\t\t\t\t\t\t\t\t<\/div>\n\t\t\t\t\t\t<div class=\"tis-item-online-booking\">\n\t\t\t\t<span>Reservas en l\u00ednea<\/span>\n\t\t\t<\/div>\n\t\t\t\t\t<\/div>\n\t\t\n\t\t\n\t\t\n\t\t<h3>\t\t\tHalles Biltoki Anglet\t\t<\/h3>\n\t\t\t<\/a>\n\t\n\t\t\t\t\t\t<div class=\"tis-item-tags\">\n\t\t\t\t\t\t\t\t<span class=\"tis-item-tag\">March\u00e9 couvert<\/span>\n\t\t\t\t\t\t\t<\/div>\n\t\t\t\t\n\t<p>Adoradas por los lugare\u00f1os y los numerosos turistas, Les Halles des 5 Cantons pueden presumir de ser un lugar imprescindible en Anglet. No solo podr\u00e1 hacer la compra, sino tambi\u00e9n pasar un&hellip;<\/p>\t\n\t<strong class=\"tis-box-city\">ANGLET<\/strong>\t\n\t<div class=\"wp-block-button is-style-outline\">\n\t\t<a href=\"https:\/\/www.anglet-tourisme.com\/es\/en-movimiento-en-anglet\/actividades\/anglet\/LOIAQU064V5BRFA1-halles-biltoki-anglet\/\" class=\"trk_visit_single wp-block-button__link has-dark-color has-white-background-color \">Ver m\u00e1s<\/a>\n\t<\/div>\n\t\n<\/article>\t<article class=\"js-marker tourinsoft-item tis-box \" id=\"marker-LOIAQU064V5BU25A\" data-lat=\"43.5138\" data-lng=\"-1.52438\" data-title=\"Spa Maison Chiberta\">\n\t<a href=\"https:\/\/www.anglet-tourisme.com\/es\/en-movimiento-en-anglet\/actividades\/anglet\/LOIAQU064V5BU25A-spa-maison-chiberta\/\" class=\"trk_visit_single\">\n\t\t<div class=\"tis-item-cover \">\n\t\t\t\t\t\t\t\t\t<img decoding=\"async\" src=\"https:\/\/www.anglet-tourisme.com\/wp-content\/uploads\/tis\/Spa--2--3.jpg\" title=\"Spa Maison Chiberta\" alt=\"Spa Maison Chiberta\" loading=\"lazy\" \/>\n\t\t\t\t\t\t\t\t<div class=\"tis-item-label-container\">\n\t\t\t\t\t\t\t\t\t<!--<span class=\"tis-item-handicap\"><img decoding=\"async\" src=\"https:\/\/www.anglet-tourisme.com\/wp-content\/plugins\/tourinsoft-syndication\/assets\/images\/icon-handicap.svg\" title=\"\" alt=\"\" \/><\/span>-->\n\t\t\t\t\t\t\t\t\t\t\t<\/div>\n\t\t\t\t\t\t<div class=\"tis-item-online-booking\">\n\t\t\t\t<span>Reservas en l\u00ednea<\/span>\n\t\t\t<\/div>\n\t\t\t\t\t<\/div>\n\t\t\n\t\t\n\t\t\n\t\t<h3>\t\t\tSpa Maison Chiberta\t\t<\/h3>\n\t\t\t<\/a>\n\t\n\t\t\t\t\t\t<div class=\"tis-item-tags\">\n\t\t\t\t\t\t\t\t<span class=\"tis-item-tag\">Bien-\u00eatre<\/span>\n\t\t\t\t\t\t\t\t<span class=\"tis-item-tag\">Salle de remise en forme<\/span>\n\t\t\t\t\t\t\t\t<span class=\"tis-item-tag\">Piscine<\/span>\n\t\t\t\t\t\t\t<\/div>\n\t\t\t\t\n\t<p>Masajes, sauna, hammam&#8230; el spa de 300 m\u00b2 completamente renovado le invita a dejarse llevar en una decoraci\u00f3n de l\u00edneas puras. Le esperan tres salas de tratamientos, donde podr\u00e1 disfrutar de rituales&hellip;<\/p>\t\n\t<strong class=\"tis-box-city\">ANGLET<\/strong>\t\n\t<div class=\"wp-block-button is-style-outline\">\n\t\t<a href=\"https:\/\/www.anglet-tourisme.com\/es\/en-movimiento-en-anglet\/actividades\/anglet\/LOIAQU064V5BU25A-spa-maison-chiberta\/\" class=\"trk_visit_single wp-block-button__link has-dark-color has-white-background-color \">Ver m\u00e1s<\/a>\n\t<\/div>\n\t\n<\/article>\t<article class=\"js-marker tourinsoft-item tis-box \" id=\"marker-LOIAQU064V5BY56X\" data-lat=\"43.4626\" data-lng=\"-1.52991\" data-title=\"Le Spa de Brindos\">\n\t<a href=\"https:\/\/www.anglet-tourisme.com\/es\/en-movimiento-en-anglet\/actividades\/anglet\/LOIAQU064V5BY56X-le-spa-de-brindos\/\" class=\"trk_visit_single\">\n\t\t<div class=\"tis-item-cover \">\n\t\t\t\t\t\t\t\t\t<img decoding=\"async\" src=\"https:\/\/www.anglet-tourisme.com\/wp-content\/uploads\/tis\/Le-Spa-de-Brindos-01.jpg\" title=\"Le Spa de Brindos\" alt=\"Le Spa de Brindos\" loading=\"lazy\" \/>\n\t\t\t\t\t\t\t\t<div class=\"tis-item-label-container\">\n\t\t\t\t\t\t\t\t\t<!--<span class=\"tis-item-handicap\"><img decoding=\"async\" src=\"https:\/\/www.anglet-tourisme.com\/wp-content\/plugins\/tourinsoft-syndication\/assets\/images\/icon-handicap.svg\" title=\"\" alt=\"\" \/><\/span>-->\n\t\t\t\t\t\t\t\t\t\t\t<\/div>\n\t\t\t\t\t\t<div class=\"tis-item-online-booking\">\n\t\t\t\t<span>Reservas en l\u00ednea<\/span>\n\t\t\t<\/div>\n\t\t\t\t\t<\/div>\n\t\t\n\t\t\n\t\t\n\t\t<h3>\t\t\tLe Spa de Brindos\t\t<\/h3>\n\t\t\t<\/a>\n\t\n\t\t\t\t\t\t<div class=\"tis-item-tags\">\n\t\t\t\t\t\t\t\t<span class=\"tis-item-tag\">Bien-\u00eatre<\/span>\n\t\t\t\t\t\t\t\t<span class=\"tis-item-tag\">Salle de remise en forme<\/span>\n\t\t\t\t\t\t\t<\/div>\n\t\t\t\t\n\t<p>Bienvenido al Spa de Brindos, un lugar encantado en un marco excepcional. Ofreciendo una experiencia \u00fanica y personalizada, este spa est\u00e1 abierto a los hu\u00e9spedes de fuera del hotel. Disfrute de tratamientos&hellip;<\/p>\t\n\t<strong class=\"tis-box-city\">ANGLET<\/strong>\t\n\t<div class=\"wp-block-button is-style-outline\">\n\t\t<a href=\"https:\/\/www.anglet-tourisme.com\/es\/en-movimiento-en-anglet\/actividades\/anglet\/LOIAQU064V5BY56X-le-spa-de-brindos\/\" class=\"trk_visit_single wp-block-button__link has-dark-color has-white-background-color \">Ver m\u00e1s<\/a>\n\t<\/div>\n\t\n<\/article>\t<article class=\"js-marker tourinsoft-item tis-box \" id=\"marker-LOIAQU064V5C7RDU\" data-lat=\"43.5212\" data-lng=\"-1.50164\" data-title=\"Halles de Blancpignon\">\n\t<a href=\"https:\/\/www.anglet-tourisme.com\/es\/en-movimiento-en-anglet\/actividades\/anglet\/LOIAQU064V5C7RDU-halles-de-blancpignon\/\" class=\"trk_visit_single\">\n\t\t<div class=\"tis-item-cover \">\n\t\t\t\t\t\t\t\t\t<img decoding=\"async\" src=\"https:\/\/www.anglet-tourisme.com\/wp-content\/uploads\/tis\/Le-Terroir-des-Halles-04-2.jpg\" title=\"Halles de Blancpignon\" alt=\"Halles de Blancpignon\" loading=\"lazy\" \/>\n\t\t\t\t\t\t\t\t<div class=\"tis-item-label-container\">\n\t\t\t\t\t\t\t\t\t<!--<span class=\"tis-item-handicap\"><img decoding=\"async\" src=\"https:\/\/www.anglet-tourisme.com\/wp-content\/plugins\/tourinsoft-syndication\/assets\/images\/icon-handicap.svg\" title=\"\" alt=\"\" \/><\/span>-->\n\t\t\t\t\t\t\t\t\t\t\t<\/div>\n\t\t\t\t\t<\/div>\n\t\t\n\t\t\n\t\t\n\t\t<h3>\t\t\tHalles de Blancpignon\t\t<\/h3>\n\t\t\t<\/a>\n\t\n\t\t\t\t\t\t<div class=\"tis-item-tags\">\n\t\t\t\t\t\t\t\t<span class=\"tis-item-tag\">March\u00e9 couvert<\/span>\n\t\t\t\t\t\t\t<\/div>\n\t\t\t\t\n\t<p>\u00a1Autenticidad a la vista en el barrio! Las Halles de Blancpignon, m\u00e1s \u00edntimas, cultivan el esp\u00edritu de proximidad. Aqu\u00ed, los habitantes del barrio vienen a abastecerse de productos de calidad. En la&hellip;<\/p>\t\n\t<strong class=\"tis-box-city\">ANGLET<\/strong>\t\n\t<div class=\"wp-block-button is-style-outline\">\n\t\t<a href=\"https:\/\/www.anglet-tourisme.com\/es\/en-movimiento-en-anglet\/actividades\/anglet\/LOIAQU064V5C7RDU-halles-de-blancpignon\/\" class=\"trk_visit_single wp-block-button__link has-dark-color has-white-background-color \">Ver m\u00e1s<\/a>\n\t<\/div>\n\t\n<\/article>\t<article class=\"js-marker tourinsoft-item tis-box \" id=\"marker-PCUAQU064V5BBXJJ\" data-lat=\"43.4981\" data-lng=\"-1.50206\" data-title=\"Coutellerie basque Talaia\">\n\t<a href=\"https:\/\/www.anglet-tourisme.com\/es\/en-movimiento-en-anglet\/actividades\/anglet\/PCUAQU064V5BBXJJ-coutellerie-basque-talaia\/\" class=\"trk_visit_single\">\n\t\t<div class=\"tis-item-cover \">\n\t\t\t\t\t\t\t\t\t<img decoding=\"async\" src=\"https:\/\/www.anglet-tourisme.com\/wp-content\/uploads\/tis\/TALAIA-coutellerie--basque-artisanale-anglet-pays-basque-1.jpg\" title=\"Coutellerie basque Talaia\" alt=\"Coutellerie basque Talaia\" loading=\"lazy\" \/>\n\t\t\t\t\t\t\t\t<div class=\"tis-item-label-container\">\n\t\t\t\t\t\t\t\t\t<!--<span class=\"tis-item-handicap\"><img decoding=\"async\" src=\"https:\/\/www.anglet-tourisme.com\/wp-content\/plugins\/tourinsoft-syndication\/assets\/images\/icon-handicap.svg\" title=\"\" alt=\"\" \/><\/span>-->\n\t\t\t\t\t\t\t\t\t\t\t<\/div>\n\t\t\t\t\t\t<div class=\"tis-item-online-booking\">\n\t\t\t\t<span>Reservas en l\u00ednea<\/span>\n\t\t\t<\/div>\n\t\t\t\t\t<\/div>\n\t\t\n\t\t\n\t\t\n\t\t<h3>\t\t\tCoutellerie basque Talaia\t\t<\/h3>\n\t\t\t<\/a>\n\t\n\t\t\t\t\t\t<div class=\"tis-item-tags\">\n\t\t\t\t\t\t\t\t<span class=\"tis-item-tag\">Artisan d&#8217;art<\/span>\n\t\t\t\t\t\t\t<\/div>\n\t\t\t\t\n\t<p>En su taller-tienda situado en el barrio de Montbrun, el apasionado artesano Eric Burel-Etchegoin crea y expone sus numerosas creaciones. All\u00ed fabrica cuchillos artesanales de elegante dise\u00f1o, con mangos de madera o&hellip;<\/p>\t\n\t<strong class=\"tis-box-city\">ANGLET<\/strong>\t\n\t<div class=\"wp-block-button is-style-outline\">\n\t\t<a href=\"https:\/\/www.anglet-tourisme.com\/es\/en-movimiento-en-anglet\/actividades\/anglet\/PCUAQU064V5BBXJJ-coutellerie-basque-talaia\/\" class=\"trk_visit_single wp-block-button__link has-dark-color has-white-background-color \">Ver m\u00e1s<\/a>\n\t<\/div>\n\t\n<\/article>\t<article class=\"js-marker tourinsoft-item tis-box \" id=\"marker-PCUAQU064V5BSCUA\" data-lat=\"43.5029\" data-lng=\"-1.515\" data-title=\"Les Compagnons du Tour de France\">\n\t<a href=\"https:\/\/www.anglet-tourisme.com\/es\/en-movimiento-en-anglet\/actividades\/anglet\/PCUAQU064V5BSCUA-les-compagnons-du-tour-de-france\/\" class=\"trk_visit_single\">\n\t\t<div class=\"tis-item-cover \">\n\t\t\t\t\t\t\t\t\t<img decoding=\"async\" src=\"https:\/\/www.anglet-tourisme.com\/wp-content\/uploads\/tis\/Les-Compagnons-06-Les-Compagnons.jpg\" title=\"Les Compagnons du Tour de France\" alt=\"Les Compagnons du Tour de France\" loading=\"lazy\" \/>\n\t\t\t\t\t\t\t\t<div class=\"tis-item-label-container\">\n\t\t\t\t\t\t\t\t\t<!--<span class=\"tis-item-handicap\"><img decoding=\"async\" src=\"https:\/\/www.anglet-tourisme.com\/wp-content\/plugins\/tourinsoft-syndication\/assets\/images\/icon-handicap.svg\" title=\"\" alt=\"\" \/><\/span>-->\n\t\t\t\t\t\t\t\t\t\t\t<\/div>\n\t\t\t\t\t\t<div class=\"tis-item-online-booking\">\n\t\t\t\t<span>Reservas en l\u00ednea<\/span>\n\t\t\t<\/div>\n\t\t\t\t\t<\/div>\n\t\t\n\t\t\n\t\t\n\t\t<h3>\t\t\tLes Compagnons du Tour de France\t\t<\/h3>\n\t\t\t<\/a>\n\t\n\t\t\t\t\t\t<div class=\"tis-item-tags\">\n\t\t\t\t\t\t\t\t<span class=\"tis-item-tag\">Centre d&#8217;interpr\u00e9tation<\/span>\n\t\t\t\t\t\t\t<\/div>\n\t\t\t\t\n\t<p>El \u00abCarr\u00e9 d&#8217;Expression\u00bb de los Compagnons d&#8217;Anglet alberga una exposici\u00f3n permanente de las obras maestras de los Compagnons. Tambi\u00e9n est\u00e1 abierto a exposiciones puntuales, lo que confiere a la sede de los&hellip;<\/p>\t\n\t<strong class=\"tis-box-city\">ANGLET<\/strong>\t\n\t<div class=\"wp-block-button is-style-outline\">\n\t\t<a href=\"https:\/\/www.anglet-tourisme.com\/es\/en-movimiento-en-anglet\/actividades\/anglet\/PCUAQU064V5BSCUA-les-compagnons-du-tour-de-france\/\" class=\"trk_visit_single wp-block-button__link has-dark-color has-white-background-color \">Ver m\u00e1s<\/a>\n\t<\/div>\n\t\n<\/article>\t<article class=\"js-marker tourinsoft-item tis-box \" id=\"marker-PCUAQU064V5BTEAO\" data-lat=\"43.5034\" data-lng=\"-1.53584\" data-title=\"Maison Mamas Joaillerie\">\n\t<a href=\"https:\/\/www.anglet-tourisme.com\/es\/en-movimiento-en-anglet\/actividades\/anglet\/PCUAQU064V5BTEAO-maison-mamas-joaillerie\/\" class=\"trk_visit_single\">\n\t\t<div class=\"tis-item-cover \">\n\t\t\t\t\t\t\t\t\t<img decoding=\"async\" src=\"https:\/\/www.anglet-tourisme.com\/wp-content\/uploads\/tis\/maison-mamas-01.jpg\" title=\"Maison Mamas Joaillerie\" alt=\"Maison Mamas Joaillerie\" loading=\"lazy\" \/>\n\t\t\t\t\t\t\t\t<div class=\"tis-item-label-container\">\n\t\t\t\t\t\t\t\t\t<!--<span class=\"tis-item-handicap\"><img decoding=\"async\" src=\"https:\/\/www.anglet-tourisme.com\/wp-content\/plugins\/tourinsoft-syndication\/assets\/images\/icon-handicap.svg\" title=\"\" alt=\"\" \/><\/span>-->\n\t\t\t\t\t\t\t\t\t\t\t<\/div>\n\t\t\t\t\t\t<div class=\"tis-item-online-booking\">\n\t\t\t\t<span>Reservas en l\u00ednea<\/span>\n\t\t\t<\/div>\n\t\t\t\t\t<\/div>\n\t\t\n\t\t\n\t\t\n\t\t<h3>\t\t\tMaison Mamas Joaillerie\t\t<\/h3>\n\t\t\t<\/a>\n\t\n\t\t\t\t\t\t<div class=\"tis-item-tags\">\n\t\t\t\t\t\t\t\t<span class=\"tis-item-tag\">Artisan d&#8217;art<\/span>\n\t\t\t\t\t\t\t<\/div>\n\t\t\t\t\n\t<p>Maison Mamas es una empresa de joyer\u00eda con sede en Anglet, formada por C\u00e9lia, joyera y gem\u00f3loga, y Justine, directora creativa. Fabricamos todas nuestras joyas en nuestro propio taller. En nuestro escaparate&hellip;<\/p>\t\n\t<strong class=\"tis-box-city\">ANGLET<\/strong>\t\n\t<div class=\"wp-block-button is-style-outline\">\n\t\t<a href=\"https:\/\/www.anglet-tourisme.com\/es\/en-movimiento-en-anglet\/actividades\/anglet\/PCUAQU064V5BTEAO-maison-mamas-joaillerie\/\" class=\"trk_visit_single wp-block-button__link has-dark-color has-white-background-color \">Ver m\u00e1s<\/a>\n\t<\/div>\n\t\n<\/article>\t<article class=\"js-marker tourinsoft-item tis-box \" id=\"marker-ASCAQU064FS00019\" data-lat=\"43.4657\" data-lng=\"-1.53389\" data-title=\"A\u00e9roclub Basque\">\n\t<a href=\"https:\/\/www.anglet-tourisme.com\/es\/en-movimiento-en-anglet\/actividades\/anglet\/ASCAQU064FS00019-aeroclub-basque\/\" class=\"trk_visit_single\">\n\t\t<div class=\"tis-item-cover \">\n\t\t\t\t\t\t\t\t\t<img decoding=\"async\" src=\"https:\/\/www.anglet-tourisme.com\/wp-content\/uploads\/tis\/Aeroclub-Basque-1.jpg\" title=\"A\u00e9roclub Basque\" alt=\"A\u00e9roclub Basque\" loading=\"lazy\" \/>\n\t\t\t\t\t\t\t\t<div class=\"tis-item-label-container\">\n\t\t\t\t\t\t\t\t\t<!--<span class=\"tis-item-handicap\"><img decoding=\"async\" src=\"https:\/\/www.anglet-tourisme.com\/wp-content\/plugins\/tourinsoft-syndication\/assets\/images\/icon-handicap.svg\" title=\"\" alt=\"\" \/><\/span>-->\n\t\t\t\t\t\t\t\t\t\t\t<\/div>\n\t\t\t\t\t<\/div>\n\t\t\n\t\t\n\t\t\n\t\t<h3>\t\t\tA\u00e9roclub Basque\t\t<\/h3>\n\t\t\t<\/a>\n\t\n\t\t\t\t\t\t<div class=\"tis-item-tags\">\n\t\t\t\t\t\t\t\t<span class=\"tis-item-tag\">Avion de tourisme<\/span>\n\t\t\t\t\t\t\t\t<span class=\"tis-item-tag\">ULM<\/span>\n\t\t\t\t\t\t\t<\/div>\n\t\t\t\t\n\t<p>Bautismo del aire, escuela de pilotos, aviones y ULM. Salida de Anglet: Aer\u00f3dromo de Parme.<\/p>\t\n\t<strong class=\"tis-box-city\">ANGLET<\/strong>\t\n\t<div class=\"wp-block-button is-style-outline\">\n\t\t<a href=\"https:\/\/www.anglet-tourisme.com\/es\/en-movimiento-en-anglet\/actividades\/anglet\/ASCAQU064FS00019-aeroclub-basque\/\" class=\"trk_visit_single wp-block-button__link has-dark-color has-white-background-color \">Ver m\u00e1s<\/a>\n\t<\/div>\n\t\n<\/article>\t<article class=\"js-marker tourinsoft-item tis-box \" id=\"marker-ASCAQU064FS00059\" data-lat=\"43.5034\" data-lng=\"-1.53877\" data-title=\"Ecole de Surf C\u00f4te Fran\u00e7aise Anglet\">\n\t<a href=\"https:\/\/www.anglet-tourisme.com\/es\/en-movimiento-en-anglet\/actividades\/anglet\/ASCAQU064FS00059-ecole-de-surf-cote-francaise-anglet\/\" class=\"trk_visit_single\">\n\t\t<div class=\"tis-item-cover \">\n\t\t\t\t\t\t\t\t\t<img decoding=\"async\" src=\"https:\/\/www.anglet-tourisme.com\/wp-content\/uploads\/tis\/ESCF-ANGLET.jpg\" title=\"Ecole de Surf C\u00f4te Fran\u00e7aise Anglet\" alt=\"Ecole de Surf C\u00f4te Fran\u00e7aise Anglet\" loading=\"lazy\" \/>\n\t\t\t\t\t\t\t\t<div class=\"tis-item-label-container\">\n\t\t\t\t\t\t\t\t\t<!--<span class=\"tis-item-handicap\"><img decoding=\"async\" src=\"https:\/\/www.anglet-tourisme.com\/wp-content\/plugins\/tourinsoft-syndication\/assets\/images\/icon-handicap.svg\" title=\"\" alt=\"\" \/><\/span>-->\n\t\t\t\t\t\t\t\t\t\t\t<\/div>\n\t\t\t\t\t<\/div>\n\t\t\n\t\t\n\t\t\n\t\t<h3>\t\t\tEcole de Surf C\u00f4te Fran\u00e7aise Anglet\t\t<\/h3>\n\t\t\t<\/a>\n\t\n\t\t\t\t\t\t<div class=\"tis-item-tags\">\n\t\t\t\t\t\t\t\t<span class=\"tis-item-tag\">Bodyboard<\/span>\n\t\t\t\t\t\t\t\t<span class=\"tis-item-tag\">Surf<\/span>\n\t\t\t\t\t\t\t<\/div>\n\t\t\t\t\n\t<p>Surf y bodyboarding para adultos y ni\u00f1os en la playa de Marinella. Disfrute, venga a hacer surf con total seguridad, con monitores con t\u00edtulos oficiales del estado. De iniciaci\u00f3n a perfeccionamiento, le&hellip;<\/p>\t\n\t<strong class=\"tis-box-city\">ANGLET<\/strong>\t\n\t<div class=\"wp-block-button is-style-outline\">\n\t\t<a href=\"https:\/\/www.anglet-tourisme.com\/es\/en-movimiento-en-anglet\/actividades\/anglet\/ASCAQU064FS00059-ecole-de-surf-cote-francaise-anglet\/\" class=\"trk_visit_single wp-block-button__link has-dark-color has-white-background-color \">Ver m\u00e1s<\/a>\n\t<\/div>\n\t\n<\/article>\t<article class=\"js-marker tourinsoft-item tis-box \" id=\"marker-ASCAQU064FS0005A\" data-lat=\"43.506\" data-lng=\"-1.53729\" data-title=\"Ecole de Surf Uhaina\">\n\t<a href=\"https:\/\/www.anglet-tourisme.com\/es\/en-movimiento-en-anglet\/actividades\/anglet\/ASCAQU064FS0005A-ecole-de-surf-uhaina\/\" class=\"trk_visit_single\">\n\t\t<div class=\"tis-item-cover \">\n\t\t\t\t\t\t\t\t\t<img decoding=\"async\" src=\"https:\/\/www.anglet-tourisme.com\/wp-content\/uploads\/tis\/ECOLE-UHAINA-01.jpg\" title=\"Ecole de Surf Uhaina\" alt=\"Ecole de Surf Uhaina\" loading=\"lazy\" \/>\n\t\t\t\t\t\t\t\t<div class=\"tis-item-label-container\">\n\t\t\t\t\t\t\t\t\t<!--<span class=\"tis-item-handicap\"><img decoding=\"async\" src=\"https:\/\/www.anglet-tourisme.com\/wp-content\/plugins\/tourinsoft-syndication\/assets\/images\/icon-handicap.svg\" title=\"\" alt=\"\" \/><\/span>-->\n\t\t\t\t\t\t\t\t\t\t\t<\/div>\n\t\t\t\t\t<\/div>\n\t\t\n\t\t\n\t\t\n\t\t<h3>\t\t\tEcole de Surf Uhaina\t\t<\/h3>\n\t\t\t<\/a>\n\t\n\t\t\t\t\t\t<div class=\"tis-item-tags\">\n\t\t\t\t\t\t\t\t<span class=\"tis-item-tag\">Bodyboard<\/span>\n\t\t\t\t\t\t\t\t<span class=\"tis-item-tag\">Surf<\/span>\n\t\t\t\t\t\t\t<\/div>\n\t\t\t\t\n\t<p>Escuela de surf Uhaina, en la playa de Corsaires, situada en un litoral vigilado de 4,5 km. Las mejores olas de la Costa Vasca. Ideal para aprender a hacer surf con total&hellip;<\/p>\t\n\t<strong class=\"tis-box-city\">ANGLET<\/strong>\t\n\t<div class=\"wp-block-button is-style-outline\">\n\t\t<a href=\"https:\/\/www.anglet-tourisme.com\/es\/en-movimiento-en-anglet\/actividades\/anglet\/ASCAQU064FS0005A-ecole-de-surf-uhaina\/\" class=\"trk_visit_single wp-block-button__link has-dark-color has-white-background-color \">Ver m\u00e1s<\/a>\n\t<\/div>\n\t\n<\/article>\t<article class=\"js-marker tourinsoft-item tis-box \" id=\"marker-ASCAQU064FS0005C\" data-lat=\"43.5027\" data-lng=\"-1.53974\" data-title=\"Le Club de la Glisse\">\n\t<a href=\"https:\/\/www.anglet-tourisme.com\/es\/en-movimiento-en-anglet\/actividades\/anglet\/ASCAQU064FS0005C-le-club-de-la-glisse\/\" class=\"trk_visit_single\">\n\t\t<div class=\"tis-item-cover \">\n\t\t\t\t\t\t\t\t\t<img decoding=\"async\" src=\"https:\/\/www.anglet-tourisme.com\/wp-content\/uploads\/tis\/7surf.jpg\" title=\"Le Club de la Glisse\" alt=\"Le Club de la Glisse\" loading=\"lazy\" \/>\n\t\t\t\t\t\t\t\t<div class=\"tis-item-label-container\">\n\t\t\t\t\t\t\t\t\t<!--<span class=\"tis-item-handicap\"><img decoding=\"async\" src=\"https:\/\/www.anglet-tourisme.com\/wp-content\/plugins\/tourinsoft-syndication\/assets\/images\/icon-handicap.svg\" title=\"\" alt=\"\" \/><\/span>-->\n\t\t\t\t\t\t\t\t\t\t\t<\/div>\n\t\t\t\t\t<\/div>\n\t\t\n\t\t\n\t\t\n\t\t<h3>\t\t\tLe Club de la Glisse\t\t<\/h3>\n\t\t\t<\/a>\n\t\n\t\t\t\t\t\t<div class=\"tis-item-tags\">\n\t\t\t\t\t\t\t\t<span class=\"tis-item-tag\">Bodyboard<\/span>\n\t\t\t\t\t\t\t\t<span class=\"tis-item-tag\">Stand-up-paddle-board<\/span>\n\t\t\t\t\t\t\t\t<span class=\"tis-item-tag\">Surf<\/span>\n\t\t\t\t\t\t\t<\/div>\n\t\t\t\t\n\t<p>Escuela de surf homologada por la Federaci\u00f3n Francesa de Surf (junio de 2000). Entrega de diploma FFS (primera espuma, Ola de bronce, plata u oro), a partir del 4\u00ba curso. De iniciaci\u00f3n&hellip;<\/p>\t\n\t<strong class=\"tis-box-city\">ANGLET<\/strong>\t\n\t<div class=\"wp-block-button is-style-outline\">\n\t\t<a href=\"https:\/\/www.anglet-tourisme.com\/es\/en-movimiento-en-anglet\/actividades\/anglet\/ASCAQU064FS0005C-le-club-de-la-glisse\/\" class=\"trk_visit_single wp-block-button__link has-dark-color has-white-background-color \">Ver m\u00e1s<\/a>\n\t<\/div>\n\t\n<\/article>\t<article class=\"js-marker tourinsoft-item tis-box \" id=\"marker-ASCAQU064FS0009R\" data-lat=\"43.501\" data-lng=\"-1.54143\" data-title=\"Wa\u00efmea Surf School\">\n\t<a href=\"https:\/\/www.anglet-tourisme.com\/es\/en-movimiento-en-anglet\/actividades\/anglet\/ASCAQU064FS0009R-waimea-surf-school\/\" class=\"trk_visit_single\">\n\t\t<div class=\"tis-item-cover \">\n\t\t\t\t\t\t\t\t\t<img decoding=\"async\" src=\"https:\/\/www.anglet-tourisme.com\/wp-content\/uploads\/tis\/Waimea-Surf-School-03.jpg\" title=\"Wa\u00efmea Surf School\" alt=\"Wa\u00efmea Surf School\" loading=\"lazy\" \/>\n\t\t\t\t\t\t\t\t<div class=\"tis-item-label-container\">\n\t\t\t\t\t\t\t\t\t<!--<span class=\"tis-item-handicap\"><img decoding=\"async\" src=\"https:\/\/www.anglet-tourisme.com\/wp-content\/plugins\/tourinsoft-syndication\/assets\/images\/icon-handicap.svg\" title=\"\" alt=\"\" \/><\/span>-->\n\t\t\t\t\t\t\t\t\t\t\t<\/div>\n\t\t\t\t\t<\/div>\n\t\t\n\t\t\n\t\t\n\t\t<h3>\t\t\tWa\u00efmea Surf School\t\t<\/h3>\n\t\t\t<\/a>\n\t\n\t\t\t\t\t\t<div class=\"tis-item-tags\">\n\t\t\t\t\t\t\t\t<span class=\"tis-item-tag\">Surf<\/span>\n\t\t\t\t\t\t\t<\/div>\n\t\t\t\t\n\t<p>Escuela francesa de Surf. Lugares de pr\u00e1ctica: Playas de Anglet y de la Costa Vasca. Situada en la playa Sables d\u2019Or, frente a la oficina de turismo, la escuela de surf Freestyle&hellip;<\/p>\t\n\t<strong class=\"tis-box-city\">ANGLET<\/strong>\t\n\t<div class=\"wp-block-button is-style-outline\">\n\t\t<a href=\"https:\/\/www.anglet-tourisme.com\/es\/en-movimiento-en-anglet\/actividades\/anglet\/ASCAQU064FS0009R-waimea-surf-school\/\" class=\"trk_visit_single wp-block-button__link has-dark-color has-white-background-color \">Ver m\u00e1s<\/a>\n\t<\/div>\n\t\n<\/article>\t<article class=\"js-marker tourinsoft-item tis-box \" id=\"marker-ASCAQU064FS000AD\" data-lat=\"43.5263\" data-lng=\"-1.51001\" data-title=\"Yacht Club Adour Atlantique\">\n\t<a href=\"https:\/\/www.anglet-tourisme.com\/es\/en-movimiento-en-anglet\/actividades\/anglet\/ASCAQU064FS000AD-yacht-club-adour-atlantique\/\" class=\"trk_visit_single\">\n\t\t<div class=\"tis-item-cover \">\n\t\t\t\t\t\t\t\t\t<img decoding=\"async\" src=\"https:\/\/www.anglet-tourisme.com\/wp-content\/uploads\/tis\/Yacht-Club-Peche.jpg\" title=\"Yacht Club Adour Atlantique\" alt=\"Yacht Club Adour Atlantique\" loading=\"lazy\" \/>\n\t\t\t\t\t\t\t\t<div class=\"tis-item-label-container\">\n\t\t\t\t\t\t\t\t\t<!--<span class=\"tis-item-handicap\"><img decoding=\"async\" src=\"https:\/\/www.anglet-tourisme.com\/wp-content\/plugins\/tourinsoft-syndication\/assets\/images\/icon-handicap.svg\" title=\"\" alt=\"\" \/><\/span>-->\n\t\t\t\t\t\t\t\t\t\t\t<\/div>\n\t\t\t\t\t<\/div>\n\t\t\n\t\t\n\t\t\n\t\t<h3>\t\t\tYacht Club Adour Atlantique\t\t<\/h3>\n\t\t\t<\/a>\n\t\n\t\t\t\t\t\t<div class=\"tis-item-tags\">\n\t\t\t\t\t\t\t\t<span class=\"tis-item-tag\">P\u00eache en mer<\/span>\n\t\t\t\t\t\t\t<\/div>\n\t\t\t\t\n\t<p>Pesca de mar en barco. Establecimiento autorizado de formaci\u00f3n para obtener licencias de barco: permiso costero, permiso costero certificado y limitado de radiotelefon\u00eda. Escuela federal de pesca para j\u00f3venes y adultos. Salidas&hellip;<\/p>\t\n\t<strong class=\"tis-box-city\">ANGLET<\/strong>\t\n\t<div class=\"wp-block-button is-style-outline\">\n\t\t<a href=\"https:\/\/www.anglet-tourisme.com\/es\/en-movimiento-en-anglet\/actividades\/anglet\/ASCAQU064FS000AD-yacht-club-adour-atlantique\/\" class=\"trk_visit_single wp-block-button__link has-dark-color has-white-background-color \">Ver m\u00e1s<\/a>\n\t<\/div>\n\t\n<\/article>\t<article class=\"js-marker tourinsoft-item tis-box \" id=\"marker-ASCAQU064FS000DT\" data-lat=\"43.5004\" data-lng=\"-1.54193\" data-title=\"John and Tim Surf School\">\n\t<a href=\"https:\/\/www.anglet-tourisme.com\/es\/en-movimiento-en-anglet\/actividades\/anglet\/ASCAQU064FS000DT-john-and-tim-surf-school\/\" class=\"trk_visit_single\">\n\t\t<div class=\"tis-item-cover \">\n\t\t\t\t\t\t\t\t\t<img decoding=\"async\" src=\"https:\/\/www.anglet-tourisme.com\/wp-content\/uploads\/tis\/John-and-Tim-Surf-School-04.jpg\" title=\"John and Tim Surf School\" alt=\"John and Tim Surf School\" loading=\"lazy\" \/>\n\t\t\t\t\t\t\t\t<div class=\"tis-item-label-container\">\n\t\t\t\t\t\t\t\t\t<!--<span class=\"tis-item-handicap\"><img decoding=\"async\" src=\"https:\/\/www.anglet-tourisme.com\/wp-content\/plugins\/tourinsoft-syndication\/assets\/images\/icon-handicap.svg\" title=\"\" alt=\"\" \/><\/span>-->\n\t\t\t\t\t\t\t\t\t\t\t<\/div>\n\t\t\t\t\t<\/div>\n\t\t\n\t\t\n\t\t\n\t\t<h3>\t\t\tJohn and Tim Surf School\t\t<\/h3>\n\t\t\t<\/a>\n\t\n\t\t\t\t\t\t<div class=\"tis-item-tags\">\n\t\t\t\t\t\t\t\t<span class=\"tis-item-tag\">Stand-up-paddle-board<\/span>\n\t\t\t\t\t\t\t\t<span class=\"tis-item-tag\">Surf<\/span>\n\t\t\t\t\t\t\t<\/div>\n\t\t\t\t\n\t<p>Curso exclusivo para los mejores momentos de la marea, para mayor seguridad y, sobre todo, para garantizar cursos de calidad.<\/p>\t\n\t<strong class=\"tis-box-city\">ANGLET<\/strong>\t\n\t<div class=\"wp-block-button is-style-outline\">\n\t\t<a href=\"https:\/\/www.anglet-tourisme.com\/es\/en-movimiento-en-anglet\/actividades\/anglet\/ASCAQU064FS000DT-john-and-tim-surf-school\/\" class=\"trk_visit_single wp-block-button__link has-dark-color has-white-background-color \">Ver m\u00e1s<\/a>\n\t<\/div>\n\t\n<\/article>\t<article class=\"js-marker tourinsoft-item tis-box \" id=\"marker-ASCAQU064FS000FI\" data-lat=\"43.4814\" data-lng=\"-1.5147\" data-title=\"Bike Atlantic\">\n\t<a href=\"https:\/\/www.anglet-tourisme.com\/es\/en-movimiento-en-anglet\/actividades\/anglet\/ASCAQU064FS000FI-bike-atlantic\/\" class=\"trk_visit_single\">\n\t\t<div class=\"tis-item-cover \">\n\t\t\t\t\t\t\t\t\t<img decoding=\"async\" src=\"https:\/\/www.anglet-tourisme.com\/wp-content\/uploads\/tis\/Location-velo-sur-la-Cote-Basque.jpg\" title=\"Bike Atlantic\" alt=\"Bike Atlantic\" loading=\"lazy\" \/>\n\t\t\t\t\t\t\t\t<div class=\"tis-item-label-container\">\n\t\t\t\t\t\t\t\t\t<!--<span class=\"tis-item-handicap\"><img decoding=\"async\" src=\"https:\/\/www.anglet-tourisme.com\/wp-content\/plugins\/tourinsoft-syndication\/assets\/images\/icon-handicap.svg\" title=\"\" alt=\"\" \/><\/span>-->\n\t\t\t\t\t\t\t\t\t\t\t<\/div>\n\t\t\t\t\t<\/div>\n\t\t\n\t\t\n\t\t\n\t\t<h3>\t\t\tBike Atlantic\t\t<\/h3>\n\t\t\t<\/a>\n\t\n\t\t\t\t\t\t<div class=\"tis-item-tags\">\n\t\t\t\t\t\t\t\t<span class=\"tis-item-tag\">Cyclotourisme<\/span>\n\t\t\t\t\t\t\t<\/div>\n\t\t\t\t\n\t<p>Alquiler de bicicletas todo terreno y bicicletas de carrera. Excursiones en bicicleta y circuitos personalizados en el Pa\u00eds Vasco, Las Landas y B\u00e9arn: > Entrega y recogida en el lugar de alojamiento&hellip;<\/p>\t\n\t<strong class=\"tis-box-city\">ANGLET<\/strong>\t\n\t<div class=\"wp-block-button is-style-outline\">\n\t\t<a href=\"https:\/\/www.anglet-tourisme.com\/es\/en-movimiento-en-anglet\/actividades\/anglet\/ASCAQU064FS000FI-bike-atlantic\/\" class=\"trk_visit_single wp-block-button__link has-dark-color has-white-background-color \">Ver m\u00e1s<\/a>\n\t<\/div>\n\t\n<\/article>\t<article class=\"js-marker tourinsoft-item tis-box \" id=\"marker-ASCAQU064FS000FN\" data-lat=\"43.5263\" data-lng=\"-1.52257\" data-title=\"Anglet Olympique Cano\u00eb Kayak\">\n\t<a href=\"https:\/\/www.anglet-tourisme.com\/es\/en-movimiento-en-anglet\/actividades\/anglet\/ASCAQU064FS000FN-anglet-olympique-canoe-kayak\/\" class=\"trk_visit_single\">\n\t\t<div class=\"tis-item-cover \">\n\t\t\t\t\t\t\t\t\t<img decoding=\"async\" src=\"https:\/\/www.anglet-tourisme.com\/wp-content\/uploads\/tis\/AOCK-11.jpg\" title=\"Anglet Olympique Cano\u00eb Kayak\" alt=\"Anglet Olympique Cano\u00eb Kayak\" loading=\"lazy\" \/>\n\t\t\t\t\t\t\t\t<div class=\"tis-item-label-container\">\n\t\t\t\t\t\t\t\t\t<!--<span class=\"tis-item-handicap\"><img decoding=\"async\" src=\"https:\/\/www.anglet-tourisme.com\/wp-content\/plugins\/tourinsoft-syndication\/assets\/images\/icon-handicap.svg\" title=\"\" alt=\"\" \/><\/span>-->\n\t\t\t\t\t\t\t\t\t\t\t<\/div>\n\t\t\t\t\t<\/div>\n\t\t\n\t\t\n\t\t\n\t\t<h3>\t\t\tAnglet Olympique Cano\u00eb Kayak\t\t<\/h3>\n\t\t\t<\/a>\n\t\n\t\t\t\t\t\t<div class=\"tis-item-tags\">\n\t\t\t\t\t\t\t\t<span class=\"tis-item-tag\">Kayak de mer<\/span>\n\t\t\t\t\t\t\t\t<span class=\"tis-item-tag\">Wave-ski<\/span>\n\t\t\t\t\t\t\t\t<span class=\"tis-item-tag\">Stand-up-paddle-board<\/span>\n\t\t\t\t\t\t\t<\/div>\n\t\t\t\t\n\t<p>Situado en la playa de La Barre (entre la pista de patinaje y el parque de skate), en la desembocadura del Adour, el equipo del club le propone actividades mar\u00edtimas para todos&hellip;<\/p>\t\n\t<strong class=\"tis-box-city\">ANGLET<\/strong>\t\n\t<div class=\"wp-block-button is-style-outline\">\n\t\t<a href=\"https:\/\/www.anglet-tourisme.com\/es\/en-movimiento-en-anglet\/actividades\/anglet\/ASCAQU064FS000FN-anglet-olympique-canoe-kayak\/\" class=\"trk_visit_single wp-block-button__link has-dark-color has-white-background-color \">Ver m\u00e1s<\/a>\n\t<\/div>\n\t\n<\/article>\t<article class=\"js-marker tourinsoft-item tis-box \" id=\"marker-ASCAQU064FS000FO\" data-lat=\"43.5146\" data-lng=\"-1.52088\" data-title=\"Tennis Chiberta Country Club\">\n\t<a href=\"https:\/\/www.anglet-tourisme.com\/es\/en-movimiento-en-anglet\/actividades\/anglet\/ASCAQU064FS000FO-tennis-chiberta-country-club\/\" class=\"trk_visit_single\">\n\t\t<div class=\"tis-item-cover \">\n\t\t\t\t\t\t\t\t\t<img decoding=\"async\" src=\"https:\/\/www.anglet-tourisme.com\/wp-content\/uploads\/tis\/Tennis-Chiberta-Anglet-1.jpg\" title=\"Tennis Chiberta Country Club\" alt=\"Tennis Chiberta Country Club\" loading=\"lazy\" \/>\n\t\t\t\t\t\t\t\t<div class=\"tis-item-label-container\">\n\t\t\t\t\t\t\t\t\t<!--<span class=\"tis-item-handicap\"><img decoding=\"async\" src=\"https:\/\/www.anglet-tourisme.com\/wp-content\/plugins\/tourinsoft-syndication\/assets\/images\/icon-handicap.svg\" title=\"\" alt=\"\" \/><\/span>-->\n\t\t\t\t\t\t\t\t\t\t\t<\/div>\n\t\t\t\t\t<\/div>\n\t\t\n\t\t\n\t\t\n\t\t<h3>\t\t\tTennis Chiberta Country Club\t\t<\/h3>\n\t\t\t<\/a>\n\t\n\t\t\t\t\t\t<div class=\"tis-item-tags\">\n\t\t\t\t\t\t\t\t<span class=\"tis-item-tag\">Tennis<\/span>\n\t\t\t\t\t\t\t<\/div>\n\t\t\t\t\n\t<p>Las pistas de tenis de Chiberta se encuentran situadas en un marco excepcional, entre el bosque y el mar, en medio del campo de golf y en las orillas del lago. Se&hellip;<\/p>\t\n\t<strong class=\"tis-box-city\">ANGLET<\/strong>\t\n\t<div class=\"wp-block-button is-style-outline\">\n\t\t<a href=\"https:\/\/www.anglet-tourisme.com\/es\/en-movimiento-en-anglet\/actividades\/anglet\/ASCAQU064FS000FO-tennis-chiberta-country-club\/\" class=\"trk_visit_single wp-block-button__link has-dark-color has-white-background-color \">Ver m\u00e1s<\/a>\n\t<\/div>\n\t\n<\/article>\t<article class=\"js-marker tourinsoft-item tis-box \" id=\"marker-ASCAQU064FS000FP\" data-lat=\"43.5143\" data-lng=\"-1.49907\" data-title=\"SportBall Anglet SBA\">\n\t<a href=\"https:\/\/www.anglet-tourisme.com\/es\/en-movimiento-en-anglet\/actividades\/anglet\/ASCAQU064FS000FP-sportball-anglet-sba\/\" class=\"trk_visit_single\">\n\t\t<div class=\"tis-item-cover \">\n\t\t\t\t\t\t\t\t\t<img decoding=\"async\" src=\"https:\/\/www.anglet-tourisme.com\/wp-content\/uploads\/tis\/SBA-Sportball-Anglet.jpg\" title=\"SportBall Anglet SBA\" alt=\"SportBall Anglet SBA\" loading=\"lazy\" \/>\n\t\t\t\t\t\t\t\t<div class=\"tis-item-label-container\">\n\t\t\t\t\t\t\t\t\t<!--<span class=\"tis-item-handicap\"><img decoding=\"async\" src=\"https:\/\/www.anglet-tourisme.com\/wp-content\/plugins\/tourinsoft-syndication\/assets\/images\/icon-handicap.svg\" title=\"\" alt=\"\" \/><\/span>-->\n\t\t\t\t\t\t\t\t\t\t\t<\/div>\n\t\t\t\t\t<\/div>\n\t\t\n\t\t\n\t\t\n\t\t<h3>\t\t\tSportBall Anglet SBA\t\t<\/h3>\n\t\t\t<\/a>\n\t\n\t\t\t\t\t\t<div class=\"tis-item-tags\">\n\t\t\t\t\t\t\t\t<span class=\"tis-item-tag\">Squash<\/span>\n\t\t\t\t\t\t\t<\/div>\n\t\t\t\t\n\t<p>Cerca de las playas y en los l\u00edmites del bosque de Lazaret, le esperamos en un ambiente distendido y dedicado a los deportes de pelota y raqueta. All\u00ed encontrar\u00e1 squash, raquetbol (\u00fanico&hellip;<\/p>\t\n\t<strong class=\"tis-box-city\">ANGLET<\/strong>\t\n\t<div class=\"wp-block-button is-style-outline\">\n\t\t<a href=\"https:\/\/www.anglet-tourisme.com\/es\/en-movimiento-en-anglet\/actividades\/anglet\/ASCAQU064FS000FP-sportball-anglet-sba\/\" class=\"trk_visit_single wp-block-button__link has-dark-color has-white-background-color \">Ver m\u00e1s<\/a>\n\t<\/div>\n\t\n<\/article>\t<article class=\"js-marker tourinsoft-item tis-box \" id=\"marker-ASCAQU064FS000FS\" data-lat=\"43.5016\" data-lng=\"-1.54042\" data-title=\"Anglet Beach Bask\">\n\t<a href=\"https:\/\/www.anglet-tourisme.com\/es\/en-movimiento-en-anglet\/actividades\/anglet\/ASCAQU064FS000FS-anglet-beach-bask\/\" class=\"trk_visit_single\">\n\t\t<div class=\"tis-item-cover \">\n\t\t\t\t\t\t\t\t\t<img decoding=\"async\" src=\"https:\/\/www.anglet-tourisme.com\/wp-content\/uploads\/tis\/anglet-beach-bask-01.jpg\" title=\"Anglet Beach Bask\" alt=\"Anglet Beach Bask\" loading=\"lazy\" \/>\n\t\t\t\t\t\t\t\t<div class=\"tis-item-label-container\">\n\t\t\t\t\t\t\t\t\t<!--<span class=\"tis-item-handicap\"><img decoding=\"async\" src=\"https:\/\/www.anglet-tourisme.com\/wp-content\/plugins\/tourinsoft-syndication\/assets\/images\/icon-handicap.svg\" title=\"\" alt=\"\" \/><\/span>-->\n\t\t\t\t\t\t\t\t\t\t\t<\/div>\n\t\t\t\t\t<\/div>\n\t\t\n\t\t\n\t\t\n\t\t<h3>\t\t\tAnglet Beach Bask\t\t<\/h3>\n\t\t\t<\/a>\n\t\n\t\t\t\t\t\t<div class=\"tis-item-tags\">\n\t\t\t\t\t\t\t\t<span class=\"tis-item-tag\">Beach-volley<\/span>\n\t\t\t\t\t\t\t<\/div>\n\t\t\t\t\n\t<p>La playa de Sables d\u2019Or est\u00e1 equipada en temporada con una decena de campos permanentes de Voley Playa. En esa \u00e9poca se convierte en el lugar de reuni\u00f3n de todos los aficionados&hellip;<\/p>\t\n\t<strong class=\"tis-box-city\">ANGLET<\/strong>\t\n\t<div class=\"wp-block-button is-style-outline\">\n\t\t<a href=\"https:\/\/www.anglet-tourisme.com\/es\/en-movimiento-en-anglet\/actividades\/anglet\/ASCAQU064FS000FS-anglet-beach-bask\/\" class=\"trk_visit_single wp-block-button__link has-dark-color has-white-background-color \">Ver m\u00e1s<\/a>\n\t<\/div>\n\t\n<\/article>\t<article class=\"js-marker tourinsoft-item tis-box \" id=\"marker-ASCAQU064FS000KK\" data-lat=\"43.4802\" data-lng=\"-1.51604\" data-title=\"Anglet Surf Spirit\">\n\t<a href=\"https:\/\/www.anglet-tourisme.com\/es\/en-movimiento-en-anglet\/actividades\/anglet\/ASCAQU064FS000KK-anglet-surf-spirit\/\" class=\"trk_visit_single\">\n\t\t<div class=\"tis-item-cover \">\n\t\t\t\t\t\t\t\t\t<img decoding=\"async\" src=\"https:\/\/www.anglet-tourisme.com\/wp-content\/uploads\/tis\/ANGLET-SURF-SPIRIT-04-2.jpg\" title=\"Anglet Surf Spirit\" alt=\"Anglet Surf Spirit\" loading=\"lazy\" \/>\n\t\t\t\t\t\t\t\t<div class=\"tis-item-label-container\">\n\t\t\t\t\t\t\t\t\t<!--<span class=\"tis-item-handicap\"><img decoding=\"async\" src=\"https:\/\/www.anglet-tourisme.com\/wp-content\/plugins\/tourinsoft-syndication\/assets\/images\/icon-handicap.svg\" title=\"\" alt=\"\" \/><\/span>-->\n\t\t\t\t\t\t\t\t\t\t\t<\/div>\n\t\t\t\t\t<\/div>\n\t\t\n\t\t\n\t\t\n\t\t<h3>\t\t\tAnglet Surf Spirit\t\t<\/h3>\n\t\t\t<\/a>\n\t\n\t\t\t\t\t\t<div class=\"tis-item-tags\">\n\t\t\t\t\t\t\t\t<span class=\"tis-item-tag\">Bodyboard<\/span>\n\t\t\t\t\t\t\t\t<span class=\"tis-item-tag\">Stand-up-paddle-board<\/span>\n\t\t\t\t\t\t\t\t<span class=\"tis-item-tag\">Surf<\/span>\n\t\t\t\t\t\t\t<\/div>\n\t\t\t\t\n\t<p>Escuela de surf y bodyboarding Alquiler de material. Dispone de tablas adaptadas, combinaci\u00f3n \u201cshorty\u201d e integral para todos los niveles: de principiante a competidor. Posibilidad de alojamiento a 500 m de la&hellip;<\/p>\t\n\t<strong class=\"tis-box-city\">ANGLET<\/strong>\t\n\t<div class=\"wp-block-button is-style-outline\">\n\t\t<a href=\"https:\/\/www.anglet-tourisme.com\/es\/en-movimiento-en-anglet\/actividades\/anglet\/ASCAQU064FS000KK-anglet-surf-spirit\/\" class=\"trk_visit_single wp-block-button__link has-dark-color has-white-background-color \">Ver m\u00e1s<\/a>\n\t<\/div>\n\t\n<\/article>\t<article class=\"js-marker tourinsoft-item tis-box \" id=\"marker-ASCAQU064FS000LC\" data-lat=\"43.4953\" data-lng=\"-1.54548\" data-title=\"Promenade Littorale\">\n\t<a href=\"https:\/\/www.anglet-tourisme.com\/es\/en-movimiento-en-anglet\/actividades\/anglet\/ASCAQU064FS000LC-promenade-littorale\/\" class=\"trk_visit_single\">\n\t\t<div class=\"tis-item-cover \">\n\t\t\t\t\t\t\t\t\t<img decoding=\"async\" src=\"https:\/\/www.anglet-tourisme.com\/wp-content\/uploads\/tis\/Promenade-Littorale-LM-04.jpg\" title=\"Promenade Littorale\" alt=\"Promenade Littorale\" loading=\"lazy\" \/>\n\t\t\t\t\t\t\t\t<div class=\"tis-item-label-container\">\n\t\t\t\t\t\t\t\t\t<!--<span class=\"tis-item-handicap\"><img decoding=\"async\" src=\"https:\/\/www.anglet-tourisme.com\/wp-content\/plugins\/tourinsoft-syndication\/assets\/images\/icon-handicap.svg\" title=\"\" alt=\"\" \/><\/span>-->\n\t\t\t\t\t\t\t\t\t\t\t<\/div>\n\t\t\t\t\t<\/div>\n\t\t\n\t\t\n\t\t\n\t\t<h3>\t\t\tPromenade Littorale\t\t<\/h3>\n\t\t\t<\/a>\n\t\n\t\t\t\t\t\t<div class=\"tis-item-tags\">\n\t\t\t\t\t\t\t\t<span class=\"tis-item-tag\">Randonn\u00e9e p\u00e9destre<\/span>\n\t\t\t\t\t\t\t<\/div>\n\t\t\t\t\n\t<p>Las playas de Anglet se extienden a lo largo de 4,5 km de norte a sur y est\u00e1n bordeadas por un paseo conocido como Promenade Littorale (Paseo Victor Mendiboure), que permite a&hellip;<\/p>\t\n\t<strong class=\"tis-box-city\">ANGLET<\/strong>\t\n\t<div class=\"wp-block-button is-style-outline\">\n\t\t<a href=\"https:\/\/www.anglet-tourisme.com\/es\/en-movimiento-en-anglet\/actividades\/anglet\/ASCAQU064FS000LC-promenade-littorale\/\" class=\"trk_visit_single wp-block-button__link has-dark-color has-white-background-color \">Ver m\u00e1s<\/a>\n\t<\/div>\n\t\n<\/article>\t<article class=\"js-marker tourinsoft-item tis-box \" id=\"marker-ASCAQU064FS000NN\" data-lat=\"43.4949\" data-lng=\"-1.54303\" data-title=\"Promenade des Falaises \">\n\t<a href=\"https:\/\/www.anglet-tourisme.com\/es\/en-movimiento-en-anglet\/actividades\/anglet\/ASCAQU064FS000NN-promenade-des-falaises\/\" class=\"trk_visit_single\">\n\t\t<div class=\"tis-item-cover \">\n\t\t\t\t\t\t\t\t\t<img decoding=\"async\" src=\"https:\/\/www.anglet-tourisme.com\/wp-content\/uploads\/tis\/Love-Tower-I-Love-Anglet-1RIB1341--RiBLANC.jpg\" title=\"Promenade des Falaises \" alt=\"Promenade des Falaises \" loading=\"lazy\" \/>\n\t\t\t\t\t\t\t\t<div class=\"tis-item-label-container\">\n\t\t\t\t\t\t\t\t\t<!--<span class=\"tis-item-handicap\"><img decoding=\"async\" src=\"https:\/\/www.anglet-tourisme.com\/wp-content\/plugins\/tourinsoft-syndication\/assets\/images\/icon-handicap.svg\" title=\"\" alt=\"\" \/><\/span>-->\n\t\t\t\t\t\t\t\t\t\t\t<\/div>\n\t\t\t\t\t<\/div>\n\t\t\n\t\t\n\t\t\n\t\t<h3>\t\t\tPromenade des Falaises \t\t<\/h3>\n\t\t\t<\/a>\n\t\n\t\t\t\t\t\t<div class=\"tis-item-tags\">\n\t\t\t\t\t\t\t\t<span class=\"tis-item-tag\">Randonn\u00e9e p\u00e9destre<\/span>\n\t\t\t\t\t\t\t<\/div>\n\t\t\t\t\n\t<p><\/p>\t\n\t<strong class=\"tis-box-city\">ANGLET<\/strong>\t\n\t<div class=\"wp-block-button is-style-outline\">\n\t\t<a href=\"https:\/\/www.anglet-tourisme.com\/es\/en-movimiento-en-anglet\/actividades\/anglet\/ASCAQU064FS000NN-promenade-des-falaises\/\" class=\"trk_visit_single wp-block-button__link has-dark-color has-white-background-color \">Ver m\u00e1s<\/a>\n\t<\/div>\n\t\n<\/article>\t<article class=\"js-marker tourinsoft-item tis-box \" id=\"marker-ASCAQU064FS000NP\" data-lat=\"43.5034\" data-lng=\"-1.51165\" data-title=\"Promenade en For\u00eat\">\n\t<a href=\"https:\/\/www.anglet-tourisme.com\/es\/en-movimiento-en-anglet\/actividades\/anglet\/ASCAQU064FS000NP-promenade-en-foret\/\" class=\"trk_visit_single\">\n\t\t<div class=\"tis-item-cover \">\n\t\t\t\t\t\t\t\t\t<img decoding=\"async\" src=\"https:\/\/www.anglet-tourisme.com\/wp-content\/uploads\/tis\/Running---I-love-Anglet-1RIB3195--RiBLANC.jpg\" title=\"Promenade en For\u00eat\" alt=\"Promenade en For\u00eat\" loading=\"lazy\" \/>\n\t\t\t\t\t\t\t\t<div class=\"tis-item-label-container\">\n\t\t\t\t\t\t\t\t\t<!--<span class=\"tis-item-handicap\"><img decoding=\"async\" src=\"https:\/\/www.anglet-tourisme.com\/wp-content\/plugins\/tourinsoft-syndication\/assets\/images\/icon-handicap.svg\" title=\"\" alt=\"\" \/><\/span>-->\n\t\t\t\t\t\t\t\t\t\t\t<\/div>\n\t\t\t\t\t<\/div>\n\t\t\n\t\t\n\t\t\n\t\t<h3>\t\t\tPromenade en For\u00eat\t\t<\/h3>\n\t\t\t<\/a>\n\t\n\t\t\t\t\t\t<div class=\"tis-item-tags\">\n\t\t\t\t\t\t\t\t<span class=\"tis-item-tag\">Randonn\u00e9e p\u00e9destre<\/span>\n\t\t\t\t\t\t\t<\/div>\n\t\t\t\t\n\t<p>\u00abMa e pignada per m&#8217;aida\u00bb: El mar y el bosque de pinos para ayudarme. El lema de Anglet refleja a la perfecci\u00f3n la particularidad de la ciudad, punto de encuentro entre el&hellip;<\/p>\t\n\t<strong class=\"tis-box-city\">ANGLET<\/strong>\t\n\t<div class=\"wp-block-button is-style-outline\">\n\t\t<a href=\"https:\/\/www.anglet-tourisme.com\/es\/en-movimiento-en-anglet\/actividades\/anglet\/ASCAQU064FS000NP-promenade-en-foret\/\" class=\"trk_visit_single wp-block-button__link has-dark-color has-white-background-color \">Ver m\u00e1s<\/a>\n\t<\/div>\n\t\n<\/article>\t<article class=\"js-marker tourinsoft-item tis-box \" id=\"marker-ASCAQU064FS000PJ\" data-lat=\"43.4708\" data-lng=\"-1.53548\" data-title=\"Biarritz H\u00e9licopt\u00e8re\">\n\t<a href=\"https:\/\/www.anglet-tourisme.com\/es\/en-movimiento-en-anglet\/actividades\/anglet\/ASCAQU064FS000PJ-biarritz-helicoptere\/\" class=\"trk_visit_single\">\n\t\t<div class=\"tis-item-cover \">\n\t\t\t\t\t\t\t\t\t<img decoding=\"async\" src=\"https:\/\/www.anglet-tourisme.com\/wp-content\/uploads\/tis\/Biarritz-Helicoptere-05.jpg\" title=\"Biarritz H\u00e9licopt\u00e8re\" alt=\"Biarritz H\u00e9licopt\u00e8re\" loading=\"lazy\" \/>\n\t\t\t\t\t\t\t\t<div class=\"tis-item-label-container\">\n\t\t\t\t\t\t\t\t\t<!--<span class=\"tis-item-handicap\"><img decoding=\"async\" src=\"https:\/\/www.anglet-tourisme.com\/wp-content\/plugins\/tourinsoft-syndication\/assets\/images\/icon-handicap.svg\" title=\"\" alt=\"\" \/><\/span>-->\n\t\t\t\t\t\t\t\t\t\t\t<\/div>\n\t\t\t\t\t\t<div class=\"tis-item-online-booking\">\n\t\t\t\t<span>Reservas en l\u00ednea<\/span>\n\t\t\t<\/div>\n\t\t\t\t\t<\/div>\n\t\t\n\t\t\n\t\t\n\t\t<h3>\t\t\tBiarritz H\u00e9licopt\u00e8re\t\t<\/h3>\n\t\t\t<\/a>\n\t\n\t\t\t\t\t\t<div class=\"tis-item-tags\">\n\t\t\t\t\t\t\t\t<span class=\"tis-item-tag\">Avion de tourisme<\/span>\n\t\t\t\t\t\t\t\t<span class=\"tis-item-tag\">H\u00e9licopt\u00e8re<\/span>\n\t\t\t\t\t\t\t<\/div>\n\t\t\t\t\n\t<p>Descubrimiento del Pa\u00eds Vasco, Las Landas, los Pirineos&#8230; y circuitos por etapas: de golf, gastron\u00f3micos y culturales.<\/p>\t\n\t<strong class=\"tis-box-city\">ANGLET<\/strong>\t\n\t<div class=\"wp-block-button is-style-outline\">\n\t\t<a href=\"https:\/\/www.anglet-tourisme.com\/es\/en-movimiento-en-anglet\/actividades\/anglet\/ASCAQU064FS000PJ-biarritz-helicoptere\/\" class=\"trk_visit_single wp-block-button__link has-dark-color has-white-background-color \">Ver m\u00e1s<\/a>\n\t<\/div>\n\t\n<\/article>\t<article class=\"js-marker tourinsoft-item tis-box \" id=\"marker-ASCAQU064V54B3N2\" data-lat=\"43.4948\" data-lng=\"-1.52989\" data-title=\"Location longue dur\u00e9e d\u2019un v\u00e9lo \u00e9lectrique\">\n\t<a href=\"https:\/\/www.anglet-tourisme.com\/es\/en-movimiento-en-anglet\/actividades\/anglet\/ASCAQU064V54B3N2-location-longue-duree-dun-velo-electrique\/\" class=\"trk_visit_single\">\n\t\t<div class=\"tis-item-cover \">\n\t\t\t\t\t\t\t\t\t<img decoding=\"async\" src=\"https:\/\/www.anglet-tourisme.com\/wp-content\/uploads\/tis\/Velos-a-Assistance-Electrique-Txik-Txak.jpg\" title=\"Location longue dur\u00e9e d\u2019un v\u00e9lo \u00e9lectrique\" alt=\"Location longue dur\u00e9e d\u2019un v\u00e9lo \u00e9lectrique\" loading=\"lazy\" \/>\n\t\t\t\t\t\t\t\t<div class=\"tis-item-label-container\">\n\t\t\t\t\t\t\t\t\t<!--<span class=\"tis-item-handicap\"><img decoding=\"async\" src=\"https:\/\/www.anglet-tourisme.com\/wp-content\/plugins\/tourinsoft-syndication\/assets\/images\/icon-handicap.svg\" title=\"\" alt=\"\" \/><\/span>-->\n\t\t\t\t\t\t\t\t\t\t\t<\/div>\n\t\t\t\t\t\t<div class=\"tis-item-online-booking\">\n\t\t\t\t<span>Reservas en l\u00ednea<\/span>\n\t\t\t<\/div>\n\t\t\t\t\t<\/div>\n\t\t\n\t\t\n\t\t\n\t\t<h3>\t\t\tLocation longue dur\u00e9e d\u2019un v\u00e9lo \u00e9lectrique\t\t<\/h3>\n\t\t\t<\/a>\n\t\n\t\t\t\t\t\t<div class=\"tis-item-tags\">\n\t\t\t\t\t\t\t\t<span class=\"tis-item-tag\">V\u00e9lo \u00e9lectrique<\/span>\n\t\t\t\t\t\t\t<\/div>\n\t\t\t\t\n\t<p><\/p>\t\n\t<strong class=\"tis-box-city\">ANGLET<\/strong>\t\n\t<div class=\"wp-block-button is-style-outline\">\n\t\t<a href=\"https:\/\/www.anglet-tourisme.com\/es\/en-movimiento-en-anglet\/actividades\/anglet\/ASCAQU064V54B3N2-location-longue-duree-dun-velo-electrique\/\" class=\"trk_visit_single wp-block-button__link has-dark-color has-white-background-color \">Ver m\u00e1s<\/a>\n\t<\/div>\n\t\n<\/article>\t<article class=\"js-marker tourinsoft-item tis-box \" id=\"marker-ASCAQU064V58AFVZ\" data-lat=\"43.4995\" data-lng=\"-1.54165\" data-title=\"Anglet Surf Oc\u00e9an - R\u00e9my Sanchez\">\n\t<a href=\"https:\/\/www.anglet-tourisme.com\/es\/en-movimiento-en-anglet\/actividades\/anglet\/ASCAQU064V58AFVZ-anglet-surf-ocean-remy-sanchez\/\" class=\"trk_visit_single\">\n\t\t<div class=\"tis-item-cover \">\n\t\t\t\t\t\t\t\t\t<img decoding=\"async\" src=\"https:\/\/www.anglet-tourisme.com\/wp-content\/uploads\/tis\/ecole-surf-REMI-SANCHEZ.jpg\" title=\"Anglet Surf Oc\u00e9an - R\u00e9my Sanchez\" alt=\"Anglet Surf Oc\u00e9an - R\u00e9my Sanchez\" loading=\"lazy\" \/>\n\t\t\t\t\t\t\t\t<div class=\"tis-item-label-container\">\n\t\t\t\t\t\t\t\t\t<!--<span class=\"tis-item-handicap\"><img decoding=\"async\" src=\"https:\/\/www.anglet-tourisme.com\/wp-content\/plugins\/tourinsoft-syndication\/assets\/images\/icon-handicap.svg\" title=\"\" alt=\"\" \/><\/span>-->\n\t\t\t\t\t\t\t\t\t\t\t<\/div>\n\t\t\t\t\t<\/div>\n\t\t\n\t\t\n\t\t\n\t\t<h3>\t\t\tAnglet Surf Oc\u00e9an &#8211; R\u00e9my Sanchez\t\t<\/h3>\n\t\t\t<\/a>\n\t\n\t\t\t\t\t\t<div class=\"tis-item-tags\">\n\t\t\t\t\t\t\t\t<span class=\"tis-item-tag\">Stand-up-paddle-board<\/span>\n\t\t\t\t\t\t\t\t<span class=\"tis-item-tag\">Surf<\/span>\n\t\t\t\t\t\t\t<\/div>\n\t\t\t\t\n\t<p>La escuela Anglet Surf Oc\u00e9an es m\u00f3vil y elige la playa de Anglet en funci\u00f3n de los mejores bancos de arena. Desde la Petite Chambre d&#8217;Amour hasta La Barre, encontraremos la mejor&hellip;<\/p>\t\n\t<strong class=\"tis-box-city\">ANGLET<\/strong>\t\n\t<div class=\"wp-block-button is-style-outline\">\n\t\t<a href=\"https:\/\/www.anglet-tourisme.com\/es\/en-movimiento-en-anglet\/actividades\/anglet\/ASCAQU064V58AFVZ-anglet-surf-ocean-remy-sanchez\/\" class=\"trk_visit_single wp-block-button__link has-dark-color has-white-background-color \">Ver m\u00e1s<\/a>\n\t<\/div>\n\t\n<\/article>\t<article class=\"js-marker tourinsoft-item tis-box \" id=\"marker-ASCAQU064V5A1GO0\" data-lat=\"43.5006\" data-lng=\"-1.54041\" data-title=\"Chasse au tr\u00e9sor T\u00e8rra Aventura \"Cap sur la Chambre d'Amour !\"\">\n\t<a href=\"https:\/\/www.anglet-tourisme.com\/es\/en-movimiento-en-anglet\/actividades\/anglet\/ASCAQU064V5A1GO0-chasse-au-tresor-terra-aventura-cap-sur-la-chambre-damour\/\" class=\"trk_visit_single\">\n\t\t<div class=\"tis-item-cover \">\n\t\t\t\t\t\t\t\t\t<img decoding=\"async\" src=\"https:\/\/www.anglet-tourisme.com\/wp-content\/uploads\/tis\/Terra-Aventura-I-Love-Anglet-1RIB3595--RiBLANC-2.jpg\" title=\"Chasse au tr\u00e9sor T\u00e8rra Aventura Cap sur la Chambre d'Amour !\" alt=\"Chasse au tr\u00e9sor T\u00e8rra Aventura Cap sur la Chambre d'Amour !\" loading=\"lazy\" \/>\n\t\t\t\t\t\t\t\t<div class=\"tis-item-label-container\">\n\t\t\t\t\t\t\t\t\t<!--<span class=\"tis-item-handicap\"><img decoding=\"async\" src=\"https:\/\/www.anglet-tourisme.com\/wp-content\/plugins\/tourinsoft-syndication\/assets\/images\/icon-handicap.svg\" title=\"\" alt=\"\" \/><\/span>-->\n\t\t\t\t\t\t\t\t\t\t\t<\/div>\n\t\t\t\t\t<\/div>\n\t\t\n\t\t\n\t\t\n\t\t<h3>\t\t\tChasse au tr\u00e9sor T\u00e8rra Aventura \u00abCap sur la Chambre d&#8217;Amour !\u00bb\t\t<\/h3>\n\t\t\t<\/a>\n\t\n\t\t\t\t\t\t<div class=\"tis-item-tags\">\n\t\t\t\t\t\t\t\t<span class=\"tis-item-tag\">Geocaching<\/span>\n\t\t\t\t\t\t\t<\/div>\n\t\t\t\t\n\t<p>\u00abT\u00e8rra Aventura\u00bb es un paseo original, una b\u00fasqueda del tesoro a lo largo de unos kil\u00f3metros que permite descubrir la zona, el patrimonio local y las an\u00e9cdotas, \u00a1todo jugando! Equipados con la&hellip;<\/p>\t\n\t<strong class=\"tis-box-city\">ANGLET<\/strong>\t\n\t<div class=\"wp-block-button is-style-outline\">\n\t\t<a href=\"https:\/\/www.anglet-tourisme.com\/es\/en-movimiento-en-anglet\/actividades\/anglet\/ASCAQU064V5A1GO0-chasse-au-tresor-terra-aventura-cap-sur-la-chambre-damour\/\" class=\"trk_visit_single wp-block-button__link has-dark-color has-white-background-color \">Ver m\u00e1s<\/a>\n\t<\/div>\n\t\n<\/article>\t<article class=\"js-marker tourinsoft-item tis-box \" id=\"marker-ASCAQU064V5A6KAN\" data-lat=\"43.5259\" data-lng=\"-1.52286\" data-title=\"N.A.S.A - skateboarding association -\">\n\t<a href=\"https:\/\/www.anglet-tourisme.com\/es\/en-movimiento-en-anglet\/actividades\/anglet\/ASCAQU064V5A6KAN-n-a-s-a-skateboarding-association\/\" class=\"trk_visit_single\">\n\t\t<div class=\"tis-item-cover \">\n\t\t\t\t\t\t\t\t\t<img decoding=\"async\" src=\"https:\/\/www.anglet-tourisme.com\/wp-content\/uploads\/tis\/KidsSkateSchool-Anglet-01.jpg\" title=\"N.A.S.A - skateboarding association -\" alt=\"N.A.S.A - skateboarding association -\" loading=\"lazy\" \/>\n\t\t\t\t\t\t\t\t<div class=\"tis-item-label-container\">\n\t\t\t\t\t\t\t\t\t<!--<span class=\"tis-item-handicap\"><img decoding=\"async\" src=\"https:\/\/www.anglet-tourisme.com\/wp-content\/plugins\/tourinsoft-syndication\/assets\/images\/icon-handicap.svg\" title=\"\" alt=\"\" \/><\/span>-->\n\t\t\t\t\t\t\t\t\t\t\t<\/div>\n\t\t\t\t\t<\/div>\n\t\t\n\t\t\n\t\t\n\t\t<h3>\t\t\tN.A.S.A &#8211; skateboarding association &#8211;\t\t<\/h3>\n\t\t\t<\/a>\n\t\n\t\t\t\t\t\t<div class=\"tis-item-tags\">\n\t\t\t\t\t\t\t\t<span class=\"tis-item-tag\">Sport de glisse<\/span>\n\t\t\t\t\t\t\t<\/div>\n\t\t\t\t\n\t<p>Durante las vacaciones, Kids Skate School, la escuela de skate del Pa\u00eds Vasco en colaboraci\u00f3n con la asociaci\u00f3n NASA, te ofrece cursos y talleres de skate en el skate park de La&hellip;<\/p>\t\n\t<strong class=\"tis-box-city\">ANGLET<\/strong>\t\n\t<div class=\"wp-block-button is-style-outline\">\n\t\t<a href=\"https:\/\/www.anglet-tourisme.com\/es\/en-movimiento-en-anglet\/actividades\/anglet\/ASCAQU064V5A6KAN-n-a-s-a-skateboarding-association\/\" class=\"trk_visit_single wp-block-button__link has-dark-color has-white-background-color \">Ver m\u00e1s<\/a>\n\t<\/div>\n\t\n<\/article>\t<article class=\"js-marker tourinsoft-item tis-box \" id=\"marker-ASCAQU064V5AH789\" data-lat=\"43.5035\" data-lng=\"-1.52347\" data-title=\"Les Jardins du Refuge\">\n\t<a href=\"https:\/\/www.anglet-tourisme.com\/es\/en-movimiento-en-anglet\/actividades\/anglet\/ASCAQU064V5AH789-les-jardins-du-refuge\/\" class=\"trk_visit_single\">\n\t\t<div class=\"tis-item-cover \">\n\t\t\t\t\t\t\t\t\t<img decoding=\"async\" src=\"https:\/\/www.anglet-tourisme.com\/wp-content\/uploads\/tis\/Les-Jardins-du-Refuge-1.jpg\" title=\"Les Jardins du Refuge\" alt=\"Les Jardins du Refuge\" loading=\"lazy\" \/>\n\t\t\t\t\t\t\t\t<div class=\"tis-item-label-container\">\n\t\t\t\t\t\t\t\t\t<!--<span class=\"tis-item-handicap\"><img decoding=\"async\" src=\"https:\/\/www.anglet-tourisme.com\/wp-content\/plugins\/tourinsoft-syndication\/assets\/images\/icon-handicap.svg\" title=\"\" alt=\"\" \/><\/span>-->\n\t\t\t\t\t\t\t\t\t\t\t<\/div>\n\t\t\t\t\t<\/div>\n\t\t\n\t\t\n\t\t\n\t\t<h3>\t\t\tLes Jardins du Refuge\t\t<\/h3>\n\t\t\t<\/a>\n\t\n\t\t\t\t\t\t<div class=\"tis-item-tags\">\n\t\t\t\t\t\t\t\t<span class=\"tis-item-tag\">Botanique, jardin<\/span>\n\t\t\t\t\t\t\t<\/div>\n\t\t\t\t\n\t<p>Granja social que perpet\u00faa la tradici\u00f3n hort\u00edcola de Anglet desde 1839. Patrimonio cultural privado que ofrece productos agr\u00edcolas y regionales. La tienda, el cementerio de arena y la capilla s\u00f3lo est\u00e1n abiertos&hellip;<\/p>\t\n\t<strong class=\"tis-box-city\">ANGLET<\/strong>\t\n\t<div class=\"wp-block-button is-style-outline\">\n\t\t<a href=\"https:\/\/www.anglet-tourisme.com\/es\/en-movimiento-en-anglet\/actividades\/anglet\/ASCAQU064V5AH789-les-jardins-du-refuge\/\" class=\"trk_visit_single wp-block-button__link has-dark-color has-white-background-color \">Ver m\u00e1s<\/a>\n\t<\/div>\n\t\n<\/article>\t<article class=\"js-marker tourinsoft-item tis-box \" id=\"marker-ASCAQU064V5AHFUC\" data-lat=\"43.5266\" data-lng=\"-1.51358\" data-title=\"B.A.Bike\">\n\t<a href=\"https:\/\/www.anglet-tourisme.com\/es\/en-movimiento-en-anglet\/actividades\/anglet\/ASCAQU064V5AHFUC-b-a-bike\/\" class=\"trk_visit_single\">\n\t\t<div class=\"tis-item-cover \">\n\t\t\t\t\t\t\t\t\t<img decoding=\"async\" src=\"https:\/\/www.anglet-tourisme.com\/wp-content\/uploads\/tis\/BABike-21.jpg\" title=\"B.A.Bike\" alt=\"B.A.Bike\" loading=\"lazy\" \/>\n\t\t\t\t\t\t\t\t<div class=\"tis-item-label-container\">\n\t\t\t\t\t\t\t\t\t<!--<span class=\"tis-item-handicap\"><img decoding=\"async\" src=\"https:\/\/www.anglet-tourisme.com\/wp-content\/plugins\/tourinsoft-syndication\/assets\/images\/icon-handicap.svg\" title=\"\" alt=\"\" \/><\/span>-->\n\t\t\t\t\t\t\t\t\t\t\t<\/div>\n\t\t\t\t\t<\/div>\n\t\t\n\t\t\n\t\t\n\t\t<h3>\t\t\tB.A.Bike\t\t<\/h3>\n\t\t\t<\/a>\n\t\n\t\t\t\t\t\t<div class=\"tis-item-tags\">\n\t\t\t\t\t\t\t\t<span class=\"tis-item-tag\">Cyclotourisme<\/span>\n\t\t\t\t\t\t\t\t<span class=\"tis-item-tag\">V\u00e9lo \u00e9lectrique<\/span>\n\t\t\t\t\t\t\t\t<span class=\"tis-item-tag\">VTT<\/span>\n\t\t\t\t\t\t\t<\/div>\n\t\t\t\t\n\t<p>La escuela de ciclismo ofrece aprendizaje, perfeccionamiento y acompa\u00f1amiento en bicicleta para todos los p\u00fablicos: adultos, ni\u00f1os, discapacitados, Ofrecemos cursos de bicicleta de monta\u00f1a para ni\u00f1os y paseos en bicicleta de monta\u00f1a&hellip;<\/p>\t\n\t<strong class=\"tis-box-city\">ANGLET<\/strong>\t\n\t<div class=\"wp-block-button is-style-outline\">\n\t\t<a href=\"https:\/\/www.anglet-tourisme.com\/es\/en-movimiento-en-anglet\/actividades\/anglet\/ASCAQU064V5AHFUC-b-a-bike\/\" class=\"trk_visit_single wp-block-button__link has-dark-color has-white-background-color \">Ver m\u00e1s<\/a>\n\t<\/div>\n\t\n<\/article>\t<article class=\"js-marker tourinsoft-item tis-box \" id=\"marker-ASCAQU064V5AN6C5\" data-lat=\"43.4993\" data-lng=\"-1.54302\" data-title=\"Yoga face \u00e0 l'Oc\u00e9an\">\n\t<a href=\"https:\/\/www.anglet-tourisme.com\/es\/en-movimiento-en-anglet\/actividades\/anglet\/ASCAQU064V5AN6C5-yoga-face-a-locean\/\" class=\"trk_visit_single\">\n\t\t<div class=\"tis-item-cover \">\n\t\t\t\t\t\t\t\t\t<img decoding=\"async\" src=\"https:\/\/www.anglet-tourisme.com\/wp-content\/uploads\/tis\/Yoga-Espace-de-l-Ocean-RiBLANC-05.jpg\" title=\"Yoga face \u00e0 l'Oc\u00e9an\" alt=\"Yoga face \u00e0 l'Oc\u00e9an\" loading=\"lazy\" \/>\n\t\t\t\t\t\t\t\t<div class=\"tis-item-label-container\">\n\t\t\t\t\t\t\t\t\t<!--<span class=\"tis-item-handicap\"><img decoding=\"async\" src=\"https:\/\/www.anglet-tourisme.com\/wp-content\/plugins\/tourinsoft-syndication\/assets\/images\/icon-handicap.svg\" title=\"\" alt=\"\" \/><\/span>-->\n\t\t\t\t\t\t\t\t\t\t\t<\/div>\n\t\t\t\t\t\t<div class=\"tis-item-online-booking\">\n\t\t\t\t<span>Reservas en l\u00ednea<\/span>\n\t\t\t<\/div>\n\t\t\t\t\t<\/div>\n\t\t\n\t\t\n\t\t\n\t\t<h3>\t\t\tYoga face \u00e0 l&#8217;Oc\u00e9an\t\t<\/h3>\n\t\t\t<\/a>\n\t\n\t\t\t\t\t\t<div class=\"tis-item-tags\">\n\t\t\t\t\t\t\t\t<span class=\"tis-item-tag\">Yoga<\/span>\n\t\t\t\t\t\t\t\t<span class=\"tis-item-tag\">Yoga<\/span>\n\t\t\t\t\t\t\t<\/div>\n\t\t\t\t\n\t<p>Anglet Turismo ofrece clases de yoga impartidas por profesores cualificados en la zona de la Chambre d&#8217;Amour, frente al oc\u00e9ano. Estas sesiones se desarrollan en un ambiente tranquilo donde podr\u00e1 practicar diferentes&hellip;<\/p>\t\n\t<strong class=\"tis-box-city\">ANGLET<\/strong>\t\n\t<div class=\"wp-block-button is-style-outline\">\n\t\t<a href=\"https:\/\/www.anglet-tourisme.com\/es\/en-movimiento-en-anglet\/actividades\/anglet\/ASCAQU064V5AN6C5-yoga-face-a-locean\/\" class=\"trk_visit_single wp-block-button__link has-dark-color has-white-background-color \">Ver m\u00e1s<\/a>\n\t<\/div>\n\t\n<\/article>\t<article class=\"js-marker tourinsoft-item tis-box \" id=\"marker-ASCAQU064V5B9DPH\" data-lat=\"43.5098\" data-lng=\"-1.49916\" data-title=\"L'Hermione \u00e0 Anglet\">\n\t<a href=\"https:\/\/www.anglet-tourisme.com\/es\/en-movimiento-en-anglet\/actividades\/anglet\/ASCAQU064V5B9DPH-lhermione-a-anglet\/\" class=\"trk_visit_single\">\n\t\t<div class=\"tis-item-cover \">\n\t\t\t\t\t\t\t\t\t<img decoding=\"async\" src=\"https:\/\/www.anglet-tourisme.com\/wp-content\/uploads\/tis\/Hermione-Anglet-IMG-9943.jpg\" title=\"L'Hermione \u00e0 Anglet\" alt=\"L'Hermione \u00e0 Anglet\" loading=\"lazy\" \/>\n\t\t\t\t\t\t\t\t<div class=\"tis-item-label-container\">\n\t\t\t\t\t\t\t\t\t<!--<span class=\"tis-item-handicap\"><img decoding=\"async\" src=\"https:\/\/www.anglet-tourisme.com\/wp-content\/plugins\/tourinsoft-syndication\/assets\/images\/icon-handicap.svg\" title=\"\" alt=\"\" \/><\/span>-->\n\t\t\t\t\t\t\t\t\t\t\t<\/div>\n\t\t\t\t\t\t<div class=\"tis-item-online-booking\">\n\t\t\t\t<span>Reservas en l\u00ednea<\/span>\n\t\t\t<\/div>\n\t\t\t\t\t<\/div>\n\t\t\n\t\t\n\t\t\n\t\t<h3>\t\t\tL&#8217;Hermione \u00e0 Anglet\t\t<\/h3>\n\t\t\t<\/a>\n\t\n\t\t\t\t\t\t<div class=\"tis-item-tags\">\n\t\t\t\t\t\t\t\t<span class=\"tis-item-tag\">Chantiers de restauration<\/span>\n\t\t\t\t\t\t\t<\/div>\n\t\t\t\t\n\t<p>El gran reacondicionamiento del Hermione. L&#8217;Hermione est\u00e1 siendo reacondicionado en el puerto de Bayona, en Anglet. Ha sido puesto en seco para una importante operaci\u00f3n de mantenimiento, ya que hay que realizar&hellip;<\/p>\t\n\t<strong class=\"tis-box-city\">ANGLET<\/strong>\t\n\t<div class=\"wp-block-button is-style-outline\">\n\t\t<a href=\"https:\/\/www.anglet-tourisme.com\/es\/en-movimiento-en-anglet\/actividades\/anglet\/ASCAQU064V5B9DPH-lhermione-a-anglet\/\" class=\"trk_visit_single wp-block-button__link has-dark-color has-white-background-color \">Ver m\u00e1s<\/a>\n\t<\/div>\n\t\n<\/article>\t<article class=\"js-marker tourinsoft-item tis-box \" id=\"marker-ASCAQU064V5B9QII\" data-lat=\"43.5034\" data-lng=\"-1.51169\" data-title=\"Balade entre golf et for\u00eat\">\n\t<a href=\"https:\/\/www.anglet-tourisme.com\/es\/en-movimiento-en-anglet\/actividades\/anglet\/ASCAQU064V5B9QII-balade-entre-golf-et-foret\/\" class=\"trk_visit_single\">\n\t\t<div class=\"tis-item-cover \">\n\t\t\t\t\t\t\t\t\t<img decoding=\"async\" src=\"https:\/\/www.anglet-tourisme.com\/wp-content\/uploads\/tis\/Balade-en-foret-Anglet-RiBLANC.jpg\" title=\"Balade entre golf et for\u00eat\" alt=\"Balade entre golf et for\u00eat\" loading=\"lazy\" \/>\n\t\t\t\t\t\t\t\t<div class=\"tis-item-label-container\">\n\t\t\t\t\t\t\t\t\t<!--<span class=\"tis-item-handicap\"><img decoding=\"async\" src=\"https:\/\/www.anglet-tourisme.com\/wp-content\/plugins\/tourinsoft-syndication\/assets\/images\/icon-handicap.svg\" title=\"\" alt=\"\" \/><\/span>-->\n\t\t\t\t\t\t\t\t\t\t\t<\/div>\n\t\t\t\t\t<\/div>\n\t\t\n\t\t\n\t\t\n\t\t<h3>\t\t\tBalade entre golf et for\u00eat\t\t<\/h3>\n\t\t\t<\/a>\n\t\n\t\t\t\t\t\t<div class=\"tis-item-tags\">\n\t\t\t\t\t\t\t\t<span class=\"tis-item-tag\">Randonn\u00e9e p\u00e9destre<\/span>\n\t\t\t\t\t\t\t\t<span class=\"tis-item-tag\">V\u00e9lo \u00e9lectrique<\/span>\n\t\t\t\t\t\t\t\t<span class=\"tis-item-tag\">VTT<\/span>\n\t\t\t\t\t\t\t<\/div>\n\t\t\t\t\n\t<p>Entre el campo de golf y el bosque, \u00a1sucumba al estilo de vida \u00fanico de Anglet! Salga de Montbrun a la entrada del bosque de Pignada, por la v\u00eda verde entre pinos&hellip;<\/p>\t\n\t<strong class=\"tis-box-city\">ANGLET<\/strong>\t\n\t<div class=\"wp-block-button is-style-outline\">\n\t\t<a href=\"https:\/\/www.anglet-tourisme.com\/es\/en-movimiento-en-anglet\/actividades\/anglet\/ASCAQU064V5B9QII-balade-entre-golf-et-foret\/\" class=\"trk_visit_single wp-block-button__link has-dark-color has-white-background-color \">Ver m\u00e1s<\/a>\n\t<\/div>\n\t\n<\/article>\t<article class=\"js-marker tourinsoft-item tis-box \" id=\"marker-ASCAQU064V5BAP28\" data-lat=\"43.458\" data-lng=\"-1.502\" data-title=\"Lauki - D\u00e9couverte et exp\u00e9riences Pelote Basque\">\n\t<a href=\"https:\/\/www.anglet-tourisme.com\/es\/en-movimiento-en-anglet\/actividades\/anglet\/ASCAQU064V5BAP28-lauki-decouverte-et-experiences-pelote-basque\/\" class=\"trk_visit_single\">\n\t\t<div class=\"tis-item-cover \">\n\t\t\t\t\t\t\t\t\t<img decoding=\"async\" src=\"https:\/\/www.anglet-tourisme.com\/wp-content\/uploads\/tis\/Lauki-pilota-01.jpg\" title=\"Lauki - D\u00e9couverte et exp\u00e9riences Pelote Basque\" alt=\"Lauki - D\u00e9couverte et exp\u00e9riences Pelote Basque\" loading=\"lazy\" \/>\n\t\t\t\t\t\t\t\t<div class=\"tis-item-label-container\">\n\t\t\t\t\t\t\t\t\t<!--<span class=\"tis-item-handicap\"><img decoding=\"async\" src=\"https:\/\/www.anglet-tourisme.com\/wp-content\/plugins\/tourinsoft-syndication\/assets\/images\/icon-handicap.svg\" title=\"\" alt=\"\" \/><\/span>-->\n\t\t\t\t\t\t\t\t\t\t\t<\/div>\n\t\t\t\t\t<\/div>\n\t\t\n\t\t\n\t\t\n\t\t<h3>\t\t\tLauki &#8211; D\u00e9couverte et exp\u00e9riences Pelote Basque\t\t<\/h3>\n\t\t\t<\/a>\n\t\n\t\t\t\t\t\t<div class=\"tis-item-tags\">\n\t\t\t\t\t\t\t\t<span class=\"tis-item-tag\">Pelote basque<\/span>\n\t\t\t\t\t\t\t<\/div>\n\t\t\t\t\n\t<p>La pelota vasca es el deporte rey en nuestra regi\u00f3n. Se trata de un verdadero deporte que se materializa en varios juegos. Especialidades practicadas: mano desnuda, pala, xare y chistera. Se puede&hellip;<\/p>\t\n\t<strong class=\"tis-box-city\">ANGLET<\/strong>\t\n\t<div class=\"wp-block-button is-style-outline\">\n\t\t<a href=\"https:\/\/www.anglet-tourisme.com\/es\/en-movimiento-en-anglet\/actividades\/anglet\/ASCAQU064V5BAP28-lauki-decouverte-et-experiences-pelote-basque\/\" class=\"trk_visit_single wp-block-button__link has-dark-color has-white-background-color \">Ver m\u00e1s<\/a>\n\t<\/div>\n\t\n<\/article>\t<article class=\"js-marker tourinsoft-item tis-box \" id=\"marker-ASCAQU064V5BBSIO\" data-lat=\"43.5018\" data-lng=\"-1.51078\" data-title=\"Emmanuelle Joly - Personal Surf Coach\">\n\t<a href=\"https:\/\/www.anglet-tourisme.com\/es\/en-movimiento-en-anglet\/actividades\/anglet\/ASCAQU064V5BBSIO-emmanuelle-joly-personal-surf-coach\/\" class=\"trk_visit_single\">\n\t\t<div class=\"tis-item-cover \">\n\t\t\t\t\t\t\t\t\t<img decoding=\"async\" src=\"https:\/\/www.anglet-tourisme.com\/wp-content\/uploads\/tis\/PERSONAL-SURF-COACH-01.jpg\" title=\"Emmanuelle Joly - Personal Surf Coach\" alt=\"Emmanuelle Joly - Personal Surf Coach\" loading=\"lazy\" \/>\n\t\t\t\t\t\t\t\t<div class=\"tis-item-label-container\">\n\t\t\t\t\t\t\t\t\t<!--<span class=\"tis-item-handicap\"><img decoding=\"async\" src=\"https:\/\/www.anglet-tourisme.com\/wp-content\/plugins\/tourinsoft-syndication\/assets\/images\/icon-handicap.svg\" title=\"\" alt=\"\" \/><\/span>-->\n\t\t\t\t\t\t\t\t\t\t\t<\/div>\n\t\t\t\t\t<\/div>\n\t\t\n\t\t\n\t\t\n\t\t<h3>\t\t\tEmmanuelle Joly &#8211; Personal Surf Coach\t\t<\/h3>\n\t\t\t<\/a>\n\t\n\t\t\t\t\t\t<div class=\"tis-item-tags\">\n\t\t\t\t\t\t\t\t<span class=\"tis-item-tag\">Surf<\/span>\n\t\t\t\t\t\t\t<\/div>\n\t\t\t\t\n\t<p>Surf coaching privado con recogida a domicilio (Bayona-Anglet-Biarritz). Surf coaching y surf guiding a todos los niveles con Emmanuelle Joly, 6 veces campeona de Europa y 5 veces campeona de Francia.<\/p>\t\n\t<strong class=\"tis-box-city\">ANGLET<\/strong>\t\n\t<div class=\"wp-block-button is-style-outline\">\n\t\t<a href=\"https:\/\/www.anglet-tourisme.com\/es\/en-movimiento-en-anglet\/actividades\/anglet\/ASCAQU064V5BBSIO-emmanuelle-joly-personal-surf-coach\/\" class=\"trk_visit_single wp-block-button__link has-dark-color has-white-background-color \">Ver m\u00e1s<\/a>\n\t<\/div>\n\t\n<\/article>\t<article class=\"js-marker tourinsoft-item tis-box \" id=\"marker-ASCAQU064V5BDL52\" data-lat=\"43.5263\" data-lng=\"-1.51\" data-title=\"CaptaineJ\">\n\t<a href=\"https:\/\/www.anglet-tourisme.com\/es\/en-movimiento-en-anglet\/actividades\/anglet\/ASCAQU064V5BDL52-captainej\/\" class=\"trk_visit_single\">\n\t\t<div class=\"tis-item-cover \">\n\t\t\t\t\t\t\t\t\t<img decoding=\"async\" src=\"https:\/\/www.anglet-tourisme.com\/wp-content\/uploads\/tis\/Captaine-J-01.jpg\" title=\"CaptaineJ\" alt=\"CaptaineJ\" loading=\"lazy\" \/>\n\t\t\t\t\t\t\t\t<div class=\"tis-item-label-container\">\n\t\t\t\t\t\t\t\t\t<!--<span class=\"tis-item-handicap\"><img decoding=\"async\" src=\"https:\/\/www.anglet-tourisme.com\/wp-content\/plugins\/tourinsoft-syndication\/assets\/images\/icon-handicap.svg\" title=\"\" alt=\"\" \/><\/span>-->\n\t\t\t\t\t\t\t\t\t\t\t<\/div>\n\t\t\t\t\t<\/div>\n\t\t\n\t\t\n\t\t\n\t\t<h3>\t\t\tCaptaineJ\t\t<\/h3>\n\t\t\t<\/a>\n\t\n\t\t\t\t\t\t<div class=\"tis-item-tags\">\n\t\t\t\t\t\t\t\t<span class=\"tis-item-tag\">P\u00eache en mer<\/span>\n\t\t\t\t\t\t\t<\/div>\n\t\t\t\t\n\t<p>Tras 10 a\u00f1os recorriendo el mundo en busca de los peces m\u00e1s bellos, CaptaineJ le invita a compartir su experiencia durante una jornada llena de sensaciones. Ahora gu\u00eda de pesca especializado en&hellip;<\/p>\t\n\t<strong class=\"tis-box-city\">ANGLET<\/strong>\t\n\t<div class=\"wp-block-button is-style-outline\">\n\t\t<a href=\"https:\/\/www.anglet-tourisme.com\/es\/en-movimiento-en-anglet\/actividades\/anglet\/ASCAQU064V5BDL52-captainej\/\" class=\"trk_visit_single wp-block-button__link has-dark-color has-white-background-color \">Ver m\u00e1s<\/a>\n\t<\/div>\n\t\n<\/article>\t<article class=\"js-marker tourinsoft-item tis-box \" id=\"marker-ASCAQU064V5BDLTX\" data-lat=\"43.502\" data-lng=\"-1.50985\" data-title=\"Initiation \u00e0 la Pelote Basque\">\n\t<a href=\"https:\/\/www.anglet-tourisme.com\/es\/en-movimiento-en-anglet\/actividades\/anglet\/ASCAQU064V5BDLTX-initiation-a-la-pelote-basque\/\" class=\"trk_visit_single\">\n\t\t<div class=\"tis-item-cover \">\n\t\t\t\t\t\t\t\t\t<img decoding=\"async\" src=\"https:\/\/www.anglet-tourisme.com\/wp-content\/uploads\/tis\/2022.07.19-I-LOVE-ANGLET---Pelote-Basque-08880-6.jpg\" title=\"Initiation \u00e0 la Pelote Basque\" alt=\"Initiation \u00e0 la Pelote Basque\" loading=\"lazy\" \/>\n\t\t\t\t\t\t\t\t<div class=\"tis-item-label-container\">\n\t\t\t\t\t\t\t\t\t<!--<span class=\"tis-item-handicap\"><img decoding=\"async\" src=\"https:\/\/www.anglet-tourisme.com\/wp-content\/plugins\/tourinsoft-syndication\/assets\/images\/icon-handicap.svg\" title=\"\" alt=\"\" \/><\/span>-->\n\t\t\t\t\t\t\t\t\t\t\t<\/div>\n\t\t\t\t\t\t<div class=\"tis-item-online-booking\">\n\t\t\t\t<span>Reservas en l\u00ednea<\/span>\n\t\t\t<\/div>\n\t\t\t\t\t<\/div>\n\t\t\n\t\t\n\t\t\n\t\t<h3>\t\t\tInitiation \u00e0 la Pelote Basque\t\t<\/h3>\n\t\t\t<\/a>\n\t\n\t\t\t\t\t\t<div class=\"tis-item-tags\">\n\t\t\t\t\t\t\t\t<span class=\"tis-item-tag\">Pelote basque<\/span>\n\t\t\t\t\t\t\t<\/div>\n\t\t\t\t\n\t<p>Iniciaci\u00f3n a la Pelota Vasca ofrecida por Anglet Turismo e impartida por un monitor deportivo cualificado, en la pared izquierda cubierta de Les Cigales. La pelota es el deporte rey en nuestra&hellip;<\/p>\t\n\t<strong class=\"tis-box-city\">ANGLET<\/strong>\t\n\t<div class=\"wp-block-button is-style-outline\">\n\t\t<a href=\"https:\/\/www.anglet-tourisme.com\/es\/en-movimiento-en-anglet\/actividades\/anglet\/ASCAQU064V5BDLTX-initiation-a-la-pelote-basque\/\" class=\"trk_visit_single wp-block-button__link has-dark-color has-white-background-color \">Ver m\u00e1s<\/a>\n\t<\/div>\n\t\n<\/article>\t<article class=\"js-marker tourinsoft-item tis-box \" id=\"marker-ASCAQU064V5BKS2W\" data-lat=\"43.515\" data-lng=\"-1.49799\" data-title=\"Atelier Little Anana \u2013 Design, mobilier artisanal et fabrication de planches de surf\">\n\t<a href=\"https:\/\/www.anglet-tourisme.com\/es\/en-movimiento-en-anglet\/actividades\/anglet\/ASCAQU064V5BKS2W-atelier-little-anana-design-mobilier-artisanal-et-fabrication-de-planches-de-surf\/\" class=\"trk_visit_single\">\n\t\t<div class=\"tis-item-cover \">\n\t\t\t\t\t\t\t\t\t<img decoding=\"async\" src=\"https:\/\/www.anglet-tourisme.com\/wp-content\/uploads\/tis\/LITTLE-ANANA-01.jpg\" title=\"Atelier Little Anana \u2013 Design, mobilier artisanal et fabrication de planches de surf\" alt=\"Atelier Little Anana \u2013 Design, mobilier artisanal et fabrication de planches de surf\" loading=\"lazy\" \/>\n\t\t\t\t\t\t\t\t<div class=\"tis-item-label-container\">\n\t\t\t\t\t\t\t\t\t<!--<span class=\"tis-item-handicap\"><img decoding=\"async\" src=\"https:\/\/www.anglet-tourisme.com\/wp-content\/plugins\/tourinsoft-syndication\/assets\/images\/icon-handicap.svg\" title=\"\" alt=\"\" \/><\/span>-->\n\t\t\t\t\t\t\t\t\t\t\t<\/div>\n\t\t\t\t\t<\/div>\n\t\t\n\t\t\n\t\t\n\t\t<h3>\t\t\tAtelier Little Anana \u2013 Design, mobilier artisanal et fabrication de planches de surf\t\t<\/h3>\n\t\t\t<\/a>\n\t\n\t\t\t\t\t\n\t<p>Situada entre el bosque y el oc\u00e9ano, Little Anana re\u00fane un taller de dise\u00f1o y un espacio de fabricaci\u00f3n de tablas de surf hechas a mano. La marca dise\u00f1a y fabrica muebles&hellip;<\/p>\t\n\t<strong class=\"tis-box-city\">ANGLET<\/strong>\t\n\t<div class=\"wp-block-button is-style-outline\">\n\t\t<a href=\"https:\/\/www.anglet-tourisme.com\/es\/en-movimiento-en-anglet\/actividades\/anglet\/ASCAQU064V5BKS2W-atelier-little-anana-design-mobilier-artisanal-et-fabrication-de-planches-de-surf\/\" class=\"trk_visit_single wp-block-button__link has-dark-color has-white-background-color \">Ver m\u00e1s<\/a>\n\t<\/div>\n\t\n<\/article>\t<article class=\"js-marker tourinsoft-item tis-box \" id=\"marker-ASCAQU064V5BKWLH\" data-lat=\"43.5137\" data-lng=\"-1.50515\" data-title=\"Cancha - Initiation \u00e0 la Pelote Basque\">\n\t<a href=\"https:\/\/www.anglet-tourisme.com\/es\/en-movimiento-en-anglet\/actividades\/anglet\/ASCAQU064V5BKWLH-cancha-initiation-a-la-pelote-basque\/\" class=\"trk_visit_single\">\n\t\t<div class=\"tis-item-cover \">\n\t\t\t\t\t\t\t\t\t<img decoding=\"async\" src=\"https:\/\/www.anglet-tourisme.com\/wp-content\/uploads\/tis\/cours-particulier-de-pelote-basque-avec-des-professionnels.jpg\" title=\"Cancha - Initiation \u00e0 la Pelote Basque\" alt=\"Cancha - Initiation \u00e0 la Pelote Basque\" loading=\"lazy\" \/>\n\t\t\t\t\t\t\t\t<div class=\"tis-item-label-container\">\n\t\t\t\t\t\t\t\t\t<!--<span class=\"tis-item-handicap\"><img decoding=\"async\" src=\"https:\/\/www.anglet-tourisme.com\/wp-content\/plugins\/tourinsoft-syndication\/assets\/images\/icon-handicap.svg\" title=\"\" alt=\"\" \/><\/span>-->\n\t\t\t\t\t\t\t\t\t\t\t<\/div>\n\t\t\t\t\t\t<div class=\"tis-item-online-booking\">\n\t\t\t\t<span>Reservas en l\u00ednea<\/span>\n\t\t\t<\/div>\n\t\t\t\t\t<\/div>\n\t\t\n\t\t\n\t\t\n\t\t<h3>\t\t\tCancha &#8211; Initiation \u00e0 la Pelote Basque\t\t<\/h3>\n\t\t\t<\/a>\n\t\n\t\t\t\t\t\t<div class=\"tis-item-tags\">\n\t\t\t\t\t\t\t\t<span class=\"tis-item-tag\">Pelote basque<\/span>\n\t\t\t\t\t\t\t<\/div>\n\t\t\t\t\n\t<p>Te invitamos a descubrir la Pelota Vasca durante un curso de iniciaci\u00f3n. Este deporte emblem\u00e1tico le permitir\u00e1 conocer de cerca las sensaciones que experimentan nuestros jugadores en la Cancha. A trav\u00e9s de&hellip;<\/p>\t\n\t<strong class=\"tis-box-city\">ANGLET<\/strong>\t\n\t<div class=\"wp-block-button is-style-outline\">\n\t\t<a href=\"https:\/\/www.anglet-tourisme.com\/es\/en-movimiento-en-anglet\/actividades\/anglet\/ASCAQU064V5BKWLH-cancha-initiation-a-la-pelote-basque\/\" class=\"trk_visit_single wp-block-button__link has-dark-color has-white-background-color \">Ver m\u00e1s<\/a>\n\t<\/div>\n\t\n<\/article>\t<article class=\"js-marker tourinsoft-item tis-box \" id=\"marker-ASCAQU064V5BM0JP\" data-lat=\"43.4797\" data-lng=\"-1.51907\" data-title=\"Ebiketours64 : Balades guid\u00e9es \u00e0 v\u00e9lo \u00e9lectrique\">\n\t<a href=\"https:\/\/www.anglet-tourisme.com\/es\/en-movimiento-en-anglet\/actividades\/anglet\/ASCAQU064V5BM0JP-ebiketours64-balades-guidees-a-velo-electrique\/\" class=\"trk_visit_single\">\n\t\t<div class=\"tis-item-cover \">\n\t\t\t\t\t\t\t\t\t<img decoding=\"async\" src=\"https:\/\/www.anglet-tourisme.com\/wp-content\/uploads\/tis\/love-tower-anglet-5-2.jpg\" title=\"Ebiketours64 : Balades guid\u00e9es \u00e0 v\u00e9lo \u00e9lectrique\" alt=\"Ebiketours64 : Balades guid\u00e9es \u00e0 v\u00e9lo \u00e9lectrique\" loading=\"lazy\" \/>\n\t\t\t\t\t\t\t\t<div class=\"tis-item-label-container\">\n\t\t\t\t\t\t\t\t\t<!--<span class=\"tis-item-handicap\"><img decoding=\"async\" src=\"https:\/\/www.anglet-tourisme.com\/wp-content\/plugins\/tourinsoft-syndication\/assets\/images\/icon-handicap.svg\" title=\"\" alt=\"\" \/><\/span>-->\n\t\t\t\t\t\t\t\t\t\t\t<\/div>\n\t\t\t\t\t<\/div>\n\t\t\n\t\t\n\t\t\n\t\t<h3>\t\t\tEbiketours64 : Balades guid\u00e9es \u00e0 v\u00e9lo \u00e9lectrique\t\t<\/h3>\n\t\t\t<\/a>\n\t\n\t\t\t\t\t\t<div class=\"tis-item-tags\">\n\t\t\t\t\t\t\t\t<span class=\"tis-item-tag\">V\u00e9lo \u00e9lectrique<\/span>\n\t\t\t\t\t\t\t<\/div>\n\t\t\t\t\n\t<p>Excursiones guiadas en bicicleta el\u00e9ctrica de un d\u00eda o medio d\u00eda por la Costa Vasca (de Bayona a Socoa) y el Sur de las Landas. Temas propuestos: cultura, artesan\u00eda, gastronom\u00eda local. Paseos&hellip;<\/p>\t\n\t<strong class=\"tis-box-city\">ANGLET<\/strong>\t\n\t<div class=\"wp-block-button is-style-outline\">\n\t\t<a href=\"https:\/\/www.anglet-tourisme.com\/es\/en-movimiento-en-anglet\/actividades\/anglet\/ASCAQU064V5BM0JP-ebiketours64-balades-guidees-a-velo-electrique\/\" class=\"trk_visit_single wp-block-button__link has-dark-color has-white-background-color \">Ver m\u00e1s<\/a>\n\t<\/div>\n\t\n<\/article>\t<article class=\"js-marker tourinsoft-item tis-box \" id=\"marker-ASCAQU064V5BMSR2\" data-lat=\"43.5058\" data-lng=\"-1.52363\" data-title=\"Ateliers artistiques avec Poulpykiss\">\n\t<a href=\"https:\/\/www.anglet-tourisme.com\/es\/en-movimiento-en-anglet\/actividades\/anglet\/ASCAQU064V5BMSR2-ateliers-artistiques-avec-poulpykiss\/\" class=\"trk_visit_single\">\n\t\t<div class=\"tis-item-cover \">\n\t\t\t\t\t\t\t\t\t<img decoding=\"async\" src=\"https:\/\/www.anglet-tourisme.com\/wp-content\/uploads\/tis\/Ateliers-artistiques-avec-Poulpykiss-03.jpg\" title=\"Ateliers artistiques avec Poulpykiss\" alt=\"Ateliers artistiques avec Poulpykiss\" loading=\"lazy\" \/>\n\t\t\t\t\t\t\t\t<div class=\"tis-item-label-container\">\n\t\t\t\t\t\t\t\t\t<!--<span class=\"tis-item-handicap\"><img decoding=\"async\" src=\"https:\/\/www.anglet-tourisme.com\/wp-content\/plugins\/tourinsoft-syndication\/assets\/images\/icon-handicap.svg\" title=\"\" alt=\"\" \/><\/span>-->\n\t\t\t\t\t\t\t\t\t\t\t<\/div>\n\t\t\t\t\t\t<div class=\"tis-item-online-booking\">\n\t\t\t\t<span>Reservas en l\u00ednea<\/span>\n\t\t\t<\/div>\n\t\t\t\t\t<\/div>\n\t\t\n\t\t\n\t\t\n\t\t<h3>\t\t\tAteliers artistiques avec Poulpykiss\t\t<\/h3>\n\t\t\t<\/a>\n\t\n\t\t\t\t\t\t<div class=\"tis-item-tags\">\n\t\t\t\t\t\t\t\t<span class=\"tis-item-tag\">Peintures arts graphiques<\/span>\n\t\t\t\t\t\t\t\t<span class=\"tis-item-tag\">Poterie<\/span>\n\t\t\t\t\t\t\t\t<span class=\"tis-item-tag\">Sculpture<\/span>\n\t\t\t\t\t\t\t<\/div>\n\t\t\t\t\n\t<p>La pintora y escultora Virginie C\u00e9taire, alias Poulpykiss, ofrece talleres de arte para ni\u00f1os de 5 a 14 a\u00f1os. El programa incluye pintura, modelado, escultura, creaci\u00f3n de m\u00f3viles y t\u00f3tems, todo ello&hellip;<\/p>\t\n\t<strong class=\"tis-box-city\">ANGLET<\/strong>\t\n\t<div class=\"wp-block-button is-style-outline\">\n\t\t<a href=\"https:\/\/www.anglet-tourisme.com\/es\/en-movimiento-en-anglet\/actividades\/anglet\/ASCAQU064V5BMSR2-ateliers-artistiques-avec-poulpykiss\/\" class=\"trk_visit_single wp-block-button__link has-dark-color has-white-background-color \">Ver m\u00e1s<\/a>\n\t<\/div>\n\t\n<\/article>\t<article class=\"js-marker tourinsoft-item tis-box \" id=\"marker-ASCAQU064V5BN823\" data-lat=\"43.5279\" data-lng=\"-1.52145\" data-title=\"Chasse au tr\u00e9sor T\u00e8rra Aventura \"Touche pas \u00e0 mon Pignada !\"\">\n\t<a href=\"https:\/\/www.anglet-tourisme.com\/es\/en-movimiento-en-anglet\/actividades\/anglet\/ASCAQU064V5BN823-chasse-au-tresor-terra-aventura-touche-pas-a-mon-pignada\/\" class=\"trk_visit_single\">\n\t\t<div class=\"tis-item-cover \">\n\t\t\t\t\t\t\t\t\t<img decoding=\"async\" src=\"https:\/\/www.anglet-tourisme.com\/wp-content\/uploads\/tis\/Terra-Aventura-Anglet--RIB7602-Modifier--RiBLANC--1-.jpg\" title=\"Chasse au tr\u00e9sor T\u00e8rra Aventura Touche pas \u00e0 mon Pignada !\" alt=\"Chasse au tr\u00e9sor T\u00e8rra Aventura Touche pas \u00e0 mon Pignada !\" loading=\"lazy\" \/>\n\t\t\t\t\t\t\t\t<div class=\"tis-item-label-container\">\n\t\t\t\t\t\t\t\t\t<!--<span class=\"tis-item-handicap\"><img decoding=\"async\" src=\"https:\/\/www.anglet-tourisme.com\/wp-content\/plugins\/tourinsoft-syndication\/assets\/images\/icon-handicap.svg\" title=\"\" alt=\"\" \/><\/span>-->\n\t\t\t\t\t\t\t\t\t\t\t<\/div>\n\t\t\t\t\t<\/div>\n\t\t\n\t\t\n\t\t\n\t\t<h3>\t\t\tChasse au tr\u00e9sor T\u00e8rra Aventura \u00abTouche pas \u00e0 mon Pignada !\u00bb\t\t<\/h3>\n\t\t\t<\/a>\n\t\n\t\t\t\t\t\t<div class=\"tis-item-tags\">\n\t\t\t\t\t\t\t\t<span class=\"tis-item-tag\">Geocaching<\/span>\n\t\t\t\t\t\t\t<\/div>\n\t\t\t\t\n\t<p>\u00abT\u00e8rra Aventura\u00bb es un paseo original, una b\u00fasqueda del tesoro de unos pocos kil\u00f3metros que permite descubrir la zona, el patrimonio local y las an\u00e9cdotas, \u00a1todo jugando! \u00a1Armados con la aplicaci\u00f3n para&hellip;<\/p>\t\n\t<strong class=\"tis-box-city\">ANGLET<\/strong>\t\n\t<div class=\"wp-block-button is-style-outline\">\n\t\t<a href=\"https:\/\/www.anglet-tourisme.com\/es\/en-movimiento-en-anglet\/actividades\/anglet\/ASCAQU064V5BN823-chasse-au-tresor-terra-aventura-touche-pas-a-mon-pignada\/\" class=\"trk_visit_single wp-block-button__link has-dark-color has-white-background-color \">Ver m\u00e1s<\/a>\n\t<\/div>\n\t\n<\/article>\t<article class=\"js-marker tourinsoft-item tis-box \" id=\"marker-ASCAQU064V5BV6W9\" data-lat=\"43.4951\" data-lng=\"-1.52952\" data-title=\"Ateliers d'\u00e9criture pour adultes et pour enfants\">\n\t<a href=\"https:\/\/www.anglet-tourisme.com\/es\/en-movimiento-en-anglet\/actividades\/anglet\/ASCAQU064V5BV6W9-ateliers-decriture-pour-adultes-et-pour-enfants\/\" class=\"trk_visit_single\">\n\t\t<div class=\"tis-item-cover \">\n\t\t\t\t\t\t\t\t\t<img decoding=\"async\" src=\"https:\/\/www.anglet-tourisme.com\/wp-content\/uploads\/tis\/ateliers-ecriture-anglet-01-2.jpg\" title=\"Ateliers d'\u00e9criture pour adultes et pour enfants\" alt=\"Ateliers d'\u00e9criture pour adultes et pour enfants\" loading=\"lazy\" \/>\n\t\t\t\t\t\t\t\t<div class=\"tis-item-label-container\">\n\t\t\t\t\t\t\t\t\t<!--<span class=\"tis-item-handicap\"><img decoding=\"async\" src=\"https:\/\/www.anglet-tourisme.com\/wp-content\/plugins\/tourinsoft-syndication\/assets\/images\/icon-handicap.svg\" title=\"\" alt=\"\" \/><\/span>-->\n\t\t\t\t\t\t\t\t\t\t\t<\/div>\n\t\t\t\t\t<\/div>\n\t\t\n\t\t\n\t\t\n\t\t<h3>\t\t\tAteliers d&#8217;\u00e9criture pour adultes et pour enfants\t\t<\/h3>\n\t\t\t<\/a>\n\t\n\t\t\t\t\t\t<div class=\"tis-item-tags\">\n\t\t\t\t\t\t\t\t<span class=\"tis-item-tag\">Litt\u00e9rature<\/span>\n\t\t\t\t\t\t\t<\/div>\n\t\t\t\t\n\t<p>Ofrezco talleres de escritura para adultos y talleres de escritura para ni\u00f1os, en grupos reducidos. Para adultos, hay sesiones mensuales de 3 horas, o incluso sesiones de 2, 3 d\u00edas o una&hellip;<\/p>\t\n\t<strong class=\"tis-box-city\">ANGLET<\/strong>\t\n\t<div class=\"wp-block-button is-style-outline\">\n\t\t<a href=\"https:\/\/www.anglet-tourisme.com\/es\/en-movimiento-en-anglet\/actividades\/anglet\/ASCAQU064V5BV6W9-ateliers-decriture-pour-adultes-et-pour-enfants\/\" class=\"trk_visit_single wp-block-button__link has-dark-color has-white-background-color \">Ver m\u00e1s<\/a>\n\t<\/div>\n\t\n<\/article>\t<article class=\"js-marker tourinsoft-item tis-box \" id=\"marker-ASCAQU064V5C10NV\" data-lat=\"43.5057\" data-lng=\"-1.49638\" data-title=\"L\u00e9omih C\u00e9ramique\">\n\t<a href=\"https:\/\/www.anglet-tourisme.com\/es\/en-movimiento-en-anglet\/actividades\/anglet\/ASCAQU064V5C10NV-leomih-ceramique\/\" class=\"trk_visit_single\">\n\t\t<div class=\"tis-item-cover \">\n\t\t\t\t\t\t\t\t\t<img decoding=\"async\" src=\"https:\/\/www.anglet-tourisme.com\/wp-content\/uploads\/tis\/Leomih-Ceramique-08.jpg\" title=\"L\u00e9omih C\u00e9ramique\" alt=\"L\u00e9omih C\u00e9ramique\" loading=\"lazy\" \/>\n\t\t\t\t\t\t\t\t<div class=\"tis-item-label-container\">\n\t\t\t\t\t\t\t\t\t<!--<span class=\"tis-item-handicap\"><img decoding=\"async\" src=\"https:\/\/www.anglet-tourisme.com\/wp-content\/plugins\/tourinsoft-syndication\/assets\/images\/icon-handicap.svg\" title=\"\" alt=\"\" \/><\/span>-->\n\t\t\t\t\t\t\t\t\t\t\t<\/div>\n\t\t\t\t\t<\/div>\n\t\t\n\t\t\n\t\t\n\t\t<h3>\t\t\tL\u00e9omih C\u00e9ramique\t\t<\/h3>\n\t\t\t<\/a>\n\t\n\t\t\t\t\t\t<div class=\"tis-item-tags\">\n\t\t\t\t\t\t\t\t<span class=\"tis-item-tag\">C\u00e9ramique<\/span>\n\t\t\t\t\t\t\t<\/div>\n\t\t\t\t\n\t<p>Descubra el mundo de L\u00e9omih, donde la dise\u00f1adora Lisa Tran revisita objetos de cer\u00e1mica cotidianos. Jugando con asas de gran tama\u00f1o, texturas variadas y salpicaduras de color, Lisa utiliza el gres por&hellip;<\/p>\t\n\t<strong class=\"tis-box-city\">ANGLET<\/strong>\t\n\t<div class=\"wp-block-button is-style-outline\">\n\t\t<a href=\"https:\/\/www.anglet-tourisme.com\/es\/en-movimiento-en-anglet\/actividades\/anglet\/ASCAQU064V5C10NV-leomih-ceramique\/\" class=\"trk_visit_single wp-block-button__link has-dark-color has-white-background-color \">Ver m\u00e1s<\/a>\n\t<\/div>\n\t\n<\/article>\t<article class=\"js-marker tourinsoft-item tis-box \" id=\"marker-ASCAQU064V5C9NJE\" data-lat=\"43.5193\" data-lng=\"-1.49997\" data-title=\"Les Ateliers de La Maison Zabaldu\">\n\t<a href=\"https:\/\/www.anglet-tourisme.com\/es\/en-movimiento-en-anglet\/actividades\/anglet\/ASCAQU064V5C9NJE-les-ateliers-de-la-maison-zabaldu\/\" class=\"trk_visit_single\">\n\t\t<div class=\"tis-item-cover \">\n\t\t\t\t\t\t\t\t\t<img decoding=\"async\" src=\"https:\/\/www.anglet-tourisme.com\/wp-content\/uploads\/tis\/La-Maison-Zabaldu.jpg\" title=\"Les Ateliers de La Maison Zabaldu\" alt=\"Les Ateliers de La Maison Zabaldu\" loading=\"lazy\" \/>\n\t\t\t\t\t\t\t\t<div class=\"tis-item-label-container\">\n\t\t\t\t\t\t\t\t\t<!--<span class=\"tis-item-handicap\"><img decoding=\"async\" src=\"https:\/\/www.anglet-tourisme.com\/wp-content\/plugins\/tourinsoft-syndication\/assets\/images\/icon-handicap.svg\" title=\"\" alt=\"\" \/><\/span>-->\n\t\t\t\t\t\t\t\t\t\t\t<\/div>\n\t\t\t\t\t\t<div class=\"tis-item-online-booking\">\n\t\t\t\t<span>Reservas en l\u00ednea<\/span>\n\t\t\t<\/div>\n\t\t\t\t\t<\/div>\n\t\t\n\t\t\n\t\t\n\t\t<h3>\t\t\tLes Ateliers de La Maison Zabaldu\t\t<\/h3>\n\t\t\t<\/a>\n\t\n\t\t\t\t\t\n\t<p>Los talleres de La Maison Zabaldu le invitan a explorar diversos materiales y aprender t\u00e9cnicas artesanales en un entorno c\u00e1lido e inspirador. Estas experiencias de aprendizaje pr\u00e1ctico est\u00e1n dirigidas tanto a principiantes&hellip;<\/p>\t\n\t<strong class=\"tis-box-city\">ANGLET<\/strong>\t\n\t<div class=\"wp-block-button is-style-outline\">\n\t\t<a href=\"https:\/\/www.anglet-tourisme.com\/es\/en-movimiento-en-anglet\/actividades\/anglet\/ASCAQU064V5C9NJE-les-ateliers-de-la-maison-zabaldu\/\" class=\"trk_visit_single wp-block-button__link has-dark-color has-white-background-color \">Ver m\u00e1s<\/a>\n\t<\/div>\n\t\n<\/article>\t<article class=\"js-marker tourinsoft-item tis-box \" id=\"marker-ASCAQU064V5CA24F\" data-lat=\"43.4643\" data-lng=\"-1.50429\" data-title=\"Fluid Immersion\">\n\t<a href=\"https:\/\/www.anglet-tourisme.com\/es\/en-movimiento-en-anglet\/actividades\/anglet\/ASCAQU064V5CA24F-fluid-immersion\/\" class=\"trk_visit_single\">\n\t\t<div class=\"tis-item-cover \">\n\t\t\t\t\t\t\t\t\t<img decoding=\"async\" src=\"https:\/\/www.anglet-tourisme.com\/wp-content\/uploads\/tis\/Fluid-immersion-1.jpg\" title=\"Fluid Immersion\" alt=\"Fluid Immersion\" loading=\"lazy\" \/>\n\t\t\t\t\t\t\t\t<div class=\"tis-item-label-container\">\n\t\t\t\t\t\t\t\t\t<!--<span class=\"tis-item-handicap\"><img decoding=\"async\" src=\"https:\/\/www.anglet-tourisme.com\/wp-content\/plugins\/tourinsoft-syndication\/assets\/images\/icon-handicap.svg\" title=\"\" alt=\"\" \/><\/span>-->\n\t\t\t\t\t\t\t\t\t\t\t<\/div>\n\t\t\t\t\t<\/div>\n\t\t\n\t\t\n\t\t\n\t\t<h3>\t\t\tFluid Immersion\t\t<\/h3>\n\t\t\t<\/a>\n\t\n\t\t\t\t\t\t<div class=\"tis-item-tags\">\n\t\t\t\t\t\t\t\t<span class=\"tis-item-tag\">\u0152nologie<\/span>\n\t\t\t\t\t\t\t<\/div>\n\t\t\t\t\n\t<p>Cata a domicilio. Taller de iniciaci\u00f3n a la cata y la enolog\u00eda. Varias opciones disponibles: una simple introducci\u00f3n, una cata completa con actividades sensoriales, maridaje de tapas o una experiencia con un&hellip;<\/p>\t\n\t<strong class=\"tis-box-city\">ANGLET<\/strong>\t\n\t<div class=\"wp-block-button is-style-outline\">\n\t\t<a href=\"https:\/\/www.anglet-tourisme.com\/es\/en-movimiento-en-anglet\/actividades\/anglet\/ASCAQU064V5CA24F-fluid-immersion\/\" class=\"trk_visit_single wp-block-button__link has-dark-color has-white-background-color \">Ver m\u00e1s<\/a>\n\t<\/div>\n\t\n<\/article>\t<article class=\"js-marker tourinsoft-item tis-box \" id=\"marker-ASCAQU064V5CBOR3\" data-lat=\"43.5206\" data-lng=\"-1.51952\" data-title=\"Nahetrail - Run touristique\">\n\t<a href=\"https:\/\/www.anglet-tourisme.com\/es\/en-movimiento-en-anglet\/actividades\/anglet\/ASCAQU064V5CBOR3-nahetrail-run-touristique\/\" class=\"trk_visit_single\">\n\t\t<div class=\"tis-item-cover \">\n\t\t\t\t\t\t\t\t\t<img decoding=\"async\" src=\"https:\/\/www.anglet-tourisme.com\/wp-content\/uploads\/tis\/nahetrail-anglet-01.jpg\" title=\"Nahetrail - Run touristique\" alt=\"Nahetrail - Run touristique\" loading=\"lazy\" \/>\n\t\t\t\t\t\t\t\t<div class=\"tis-item-label-container\">\n\t\t\t\t\t\t\t\t\t<!--<span class=\"tis-item-handicap\"><img decoding=\"async\" src=\"https:\/\/www.anglet-tourisme.com\/wp-content\/plugins\/tourinsoft-syndication\/assets\/images\/icon-handicap.svg\" title=\"\" alt=\"\" \/><\/span>-->\n\t\t\t\t\t\t\t\t\t\t\t<\/div>\n\t\t\t\t\t<\/div>\n\t\t\n\t\t\n\t\t\n\t\t<h3>\t\t\tNahetrail &#8211; Run touristique\t\t<\/h3>\n\t\t\t<\/a>\n\t\n\t\t\t\t\t\t<div class=\"tis-item-tags\">\n\t\t\t\t\t\t\t\t<span class=\"tis-item-tag\">Randonn\u00e9e p\u00e9destre<\/span>\n\t\t\t\t\t\t\t\t<span class=\"tis-item-tag\">Trail<\/span>\n\t\t\t\t\t\t\t<\/div>\n\t\t\t\t\n\t<p>Aficionado al trail y al senderismo desde hace muchos a\u00f1os, me gustar\u00eda proponerle una experiencia original: la carrera tur\u00edstica. Mucho m\u00e1s que una salida deportiva, el trail running se convierte en una&hellip;<\/p>\t\n\t<strong class=\"tis-box-city\">ANGLET<\/strong>\t\n\t<div class=\"wp-block-button is-style-outline\">\n\t\t<a href=\"https:\/\/www.anglet-tourisme.com\/es\/en-movimiento-en-anglet\/actividades\/anglet\/ASCAQU064V5CBOR3-nahetrail-run-touristique\/\" class=\"trk_visit_single wp-block-button__link has-dark-color has-white-background-color \">Ver m\u00e1s<\/a>\n\t<\/div>\n\t\n<\/article>\t<article class=\"js-marker tourinsoft-item tis-box \" id=\"marker-LOIAQU064FS00001\" data-lat=\"43.4894\" data-lng=\"-1.50927\" data-title=\"Centre aquatique El Hogar\">\n\t<a href=\"https:\/\/www.anglet-tourisme.com\/es\/en-movimiento-en-anglet\/actividades\/anglet\/LOIAQU064FS00001-centre-aquatique-el-hogar\/\" class=\"trk_visit_single\">\n\t\t<div class=\"tis-item-cover \">\n\t\t\t\t\t\t\t\t\t<img decoding=\"async\" src=\"https:\/\/www.anglet-tourisme.com\/wp-content\/uploads\/tis\/centre-aquatique-el-hogar-2025-1.jpg\" title=\"Centre aquatique El Hogar\" alt=\"Centre aquatique El Hogar\" loading=\"lazy\" \/>\n\t\t\t\t\t\t\t\t<div class=\"tis-item-label-container\">\n\t\t\t\t\t\t\t\t\t<!--<span class=\"tis-item-handicap\"><img decoding=\"async\" src=\"https:\/\/www.anglet-tourisme.com\/wp-content\/plugins\/tourinsoft-syndication\/assets\/images\/icon-handicap.svg\" title=\"\" alt=\"\" \/><\/span>-->\n\t\t\t\t\t\t\t\t\t\t\t<\/div>\n\t\t\t\t\t<\/div>\n\t\t\n\t\t\n\t\t\n\t\t<h3>\t\t\tCentre aquatique El Hogar\t\t<\/h3>\n\t\t\t<\/a>\n\t\n\t\t\t\t\t\t<div class=\"tis-item-tags\">\n\t\t\t\t\t\t\t\t<span class=\"tis-item-tag\">Piscine<\/span>\n\t\t\t\t\t\t\t<\/div>\n\t\t\t\t\n\t<p>Plongez dans l\u2019univers El Hogar, votre nouveau centre aquatique \u00e0 Anglet !Envie de sport, de d\u00e9tente ou de moments en famille ? El Hogar est LE spot aquatique qui vous accueille dans&hellip;<\/p>\t\n\t<strong class=\"tis-box-city\">ANGLET<\/strong>\t\n\t<div class=\"wp-block-button is-style-outline\">\n\t\t<a href=\"https:\/\/www.anglet-tourisme.com\/es\/en-movimiento-en-anglet\/actividades\/anglet\/LOIAQU064FS00001-centre-aquatique-el-hogar\/\" class=\"trk_visit_single wp-block-button__link has-dark-color has-white-background-color \">Ver m\u00e1s<\/a>\n\t<\/div>\n\t\n<\/article>\t<article class=\"js-marker tourinsoft-item tis-box \" id=\"marker-LOIAQU064FS00020\" data-lat=\"43.5131\" data-lng=\"-1.52442\" data-title=\"Golf de Chiberta\">\n\t<a href=\"https:\/\/www.anglet-tourisme.com\/es\/en-movimiento-en-anglet\/actividades\/anglet\/LOIAQU064FS00020-golf-de-chiberta\/\" class=\"trk_visit_single\">\n\t\t<div class=\"tis-item-cover \">\n\t\t\t\t\t\t\t\t\t<img decoding=\"async\" src=\"https:\/\/www.anglet-tourisme.com\/wp-content\/uploads\/tis\/Golf-de-Chiberta-13.jpg\" title=\"Golf de Chiberta\" alt=\"Golf de Chiberta\" loading=\"lazy\" \/>\n\t\t\t\t\t\t\t\t<div class=\"tis-item-label-container\">\n\t\t\t\t\t\t\t\t\t<!--<span class=\"tis-item-handicap\"><img decoding=\"async\" src=\"https:\/\/www.anglet-tourisme.com\/wp-content\/plugins\/tourinsoft-syndication\/assets\/images\/icon-handicap.svg\" title=\"\" alt=\"\" \/><\/span>-->\n\t\t\t\t\t\t\t\t\t\t\t<\/div>\n\t\t\t\t\t<\/div>\n\t\t\n\t\t\n\t\t\n\t\t<h3>\t\t\tGolf de Chiberta\t\t<\/h3>\n\t\t\t<\/a>\n\t\n\t\t\t\t\t\t<div class=\"tis-item-tags\">\n\t\t\t\t\t\t\t\t<span class=\"tis-item-tag\">Golf<\/span>\n\t\t\t\t\t\t\t<\/div>\n\t\t\t\t\n\t<p>Quiz\u00e1s el campo m\u00e1s hermoso de la regi\u00f3n, el campo de golf de Chiberta se reparte entre el pinar y la orilla del mar, en el esp\u00edritu m\u00e1s puro de los links&hellip;<\/p>\t\n\t<strong class=\"tis-box-city\">ANGLET<\/strong>\t\n\t<div class=\"wp-block-button is-style-outline\">\n\t\t<a href=\"https:\/\/www.anglet-tourisme.com\/es\/en-movimiento-en-anglet\/actividades\/anglet\/LOIAQU064FS00020-golf-de-chiberta\/\" class=\"trk_visit_single wp-block-button__link has-dark-color has-white-background-color \">Ver m\u00e1s<\/a>\n\t<\/div>\n\t\n<\/article>\t<article class=\"js-marker tourinsoft-item tis-box \" id=\"marker-LOIAQU064FS0003U\" data-lat=\"43.5254\" data-lng=\"-1.50734\" data-title=\"Port de plaisance du Brise-Lames\">\n\t<a href=\"https:\/\/www.anglet-tourisme.com\/es\/en-movimiento-en-anglet\/actividades\/anglet\/LOIAQU064FS0003U-port-de-plaisance-du-brise-lames\/\" class=\"trk_visit_single\">\n\t\t<div class=\"tis-item-cover \">\n\t\t\t\t\t\t\t\t\t<img decoding=\"async\" src=\"https:\/\/www.anglet-tourisme.com\/wp-content\/uploads\/tis\/port-plaisance-brises-lames-2.jpg\" title=\"Port de plaisance du Brise-Lames\" alt=\"Port de plaisance du Brise-Lames\" loading=\"lazy\" \/>\n\t\t\t\t\t\t\t\t<div class=\"tis-item-label-container\">\n\t\t\t\t\t\t\t\t\t<!--<span class=\"tis-item-handicap\"><img decoding=\"async\" src=\"https:\/\/www.anglet-tourisme.com\/wp-content\/plugins\/tourinsoft-syndication\/assets\/images\/icon-handicap.svg\" title=\"\" alt=\"\" \/><\/span>-->\n\t\t\t\t\t\t\t\t\t\t\t<\/div>\n\t\t\t\t\t<\/div>\n\t\t\n\t\t\n\t\t\n\t\t<h3>\t\t\tPort de plaisance du Brise-Lames\t\t<\/h3>\n\t\t\t<\/a>\n\t\n\t\t\t\t\t\t<div class=\"tis-item-tags\">\n\t\t\t\t\t\t\t\t<span class=\"tis-item-tag\">Port de plaisance<\/span>\n\t\t\t\t\t\t\t<\/div>\n\t\t\t\t\n\t<p>Situado en la orilla izquierda del Adour, a 700 m de su desembocadura, el puerto deportivo de Brise-Lames se extiende a lo largo del canal, protegido por dos diques de escollera. Ofrece&hellip;<\/p>\t\n\t<strong class=\"tis-box-city\">ANGLET<\/strong>\t\n\t<div class=\"wp-block-button is-style-outline\">\n\t\t<a href=\"https:\/\/www.anglet-tourisme.com\/es\/en-movimiento-en-anglet\/actividades\/anglet\/LOIAQU064FS0003U-port-de-plaisance-du-brise-lames\/\" class=\"trk_visit_single wp-block-button__link has-dark-color has-white-background-color \">Ver m\u00e1s<\/a>\n\t<\/div>\n\t\n<\/article>\t<article class=\"js-marker tourinsoft-item tis-box \" id=\"marker-LOIAQU064FS00043\" data-lat=\"43.5269\" data-lng=\"-1.52211\" data-title=\"Patinoire de La Barre\">\n\t<a href=\"https:\/\/www.anglet-tourisme.com\/es\/en-movimiento-en-anglet\/actividades\/anglet\/LOIAQU064FS00043-patinoire-de-la-barre\/\" class=\"trk_visit_single\">\n\t\t<div class=\"tis-item-cover \">\n\t\t\t\t\t\t\t\t\t<img decoding=\"async\" src=\"https:\/\/www.anglet-tourisme.com\/wp-content\/uploads\/tis\/Hormadi-Anglet-1RIB9879--RiBLANC.jpg\" title=\"Patinoire de La Barre\" alt=\"Patinoire de La Barre\" loading=\"lazy\" \/>\n\t\t\t\t\t\t\t\t<div class=\"tis-item-label-container\">\n\t\t\t\t\t\t\t\t\t<!--<span class=\"tis-item-handicap\"><img decoding=\"async\" src=\"https:\/\/www.anglet-tourisme.com\/wp-content\/plugins\/tourinsoft-syndication\/assets\/images\/icon-handicap.svg\" title=\"\" alt=\"\" \/><\/span>-->\n\t\t\t\t\t\t\t\t\t\t\t<\/div>\n\t\t\t\t\t<\/div>\n\t\t\n\t\t\n\t\t\n\t\t<h3>\t\t\tPatinoire de La Barre\t\t<\/h3>\n\t\t\t<\/a>\n\t\n\t\t\t\t\t\t<div class=\"tis-item-tags\">\n\t\t\t\t\t\t\t\t<span class=\"tis-item-tag\">Patinoire<\/span>\n\t\t\t\t\t\t\t<\/div>\n\t\t\t\t\n\t<p>La pista de patinaje de La Barre es toda una sorpresa. En un per\u00edmetro de 200 km, es la \u00fanica pista en la que se pueden practicar deportes de hielo, gracias a&hellip;<\/p>\t\n\t<strong class=\"tis-box-city\">ANGLET<\/strong>\t\n\t<div class=\"wp-block-button is-style-outline\">\n\t\t<a href=\"https:\/\/www.anglet-tourisme.com\/es\/en-movimiento-en-anglet\/actividades\/anglet\/LOIAQU064FS00043-patinoire-de-la-barre\/\" class=\"trk_visit_single wp-block-button__link has-dark-color has-white-background-color \">Ver m\u00e1s<\/a>\n\t<\/div>\n\t\n<\/article>\t<article class=\"js-marker tourinsoft-item tis-box \" id=\"marker-LOIAQU064FS0004V\" data-lat=\"43.4836\" data-lng=\"-1.50631\" data-title=\"Moncin\u00e9\">\n\t<a href=\"https:\/\/www.anglet-tourisme.com\/es\/en-movimiento-en-anglet\/actividades\/anglet\/LOIAQU064FS0004V-moncine\/\" class=\"trk_visit_single\">\n\t\t<div class=\"tis-item-cover \">\n\t\t\t\t\t\t\t\t\t<img decoding=\"async\" src=\"https:\/\/www.anglet-tourisme.com\/wp-content\/uploads\/tis\/moncine-anglet-02.jpg\" title=\"Moncin\u00e9\" alt=\"Moncin\u00e9\" loading=\"lazy\" \/>\n\t\t\t\t\t\t\t\t<div class=\"tis-item-label-container\">\n\t\t\t\t\t\t\t\t\t<!--<span class=\"tis-item-handicap\"><img decoding=\"async\" src=\"https:\/\/www.anglet-tourisme.com\/wp-content\/plugins\/tourinsoft-syndication\/assets\/images\/icon-handicap.svg\" title=\"\" alt=\"\" \/><\/span>-->\n\t\t\t\t\t\t\t\t\t\t\t<\/div>\n\t\t\t\t\t<\/div>\n\t\t\n\t\t\n\t\t\n\t\t<h3>\t\t\tMoncin\u00e9\t\t<\/h3>\n\t\t\t<\/a>\n\t\n\t\t\t\t\t\t<div class=\"tis-item-tags\">\n\t\t\t\t\t\t\t\t<span class=\"tis-item-tag\">Salle(s) de cin\u00e9ma<\/span>\n\t\t\t\t\t\t\t<\/div>\n\t\t\t\t\n\t<p>Moncin\u00e9, el cine de Anglet, es un complejo de 6 salas situado en una zona comercial. Est\u00e1 rodeado de restaurantes y tiendas. El aparcamiento es f\u00e1cil y gratuito. El cine proyecta pel\u00edculas&hellip;<\/p>\t\n\t<strong class=\"tis-box-city\">ANGLET<\/strong>\t\n\t<div class=\"wp-block-button is-style-outline\">\n\t\t<a href=\"https:\/\/www.anglet-tourisme.com\/es\/en-movimiento-en-anglet\/actividades\/anglet\/LOIAQU064FS0004V-moncine\/\" class=\"trk_visit_single wp-block-button__link has-dark-color has-white-background-color \">Ver m\u00e1s<\/a>\n\t<\/div>\n\t\n<\/article>\t<article class=\"js-marker tourinsoft-item tis-box \" id=\"marker-LOIAQU064FS00077\" data-lat=\"43.5073\" data-lng=\"-1.52615\" data-title=\"Golf de l'Imp\u00e9ratrice\">\n\t<a href=\"https:\/\/www.anglet-tourisme.com\/es\/en-movimiento-en-anglet\/actividades\/anglet\/LOIAQU064FS00077-golf-de-limperatrice\/\" class=\"trk_visit_single\">\n\t\t<div class=\"tis-item-cover \">\n\t\t\t\t\t\t\t\t\t<img decoding=\"async\" src=\"https:\/\/www.anglet-tourisme.com\/wp-content\/uploads\/tis\/1-GolfImperatrice.jpg\" title=\"Golf de l'Imp\u00e9ratrice\" alt=\"Golf de l'Imp\u00e9ratrice\" loading=\"lazy\" \/>\n\t\t\t\t\t\t\t\t<div class=\"tis-item-label-container\">\n\t\t\t\t\t\t\t\t\t<!--<span class=\"tis-item-handicap\"><img decoding=\"async\" src=\"https:\/\/www.anglet-tourisme.com\/wp-content\/plugins\/tourinsoft-syndication\/assets\/images\/icon-handicap.svg\" title=\"\" alt=\"\" \/><\/span>-->\n\t\t\t\t\t\t\t\t\t\t\t<\/div>\n\t\t\t\t\t<\/div>\n\t\t\n\t\t\n\t\t\n\t\t<h3>\t\t\tGolf de l&#8217;Imp\u00e9ratrice\t\t<\/h3>\n\t\t\t<\/a>\n\t\n\t\t\t\t\t\t<div class=\"tis-item-tags\">\n\t\t\t\t\t\t\t\t<span class=\"tis-item-tag\">Golf<\/span>\n\t\t\t\t\t\t\t<\/div>\n\t\t\t\t\n\t<p>Este campo de 9 hoyos (Imp\u00e9ratrice) es plano y m\u00e1s bien corto, pero t\u00e9cnico, destinado tanto a la iniciaci\u00f3n como al trabajo de precisi\u00f3n de los buenos jugadores. Distancia: 1434 m -&hellip;<\/p>\t\n\t<strong class=\"tis-box-city\">ANGLET<\/strong>\t\n\t<div class=\"wp-block-button is-style-outline\">\n\t\t<a href=\"https:\/\/www.anglet-tourisme.com\/es\/en-movimiento-en-anglet\/actividades\/anglet\/LOIAQU064FS00077-golf-de-limperatrice\/\" class=\"trk_visit_single wp-block-button__link has-dark-color has-white-background-color \">Ver m\u00e1s<\/a>\n\t<\/div>\n\t\n<\/article>\t<article class=\"js-marker tourinsoft-item tis-box \" id=\"marker-LOIAQU064FS00079\" data-lat=\"43.5263\" data-lng=\"-1.51965\" data-title=\"La Maison de l'Environnement\">\n\t<a href=\"https:\/\/www.anglet-tourisme.com\/es\/en-movimiento-en-anglet\/actividades\/anglet\/LOIAQU064FS00079-la-maison-de-lenvironnement\/\" class=\"trk_visit_single\">\n\t\t<div class=\"tis-item-cover \">\n\t\t\t\t\t\t\t\t\t<img decoding=\"async\" src=\"https:\/\/www.anglet-tourisme.com\/wp-content\/uploads\/tis\/La-Maison-de-l-Environnemen-Anglet-4.jpg\" title=\"La Maison de l'Environnement\" alt=\"La Maison de l'Environnement\" loading=\"lazy\" \/>\n\t\t\t\t\t\t\t\t<div class=\"tis-item-label-container\">\n\t\t\t\t\t\t\t\t\t<!--<span class=\"tis-item-handicap\"><img decoding=\"async\" src=\"https:\/\/www.anglet-tourisme.com\/wp-content\/plugins\/tourinsoft-syndication\/assets\/images\/icon-handicap.svg\" title=\"\" alt=\"\" \/><\/span>-->\n\t\t\t\t\t\t\t\t\t\t\t\t\t<span class=\"tis-item-durable\"><img decoding=\"async\" src=\"https:\/\/www.anglet-tourisme.com\/wp-content\/plugins\/tourinsoft-syndication\/assets\/images\/icon-durable.svg\" title=\"Desarrollo sostenible\" alt=\"Desarrollo sostenible\" \/><\/span>\n\t\t\t\t\t\t\t<\/div>\n\t\t\t\t\t\t<div class=\"tis-item-online-booking\">\n\t\t\t\t<span>Reservas en l\u00ednea<\/span>\n\t\t\t<\/div>\n\t\t\t\t\t<\/div>\n\t\t\n\t\t\n\t\t\n\t\t<h3>\t\t\tLa Maison de l&#8217;Environnement\t\t<\/h3>\n\t\t\t<\/a>\n\t\n\t\t\t\t\t\n\t<p>En la desembocadura del Adour, el parque ecol\u00f3gico Izadia le invita a descubrir la biodiversidad de los humedales litorales. Este itinerario de 14 hect\u00e1reas, tan bonito como discreto, le permite observar en&hellip;<\/p>\t\n\t<strong class=\"tis-box-city\">ANGLET<\/strong>\t\n\t<div class=\"wp-block-button is-style-outline\">\n\t\t<a href=\"https:\/\/www.anglet-tourisme.com\/es\/en-movimiento-en-anglet\/actividades\/anglet\/LOIAQU064FS00079-la-maison-de-lenvironnement\/\" class=\"trk_visit_single wp-block-button__link has-dark-color has-white-background-color \">Ver m\u00e1s<\/a>\n\t<\/div>\n\t\n<\/article>\t<article class=\"js-marker tourinsoft-item tis-box \" id=\"marker-LOIAQU064FS0007A\" data-lat=\"43.5259\" data-lng=\"-1.52286\" data-title=\"Skatepark de La Barre\">\n\t<a href=\"https:\/\/www.anglet-tourisme.com\/es\/en-movimiento-en-anglet\/actividades\/anglet\/LOIAQU064FS0007A-skatepark-de-la-barre\/\" class=\"trk_visit_single\">\n\t\t<div class=\"tis-item-cover \">\n\t\t\t\t\t\t\t\t\t<img decoding=\"async\" src=\"https:\/\/www.anglet-tourisme.com\/wp-content\/uploads\/tis\/Skatepark-et-aire-de-jeux-1---Dario-T.jpg\" title=\"Skatepark de La Barre\" alt=\"Skatepark de La Barre\" loading=\"lazy\" \/>\n\t\t\t\t\t\t\t\t<div class=\"tis-item-label-container\">\n\t\t\t\t\t\t\t\t\t<!--<span class=\"tis-item-handicap\"><img decoding=\"async\" src=\"https:\/\/www.anglet-tourisme.com\/wp-content\/plugins\/tourinsoft-syndication\/assets\/images\/icon-handicap.svg\" title=\"\" alt=\"\" \/><\/span>-->\n\t\t\t\t\t\t\t\t\t\t\t<\/div>\n\t\t\t\t\t<\/div>\n\t\t\n\t\t\n\t\t\n\t\t<h3>\t\t\tSkatepark de La Barre\t\t<\/h3>\n\t\t\t<\/a>\n\t\n\t\t\t\t\t\t<div class=\"tis-item-tags\">\n\t\t\t\t\t\t\t\t<span class=\"tis-item-tag\">Aire de jeux pour enfants<\/span>\n\t\t\t\t\t\t\t<\/div>\n\t\t\t\t\n\t<p>Entre el mar y el parque ecol\u00f3gico, al lado de la pista de patinaje, un espacio de 1700 m2 que incluye una zona de street (dos bowls y otros m\u00f3dulos) destinada al&hellip;<\/p>\t\n\t<strong class=\"tis-box-city\">ANGLET<\/strong>\t\n\t<div class=\"wp-block-button is-style-outline\">\n\t\t<a href=\"https:\/\/www.anglet-tourisme.com\/es\/en-movimiento-en-anglet\/actividades\/anglet\/LOIAQU064FS0007A-skatepark-de-la-barre\/\" class=\"trk_visit_single wp-block-button__link has-dark-color has-white-background-color \">Ver m\u00e1s<\/a>\n\t<\/div>\n\t\n<\/article>\t<article class=\"js-marker tourinsoft-item tis-box \" id=\"marker-LOIAQU064FS0008U\" data-lat=\"43.5135\" data-lng=\"-1.50515\" data-title=\"Trinquet Orok Bat\">\n\t<a href=\"https:\/\/www.anglet-tourisme.com\/es\/en-movimiento-en-anglet\/actividades\/anglet\/LOIAQU064FS0008U-trinquet-orok-bat\/\" class=\"trk_visit_single\">\n\t\t<div class=\"tis-item-cover \">\n\t\t\t\t\t\t\t\t\t<img decoding=\"async\" src=\"https:\/\/www.anglet-tourisme.com\/wp-content\/uploads\/tis\/Orok-Bat.jpg\" title=\"Trinquet Orok Bat\" alt=\"Trinquet Orok Bat\" loading=\"lazy\" \/>\n\t\t\t\t\t\t\t\t<div class=\"tis-item-label-container\">\n\t\t\t\t\t\t\t\t\t<!--<span class=\"tis-item-handicap\"><img decoding=\"async\" src=\"https:\/\/www.anglet-tourisme.com\/wp-content\/plugins\/tourinsoft-syndication\/assets\/images\/icon-handicap.svg\" title=\"\" alt=\"\" \/><\/span>-->\n\t\t\t\t\t\t\t\t\t\t\t<\/div>\n\t\t\t\t\t<\/div>\n\t\t\n\t\t\n\t\t\n\t\t<h3>\t\t\tTrinquet Orok Bat\t\t<\/h3>\n\t\t\t<\/a>\n\t\n\t\t\t\t\t\t<div class=\"tis-item-tags\">\n\t\t\t\t\t\t\t\t<span class=\"tis-item-tag\">Fronton<\/span>\n\t\t\t\t\t\t\t\t<span class=\"tis-item-tag\">Mur \u00e0 gauche<\/span>\n\t\t\t\t\t\t\t\t<span class=\"tis-item-tag\">Trinquet<\/span>\n\t\t\t\t\t\t\t<\/div>\n\t\t\t\t\n\t<p>Front\u00f3n y trinquete. Posibilidad de pr\u00e9stamo de material.<\/p>\t\n\t<strong class=\"tis-box-city\">ANGLET<\/strong>\t\n\t<div class=\"wp-block-button is-style-outline\">\n\t\t<a href=\"https:\/\/www.anglet-tourisme.com\/es\/en-movimiento-en-anglet\/actividades\/anglet\/LOIAQU064FS0008U-trinquet-orok-bat\/\" class=\"trk_visit_single wp-block-button__link has-dark-color has-white-background-color \">Ver m\u00e1s<\/a>\n\t<\/div>\n\t\n<\/article>\t<article class=\"js-marker tourinsoft-item tis-box \" id=\"marker-LOIAQU064FS000AI\" data-lat=\"43.4762\" data-lng=\"-1.52018\" data-title=\"Centre Sportif et Culturel Haitz Pean\">\n\t<a href=\"https:\/\/www.anglet-tourisme.com\/es\/en-movimiento-en-anglet\/actividades\/anglet\/LOIAQU064FS000AI-centre-sportif-et-culturel-haitz-pean\/\" class=\"trk_visit_single\">\n\t\t<div class=\"tis-item-cover \">\n\t\t\t\t\t\t\t\t\t<img decoding=\"async\" src=\"https:\/\/www.anglet-tourisme.com\/wp-content\/uploads\/tis\/-MGL6316.jpg\" title=\"Centre Sportif et Culturel Haitz Pean\" alt=\"Centre Sportif et Culturel Haitz Pean\" loading=\"lazy\" \/>\n\t\t\t\t\t\t\t\t<div class=\"tis-item-label-container\">\n\t\t\t\t\t\t\t\t\t<!--<span class=\"tis-item-handicap\"><img decoding=\"async\" src=\"https:\/\/www.anglet-tourisme.com\/wp-content\/plugins\/tourinsoft-syndication\/assets\/images\/icon-handicap.svg\" title=\"\" alt=\"\" \/><\/span>-->\n\t\t\t\t\t\t\t\t\t\t\t<\/div>\n\t\t\t\t\t\t<div class=\"tis-item-online-booking\">\n\t\t\t\t<span>Reservas en l\u00ednea<\/span>\n\t\t\t<\/div>\n\t\t\t\t\t<\/div>\n\t\t\n\t\t\n\t\t\n\t\t<h3>\t\t\tCentre Sportif et Culturel Haitz Pean\t\t<\/h3>\n\t\t\t<\/a>\n\t\n\t\t\t\t\t\t<div class=\"tis-item-tags\">\n\t\t\t\t\t\t\t\t<span class=\"tis-item-tag\">Fronton<\/span>\n\t\t\t\t\t\t\t\t<span class=\"tis-item-tag\">Gymnase<\/span>\n\t\t\t\t\t\t\t\t<span class=\"tis-item-tag\">Salle de sport<\/span>\n\t\t\t\t\t\t\t<\/div>\n\t\t\t\t\n\t<p>Trinquete y trinquete de cristal: pelota vasca. Squash. Sala de combate: deportes de combate, tai chi. Sala de baile: hip-hop, baile contempor\u00e1neo, pilates y gimnasia suave. Gimnasio: voleibol, b\u00e1dminton. Sala de reuniones.<\/p>\t\n\t<strong class=\"tis-box-city\">ANGLET<\/strong>\t\n\t<div class=\"wp-block-button is-style-outline\">\n\t\t<a href=\"https:\/\/www.anglet-tourisme.com\/es\/en-movimiento-en-anglet\/actividades\/anglet\/LOIAQU064FS000AI-centre-sportif-et-culturel-haitz-pean\/\" class=\"trk_visit_single wp-block-button__link has-dark-color has-white-background-color \">Ver m\u00e1s<\/a>\n\t<\/div>\n\t\n<\/article>\t<article class=\"js-marker tourinsoft-item tis-box \" id=\"marker-LOIAQU064FS000AJ\" data-lat=\"43.489\" data-lng=\"-1.50987\" data-title=\"Centre Sportif et Culturel El Hogar - Villa El Hogar\">\n\t<a href=\"https:\/\/www.anglet-tourisme.com\/es\/en-movimiento-en-anglet\/actividades\/anglet\/LOIAQU064FS000AJ-centre-sportif-et-culturel-el-hogar-villa-el-hogar\/\" class=\"trk_visit_single\">\n\t\t<div class=\"tis-item-cover \">\n\t\t\t\t\t\t\t\t\t<img decoding=\"async\" src=\"https:\/\/www.anglet-tourisme.com\/wp-content\/uploads\/tis\/el-hogar-K-Pierret-Delage-03.jpg\" title=\"Centre Sportif et Culturel El Hogar - Villa El Hogar\" alt=\"Centre Sportif et Culturel El Hogar - Villa El Hogar\" loading=\"lazy\" \/>\n\t\t\t\t\t\t\t\t<div class=\"tis-item-label-container\">\n\t\t\t\t\t\t\t\t\t<!--<span class=\"tis-item-handicap\"><img decoding=\"async\" src=\"https:\/\/www.anglet-tourisme.com\/wp-content\/plugins\/tourinsoft-syndication\/assets\/images\/icon-handicap.svg\" title=\"\" alt=\"\" \/><\/span>-->\n\t\t\t\t\t\t\t\t\t\t\t<\/div>\n\t\t\t\t\t<\/div>\n\t\t\n\t\t\n\t\t\n\t\t<h3>\t\t\tCentre Sportif et Culturel El Hogar &#8211; Villa El Hogar\t\t<\/h3>\n\t\t\t<\/a>\n\t\n\t\t\t\t\t\t<div class=\"tis-item-tags\">\n\t\t\t\t\t\t\t\t<span class=\"tis-item-tag\">Piscine<\/span>\n\t\t\t\t\t\t\t\t<span class=\"tis-item-tag\">Gymnase<\/span>\n\t\t\t\t\t\t\t\t<span class=\"tis-item-tag\">Mur \u00e0 gauche<\/span>\n\t\t\t\t\t\t\t<\/div>\n\t\t\t\t\n\t<p>Front\u00f3n.<\/p>\t\n\t<strong class=\"tis-box-city\">ANGLET<\/strong>\t\n\t<div class=\"wp-block-button is-style-outline\">\n\t\t<a href=\"https:\/\/www.anglet-tourisme.com\/es\/en-movimiento-en-anglet\/actividades\/anglet\/LOIAQU064FS000AJ-centre-sportif-et-culturel-el-hogar-villa-el-hogar\/\" class=\"trk_visit_single wp-block-button__link has-dark-color has-white-background-color \">Ver m\u00e1s<\/a>\n\t<\/div>\n\t\n<\/article>\t<article class=\"js-marker tourinsoft-item tis-box \" id=\"marker-LOIAQU064FS000BS\" data-lat=\"43.4971\" data-lng=\"-1.54538\" data-title=\"Plage de la Petite Chambre d'Amour\">\n\t<a href=\"https:\/\/www.anglet-tourisme.com\/es\/en-movimiento-en-anglet\/actividades\/anglet\/LOIAQU064FS000BS-plage-de-la-petite-chambre-damour\/\" class=\"trk_visit_single\">\n\t\t<div class=\"tis-item-cover \">\n\t\t\t\t\t\t\t\t\t<img decoding=\"async\" src=\"https:\/\/www.anglet-tourisme.com\/wp-content\/uploads\/tis\/petite-chambre-amour.jpg\" title=\"Plage de la Petite Chambre d'Amour\" alt=\"Plage de la Petite Chambre d'Amour\" loading=\"lazy\" \/>\n\t\t\t\t\t\t\t\t<div class=\"tis-item-label-container\">\n\t\t\t\t\t\t\t\t\t<!--<span class=\"tis-item-handicap\"><img decoding=\"async\" src=\"https:\/\/www.anglet-tourisme.com\/wp-content\/plugins\/tourinsoft-syndication\/assets\/images\/icon-handicap.svg\" title=\"\" alt=\"\" \/><\/span>-->\n\t\t\t\t\t\t\t\t\t\t\t\t\t<span class=\"tis-item-durable\"><img decoding=\"async\" src=\"https:\/\/www.anglet-tourisme.com\/wp-content\/plugins\/tourinsoft-syndication\/assets\/images\/icon-durable.svg\" title=\"Desarrollo sostenible\" alt=\"Desarrollo sostenible\" \/><\/span>\n\t\t\t\t\t\t\t<\/div>\n\t\t\t\t\t<\/div>\n\t\t\n\t\t\n\t\t\n\t\t<h3>\t\t\tPlage de la Petite Chambre d&#8217;Amour\t\t<\/h3>\n\t\t\t<\/a>\n\t\n\t\t\t\t\t\t<div class=\"tis-item-tags\">\n\t\t\t\t\t\t\t\t<span class=\"tis-item-tag\">Plage surveill\u00e9e<\/span>\n\t\t\t\t\t\t\t<\/div>\n\t\t\t\t\n\t<p>Esta playa se encuentra situada al pie del majestuoso acantilado del Cabo Saint-Martin y de su famoso faro. La base del acantilado est\u00e1 llena de grutas. El acceso, desafortunadamente, est\u00e1 prohibido por&hellip;<\/p>\t\n\t<strong class=\"tis-box-city\">ANGLET<\/strong>\t\n\t<div class=\"wp-block-button is-style-outline\">\n\t\t<a href=\"https:\/\/www.anglet-tourisme.com\/es\/en-movimiento-en-anglet\/actividades\/anglet\/LOIAQU064FS000BS-plage-de-la-petite-chambre-damour\/\" class=\"trk_visit_single wp-block-button__link has-dark-color has-white-background-color \">Ver m\u00e1s<\/a>\n\t<\/div>\n\t\n<\/article>\t<article class=\"js-marker tourinsoft-item tis-box \" id=\"marker-LOIAQU064FS000BU\" data-lat=\"43.4998\" data-lng=\"-1.54363\" data-title=\"Plage du Club\">\n\t<a href=\"https:\/\/www.anglet-tourisme.com\/es\/en-movimiento-en-anglet\/actividades\/anglet\/LOIAQU064FS000BU-plage-du-club\/\" class=\"trk_visit_single\">\n\t\t<div class=\"tis-item-cover \">\n\t\t\t\t\t\t\t\t\t<img decoding=\"async\" src=\"https:\/\/www.anglet-tourisme.com\/wp-content\/uploads\/tis\/plage-club-8701--K.Pierret-Delage.jpg\" title=\"Plage du Club\" alt=\"Plage du Club\" loading=\"lazy\" \/>\n\t\t\t\t\t\t\t\t<div class=\"tis-item-label-container\">\n\t\t\t\t\t\t\t\t\t<!--<span class=\"tis-item-handicap\"><img decoding=\"async\" src=\"https:\/\/www.anglet-tourisme.com\/wp-content\/plugins\/tourinsoft-syndication\/assets\/images\/icon-handicap.svg\" title=\"\" alt=\"\" \/><\/span>-->\n\t\t\t\t\t\t\t\t\t\t\t<\/div>\n\t\t\t\t\t<\/div>\n\t\t\n\t\t\n\t\t\n\t\t<h3>\t\t\tPlage du Club\t\t<\/h3>\n\t\t\t<\/a>\n\t\n\t\t\t\t\t\t<div class=\"tis-item-tags\">\n\t\t\t\t\t\t\t\t<span class=\"tis-item-tag\">Plage non surveill\u00e9e<\/span>\n\t\t\t\t\t\t\t<\/div>\n\t\t\t\t\n\t<p>Peque\u00f1a playa encajada entre dos espigones, presenta la particularidad de ser muy frecuentada durante la marea baja, porque la marea alta la cubre totalmente. Es una de las dos playas \u201curbanas\u201d de&hellip;<\/p>\t\n\t<strong class=\"tis-box-city\">ANGLET<\/strong>\t\n\t<div class=\"wp-block-button is-style-outline\">\n\t\t<a href=\"https:\/\/www.anglet-tourisme.com\/es\/en-movimiento-en-anglet\/actividades\/anglet\/LOIAQU064FS000BU-plage-du-club\/\" class=\"trk_visit_single wp-block-button__link has-dark-color has-white-background-color \">Ver m\u00e1s<\/a>\n\t<\/div>\n\t\n<\/article>\t<article class=\"js-marker tourinsoft-item tis-box \" id=\"marker-LOIAQU064FS000BV\" data-lat=\"43.502\" data-lng=\"-1.54082\" data-title=\"Plage des Sables d'Or\">\n\t<a href=\"https:\/\/www.anglet-tourisme.com\/es\/en-movimiento-en-anglet\/actividades\/anglet\/LOIAQU064FS000BV-plage-des-sables-dor\/\" class=\"trk_visit_single\">\n\t\t<div class=\"tis-item-cover \">\n\t\t\t\t\t\t\t\t\t<img decoding=\"async\" src=\"https:\/\/www.anglet-tourisme.com\/wp-content\/uploads\/tis\/Sables-d-Or--K.Pierret-Delage---8504.jpg\" title=\"Plage des Sables d'Or\" alt=\"Plage des Sables d'Or\" loading=\"lazy\" \/>\n\t\t\t\t\t\t\t\t<div class=\"tis-item-label-container\">\n\t\t\t\t\t\t\t\t\t<!--<span class=\"tis-item-handicap\"><img decoding=\"async\" src=\"https:\/\/www.anglet-tourisme.com\/wp-content\/plugins\/tourinsoft-syndication\/assets\/images\/icon-handicap.svg\" title=\"\" alt=\"\" \/><\/span>-->\n\t\t\t\t\t\t\t\t\t\t\t\t\t<span class=\"tis-item-durable\"><img decoding=\"async\" src=\"https:\/\/www.anglet-tourisme.com\/wp-content\/plugins\/tourinsoft-syndication\/assets\/images\/icon-durable.svg\" title=\"Desarrollo sostenible\" alt=\"Desarrollo sostenible\" \/><\/span>\n\t\t\t\t\t\t\t<\/div>\n\t\t\t\t\t<\/div>\n\t\t\n\t\t\n\t\t\n\t\t<h3>\t\t\tPlage des Sables d&#8217;Or\t\t<\/h3>\n\t\t\t<\/a>\n\t\n\t\t\t\t\t\t<div class=\"tis-item-tags\">\n\t\t\t\t\t\t\t\t<span class=\"tis-item-tag\">Plage surveill\u00e9e<\/span>\n\t\t\t\t\t\t\t<\/div>\n\t\t\t\t\n\t<p>\u00daltima playa del barrio de la Chambre d\u2019Amour, la playa de Sables d\u2019Or re\u00fane todas las caracter\u00edsticas de una playa urbana. Rodeada por bares-restaurante, se acude all\u00ed durante todo el a\u00f1o. Esta&hellip;<\/p>\t\n\t<strong class=\"tis-box-city\">ANGLET<\/strong>\t\n\t<div class=\"wp-block-button is-style-outline\">\n\t\t<a href=\"https:\/\/www.anglet-tourisme.com\/es\/en-movimiento-en-anglet\/actividades\/anglet\/LOIAQU064FS000BV-plage-des-sables-dor\/\" class=\"trk_visit_single wp-block-button__link has-dark-color has-white-background-color \">Ver m\u00e1s<\/a>\n\t<\/div>\n\t\n<\/article>\t<article class=\"js-marker tourinsoft-item tis-box \" id=\"marker-LOIAQU064FS000BW\" data-lat=\"43.5044\" data-lng=\"-1.53932\" data-title=\"Plage de Marinella\">\n\t<a href=\"https:\/\/www.anglet-tourisme.com\/es\/en-movimiento-en-anglet\/actividades\/anglet\/LOIAQU064FS000BW-plage-de-marinella\/\" class=\"trk_visit_single\">\n\t\t<div class=\"tis-item-cover \">\n\t\t\t\t\t\t\t\t\t<img decoding=\"async\" src=\"https:\/\/www.anglet-tourisme.com\/wp-content\/uploads\/tis\/La-Marinella-Anglet--RIB9726--RiBLANC.jpg\" title=\"Plage de Marinella\" alt=\"Plage de Marinella\" loading=\"lazy\" \/>\n\t\t\t\t\t\t\t\t<div class=\"tis-item-label-container\">\n\t\t\t\t\t\t\t\t\t<!--<span class=\"tis-item-handicap\"><img decoding=\"async\" src=\"https:\/\/www.anglet-tourisme.com\/wp-content\/plugins\/tourinsoft-syndication\/assets\/images\/icon-handicap.svg\" title=\"\" alt=\"\" \/><\/span>-->\n\t\t\t\t\t\t\t\t\t\t\t\t\t<span class=\"tis-item-durable\"><img decoding=\"async\" src=\"https:\/\/www.anglet-tourisme.com\/wp-content\/plugins\/tourinsoft-syndication\/assets\/images\/icon-durable.svg\" title=\"Desarrollo sostenible\" alt=\"Desarrollo sostenible\" \/><\/span>\n\t\t\t\t\t\t\t<\/div>\n\t\t\t\t\t<\/div>\n\t\t\n\t\t\n\t\t\n\t\t<h3>\t\t\tPlage de Marinella\t\t<\/h3>\n\t\t\t<\/a>\n\t\n\t\t\t\t\t\t<div class=\"tis-item-tags\">\n\t\t\t\t\t\t\t\t<span class=\"tis-item-tag\">Plage surveill\u00e9e<\/span>\n\t\t\t\t\t\t\t<\/div>\n\t\t\t\t\n\t<p>La playa de Marinella es la m\u00e1s cosmopolita de Anglet. Esta larga playa, bordeada de diques, es frecuentada por una clientela de lo m\u00e1s variopinta: familias, ni\u00f1os y surfistas. All\u00ed se puede&hellip;<\/p>\t\n\t<strong class=\"tis-box-city\">ANGLET<\/strong>\t\n\t<div class=\"wp-block-button is-style-outline\">\n\t\t<a href=\"https:\/\/www.anglet-tourisme.com\/es\/en-movimiento-en-anglet\/actividades\/anglet\/LOIAQU064FS000BW-plage-de-marinella\/\" class=\"trk_visit_single wp-block-button__link has-dark-color has-white-background-color \">Ver m\u00e1s<\/a>\n\t<\/div>\n\t\n<\/article>\t<article class=\"js-marker tourinsoft-item tis-box \" id=\"marker-LOIAQU064FS000C0\" data-lat=\"43.5074\" data-lng=\"-1.5375\" data-title=\"Plage des Corsaires\">\n\t<a href=\"https:\/\/www.anglet-tourisme.com\/es\/en-movimiento-en-anglet\/actividades\/anglet\/LOIAQU064FS000C0-plage-des-corsaires\/\" class=\"trk_visit_single\">\n\t\t<div class=\"tis-item-cover \">\n\t\t\t\t\t\t\t\t\t<img decoding=\"async\" src=\"https:\/\/www.anglet-tourisme.com\/wp-content\/uploads\/tis\/Corsaires--K.Pierret-Delage---7745.jpg\" title=\"Plage des Corsaires\" alt=\"Plage des Corsaires\" loading=\"lazy\" \/>\n\t\t\t\t\t\t\t\t<div class=\"tis-item-label-container\">\n\t\t\t\t\t\t\t\t\t<!--<span class=\"tis-item-handicap\"><img decoding=\"async\" src=\"https:\/\/www.anglet-tourisme.com\/wp-content\/plugins\/tourinsoft-syndication\/assets\/images\/icon-handicap.svg\" title=\"\" alt=\"\" \/><\/span>-->\n\t\t\t\t\t\t\t\t\t\t\t\t\t<span class=\"tis-item-durable\"><img decoding=\"async\" src=\"https:\/\/www.anglet-tourisme.com\/wp-content\/plugins\/tourinsoft-syndication\/assets\/images\/icon-durable.svg\" title=\"Desarrollo sostenible\" alt=\"Desarrollo sostenible\" \/><\/span>\n\t\t\t\t\t\t\t<\/div>\n\t\t\t\t\t<\/div>\n\t\t\n\t\t\n\t\t\n\t\t<h3>\t\t\tPlage des Corsaires\t\t<\/h3>\n\t\t\t<\/a>\n\t\n\t\t\t\t\t\t<div class=\"tis-item-tags\">\n\t\t\t\t\t\t\t\t<span class=\"tis-item-tag\">Plage surveill\u00e9e<\/span>\n\t\t\t\t\t\t\t<\/div>\n\t\t\t\t\n\t<p>Esta playa est\u00e1 totalmente orientada a los j\u00f3venes. Los espacios verdes que la bordean son apreciados y propicios para hacer volar la cometa y practicar deportes de pelota. La playa marca la&hellip;<\/p>\t\n\t<strong class=\"tis-box-city\">ANGLET<\/strong>\t\n\t<div class=\"wp-block-button is-style-outline\">\n\t\t<a href=\"https:\/\/www.anglet-tourisme.com\/es\/en-movimiento-en-anglet\/actividades\/anglet\/LOIAQU064FS000C0-plage-des-corsaires\/\" class=\"trk_visit_single wp-block-button__link has-dark-color has-white-background-color \">Ver m\u00e1s<\/a>\n\t<\/div>\n\t\n<\/article>\t<article class=\"js-marker tourinsoft-item tis-box \" id=\"marker-LOIAQU064FS000C1\" data-lat=\"43.5111\" data-lng=\"-1.5345\" data-title=\"Plage de la Madrague\">\n\t<a href=\"https:\/\/www.anglet-tourisme.com\/es\/en-movimiento-en-anglet\/actividades\/anglet\/LOIAQU064FS000C1-plage-de-la-madrague\/\" class=\"trk_visit_single\">\n\t\t<div class=\"tis-item-cover \">\n\t\t\t\t\t\t\t\t\t<img decoding=\"async\" src=\"https:\/\/www.anglet-tourisme.com\/wp-content\/uploads\/tis\/La-Madrague---Anglet-1RIB5783--RiBLANC.jpg\" title=\"Plage de la Madrague\" alt=\"Plage de la Madrague\" loading=\"lazy\" \/>\n\t\t\t\t\t\t\t\t<div class=\"tis-item-label-container\">\n\t\t\t\t\t\t\t\t\t<!--<span class=\"tis-item-handicap\"><img decoding=\"async\" src=\"https:\/\/www.anglet-tourisme.com\/wp-content\/plugins\/tourinsoft-syndication\/assets\/images\/icon-handicap.svg\" title=\"\" alt=\"\" \/><\/span>-->\n\t\t\t\t\t\t\t\t\t\t\t\t\t<span class=\"tis-item-durable\"><img decoding=\"async\" src=\"https:\/\/www.anglet-tourisme.com\/wp-content\/plugins\/tourinsoft-syndication\/assets\/images\/icon-durable.svg\" title=\"Desarrollo sostenible\" alt=\"Desarrollo sostenible\" \/><\/span>\n\t\t\t\t\t\t\t<\/div>\n\t\t\t\t\t<\/div>\n\t\t\n\t\t\n\t\t\n\t\t<h3>\t\t\tPlage de la Madrague\t\t<\/h3>\n\t\t\t<\/a>\n\t\n\t\t\t\t\t\t<div class=\"tis-item-tags\">\n\t\t\t\t\t\t\t\t<span class=\"tis-item-tag\">Plage surveill\u00e9e<\/span>\n\t\t\t\t\t\t\t<\/div>\n\t\t\t\t\n\t<p>La Madrague es verdaderamente una de las playas m\u00e1s bonitas de Anglet. Esta inmensa extensi\u00f3n de arena fina acoge a una clientela ecl\u00e9ctica. All\u00ed se encuentran j\u00f3venes, familias y personas mayores. Sus&hellip;<\/p>\t\n\t<strong class=\"tis-box-city\">ANGLET<\/strong>\t\n\t<div class=\"wp-block-button is-style-outline\">\n\t\t<a href=\"https:\/\/www.anglet-tourisme.com\/es\/en-movimiento-en-anglet\/actividades\/anglet\/LOIAQU064FS000C1-plage-de-la-madrague\/\" class=\"trk_visit_single wp-block-button__link has-dark-color has-white-background-color \">Ver m\u00e1s<\/a>\n\t<\/div>\n\t\n<\/article>\t<article class=\"js-marker tourinsoft-item tis-box \" id=\"marker-LOIAQU064FS000C2\" data-lat=\"43.5095\" data-lng=\"-1.53598\" data-title=\"Plage de la Petite Madrague\">\n\t<a href=\"https:\/\/www.anglet-tourisme.com\/es\/en-movimiento-en-anglet\/actividades\/anglet\/LOIAQU064FS000C2-plage-de-la-petite-madrague\/\" class=\"trk_visit_single\">\n\t\t<div class=\"tis-item-cover \">\n\t\t\t\t\t\t\t\t\t<img decoding=\"async\" src=\"https:\/\/www.anglet-tourisme.com\/wp-content\/uploads\/tis\/Petite-Madrague----K.Pierret-Delage.jpg\" title=\"Plage de la Petite Madrague\" alt=\"Plage de la Petite Madrague\" loading=\"lazy\" \/>\n\t\t\t\t\t\t\t\t<div class=\"tis-item-label-container\">\n\t\t\t\t\t\t\t\t\t<!--<span class=\"tis-item-handicap\"><img decoding=\"async\" src=\"https:\/\/www.anglet-tourisme.com\/wp-content\/plugins\/tourinsoft-syndication\/assets\/images\/icon-handicap.svg\" title=\"\" alt=\"\" \/><\/span>-->\n\t\t\t\t\t\t\t\t\t\t\t<\/div>\n\t\t\t\t\t<\/div>\n\t\t\n\t\t\n\t\t\n\t\t<h3>\t\t\tPlage de la Petite Madrague\t\t<\/h3>\n\t\t\t<\/a>\n\t\n\t\t\t\t\t\t<div class=\"tis-item-tags\">\n\t\t\t\t\t\t\t\t<span class=\"tis-item-tag\">Plage non surveill\u00e9e<\/span>\n\t\t\t\t\t\t\t<\/div>\n\t\t\t\t\n\t<p>La Petite Madrague es una de las playas m\u00e1s modernas de Anglet. Esta inmensa extensi\u00f3n de arena fina acoge a una clientela ecl\u00e9ctica: All\u00ed se encuentran j\u00f3venes, familias y personas mayores. Sus&hellip;<\/p>\t\n\t<strong class=\"tis-box-city\">ANGLET<\/strong>\t\n\t<div class=\"wp-block-button is-style-outline\">\n\t\t<a href=\"https:\/\/www.anglet-tourisme.com\/es\/en-movimiento-en-anglet\/actividades\/anglet\/LOIAQU064FS000C2-plage-de-la-petite-madrague\/\" class=\"trk_visit_single wp-block-button__link has-dark-color has-white-background-color \">Ver m\u00e1s<\/a>\n\t<\/div>\n\t\n<\/article>\t<article class=\"js-marker tourinsoft-item tis-box \" id=\"marker-LOIAQU064FS000C3\" data-lat=\"43.5147\" data-lng=\"-1.53141\" data-title=\"Plage de l'Oc\u00e9an\">\n\t<a href=\"https:\/\/www.anglet-tourisme.com\/es\/en-movimiento-en-anglet\/actividades\/anglet\/LOIAQU064FS000C3-plage-de-locean\/\" class=\"trk_visit_single\">\n\t\t<div class=\"tis-item-cover \">\n\t\t\t\t\t\t\t\t\t<img decoding=\"async\" src=\"https:\/\/www.anglet-tourisme.com\/wp-content\/uploads\/tis\/ocean-4684--K.Pierret-Delage.jpg\" title=\"Plage de l'Oc\u00e9an\" alt=\"Plage de l'Oc\u00e9an\" loading=\"lazy\" \/>\n\t\t\t\t\t\t\t\t<div class=\"tis-item-label-container\">\n\t\t\t\t\t\t\t\t\t<!--<span class=\"tis-item-handicap\"><img decoding=\"async\" src=\"https:\/\/www.anglet-tourisme.com\/wp-content\/plugins\/tourinsoft-syndication\/assets\/images\/icon-handicap.svg\" title=\"\" alt=\"\" \/><\/span>-->\n\t\t\t\t\t\t\t\t\t\t\t\t\t<span class=\"tis-item-durable\"><img decoding=\"async\" src=\"https:\/\/www.anglet-tourisme.com\/wp-content\/plugins\/tourinsoft-syndication\/assets\/images\/icon-durable.svg\" title=\"Desarrollo sostenible\" alt=\"Desarrollo sostenible\" \/><\/span>\n\t\t\t\t\t\t\t<\/div>\n\t\t\t\t\t<\/div>\n\t\t\n\t\t\n\t\t\n\t\t<h3>\t\t\tPlage de l&#8217;Oc\u00e9an\t\t<\/h3>\n\t\t\t<\/a>\n\t\n\t\t\t\t\t\t<div class=\"tis-item-tags\">\n\t\t\t\t\t\t\t\t<span class=\"tis-item-tag\">Plage surveill\u00e9e<\/span>\n\t\t\t\t\t\t\t<\/div>\n\t\t\t\t\n\t<p>La playa de L\u2019Oc\u00e9an es una de las m\u00e1s \u201csalvajes\u201d de Anglet. Su entrada cuenta con una pasarela que aporta un punto de vista \u00fanico de la costa de Anglet. En este&hellip;<\/p>\t\n\t<strong class=\"tis-box-city\">ANGLET<\/strong>\t\n\t<div class=\"wp-block-button is-style-outline\">\n\t\t<a href=\"https:\/\/www.anglet-tourisme.com\/es\/en-movimiento-en-anglet\/actividades\/anglet\/LOIAQU064FS000C3-plage-de-locean\/\" class=\"trk_visit_single wp-block-button__link has-dark-color has-white-background-color \">Ver m\u00e1s<\/a>\n\t<\/div>\n\t\n<\/article>\t<article class=\"js-marker tourinsoft-item tis-box \" id=\"marker-LOIAQU064FS000C4\" data-lat=\"43.5171\" data-lng=\"-1.52914\" data-title=\"Plage des Dunes\">\n\t<a href=\"https:\/\/www.anglet-tourisme.com\/es\/en-movimiento-en-anglet\/actividades\/anglet\/LOIAQU064FS000C4-plage-des-dunes\/\" class=\"trk_visit_single\">\n\t\t<div class=\"tis-item-cover \">\n\t\t\t\t\t\t\t\t\t<img decoding=\"async\" src=\"https:\/\/www.anglet-tourisme.com\/wp-content\/uploads\/tis\/Dunes--K.Pierret-Delage---6621.jpg\" title=\"Plage des Dunes\" alt=\"Plage des Dunes\" loading=\"lazy\" \/>\n\t\t\t\t\t\t\t\t<div class=\"tis-item-label-container\">\n\t\t\t\t\t\t\t\t\t<!--<span class=\"tis-item-handicap\"><img decoding=\"async\" src=\"https:\/\/www.anglet-tourisme.com\/wp-content\/plugins\/tourinsoft-syndication\/assets\/images\/icon-handicap.svg\" title=\"\" alt=\"\" \/><\/span>-->\n\t\t\t\t\t\t\t\t\t\t\t<\/div>\n\t\t\t\t\t<\/div>\n\t\t\n\t\t\n\t\t\n\t\t<h3>\t\t\tPlage des Dunes\t\t<\/h3>\n\t\t\t<\/a>\n\t\n\t\t\t\t\t\t<div class=\"tis-item-tags\">\n\t\t\t\t\t\t\t\t<span class=\"tis-item-tag\">Plage non surveill\u00e9e<\/span>\n\t\t\t\t\t\t\t<\/div>\n\t\t\t\t\n\t<p>En los bordes del famoso campo de golf de Chiberta, esta playa, muy apreciada por los surfistas, es verdaderamente la m\u00e1s \u201csalvaje\u201d de nuestro litoral. Su acceso \u00fanico por un paso subterr\u00e1neo&hellip;<\/p>\t\n\t<strong class=\"tis-box-city\">ANGLET<\/strong>\t\n\t<div class=\"wp-block-button is-style-outline\">\n\t\t<a href=\"https:\/\/www.anglet-tourisme.com\/es\/en-movimiento-en-anglet\/actividades\/anglet\/LOIAQU064FS000C4-plage-des-dunes\/\" class=\"trk_visit_single wp-block-button__link has-dark-color has-white-background-color \">Ver m\u00e1s<\/a>\n\t<\/div>\n\t\n<\/article>\t<article class=\"js-marker tourinsoft-item tis-box \" id=\"marker-LOIAQU064FS000C5\" data-lat=\"43.5208\" data-lng=\"-1.52665\" data-title=\"Plage des Cavaliers\">\n\t<a href=\"https:\/\/www.anglet-tourisme.com\/es\/en-movimiento-en-anglet\/actividades\/anglet\/LOIAQU064FS000C5-plage-des-cavaliers\/\" class=\"trk_visit_single\">\n\t\t<div class=\"tis-item-cover \">\n\t\t\t\t\t\t\t\t\t<img decoding=\"async\" src=\"https:\/\/www.anglet-tourisme.com\/wp-content\/uploads\/tis\/Plage-des-Cavaliers--K.Pierret-Delage.jpg\" title=\"Plage des Cavaliers\" alt=\"Plage des Cavaliers\" loading=\"lazy\" \/>\n\t\t\t\t\t\t\t\t<div class=\"tis-item-label-container\">\n\t\t\t\t\t\t\t\t\t<!--<span class=\"tis-item-handicap\"><img decoding=\"async\" src=\"https:\/\/www.anglet-tourisme.com\/wp-content\/plugins\/tourinsoft-syndication\/assets\/images\/icon-handicap.svg\" title=\"\" alt=\"\" \/><\/span>-->\n\t\t\t\t\t\t\t\t\t\t\t\t\t<span class=\"tis-item-durable\"><img decoding=\"async\" src=\"https:\/\/www.anglet-tourisme.com\/wp-content\/plugins\/tourinsoft-syndication\/assets\/images\/icon-durable.svg\" title=\"Desarrollo sostenible\" alt=\"Desarrollo sostenible\" \/><\/span>\n\t\t\t\t\t\t\t<\/div>\n\t\t\t\t\t<\/div>\n\t\t\n\t\t\n\t\t\n\t\t<h3>\t\t\tPlage des Cavaliers\t\t<\/h3>\n\t\t\t<\/a>\n\t\n\t\t\t\t\t\t<div class=\"tis-item-tags\">\n\t\t\t\t\t\t\t\t<span class=\"tis-item-tag\">Plage surveill\u00e9e<\/span>\n\t\t\t\t\t\t\t<\/div>\n\t\t\t\t\n\t<p>Conocida en todo el mundo por sus potentes olas, la playa de Cavaliers acoge numerosas competiciones de surf. Est\u00e1 dominada por muchos espacios verdes pero, sobre todo, por el complejo de talasoterapia&hellip;<\/p>\t\n\t<strong class=\"tis-box-city\">ANGLET<\/strong>\t\n\t<div class=\"wp-block-button is-style-outline\">\n\t\t<a href=\"https:\/\/www.anglet-tourisme.com\/es\/en-movimiento-en-anglet\/actividades\/anglet\/LOIAQU064FS000C5-plage-des-cavaliers\/\" class=\"trk_visit_single wp-block-button__link has-dark-color has-white-background-color \">Ver m\u00e1s<\/a>\n\t<\/div>\n\t\n<\/article>\t<article class=\"js-marker tourinsoft-item tis-box \" id=\"marker-LOIAQU064FS000C6\" data-lat=\"43.527\" data-lng=\"-1.522\" data-title=\"Plage de La Barre\">\n\t<a href=\"https:\/\/www.anglet-tourisme.com\/es\/en-movimiento-en-anglet\/actividades\/anglet\/LOIAQU064FS000C6-plage-de-la-barre\/\" class=\"trk_visit_single\">\n\t\t<div class=\"tis-item-cover \">\n\t\t\t\t\t\t\t\t\t<img decoding=\"async\" src=\"https:\/\/www.anglet-tourisme.com\/wp-content\/uploads\/tis\/La-Barre-Anglet-DJI-0891--RiBLANC.jpg\" title=\"Plage de La Barre\" alt=\"Plage de La Barre\" loading=\"lazy\" \/>\n\t\t\t\t\t\t\t\t<div class=\"tis-item-label-container\">\n\t\t\t\t\t\t\t\t\t<!--<span class=\"tis-item-handicap\"><img decoding=\"async\" src=\"https:\/\/www.anglet-tourisme.com\/wp-content\/plugins\/tourinsoft-syndication\/assets\/images\/icon-handicap.svg\" title=\"\" alt=\"\" \/><\/span>-->\n\t\t\t\t\t\t\t\t\t\t\t\t\t<span class=\"tis-item-durable\"><img decoding=\"async\" src=\"https:\/\/www.anglet-tourisme.com\/wp-content\/plugins\/tourinsoft-syndication\/assets\/images\/icon-durable.svg\" title=\"Desarrollo sostenible\" alt=\"Desarrollo sostenible\" \/><\/span>\n\t\t\t\t\t\t\t<\/div>\n\t\t\t\t\t<\/div>\n\t\t\n\t\t\n\t\t\n\t\t<h3>\t\t\tPlage de La Barre\t\t<\/h3>\n\t\t\t<\/a>\n\t\n\t\t\t\t\t\t<div class=\"tis-item-tags\">\n\t\t\t\t\t\t\t\t<span class=\"tis-item-tag\">Plage surveill\u00e9e<\/span>\n\t\t\t\t\t\t\t<\/div>\n\t\t\t\t\n\t<p>Situada al norte de la estaci\u00f3n, La Barre es la playa m\u00e1s peque\u00f1a de Anglet. Tambi\u00e9n est\u00e1 marcada por la proximidad de la desembocadura del Adour. Encajada entre 2 espigones, es la&hellip;<\/p>\t\n\t<strong class=\"tis-box-city\">ANGLET<\/strong>\t\n\t<div class=\"wp-block-button is-style-outline\">\n\t\t<a href=\"https:\/\/www.anglet-tourisme.com\/es\/en-movimiento-en-anglet\/actividades\/anglet\/LOIAQU064FS000C6-plage-de-la-barre\/\" class=\"trk_visit_single wp-block-button__link has-dark-color has-white-background-color \">Ver m\u00e1s<\/a>\n\t<\/div>\n\t\n<\/article>\t<article class=\"js-marker tourinsoft-item tis-box \" id=\"marker-LOIAQU064FS000EF\" data-lat=\"43.502\" data-lng=\"-1.50985\" data-title=\"AEP Les Cigales\">\n\t<a href=\"https:\/\/www.anglet-tourisme.com\/es\/en-movimiento-en-anglet\/actividades\/anglet\/LOIAQU064FS000EF-aep-les-cigales\/\" class=\"trk_visit_single\">\n\t\t<div class=\"tis-item-cover \">\n\t\t\t\t\t\t\t\t\t<img decoding=\"async\" src=\"https:\/\/www.anglet-tourisme.com\/wp-content\/uploads\/tis\/-MG-3795.jpg\" title=\"AEP Les Cigales\" alt=\"AEP Les Cigales\" loading=\"lazy\" \/>\n\t\t\t\t\t\t\t\t<div class=\"tis-item-label-container\">\n\t\t\t\t\t\t\t\t\t<!--<span class=\"tis-item-handicap\"><img decoding=\"async\" src=\"https:\/\/www.anglet-tourisme.com\/wp-content\/plugins\/tourinsoft-syndication\/assets\/images\/icon-handicap.svg\" title=\"\" alt=\"\" \/><\/span>-->\n\t\t\t\t\t\t\t\t\t\t\t<\/div>\n\t\t\t\t\t<\/div>\n\t\t\n\t\t\n\t\t\n\t\t<h3>\t\t\tAEP Les Cigales\t\t<\/h3>\n\t\t\t<\/a>\n\t\n\t\t\t\t\t\t<div class=\"tis-item-tags\">\n\t\t\t\t\t\t\t\t<span class=\"tis-item-tag\">Mur \u00e0 gauche<\/span>\n\t\t\t\t\t\t\t\t<span class=\"tis-item-tag\">Terrain(s) de tennis<\/span>\n\t\t\t\t\t\t\t<\/div>\n\t\t\t\t\n\t<p>Front\u00f3n.<\/p>\t\n\t<strong class=\"tis-box-city\">ANGLET<\/strong>\t\n\t<div class=\"wp-block-button is-style-outline\">\n\t\t<a href=\"https:\/\/www.anglet-tourisme.com\/es\/en-movimiento-en-anglet\/actividades\/anglet\/LOIAQU064FS000EF-aep-les-cigales\/\" class=\"trk_visit_single wp-block-button__link has-dark-color has-white-background-color \">Ver m\u00e1s<\/a>\n\t<\/div>\n\t\n<\/article>\t<article class=\"js-marker tourinsoft-item tis-box \" id=\"marker-LOIAQU064FS000EH\" data-lat=\"43.4578\" data-lng=\"-1.50265\" data-title=\"Hardoytarrak\">\n\t<a href=\"https:\/\/www.anglet-tourisme.com\/es\/en-movimiento-en-anglet\/actividades\/anglet\/LOIAQU064FS000EH-hardoytarrak\/\" class=\"trk_visit_single\">\n\t\t<div class=\"tis-item-cover \">\n\t\t\t\t\t\t\t\t\t<img decoding=\"async\" src=\"https:\/\/www.anglet-tourisme.com\/wp-content\/uploads\/tis\/hardoytarrak-2.JPG\" title=\"Hardoytarrak\" alt=\"Hardoytarrak\" loading=\"lazy\" \/>\n\t\t\t\t\t\t\t\t<div class=\"tis-item-label-container\">\n\t\t\t\t\t\t\t\t\t<!--<span class=\"tis-item-handicap\"><img decoding=\"async\" src=\"https:\/\/www.anglet-tourisme.com\/wp-content\/plugins\/tourinsoft-syndication\/assets\/images\/icon-handicap.svg\" title=\"\" alt=\"\" \/><\/span>-->\n\t\t\t\t\t\t\t\t\t\t\t<\/div>\n\t\t\t\t\t<\/div>\n\t\t\n\t\t\n\t\t\n\t\t<h3>\t\t\tHardoytarrak\t\t<\/h3>\n\t\t\t<\/a>\n\t\n\t\t\t\t\t\t<div class=\"tis-item-tags\">\n\t\t\t\t\t\t\t\t<span class=\"tis-item-tag\">Fronton<\/span>\n\t\t\t\t\t\t\t\t<span class=\"tis-item-tag\">Mur \u00e0 gauche<\/span>\n\t\t\t\t\t\t\t<\/div>\n\t\t\t\t\n\t<p>Descubrimiento de 4 de las principales especialidades de la pelota vasca: pelota mano, pala, chistera y Xare (paleta argentina). Iniciaci\u00f3n y cursos particulares para ni\u00f1os y adultos, grupos escolares y seminarios. Iniciaci\u00f3n&hellip;<\/p>\t\n\t<strong class=\"tis-box-city\">ANGLET<\/strong>\t\n\t<div class=\"wp-block-button is-style-outline\">\n\t\t<a href=\"https:\/\/www.anglet-tourisme.com\/es\/en-movimiento-en-anglet\/actividades\/anglet\/LOIAQU064FS000EH-hardoytarrak\/\" class=\"trk_visit_single wp-block-button__link has-dark-color has-white-background-color \">Ver m\u00e1s<\/a>\n\t<\/div>\n\t\n<\/article>\t<article class=\"js-marker tourinsoft-item tis-box \" id=\"marker-LOIAQU064FS000ER\" data-lat=\"43.5057\" data-lng=\"-1.49923\" data-title=\"City Stade de Lesp\u00e8s\">\n\t<a href=\"https:\/\/www.anglet-tourisme.com\/es\/en-movimiento-en-anglet\/actividades\/anglet\/LOIAQU064FS000ER-city-stade-de-lespes\/\" class=\"trk_visit_single\">\n\t\t<div class=\"tis-item-cover \">\n\t\t\t\t\t\t\t\t\t<img decoding=\"async\" src=\"https:\/\/www.anglet-tourisme.com\/wp-content\/uploads\/tis\/DSC-37967.jpg\" title=\"City Stade de Lesp\u00e8s\" alt=\"City Stade de Lesp\u00e8s\" loading=\"lazy\" \/>\n\t\t\t\t\t\t\t\t<div class=\"tis-item-label-container\">\n\t\t\t\t\t\t\t\t\t<!--<span class=\"tis-item-handicap\"><img decoding=\"async\" src=\"https:\/\/www.anglet-tourisme.com\/wp-content\/plugins\/tourinsoft-syndication\/assets\/images\/icon-handicap.svg\" title=\"\" alt=\"\" \/><\/span>-->\n\t\t\t\t\t\t\t\t\t\t\t<\/div>\n\t\t\t\t\t<\/div>\n\t\t\n\t\t\n\t\t\n\t\t<h3>\t\t\tCity Stade de Lesp\u00e8s\t\t<\/h3>\n\t\t\t<\/a>\n\t\n\t\t\t\t\t\t<div class=\"tis-item-tags\">\n\t\t\t\t\t\t\t\t<span class=\"tis-item-tag\">Aire de jeux pour enfants<\/span>\n\t\t\t\t\t\t\t\t<span class=\"tis-item-tag\">Stade<\/span>\n\t\t\t\t\t\t\t<\/div>\n\t\t\t\t\n\t<p>Terreno de juegos para ni\u00f1os.<\/p>\t\n\t<strong class=\"tis-box-city\">ANGLET<\/strong>\t\n\t<div class=\"wp-block-button is-style-outline\">\n\t\t<a href=\"https:\/\/www.anglet-tourisme.com\/es\/en-movimiento-en-anglet\/actividades\/anglet\/LOIAQU064FS000ER-city-stade-de-lespes\/\" class=\"trk_visit_single wp-block-button__link has-dark-color has-white-background-color \">Ver m\u00e1s<\/a>\n\t<\/div>\n\t\n<\/article>\t<article class=\"js-marker tourinsoft-item tis-box \" id=\"marker-LOIAQU064FS000O0\" data-lat=\"43.4836\" data-lng=\"-1.5133\" data-title=\"Villa Beatrix Enea\">\n\t<a href=\"https:\/\/www.anglet-tourisme.com\/es\/en-movimiento-en-anglet\/actividades\/anglet\/LOIAQU064FS000O0-villa-beatrix-enea\/\" class=\"trk_visit_single\">\n\t\t<div class=\"tis-item-cover \">\n\t\t\t\t\t\t\t\t\t<img decoding=\"async\" src=\"https:\/\/www.anglet-tourisme.com\/wp-content\/uploads\/tis\/-MGL3048.jpg\" title=\"Villa Beatrix Enea\" alt=\"Villa Beatrix Enea\" loading=\"lazy\" \/>\n\t\t\t\t\t\t\t\t<div class=\"tis-item-label-container\">\n\t\t\t\t\t\t\t\t\t<!--<span class=\"tis-item-handicap\"><img decoding=\"async\" src=\"https:\/\/www.anglet-tourisme.com\/wp-content\/plugins\/tourinsoft-syndication\/assets\/images\/icon-handicap.svg\" title=\"\" alt=\"\" \/><\/span>-->\n\t\t\t\t\t\t\t\t\t\t\t<\/div>\n\t\t\t\t\t<\/div>\n\t\t\n\t\t\n\t\t\n\t\t<h3>\t\t\tVilla Beatrix Enea\t\t<\/h3>\n\t\t\t<\/a>\n\t\n\t\t\t\t\t\t<div class=\"tis-item-tags\">\n\t\t\t\t\t\t\t\t<span class=\"tis-item-tag\">Galerie d&#8217;art<\/span>\n\t\t\t\t\t\t\t<\/div>\n\t\t\t\t\n\t<p>Galer\u00eda de arte, actos culturales, patrimonio y hermanamiento de ciudades. 3 salas dedicadas a la expresi\u00f3n art\u00edstica. El parque tambi\u00e9n acoge obras.<\/p>\t\n\t<strong class=\"tis-box-city\">ANGLET<\/strong>\t\n\t<div class=\"wp-block-button is-style-outline\">\n\t\t<a href=\"https:\/\/www.anglet-tourisme.com\/es\/en-movimiento-en-anglet\/actividades\/anglet\/LOIAQU064FS000O0-villa-beatrix-enea\/\" class=\"trk_visit_single wp-block-button__link has-dark-color has-white-background-color \">Ver m\u00e1s<\/a>\n\t<\/div>\n\t\n<\/article>\t<article class=\"js-marker tourinsoft-item tis-box \" id=\"marker-LOIAQU064FS000PQ\" data-lat=\"43.5254\" data-lng=\"-1.52411\" data-title=\"Agr\u00e8s sportifs face \u00e0 l'oc\u00e9an\">\n\t<a href=\"https:\/\/www.anglet-tourisme.com\/es\/en-movimiento-en-anglet\/actividades\/anglet\/LOIAQU064FS000PQ-agres-sportifs-face-a-locean\/\" class=\"trk_visit_single\">\n\t\t<div class=\"tis-item-cover \">\n\t\t\t\t\t\t\t\t\t<img decoding=\"async\" src=\"https:\/\/www.anglet-tourisme.com\/wp-content\/uploads\/tis\/Promenade---Sunset-Anglet-RIB0285--RiBLANC.jpg\" title=\"Agr\u00e8s sportifs face \u00e0 l'oc\u00e9an\" alt=\"Agr\u00e8s sportifs face \u00e0 l'oc\u00e9an\" loading=\"lazy\" \/>\n\t\t\t\t\t\t\t\t<div class=\"tis-item-label-container\">\n\t\t\t\t\t\t\t\t\t<!--<span class=\"tis-item-handicap\"><img decoding=\"async\" src=\"https:\/\/www.anglet-tourisme.com\/wp-content\/plugins\/tourinsoft-syndication\/assets\/images\/icon-handicap.svg\" title=\"\" alt=\"\" \/><\/span>-->\n\t\t\t\t\t\t\t\t\t\t\t<\/div>\n\t\t\t\t\t<\/div>\n\t\t\n\t\t\n\t\t\n\t\t<h3>\t\t\tAgr\u00e8s sportifs face \u00e0 l&#8217;oc\u00e9an\t\t<\/h3>\n\t\t\t<\/a>\n\t\n\t\t\t\t\t\t<div class=\"tis-item-tags\">\n\t\t\t\t\t\t\t\t<span class=\"tis-item-tag\">Parcours de sant\u00e9<\/span>\n\t\t\t\t\t\t\t<\/div>\n\t\t\t\t\n\t<p>Dos zonas de deporte y relajaci\u00f3n con vistas al mar, cada una de ellas compuesta por 8 aparatos adaptados a todos los niveles Lejos de las m\u00e1quinas de los gimnasios, el aparato&hellip;<\/p>\t\n\t<strong class=\"tis-box-city\">ANGLET<\/strong>\t\n\t<div class=\"wp-block-button is-style-outline\">\n\t\t<a href=\"https:\/\/www.anglet-tourisme.com\/es\/en-movimiento-en-anglet\/actividades\/anglet\/LOIAQU064FS000PQ-agres-sportifs-face-a-locean\/\" class=\"trk_visit_single wp-block-button__link has-dark-color has-white-background-color \">Ver m\u00e1s<\/a>\n\t<\/div>\n\t\n<\/article>\t<article class=\"js-marker tourinsoft-item tis-box \" id=\"marker-LOIAQU064FS000QE\" data-lat=\"43.4947\" data-lng=\"-1.54337\" data-title=\"Piste cyclable \"Boulevard des Plages\"\">\n\t<a href=\"https:\/\/www.anglet-tourisme.com\/es\/en-movimiento-en-anglet\/actividades\/anglet\/LOIAQU064FS000QE-piste-cyclable-boulevard-des-plages\/\" class=\"trk_visit_single\">\n\t\t<div class=\"tis-item-cover \">\n\t\t\t\t\t\t\t\t\t<img decoding=\"async\" src=\"https:\/\/www.anglet-tourisme.com\/wp-content\/uploads\/tis\/Ballade-en-Velo-I-Love-Anglet-1RIB1317--RiBLANC.jpg\" title=\"Piste cyclable Boulevard des Plages\" alt=\"Piste cyclable Boulevard des Plages\" loading=\"lazy\" \/>\n\t\t\t\t\t\t\t\t<div class=\"tis-item-label-container\">\n\t\t\t\t\t\t\t\t\t<!--<span class=\"tis-item-handicap\"><img decoding=\"async\" src=\"https:\/\/www.anglet-tourisme.com\/wp-content\/plugins\/tourinsoft-syndication\/assets\/images\/icon-handicap.svg\" title=\"\" alt=\"\" \/><\/span>-->\n\t\t\t\t\t\t\t\t\t\t\t<\/div>\n\t\t\t\t\t<\/div>\n\t\t\n\t\t\n\t\t\n\t\t<h3>\t\t\tPiste cyclable \u00abBoulevard des Plages\u00bb\t\t<\/h3>\n\t\t\t<\/a>\n\t\n\t\t\t\t\t\t<div class=\"tis-item-tags\">\n\t\t\t\t\t\t\t\t<span class=\"tis-item-tag\">Piste cyclable<\/span>\n\t\t\t\t\t\t\t<\/div>\n\t\t\t\t\n\t<p>Este carril bici une y da servicio a las 11 playas de Anglet a lo largo de 4,5 km. Para prolongar el trayecto hacia Bayona y Ustaritz: contin\u00fae por el carril bici&hellip;<\/p>\t\n\t<strong class=\"tis-box-city\">ANGLET<\/strong>\t\n\t<div class=\"wp-block-button is-style-outline\">\n\t\t<a href=\"https:\/\/www.anglet-tourisme.com\/es\/en-movimiento-en-anglet\/actividades\/anglet\/LOIAQU064FS000QE-piste-cyclable-boulevard-des-plages\/\" class=\"trk_visit_single wp-block-button__link has-dark-color has-white-background-color \">Ver m\u00e1s<\/a>\n\t<\/div>\n\t\n<\/article>\t<article class=\"js-marker tourinsoft-item tis-box \" id=\"marker-LOIAQU064V508NSV\" data-lat=\"43.4993\" data-lng=\"-1.54302\" data-title=\"Espace de l\u2019Oc\u00e9an \">\n\t<a href=\"https:\/\/www.anglet-tourisme.com\/es\/en-movimiento-en-anglet\/actividades\/anglet\/LOIAQU064V508NSV-espace-de-locean\/\" class=\"trk_visit_single\">\n\t\t<div class=\"tis-item-cover \">\n\t\t\t\t\t\t\t\t\t<img decoding=\"async\" src=\"https:\/\/www.anglet-tourisme.com\/wp-content\/uploads\/tis\/EspOceanMaiAout19-Masurel-0002-2.JPG\" title=\"Espace de l\u2019Oc\u00e9an \" alt=\"Espace de l\u2019Oc\u00e9an \" loading=\"lazy\" \/>\n\t\t\t\t\t\t\t\t<div class=\"tis-item-label-container\">\n\t\t\t\t\t\t\t\t\t<!--<span class=\"tis-item-handicap\"><img decoding=\"async\" src=\"https:\/\/www.anglet-tourisme.com\/wp-content\/plugins\/tourinsoft-syndication\/assets\/images\/icon-handicap.svg\" title=\"\" alt=\"\" \/><\/span>-->\n\t\t\t\t\t\t\t\t\t\t\t<\/div>\n\t\t\t\t\t<\/div>\n\t\t\n\t\t\n\t\t\n\t\t<h3>\t\t\tEspace de l\u2019Oc\u00e9an \t\t<\/h3>\n\t\t\t<\/a>\n\t\n\t\t\t\t\t\t<div class=\"tis-item-tags\">\n\t\t\t\t\t\t\t\t<span class=\"tis-item-tag\">Salle de s\u00e9minaire<\/span>\n\t\t\t\t\t\t\t<\/div>\n\t\t\t\t\n\t<p>Bienvenido al Espace de l&#8217;Oc\u00e9an, su sala de recepciones junto al mar. Idealmente situado en uno de los barrios m\u00e1s bellos de Anglet, la Chambre d&#8217;Amour, el Espace de l&#8217;Oc\u00e9an es el&hellip;<\/p>\t\n\t<strong class=\"tis-box-city\">ANGLET<\/strong>\t\n\t<div class=\"wp-block-button is-style-outline\">\n\t\t<a href=\"https:\/\/www.anglet-tourisme.com\/es\/en-movimiento-en-anglet\/actividades\/anglet\/LOIAQU064V508NSV-espace-de-locean\/\" class=\"trk_visit_single wp-block-button__link has-dark-color has-white-background-color \">Ver m\u00e1s<\/a>\n\t<\/div>\n\t\n<\/article>\t<article class=\"js-marker tourinsoft-item tis-box \" id=\"marker-LOIAQU064V50FIJN\" data-lat=\"43.5257\" data-lng=\"-1.52256\" data-title=\"City Stade de La Barre\">\n\t<a href=\"https:\/\/www.anglet-tourisme.com\/es\/en-movimiento-en-anglet\/actividades\/anglet\/LOIAQU064V50FIJN-city-stade-de-la-barre\/\" class=\"trk_visit_single\">\n\t\t<div class=\"tis-item-cover \">\n\t\t\t\t\t\t\t\t\t<img decoding=\"async\" src=\"https:\/\/www.anglet-tourisme.com\/wp-content\/uploads\/tis\/Skatepark-et-aire-de-jeux-5---Dario-T-2.jpg\" title=\"City Stade de La Barre\" alt=\"City Stade de La Barre\" loading=\"lazy\" \/>\n\t\t\t\t\t\t\t\t<div class=\"tis-item-label-container\">\n\t\t\t\t\t\t\t\t\t<!--<span class=\"tis-item-handicap\"><img decoding=\"async\" src=\"https:\/\/www.anglet-tourisme.com\/wp-content\/plugins\/tourinsoft-syndication\/assets\/images\/icon-handicap.svg\" title=\"\" alt=\"\" \/><\/span>-->\n\t\t\t\t\t\t\t\t\t\t\t<\/div>\n\t\t\t\t\t<\/div>\n\t\t\n\t\t\n\t\t\n\t\t<h3>\t\t\tCity Stade de La Barre\t\t<\/h3>\n\t\t\t<\/a>\n\t\n\t\t\t\t\t\t<div class=\"tis-item-tags\">\n\t\t\t\t\t\t\t\t<span class=\"tis-item-tag\">Aire de jeux pour enfants<\/span>\n\t\t\t\t\t\t\t\t<span class=\"tis-item-tag\">Aire de pique-nique<\/span>\n\t\t\t\t\t\t\t\t<span class=\"tis-item-tag\">Stade<\/span>\n\t\t\t\t\t\t\t<\/div>\n\t\t\t\t\n\t<p>Zona polideportiva para ni\u00f1os con cancha de baloncesto y f\u00fatbol.<\/p>\t\n\t<strong class=\"tis-box-city\">ANGLET<\/strong>\t\n\t<div class=\"wp-block-button is-style-outline\">\n\t\t<a href=\"https:\/\/www.anglet-tourisme.com\/es\/en-movimiento-en-anglet\/actividades\/anglet\/LOIAQU064V50FIJN-city-stade-de-la-barre\/\" class=\"trk_visit_single wp-block-button__link has-dark-color has-white-background-color \">Ver m\u00e1s<\/a>\n\t<\/div>\n\t\n<\/article>\t<article class=\"js-marker tourinsoft-item tis-box \" id=\"marker-LOIAQU064V50FIP8\" data-lat=\"43.4843\" data-lng=\"-1.5133\" data-title=\"Th\u00e9\u00e2tre Quintaou\">\n\t<a href=\"https:\/\/www.anglet-tourisme.com\/es\/en-movimiento-en-anglet\/actividades\/anglet\/LOIAQU064V50FIP8-theatre-quintaou\/\" class=\"trk_visit_single\">\n\t\t<div class=\"tis-item-cover \">\n\t\t\t\t\t\t\t\t\t<img decoding=\"async\" src=\"https:\/\/www.anglet-tourisme.com\/wp-content\/uploads\/tis\/2022.06.21---I-LOVE-ANGLET---Quintaou---Web-2-18.jpg\" title=\"Th\u00e9\u00e2tre Quintaou\" alt=\"Th\u00e9\u00e2tre Quintaou\" loading=\"lazy\" \/>\n\t\t\t\t\t\t\t\t<div class=\"tis-item-label-container\">\n\t\t\t\t\t\t\t\t\t<!--<span class=\"tis-item-handicap\"><img decoding=\"async\" src=\"https:\/\/www.anglet-tourisme.com\/wp-content\/plugins\/tourinsoft-syndication\/assets\/images\/icon-handicap.svg\" title=\"\" alt=\"\" \/><\/span>-->\n\t\t\t\t\t\t\t\t\t\t\t<\/div>\n\t\t\t\t\t<\/div>\n\t\t\n\t\t\n\t\t\n\t\t<h3>\t\t\tTh\u00e9\u00e2tre Quintaou\t\t<\/h3>\n\t\t\t<\/a>\n\t\n\t\t\t\t\t\t<div class=\"tis-item-tags\">\n\t\t\t\t\t\t\t\t<span class=\"tis-item-tag\">Salle de spectacle<\/span>\n\t\t\t\t\t\t\t<\/div>\n\t\t\t\t\n\t<p>El Th\u00e9\u00e2tre Quintaou es un importante lugar para las artes esc\u00e9nicas, que ofrece un atractivo espacio vital. Gestionado por la ciudad de Anglet, el teatro dispone de una gran sala con capacidad&hellip;<\/p>\t\n\t<strong class=\"tis-box-city\">ANGLET<\/strong>\t\n\t<div class=\"wp-block-button is-style-outline\">\n\t\t<a href=\"https:\/\/www.anglet-tourisme.com\/es\/en-movimiento-en-anglet\/actividades\/anglet\/LOIAQU064V50FIP8-theatre-quintaou\/\" class=\"trk_visit_single wp-block-button__link has-dark-color has-white-background-color \">Ver m\u00e1s<\/a>\n\t<\/div>\n\t\n<\/article>\t<article class=\"js-marker tourinsoft-item tis-box \" id=\"marker-LOIAQU064V50FIRO\" data-lat=\"43.4836\" data-lng=\"-1.51936\" data-title=\"Les Ecuries de Baroja\">\n\t<a href=\"https:\/\/www.anglet-tourisme.com\/es\/en-movimiento-en-anglet\/actividades\/anglet\/LOIAQU064V50FIRO-les-ecuries-de-baroja\/\" class=\"trk_visit_single\">\n\t\t<div class=\"tis-item-cover \">\n\t\t\t\t\t\t\t\t\t<img decoding=\"async\" src=\"https:\/\/www.anglet-tourisme.com\/wp-content\/uploads\/tis\/ecuries-baroja-anglet-01.jpg\" title=\"Les Ecuries de Baroja\" alt=\"Les Ecuries de Baroja\" loading=\"lazy\" \/>\n\t\t\t\t\t\t\t\t<div class=\"tis-item-label-container\">\n\t\t\t\t\t\t\t\t\t<!--<span class=\"tis-item-handicap\"><img decoding=\"async\" src=\"https:\/\/www.anglet-tourisme.com\/wp-content\/plugins\/tourinsoft-syndication\/assets\/images\/icon-handicap.svg\" title=\"\" alt=\"\" \/><\/span>-->\n\t\t\t\t\t\t\t\t\t\t\t<\/div>\n\t\t\t\t\t\t<div class=\"tis-item-online-booking\">\n\t\t\t\t<span>Reservas en l\u00ednea<\/span>\n\t\t\t<\/div>\n\t\t\t\t\t<\/div>\n\t\t\n\t\t\n\t\t\n\t\t<h3>\t\t\tLes Ecuries de Baroja\t\t<\/h3>\n\t\t\t<\/a>\n\t\n\t\t\t\t\t\t<div class=\"tis-item-tags\">\n\t\t\t\t\t\t\t\t<span class=\"tis-item-tag\">Salle de spectacle<\/span>\n\t\t\t\t\t\t\t<\/div>\n\t\t\t\t\n\t<p>Centro multidisciplinar de creaci\u00f3n y presentaci\u00f3n gestionado por el Departamento de Asuntos Culturales, Patrimonio y Hermanamientos. Dos salas de 80 y 65 plazas o 180 plazas de pie en la planta baja&hellip;<\/p>\t\n\t<strong class=\"tis-box-city\">ANGLET<\/strong>\t\n\t<div class=\"wp-block-button is-style-outline\">\n\t\t<a href=\"https:\/\/www.anglet-tourisme.com\/es\/en-movimiento-en-anglet\/actividades\/anglet\/LOIAQU064V50FIRO-les-ecuries-de-baroja\/\" class=\"trk_visit_single wp-block-button__link has-dark-color has-white-background-color \">Ver m\u00e1s<\/a>\n\t<\/div>\n\t\n<\/article>\t<article class=\"js-marker tourinsoft-item tis-box \" id=\"marker-LOIAQU064V57LXPF\" data-lat=\"43.5209\" data-lng=\"-1.50127\" data-title=\"Escape You\">\n\t<a href=\"https:\/\/www.anglet-tourisme.com\/es\/en-movimiento-en-anglet\/actividades\/anglet\/LOIAQU064V57LXPF-escape-you\/\" class=\"trk_visit_single\">\n\t\t<div class=\"tis-item-cover \">\n\t\t\t\t\t\t\t\t\t<img decoding=\"async\" src=\"https:\/\/www.anglet-tourisme.com\/wp-content\/uploads\/tis\/Escape-You-logo.jpg\" title=\"Escape You\" alt=\"Escape You\" loading=\"lazy\" \/>\n\t\t\t\t\t\t\t\t<div class=\"tis-item-label-container\">\n\t\t\t\t\t\t\t\t\t<!--<span class=\"tis-item-handicap\"><img decoding=\"async\" src=\"https:\/\/www.anglet-tourisme.com\/wp-content\/plugins\/tourinsoft-syndication\/assets\/images\/icon-handicap.svg\" title=\"\" alt=\"\" \/><\/span>-->\n\t\t\t\t\t\t\t\t\t\t\t<\/div>\n\t\t\t\t\t<\/div>\n\t\t\n\t\t\n\t\t\n\t\t<h3>\t\t\tEscape You\t\t<\/h3>\n\t\t\t<\/a>\n\t\n\t\t\t\t\t\t<div class=\"tis-item-tags\">\n\t\t\t\t\t\t\t\t<span class=\"tis-item-tag\">Jeux d&#8217;\u00e9nigmes<\/span>\n\t\t\t\t\t\t\t<\/div>\n\t\t\t\t\n\t<p>Bienvenido a Escape You, \u00a1su destino definitivo para vivir una aventura inolvidable! Sum\u00e9rjase en nuestras cuatro emocionantes salas de juegos de escape, donde le esperan misterios y enigmas. Tras la emoci\u00f3n del&hellip;<\/p>\t\n\t<strong class=\"tis-box-city\">ANGLET<\/strong>\t\n\t<div class=\"wp-block-button is-style-outline\">\n\t\t<a href=\"https:\/\/www.anglet-tourisme.com\/es\/en-movimiento-en-anglet\/actividades\/anglet\/LOIAQU064V57LXPF-escape-you\/\" class=\"trk_visit_single wp-block-button__link has-dark-color has-white-background-color \">Ver m\u00e1s<\/a>\n\t<\/div>\n\t\n<\/article>\t<article class=\"js-marker tourinsoft-item tis-box \" id=\"marker-LOIAQU064V5AYEPB\" data-lat=\"43.4955\" data-lng=\"-1.49656\" data-title=\"Escape game ilusiom\">\n\t<a href=\"https:\/\/www.anglet-tourisme.com\/es\/en-movimiento-en-anglet\/actividades\/anglet\/LOIAQU064V5AYEPB-escape-game-ilusiom\/\" class=\"trk_visit_single\">\n\t\t<div class=\"tis-item-cover \">\n\t\t\t\t\t\t\t\t\t<img decoding=\"async\" src=\"https:\/\/www.anglet-tourisme.com\/wp-content\/uploads\/tis\/Escape-game-Ilusiom-2.jpg\" title=\"Escape game ilusiom\" alt=\"Escape game ilusiom\" loading=\"lazy\" \/>\n\t\t\t\t\t\t\t\t<div class=\"tis-item-label-container\">\n\t\t\t\t\t\t\t\t\t<!--<span class=\"tis-item-handicap\"><img decoding=\"async\" src=\"https:\/\/www.anglet-tourisme.com\/wp-content\/plugins\/tourinsoft-syndication\/assets\/images\/icon-handicap.svg\" title=\"\" alt=\"\" \/><\/span>-->\n\t\t\t\t\t\t\t\t\t\t\t<\/div>\n\t\t\t\t\t<\/div>\n\t\t\n\t\t\n\t\t\n\t\t<h3>\t\t\tEscape game ilusiom\t\t<\/h3>\n\t\t\t<\/a>\n\t\n\t\t\t\t\t\t<div class=\"tis-item-tags\">\n\t\t\t\t\t\t\t\t<span class=\"tis-item-tag\">Jeux d&#8217;\u00e9nigmes<\/span>\n\t\t\t\t\t\t\t<\/div>\n\t\t\t\t\n\t<p>\u00a1Ilusiom, el nuevo Juego de Escape en Anglet que te desaf\u00eda! \u00bfTe atreves? Venga a conocer a los Maestros del Tiempo y disfrute de una experiencia \u00fanica de inmersi\u00f3n total. Mediante el&hellip;<\/p>\t\n\t<strong class=\"tis-box-city\">ANGLET<\/strong>\t\n\t<div class=\"wp-block-button is-style-outline\">\n\t\t<a href=\"https:\/\/www.anglet-tourisme.com\/es\/en-movimiento-en-anglet\/actividades\/anglet\/LOIAQU064V5AYEPB-escape-game-ilusiom\/\" class=\"trk_visit_single wp-block-button__link has-dark-color has-white-background-color \">Ver m\u00e1s<\/a>\n\t<\/div>\n\t\n<\/article>\t<article class=\"js-marker tourinsoft-item tis-box \" id=\"marker-LOIAQU064V5BLS4T\" data-lat=\"43.4836\" data-lng=\"-1.5133\" data-title=\"Galerie Georges Pompidou\">\n\t<a href=\"https:\/\/www.anglet-tourisme.com\/es\/en-movimiento-en-anglet\/actividades\/anglet\/LOIAQU064V5BLS4T-galerie-georges-pompidou\/\" class=\"trk_visit_single\">\n\t\t<div class=\"tis-item-cover \">\n\t\t\t\t\t\t\t\t\t<img decoding=\"async\" src=\"https:\/\/www.anglet-tourisme.com\/wp-content\/uploads\/tis\/Galerie-Pompidou-02-K-Pierret-Delage.jpg\" title=\"Galerie Georges Pompidou\" alt=\"Galerie Georges Pompidou\" loading=\"lazy\" \/>\n\t\t\t\t\t\t\t\t<div class=\"tis-item-label-container\">\n\t\t\t\t\t\t\t\t\t<!--<span class=\"tis-item-handicap\"><img decoding=\"async\" src=\"https:\/\/www.anglet-tourisme.com\/wp-content\/plugins\/tourinsoft-syndication\/assets\/images\/icon-handicap.svg\" title=\"\" alt=\"\" \/><\/span>-->\n\t\t\t\t\t\t\t\t\t\t\t<\/div>\n\t\t\t\t\t<\/div>\n\t\t\n\t\t\n\t\t\n\t\t<h3>\t\t\tGalerie Georges Pompidou\t\t<\/h3>\n\t\t\t<\/a>\n\t\n\t\t\t\t\t\t<div class=\"tis-item-tags\">\n\t\t\t\t\t\t\t\t<span class=\"tis-item-tag\">Galerie d&#8217;art<\/span>\n\t\t\t\t\t\t\t<\/div>\n\t\t\t\t\n\t<p>Frente a la fachada de la Villa Beatrix Enea, a la que ahora est\u00e1 ligado su destino, la galer\u00eda se traslad\u00f3 en 2023 de los muros de la mediateca a los alrededores&hellip;<\/p>\t\n\t<strong class=\"tis-box-city\">ANGLET<\/strong>\t\n\t<div class=\"wp-block-button is-style-outline\">\n\t\t<a href=\"https:\/\/www.anglet-tourisme.com\/es\/en-movimiento-en-anglet\/actividades\/anglet\/LOIAQU064V5BLS4T-galerie-georges-pompidou\/\" class=\"trk_visit_single wp-block-button__link has-dark-color has-white-background-color \">Ver m\u00e1s<\/a>\n\t<\/div>\n\t\n<\/article>\t<article class=\"js-marker tourinsoft-item tis-box \" id=\"marker-LOIAQU064V5BT9KY\" data-lat=\"43.5028\" data-lng=\"-1.53952\" data-title=\"Club de plage Les Petits Mailhouns\">\n\t<a href=\"https:\/\/www.anglet-tourisme.com\/es\/en-movimiento-en-anglet\/actividades\/anglet\/LOIAQU064V5BT9KY-club-de-plage-les-petits-mailhouns\/\" class=\"trk_visit_single\">\n\t\t<div class=\"tis-item-cover \">\n\t\t\t\t\t\t\t\t\t<img decoding=\"async\" src=\"https:\/\/www.anglet-tourisme.com\/wp-content\/uploads\/tis\/Les-petits-Mailhouns-4---Dario-T.jpg\" title=\"Club de plage Les Petits Mailhouns\" alt=\"Club de plage Les Petits Mailhouns\" loading=\"lazy\" \/>\n\t\t\t\t\t\t\t\t<div class=\"tis-item-label-container\">\n\t\t\t\t\t\t\t\t\t<!--<span class=\"tis-item-handicap\"><img decoding=\"async\" src=\"https:\/\/www.anglet-tourisme.com\/wp-content\/plugins\/tourinsoft-syndication\/assets\/images\/icon-handicap.svg\" title=\"\" alt=\"\" \/><\/span>-->\n\t\t\t\t\t\t\t\t\t\t\t<\/div>\n\t\t\t\t\t<\/div>\n\t\t\n\t\t\n\t\t\n\t\t<h3>\t\t\tClub de plage Les Petits Mailhouns\t\t<\/h3>\n\t\t\t<\/a>\n\t\n\t\t\t\t\t\t<div class=\"tis-item-tags\">\n\t\t\t\t\t\t\t\t<span class=\"tis-item-tag\">Club enfants<\/span>\n\t\t\t\t\t\t\t\t<span class=\"tis-item-tag\">Club de plage<\/span>\n\t\t\t\t\t\t\t\t<span class=\"tis-item-tag\">Piscine<\/span>\n\t\t\t\t\t\t\t<\/div>\n\t\t\t\t\n\t<p>El club de playa acoge a ni\u00f1os de 3 a 12 a\u00f1os. En julio y agosto: un amplio abanico de actividades para todas las edades (juegos deportivos en equipo, competiciones y torneos&hellip;<\/p>\t\n\t<strong class=\"tis-box-city\">ANGLET<\/strong>\t\n\t<div class=\"wp-block-button is-style-outline\">\n\t\t<a href=\"https:\/\/www.anglet-tourisme.com\/es\/en-movimiento-en-anglet\/actividades\/anglet\/LOIAQU064V5BT9KY-club-de-plage-les-petits-mailhouns\/\" class=\"trk_visit_single wp-block-button__link has-dark-color has-white-background-color \">Ver m\u00e1s<\/a>\n\t<\/div>\n\t\n<\/article>\t<article class=\"js-marker tourinsoft-item tis-box \" id=\"marker-LOIAQU064V5BYCQE\" data-lat=\"43.4772\" data-lng=\"-1.526\" data-title=\"O'Spa Institut et Fitness au Novotel\">\n\t<a href=\"https:\/\/www.anglet-tourisme.com\/es\/en-movimiento-en-anglet\/actividades\/anglet\/LOIAQU064V5BYCQE-ospa-institut-et-fitness-au-novotel\/\" class=\"trk_visit_single\">\n\t\t<div class=\"tis-item-cover \">\n\t\t\t\t\t\t\t\t\t<img decoding=\"async\" src=\"https:\/\/www.anglet-tourisme.com\/wp-content\/uploads\/tis\/O-Spa-Novotel-03.jpg\" title=\"O'Spa Institut et Fitness au Novotel\" alt=\"O'Spa Institut et Fitness au Novotel\" loading=\"lazy\" \/>\n\t\t\t\t\t\t\t\t<div class=\"tis-item-label-container\">\n\t\t\t\t\t\t\t\t\t<!--<span class=\"tis-item-handicap\"><img decoding=\"async\" src=\"https:\/\/www.anglet-tourisme.com\/wp-content\/plugins\/tourinsoft-syndication\/assets\/images\/icon-handicap.svg\" title=\"\" alt=\"\" \/><\/span>-->\n\t\t\t\t\t\t\t\t\t\t\t<\/div>\n\t\t\t\t\t\t<div class=\"tis-item-online-booking\">\n\t\t\t\t<span>Reservas en l\u00ednea<\/span>\n\t\t\t<\/div>\n\t\t\t\t\t<\/div>\n\t\t\n\t\t\n\t\t\n\t\t<h3>\t\t\tO&#8217;Spa Institut et Fitness au Novotel\t\t<\/h3>\n\t\t\t<\/a>\n\t\n\t\t\t\t\t\t<div class=\"tis-item-tags\">\n\t\t\t\t\t\t\t\t<span class=\"tis-item-tag\">Bien-\u00eatre<\/span>\n\t\t\t\t\t\t\t\t<span class=\"tis-item-tag\">Piscine<\/span>\n\t\t\t\t\t\t\t\t<span class=\"tis-item-tag\">Salle de s\u00e9minaire<\/span>\n\t\t\t\t\t\t\t<\/div>\n\t\t\t\t\n\t<p>Enclavado al borde de un parque arbolado de tres hect\u00e1reas en el coraz\u00f3n de Anglet, el Novotel Institut O&#8217;Spa es el lugar perfecto para una merecida pausa de bienestar. Abierto a hu\u00e9spedes&hellip;<\/p>\t\n\t<strong class=\"tis-box-city\">ANGLET<\/strong>\t\n\t<div class=\"wp-block-button is-style-outline\">\n\t\t<a href=\"https:\/\/www.anglet-tourisme.com\/es\/en-movimiento-en-anglet\/actividades\/anglet\/LOIAQU064V5BYCQE-ospa-institut-et-fitness-au-novotel\/\" class=\"trk_visit_single wp-block-button__link has-dark-color has-white-background-color \">Ver m\u00e1s<\/a>\n\t<\/div>\n\t\n<\/article>\t<article class=\"js-marker tourinsoft-item tis-box \" id=\"marker-LOIAQU064V5BZTFS\" data-lat=\"43.4827\" data-lng=\"-1.51029\" data-title=\"Biblioth\u00e8que Quintaou\">\n\t<a href=\"https:\/\/www.anglet-tourisme.com\/es\/en-movimiento-en-anglet\/actividades\/anglet\/LOIAQU064V5BZTFS-bibliotheque-quintaou\/\" class=\"trk_visit_single\">\n\t\t<div class=\"tis-item-cover \">\n\t\t\t\t\t\t\t\t\t<img decoding=\"async\" src=\"https:\/\/www.anglet-tourisme.com\/wp-content\/uploads\/tis\/Bibliotheque-Quintaou-Anglet-03.jpg\" title=\"Biblioth\u00e8que Quintaou\" alt=\"Biblioth\u00e8que Quintaou\" loading=\"lazy\" \/>\n\t\t\t\t\t\t\t\t<div class=\"tis-item-label-container\">\n\t\t\t\t\t\t\t\t\t<!--<span class=\"tis-item-handicap\"><img decoding=\"async\" src=\"https:\/\/www.anglet-tourisme.com\/wp-content\/plugins\/tourinsoft-syndication\/assets\/images\/icon-handicap.svg\" title=\"\" alt=\"\" \/><\/span>-->\n\t\t\t\t\t\t\t\t\t\t\t<\/div>\n\t\t\t\t\t<\/div>\n\t\t\n\t\t\n\t\t\n\t\t<h3>\t\t\tBiblioth\u00e8que Quintaou\t\t<\/h3>\n\t\t\t<\/a>\n\t\n\t\t\t\t\t\t<div class=\"tis-item-tags\">\n\t\t\t\t\t\t\t\t<span class=\"tis-item-tag\">Biblioth\u00e8que &#8211; m\u00e9diath\u00e8que<\/span>\n\t\t\t\t\t\t\t<\/div>\n\t\t\t\t\n\t<p>La biblioteca provisional se est\u00e1 instalando cerca del instituto de Endarra, mientras se renueva y ampl\u00eda la biblioteca de Quintaou. En la biblioteca provisional, los usuarios encontrar\u00e1n todos los fondos de la&hellip;<\/p>\t\n\t<strong class=\"tis-box-city\">ANGLET<\/strong>\t\n\t<div class=\"wp-block-button is-style-outline\">\n\t\t<a href=\"https:\/\/www.anglet-tourisme.com\/es\/en-movimiento-en-anglet\/actividades\/anglet\/LOIAQU064V5BZTFS-bibliotheque-quintaou\/\" class=\"trk_visit_single wp-block-button__link has-dark-color has-white-background-color \">Ver m\u00e1s<\/a>\n\t<\/div>\n\t\n<\/article>\t<article class=\"js-marker tourinsoft-item tis-box \" id=\"marker-LOIAQU064V5C2KFV\" data-lat=\"43.5118\" data-lng=\"-1.50035\" data-title=\"Ama Studio Holistique\">\n\t<a href=\"https:\/\/www.anglet-tourisme.com\/es\/en-movimiento-en-anglet\/actividades\/anglet\/LOIAQU064V5C2KFV-ama-studio-holistique\/\" class=\"trk_visit_single\">\n\t\t<div class=\"tis-item-cover \">\n\t\t\t\t\t\t\t\t\t<img decoding=\"async\" src=\"https:\/\/www.anglet-tourisme.com\/wp-content\/uploads\/tis\/AmaStudio-04-RiBLANC.jpg\" title=\"Ama Studio Holistique\" alt=\"Ama Studio Holistique\" loading=\"lazy\" \/>\n\t\t\t\t\t\t\t\t<div class=\"tis-item-label-container\">\n\t\t\t\t\t\t\t\t\t<!--<span class=\"tis-item-handicap\"><img decoding=\"async\" src=\"https:\/\/www.anglet-tourisme.com\/wp-content\/plugins\/tourinsoft-syndication\/assets\/images\/icon-handicap.svg\" title=\"\" alt=\"\" \/><\/span>-->\n\t\t\t\t\t\t\t\t\t\t\t<\/div>\n\t\t\t\t\t<\/div>\n\t\t\n\t\t\n\t\t\n\t\t<h3>\t\t\tAma Studio Holistique\t\t<\/h3>\n\t\t\t<\/a>\n\t\n\t\t\t\t\t\t<div class=\"tis-item-tags\">\n\t\t\t\t\t\t\t\t<span class=\"tis-item-tag\">Bien-\u00eatre<\/span>\n\t\t\t\t\t\t\t<\/div>\n\t\t\t\t\n\t<p>Ama Studio &#038; Caf\u00e9 Holistique es el rinc\u00f3n zen de las mujeres que arrasan. Este lugar \u00fanico, que combina bienestar, medicina alternativa y cordialidad, ofrece soluciones de cuidados y acompa\u00f1amiento para mujeres&hellip;<\/p>\t\n\t<strong class=\"tis-box-city\">ANGLET<\/strong>\t\n\t<div class=\"wp-block-button is-style-outline\">\n\t\t<a href=\"https:\/\/www.anglet-tourisme.com\/es\/en-movimiento-en-anglet\/actividades\/anglet\/LOIAQU064V5C2KFV-ama-studio-holistique\/\" class=\"trk_visit_single wp-block-button__link has-dark-color has-white-background-color \">Ver m\u00e1s<\/a>\n\t<\/div>\n\t\n<\/article>\t<article class=\"js-marker tourinsoft-item tis-box \" id=\"marker-PCUAQU064FS00001\" data-lat=\"43.4903\" data-lng=\"-1.53908\" data-title=\"Fabrique de chisteras Gonzalez\">\n\t<a href=\"https:\/\/www.anglet-tourisme.com\/es\/en-movimiento-en-anglet\/actividades\/anglet\/PCUAQU064FS00001-fabrique-de-chisteras-gonzalez\/\" class=\"trk_visit_single\">\n\t\t<div class=\"tis-item-cover \">\n\t\t\t\t\t\t\t\t\t<img decoding=\"async\" src=\"https:\/\/www.anglet-tourisme.com\/wp-content\/uploads\/tis\/Maison-Gonzales-Anglet--RIB1609--RiBLANC.jpg\" title=\"Fabrique de chisteras Gonzalez\" alt=\"Fabrique de chisteras Gonzalez\" loading=\"lazy\" \/>\n\t\t\t\t\t\t\t\t<div class=\"tis-item-label-container\">\n\t\t\t\t\t\t\t\t\t<!--<span class=\"tis-item-handicap\"><img decoding=\"async\" src=\"https:\/\/www.anglet-tourisme.com\/wp-content\/plugins\/tourinsoft-syndication\/assets\/images\/icon-handicap.svg\" title=\"\" alt=\"\" \/><\/span>-->\n\t\t\t\t\t\t\t\t\t\t\t<\/div>\n\t\t\t\t\t<\/div>\n\t\t\n\t\t\n\t\t\n\t\t<h3>\t\t\tFabrique de chisteras Gonzalez\t\t<\/h3>\n\t\t\t<\/a>\n\t\n\t\t\t\t\t\t<div class=\"tis-item-tags\">\n\t\t\t\t\t\t\t\t<span class=\"tis-item-tag\">Artisan d&#8217;art<\/span>\n\t\t\t\t\t\t\t<\/div>\n\t\t\t\t\n\t<p>Pierre Gonz\u00e1lez ha perpetuado la tradici\u00f3n desde 1887 fabricando manualmente chisteras (guante grande y guante peque\u00f1o) para jugar a las diversas especialidades de la pelota vasca.<\/p>\t\n\t<strong class=\"tis-box-city\">ANGLET<\/strong>\t\n\t<div class=\"wp-block-button is-style-outline\">\n\t\t<a href=\"https:\/\/www.anglet-tourisme.com\/es\/en-movimiento-en-anglet\/actividades\/anglet\/PCUAQU064FS00001-fabrique-de-chisteras-gonzalez\/\" class=\"trk_visit_single wp-block-button__link has-dark-color has-white-background-color \">Ver m\u00e1s<\/a>\n\t<\/div>\n\t\n<\/article>\t<article class=\"js-marker tourinsoft-item tis-box \" id=\"marker-PCUAQU064FS000G6\" data-lat=\"43.5026\" data-lng=\"-1.50322\" data-title=\"Fer Forg\u00e9 Pays Basque\">\n\t<a href=\"https:\/\/www.anglet-tourisme.com\/es\/en-movimiento-en-anglet\/actividades\/anglet\/PCUAQU064FS000G6-fer-forge-pays-basque\/\" class=\"trk_visit_single\">\n\t\t<div class=\"tis-item-cover \">\n\t\t\t\t\t\t\t\t\t<img decoding=\"async\" src=\"https:\/\/www.anglet-tourisme.com\/wp-content\/uploads\/tis\/Fer-Forge-Pays-Basque.jpg\" title=\"Fer Forg\u00e9 Pays Basque\" alt=\"Fer Forg\u00e9 Pays Basque\" loading=\"lazy\" \/>\n\t\t\t\t\t\t\t\t<div class=\"tis-item-label-container\">\n\t\t\t\t\t\t\t\t\t<!--<span class=\"tis-item-handicap\"><img decoding=\"async\" src=\"https:\/\/www.anglet-tourisme.com\/wp-content\/plugins\/tourinsoft-syndication\/assets\/images\/icon-handicap.svg\" title=\"\" alt=\"\" \/><\/span>-->\n\t\t\t\t\t\t\t\t\t\t\t<\/div>\n\t\t\t\t\t<\/div>\n\t\t\n\t\t\n\t\t\n\t\t<h3>\t\t\tFer Forg\u00e9 Pays Basque\t\t<\/h3>\n\t\t\t<\/a>\n\t\n\t\t\t\t\t\t<div class=\"tis-item-tags\">\n\t\t\t\t\t\t\t\t<span class=\"tis-item-tag\">Artisan d&#8217;art<\/span>\n\t\t\t\t\t\t\t<\/div>\n\t\t\t\t\n\t<p>Desde su taller, que incluye una tienda contigua con exposici\u00f3n, crea y fabrica objetos art\u00edsticos de hierro forjado, cerraduras, decoraci\u00f3n, muebles de interior y exterior y tablas artesanales: Cruz vasca (triskel) integrada&hellip;<\/p>\t\n\t<strong class=\"tis-box-city\">ANGLET<\/strong>\t\n\t<div class=\"wp-block-button is-style-outline\">\n\t\t<a href=\"https:\/\/www.anglet-tourisme.com\/es\/en-movimiento-en-anglet\/actividades\/anglet\/PCUAQU064FS000G6-fer-forge-pays-basque\/\" class=\"trk_visit_single wp-block-button__link has-dark-color has-white-background-color \">Ver m\u00e1s<\/a>\n\t<\/div>\n\t\n<\/article>\t<article class=\"js-marker tourinsoft-item tis-box \" id=\"marker-PCUAQU064V57MR8I\" data-lat=\"43.5104\" data-lng=\"-1.50206\" data-title=\"Jean-Fran\u00e7ois Perry - Vitrail et mosa\u00efque\">\n\t<a href=\"https:\/\/www.anglet-tourisme.com\/es\/en-movimiento-en-anglet\/actividades\/anglet\/PCUAQU064V57MR8I-jean-francois-perry-vitrail-et-mosaique\/\" class=\"trk_visit_single\">\n\t\t<div class=\"tis-item-cover \">\n\t\t\t\t\t\t\t\t\t<img decoding=\"async\" src=\"https:\/\/www.anglet-tourisme.com\/wp-content\/uploads\/tis\/jean-francois-perry-05.jpg\" title=\"Jean-Fran\u00e7ois Perry - Vitrail et mosa\u00efque\" alt=\"Jean-Fran\u00e7ois Perry - Vitrail et mosa\u00efque\" loading=\"lazy\" \/>\n\t\t\t\t\t\t\t\t<div class=\"tis-item-label-container\">\n\t\t\t\t\t\t\t\t\t<!--<span class=\"tis-item-handicap\"><img decoding=\"async\" src=\"https:\/\/www.anglet-tourisme.com\/wp-content\/plugins\/tourinsoft-syndication\/assets\/images\/icon-handicap.svg\" title=\"\" alt=\"\" \/><\/span>-->\n\t\t\t\t\t\t\t\t\t\t\t<\/div>\n\t\t\t\t\t<\/div>\n\t\t\n\t\t\n\t\t\n\t\t<h3>\t\t\tJean-Fran\u00e7ois Perry &#8211; Vitrail et mosa\u00efque\t\t<\/h3>\n\t\t\t<\/a>\n\t\n\t\t\t\t\t\t<div class=\"tis-item-tags\">\n\t\t\t\t\t\t\t\t<span class=\"tis-item-tag\">Artisan d&#8217;art<\/span>\n\t\t\t\t\t\t\t<\/div>\n\t\t\t\t\n\t<p>Jean-Fran\u00e7ois Perry trabaja con vidrieras emplomadas tradicionales, placas de vidrio y mosaicos. Realiza sus proyectos por encargo, desde los estilos m\u00e1s cl\u00e1sicos a los m\u00e1s contempor\u00e1neos. Pintura sobre vidrio.<\/p>\t\n\t<strong class=\"tis-box-city\">ANGLET<\/strong>\t\n\t<div class=\"wp-block-button is-style-outline\">\n\t\t<a href=\"https:\/\/www.anglet-tourisme.com\/es\/en-movimiento-en-anglet\/actividades\/anglet\/PCUAQU064V57MR8I-jean-francois-perry-vitrail-et-mosaique\/\" class=\"trk_visit_single wp-block-button__link has-dark-color has-white-background-color \">Ver m\u00e1s<\/a>\n\t<\/div>\n\t\n<\/article>\t<article class=\"js-marker tourinsoft-item tis-box \" id=\"marker-PCUAQU064V58KIK7\" data-lat=\"43.4922\" data-lng=\"-1.50354\" data-title=\"Espace culturel Uei en Gasconha\">\n\t<a href=\"https:\/\/www.anglet-tourisme.com\/es\/en-movimiento-en-anglet\/actividades\/anglet\/PCUAQU064V58KIK7-espace-culturel-uei-en-gasconha\/\" class=\"trk_visit_single\">\n\t\t<div class=\"tis-item-cover \">\n\t\t\t\t\t\t\t\t\t<img decoding=\"async\" src=\"https:\/\/www.anglet-tourisme.com\/wp-content\/uploads\/tis\/espace-culturel-tivoli-anglet2.jpg\" title=\"Espace culturel Uei en Gasconha\" alt=\"Espace culturel Uei en Gasconha\" loading=\"lazy\" \/>\n\t\t\t\t\t\t\t\t<div class=\"tis-item-label-container\">\n\t\t\t\t\t\t\t\t\t<!--<span class=\"tis-item-handicap\"><img decoding=\"async\" src=\"https:\/\/www.anglet-tourisme.com\/wp-content\/plugins\/tourinsoft-syndication\/assets\/images\/icon-handicap.svg\" title=\"\" alt=\"\" \/><\/span>-->\n\t\t\t\t\t\t\t\t\t\t\t<\/div>\n\t\t\t\t\t<\/div>\n\t\t\n\t\t\n\t\t\n\t\t<h3>\t\t\tEspace culturel Uei en Gasconha\t\t<\/h3>\n\t\t\t<\/a>\n\t\n\t\t\t\t\t\t<div class=\"tis-item-tags\">\n\t\t\t\t\t\t\t\t<span class=\"tis-item-tag\">Centre d&#8217;interpr\u00e9tation<\/span>\n\t\t\t\t\t\t\t<\/div>\n\t\t\t\t\n\t<p>Uei en Gasconha (Hoy en Gascu\u00f1a) es un centro de interpretaci\u00f3n de la lengua y la cultura gasconas, instalado en una ampliaci\u00f3n del centro cultural Tivoli. El objetivo de este nuevo equipamiento&hellip;<\/p>\t\n\t<strong class=\"tis-box-city\">ANGLET<\/strong>\t\n\t<div class=\"wp-block-button is-style-outline\">\n\t\t<a href=\"https:\/\/www.anglet-tourisme.com\/es\/en-movimiento-en-anglet\/actividades\/anglet\/PCUAQU064V58KIK7-espace-culturel-uei-en-gasconha\/\" class=\"trk_visit_single wp-block-button__link has-dark-color has-white-background-color \">Ver m\u00e1s<\/a>\n\t<\/div>\n\t\n<\/article>\t<article class=\"js-marker tourinsoft-item tis-box \" id=\"marker-PCUAQU064V590T55\" data-lat=\"43.5035\" data-lng=\"-1.52348\" data-title=\"Le Couvent des Bernardines\">\n\t<a href=\"https:\/\/www.anglet-tourisme.com\/es\/en-movimiento-en-anglet\/actividades\/anglet\/PCUAQU064V590T55-le-couvent-des-bernardines\/\" class=\"trk_visit_single\">\n\t\t<div class=\"tis-item-cover \">\n\t\t\t\t\t\t\t\t\t<img decoding=\"async\" src=\"https:\/\/www.anglet-tourisme.com\/wp-content\/uploads\/tis\/Les-Jardins-du-Refuge-I-Love-Anglet-RIB9968--RiBLANC.jpg\" title=\"Le Couvent des Bernardines\" alt=\"Le Couvent des Bernardines\" loading=\"lazy\" \/>\n\t\t\t\t\t\t\t\t<div class=\"tis-item-label-container\">\n\t\t\t\t\t\t\t\t\t<!--<span class=\"tis-item-handicap\"><img decoding=\"async\" src=\"https:\/\/www.anglet-tourisme.com\/wp-content\/plugins\/tourinsoft-syndication\/assets\/images\/icon-handicap.svg\" title=\"\" alt=\"\" \/><\/span>-->\n\t\t\t\t\t\t\t\t\t\t\t<\/div>\n\t\t\t\t\t<\/div>\n\t\t\n\t\t\n\t\t\n\t\t<h3>\t\t\tLe Couvent des Bernardines\t\t<\/h3>\n\t\t\t<\/a>\n\t\n\t\t\t\t\t\t<div class=\"tis-item-tags\">\n\t\t\t\t\t\t\t\t<span class=\"tis-item-tag\">Site \/ monument<\/span>\n\t\t\t\t\t\t\t<\/div>\n\t\t\t\t\n\t<p>Un original paseo para descubrir la vida y la obra del padre Cestac, beatificado en 2015, fundador de la Congregaci\u00f3n de los Siervos de Mar\u00eda Para visitar: La Capilla de las Bernadinas&hellip;<\/p>\t\n\t<strong class=\"tis-box-city\">ANGLET<\/strong>\t\n\t<div class=\"wp-block-button is-style-outline\">\n\t\t<a href=\"https:\/\/www.anglet-tourisme.com\/es\/en-movimiento-en-anglet\/actividades\/anglet\/PCUAQU064V590T55-le-couvent-des-bernardines\/\" class=\"trk_visit_single wp-block-button__link has-dark-color has-white-background-color \">Ver m\u00e1s<\/a>\n\t<\/div>\n\t\n<\/article>\t<article class=\"js-marker tourinsoft-item tis-box \" id=\"marker-PCUAQU064V590TWZ\" data-lat=\"43.4979\" data-lng=\"-1.54303\" data-title=\"La Love Tower\">\n\t<a href=\"https:\/\/www.anglet-tourisme.com\/es\/en-movimiento-en-anglet\/actividades\/anglet\/PCUAQU064V590TWZ-la-love-tower\/\" class=\"trk_visit_single\">\n\t\t<div class=\"tis-item-cover \">\n\t\t\t\t\t\t\t\t\t<img decoding=\"async\" src=\"https:\/\/www.anglet-tourisme.com\/wp-content\/uploads\/tis\/Love-Tower-I-Love-Anglet-1RIB1330--RiBLANC.jpg\" title=\"La Love Tower\" alt=\"La Love Tower\" loading=\"lazy\" \/>\n\t\t\t\t\t\t\t\t<div class=\"tis-item-label-container\">\n\t\t\t\t\t\t\t\t\t<!--<span class=\"tis-item-handicap\"><img decoding=\"async\" src=\"https:\/\/www.anglet-tourisme.com\/wp-content\/plugins\/tourinsoft-syndication\/assets\/images\/icon-handicap.svg\" title=\"\" alt=\"\" \/><\/span>-->\n\t\t\t\t\t\t\t\t\t\t\t<\/div>\n\t\t\t\t\t<\/div>\n\t\t\n\t\t\n\t\t\n\t\t<h3>\t\t\tLa Love Tower\t\t<\/h3>\n\t\t\t<\/a>\n\t\n\t\t\t\t\t\t<div class=\"tis-item-tags\">\n\t\t\t\t\t\t\t\t<span class=\"tis-item-tag\">Site \/ monument<\/span>\n\t\t\t\t\t\t\t<\/div>\n\t\t\t\t\n\t<p>una obra de madera y metal que forma parte de la 7\u00aa edici\u00f3n de la Bienal de Arte Contempor\u00e1neo del artista japon\u00e9s Tadashi Kawamata A cuatro metros de altura, con una escalera&hellip;<\/p>\t\n\t<strong class=\"tis-box-city\">ANGLET<\/strong>\t\n\t<div class=\"wp-block-button is-style-outline\">\n\t\t<a href=\"https:\/\/www.anglet-tourisme.com\/es\/en-movimiento-en-anglet\/actividades\/anglet\/PCUAQU064V590TWZ-la-love-tower\/\" class=\"trk_visit_single wp-block-button__link has-dark-color has-white-background-color \">Ver m\u00e1s<\/a>\n\t<\/div>\n\t\n<\/article>\t<article class=\"js-marker tourinsoft-item tis-box \" id=\"marker-PCUAQU064V590W2T\" data-lat=\"43.5009\" data-lng=\"-1.54228\" data-title=\"Anglet Surf Avenue\">\n\t<a href=\"https:\/\/www.anglet-tourisme.com\/es\/en-movimiento-en-anglet\/actividades\/anglet\/PCUAQU064V590W2T-anglet-surf-avenue\/\" class=\"trk_visit_single\">\n\t\t<div class=\"tis-item-cover \">\n\t\t\t\t\t\t\t\t\t<img decoding=\"async\" src=\"https:\/\/www.anglet-tourisme.com\/wp-content\/uploads\/tis\/Kelly-Slater-01.jpg\" title=\"Anglet Surf Avenue\" alt=\"Anglet Surf Avenue\" loading=\"lazy\" \/>\n\t\t\t\t\t\t\t\t<div class=\"tis-item-label-container\">\n\t\t\t\t\t\t\t\t\t<!--<span class=\"tis-item-handicap\"><img decoding=\"async\" src=\"https:\/\/www.anglet-tourisme.com\/wp-content\/plugins\/tourinsoft-syndication\/assets\/images\/icon-handicap.svg\" title=\"\" alt=\"\" \/><\/span>-->\n\t\t\t\t\t\t\t\t\t\t\t<\/div>\n\t\t\t\t\t<\/div>\n\t\t\n\t\t\n\t\t\n\t\t<h3>\t\t\tAnglet Surf Avenue\t\t<\/h3>\n\t\t\t<\/a>\n\t\n\t\t\t\t\t\t<div class=\"tis-item-tags\">\n\t\t\t\t\t\t\t\t<span class=\"tis-item-tag\">Site \/ monument<\/span>\n\t\t\t\t\t\t\t<\/div>\n\t\t\t\t\n\t<p>Entre los lugares imprescindibles que visitar, recomendamos encarecidamente la Anglet Surf Avenue, situada en la terraza de Sables d&#8217;Or, frente al oc\u00e9ano. Inaugurada en 2018 con motivo del 50.\u00ba aniversario del surf&hellip;<\/p>\t\n\t<strong class=\"tis-box-city\">ANGLET<\/strong>\t\n\t<div class=\"wp-block-button is-style-outline\">\n\t\t<a href=\"https:\/\/www.anglet-tourisme.com\/es\/en-movimiento-en-anglet\/actividades\/anglet\/PCUAQU064V590W2T-anglet-surf-avenue\/\" class=\"trk_visit_single wp-block-button__link has-dark-color has-white-background-color \">Ver m\u00e1s<\/a>\n\t<\/div>\n\t\n<\/article>\t<article class=\"js-marker tourinsoft-item tis-box \" id=\"marker-PCUAQU064V5B9DKZ\" data-lat=\"43.5098\" data-lng=\"-1.49916\" data-title=\"L'Hermione \u00e0 Anglet\">\n\t<a href=\"https:\/\/www.anglet-tourisme.com\/es\/en-movimiento-en-anglet\/actividades\/anglet\/PCUAQU064V5B9DKZ-lhermione-a-anglet\/\" class=\"trk_visit_single\">\n\t\t<div class=\"tis-item-cover \">\n\t\t\t\t\t\t\t\t\t<img decoding=\"async\" src=\"https:\/\/www.anglet-tourisme.com\/wp-content\/uploads\/tis\/Hermione-Anglet-IMG-9943-2.jpg\" title=\"L'Hermione \u00e0 Anglet\" alt=\"L'Hermione \u00e0 Anglet\" loading=\"lazy\" \/>\n\t\t\t\t\t\t\t\t<div class=\"tis-item-label-container\">\n\t\t\t\t\t\t\t\t\t<!--<span class=\"tis-item-handicap\"><img decoding=\"async\" src=\"https:\/\/www.anglet-tourisme.com\/wp-content\/plugins\/tourinsoft-syndication\/assets\/images\/icon-handicap.svg\" title=\"\" alt=\"\" \/><\/span>-->\n\t\t\t\t\t\t\t\t\t\t\t<\/div>\n\t\t\t\t\t\t<div class=\"tis-item-online-booking\">\n\t\t\t\t<span>Reservas en l\u00ednea<\/span>\n\t\t\t<\/div>\n\t\t\t\t\t<\/div>\n\t\t\n\t\t\n\t\t\n\t\t<h3>\t\t\tL&#8217;Hermione \u00e0 Anglet\t\t<\/h3>\n\t\t\t<\/a>\n\t\n\t\t\t\t\t\t<div class=\"tis-item-tags\">\n\t\t\t\t\t\t\t\t<span class=\"tis-item-tag\">Site \/ monument<\/span>\n\t\t\t\t\t\t\t<\/div>\n\t\t\t\t\n\t<p>El Hermione hace escala en el puerto de Bayona, en Anglet, para su gran reacondicionamiento Este barco \u00fanico, aut\u00e9ntica r\u00e9plica de un tres m\u00e1stiles del siglo XVIII, pas\u00f3 por la desembocadura del&hellip;<\/p>\t\n\t<strong class=\"tis-box-city\">ANGLET<\/strong>\t\n\t<div class=\"wp-block-button is-style-outline\">\n\t\t<a href=\"https:\/\/www.anglet-tourisme.com\/es\/en-movimiento-en-anglet\/actividades\/anglet\/PCUAQU064V5B9DKZ-lhermione-a-anglet\/\" class=\"trk_visit_single wp-block-button__link has-dark-color has-white-background-color \">Ver m\u00e1s<\/a>\n\t<\/div>\n\t\n<\/article>\t<article class=\"js-marker tourinsoft-item tis-box \" id=\"marker-PCUAQU064V5BAMBY\" data-lat=\"43.4984\" data-lng=\"-1.52756\" data-title=\"Notre-Dame du Refuge\">\n\t<a href=\"https:\/\/www.anglet-tourisme.com\/es\/en-movimiento-en-anglet\/actividades\/anglet\/PCUAQU064V5BAMBY-notre-dame-du-refuge\/\" class=\"trk_visit_single\">\n\t\t<div class=\"tis-item-cover \">\n\t\t\t\t\t\t\t\t\t<img decoding=\"async\" src=\"https:\/\/www.anglet-tourisme.com\/wp-content\/uploads\/tis\/notre-dame-refuge-anglet-08.jpg\" title=\"Notre-Dame du Refuge\" alt=\"Notre-Dame du Refuge\" loading=\"lazy\" \/>\n\t\t\t\t\t\t\t\t<div class=\"tis-item-label-container\">\n\t\t\t\t\t\t\t\t\t<!--<span class=\"tis-item-handicap\"><img decoding=\"async\" src=\"https:\/\/www.anglet-tourisme.com\/wp-content\/plugins\/tourinsoft-syndication\/assets\/images\/icon-handicap.svg\" title=\"\" alt=\"\" \/><\/span>-->\n\t\t\t\t\t\t\t\t\t\t\t<\/div>\n\t\t\t\t\t<\/div>\n\t\t\n\t\t\n\t\t\n\t\t<h3>\t\t\tNotre-Dame du Refuge\t\t<\/h3>\n\t\t\t<\/a>\n\t\n\t\t\t\t\t\t<div class=\"tis-item-tags\">\n\t\t\t\t\t\t\t\t<span class=\"tis-item-tag\">Site \/ monument<\/span>\n\t\t\t\t\t\t\t<\/div>\n\t\t\t\t\n\t<p>D\u00e9jese seducir por este original paseo que recorre la vida y la obra del padre Cestac, beatificado en 2015, fundador de la Congregaci\u00f3n de los Siervos de Mar\u00eda. Para ver: La capilla&hellip;<\/p>\t\n\t<strong class=\"tis-box-city\">ANGLET<\/strong>\t\n\t<div class=\"wp-block-button is-style-outline\">\n\t\t<a href=\"https:\/\/www.anglet-tourisme.com\/es\/en-movimiento-en-anglet\/actividades\/anglet\/PCUAQU064V5BAMBY-notre-dame-du-refuge\/\" class=\"trk_visit_single wp-block-button__link has-dark-color has-white-background-color \">Ver m\u00e1s<\/a>\n\t<\/div>\n\t\n<\/article>\t<article class=\"js-marker tourinsoft-item tis-box \" id=\"marker-PCUAQU064V5BM6EH\" data-lat=\"43.506\" data-lng=\"-1.53705\" data-title=\"Visite des postes de secours des plages\">\n\t<a href=\"https:\/\/www.anglet-tourisme.com\/es\/en-movimiento-en-anglet\/actividades\/anglet\/PCUAQU064V5BM6EH-visite-des-postes-de-secours-des-plages\/\" class=\"trk_visit_single\">\n\t\t<div class=\"tis-item-cover \">\n\t\t\t\t\t\t\t\t\t<img decoding=\"async\" src=\"https:\/\/www.anglet-tourisme.com\/wp-content\/uploads\/tis\/Visite-Poste-La-Marinella---Anglet--RIB2086--RiBLANC-5.jpg\" title=\"Visite des postes de secours des plages\" alt=\"Visite des postes de secours des plages\" loading=\"lazy\" \/>\n\t\t\t\t\t\t\t\t<div class=\"tis-item-label-container\">\n\t\t\t\t\t\t\t\t\t<!--<span class=\"tis-item-handicap\"><img decoding=\"async\" src=\"https:\/\/www.anglet-tourisme.com\/wp-content\/plugins\/tourinsoft-syndication\/assets\/images\/icon-handicap.svg\" title=\"\" alt=\"\" \/><\/span>-->\n\t\t\t\t\t\t\t\t\t\t\t<\/div>\n\t\t\t\t\t\t<div class=\"tis-item-online-booking\">\n\t\t\t\t<span>Reservas en l\u00ednea<\/span>\n\t\t\t<\/div>\n\t\t\t\t\t<\/div>\n\t\t\n\t\t\n\t\t\n\t\t<h3>\t\t\tVisite des postes de secours des plages\t\t<\/h3>\n\t\t\t<\/a>\n\t\n\t\t\t\t\t\t<div class=\"tis-item-tags\">\n\t\t\t\t\t\t\t\t<span class=\"tis-item-tag\">Visite guid\u00e9e de ville, village<\/span>\n\t\t\t\t\t\t\t<\/div>\n\t\t\t\t\n\t<p>\u00abEn la piel de los socorristas\u00bb Descubra su vida cotidiana visitando con uno de ellos los puestos de socorro de Anglet. Conozca a los embajadores que velan cada d\u00eda por nuestra seguridad.&hellip;<\/p>\t\n\t<strong class=\"tis-box-city\">ANGLET<\/strong>\t\n\t<div class=\"wp-block-button is-style-outline\">\n\t\t<a href=\"https:\/\/www.anglet-tourisme.com\/es\/en-movimiento-en-anglet\/actividades\/anglet\/PCUAQU064V5BM6EH-visite-des-postes-de-secours-des-plages\/\" class=\"trk_visit_single wp-block-button__link has-dark-color has-white-background-color \">Ver m\u00e1s<\/a>\n\t<\/div>\n\t\n<\/article>\t<article class=\"js-marker tourinsoft-item tis-box \" id=\"marker-PCUAQU064V5BTE7I\" data-lat=\"43.5024\" data-lng=\"-1.5161\" data-title=\"Agap\u00e9 C\u00e9ramiques\">\n\t<a href=\"https:\/\/www.anglet-tourisme.com\/es\/en-movimiento-en-anglet\/actividades\/anglet\/PCUAQU064V5BTE7I-agape-ceramiques\/\" class=\"trk_visit_single\">\n\t\t<div class=\"tis-item-cover \">\n\t\t\t\t\t\t\t\t\t<img decoding=\"async\" src=\"https:\/\/www.anglet-tourisme.com\/wp-content\/uploads\/tis\/Agape-Ceramiques-anglet.jpg\" title=\"Agap\u00e9 C\u00e9ramiques\" alt=\"Agap\u00e9 C\u00e9ramiques\" loading=\"lazy\" \/>\n\t\t\t\t\t\t\t\t<div class=\"tis-item-label-container\">\n\t\t\t\t\t\t\t\t\t<!--<span class=\"tis-item-handicap\"><img decoding=\"async\" src=\"https:\/\/www.anglet-tourisme.com\/wp-content\/plugins\/tourinsoft-syndication\/assets\/images\/icon-handicap.svg\" title=\"\" alt=\"\" \/><\/span>-->\n\t\t\t\t\t\t\t\t\t\t\t<\/div>\n\t\t\t\t\t<\/div>\n\t\t\n\t\t\n\t\t\n\t\t<h3>\t\t\tAgap\u00e9 C\u00e9ramiques\t\t<\/h3>\n\t\t\t<\/a>\n\t\n\t\t\t\t\t\t<div class=\"tis-item-tags\">\n\t\t\t\t\t\t\t\t<span class=\"tis-item-tag\">Artisan d&#8217;art<\/span>\n\t\t\t\t\t\t\t<\/div>\n\t\t\t\t\n\t<p>Agap\u00e9 C\u00e9ramiques, creado por la artesana No\u00eblle Pierre, es un taller de alfarer\u00eda y cer\u00e1mica situado en el coraz\u00f3n de Anglet, en el barrio de Montbrun. Utilizando el torno o el modelado,&hellip;<\/p>\t\n\t<strong class=\"tis-box-city\">ANGLET<\/strong>\t\n\t<div class=\"wp-block-button is-style-outline\">\n\t\t<a href=\"https:\/\/www.anglet-tourisme.com\/es\/en-movimiento-en-anglet\/actividades\/anglet\/PCUAQU064V5BTE7I-agape-ceramiques\/\" class=\"trk_visit_single wp-block-button__link has-dark-color has-white-background-color \">Ver m\u00e1s<\/a>\n\t<\/div>\n\t\n<\/article>\t<article class=\"js-marker tourinsoft-item tis-box \" id=\"marker-PCUAQU064V5BW2XZ\" data-lat=\"43.4949\" data-lng=\"-1.53508\" data-title=\"\u00c9glise Sainte-Marie\">\n\t<a href=\"https:\/\/www.anglet-tourisme.com\/es\/en-movimiento-en-anglet\/actividades\/anglet\/PCUAQU064V5BW2XZ-eglise-sainte-marie\/\" class=\"trk_visit_single\">\n\t\t<div class=\"tis-item-cover \">\n\t\t\t\t\t\t\t\t\t<img decoding=\"async\" src=\"https:\/\/www.anglet-tourisme.com\/wp-content\/uploads\/tis\/Eglise-Sainte-Marie-I-Love-Anglet-RIB0112--RiBLANC.jpg\" title=\"\u00c9glise Sainte-Marie\" alt=\"\u00c9glise Sainte-Marie\" loading=\"lazy\" \/>\n\t\t\t\t\t\t\t\t<div class=\"tis-item-label-container\">\n\t\t\t\t\t\t\t\t\t<!--<span class=\"tis-item-handicap\"><img decoding=\"async\" src=\"https:\/\/www.anglet-tourisme.com\/wp-content\/plugins\/tourinsoft-syndication\/assets\/images\/icon-handicap.svg\" title=\"\" alt=\"\" \/><\/span>-->\n\t\t\t\t\t\t\t\t\t\t\t<\/div>\n\t\t\t\t\t<\/div>\n\t\t\n\t\t\n\t\t\n\t\t<h3>\t\t\t\u00c9glise Sainte-Marie\t\t<\/h3>\n\t\t\t<\/a>\n\t\n\t\t\t\t\t\t<div class=\"tis-item-tags\">\n\t\t\t\t\t\t\t\t<span class=\"tis-item-tag\">Site \/ monument<\/span>\n\t\t\t\t\t\t\t<\/div>\n\t\t\t\t\n\t<p>Aut\u00e9ntica joya del siglo XX, la iglesia Sainte-Marie, construida en 1932, est\u00e1 catalogada como monumento hist\u00f3rico desde 2014. Obra de los arquitectos Pierre Fonterme (1895-1985) y Charles H\u00e9brard (1895-1941), se alza orgullosa&hellip;<\/p>\t\n\t<strong class=\"tis-box-city\">ANGLET<\/strong>\t\n\t<div class=\"wp-block-button is-style-outline\">\n\t\t<a href=\"https:\/\/www.anglet-tourisme.com\/es\/en-movimiento-en-anglet\/actividades\/anglet\/PCUAQU064V5BW2XZ-eglise-sainte-marie\/\" class=\"trk_visit_single wp-block-button__link has-dark-color has-white-background-color \">Ver m\u00e1s<\/a>\n\t<\/div>\n\t\n<\/article>\t<article class=\"js-marker tourinsoft-item tis-box \" id=\"marker-PCUAQU064V5BW3UW\" data-lat=\"43.4819\" data-lng=\"-1.51433\" data-title=\"\u00c9glise Saint-L\u00e9on\">\n\t<a href=\"https:\/\/www.anglet-tourisme.com\/es\/en-movimiento-en-anglet\/actividades\/anglet\/PCUAQU064V5BW3UW-eglise-saint-leon\/\" class=\"trk_visit_single\">\n\t\t<div class=\"tis-item-cover \">\n\t\t\t\t\t\t\t\t\t<img decoding=\"async\" src=\"https:\/\/www.anglet-tourisme.com\/wp-content\/uploads\/tis\/Eglise-Saint-Leon-1---Dario-T-5.jpg\" title=\"\u00c9glise Saint-L\u00e9on\" alt=\"\u00c9glise Saint-L\u00e9on\" loading=\"lazy\" \/>\n\t\t\t\t\t\t\t\t<div class=\"tis-item-label-container\">\n\t\t\t\t\t\t\t\t\t<!--<span class=\"tis-item-handicap\"><img decoding=\"async\" src=\"https:\/\/www.anglet-tourisme.com\/wp-content\/plugins\/tourinsoft-syndication\/assets\/images\/icon-handicap.svg\" title=\"\" alt=\"\" \/><\/span>-->\n\t\t\t\t\t\t\t\t\t\t\t<\/div>\n\t\t\t\t\t<\/div>\n\t\t\n\t\t\n\t\t\n\t\t<h3>\t\t\t\u00c9glise Saint-L\u00e9on\t\t<\/h3>\n\t\t\t<\/a>\n\t\n\t\t\t\t\t\t<div class=\"tis-item-tags\">\n\t\t\t\t\t\t\t\t<span class=\"tis-item-tag\">Site \/ monument<\/span>\n\t\t\t\t\t\t\t<\/div>\n\t\t\t\t\n\t<p>La iglesia de Saint-L\u00e9on es la m\u00e1s antigua de Anglet, construida en 1557 tras el desmantelamiento de la capilla de Saint-L\u00e9on de Bayona. Seg\u00fan algunas fuentes, conserva la peque\u00f1a b\u00f3veda rom\u00e1nica y&hellip;<\/p>\t\n\t<strong class=\"tis-box-city\">ANGLET<\/strong>\t\n\t<div class=\"wp-block-button is-style-outline\">\n\t\t<a href=\"https:\/\/www.anglet-tourisme.com\/es\/en-movimiento-en-anglet\/actividades\/anglet\/PCUAQU064V5BW3UW-eglise-saint-leon\/\" class=\"trk_visit_single wp-block-button__link has-dark-color has-white-background-color \">Ver m\u00e1s<\/a>\n\t<\/div>\n\t\n<\/article>\t<article class=\"js-marker tourinsoft-item tis-box \" id=\"marker-PCUAQU064V5BXDJ7\" data-lat=\"43.4814\" data-lng=\"-1.51504\" data-title=\"H\u00f4tel de Ville d\u2019Anglet - Mairie\">\n\t<a href=\"https:\/\/www.anglet-tourisme.com\/es\/en-movimiento-en-anglet\/actividades\/anglet\/PCUAQU064V5BXDJ7-hotel-de-ville-danglet-mairie\/\" class=\"trk_visit_single\">\n\t\t<div class=\"tis-item-cover \">\n\t\t\t\t\t\t\t\t\t<img decoding=\"async\" src=\"https:\/\/www.anglet-tourisme.com\/wp-content\/uploads\/tis\/Hotel-de-Ville-Anglet-01-2.jpg\" title=\"H\u00f4tel de Ville d\u2019Anglet - Mairie\" alt=\"H\u00f4tel de Ville d\u2019Anglet - Mairie\" loading=\"lazy\" \/>\n\t\t\t\t\t\t\t\t<div class=\"tis-item-label-container\">\n\t\t\t\t\t\t\t\t\t<!--<span class=\"tis-item-handicap\"><img decoding=\"async\" src=\"https:\/\/www.anglet-tourisme.com\/wp-content\/plugins\/tourinsoft-syndication\/assets\/images\/icon-handicap.svg\" title=\"\" alt=\"\" \/><\/span>-->\n\t\t\t\t\t\t\t\t\t\t\t<\/div>\n\t\t\t\t\t<\/div>\n\t\t\n\t\t\n\t\t\n\t\t<h3>\t\t\tH\u00f4tel de Ville d\u2019Anglet &#8211; Mairie\t\t<\/h3>\n\t\t\t<\/a>\n\t\n\t\t\t\t\t\t<div class=\"tis-item-tags\">\n\t\t\t\t\t\t\t\t<span class=\"tis-item-tag\">Site \/ monument<\/span>\n\t\t\t\t\t\t\t<\/div>\n\t\t\t\t\n\t<p>El Ayuntamiento de Anglet es un testigo clave de la historia y la arquitectura locales. Los aficionados apreciar\u00e1n los elementos distintivos de este movimiento regionalista, que confieren al edificio su car\u00e1cter \u00fanico&hellip;<\/p>\t\n\t<strong class=\"tis-box-city\">ANGLET<\/strong>\t\n\t<div class=\"wp-block-button is-style-outline\">\n\t\t<a href=\"https:\/\/www.anglet-tourisme.com\/es\/en-movimiento-en-anglet\/actividades\/anglet\/PCUAQU064V5BXDJ7-hotel-de-ville-danglet-mairie\/\" class=\"trk_visit_single wp-block-button__link has-dark-color has-white-background-color \">Ver m\u00e1s<\/a>\n\t<\/div>\n\t\n<\/article>\t<article class=\"js-marker tourinsoft-item tis-box \" id=\"marker-PCUAQU064V5BXKSP\" data-lat=\"43.4896\" data-lng=\"-1.51075\" data-title=\"Parc de la Villa El Hogar\">\n\t<a href=\"https:\/\/www.anglet-tourisme.com\/es\/en-movimiento-en-anglet\/actividades\/anglet\/PCUAQU064V5BXKSP-parc-de-la-villa-el-hogar\/\" class=\"trk_visit_single\">\n\t\t<div class=\"tis-item-cover \">\n\t\t\t\t\t\t\t\t\t<img decoding=\"async\" src=\"https:\/\/www.anglet-tourisme.com\/wp-content\/uploads\/tis\/el-hogar-K-Pierret-Delage-11-2.jpg\" title=\"Parc de la Villa El Hogar\" alt=\"Parc de la Villa El Hogar\" loading=\"lazy\" \/>\n\t\t\t\t\t\t\t\t<div class=\"tis-item-label-container\">\n\t\t\t\t\t\t\t\t\t<!--<span class=\"tis-item-handicap\"><img decoding=\"async\" src=\"https:\/\/www.anglet-tourisme.com\/wp-content\/plugins\/tourinsoft-syndication\/assets\/images\/icon-handicap.svg\" title=\"\" alt=\"\" \/><\/span>-->\n\t\t\t\t\t\t\t\t\t\t\t<\/div>\n\t\t\t\t\t<\/div>\n\t\t\n\t\t\n\t\t\n\t\t<h3>\t\t\tParc de la Villa El Hogar\t\t<\/h3>\n\t\t\t<\/a>\n\t\n\t\t\t\t\t\n\t<p>El Parque de la Villa El Hogar es un lugar para relajarse y un espacio din\u00e1mico donde se dan cita la naturaleza, la cultura y el deporte. El parque est\u00e1 adornado con&hellip;<\/p>\t\n\t<strong class=\"tis-box-city\">ANGLET<\/strong>\t\n\t<div class=\"wp-block-button is-style-outline\">\n\t\t<a href=\"https:\/\/www.anglet-tourisme.com\/es\/en-movimiento-en-anglet\/actividades\/anglet\/PCUAQU064V5BXKSP-parc-de-la-villa-el-hogar\/\" class=\"trk_visit_single wp-block-button__link has-dark-color has-white-background-color \">Ver m\u00e1s<\/a>\n\t<\/div>\n\t\n<\/article>\t<article class=\"js-marker tourinsoft-item tis-box \" id=\"marker-PCUAQU064V5BXKXQ\" data-lat=\"43.4836\" data-lng=\"-1.5133\" data-title=\"Jardin de la Villa Beatrix Enea\">\n\t<a href=\"https:\/\/www.anglet-tourisme.com\/es\/en-movimiento-en-anglet\/actividades\/anglet\/PCUAQU064V5BXKXQ-jardin-de-la-villa-beatrix-enea\/\" class=\"trk_visit_single\">\n\t\t<div class=\"tis-item-cover \">\n\t\t\t\t\t\t\t\t\t<img decoding=\"async\" src=\"https:\/\/www.anglet-tourisme.com\/wp-content\/uploads\/tis\/beatrix-enea-Dario-Tonini-02-2.jpg\" title=\"Jardin de la Villa Beatrix Enea\" alt=\"Jardin de la Villa Beatrix Enea\" loading=\"lazy\" \/>\n\t\t\t\t\t\t\t\t<div class=\"tis-item-label-container\">\n\t\t\t\t\t\t\t\t\t<!--<span class=\"tis-item-handicap\"><img decoding=\"async\" src=\"https:\/\/www.anglet-tourisme.com\/wp-content\/plugins\/tourinsoft-syndication\/assets\/images\/icon-handicap.svg\" title=\"\" alt=\"\" \/><\/span>-->\n\t\t\t\t\t\t\t\t\t\t\t<\/div>\n\t\t\t\t\t<\/div>\n\t\t\n\t\t\n\t\t\n\t\t<h3>\t\t\tJardin de la Villa Beatrix Enea\t\t<\/h3>\n\t\t\t<\/a>\n\t\n\t\t\t\t\t\n\t<p>Pasee por este marco excepcional y d\u00e9jese seducir por la belleza y la tranquilidad de este espacio \u00fanico. El jard\u00edn de la Villa Beatrix Enea es una aut\u00e9ntica joya que ocupa 1,2&hellip;<\/p>\t\n\t<strong class=\"tis-box-city\">ANGLET<\/strong>\t\n\t<div class=\"wp-block-button is-style-outline\">\n\t\t<a href=\"https:\/\/www.anglet-tourisme.com\/es\/en-movimiento-en-anglet\/actividades\/anglet\/PCUAQU064V5BXKXQ-jardin-de-la-villa-beatrix-enea\/\" class=\"trk_visit_single wp-block-button__link has-dark-color has-white-background-color \">Ver m\u00e1s<\/a>\n\t<\/div>\n\t\n<\/article>\t<article class=\"js-marker tourinsoft-item tis-box \" id=\"marker-PCUAQU064V5BXQ7F\" data-lat=\"43.4627\" data-lng=\"-1.52995\" data-title=\"Le Ch\u00e2teau de Brindos\">\n\t<a href=\"https:\/\/www.anglet-tourisme.com\/es\/en-movimiento-en-anglet\/actividades\/anglet\/PCUAQU064V5BXQ7F-le-chateau-de-brindos\/\" class=\"trk_visit_single\">\n\t\t<div class=\"tis-item-cover \">\n\t\t\t\t\t\t\t\t\t<img decoding=\"async\" src=\"https:\/\/www.anglet-tourisme.com\/wp-content\/uploads\/tis\/brindos-lac-chateau-anglet-2-2.jpg\" title=\"Le Ch\u00e2teau de Brindos\" alt=\"Le Ch\u00e2teau de Brindos\" loading=\"lazy\" \/>\n\t\t\t\t\t\t\t\t<div class=\"tis-item-label-container\">\n\t\t\t\t\t\t\t\t\t<!--<span class=\"tis-item-handicap\"><img decoding=\"async\" src=\"https:\/\/www.anglet-tourisme.com\/wp-content\/plugins\/tourinsoft-syndication\/assets\/images\/icon-handicap.svg\" title=\"\" alt=\"\" \/><\/span>-->\n\t\t\t\t\t\t\t\t\t\t\t<\/div>\n\t\t\t\t\t<\/div>\n\t\t\n\t\t\n\t\t\n\t\t<h3>\t\t\tLe Ch\u00e2teau de Brindos\t\t<\/h3>\n\t\t\t<\/a>\n\t\n\t\t\t\t\t\t<div class=\"tis-item-tags\">\n\t\t\t\t\t\t\t\t<span class=\"tis-item-tag\">Site \/ monument<\/span>\n\t\t\t\t\t\t\t<\/div>\n\t\t\t\t\n\t<p>El castillo de Brindos es una joya de la arquitectura hispano-morisca dise\u00f1ada en los a\u00f1os 30 por el famoso arquitecto de Biarritz William Marcel. Adquirida por el arquitecto escoc\u00e9s Reginald Wright, esta&hellip;<\/p>\t\n\t<strong class=\"tis-box-city\">ANGLET<\/strong>\t\n\t<div class=\"wp-block-button is-style-outline\">\n\t\t<a href=\"https:\/\/www.anglet-tourisme.com\/es\/en-movimiento-en-anglet\/actividades\/anglet\/PCUAQU064V5BXQ7F-le-chateau-de-brindos\/\" class=\"trk_visit_single wp-block-button__link has-dark-color has-white-background-color \">Ver m\u00e1s<\/a>\n\t<\/div>\n\t\n<\/article>\t<article class=\"js-marker tourinsoft-item tis-box \" id=\"marker-PCUAQU064V5BXZ19\" data-lat=\"43.5193\" data-lng=\"-1.49997\" data-title=\"La Maison Zabaldu\">\n\t<a href=\"https:\/\/www.anglet-tourisme.com\/es\/en-movimiento-en-anglet\/actividades\/anglet\/PCUAQU064V5BXZ19-la-maison-zabaldu\/\" class=\"trk_visit_single\">\n\t\t<div class=\"tis-item-cover \">\n\t\t\t\t\t\t\t\t\t<img decoding=\"async\" src=\"https:\/\/www.anglet-tourisme.com\/wp-content\/uploads\/tis\/Maison-zabaldu-1.jpg\" title=\"La Maison Zabaldu\" alt=\"La Maison Zabaldu\" loading=\"lazy\" \/>\n\t\t\t\t\t\t\t\t<div class=\"tis-item-label-container\">\n\t\t\t\t\t\t\t\t\t<!--<span class=\"tis-item-handicap\"><img decoding=\"async\" src=\"https:\/\/www.anglet-tourisme.com\/wp-content\/plugins\/tourinsoft-syndication\/assets\/images\/icon-handicap.svg\" title=\"\" alt=\"\" \/><\/span>-->\n\t\t\t\t\t\t\t\t\t\t\t<\/div>\n\t\t\t\t\t\t<div class=\"tis-item-online-booking\">\n\t\t\t\t<span>Reservas en l\u00ednea<\/span>\n\t\t\t<\/div>\n\t\t\t\t\t<\/div>\n\t\t\n\t\t\n\t\t\n\t\t<h3>\t\t\tLa Maison Zabaldu\t\t<\/h3>\n\t\t\t<\/a>\n\t\n\t\t\t\t\t\t<div class=\"tis-item-tags\">\n\t\t\t\t\t\t\t\t<span class=\"tis-item-tag\">Artisan d&#8217;art<\/span>\n\t\t\t\t\t\t\t<\/div>\n\t\t\t\t\n\t<p>Descubra la Maison Zabaldu, una joya escondida al borde del bosque de Lazaret. Este lugar \u00fanico, fundado por el carpintero y escultor Daniel Arcondeguy y la esmaltadora Germaine Auzem\u00e9ry, celebra la pasi\u00f3n&hellip;<\/p>\t\n\t<strong class=\"tis-box-city\">ANGLET<\/strong>\t\n\t<div class=\"wp-block-button is-style-outline\">\n\t\t<a href=\"https:\/\/www.anglet-tourisme.com\/es\/en-movimiento-en-anglet\/actividades\/anglet\/PCUAQU064V5BXZ19-la-maison-zabaldu\/\" class=\"trk_visit_single wp-block-button__link has-dark-color has-white-background-color \">Ver m\u00e1s<\/a>\n\t<\/div>\n\t\n<\/article>\t<article class=\"js-marker tourinsoft-item tis-box \" id=\"marker-PCUAQU064V5BY4T4\" data-lat=\"43.481\" data-lng=\"-1.51598\" data-title=\"Jardin d'Ansbach\">\n\t<a href=\"https:\/\/www.anglet-tourisme.com\/es\/en-movimiento-en-anglet\/actividades\/anglet\/PCUAQU064V5BY4T4-jardin-dansbach\/\" class=\"trk_visit_single\">\n\t\t<div class=\"tis-item-cover \">\n\t\t\t\t\t\t\t\t\t<img decoding=\"async\" src=\"https:\/\/www.anglet-tourisme.com\/wp-content\/uploads\/tis\/parc-ansbach-anglet-01-2.jpg\" title=\"Jardin d'Ansbach\" alt=\"Jardin d'Ansbach\" loading=\"lazy\" \/>\n\t\t\t\t\t\t\t\t<div class=\"tis-item-label-container\">\n\t\t\t\t\t\t\t\t\t<!--<span class=\"tis-item-handicap\"><img decoding=\"async\" src=\"https:\/\/www.anglet-tourisme.com\/wp-content\/plugins\/tourinsoft-syndication\/assets\/images\/icon-handicap.svg\" title=\"\" alt=\"\" \/><\/span>-->\n\t\t\t\t\t\t\t\t\t\t\t<\/div>\n\t\t\t\t\t<\/div>\n\t\t\n\t\t\n\t\t\n\t\t<h3>\t\t\tJardin d&#8217;Ansbach\t\t<\/h3>\n\t\t\t<\/a>\n\t\n\t\t\t\t\t\n\t<p>Bordeando el Ayuntamiento de Anglet, el Jard\u00edn de Ansbach se extiende a lo largo de 1,5 hect\u00e1reas, ofreciendo un remanso de paz con senderos bordeados de parterres, maleza y grandes \u00e1rboles (con\u00edferas,&hellip;<\/p>\t\n\t<strong class=\"tis-box-city\">ANGLET<\/strong>\t\n\t<div class=\"wp-block-button is-style-outline\">\n\t\t<a href=\"https:\/\/www.anglet-tourisme.com\/es\/en-movimiento-en-anglet\/actividades\/anglet\/PCUAQU064V5BY4T4-jardin-dansbach\/\" class=\"trk_visit_single wp-block-button__link has-dark-color has-white-background-color \">Ver m\u00e1s<\/a>\n\t<\/div>\n\t\n<\/article>\t<article class=\"js-marker tourinsoft-item tis-box \" id=\"marker-PCUAQU064V5BY4XL\" data-lat=\"43.4957\" data-lng=\"-1.49939\" data-title=\"Aire de biodiversit\u00e9 de Lamouly\">\n\t<a href=\"https:\/\/www.anglet-tourisme.com\/es\/en-movimiento-en-anglet\/actividades\/anglet\/PCUAQU064V5BY4XL-aire-de-biodiversite-de-lamouly\/\" class=\"trk_visit_single\">\n\t\t<div class=\"tis-item-cover \">\n\t\t\t\t\t\t\t\t\t<img decoding=\"async\" src=\"https:\/\/www.anglet-tourisme.com\/wp-content\/uploads\/tis\/Havre-biodiversite-Lamouly-2.jpg\" title=\"Aire de biodiversit\u00e9 de Lamouly\" alt=\"Aire de biodiversit\u00e9 de Lamouly\" loading=\"lazy\" \/>\n\t\t\t\t\t\t\t\t<div class=\"tis-item-label-container\">\n\t\t\t\t\t\t\t\t\t<!--<span class=\"tis-item-handicap\"><img decoding=\"async\" src=\"https:\/\/www.anglet-tourisme.com\/wp-content\/plugins\/tourinsoft-syndication\/assets\/images\/icon-handicap.svg\" title=\"\" alt=\"\" \/><\/span>-->\n\t\t\t\t\t\t\t\t\t\t\t<\/div>\n\t\t\t\t\t<\/div>\n\t\t\n\t\t\n\t\t\n\t\t<h3>\t\t\tAire de biodiversit\u00e9 de Lamouly\t\t<\/h3>\n\t\t\t<\/a>\n\t\n\t\t\t\t\t\n\t<p>Bienvenido al Espacio de Biodiversidad de Lamouly, un espacio dedicado a la sensibilizaci\u00f3n sobre los retos de la preservaci\u00f3n de la biodiversidad. Situado en pleno centro de Anglet, alberga numerosas especies protegidas,&hellip;<\/p>\t\n\t<strong class=\"tis-box-city\">ANGLET<\/strong>\t\n\t<div class=\"wp-block-button is-style-outline\">\n\t\t<a href=\"https:\/\/www.anglet-tourisme.com\/es\/en-movimiento-en-anglet\/actividades\/anglet\/PCUAQU064V5BY4XL-aire-de-biodiversite-de-lamouly\/\" class=\"trk_visit_single wp-block-button__link has-dark-color has-white-background-color \">Ver m\u00e1s<\/a>\n\t<\/div>\n\t\n<\/article>\t<article class=\"js-marker tourinsoft-item tis-box \" id=\"marker-PCUAQU064V5BY51R\" data-lat=\"43.4799\" data-lng=\"-1.50931\" data-title=\"Parc Montaury\">\n\t<a href=\"https:\/\/www.anglet-tourisme.com\/es\/en-movimiento-en-anglet\/actividades\/anglet\/PCUAQU064V5BY51R-parc-montaury\/\" class=\"trk_visit_single\">\n\t\t<div class=\"tis-item-cover \">\n\t\t\t\t\t\t\t\t\t<img decoding=\"async\" src=\"https:\/\/www.anglet-tourisme.com\/wp-content\/uploads\/tis\/Parc-Montaury-Anglet-01.jpg\" title=\"Parc Montaury\" alt=\"Parc Montaury\" loading=\"lazy\" \/>\n\t\t\t\t\t\t\t\t<div class=\"tis-item-label-container\">\n\t\t\t\t\t\t\t\t\t<!--<span class=\"tis-item-handicap\"><img decoding=\"async\" src=\"https:\/\/www.anglet-tourisme.com\/wp-content\/plugins\/tourinsoft-syndication\/assets\/images\/icon-handicap.svg\" title=\"\" alt=\"\" \/><\/span>-->\n\t\t\t\t\t\t\t\t\t\t\t<\/div>\n\t\t\t\t\t<\/div>\n\t\t\n\t\t\n\t\t\n\t\t<h3>\t\t\tParc Montaury\t\t<\/h3>\n\t\t\t<\/a>\n\t\n\t\t\t\t\t\n\t<p>Parc Montaury le invita a dar un relajante paseo por sus jardines tem\u00e1ticos que celebran la historia del Pa\u00eds Vasco y sus viajes. Descubra c\u00f3mo plantas de todos los rincones del mundo&hellip;<\/p>\t\n\t<strong class=\"tis-box-city\">ANGLET<\/strong>\t\n\t<div class=\"wp-block-button is-style-outline\">\n\t\t<a href=\"https:\/\/www.anglet-tourisme.com\/es\/en-movimiento-en-anglet\/actividades\/anglet\/PCUAQU064V5BY51R-parc-montaury\/\" class=\"trk_visit_single wp-block-button__link has-dark-color has-white-background-color \">Ver m\u00e1s<\/a>\n\t<\/div>\n\t\n<\/article>\t<article class=\"js-marker tourinsoft-item tis-box \" id=\"marker-PCUAQU064V5BY53O\" data-lat=\"43.5126\" data-lng=\"-1.52071\" data-title=\"Jardin Lichtenberger\">\n\t<a href=\"https:\/\/www.anglet-tourisme.com\/es\/en-movimiento-en-anglet\/actividades\/anglet\/PCUAQU064V5BY53O-jardin-lichtenberger\/\" class=\"trk_visit_single\">\n\t\t<div class=\"tis-item-cover \">\n\t\t\t\t\t\t\t\t\t<img decoding=\"async\" src=\"https:\/\/www.anglet-tourisme.com\/wp-content\/uploads\/tis\/Jardin-Lichtenberger-c-Dario-Tonini-06.jpg\" title=\"Jardin Lichtenberger\" alt=\"Jardin Lichtenberger\" loading=\"lazy\" \/>\n\t\t\t\t\t\t\t\t<div class=\"tis-item-label-container\">\n\t\t\t\t\t\t\t\t\t<!--<span class=\"tis-item-handicap\"><img decoding=\"async\" src=\"https:\/\/www.anglet-tourisme.com\/wp-content\/plugins\/tourinsoft-syndication\/assets\/images\/icon-handicap.svg\" title=\"\" alt=\"\" \/><\/span>-->\n\t\t\t\t\t\t\t\t\t\t\t<\/div>\n\t\t\t\t\t<\/div>\n\t\t\n\t\t\n\t\t\n\t\t<h3>\t\t\tJardin Lichtenberger\t\t<\/h3>\n\t\t\t<\/a>\n\t\n\t\t\t\t\t\n\t<p>Le encantar\u00e1 el Jardin Lichtenberger, un buc\u00f3lico jard\u00edn de 7.000 m\u00b2 a dos pasos de la For\u00eat du Pignada, en Anglet. Poblado de hortensias, carboneros y pinos, este jard\u00edn invita a la&hellip;<\/p>\t\n\t<strong class=\"tis-box-city\">ANGLET<\/strong>\t\n\t<div class=\"wp-block-button is-style-outline\">\n\t\t<a href=\"https:\/\/www.anglet-tourisme.com\/es\/en-movimiento-en-anglet\/actividades\/anglet\/PCUAQU064V5BY53O-jardin-lichtenberger\/\" class=\"trk_visit_single wp-block-button__link has-dark-color has-white-background-color \">Ver m\u00e1s<\/a>\n\t<\/div>\n\t\n<\/article>\t<article class=\"js-marker tourinsoft-item tis-box \" id=\"marker-PCUAQU064V5C2JWH\" data-lat=\"43.5217\" data-lng=\"-1.50212\" data-title=\"NOTOX\">\n\t<a href=\"https:\/\/www.anglet-tourisme.com\/es\/en-movimiento-en-anglet\/actividades\/anglet\/PCUAQU064V5C2JWH-notox\/\" class=\"trk_visit_single\">\n\t\t<div class=\"tis-item-cover \">\n\t\t\t\t\t\t\t\t\t<img decoding=\"async\" src=\"https:\/\/www.anglet-tourisme.com\/wp-content\/uploads\/tis\/notox-Surfboards-01.jpg\" title=\"NOTOX\" alt=\"NOTOX\" loading=\"lazy\" \/>\n\t\t\t\t\t\t\t\t<div class=\"tis-item-label-container\">\n\t\t\t\t\t\t\t\t\t<!--<span class=\"tis-item-handicap\"><img decoding=\"async\" src=\"https:\/\/www.anglet-tourisme.com\/wp-content\/plugins\/tourinsoft-syndication\/assets\/images\/icon-handicap.svg\" title=\"\" alt=\"\" \/><\/span>-->\n\t\t\t\t\t\t\t\t\t\t\t<\/div>\n\t\t\t\t\t<\/div>\n\t\t\n\t\t\n\t\t\n\t\t<h3>\t\t\tNOTOX\t\t<\/h3>\n\t\t\t<\/a>\n\t\n\t\t\t\t\t\t<div class=\"tis-item-tags\">\n\t\t\t\t\t\t\t\t<span class=\"tis-item-tag\">Artisan d&#8217;art<\/span>\n\t\t\t\t\t\t\t<\/div>\n\t\t\t\t\n\t<p>Desde 2006, NOTOX dise\u00f1a y fabrica en Anglet tablas de surf que reflejan los valores ecol\u00f3gicos de sus surfistas. La idea fundadora: ofrecer tablas respetuosas con la naturaleza y las personas, sin&hellip;<\/p>\t\n\t<strong class=\"tis-box-city\">ANGLET<\/strong>\t\n\t<div class=\"wp-block-button is-style-outline\">\n\t\t<a href=\"https:\/\/www.anglet-tourisme.com\/es\/en-movimiento-en-anglet\/actividades\/anglet\/PCUAQU064V5C2JWH-notox\/\" class=\"trk_visit_single wp-block-button__link has-dark-color has-white-background-color \">Ver m\u00e1s<\/a>\n\t<\/div>\n\t\n<\/article>\t<article class=\"js-marker tourinsoft-item tis-box \" id=\"marker-PCUAQU064V5C2QBG\" data-lat=\"43.5146\" data-lng=\"-1.49802\" data-title=\"Mathieu Palette - \u00c9b\u00e9niste et designer\">\n\t<a href=\"https:\/\/www.anglet-tourisme.com\/es\/en-movimiento-en-anglet\/actividades\/anglet\/PCUAQU064V5C2QBG-mathieu-palette-ebeniste-et-designer\/\" class=\"trk_visit_single\">\n\t\t<div class=\"tis-item-cover \">\n\t\t\t\t\t\t\t\t\t<img decoding=\"async\" src=\"https:\/\/www.anglet-tourisme.com\/wp-content\/uploads\/tis\/Mathieu-Palette-6.jpg\" title=\"Mathieu Palette - \u00c9b\u00e9niste et designer\" alt=\"Mathieu Palette - \u00c9b\u00e9niste et designer\" loading=\"lazy\" \/>\n\t\t\t\t\t\t\t\t<div class=\"tis-item-label-container\">\n\t\t\t\t\t\t\t\t\t<!--<span class=\"tis-item-handicap\"><img decoding=\"async\" src=\"https:\/\/www.anglet-tourisme.com\/wp-content\/plugins\/tourinsoft-syndication\/assets\/images\/icon-handicap.svg\" title=\"\" alt=\"\" \/><\/span>-->\n\t\t\t\t\t\t\t\t\t\t\t<\/div>\n\t\t\t\t\t<\/div>\n\t\t\n\t\t\n\t\t\n\t\t<h3>\t\t\tMathieu Palette &#8211; \u00c9b\u00e9niste et designer\t\t<\/h3>\n\t\t\t<\/a>\n\t\n\t\t\t\t\t\t<div class=\"tis-item-tags\">\n\t\t\t\t\t\t\t\t<span class=\"tis-item-tag\">Artisan d&#8217;art<\/span>\n\t\t\t\t\t\t\t<\/div>\n\t\t\t\t\n\t<p><\/p>\t\n\t<strong class=\"tis-box-city\">ANGLET<\/strong>\t\n\t<div class=\"wp-block-button is-style-outline\">\n\t\t<a href=\"https:\/\/www.anglet-tourisme.com\/es\/en-movimiento-en-anglet\/actividades\/anglet\/PCUAQU064V5C2QBG-mathieu-palette-ebeniste-et-designer\/\" class=\"trk_visit_single wp-block-button__link has-dark-color has-white-background-color \">Ver m\u00e1s<\/a>\n\t<\/div>\n\t\n<\/article>\t<article class=\"js-marker tourinsoft-item tis-box \" id=\"marker-PCUAQU064V5C2R1T\" data-lat=\"43.5147\" data-lng=\"-1.498\" data-title=\"Yvette at Home - \u00c9b\u00e9niste\">\n\t<a href=\"https:\/\/www.anglet-tourisme.com\/es\/en-movimiento-en-anglet\/actividades\/anglet\/PCUAQU064V5C2R1T-yvette-at-home-ebeniste\/\" class=\"trk_visit_single\">\n\t\t<div class=\"tis-item-cover \">\n\t\t\t\t\t\t\t\t\t<img decoding=\"async\" src=\"https:\/\/www.anglet-tourisme.com\/wp-content\/uploads\/tis\/Yvette-at-home-02.jpg\" title=\"Yvette at Home - \u00c9b\u00e9niste\" alt=\"Yvette at Home - \u00c9b\u00e9niste\" loading=\"lazy\" \/>\n\t\t\t\t\t\t\t\t<div class=\"tis-item-label-container\">\n\t\t\t\t\t\t\t\t\t<!--<span class=\"tis-item-handicap\"><img decoding=\"async\" src=\"https:\/\/www.anglet-tourisme.com\/wp-content\/plugins\/tourinsoft-syndication\/assets\/images\/icon-handicap.svg\" title=\"\" alt=\"\" \/><\/span>-->\n\t\t\t\t\t\t\t\t\t\t\t<\/div>\n\t\t\t\t\t<\/div>\n\t\t\n\t\t\n\t\t\n\t\t<h3>\t\t\tYvette at Home &#8211; \u00c9b\u00e9niste\t\t<\/h3>\n\t\t\t<\/a>\n\t\n\t\t\t\t\t\t<div class=\"tis-item-tags\">\n\t\t\t\t\t\t\t\t<span class=\"tis-item-tag\">Artisan d&#8217;art<\/span>\n\t\t\t\t\t\t\t<\/div>\n\t\t\t\t\n\t<p><\/p>\t\n\t<strong class=\"tis-box-city\">ANGLET<\/strong>\t\n\t<div class=\"wp-block-button is-style-outline\">\n\t\t<a href=\"https:\/\/www.anglet-tourisme.com\/es\/en-movimiento-en-anglet\/actividades\/anglet\/PCUAQU064V5C2R1T-yvette-at-home-ebeniste\/\" class=\"trk_visit_single wp-block-button__link has-dark-color has-white-background-color \">Ver m\u00e1s<\/a>\n\t<\/div>\n\t\n<\/article>\t<article class=\"js-marker tourinsoft-item tis-box \" id=\"marker-PCUAQU064V5C2R6V\" data-lat=\"43.5143\" data-lng=\"-1.49797\" data-title=\"Charbo\u2019Art - Agencement et d\u00e9coration en bois recycl\u00e9\">\n\t<a href=\"https:\/\/www.anglet-tourisme.com\/es\/en-movimiento-en-anglet\/actividades\/anglet\/PCUAQU064V5C2R6V-charboart-agencement-et-decoration-en-bois-recycle\/\" class=\"trk_visit_single\">\n\t\t<div class=\"tis-item-cover \">\n\t\t\t\t\t\t\t\t\t<img decoding=\"async\" src=\"https:\/\/www.anglet-tourisme.com\/wp-content\/uploads\/tis\/Charbo-Art-freres-ibarboure.jpg\" title=\"Charbo\u2019Art - Agencement et d\u00e9coration en bois recycl\u00e9\" alt=\"Charbo\u2019Art - Agencement et d\u00e9coration en bois recycl\u00e9\" loading=\"lazy\" \/>\n\t\t\t\t\t\t\t\t<div class=\"tis-item-label-container\">\n\t\t\t\t\t\t\t\t\t<!--<span class=\"tis-item-handicap\"><img decoding=\"async\" src=\"https:\/\/www.anglet-tourisme.com\/wp-content\/plugins\/tourinsoft-syndication\/assets\/images\/icon-handicap.svg\" title=\"\" alt=\"\" \/><\/span>-->\n\t\t\t\t\t\t\t\t\t\t\t<\/div>\n\t\t\t\t\t<\/div>\n\t\t\n\t\t\n\t\t\n\t\t<h3>\t\t\tCharbo\u2019Art &#8211; Agencement et d\u00e9coration en bois recycl\u00e9\t\t<\/h3>\n\t\t\t<\/a>\n\t\n\t\t\t\t\t\t<div class=\"tis-item-tags\">\n\t\t\t\t\t\t\t\t<span class=\"tis-item-tag\">Artisan d&#8217;art<\/span>\n\t\t\t\t\t\t\t<\/div>\n\t\t\t\t\n\t<p><\/p>\t\n\t<strong class=\"tis-box-city\">ANGLET<\/strong>\t\n\t<div class=\"wp-block-button is-style-outline\">\n\t\t<a href=\"https:\/\/www.anglet-tourisme.com\/es\/en-movimiento-en-anglet\/actividades\/anglet\/PCUAQU064V5C2R6V-charboart-agencement-et-decoration-en-bois-recycle\/\" class=\"trk_visit_single wp-block-button__link has-dark-color has-white-background-color \">Ver m\u00e1s<\/a>\n\t<\/div>\n\t\n<\/article>\t<article class=\"js-marker tourinsoft-item tis-box \" id=\"marker-PCUAQU064V5C9ZBX\" data-lat=\"43.4905\" data-lng=\"-1.50075\" data-title=\"Jardin Manuel de Falla\">\n\t<a href=\"https:\/\/www.anglet-tourisme.com\/es\/en-movimiento-en-anglet\/actividades\/anglet\/PCUAQU064V5C9ZBX-jardin-manuel-de-falla\/\" class=\"trk_visit_single\">\n\t\t<div class=\"tis-item-cover \">\n\t\t\t\t\t\t\t\t\t<img decoding=\"async\" src=\"https:\/\/www.anglet-tourisme.com\/wp-content\/uploads\/tis\/Jardin-Manuel-de-Falla-Anglet-3.jpg\" title=\"Jardin Manuel de Falla\" alt=\"Jardin Manuel de Falla\" loading=\"lazy\" \/>\n\t\t\t\t\t\t\t\t<div class=\"tis-item-label-container\">\n\t\t\t\t\t\t\t\t\t<!--<span class=\"tis-item-handicap\"><img decoding=\"async\" src=\"https:\/\/www.anglet-tourisme.com\/wp-content\/plugins\/tourinsoft-syndication\/assets\/images\/icon-handicap.svg\" title=\"\" alt=\"\" \/><\/span>-->\n\t\t\t\t\t\t\t\t\t\t\t<\/div>\n\t\t\t\t\t<\/div>\n\t\t\n\t\t\n\t\t\n\t\t<h3>\t\t\tJardin Manuel de Falla\t\t<\/h3>\n\t\t\t<\/a>\n\t\n\t\t\t\t\t\n\t<p>En pleno centro de Anglet, el jard\u00edn Manuel de Falla es un remanso de verdor y biodiversidad. Este peque\u00f1o espacio natural, tranquilo y acogedor, invita al descanso y al descubrimiento. Es el&hellip;<\/p>\t\n\t<strong class=\"tis-box-city\">ANGLET<\/strong>\t\n\t<div class=\"wp-block-button is-style-outline\">\n\t\t<a href=\"https:\/\/www.anglet-tourisme.com\/es\/en-movimiento-en-anglet\/actividades\/anglet\/PCUAQU064V5C9ZBX-jardin-manuel-de-falla\/\" class=\"trk_visit_single wp-block-button__link has-dark-color has-white-background-color \">Ver m\u00e1s<\/a>\n\t<\/div>\n\t\n<\/article>\t<article class=\"js-marker tourinsoft-item tis-box \" id=\"marker-PNAAQU064FS00002\" data-lat=\"43.5035\" data-lng=\"-1.5117\" data-title=\"For\u00eat du Pignada\">\n\t<a href=\"https:\/\/www.anglet-tourisme.com\/es\/en-movimiento-en-anglet\/actividades\/anglet\/PNAAQU064FS00002-foret-du-pignada\/\" class=\"trk_visit_single\">\n\t\t<div class=\"tis-item-cover \">\n\t\t\t\t\t\t\t\t\t<img decoding=\"async\" src=\"https:\/\/www.anglet-tourisme.com\/wp-content\/uploads\/tis\/Balade-en-foret-Anglet--RIB7758--RiBLANC.jpg\" title=\"For\u00eat du Pignada\" alt=\"For\u00eat du Pignada\" loading=\"lazy\" \/>\n\t\t\t\t\t\t\t\t<div class=\"tis-item-label-container\">\n\t\t\t\t\t\t\t\t\t<!--<span class=\"tis-item-handicap\"><img decoding=\"async\" src=\"https:\/\/www.anglet-tourisme.com\/wp-content\/plugins\/tourinsoft-syndication\/assets\/images\/icon-handicap.svg\" title=\"\" alt=\"\" \/><\/span>-->\n\t\t\t\t\t\t\t\t\t\t\t\t\t<span class=\"tis-item-durable\"><img decoding=\"async\" src=\"https:\/\/www.anglet-tourisme.com\/wp-content\/plugins\/tourinsoft-syndication\/assets\/images\/icon-durable.svg\" title=\"Desarrollo sostenible\" alt=\"Desarrollo sostenible\" \/><\/span>\n\t\t\t\t\t\t\t<\/div>\n\t\t\t\t\t<\/div>\n\t\t\n\t\t\n\t\t\n\t\t<h3>\t\t\tFor\u00eat du Pignada\t\t<\/h3>\n\t\t\t<\/a>\n\t\n\t\t\t\t\t\t<div class=\"tis-item-tags\">\n\t\t\t\t\t\t\t\t<span class=\"tis-item-tag\">For\u00eats<\/span>\n\t\t\t\t\t\t\t<\/div>\n\t\t\t\t\n\t<p>Anglet es el punto de encuentro del mar y del bosque. Situado a dos pasos de las playas, este espacio frondoso de 250 hect\u00e1reas cubre casi el 10\u00a0% de la superficie del&hellip;<\/p>\t\n\t<strong class=\"tis-box-city\">ANGLET<\/strong>\t\n\t<div class=\"wp-block-button is-style-outline\">\n\t\t<a href=\"https:\/\/www.anglet-tourisme.com\/es\/en-movimiento-en-anglet\/actividades\/anglet\/PNAAQU064FS00002-foret-du-pignada\/\" class=\"trk_visit_single wp-block-button__link has-dark-color has-white-background-color \">Ver m\u00e1s<\/a>\n\t<\/div>\n\t\n<\/article>\t<article class=\"js-marker tourinsoft-item tis-box \" id=\"marker-PNAAQU064FS0001A\" data-lat=\"43.4983\" data-lng=\"-1.54309\" data-title=\"Grotte de la Chambre d'Amour\">\n\t<a href=\"https:\/\/www.anglet-tourisme.com\/es\/en-movimiento-en-anglet\/actividades\/anglet\/PNAAQU064FS0001A-grotte-de-la-chambre-damour\/\" class=\"trk_visit_single\">\n\t\t<div class=\"tis-item-cover \">\n\t\t\t\t\t\t\t\t\t<img decoding=\"async\" src=\"https:\/\/www.anglet-tourisme.com\/wp-content\/uploads\/tis\/Grotte-de-la-CA-2---Dario-2-2.jpg\" title=\"Grotte de la Chambre d'Amour\" alt=\"Grotte de la Chambre d'Amour\" loading=\"lazy\" \/>\n\t\t\t\t\t\t\t\t<div class=\"tis-item-label-container\">\n\t\t\t\t\t\t\t\t\t<!--<span class=\"tis-item-handicap\"><img decoding=\"async\" src=\"https:\/\/www.anglet-tourisme.com\/wp-content\/plugins\/tourinsoft-syndication\/assets\/images\/icon-handicap.svg\" title=\"\" alt=\"\" \/><\/span>-->\n\t\t\t\t\t\t\t\t\t\t\t<\/div>\n\t\t\t\t\t<\/div>\n\t\t\n\t\t\n\t\t\n\t\t<h3>\t\t\tGrotte de la Chambre d&#8217;Amour\t\t<\/h3>\n\t\t\t<\/a>\n\t\n\t\t\t\t\t\t<div class=\"tis-item-tags\">\n\t\t\t\t\t\t\t\t<span class=\"tis-item-tag\">Grotte, gouffre<\/span>\n\t\t\t\t\t\t\t<\/div>\n\t\t\t\t\n\t<p>La gruta de la Chambre d\u2019Amour ha dado su nombre a todo un barrio que se encuentra frente al mar, entre las playas de Anglet y el faro de Biarritz. En la&hellip;<\/p>\t\n\t<strong class=\"tis-box-city\">ANGLET<\/strong>\t\n\t<div class=\"wp-block-button is-style-outline\">\n\t\t<a href=\"https:\/\/www.anglet-tourisme.com\/es\/en-movimiento-en-anglet\/actividades\/anglet\/PNAAQU064FS0001A-grotte-de-la-chambre-damour\/\" class=\"trk_visit_single wp-block-button__link has-dark-color has-white-background-color \">Ver m\u00e1s<\/a>\n\t<\/div>\n\t\n<\/article>\t<article class=\"js-marker tourinsoft-item tis-box \" id=\"marker-PNAAQU064V54P9R1\" data-lat=\"43.5013\" data-lng=\"-1.5133\" data-title=\"Le Maharin\">\n\t<a href=\"https:\/\/www.anglet-tourisme.com\/es\/en-movimiento-en-anglet\/actividades\/anglet\/PNAAQU064V54P9R1-le-maharin\/\" class=\"trk_visit_single\">\n\t\t<div class=\"tis-item-cover \">\n\t\t\t\t\t\t\t\t\t<img decoding=\"async\" src=\"https:\/\/www.anglet-tourisme.com\/wp-content\/uploads\/tis\/Maharin-I-Love-Anglet-1RIB1642--RiBLANC.jpg\" title=\"Le Maharin\" alt=\"Le Maharin\" loading=\"lazy\" \/>\n\t\t\t\t\t\t\t\t<div class=\"tis-item-label-container\">\n\t\t\t\t\t\t\t\t\t<!--<span class=\"tis-item-handicap\"><img decoding=\"async\" src=\"https:\/\/www.anglet-tourisme.com\/wp-content\/plugins\/tourinsoft-syndication\/assets\/images\/icon-handicap.svg\" title=\"\" alt=\"\" \/><\/span>-->\n\t\t\t\t\t\t\t\t\t\t\t<\/div>\n\t\t\t\t\t<\/div>\n\t\t\n\t\t\n\t\t\n\t\t<h3>\t\t\tLe Maharin\t\t<\/h3>\n\t\t\t<\/a>\n\t\n\t\t\t\t\t\t<div class=\"tis-item-tags\">\n\t\t\t\t\t\t\t\t<span class=\"tis-item-tag\">Autre type de site naturel<\/span>\n\t\t\t\t\t\t\t<\/div>\n\t\t\t\t\n\t<p>Situado entre Montbrun y la Butte-aux-Cailles, el Maharin impresiona por la calidad de sus instalaciones. Verdadero pulm\u00f3n verde de 7 hect\u00e1reas, el lugar ha conservado su car\u00e1cter arbolado, sus orillas y su&hellip;<\/p>\t\n\t<strong class=\"tis-box-city\">ANGLET<\/strong>\t\n\t<div class=\"wp-block-button is-style-outline\">\n\t\t<a href=\"https:\/\/www.anglet-tourisme.com\/es\/en-movimiento-en-anglet\/actividades\/anglet\/PNAAQU064V54P9R1-le-maharin\/\" class=\"trk_visit_single wp-block-button__link has-dark-color has-white-background-color \">Ver m\u00e1s<\/a>\n\t<\/div>\n\t\n<\/article>\t<article class=\"js-marker tourinsoft-item tis-box \" id=\"marker-PNAAQU064V5BVYE9\" data-lat=\"43.5195\" data-lng=\"-1.49725\" data-title=\"For\u00eat du Lazaret\">\n\t<a href=\"https:\/\/www.anglet-tourisme.com\/es\/en-movimiento-en-anglet\/actividades\/anglet\/PNAAQU064V5BVYE9-foret-du-lazaret\/\" class=\"trk_visit_single\">\n\t\t<div class=\"tis-item-cover \">\n\t\t\t\t\t\t\t\t\t<img decoding=\"async\" src=\"https:\/\/www.anglet-tourisme.com\/wp-content\/uploads\/tis\/Running-Foret-I-Love-Anglet-1RIB2318--RiBLANC.jpg\" title=\"For\u00eat du Lazaret\" alt=\"For\u00eat du Lazaret\" loading=\"lazy\" \/>\n\t\t\t\t\t\t\t\t<div class=\"tis-item-label-container\">\n\t\t\t\t\t\t\t\t\t<!--<span class=\"tis-item-handicap\"><img decoding=\"async\" src=\"https:\/\/www.anglet-tourisme.com\/wp-content\/plugins\/tourinsoft-syndication\/assets\/images\/icon-handicap.svg\" title=\"\" alt=\"\" \/><\/span>-->\n\t\t\t\t\t\t\t\t\t\t\t\t\t<span class=\"tis-item-durable\"><img decoding=\"async\" src=\"https:\/\/www.anglet-tourisme.com\/wp-content\/plugins\/tourinsoft-syndication\/assets\/images\/icon-durable.svg\" title=\"Desarrollo sostenible\" alt=\"Desarrollo sostenible\" \/><\/span>\n\t\t\t\t\t\t\t<\/div>\n\t\t\t\t\t<\/div>\n\t\t\n\t\t\n\t\t\n\t\t<h3>\t\t\tFor\u00eat du Lazaret\t\t<\/h3>\n\t\t\t<\/a>\n\t\n\t\t\t\t\t\t<div class=\"tis-item-tags\">\n\t\t\t\t\t\t\t\t<span class=\"tis-item-tag\">For\u00eats<\/span>\n\t\t\t\t\t\t\t<\/div>\n\t\t\t\t\n\t<p>Situado en el barrio de Blancpignon, el Bosque del Lazareto, declarado Espacio Natural Sensible, es un lugar ideal para descubrir la biodiversidad. Se extiende a lo largo de 10 hect\u00e1reas a orillas&hellip;<\/p>\t\n\t<strong class=\"tis-box-city\">ANGLET<\/strong>\t\n\t<div class=\"wp-block-button is-style-outline\">\n\t\t<a href=\"https:\/\/www.anglet-tourisme.com\/es\/en-movimiento-en-anglet\/actividades\/anglet\/PNAAQU064V5BVYE9-foret-du-lazaret\/\" class=\"trk_visit_single wp-block-button__link has-dark-color has-white-background-color \">Ver m\u00e1s<\/a>\n\t<\/div>\n\t\n<\/article>\t<article class=\"js-marker tourinsoft-item tis-box \" id=\"marker-PNAAQU064V5C0MMC\" data-lat=\"43.4957\" data-lng=\"-1.49939\" data-title=\"Aire de biodiversit\u00e9 de Lamouly\">\n\t<a href=\"https:\/\/www.anglet-tourisme.com\/es\/en-movimiento-en-anglet\/actividades\/anglet\/PNAAQU064V5C0MMC-aire-de-biodiversite-de-lamouly\/\" class=\"trk_visit_single\">\n\t\t<div class=\"tis-item-cover \">\n\t\t\t\t\t\t\t\t\t<img decoding=\"async\" src=\"https:\/\/www.anglet-tourisme.com\/wp-content\/uploads\/tis\/Havre-biodiversite-Lamouly-4-2.jpg\" title=\"Aire de biodiversit\u00e9 de Lamouly\" alt=\"Aire de biodiversit\u00e9 de Lamouly\" loading=\"lazy\" \/>\n\t\t\t\t\t\t\t\t<div class=\"tis-item-label-container\">\n\t\t\t\t\t\t\t\t\t<!--<span class=\"tis-item-handicap\"><img decoding=\"async\" src=\"https:\/\/www.anglet-tourisme.com\/wp-content\/plugins\/tourinsoft-syndication\/assets\/images\/icon-handicap.svg\" title=\"\" alt=\"\" \/><\/span>-->\n\t\t\t\t\t\t\t\t\t\t\t<\/div>\n\t\t\t\t\t<\/div>\n\t\t\n\t\t\n\t\t\n\t\t<h3>\t\t\tAire de biodiversit\u00e9 de Lamouly\t\t<\/h3>\n\t\t\t<\/a>\n\t\n\t\t\t\t\t\t<div class=\"tis-item-tags\">\n\t\t\t\t\t\t\t\t<span class=\"tis-item-tag\">Autre type de site naturel<\/span>\n\t\t\t\t\t\t\t<\/div>\n\t\t\t\t\n\t<p>Bienvenido al Espacio de Biodiversidad de Lamouly, un espacio dedicado a la sensibilizaci\u00f3n sobre los retos de la preservaci\u00f3n de la biodiversidad. Situado en pleno centro de Anglet, alberga numerosas especies protegidas,&hellip;<\/p>\t\n\t<strong class=\"tis-box-city\">ANGLET<\/strong>\t\n\t<div class=\"wp-block-button is-style-outline\">\n\t\t<a href=\"https:\/\/www.anglet-tourisme.com\/es\/en-movimiento-en-anglet\/actividades\/anglet\/PNAAQU064V5C0MMC-aire-de-biodiversite-de-lamouly\/\" class=\"trk_visit_single wp-block-button__link has-dark-color has-white-background-color \">Ver m\u00e1s<\/a>\n\t<\/div>\n\t\n<\/article>\t<article class=\"js-marker tourinsoft-item tis-box \" id=\"marker-PNAAQU064V5CAAMR\" data-lat=\"43.5262\" data-lng=\"-1.51963\" data-title=\"Parc Izadia\">\n\t<a href=\"https:\/\/www.anglet-tourisme.com\/es\/en-movimiento-en-anglet\/actividades\/anglet\/PNAAQU064V5CAAMR-parc-izadia\/\" class=\"trk_visit_single\">\n\t\t<div class=\"tis-item-cover \">\n\t\t\t\t\t\t\t\t\t<img decoding=\"async\" src=\"https:\/\/www.anglet-tourisme.com\/wp-content\/uploads\/tis\/Parc-Izadia-Anglet-Dario-Tonini-09-2-2.jpg\" title=\"Parc Izadia\" alt=\"Parc Izadia\" loading=\"lazy\" \/>\n\t\t\t\t\t\t\t\t<div class=\"tis-item-label-container\">\n\t\t\t\t\t\t\t\t\t<!--<span class=\"tis-item-handicap\"><img decoding=\"async\" src=\"https:\/\/www.anglet-tourisme.com\/wp-content\/plugins\/tourinsoft-syndication\/assets\/images\/icon-handicap.svg\" title=\"\" alt=\"\" \/><\/span>-->\n\t\t\t\t\t\t\t\t\t\t\t<\/div>\n\t\t\t\t\t<\/div>\n\t\t\n\t\t\n\t\t\n\t\t<h3>\t\t\tParc Izadia\t\t<\/h3>\n\t\t\t<\/a>\n\t\n\t\t\t\t\t\t<div class=\"tis-item-tags\">\n\t\t\t\t\t\t\t\t<span class=\"tis-item-tag\">Autre type de site naturel<\/span>\n\t\t\t\t\t\t\t<\/div>\n\t\t\t\t\n\t<p>Este parque de 15 hect\u00e1reas, tan bello como discreto, conserva los \u00faltimos vestigios naturales del litoral dunar, revelando un paisaje diverso: lagunas litorales, lagos, praderas saladas, charcas de agua dulce y entornos&hellip;<\/p>\t\n\t<strong class=\"tis-box-city\">ANGLET<\/strong>\t\n\t<div class=\"wp-block-button is-style-outline\">\n\t\t<a href=\"https:\/\/www.anglet-tourisme.com\/es\/en-movimiento-en-anglet\/actividades\/anglet\/PNAAQU064V5CAAMR-parc-izadia\/\" class=\"trk_visit_single wp-block-button__link has-dark-color has-white-background-color \">Ver m\u00e1s<\/a>\n\t<\/div>\n\t\n<\/article>\t\t\t\t\t<\/div>\n\t\t\t<\/div>\n\t\t<\/div>\n\t\t<div id=\"tourinsoft-map\"  data-marker=\"https:\/\/www.anglet-tourisme.com\/wp-content\/plugins\/tourinsoft-syndication\/assets\/images\/map-marker.png\" data-lat=\"43.29510117\" data-lng=\"-0.37079701\" data-zoom=\"10\"><\/div>\n\t<\/div>\n<\/div>\n\n\n<div style=\"height:50px\" aria-hidden=\"true\" class=\"wp-block-spacer\"><\/div>\n\n<\/div>\n","protected":false},"excerpt":{"rendered":"<p>Anglet es un espacio vital natural, idealmente situado entre el oc\u00e9ano y el bosque. A algunos les seducir\u00e1 el oc\u00e9ano y sus playas, el surf y otros placeres marinos. Otros preferir\u00e1n el bosque de Pignada, ideal para actividades deportivas. Tambi\u00e9n hay cultura, visitas tur\u00edsticas, gastronom\u00eda, talleres experienciales, bienestar y artesan\u00eda [&hellip;]<\/p>\n","protected":false},"author":1,"featured_media":4075,"parent":12003,"menu_order":0,"comment_status":"closed","ping_status":"closed","template":"","meta":{"_acf_changed":false,"_seopress_robots_primary_cat":"","_seopress_titles_title":"Qu\u00e9 hacer y ver en Anglet: todas las actividades imprescindibles en Anglet","_seopress_titles_desc":"Descubre las actividades imprescindibles en Anglet: playas, surf, cultura, gastronom\u00eda... \u00a1explora todo lo que te ofrece la ciudad!","_seopress_robots_index":"","footnotes":""},"class_list":["post-11786","page","type-page","status-publish","has-post-thumbnail"],"acf":[],"_links":{"self":[{"href":"https:\/\/www.anglet-tourisme.com\/es\/wp-json\/wp\/v2\/pages\/11786","targetHints":{"allow":["GET"]}}],"collection":[{"href":"https:\/\/www.anglet-tourisme.com\/es\/wp-json\/wp\/v2\/pages"}],"about":[{"href":"https:\/\/www.anglet-tourisme.com\/es\/wp-json\/wp\/v2\/types\/page"}],"author":[{"embeddable":true,"href":"https:\/\/www.anglet-tourisme.com\/es\/wp-json\/wp\/v2\/users\/1"}],"replies":[{"embeddable":true,"href":"https:\/\/www.anglet-tourisme.com\/es\/wp-json\/wp\/v2\/comments?post=11786"}],"version-history":[{"count":0,"href":"https:\/\/www.anglet-tourisme.com\/es\/wp-json\/wp\/v2\/pages\/11786\/revisions"}],"up":[{"embeddable":true,"href":"https:\/\/www.anglet-tourisme.com\/es\/wp-json\/wp\/v2\/pages\/12003"}],"wp:featuredmedia":[{"embeddable":true,"href":"https:\/\/www.anglet-tourisme.com\/es\/wp-json\/wp\/v2\/media\/4075"}],"wp:attachment":[{"href":"https:\/\/www.anglet-tourisme.com\/es\/wp-json\/wp\/v2\/media?parent=11786"}],"curies":[{"name":"wp","href":"https:\/\/api.w.org\/{rel}","templated":true}]}}