{"id":11854,"date":"2024-05-30T12:12:32","date_gmt":"2024-05-30T10:12:32","guid":{"rendered":"https:\/\/www.anglet-tourisme.com\/lo-mas-destacado-de-anglet\/rip-curl-pro-anglet-competicion-internacional-de-surf\/"},"modified":"2025-05-09T16:07:15","modified_gmt":"2025-05-09T14:07:15","slug":"rip-curl-pro-anglet","status":"publish","type":"page","link":"https:\/\/www.anglet-tourisme.com\/es\/lo-mas-destacado-de-anglet\/rip-curl-pro-anglet\/","title":{"rendered":"Pro Anglet: competici\u00f3n internacional de surf"},"content":{"rendered":"\n<div class=\"wp-block-group\"><div class=\"wp-block-group__inner-container is-layout-constrained wp-block-group-is-layout-constrained\">\n<div class=\"wp-block-columns is-layout-flex wp-container-core-columns-is-layout-9d6595d7 wp-block-columns-is-layout-flex\">\n<div class=\"wp-block-column is-vertically-aligned-top is-layout-flow wp-block-column-is-layout-flow\">\n<figure class=\"wp-block-gallery has-nested-images columns-2 is-cropped wp-block-gallery-1 is-layout-flex wp-block-gallery-is-layout-flex\">\n<figure data-wp-context=\"{&quot;imageId&quot;:&quot;69f0d59c3ec90&quot;}\" data-wp-interactive=\"core\/image\" data-wp-key=\"69f0d59c3ec90\" class=\"wp-block-image size-large wp-lightbox-container\"><img loading=\"lazy\" decoding=\"async\" width=\"1024\" height=\"682\" data-wp-class--hide=\"state.isContentHidden\" data-wp-class--show=\"state.isContentVisible\" data-wp-init=\"callbacks.setButtonStyles\" data-wp-on--click=\"actions.showLightbox\" data-wp-on--load=\"callbacks.setButtonStyles\" data-wp-on-window--resize=\"callbacks.setButtonStyles\" data-id=\"4712\" src=\"https:\/\/www.anglet-tourisme.com\/wp-content\/uploads\/2024\/05\/Brian-Jean-Patrice-Furcy_22AngletPro_2054_Masurel-1-1024x682.jpg\" alt=\"\" class=\"wp-image-4712\" srcset=\"https:\/\/www.anglet-tourisme.com\/wp-content\/uploads\/2024\/05\/Brian-Jean-Patrice-Furcy_22AngletPro_2054_Masurel-1-1024x682.jpg 1024w, https:\/\/www.anglet-tourisme.com\/wp-content\/uploads\/2024\/05\/Brian-Jean-Patrice-Furcy_22AngletPro_2054_Masurel-1-800x533.jpg 800w, https:\/\/www.anglet-tourisme.com\/wp-content\/uploads\/2024\/05\/Brian-Jean-Patrice-Furcy_22AngletPro_2054_Masurel-1-768x512.jpg 768w, https:\/\/www.anglet-tourisme.com\/wp-content\/uploads\/2024\/05\/Brian-Jean-Patrice-Furcy_22AngletPro_2054_Masurel-1-1536x1024.jpg 1536w, https:\/\/www.anglet-tourisme.com\/wp-content\/uploads\/2024\/05\/Brian-Jean-Patrice-Furcy_22AngletPro_2054_Masurel-1.jpg 2000w\" sizes=\"auto, (max-width: 1024px) 100vw, 1024px\" \/><button\n\t\t\tclass=\"lightbox-trigger\"\n\t\t\ttype=\"button\"\n\t\t\taria-haspopup=\"dialog\"\n\t\t\taria-label=\"Agrandar\"\n\t\t\tdata-wp-init=\"callbacks.initTriggerButton\"\n\t\t\tdata-wp-on--click=\"actions.showLightbox\"\n\t\t\tdata-wp-style--right=\"state.imageButtonRight\"\n\t\t\tdata-wp-style--top=\"state.imageButtonTop\"\n\t\t>\n\t\t\t<svg xmlns=\"http:\/\/www.w3.org\/2000\/svg\" width=\"12\" height=\"12\" fill=\"none\" viewBox=\"0 0 12 12\">\n\t\t\t\t<path fill=\"#fff\" d=\"M2 0a2 2 0 0 0-2 2v2h1.5V2a.5.5 0 0 1 .5-.5h2V0H2Zm2 10.5H2a.5.5 0 0 1-.5-.5V8H0v2a2 2 0 0 0 2 2h2v-1.5ZM8 12v-1.5h2a.5.5 0 0 0 .5-.5V8H12v2a2 2 0 0 1-2 2H8Zm2-12a2 2 0 0 1 2 2v2h-1.5V2a.5.5 0 0 0-.5-.5H8V0h2Z\" \/>\n\t\t\t<\/svg>\n\t\t<\/button><\/figure>\n\n\n\n<figure data-wp-context=\"{&quot;imageId&quot;:&quot;69f0d59c3f571&quot;}\" data-wp-interactive=\"core\/image\" data-wp-key=\"69f0d59c3f571\" class=\"wp-block-image size-large wp-lightbox-container\"><img loading=\"lazy\" decoding=\"async\" width=\"1024\" height=\"682\" data-wp-class--hide=\"state.isContentHidden\" data-wp-class--show=\"state.isContentVisible\" data-wp-init=\"callbacks.setButtonStyles\" data-wp-on--click=\"actions.showLightbox\" data-wp-on--load=\"callbacks.setButtonStyles\" data-wp-on-window--resize=\"callbacks.setButtonStyles\" data-id=\"4715\" src=\"https:\/\/www.anglet-tourisme.com\/wp-content\/uploads\/2024\/05\/Gatien-Delahaye-_ANGLET22_2967_DamienPoullenot-1-1024x682.jpg\" alt=\"\" class=\"wp-image-4715\" srcset=\"https:\/\/www.anglet-tourisme.com\/wp-content\/uploads\/2024\/05\/Gatien-Delahaye-_ANGLET22_2967_DamienPoullenot-1-1024x682.jpg 1024w, https:\/\/www.anglet-tourisme.com\/wp-content\/uploads\/2024\/05\/Gatien-Delahaye-_ANGLET22_2967_DamienPoullenot-1-800x533.jpg 800w, https:\/\/www.anglet-tourisme.com\/wp-content\/uploads\/2024\/05\/Gatien-Delahaye-_ANGLET22_2967_DamienPoullenot-1-768x512.jpg 768w, https:\/\/www.anglet-tourisme.com\/wp-content\/uploads\/2024\/05\/Gatien-Delahaye-_ANGLET22_2967_DamienPoullenot-1-1536x1024.jpg 1536w, https:\/\/www.anglet-tourisme.com\/wp-content\/uploads\/2024\/05\/Gatien-Delahaye-_ANGLET22_2967_DamienPoullenot-1.jpg 2000w\" sizes=\"auto, (max-width: 1024px) 100vw, 1024px\" \/><button\n\t\t\tclass=\"lightbox-trigger\"\n\t\t\ttype=\"button\"\n\t\t\taria-haspopup=\"dialog\"\n\t\t\taria-label=\"Agrandar\"\n\t\t\tdata-wp-init=\"callbacks.initTriggerButton\"\n\t\t\tdata-wp-on--click=\"actions.showLightbox\"\n\t\t\tdata-wp-style--right=\"state.imageButtonRight\"\n\t\t\tdata-wp-style--top=\"state.imageButtonTop\"\n\t\t>\n\t\t\t<svg xmlns=\"http:\/\/www.w3.org\/2000\/svg\" width=\"12\" height=\"12\" fill=\"none\" viewBox=\"0 0 12 12\">\n\t\t\t\t<path fill=\"#fff\" d=\"M2 0a2 2 0 0 0-2 2v2h1.5V2a.5.5 0 0 1 .5-.5h2V0H2Zm2 10.5H2a.5.5 0 0 1-.5-.5V8H0v2a2 2 0 0 0 2 2h2v-1.5ZM8 12v-1.5h2a.5.5 0 0 0 .5-.5V8H12v2a2 2 0 0 1-2 2H8Zm2-12a2 2 0 0 1 2 2v2h-1.5V2a.5.5 0 0 0-.5-.5H8V0h2Z\" \/>\n\t\t\t<\/svg>\n\t\t<\/button><\/figure>\n\n\n\n<figure data-wp-context=\"{&quot;imageId&quot;:&quot;69f0d59c3fd3b&quot;}\" data-wp-interactive=\"core\/image\" data-wp-key=\"69f0d59c3fd3b\" class=\"wp-block-image size-large wp-lightbox-container\"><img loading=\"lazy\" decoding=\"async\" width=\"1024\" height=\"683\" data-wp-class--hide=\"state.isContentHidden\" data-wp-class--show=\"state.isContentVisible\" data-wp-init=\"callbacks.setButtonStyles\" data-wp-on--click=\"actions.showLightbox\" data-wp-on--load=\"callbacks.setButtonStyles\" data-wp-on-window--resize=\"callbacks.setButtonStyles\" data-id=\"4721\" src=\"https:\/\/www.anglet-tourisme.com\/wp-content\/uploads\/2024\/05\/pro-anglet-surf-1-1024x683.jpg\" alt=\"\" class=\"wp-image-4721\" srcset=\"https:\/\/www.anglet-tourisme.com\/wp-content\/uploads\/2024\/05\/pro-anglet-surf-1-1024x683.jpg 1024w, https:\/\/www.anglet-tourisme.com\/wp-content\/uploads\/2024\/05\/pro-anglet-surf-1-800x534.jpg 800w, https:\/\/www.anglet-tourisme.com\/wp-content\/uploads\/2024\/05\/pro-anglet-surf-1-768x512.jpg 768w, https:\/\/www.anglet-tourisme.com\/wp-content\/uploads\/2024\/05\/pro-anglet-surf-1-1536x1025.jpg 1536w, https:\/\/www.anglet-tourisme.com\/wp-content\/uploads\/2024\/05\/pro-anglet-surf-1.jpg 2000w\" sizes=\"auto, (max-width: 1024px) 100vw, 1024px\" \/><button\n\t\t\tclass=\"lightbox-trigger\"\n\t\t\ttype=\"button\"\n\t\t\taria-haspopup=\"dialog\"\n\t\t\taria-label=\"Agrandar\"\n\t\t\tdata-wp-init=\"callbacks.initTriggerButton\"\n\t\t\tdata-wp-on--click=\"actions.showLightbox\"\n\t\t\tdata-wp-style--right=\"state.imageButtonRight\"\n\t\t\tdata-wp-style--top=\"state.imageButtonTop\"\n\t\t>\n\t\t\t<svg xmlns=\"http:\/\/www.w3.org\/2000\/svg\" width=\"12\" height=\"12\" fill=\"none\" viewBox=\"0 0 12 12\">\n\t\t\t\t<path fill=\"#fff\" d=\"M2 0a2 2 0 0 0-2 2v2h1.5V2a.5.5 0 0 1 .5-.5h2V0H2Zm2 10.5H2a.5.5 0 0 1-.5-.5V8H0v2a2 2 0 0 0 2 2h2v-1.5ZM8 12v-1.5h2a.5.5 0 0 0 .5-.5V8H12v2a2 2 0 0 1-2 2H8Zm2-12a2 2 0 0 1 2 2v2h-1.5V2a.5.5 0 0 0-.5-.5H8V0h2Z\" \/>\n\t\t\t<\/svg>\n\t\t<\/button><\/figure>\n<\/figure>\n<\/div>\n\n\n\n<div class=\"wp-block-column is-vertically-aligned-top is-layout-flow wp-block-column-is-layout-flow\">\n<h2 class=\"wp-block-heading\">Imprescindible esta temporada<\/h2>\n\n\n\n<p>Competici\u00f3n internacional de surf organizada por la Liga Mundial de Surf (World Surf League), el <strong>Pro Anglet<\/strong> permite a los surfistas profesionales ganar valiosos puntos para la clasificaci\u00f3n mundial.<\/p>\n\n\n\n<p>Este prestigioso evento, que incluye pruebas masculinas y femeninas, atrae cada a\u00f1o a la \u00e9lite mundial del surf <strong>en septiembre<\/strong> en Anglet.<\/p>\n\n\n\n<div style=\"height:40px\" aria-hidden=\"true\" class=\"wp-block-spacer\"><\/div>\n\n\n\n<h2 class=\"wp-block-heading\">Anglet, epicentro del surf europeo<\/h2>\n\n\n\n<p>Creado en 2015 por la ciudad y la WSL, el Pro Anglet se ha convertido en uno de los principales eventos de la temporada europea.<\/p>\n\n\n\n<p>Las olas de Anglet ofrecen un espect\u00e1culo \u00fanico a los entusiastas del surf, por lo que esta competici\u00f3n es una cita anual ineludible tanto para los surfistas como para los espectadores.<\/p>\n<\/div>\n<\/div>\n<\/div><\/div>\n\n\n\n<div style=\"height:80px\" aria-hidden=\"true\" class=\"wp-block-spacer\"><\/div>\n\n\n\n<div class=\"wp-block-group\"><div class=\"wp-block-group__inner-container is-layout-constrained wp-block-group-is-layout-constrained\">\n<div class=\"wp-block-columns is-layout-flex wp-container-core-columns-is-layout-9d6595d7 wp-block-columns-is-layout-flex\">\n<div class=\"wp-block-column is-layout-flow wp-block-column-is-layout-flow\" style=\"flex-basis:66.66%\">\n<div class=\"wp-block-cover is-light alert\" style=\"min-height:107px;aspect-ratio:unset;\"><span aria-hidden=\"true\" class=\"wp-block-cover__background has-white-background-color has-background-dim-100 has-background-dim\"><\/span><div class=\"wp-block-cover__inner-container is-layout-constrained wp-block-cover-is-layout-constrained\">\n<div class=\"wp-block-group is-nowrap is-layout-flex wp-container-core-group-is-layout-ad2f72ca wp-block-group-is-layout-flex\"><div class=\"wp-block-image\">\n<figure class=\"alignleft size-full is-resized\"><img loading=\"lazy\" decoding=\"async\" width=\"431\" height=\"415\" src=\"https:\/\/www.anglet-tourisme.com\/wp-content\/uploads\/2024\/05\/Anglet-Cote-Basque-PICTOS-V2_page-0001-1.jpg\" alt=\"\" class=\"wp-image-2472\" style=\"aspect-ratio:1;object-fit:cover;width:67px;height:auto\"\/><\/figure>\n<\/div>\n\n\n<h3 class=\"wp-block-heading has-text-align-left has-blue-color has-text-color has-small-font-size\"><strong>INFORMACI\u00d3N<\/strong><\/h3>\n<\/div>\n\n\n\n<p class=\"has-text-align-center has-orange-color has-light-pink-background-color has-text-color has-background has-link-color wp-elements-1e069220de853c9d177d0362b73005ac\"><strong>Se cancela la edici\u00f3n 2025 del Pro Anglet.<\/strong><\/p>\n\n\n\n<p><strong>DIRECCI\u00d3N<\/strong><br>Playas del Club et de los Sables d&#8217;Or, Chambre d&#8217;Amour, 64600 ANGLET<br><br><strong>CONTACTO<\/strong><br><a href=\"https:\/\/www.worldsurfleague.com\/events\/2025\/qs?month=september\" data-type=\"link\" data-id=\"https:\/\/www.worldsurfleague.com\/events\/2024\/qs?all=1\" target=\"_blank\" rel=\"noreferrer noopener nofollow\">Ver sitio web<\/a><br><br><strong>ORGANIZACI\u00d3N<\/strong><br>World Surf League<\/p>\n\n\n\n<div style=\"height:40px\" aria-hidden=\"true\" class=\"wp-block-spacer\"><\/div>\n<\/div><\/div>\n<\/div>\n\n\n\n<div class=\"wp-block-column is-vertically-aligned-center is-layout-flow wp-block-column-is-layout-flow\" style=\"flex-basis:66.66%\">\n<div class=\"wp-block-columns is-layout-flex wp-container-core-columns-is-layout-9d6595d7 wp-block-columns-is-layout-flex\">\n<div class=\"wp-block-column is-layout-flow wp-block-column-is-layout-flow\">\n<h3 class=\"wp-block-heading\">Accesibilidad<\/h3>\n\n\n\n<ul class=\"wp-block-list\">\n<li>Aparcamiento<\/li>\n\n\n\n<li>Paradas de autob\u00fas <\/li>\n<\/ul>\n<\/div>\n\n\n\n<div class=\"wp-block-column is-vertically-aligned-center is-layout-flow wp-block-column-is-layout-flow\">\n<div class=\"wp-block-buttons is-layout-flex wp-container-core-buttons-is-layout-6b4e3324 wp-block-buttons-is-layout-flex\">\n<div class=\"wp-block-button\"><a class=\"wp-block-button__link has-text-align-center wp-element-button\" href=\"https:\/\/itineraires.txiktxak.fr\/fr\/horaires\/Anglet\/arret\/Chambre%20d%27Amour\/place_PLAG\" target=\"_blank\" rel=\"noreferrer noopener\">Venir en autob\u00fas<\/a><\/div>\n<\/div>\n<\/div>\n<\/div>\n\n\n\n<div class=\"frame-responsive\"><iframe loading=\"lazy\" width=\"425\" height=\"350\" src=\"https:\/\/www.openstreetmap.org\/export\/embed.html?bbox=-1.5640926361083987%2C43.48857965139442%2C-1.5239238739013672%2C43.509841507881355&#038;layer=mapnik&#038;marker=43.49921151553425%2C-1.5440082550048828\" style=\"border: 1px solid black\"><\/iframe><br\/><small><a href=\"https:\/\/www.openstreetmap.org\/?mlat=43.4992&#038;mlon=-1.5440#map=15\/43.4992\/-1.5440\">iframe<\/a><\/small><\/div>\n<\/div>\n<\/div>\n<\/div><\/div>\n","protected":false},"excerpt":{"rendered":"<p>Imprescindible esta temporada Competici\u00f3n internacional de surf organizada por la Liga Mundial de Surf (World Surf League), el Pro Anglet permite a los surfistas profesionales ganar valiosos puntos para la clasificaci\u00f3n mundial. Este prestigioso evento, que incluye pruebas masculinas y femeninas, atrae cada a\u00f1o a la \u00e9lite mundial del surf [&hellip;]<\/p>\n","protected":false},"author":5,"featured_media":3931,"parent":11699,"menu_order":13,"comment_status":"closed","ping_status":"closed","template":"","meta":{"_acf_changed":false,"_seopress_robots_primary_cat":"","_seopress_titles_title":"Pro surf Anglet: la Liga Mundial de Surf, competici\u00f3n de surf en Anglet","_seopress_titles_desc":"Descubre los mejores momentos de la competici\u00f3n Pro Surf en Anglet, Europa: \u00a1surfistas de \u00e9lite, series emocionantes y resultados en directo desde las legendarias playas!","_seopress_robots_index":"","footnotes":""},"class_list":["post-11854","page","type-page","status-publish","has-post-thumbnail"],"acf":[],"_links":{"self":[{"href":"https:\/\/www.anglet-tourisme.com\/es\/wp-json\/wp\/v2\/pages\/11854","targetHints":{"allow":["GET"]}}],"collection":[{"href":"https:\/\/www.anglet-tourisme.com\/es\/wp-json\/wp\/v2\/pages"}],"about":[{"href":"https:\/\/www.anglet-tourisme.com\/es\/wp-json\/wp\/v2\/types\/page"}],"author":[{"embeddable":true,"href":"https:\/\/www.anglet-tourisme.com\/es\/wp-json\/wp\/v2\/users\/5"}],"replies":[{"embeddable":true,"href":"https:\/\/www.anglet-tourisme.com\/es\/wp-json\/wp\/v2\/comments?post=11854"}],"version-history":[{"count":3,"href":"https:\/\/www.anglet-tourisme.com\/es\/wp-json\/wp\/v2\/pages\/11854\/revisions"}],"predecessor-version":[{"id":17642,"href":"https:\/\/www.anglet-tourisme.com\/es\/wp-json\/wp\/v2\/pages\/11854\/revisions\/17642"}],"up":[{"embeddable":true,"href":"https:\/\/www.anglet-tourisme.com\/es\/wp-json\/wp\/v2\/pages\/11699"}],"wp:featuredmedia":[{"embeddable":true,"href":"https:\/\/www.anglet-tourisme.com\/es\/wp-json\/wp\/v2\/media\/3931"}],"wp:attachment":[{"href":"https:\/\/www.anglet-tourisme.com\/es\/wp-json\/wp\/v2\/media?parent=11854"}],"curies":[{"name":"wp","href":"https:\/\/api.w.org\/{rel}","templated":true}]}}