{"id":11981,"date":"2024-04-30T14:44:45","date_gmt":"2024-04-30T12:44:45","guid":{"rendered":"https:\/\/www.anglet-tourisme.com\/observacion-de-delfines-en-el-mar\/"},"modified":"2026-03-13T11:08:37","modified_gmt":"2026-03-13T10:08:37","slug":"salidas-al-mar","status":"publish","type":"page","link":"https:\/\/www.anglet-tourisme.com\/es\/en-movimiento-en-anglet\/actividades-al-aire-libre\/salidas-al-mar\/","title":{"rendered":"Salidas al mar"},"content":{"rendered":"\n<div class=\"wp-block-columns is-layout-flex wp-container-core-columns-is-layout-9d6595d7 wp-block-columns-is-layout-flex\">\n<div class=\"wp-block-column is-layout-flow wp-block-column-is-layout-flow\" style=\"flex-basis:33.33%\"><div class=\"highlight-bloc-container \" id=\"ts-block-65368af54ee28\"  >\n\t<div class=\"highlight-bloc-content\">\n\t\t<div class=\"acf-innerblocks-container\">\n\n<h1 class=\"wp-block-heading suptitle\">\u00bfPor qu\u00e9 no zarpar desde Anglet?<\/h1>\n\n<\/div>\t<\/div>\n<\/div>\n<\/div>\n\n\n\n<div class=\"wp-block-column is-layout-flow wp-block-column-is-layout-flow\" style=\"flex-basis:66.66%\">\n<p>Si buscas aventuras, \u00bfpor qu\u00e9 no hacer una <strong>excursi\u00f3n mar\u00edtima<\/strong> desde Anglet?\nExplora la emblem\u00e1tica Costa Vasca o navega por el r\u00edo Adour con estas excursiones en barco.\nAdmira el espectacular paisaje: peque\u00f1os puertos deportivos, calas escondidas, formaciones rocosas \u00fanicas e impresionantes acantilados con los Pirineos de fondo.\nSi tienes suerte, \u00a1incluso puedes <strong>cruzarte con delfines<\/strong>!   <\/p>\n\n\n\n<p>Tanto si quieres salir con un patr\u00f3n experimentado como si quieres alquilar un barco por tu cuenta, para media jornada o una jornada completa, descubra nuestros proveedores <strong>BaiBoat<\/strong> y <strong>Ab\u2019s Boats Plaisance<\/strong> para sus pr\u00f3ximas salidas al mar..<\/p>\n\n\n\n<p>\u00a1Reserva hoy tu <strong>excursi\u00f3n en barco<\/strong>!<\/p>\n<\/div>\n<\/div>\n\n\n\n<div style=\"height:80px\" aria-hidden=\"true\" class=\"wp-block-spacer\"><\/div>\n\n\n<div id=\"ts-block-6670443ac5b73\"  class=\"\">\n\t<div id=\"ts-block-6670443ac5b73\" class=\"tis_item_box_container columns-3 \"><article class=\"tis-box \">\r\n\t<a href=\"https:\/\/www.anglet-tourisme.com\/es\/en-movimiento-en-anglet\/actividades\/anglet\/ASCAQU064V5BKVQB-abs-boats-plaisance\/\">\r\n\t\t<div class=\"tis-item-cover\">\r\n\t\t\t\t\t\t\t\t\t\t\t<img decoding=\"async\" src=\"https:\/\/www.anglet-tourisme.com\/wp-content\/uploads\/tis\/ABS-BOATS-PLAISANCE-03.jpg\" title=\"Ab\u2019s Boats Plaisance\" alt=\"Ab\u2019s Boats Plaisance\" \/>\r\n\t\t\t\t\t\t\t\t\t<div class=\"tis-item-label-container\">\r\n\t\t\t\t\t\t\t<!--<span class=\"tis-item-handicap\"><img decoding=\"async\" src=\"https:\/\/www.anglet-tourisme.com\/wp-content\/plugins\/tourinsoft-syndication\/assets\/images\/icon-handicap.svg\" title=\"\" alt=\"\" \/><\/span>-->\r\n\t\t\t\t\t\t\t\t\t<\/div>\r\n\t\t\t\t\t\t<div class=\"tis-item-online-booking\">\r\n\t\t\t\t<span>Reservas en l\u00ednea<\/span>\r\n\t\t\t<\/div>\r\n\t\t\t\t\t\t\r\n\t\t\t\t\t<\/div>\r\n\t\t\t\t<h3>Ab\u2019s Boats Plaisance<\/h3>\r\n\t\t\t\t\r\n\t<\/a>\r\n\t\r\n\t<p>Excursiones mar\u00edtimas privadas de Anglet a San Juan de Luz de medio d\u00eda o de Anglet a Hendaya de un d\u00eda completo. Le ofrecemos la posibilidad de visitar la magn\u00edfica Costa Vasca&hellip;<\/p>\t<strong class=\"tis-box-city\">ANGLET<\/strong>\t\r\n\t\t\t\t\t\t<div class=\"wp-block-button\">\r\n\t\t\t\t<a target=\"_blank\" href=\"https:\/\/www.absboatsplaisance.fr\/reservation-en-ligne\" class=\"wp-block-button__link has-white-color has-btn-background-color\">Reservar en l\u00ednea<\/a>\r\n\t\t\t<\/div>\r\n\t\t\t<\/article><article class=\"tis-box \">\r\n\t<a href=\"https:\/\/www.anglet-tourisme.com\/es\/en-movimiento-en-anglet\/actividades\/anglet\/ASCAQU064V5BWL90-baiboat\/\">\r\n\t\t<div class=\"tis-item-cover\">\r\n\t\t\t\t\t\t\t\t\t\t\t<img decoding=\"async\" src=\"https:\/\/www.anglet-tourisme.com\/wp-content\/uploads\/tis\/BaiBoat-64---Anglet-Tourisme-Anglet-RIB-4013-RiBLANC.jpg\" title=\"BaiBoat\" alt=\"BaiBoat\" \/>\r\n\t\t\t\t\t\t\t\t\t<div class=\"tis-item-label-container\">\r\n\t\t\t\t\t\t\t<!--<span class=\"tis-item-handicap\"><img decoding=\"async\" src=\"https:\/\/www.anglet-tourisme.com\/wp-content\/plugins\/tourinsoft-syndication\/assets\/images\/icon-handicap.svg\" title=\"\" alt=\"\" \/><\/span>-->\r\n\t\t\t\t\t\t\t\t\t<\/div>\r\n\t\t\t\t\t\t<div class=\"tis-item-online-booking\">\r\n\t\t\t\t<span>Reservas en l\u00ednea<\/span>\r\n\t\t\t<\/div>\r\n\t\t\t\t\t\t\r\n\t\t\t\t\t<\/div>\r\n\t\t\t\t<h3>BaiBoat<\/h3>\r\n\t\t\t\t\r\n\t<\/a>\r\n\t\r\n\t<p>BaiBoat es una empresa de alquiler de barcos situada en Anglet, a orillas del r\u00edo Adour, en la desembocadura del oc\u00e9ano Atl\u00e1ntico. Creada por dos amigos, BaiBoat ofrece paseos en barco a&hellip;<\/p>\t<strong class=\"tis-box-city\">ANGLET<\/strong>\t\r\n\t\t\t\t\t\t<div class=\"wp-block-button\">\r\n\t\t\t\t<a target=\"_blank\" href=\"https:\/\/baiboat.fr\" class=\"wp-block-button__link has-white-color has-btn-background-color\">Reservar en l\u00ednea<\/a>\r\n\t\t\t<\/div>\r\n\t\t\t<\/article><article class=\"tis-box \">\r\n\t<a href=\"https:\/\/www.anglet-tourisme.com\/es\/en-movimiento-en-anglet\/actividades\/anglet\/LOIAQU064FS0003U-port-de-plaisance-du-brise-lames\/\">\r\n\t\t<div class=\"tis-item-cover\">\r\n\t\t\t\t\t\t\t\t\t\t\t<img decoding=\"async\" src=\"https:\/\/www.anglet-tourisme.com\/wp-content\/uploads\/tis\/port-plaisance-brises-lames-2.jpg\" title=\"Port de plaisance du Brise-Lames\" alt=\"Port de plaisance du Brise-Lames\" \/>\r\n\t\t\t\t\t\t\t\t\t<div class=\"tis-item-label-container\">\r\n\t\t\t\t\t\t\t<!--<span class=\"tis-item-handicap\"><img decoding=\"async\" src=\"https:\/\/www.anglet-tourisme.com\/wp-content\/plugins\/tourinsoft-syndication\/assets\/images\/icon-handicap.svg\" title=\"\" alt=\"\" \/><\/span>-->\r\n\t\t\t\t\t\t\t\t\t<\/div>\r\n\t\t\t\t\t\t\r\n\t\t\t\t\t<\/div>\r\n\t\t\t\t<h3>Port de plaisance du Brise-Lames<\/h3>\r\n\t\t\t\t\r\n\t<\/a>\r\n\t\r\n\t<p>Situado en la orilla izquierda del Adour, a 700 m de su desembocadura, el puerto deportivo de Brise-Lames se extiende a lo largo del canal, protegido por dos diques de escollera. Ofrece&hellip;<\/p>\t<strong class=\"tis-box-city\">ANGLET<\/strong>\t\r\n\t\t\t\t\t\t\t\t\t<\/article><\/div><\/div>\n\n\n\n<div style=\"height:80px\" aria-hidden=\"true\" class=\"wp-block-spacer\"><\/div>\n\n\n\n<section class=\"wp-block-group alignwide has-light-green-background-color has-background\"><div class=\"wp-block-group__inner-container is-layout-constrained wp-block-group-is-layout-constrained\"><div id=\"ts-block-66390544d3551\"  class=\"title-bloc-container px-xl aligncenter\">\n\t\t<div class=\"title-bloc-content\">\n\t\t<div class=\"title-bloc\" >\n\t\t\t<div class=\"acf-innerblocks-container\">\n\n<h2 class=\"wp-block-heading\">Tambi\u00e9n te gustar\u00e1&#8230;<\/h2>\n\n<\/div>\t\t<\/div>\n\t\t\t<\/div>\n<\/div>\n\n\n<div id=\"ts-block-66390544d64d3\"  class=\"is-style-horizontal\">\n\t<div class=\"swiper-container tis_item_box-swiper\"><div data-block_id=\"ts-block-66390544d64d3\" class=\"tis_item_box_container columns-2 img-zoom  with-slide slide-ts-block-66390544d64d3\"><div class=\"swiper-wrapper\" data-nb_col=\"2\" id=\"ts-block-66390544d64d3\"><article class=\"tis-box swiper-slide \">\n\t<a href=\"https:\/\/www.anglet-tourisme.com\/es\/en-movimiento-en-anglet\/actividades\/anglet\/PCUAQU064FS00001-fabrique-de-chisteras-gonzalez\/\">\n\t\t<div class=\"tis-item-cover \">\n\t\t\t\t\t\t<img decoding=\"async\" src=\"https:\/\/cdt64.media.tourinsoft.eu\/upload\/Maison-Gonzales-Anglet--RIB1609--RiBLANC.jpg?width=450\" title=\"Fabrique de chisteras Gonzalez\" alt=\"Fabrique de chisteras Gonzalez\" loading=\"lazy\" \/>\n\t\t\t\t\t<div class=\"tis-item-label-container\">\n\t\t\t\t\t\t\t<!--<span class=\"tis-item-handicap\"><img decoding=\"async\" src=\"https:\/\/www.anglet-tourisme.com\/wp-content\/plugins\/tourinsoft-syndication\/assets\/images\/icon-handicap.svg\" title=\"\" alt=\"\" \/><\/span>-->\n\t\t\t\t\t\t\t\t\t<\/div>\n\t\t\t\t\t<\/div>\t\t\n\t<\/a>\n\t<div class=\"tis-item-info\">\n\t\t<span class=\"tis-item-type\"><\/span>\t\t<h3>Fabrique de chisteras Gonzalez<\/h3>\n\t\t\t\t\t\t\t\t<p>Pierre Gonz\u00e1lez ha perpetuado la tradici\u00f3n desde 1887 fabricando manualmente chisteras (guante grande y guante&hellip;<\/p>\t\t<strong class=\"tis-box-city\">ANGLET<\/strong>\t\t\n\t\t\n\t\t\t\t\t<div class=\"wp-block-button\">\n\t\t\t\t<a href=\"https:\/\/www.anglet-tourisme.com\/es\/en-movimiento-en-anglet\/actividades\/anglet\/PCUAQU064FS00001-fabrique-de-chisteras-gonzalez\/\" class=\"has-black-color has-white-background-color has-text-color has-background has-link-color wp-element-button\"><img decoding=\"async\" src=\"https:\/\/www.anglet-tourisme.com\/wp-content\/themes\/onk-tourisme\/assets\/images\/arrow-right-2.svg\" alt=\"Ver m\u00e1s\" \/><\/a>\n\t\t\t<\/div>\n\t\t\t\t\n\t<\/div>\n<\/article><article class=\"tis-box swiper-slide \">\n\t<a href=\"https:\/\/www.anglet-tourisme.com\/es\/en-movimiento-en-anglet\/actividades\/anglet\/PCUAQU064FS000G6-fer-forge-pays-basque\/\">\n\t\t<div class=\"tis-item-cover \">\n\t\t\t\t\t\t<img decoding=\"async\" src=\"https:\/\/cdt64.media.tourinsoft.eu\/upload\/Fer-Forge-Pays-Basque.jpg?width=450\" title=\"Fer Forg\u00e9 Pays Basque\" alt=\"Fer Forg\u00e9 Pays Basque\" loading=\"lazy\" \/>\n\t\t\t\t\t<div class=\"tis-item-label-container\">\n\t\t\t\t\t\t\t<!--<span class=\"tis-item-handicap\"><img decoding=\"async\" src=\"https:\/\/www.anglet-tourisme.com\/wp-content\/plugins\/tourinsoft-syndication\/assets\/images\/icon-handicap.svg\" title=\"\" alt=\"\" \/><\/span>-->\n\t\t\t\t\t\t\t\t\t<\/div>\n\t\t\t\t\t<\/div>\t\t\n\t<\/a>\n\t<div class=\"tis-item-info\">\n\t\t<span class=\"tis-item-type\"><\/span>\t\t<h3>Fer Forg\u00e9 Pays Basque<\/h3>\n\t\t\t\t\t\t\t\t<p>Desde su taller, que incluye una tienda contigua con exposici\u00f3n, crea y fabrica objetos art\u00edsticos&hellip;<\/p>\t\t<strong class=\"tis-box-city\">ANGLET<\/strong>\t\t\n\t\t\n\t\t\t\t\t<div class=\"wp-block-button\">\n\t\t\t\t<a href=\"https:\/\/www.anglet-tourisme.com\/es\/en-movimiento-en-anglet\/actividades\/anglet\/PCUAQU064FS000G6-fer-forge-pays-basque\/\" class=\"has-black-color has-white-background-color has-text-color has-background has-link-color wp-element-button\"><img decoding=\"async\" src=\"https:\/\/www.anglet-tourisme.com\/wp-content\/themes\/onk-tourisme\/assets\/images\/arrow-right-2.svg\" alt=\"Ver m\u00e1s\" \/><\/a>\n\t\t\t<\/div>\n\t\t\t\t\n\t<\/div>\n<\/article><article class=\"tis-box swiper-slide \">\n\t<a href=\"https:\/\/www.anglet-tourisme.com\/es\/en-movimiento-en-anglet\/actividades\/anglet\/PCUAQU064V57MR8I-jean-francois-perry-vitrail-et-mosaique\/\">\n\t\t<div class=\"tis-item-cover \">\n\t\t\t\t\t\t<img decoding=\"async\" src=\"https:\/\/cdt64.media.tourinsoft.eu\/upload\/jean-francois-perry-05.jpg?width=450\" title=\"Jean-Fran\u00e7ois Perry - Vitrail et mosa\u00efque\" alt=\"Jean-Fran\u00e7ois Perry - Vitrail et mosa\u00efque\" loading=\"lazy\" \/>\n\t\t\t\t\t<div class=\"tis-item-label-container\">\n\t\t\t\t\t\t\t<!--<span class=\"tis-item-handicap\"><img decoding=\"async\" src=\"https:\/\/www.anglet-tourisme.com\/wp-content\/plugins\/tourinsoft-syndication\/assets\/images\/icon-handicap.svg\" title=\"\" alt=\"\" \/><\/span>-->\n\t\t\t\t\t\t\t\t\t<\/div>\n\t\t\t\t\t<\/div>\t\t\n\t<\/a>\n\t<div class=\"tis-item-info\">\n\t\t<span class=\"tis-item-type\"><\/span>\t\t<h3>Jean-Fran\u00e7ois Perry &#8211; Vitrail et mosa\u00efque<\/h3>\n\t\t\t\t\t\t\t\t<p>Jean-Fran\u00e7ois Perry trabaja con vidrieras emplomadas tradicionales, placas de vidrio y mosaicos. Realiza sus proyectos&hellip;<\/p>\t\t<strong class=\"tis-box-city\">ANGLET<\/strong>\t\t\n\t\t\n\t\t\t\t\t<div class=\"wp-block-button\">\n\t\t\t\t<a href=\"https:\/\/www.anglet-tourisme.com\/es\/en-movimiento-en-anglet\/actividades\/anglet\/PCUAQU064V57MR8I-jean-francois-perry-vitrail-et-mosaique\/\" class=\"has-black-color has-white-background-color has-text-color has-background has-link-color wp-element-button\"><img decoding=\"async\" src=\"https:\/\/www.anglet-tourisme.com\/wp-content\/themes\/onk-tourisme\/assets\/images\/arrow-right-2.svg\" alt=\"Ver m\u00e1s\" \/><\/a>\n\t\t\t<\/div>\n\t\t\t\t\n\t<\/div>\n<\/article><article class=\"tis-box swiper-slide \">\n\t<a href=\"https:\/\/www.anglet-tourisme.com\/es\/en-movimiento-en-anglet\/actividades\/anglet\/PCUAQU064V58KIK7-espace-culturel-uei-en-gasconha\/\">\n\t\t<div class=\"tis-item-cover \">\n\t\t\t\t\t\t<img decoding=\"async\" src=\"https:\/\/cdt64.media.tourinsoft.eu\/upload\/espace-culturel-tivoli-anglet2.jpg?width=450\" title=\"Espace culturel Uei en Gasconha\" alt=\"Espace culturel Uei en Gasconha\" loading=\"lazy\" \/>\n\t\t\t\t\t<div class=\"tis-item-label-container\">\n\t\t\t\t\t\t\t<!--<span class=\"tis-item-handicap\"><img decoding=\"async\" src=\"https:\/\/www.anglet-tourisme.com\/wp-content\/plugins\/tourinsoft-syndication\/assets\/images\/icon-handicap.svg\" title=\"\" alt=\"\" \/><\/span>-->\n\t\t\t\t\t\t\t\t\t<\/div>\n\t\t\t\t\t<\/div>\t\t\n\t<\/a>\n\t<div class=\"tis-item-info\">\n\t\t<span class=\"tis-item-type\"><\/span>\t\t<h3>Espace culturel Uei en Gasconha<\/h3>\n\t\t\t\t\t\t\t\t<p>Uei en Gasconha (Hoy en Gascu\u00f1a) es un centro de interpretaci\u00f3n de la lengua y&hellip;<\/p>\t\t<strong class=\"tis-box-city\">ANGLET<\/strong>\t\t\n\t\t\n\t\t\t\t\t<div class=\"wp-block-button\">\n\t\t\t\t<a href=\"https:\/\/www.anglet-tourisme.com\/es\/en-movimiento-en-anglet\/actividades\/anglet\/PCUAQU064V58KIK7-espace-culturel-uei-en-gasconha\/\" class=\"has-black-color has-white-background-color has-text-color has-background has-link-color wp-element-button\"><img decoding=\"async\" src=\"https:\/\/www.anglet-tourisme.com\/wp-content\/themes\/onk-tourisme\/assets\/images\/arrow-right-2.svg\" alt=\"Ver m\u00e1s\" \/><\/a>\n\t\t\t<\/div>\n\t\t\t\t\n\t<\/div>\n<\/article><article class=\"tis-box swiper-slide \">\n\t<a href=\"https:\/\/www.anglet-tourisme.com\/es\/en-movimiento-en-anglet\/actividades\/anglet\/PCUAQU064V590T55-le-couvent-des-bernardines\/\">\n\t\t<div class=\"tis-item-cover \">\n\t\t\t\t\t\t<img decoding=\"async\" src=\"https:\/\/cdt64.media.tourinsoft.eu\/upload\/Les-Jardins-du-Refuge-I-Love-Anglet-RIB9968--RiBLANC.jpg?width=450\" title=\"Le Couvent des Bernardines\" alt=\"Le Couvent des Bernardines\" loading=\"lazy\" \/>\n\t\t\t\t\t<div class=\"tis-item-label-container\">\n\t\t\t\t\t\t\t<!--<span class=\"tis-item-handicap\"><img decoding=\"async\" src=\"https:\/\/www.anglet-tourisme.com\/wp-content\/plugins\/tourinsoft-syndication\/assets\/images\/icon-handicap.svg\" title=\"\" alt=\"\" \/><\/span>-->\n\t\t\t\t\t\t\t\t\t<\/div>\n\t\t\t\t\t<\/div>\t\t\n\t<\/a>\n\t<div class=\"tis-item-info\">\n\t\t<span class=\"tis-item-type\"><\/span>\t\t<h3>Le Couvent des Bernardines<\/h3>\n\t\t\t\t\t\t\t\t<p>Un original paseo para descubrir la vida y la obra del padre Cestac, beatificado en&hellip;<\/p>\t\t<strong class=\"tis-box-city\">ANGLET<\/strong>\t\t\n\t\t\n\t\t\t\t\t<div class=\"wp-block-button\">\n\t\t\t\t<a href=\"https:\/\/www.anglet-tourisme.com\/es\/en-movimiento-en-anglet\/actividades\/anglet\/PCUAQU064V590T55-le-couvent-des-bernardines\/\" class=\"has-black-color has-white-background-color has-text-color has-background has-link-color wp-element-button\"><img decoding=\"async\" src=\"https:\/\/www.anglet-tourisme.com\/wp-content\/themes\/onk-tourisme\/assets\/images\/arrow-right-2.svg\" alt=\"Ver m\u00e1s\" \/><\/a>\n\t\t\t<\/div>\n\t\t\t\t\n\t<\/div>\n<\/article><article class=\"tis-box swiper-slide \">\n\t<a href=\"https:\/\/www.anglet-tourisme.com\/es\/en-movimiento-en-anglet\/actividades\/anglet\/PCUAQU064V590TWZ-la-love-tower\/\">\n\t\t<div class=\"tis-item-cover \">\n\t\t\t\t\t\t<img decoding=\"async\" src=\"https:\/\/cdt64.media.tourinsoft.eu\/upload\/Love-Tower-I-Love-Anglet-1RIB1330--RiBLANC.jpg?width=450\" title=\"La Love Tower\" alt=\"La Love Tower\" loading=\"lazy\" \/>\n\t\t\t\t\t<div class=\"tis-item-label-container\">\n\t\t\t\t\t\t\t<!--<span class=\"tis-item-handicap\"><img decoding=\"async\" src=\"https:\/\/www.anglet-tourisme.com\/wp-content\/plugins\/tourinsoft-syndication\/assets\/images\/icon-handicap.svg\" title=\"\" alt=\"\" \/><\/span>-->\n\t\t\t\t\t\t\t\t\t<\/div>\n\t\t\t\t\t<\/div>\t\t\n\t<\/a>\n\t<div class=\"tis-item-info\">\n\t\t<span class=\"tis-item-type\"><\/span>\t\t<h3>La Love Tower<\/h3>\n\t\t\t\t\t\t\t\t<p>una obra de madera y metal que forma parte de la 7\u00aa edici\u00f3n de la&hellip;<\/p>\t\t<strong class=\"tis-box-city\">ANGLET<\/strong>\t\t\n\t\t\n\t\t\t\t\t<div class=\"wp-block-button\">\n\t\t\t\t<a href=\"https:\/\/www.anglet-tourisme.com\/es\/en-movimiento-en-anglet\/actividades\/anglet\/PCUAQU064V590TWZ-la-love-tower\/\" class=\"has-black-color has-white-background-color has-text-color has-background has-link-color wp-element-button\"><img decoding=\"async\" src=\"https:\/\/www.anglet-tourisme.com\/wp-content\/themes\/onk-tourisme\/assets\/images\/arrow-right-2.svg\" alt=\"Ver m\u00e1s\" \/><\/a>\n\t\t\t<\/div>\n\t\t\t\t\n\t<\/div>\n<\/article><article class=\"tis-box swiper-slide \">\n\t<a href=\"https:\/\/www.anglet-tourisme.com\/es\/en-movimiento-en-anglet\/actividades\/anglet\/PCUAQU064V590W2T-anglet-surf-avenue\/\">\n\t\t<div class=\"tis-item-cover \">\n\t\t\t\t\t\t<img decoding=\"async\" src=\"https:\/\/cdt64.media.tourinsoft.eu\/upload\/Kelly-Slater-01.jpg?width=450\" title=\"Anglet Surf Avenue\" alt=\"Anglet Surf Avenue\" loading=\"lazy\" \/>\n\t\t\t\t\t<div class=\"tis-item-label-container\">\n\t\t\t\t\t\t\t<!--<span class=\"tis-item-handicap\"><img decoding=\"async\" src=\"https:\/\/www.anglet-tourisme.com\/wp-content\/plugins\/tourinsoft-syndication\/assets\/images\/icon-handicap.svg\" title=\"\" alt=\"\" \/><\/span>-->\n\t\t\t\t\t\t\t\t\t<\/div>\n\t\t\t\t\t<\/div>\t\t\n\t<\/a>\n\t<div class=\"tis-item-info\">\n\t\t<span class=\"tis-item-type\"><\/span>\t\t<h3>Anglet Surf Avenue<\/h3>\n\t\t\t\t\t\t\t\t<p>Entre los lugares imprescindibles que visitar, recomendamos encarecidamente la Anglet Surf Avenue, situada en la&hellip;<\/p>\t\t<strong class=\"tis-box-city\">ANGLET<\/strong>\t\t\n\t\t\n\t\t\t\t\t<div class=\"wp-block-button\">\n\t\t\t\t<a href=\"https:\/\/www.anglet-tourisme.com\/es\/en-movimiento-en-anglet\/actividades\/anglet\/PCUAQU064V590W2T-anglet-surf-avenue\/\" class=\"has-black-color has-white-background-color has-text-color has-background has-link-color wp-element-button\"><img decoding=\"async\" src=\"https:\/\/www.anglet-tourisme.com\/wp-content\/themes\/onk-tourisme\/assets\/images\/arrow-right-2.svg\" alt=\"Ver m\u00e1s\" \/><\/a>\n\t\t\t<\/div>\n\t\t\t\t\n\t<\/div>\n<\/article><article class=\"tis-box swiper-slide \">\n\t<a href=\"https:\/\/www.anglet-tourisme.com\/es\/en-movimiento-en-anglet\/actividades\/anglet\/PCUAQU064V5B9DKZ-lhermione-a-anglet\/\">\n\t\t<div class=\"tis-item-cover \">\n\t\t\t\t\t\t<img decoding=\"async\" src=\"https:\/\/cdt64.media.tourinsoft.eu\/upload\/Hermione-Anglet-IMG-9943-2.jpg?width=450\" title=\"L'Hermione \u00e0 Anglet\" alt=\"L'Hermione \u00e0 Anglet\" loading=\"lazy\" \/>\n\t\t\t\t\t<div class=\"tis-item-label-container\">\n\t\t\t\t\t\t\t<!--<span class=\"tis-item-handicap\"><img decoding=\"async\" src=\"https:\/\/www.anglet-tourisme.com\/wp-content\/plugins\/tourinsoft-syndication\/assets\/images\/icon-handicap.svg\" title=\"\" alt=\"\" \/><\/span>-->\n\t\t\t\t\t\t\t\t\t<\/div>\n\t\t\t\t\t\t<div class=\"tis-item-online-booking\">\n\t\t\t\t<span>Reservas en l\u00ednea<\/span>\n\t\t\t<\/div>\n\t\t\t\t\t<\/div>\t\t\n\t<\/a>\n\t<div class=\"tis-item-info\">\n\t\t<span class=\"tis-item-type\"><\/span>\t\t<h3>L&#8217;Hermione \u00e0 Anglet<\/h3>\n\t\t\t\t\t\t\t\t<p>El Hermione hace escala en el puerto de Bayona, en Anglet, para su gran reacondicionamiento&hellip;<\/p>\t\t<strong class=\"tis-box-city\">ANGLET<\/strong>\t\t\n\t\t\n\t\t\t\t\t<div class=\"wp-block-button\">\n\t\t\t\t<a href=\"https:\/\/www.anglet-tourisme.com\/es\/en-movimiento-en-anglet\/actividades\/anglet\/PCUAQU064V5B9DKZ-lhermione-a-anglet\/\" class=\"has-black-color has-white-background-color has-text-color has-background has-link-color wp-element-button\"><img decoding=\"async\" src=\"https:\/\/www.anglet-tourisme.com\/wp-content\/themes\/onk-tourisme\/assets\/images\/arrow-right-2.svg\" alt=\"Ver m\u00e1s\" \/><\/a>\n\t\t\t<\/div>\n\t\t\t\t\n\t<\/div>\n<\/article><article class=\"tis-box swiper-slide \">\n\t<a href=\"https:\/\/www.anglet-tourisme.com\/es\/en-movimiento-en-anglet\/actividades\/anglet\/PCUAQU064V5BAMBY-notre-dame-du-refuge\/\">\n\t\t<div class=\"tis-item-cover \">\n\t\t\t\t\t\t<img decoding=\"async\" src=\"https:\/\/cdt64.media.tourinsoft.eu\/upload\/notre-dame-refuge-anglet-08.jpg?width=450\" title=\"Notre-Dame du Refuge\" alt=\"Notre-Dame du Refuge\" loading=\"lazy\" \/>\n\t\t\t\t\t<div class=\"tis-item-label-container\">\n\t\t\t\t\t\t\t<!--<span class=\"tis-item-handicap\"><img decoding=\"async\" src=\"https:\/\/www.anglet-tourisme.com\/wp-content\/plugins\/tourinsoft-syndication\/assets\/images\/icon-handicap.svg\" title=\"\" alt=\"\" \/><\/span>-->\n\t\t\t\t\t\t\t\t\t<\/div>\n\t\t\t\t\t<\/div>\t\t\n\t<\/a>\n\t<div class=\"tis-item-info\">\n\t\t<span class=\"tis-item-type\"><\/span>\t\t<h3>Notre-Dame du Refuge<\/h3>\n\t\t\t\t\t\t\t\t<p>D\u00e9jese seducir por este original paseo que recorre la vida y la obra del padre&hellip;<\/p>\t\t<strong class=\"tis-box-city\">ANGLET<\/strong>\t\t\n\t\t\n\t\t\t\t\t<div class=\"wp-block-button\">\n\t\t\t\t<a href=\"https:\/\/www.anglet-tourisme.com\/es\/en-movimiento-en-anglet\/actividades\/anglet\/PCUAQU064V5BAMBY-notre-dame-du-refuge\/\" class=\"has-black-color has-white-background-color has-text-color has-background has-link-color wp-element-button\"><img decoding=\"async\" src=\"https:\/\/www.anglet-tourisme.com\/wp-content\/themes\/onk-tourisme\/assets\/images\/arrow-right-2.svg\" alt=\"Ver m\u00e1s\" \/><\/a>\n\t\t\t<\/div>\n\t\t\t\t\n\t<\/div>\n<\/article><article class=\"tis-box swiper-slide \">\n\t<a href=\"https:\/\/www.anglet-tourisme.com\/es\/en-movimiento-en-anglet\/actividades\/anglet\/PCUAQU064V5BBXJJ-coutellerie-basque-talaia\/\">\n\t\t<div class=\"tis-item-cover \">\n\t\t\t\t\t\t<img decoding=\"async\" src=\"https:\/\/cdt64.media.tourinsoft.eu\/upload\/TALAIA-coutellerie--basque-artisanale-anglet-pays-basque-1.jpg?width=450\" title=\"Coutellerie basque Talaia\" alt=\"Coutellerie basque Talaia\" loading=\"lazy\" \/>\n\t\t\t\t\t<div class=\"tis-item-label-container\">\n\t\t\t\t\t\t\t<!--<span class=\"tis-item-handicap\"><img decoding=\"async\" src=\"https:\/\/www.anglet-tourisme.com\/wp-content\/plugins\/tourinsoft-syndication\/assets\/images\/icon-handicap.svg\" title=\"\" alt=\"\" \/><\/span>-->\n\t\t\t\t\t\t\t\t\t<\/div>\n\t\t\t\t\t\t<div class=\"tis-item-online-booking\">\n\t\t\t\t<span>Reservas en l\u00ednea<\/span>\n\t\t\t<\/div>\n\t\t\t\t\t<\/div>\t\t\n\t<\/a>\n\t<div class=\"tis-item-info\">\n\t\t<span class=\"tis-item-type\"><\/span>\t\t<h3>Coutellerie basque Talaia<\/h3>\n\t\t\t\t\t\t\t\t<p>En su taller-tienda situado en el barrio de Montbrun, el apasionado artesano Eric Burel-Etchegoin crea&hellip;<\/p>\t\t<strong class=\"tis-box-city\">ANGLET<\/strong>\t\t\n\t\t\n\t\t\t\t\t<div class=\"wp-block-button\">\n\t\t\t\t<a href=\"https:\/\/www.anglet-tourisme.com\/es\/en-movimiento-en-anglet\/actividades\/anglet\/PCUAQU064V5BBXJJ-coutellerie-basque-talaia\/\" class=\"has-black-color has-white-background-color has-text-color has-background has-link-color wp-element-button\"><img decoding=\"async\" src=\"https:\/\/www.anglet-tourisme.com\/wp-content\/themes\/onk-tourisme\/assets\/images\/arrow-right-2.svg\" alt=\"Ver m\u00e1s\" \/><\/a>\n\t\t\t<\/div>\n\t\t\t\t\n\t<\/div>\n<\/article><\/div><\/div><div class=\"swiper-button-prev prev-ts-block-66390544d64d3\"><\/div><div class=\"swiper-button-next next-ts-block-66390544d64d3\"><\/div><\/div><\/div>\n<\/div><\/section>\n","protected":false},"excerpt":{"rendered":"<p>Si buscas aventuras, \u00bfpor qu\u00e9 no hacer una excursi\u00f3n mar\u00edtima desde Anglet? Explora la emblem\u00e1tica Costa Vasca o navega por el r\u00edo Adour con estas excursiones en barco. Admira el espectacular paisaje: peque\u00f1os puertos deportivos, calas escondidas, formaciones rocosas \u00fanicas e impresionantes acantilados con los Pirineos de fondo. Si tienes [&hellip;]<\/p>\n","protected":false},"author":1,"featured_media":19957,"parent":11987,"menu_order":0,"comment_status":"closed","ping_status":"closed","template":"","meta":{"_acf_changed":false,"_seopress_robots_primary_cat":"","_seopress_titles_title":"Excursi\u00f3n en barco en Anglet: organiza tu excursi\u00f3n en barco en Anglet","_seopress_titles_desc":"Planifica tu salida al mar en Anglet: excursiones en barco, pesca en alta mar, paseos en yate.\r\n\u00a1Disfruta de las aguas azules del oc\u00e9ano!","_seopress_robots_index":"","footnotes":""},"class_list":["post-11981","page","type-page","status-publish","has-post-thumbnail"],"acf":[],"_links":{"self":[{"href":"https:\/\/www.anglet-tourisme.com\/es\/wp-json\/wp\/v2\/pages\/11981","targetHints":{"allow":["GET"]}}],"collection":[{"href":"https:\/\/www.anglet-tourisme.com\/es\/wp-json\/wp\/v2\/pages"}],"about":[{"href":"https:\/\/www.anglet-tourisme.com\/es\/wp-json\/wp\/v2\/types\/page"}],"author":[{"embeddable":true,"href":"https:\/\/www.anglet-tourisme.com\/es\/wp-json\/wp\/v2\/users\/1"}],"replies":[{"embeddable":true,"href":"https:\/\/www.anglet-tourisme.com\/es\/wp-json\/wp\/v2\/comments?post=11981"}],"version-history":[{"count":3,"href":"https:\/\/www.anglet-tourisme.com\/es\/wp-json\/wp\/v2\/pages\/11981\/revisions"}],"predecessor-version":[{"id":20840,"href":"https:\/\/www.anglet-tourisme.com\/es\/wp-json\/wp\/v2\/pages\/11981\/revisions\/20840"}],"up":[{"embeddable":true,"href":"https:\/\/www.anglet-tourisme.com\/es\/wp-json\/wp\/v2\/pages\/11987"}],"wp:featuredmedia":[{"embeddable":true,"href":"https:\/\/www.anglet-tourisme.com\/es\/wp-json\/wp\/v2\/media\/19957"}],"wp:attachment":[{"href":"https:\/\/www.anglet-tourisme.com\/es\/wp-json\/wp\/v2\/media?parent=11981"}],"curies":[{"name":"wp","href":"https:\/\/api.w.org\/{rel}","templated":true}]}}