{"id":12058,"date":"2024-08-06T10:49:37","date_gmt":"2024-08-06T08:49:37","guid":{"rendered":"https:\/\/www.anglet-tourisme.com\/saber-hacer\/conocimientos-horticolas-y-agricolas\/jardibasque-ecopastoreo\/"},"modified":"2024-10-09T18:11:56","modified_gmt":"2024-10-09T16:11:56","slug":"jardibasque-ecopastoreo","status":"publish","type":"page","link":"https:\/\/www.anglet-tourisme.com\/es\/saber-hacer\/conocimientos-horticolas-y-agricolas\/jardibasque-ecopastoreo\/","title":{"rendered":"Jardibasque ecopastoreo"},"content":{"rendered":"\n<div class=\"wp-block-group\"><div class=\"wp-block-group__inner-container is-layout-constrained wp-block-group-is-layout-constrained\">\n<div class=\"wp-block-columns is-layout-flex wp-container-core-columns-is-layout-9d6595d7 wp-block-columns-is-layout-flex\">\n<div class=\"wp-block-column is-vertically-aligned-top is-layout-flow wp-block-column-is-layout-flow\">\n<figure class=\"wp-block-gallery has-nested-images columns-2 is-cropped wp-block-gallery-1 is-layout-flex wp-block-gallery-is-layout-flex\">\n<figure data-wp-context=\"{&quot;imageId&quot;:&quot;69f10f6649f4c&quot;}\" data-wp-interactive=\"core\/image\" data-wp-key=\"69f10f6649f4c\" class=\"wp-block-image size-large wp-lightbox-container\"><img loading=\"lazy\" decoding=\"async\" width=\"1024\" height=\"683\" data-wp-class--hide=\"state.isContentHidden\" data-wp-class--show=\"state.isContentVisible\" data-wp-init=\"callbacks.setButtonStyles\" data-wp-on--click=\"actions.showLightbox\" data-wp-on--load=\"callbacks.setButtonStyles\" data-wp-on-window--resize=\"callbacks.setButtonStyles\" data-id=\"5474\" src=\"https:\/\/www.anglet-tourisme.com\/wp-content\/uploads\/2024\/06\/Les-Jardins-du-Refuge-I-Love-Anglet_RIB0009_\u00a9RiBLANC-1024x683.jpg\" alt=\"\" class=\"wp-image-5474\" srcset=\"https:\/\/www.anglet-tourisme.com\/wp-content\/uploads\/2024\/06\/Les-Jardins-du-Refuge-I-Love-Anglet_RIB0009_\u00a9RiBLANC-1024x683.jpg 1024w, https:\/\/www.anglet-tourisme.com\/wp-content\/uploads\/2024\/06\/Les-Jardins-du-Refuge-I-Love-Anglet_RIB0009_\u00a9RiBLANC-800x534.jpg 800w, https:\/\/www.anglet-tourisme.com\/wp-content\/uploads\/2024\/06\/Les-Jardins-du-Refuge-I-Love-Anglet_RIB0009_\u00a9RiBLANC-768x512.jpg 768w, https:\/\/www.anglet-tourisme.com\/wp-content\/uploads\/2024\/06\/Les-Jardins-du-Refuge-I-Love-Anglet_RIB0009_\u00a9RiBLANC-1536x1025.jpg 1536w, https:\/\/www.anglet-tourisme.com\/wp-content\/uploads\/2024\/06\/Les-Jardins-du-Refuge-I-Love-Anglet_RIB0009_\u00a9RiBLANC.jpg 2000w\" sizes=\"auto, (max-width: 1024px) 100vw, 1024px\" \/><button\n\t\t\tclass=\"lightbox-trigger\"\n\t\t\ttype=\"button\"\n\t\t\taria-haspopup=\"dialog\"\n\t\t\taria-label=\"Agrandar\"\n\t\t\tdata-wp-init=\"callbacks.initTriggerButton\"\n\t\t\tdata-wp-on--click=\"actions.showLightbox\"\n\t\t\tdata-wp-style--right=\"state.imageButtonRight\"\n\t\t\tdata-wp-style--top=\"state.imageButtonTop\"\n\t\t>\n\t\t\t<svg xmlns=\"http:\/\/www.w3.org\/2000\/svg\" width=\"12\" height=\"12\" fill=\"none\" viewBox=\"0 0 12 12\">\n\t\t\t\t<path fill=\"#fff\" d=\"M2 0a2 2 0 0 0-2 2v2h1.5V2a.5.5 0 0 1 .5-.5h2V0H2Zm2 10.5H2a.5.5 0 0 1-.5-.5V8H0v2a2 2 0 0 0 2 2h2v-1.5ZM8 12v-1.5h2a.5.5 0 0 0 .5-.5V8H12v2a2 2 0 0 1-2 2H8Zm2-12a2 2 0 0 1 2 2v2h-1.5V2a.5.5 0 0 0-.5-.5H8V0h2Z\" \/>\n\t\t\t<\/svg>\n\t\t<\/button><\/figure>\n\n\n\n<figure data-wp-context=\"{&quot;imageId&quot;:&quot;69f10f664a5f4&quot;}\" data-wp-interactive=\"core\/image\" data-wp-key=\"69f10f664a5f4\" class=\"wp-block-image size-large wp-lightbox-container\"><img loading=\"lazy\" decoding=\"async\" width=\"1024\" height=\"682\" data-wp-class--hide=\"state.isContentHidden\" data-wp-class--show=\"state.isContentVisible\" data-wp-init=\"callbacks.setButtonStyles\" data-wp-on--click=\"actions.showLightbox\" data-wp-on--load=\"callbacks.setButtonStyles\" data-wp-on-window--resize=\"callbacks.setButtonStyles\" data-id=\"9049\" src=\"https:\/\/www.anglet-tourisme.com\/wp-content\/uploads\/2024\/08\/jardibasque-03-1024x682.jpg\" alt=\"\" class=\"wp-image-9049\" srcset=\"https:\/\/www.anglet-tourisme.com\/wp-content\/uploads\/2024\/08\/jardibasque-03-1024x682.jpg 1024w, https:\/\/www.anglet-tourisme.com\/wp-content\/uploads\/2024\/08\/jardibasque-03-800x533.jpg 800w, https:\/\/www.anglet-tourisme.com\/wp-content\/uploads\/2024\/08\/jardibasque-03-768x512.jpg 768w, https:\/\/www.anglet-tourisme.com\/wp-content\/uploads\/2024\/08\/jardibasque-03-1536x1024.jpg 1536w, https:\/\/www.anglet-tourisme.com\/wp-content\/uploads\/2024\/08\/jardibasque-03.jpg 2000w\" sizes=\"auto, (max-width: 1024px) 100vw, 1024px\" \/><button\n\t\t\tclass=\"lightbox-trigger\"\n\t\t\ttype=\"button\"\n\t\t\taria-haspopup=\"dialog\"\n\t\t\taria-label=\"Agrandar\"\n\t\t\tdata-wp-init=\"callbacks.initTriggerButton\"\n\t\t\tdata-wp-on--click=\"actions.showLightbox\"\n\t\t\tdata-wp-style--right=\"state.imageButtonRight\"\n\t\t\tdata-wp-style--top=\"state.imageButtonTop\"\n\t\t>\n\t\t\t<svg xmlns=\"http:\/\/www.w3.org\/2000\/svg\" width=\"12\" height=\"12\" fill=\"none\" viewBox=\"0 0 12 12\">\n\t\t\t\t<path fill=\"#fff\" d=\"M2 0a2 2 0 0 0-2 2v2h1.5V2a.5.5 0 0 1 .5-.5h2V0H2Zm2 10.5H2a.5.5 0 0 1-.5-.5V8H0v2a2 2 0 0 0 2 2h2v-1.5ZM8 12v-1.5h2a.5.5 0 0 0 .5-.5V8H12v2a2 2 0 0 1-2 2H8Zm2-12a2 2 0 0 1 2 2v2h-1.5V2a.5.5 0 0 0-.5-.5H8V0h2Z\" \/>\n\t\t\t<\/svg>\n\t\t<\/button><\/figure>\n\n\n\n<figure data-wp-context=\"{&quot;imageId&quot;:&quot;69f10f664ab7d&quot;}\" data-wp-interactive=\"core\/image\" data-wp-key=\"69f10f664ab7d\" class=\"wp-block-image size-large wp-lightbox-container\"><img loading=\"lazy\" decoding=\"async\" width=\"1024\" height=\"682\" data-wp-class--hide=\"state.isContentHidden\" data-wp-class--show=\"state.isContentVisible\" data-wp-init=\"callbacks.setButtonStyles\" data-wp-on--click=\"actions.showLightbox\" data-wp-on--load=\"callbacks.setButtonStyles\" data-wp-on-window--resize=\"callbacks.setButtonStyles\" data-id=\"9052\" src=\"https:\/\/www.anglet-tourisme.com\/wp-content\/uploads\/2024\/08\/jardibasque-01-1024x682.jpg\" alt=\"\" class=\"wp-image-9052\" srcset=\"https:\/\/www.anglet-tourisme.com\/wp-content\/uploads\/2024\/08\/jardibasque-01-1024x682.jpg 1024w, https:\/\/www.anglet-tourisme.com\/wp-content\/uploads\/2024\/08\/jardibasque-01-800x533.jpg 800w, https:\/\/www.anglet-tourisme.com\/wp-content\/uploads\/2024\/08\/jardibasque-01-768x512.jpg 768w, https:\/\/www.anglet-tourisme.com\/wp-content\/uploads\/2024\/08\/jardibasque-01-1536x1024.jpg 1536w, https:\/\/www.anglet-tourisme.com\/wp-content\/uploads\/2024\/08\/jardibasque-01.jpg 2000w\" sizes=\"auto, (max-width: 1024px) 100vw, 1024px\" \/><button\n\t\t\tclass=\"lightbox-trigger\"\n\t\t\ttype=\"button\"\n\t\t\taria-haspopup=\"dialog\"\n\t\t\taria-label=\"Agrandar\"\n\t\t\tdata-wp-init=\"callbacks.initTriggerButton\"\n\t\t\tdata-wp-on--click=\"actions.showLightbox\"\n\t\t\tdata-wp-style--right=\"state.imageButtonRight\"\n\t\t\tdata-wp-style--top=\"state.imageButtonTop\"\n\t\t>\n\t\t\t<svg xmlns=\"http:\/\/www.w3.org\/2000\/svg\" width=\"12\" height=\"12\" fill=\"none\" viewBox=\"0 0 12 12\">\n\t\t\t\t<path fill=\"#fff\" d=\"M2 0a2 2 0 0 0-2 2v2h1.5V2a.5.5 0 0 1 .5-.5h2V0H2Zm2 10.5H2a.5.5 0 0 1-.5-.5V8H0v2a2 2 0 0 0 2 2h2v-1.5ZM8 12v-1.5h2a.5.5 0 0 0 .5-.5V8H12v2a2 2 0 0 1-2 2H8Zm2-12a2 2 0 0 1 2 2v2h-1.5V2a.5.5 0 0 0-.5-.5H8V0h2Z\" \/>\n\t\t\t<\/svg>\n\t\t<\/button><\/figure>\n<\/figure>\n<\/div>\n\n\n\n<div class=\"wp-block-column is-vertically-aligned-top is-layout-flow wp-block-column-is-layout-flow\">\n<h2 class=\"wp-block-heading\"><strong>Un pastor sin tierra en Anglet<\/strong><\/h2>\n\n\n\n<p>\u00bfConoces a<strong> Ramuntxo Clausell,<\/strong> el \u00faltimo <strong>pastor sin tierra de Anglet<\/strong>?\nContin\u00faa esta tradici\u00f3n ancestral con sus hijos, Oihan y Naia.\nBajo la atenta mirada de sus fieles guardianes, Luna (border collie), Lilou (pastor vasco) y Bella (mast\u00edn de los Pirineos), Ramuntxo utiliza <strong>el pastoreo ecol\u00f3gico<\/strong> para mantener las tierras de particulares y profesionales a lo largo de la costa vasca.\nSu reba\u00f1o incluye <strong>ovejas Manech de cabeza negra<\/strong>, <strong>xaxi ardi<\/strong>, <strong>cabras pirenaicas<\/strong>, burros y pottok.   <\/p>\n\n\n\n<p>En invierno, las cuida en su <strong>aprisco desmontable<\/strong> del barrio de Maignon, en Anglet.\nTambi\u00e9n espera lanzar alg\u00fan d\u00eda su propio queso de leche de oveja, un sue\u00f1o que comparte con Oihan.\nContinuaci\u00f3n  <\/p>\n\n\n\n<div style=\"height:40px\" aria-hidden=\"true\" class=\"wp-block-spacer\"><\/div>\n\n\n\n<h2 class=\"wp-block-heading\"><strong>Ecopastos y biodiversidad: un impacto positivo<\/strong><\/h2>\n\n\n\n<p>\u00abLa llegada de las ovejas de Ramuntxo ha tenido un efecto beneficioso sobre la biodiversidad. Gracias al pastoreo ecol\u00f3gico, las aves est\u00e1n volviendo a nuestra tierra. Los excrementos de los animales enriquecen el suelo, favorecen la aparici\u00f3n de insectos y atraen a las aves. Este m\u00e9todo ecol\u00f3gico de mantenimiento sustituye a los tractores y al gas\u00f3leo, en armon\u00eda con el esp\u00edritu de los Jardines del Refugio\u00bb, afirma Thierry Bandiera, responsable de los servicios generales de la congregaci\u00f3n de los Siervos de Mar\u00eda.<\/p>\n<\/div>\n<\/div>\n<\/div><\/div>\n\n\n\n<div style=\"height:80px\" aria-hidden=\"true\" class=\"wp-block-spacer\"><\/div>\n\n\n\n<div class=\"wp-block-group\"><div class=\"wp-block-group__inner-container is-layout-constrained wp-block-group-is-layout-constrained\">\n<div class=\"wp-block-columns is-layout-flex wp-container-core-columns-is-layout-9d6595d7 wp-block-columns-is-layout-flex\">\n<div class=\"wp-block-column is-layout-flow wp-block-column-is-layout-flow\" style=\"flex-basis:100%\">\n<div class=\"wp-block-cover is-light alert\" style=\"min-height:107px;aspect-ratio:unset;\"><span aria-hidden=\"true\" class=\"wp-block-cover__background has-white-background-color has-background-dim-100 has-background-dim\"><\/span><div class=\"wp-block-cover__inner-container is-layout-constrained wp-block-cover-is-layout-constrained\">\n<div class=\"wp-block-group is-nowrap is-layout-flex wp-container-core-group-is-layout-ad2f72ca wp-block-group-is-layout-flex\"><div class=\"wp-block-image\">\n<figure class=\"alignleft size-full is-resized\"><img loading=\"lazy\" decoding=\"async\" width=\"431\" height=\"415\" src=\"https:\/\/www.anglet-tourisme.com\/wp-content\/uploads\/2024\/05\/Anglet-Cote-Basque-PICTOS-V2_page-0001-1.jpg\" alt=\"\" class=\"wp-image-2472\" style=\"aspect-ratio:1;object-fit:cover;width:67px;height:auto\"\/><\/figure>\n<\/div>\n\n\n<h3 class=\"wp-block-heading has-text-align-left has-blue-color has-text-color has-small-font-size\"><strong>TRADICIONES VASCAS<\/strong><\/h3>\n<\/div>\n\n\n\n<p><strong>Conoce a Ramuntxo en el ritual de Olentzero<\/strong><\/p>\n\n\n\n<p>Tambi\u00e9n puedes encontrarte con Ramuntxo y sus animales en el ritual vasco de <strong>Olentzero<\/strong>, en diciembre, organizado por Kimua Ikastola. Junto a jinetes, dantzaris Angeluarrak, cantantes Ibaialde y cientos de ni\u00f1os Angloy vestidos con trajes tradicionales, Ramuntxo participa en esta fiesta emblem\u00e1tica.<\/p>\n\n\n\n<p>Consulta nuestro <strong><a href=\"https:\/\/www.anglet-tourisme.com\/es\/diario\/\">calendario<\/a><\/strong> \u00a1para no perderte esta jornada festiva!<\/p>\n\n\n\n<div style=\"height:40px\" aria-hidden=\"true\" class=\"wp-block-spacer\"><\/div>\n<\/div><\/div>\n<\/div>\n<\/div>\n<\/div><\/div>\n","protected":false},"excerpt":{"rendered":"<p>Un pastor sin tierra en Anglet \u00bfConoces a Ramuntxo Clausell, el \u00faltimo pastor sin tierra de Anglet? Contin\u00faa esta tradici\u00f3n ancestral con sus hijos, Oihan y Naia. Bajo la atenta mirada de sus fieles guardianes, Luna (border collie), Lilou (pastor vasco) y Bella (mast\u00edn de los Pirineos), Ramuntxo utiliza el [&hellip;]<\/p>\n","protected":false},"author":5,"featured_media":9048,"parent":12048,"menu_order":0,"comment_status":"closed","ping_status":"closed","template":"","meta":{"_acf_changed":false,"_seopress_robots_primary_cat":"","_seopress_titles_title":"","_seopress_titles_desc":"","_seopress_robots_index":"","footnotes":""},"class_list":["post-12058","page","type-page","status-publish","has-post-thumbnail"],"acf":[],"_links":{"self":[{"href":"https:\/\/www.anglet-tourisme.com\/es\/wp-json\/wp\/v2\/pages\/12058","targetHints":{"allow":["GET"]}}],"collection":[{"href":"https:\/\/www.anglet-tourisme.com\/es\/wp-json\/wp\/v2\/pages"}],"about":[{"href":"https:\/\/www.anglet-tourisme.com\/es\/wp-json\/wp\/v2\/types\/page"}],"author":[{"embeddable":true,"href":"https:\/\/www.anglet-tourisme.com\/es\/wp-json\/wp\/v2\/users\/5"}],"replies":[{"embeddable":true,"href":"https:\/\/www.anglet-tourisme.com\/es\/wp-json\/wp\/v2\/comments?post=12058"}],"version-history":[{"count":0,"href":"https:\/\/www.anglet-tourisme.com\/es\/wp-json\/wp\/v2\/pages\/12058\/revisions"}],"up":[{"embeddable":true,"href":"https:\/\/www.anglet-tourisme.com\/es\/wp-json\/wp\/v2\/pages\/12048"}],"wp:featuredmedia":[{"embeddable":true,"href":"https:\/\/www.anglet-tourisme.com\/es\/wp-json\/wp\/v2\/media\/9048"}],"wp:attachment":[{"href":"https:\/\/www.anglet-tourisme.com\/es\/wp-json\/wp\/v2\/media?parent=12058"}],"curies":[{"name":"wp","href":"https:\/\/api.w.org\/{rel}","templated":true}]}}