{"id":12060,"date":"2024-04-30T15:42:44","date_gmt":"2024-04-30T13:42:44","guid":{"rendered":"https:\/\/www.anglet-tourisme.com\/saber-hacer\/artistas-y-disenadores-locales\/"},"modified":"2025-12-01T16:05:46","modified_gmt":"2025-12-01T15:05:46","slug":"artistas-y-disenadores-locales","status":"publish","type":"page","link":"https:\/\/www.anglet-tourisme.com\/es\/saber-hacer\/artistas-y-disenadores-locales\/","title":{"rendered":"Artistas y dise\u00f1adores locales"},"content":{"rendered":"\n<div class=\"wp-block-columns is-layout-flex wp-container-core-columns-is-layout-9d6595d7 wp-block-columns-is-layout-flex\">\n<div class=\"wp-block-column is-layout-flow wp-block-column-is-layout-flow\" style=\"flex-basis:33.33%\"><div class=\"highlight-bloc-container \" id=\"ts-block-65368af54ee28\"  >\n\t<div class=\"highlight-bloc-content\">\n\t\t<div class=\"acf-innerblocks-container\">\n\n<h1 class=\"wp-block-heading suptitle\">Artistas y dise\u00f1adores locales<\/h1>\n\n<\/div>\t<\/div>\n<\/div>\n<\/div>\n\n\n\n<div class=\"wp-block-column is-layout-flow wp-block-column-is-layout-flow\" style=\"flex-basis:66.66%\">\n<p>Anglet, en la Costa Vasca, rebosa <strong>talento art\u00edstico y creativo \u00fanico<\/strong> repartido por sus diferentes barrios.<\/p>\n\n\n\n<p>Ya se trate del artista pl\u00e1stico <strong>Fabien Cayer\u00e9, que<\/strong> trabaja en su estudio<strong>,<\/strong> o de los artesanos de la <strong>Maison Zabaldu, <\/strong>estos creadores merecen una atenci\u00f3n especial.<\/p>\n\n\n\n<p>Descubre aut\u00e9nticas pepitas de oro: <strong>ceramistas, dise\u00f1adores, escultores, artistas pl\u00e1sticos, abajuristas, joyeros, tejedores, costureras<\/strong> y mucho m\u00e1s.\nEstos artistas aportan su toque personal a diversos campos: moda, dise\u00f1o de interiores, vajillas, textiles, accesorios&#8230; <\/p>\n\n\n\n<p>Con una marcada tendencia hacia la <strong>artesan\u00eda local y el <em>Made in France<\/em>,<\/strong> sum\u00e9rgete en <strong>la autenticidad del <em>Made in Pays Basque<\/em><\/strong> y el <strong><em>Made in Anglet<\/em>.<\/strong><\/p>\n\n\n\n<p>Puedes encontrar a algunos de estos dise\u00f1adores y sus creaciones en las tiendas de Anglet C\u00f4te Basque de la Oficina de Turismo y Ocio de Anglet: <strong>Little Anana, Agap\u00e9 C\u00e9ramiques, Baleak<\/strong>&#8230;<\/p>\n\n\n\n<p>\u00a1Apoyemos a estos apasionados artesanos!<\/p>\n<\/div>\n<\/div>\n\n\n\n<div style=\"height:80px\" aria-hidden=\"true\" class=\"wp-block-spacer\"><\/div>\n\n\n\n<div class=\"wp-block-group alignwide\"><div class=\"wp-block-group__inner-container is-layout-constrained wp-block-group-is-layout-constrained\">\n<section class=\"wp-block-group alignwide has-orange-light-background-color has-background\"><div class=\"wp-block-group__inner-container is-layout-constrained wp-block-group-is-layout-constrained\">\n<div class=\"wp-block-columns is-layout-flex wp-container-core-columns-is-layout-9d6595d7 wp-block-columns-is-layout-flex\">\n<div class=\"wp-block-column is-layout-flow wp-block-column-is-layout-flow\" style=\"flex-basis:50%\"><div class=\"banner-container  text-shadow with-overlay btn-hover img-zoom\" id=\"ts-block-6629264d16ec8\"  >\n\t\t<a href=\"\/es\/en-movimiento-en-anglet\/actividades\/anglet\/PCUAQU064V5BXZ19-la-maison-zabaldu\/\" target=\"\">\n\t\t\t<div class=\"banner-content\">\n\n<div class=\"wp-block-cover has-custom-content-position is-position-top-left\" style=\"min-height:351px;aspect-ratio:unset;\"><img loading=\"lazy\" decoding=\"async\" width=\"1000\" height=\"667\" class=\"wp-block-cover__image-background wp-image-8187\" alt=\"\" src=\"https:\/\/www.anglet-tourisme.com\/wp-content\/uploads\/2024\/07\/maison-zabaldu-anglet.jpg\" data-object-fit=\"cover\" srcset=\"https:\/\/www.anglet-tourisme.com\/wp-content\/uploads\/2024\/07\/maison-zabaldu-anglet.jpg 1000w, https:\/\/www.anglet-tourisme.com\/wp-content\/uploads\/2024\/07\/maison-zabaldu-anglet-800x534.jpg 800w, https:\/\/www.anglet-tourisme.com\/wp-content\/uploads\/2024\/07\/maison-zabaldu-anglet-768x512.jpg 768w\" sizes=\"auto, (max-width: 1000px) 100vw, 1000px\" \/><span aria-hidden=\"true\" class=\"wp-block-cover__background has-background-dim\"><\/span><div class=\"wp-block-cover__inner-container is-layout-flow wp-block-cover-is-layout-flow\">\n<h3 class=\"wp-block-heading has-white-color has-text-color has-link-color wp-elements-5774a8d215ca5c998c5e819239808608\">Casa Zabaldu<\/h3>\n<\/div><\/div>\n\n<\/div>\t\t\t\t\t<div class=\"wp-block-button is-style-outline\">\n\t\t\t<button class=\"wp-block-button__link\">Descubre<\/button>\n\t\t<\/div>\n\t\t\t<\/a>\n\t\t<\/div>\n<\/div>\n\n\n\n<div class=\"wp-block-column is-layout-flow wp-block-column-is-layout-flow\" style=\"flex-basis:50%\"><div class=\"banner-container  text-shadow with-overlay btn-hover img-zoom\" id=\"ts-block-6629264d16ec8\"  >\n\t\t<a href=\"\/es\/en-movimiento-en-anglet\/actividades\/anglet\/ASCAQU064V5BKS2W-atelier-little-anana-design-mobilier-artisanal-et-fabrication-de-planches-de-surf\/\" target=\"\">\n\t\t\t<div class=\"banner-content\">\n\n<div class=\"wp-block-cover has-custom-content-position is-position-top-left\" style=\"min-height:351px;aspect-ratio:unset;\"><img loading=\"lazy\" decoding=\"async\" width=\"2048\" height=\"1366\" class=\"wp-block-cover__image-background wp-image-5157\" alt=\"\" src=\"https:\/\/www.anglet-tourisme.com\/wp-content\/uploads\/2024\/05\/Little-Anana-Anglet__RIB5247_\u00a9RiBLANC-scaled.jpg\" data-object-fit=\"cover\" srcset=\"https:\/\/www.anglet-tourisme.com\/wp-content\/uploads\/2024\/05\/Little-Anana-Anglet__RIB5247_\u00a9RiBLANC-scaled.jpg 2048w, https:\/\/www.anglet-tourisme.com\/wp-content\/uploads\/2024\/05\/Little-Anana-Anglet__RIB5247_\u00a9RiBLANC-800x534.jpg 800w, https:\/\/www.anglet-tourisme.com\/wp-content\/uploads\/2024\/05\/Little-Anana-Anglet__RIB5247_\u00a9RiBLANC-1024x683.jpg 1024w, https:\/\/www.anglet-tourisme.com\/wp-content\/uploads\/2024\/05\/Little-Anana-Anglet__RIB5247_\u00a9RiBLANC-768x512.jpg 768w, https:\/\/www.anglet-tourisme.com\/wp-content\/uploads\/2024\/05\/Little-Anana-Anglet__RIB5247_\u00a9RiBLANC-1536x1025.jpg 1536w\" sizes=\"auto, (max-width: 2048px) 100vw, 2048px\" \/><span aria-hidden=\"true\" class=\"wp-block-cover__background has-background-dim\"><\/span><div class=\"wp-block-cover__inner-container is-layout-flow wp-block-cover-is-layout-flow\">\n<h3 class=\"wp-block-heading has-white-color has-text-color has-link-color wp-elements-0a1c7110cd29176cf67efba09b7d220d\">Little Anana<\/h3>\n<\/div><\/div>\n\n<\/div>\t\t\t\t\t<div class=\"wp-block-button is-style-outline\">\n\t\t\t<button class=\"wp-block-button__link\">Descubre<\/button>\n\t\t<\/div>\n\t\t\t<\/a>\n\t\t<\/div>\n<\/div>\n<\/div>\n<\/div><\/section>\n<\/div><\/div>\n\n\n\n<div class=\"wp-block-group alignwide\"><div class=\"wp-block-group__inner-container is-layout-constrained wp-block-group-is-layout-constrained\">\n<section class=\"wp-block-group alignwide has-orange-light-background-color has-background\"><div class=\"wp-block-group__inner-container is-layout-constrained wp-block-group-is-layout-constrained\">\n<div class=\"wp-block-columns is-layout-flex wp-container-core-columns-is-layout-9d6595d7 wp-block-columns-is-layout-flex\">\n<div class=\"wp-block-column is-layout-flow wp-block-column-is-layout-flow\" style=\"flex-basis:50%\"><div class=\"banner-container  text-shadow with-overlay btn-hover img-zoom\" id=\"ts-block-6629264d16ec8\"  >\n\t\t<a href=\"\/es\/en-movimiento-en-anglet\/actividades\/anglet\/ASCAQU064V5C10NV-leomih-ceramique\/\" target=\"\">\n\t\t\t<div class=\"banner-content\">\n\n<div class=\"wp-block-cover has-custom-content-position is-position-top-left\" style=\"min-height:351px;aspect-ratio:unset;\"><img loading=\"lazy\" decoding=\"async\" width=\"1365\" height=\"2048\" class=\"wp-block-cover__image-background wp-image-13110\" alt=\"\" src=\"https:\/\/www.anglet-tourisme.com\/wp-content\/uploads\/2024\/10\/p1060079-scaled.jpg\" data-object-fit=\"cover\" srcset=\"https:\/\/www.anglet-tourisme.com\/wp-content\/uploads\/2024\/10\/p1060079-scaled.jpg 1365w, https:\/\/www.anglet-tourisme.com\/wp-content\/uploads\/2024\/10\/p1060079-400x600.jpg 400w, https:\/\/www.anglet-tourisme.com\/wp-content\/uploads\/2024\/10\/p1060079-683x1024.jpg 683w, https:\/\/www.anglet-tourisme.com\/wp-content\/uploads\/2024\/10\/p1060079-100x150.jpg 100w, https:\/\/www.anglet-tourisme.com\/wp-content\/uploads\/2024\/10\/p1060079-768x1152.jpg 768w, https:\/\/www.anglet-tourisme.com\/wp-content\/uploads\/2024\/10\/p1060079-1024x1536.jpg 1024w\" sizes=\"auto, (max-width: 1365px) 100vw, 1365px\" \/><span aria-hidden=\"true\" class=\"wp-block-cover__background has-background-dim\"><\/span><div class=\"wp-block-cover__inner-container is-layout-flow wp-block-cover-is-layout-flow\">\n<h3 class=\"wp-block-heading has-white-color has-text-color has-link-color wp-elements-8f494d73c6ee75104404983c6dbf54f0\">L\u00e9omih Cer\u00e1mica<\/h3>\n<\/div><\/div>\n\n<\/div>\t\t\t\t\t<div class=\"wp-block-button is-style-outline\">\n\t\t\t<button class=\"wp-block-button__link\">Descubre<\/button>\n\t\t<\/div>\n\t\t\t<\/a>\n\t\t<\/div>\n<\/div>\n\n\n\n<div class=\"wp-block-column is-layout-flow wp-block-column-is-layout-flow\" style=\"flex-basis:50%\"><div class=\"banner-container  text-shadow with-overlay btn-hover img-zoom\" id=\"ts-block-6629264d16ec8\"  >\n\t\t<a href=\"\/es\/en-movimiento-en-anglet\/actividades\/anglet\/PCUAQU064V5BTE7I-agape-ceramiques\/\" target=\"\">\n\t\t\t<div class=\"banner-content\">\n\n<div class=\"wp-block-cover has-custom-content-position is-position-top-left\" style=\"min-height:351px;aspect-ratio:unset;\"><img loading=\"lazy\" decoding=\"async\" width=\"1125\" height=\"915\" class=\"wp-block-cover__image-background wp-image-8183\" alt=\"\" src=\"https:\/\/www.anglet-tourisme.com\/wp-content\/uploads\/2024\/07\/agape-ceramiques-anglet.jpg\" data-object-fit=\"cover\" srcset=\"https:\/\/www.anglet-tourisme.com\/wp-content\/uploads\/2024\/07\/agape-ceramiques-anglet.jpg 1125w, https:\/\/www.anglet-tourisme.com\/wp-content\/uploads\/2024\/07\/agape-ceramiques-anglet-738x600.jpg 738w, https:\/\/www.anglet-tourisme.com\/wp-content\/uploads\/2024\/07\/agape-ceramiques-anglet-1024x833.jpg 1024w, https:\/\/www.anglet-tourisme.com\/wp-content\/uploads\/2024\/07\/agape-ceramiques-anglet-768x625.jpg 768w\" sizes=\"auto, (max-width: 1125px) 100vw, 1125px\" \/><span aria-hidden=\"true\" class=\"wp-block-cover__background has-background-dim\"><\/span><div class=\"wp-block-cover__inner-container is-layout-flow wp-block-cover-is-layout-flow\">\n<h3 class=\"wp-block-heading has-white-color has-text-color has-link-color wp-elements-cb87c5addc98881adae44f97fa76e399\">Cer\u00e1mica Agap\u00e9<\/h3>\n<\/div><\/div>\n\n<\/div>\t\t\t\t\t<div class=\"wp-block-button is-style-outline\">\n\t\t\t<button class=\"wp-block-button__link\">Descubre<\/button>\n\t\t<\/div>\n\t\t\t<\/a>\n\t\t<\/div>\n<\/div>\n<\/div>\n\n\n\n<div class=\"wp-block-columns is-layout-flex wp-container-core-columns-is-layout-9d6595d7 wp-block-columns-is-layout-flex\">\n<div class=\"wp-block-column is-layout-flow wp-block-column-is-layout-flow\" style=\"flex-basis:50%\"><div class=\"banner-container  text-shadow with-overlay btn-hover img-zoom\" id=\"ts-block-6629264d16ec8\"  >\n\t\t<a href=\"\/es\/en-movimiento-en-anglet\/actividades\/anglet\/ASCAQU064V5C2IOA-latelier-des-manuelles\/\" target=\"\">\n\t\t\t<div class=\"banner-content\">\n\n<div class=\"wp-block-cover has-custom-content-position is-position-top-left\" style=\"min-height:351px;aspect-ratio:unset;\"><img loading=\"lazy\" decoding=\"async\" width=\"2000\" height=\"1600\" class=\"wp-block-cover__image-background wp-image-14622\" alt=\"\" src=\"https:\/\/www.anglet-tourisme.com\/wp-content\/uploads\/2025\/02\/lestevez2.jpg\" data-object-fit=\"cover\" srcset=\"https:\/\/www.anglet-tourisme.com\/wp-content\/uploads\/2025\/02\/lestevez2.jpg 2000w, https:\/\/www.anglet-tourisme.com\/wp-content\/uploads\/2025\/02\/lestevez2-750x600.jpg 750w, https:\/\/www.anglet-tourisme.com\/wp-content\/uploads\/2025\/02\/lestevez2-1024x819.jpg 1024w, https:\/\/www.anglet-tourisme.com\/wp-content\/uploads\/2025\/02\/lestevez2-150x120.jpg 150w, https:\/\/www.anglet-tourisme.com\/wp-content\/uploads\/2025\/02\/lestevez2-768x614.jpg 768w, https:\/\/www.anglet-tourisme.com\/wp-content\/uploads\/2025\/02\/lestevez2-1536x1229.jpg 1536w\" sizes=\"auto, (max-width: 2000px) 100vw, 2000px\" \/><span aria-hidden=\"true\" class=\"wp-block-cover__background has-background-dim\"><\/span><div class=\"wp-block-cover__inner-container is-layout-flow wp-block-cover-is-layout-flow\">\n<h3 class=\"wp-block-heading has-white-color has-text-color has-link-color wp-elements-da8b6f50437f2d43b7b4a696eef8f68a\">L&#8217;atelier des Manuelles<\/h3>\n<\/div><\/div>\n\n<\/div>\t\t\t\t\t<div class=\"wp-block-button is-style-outline\">\n\t\t\t<button class=\"wp-block-button__link\">Descubrir<\/button>\n\t\t<\/div>\n\t\t\t<\/a>\n\t\t<\/div>\n<\/div>\n\n\n\n<div class=\"wp-block-column is-layout-flow wp-block-column-is-layout-flow\" style=\"flex-basis:50%\"><div class=\"banner-container  text-shadow with-overlay btn-hover img-zoom\" id=\"ts-block-6629264d16ec8\"  >\n\t\t<a href=\"\/es\/saber-hacer\/artistas-y-disenadores-locales\/fabien-cayere-artista-del-surf\/\" target=\"\">\n\t\t\t<div class=\"banner-content\">\n\n<div class=\"wp-block-cover has-custom-content-position is-position-top-left\" style=\"min-height:351px;aspect-ratio:unset;\"><img loading=\"lazy\" decoding=\"async\" width=\"668\" height=\"347\" class=\"wp-block-cover__image-background wp-image-8257\" alt=\"\" src=\"https:\/\/www.anglet-tourisme.com\/wp-content\/uploads\/2024\/07\/fab-cay019.jpg\" data-object-fit=\"cover\"\/><span aria-hidden=\"true\" class=\"wp-block-cover__background has-background-dim\"><\/span><div class=\"wp-block-cover__inner-container is-layout-flow wp-block-cover-is-layout-flow\">\n<h3 class=\"wp-block-heading has-white-color has-text-color has-link-color wp-elements-3c4d820aa9e697044dc5af33d15b31db\">Fabien Cayer\u00e9<\/h3>\n<\/div><\/div>\n\n<\/div>\t\t\t\t\t<div class=\"wp-block-button is-style-outline\">\n\t\t\t<button class=\"wp-block-button__link\">Descubre<\/button>\n\t\t<\/div>\n\t\t\t<\/a>\n\t\t<\/div>\n<\/div>\n<\/div>\n<\/div><\/section>\n<\/div><\/div>\n\n\n\n<div style=\"height:80px\" aria-hidden=\"true\" class=\"wp-block-spacer\"><\/div>\n\n\n<div id=\"ts-block-66390544d34f8\"  class=\"title-bloc-container\">\n\t\t<div class=\"title-bloc-content\">\n\t\t<div class=\"title-bloc\" >\n\t\t\t<div class=\"acf-innerblocks-container\">\n\n<p class=\"suptitle\">C\u00e9ntrate en&#8230;<\/p>\n\n\n\n<h2 class=\"wp-block-heading\">Entre bastidores en la f\u00e1brica Gonz\u00e1lez<\/h2>\n\n<\/div>\t\t<\/div>\n\t\t\t<\/div>\n<\/div>\n\n\n\n<div class=\"wp-block-media-text is-stacked-on-mobile is-image-fill-element\" style=\"grid-template-columns:60% auto\"><figure class=\"wp-block-media-text__media\"><img loading=\"lazy\" decoding=\"async\" width=\"1024\" height=\"683\" src=\"https:\/\/www.anglet-tourisme.com\/wp-content\/uploads\/2024\/05\/ZOOM-Maison-Gonzales-Anglet__RIB1609_\u00a9RiBLANC-1024x683.jpg\" alt=\"\" class=\"wp-image-2893 size-full\" style=\"object-position:50% 50%\" srcset=\"https:\/\/www.anglet-tourisme.com\/wp-content\/uploads\/2024\/05\/ZOOM-Maison-Gonzales-Anglet__RIB1609_\u00a9RiBLANC-1024x683.jpg 1024w, https:\/\/www.anglet-tourisme.com\/wp-content\/uploads\/2024\/05\/ZOOM-Maison-Gonzales-Anglet__RIB1609_\u00a9RiBLANC-800x534.jpg 800w, https:\/\/www.anglet-tourisme.com\/wp-content\/uploads\/2024\/05\/ZOOM-Maison-Gonzales-Anglet__RIB1609_\u00a9RiBLANC-768x512.jpg 768w, https:\/\/www.anglet-tourisme.com\/wp-content\/uploads\/2024\/05\/ZOOM-Maison-Gonzales-Anglet__RIB1609_\u00a9RiBLANC-1536x1025.jpg 1536w, https:\/\/www.anglet-tourisme.com\/wp-content\/uploads\/2024\/05\/ZOOM-Maison-Gonzales-Anglet__RIB1609_\u00a9RiBLANC.jpg 2000w\" sizes=\"auto, (max-width: 1024px) 100vw, 1024px\" \/><\/figure><div class=\"wp-block-media-text__content\">\n<p>En una peque\u00f1a calle de Anglet, en la planta baja de una casa t\u00edpica, encontrar\u00e1s un taller a la antigua usanza donde los pelotaris vascos acuden para fabricar sus chisteras a medida.<\/p>\n\n\n\n<p>Aqu\u00ed, de generaci\u00f3n en generaci\u00f3n, los hombres de la familia fabrican a mano esta cesta de mimbre altamente t\u00e9cnica conocida como Chistera.<\/p>\n\n\n\n<div style=\"height:40px\" aria-hidden=\"true\" class=\"wp-block-spacer\"><\/div>\n\n\n\n<div class=\"wp-block-buttons is-layout-flex wp-block-buttons-is-layout-flex\">\n<div class=\"wp-block-button is-style-outline is-style-outline--1\"><a class=\"wp-block-button__link wp-element-button\" href=\"\/ca-bouge-a-anglet\/activites\/anglet\/PCUAQU064FS00001-fabrique-de-chisteras-gonzalez\/\">M\u00e1s informaci\u00f3n<\/a><\/div>\n<\/div>\n<\/div><\/div>\n\n\n\n<div style=\"height:80px\" aria-hidden=\"true\" class=\"wp-block-spacer\"><\/div>\n\n\n\n<section class=\"wp-block-group alignwide has-light-green-background-color has-background\"><div class=\"wp-block-group__inner-container is-layout-constrained wp-block-group-is-layout-constrained\"><div id=\"ts-block-66390544d3551\"  class=\"title-bloc-container px-xl aligncenter\">\n\t\t<div class=\"title-bloc-content\">\n\t\t<div class=\"title-bloc\" >\n\t\t\t<div class=\"acf-innerblocks-container\">\n\n<h2 class=\"wp-block-heading\">Tambi\u00e9n te gustar\u00e1&#8230;<\/h2>\n\n<\/div>\t\t<\/div>\n\t\t\t<\/div>\n<\/div>\n\n\n<div id=\"ts-block-66390544d64d3\"  class=\"is-style-horizontal\">\n\t<div class=\"swiper-container tis_item_box-swiper\"><div data-block_id=\"ts-block-66390544d64d3\" class=\"tis_item_box_container columns-2 img-zoom  with-slide slide-ts-block-66390544d64d3\"><div class=\"swiper-wrapper\" data-nb_col=\"2\" id=\"ts-block-66390544d64d3\"><article class=\"tis-box swiper-slide \">\n\t<a href=\"https:\/\/www.anglet-tourisme.com\/es\/en-movimiento-en-anglet\/actividades\/anglet\/PCUAQU064V590T55-le-couvent-des-bernardines\/\">\n\t\t<div class=\"tis-item-cover \">\n\t\t\t\t\t\t<img decoding=\"async\" src=\"https:\/\/cdt64.media.tourinsoft.eu\/upload\/Les-Jardins-du-Refuge-I-Love-Anglet-RIB9968--RiBLANC.jpg?width=450\" title=\"Le Couvent des Bernardines\" alt=\"Le Couvent des Bernardines\" loading=\"lazy\" \/>\n\t\t\t\t\t<div class=\"tis-item-label-container\">\n\t\t\t\t\t\t\t<!--<span class=\"tis-item-handicap\"><img decoding=\"async\" src=\"https:\/\/www.anglet-tourisme.com\/wp-content\/plugins\/tourinsoft-syndication\/assets\/images\/icon-handicap.svg\" title=\"\" alt=\"\" \/><\/span>-->\n\t\t\t\t\t\t\t\t\t<\/div>\n\t\t\t\t\t<\/div>\t\t\n\t<\/a>\n\t<div class=\"tis-item-info\">\n\t\t<span class=\"tis-item-type\"><\/span>\t\t<h3>Le Couvent des Bernardines<\/h3>\n\t\t\t\t\t\t\t\t<p>Un original paseo para descubrir la vida y la obra del padre Cestac, beatificado en&hellip;<\/p>\t\t<strong class=\"tis-box-city\">ANGLET<\/strong>\t\t\n\t\t\n\t\t\t\t\t<div class=\"wp-block-button\">\n\t\t\t\t<a href=\"https:\/\/www.anglet-tourisme.com\/es\/en-movimiento-en-anglet\/actividades\/anglet\/PCUAQU064V590T55-le-couvent-des-bernardines\/\" class=\"has-black-color has-white-background-color has-text-color has-background has-link-color wp-element-button\"><img decoding=\"async\" src=\"https:\/\/www.anglet-tourisme.com\/wp-content\/themes\/onk-tourisme\/assets\/images\/arrow-right-2.svg\" alt=\"Ver m\u00e1s\" \/><\/a>\n\t\t\t<\/div>\n\t\t\t\t\n\t<\/div>\n<\/article><article class=\"tis-box swiper-slide \">\n\t<a href=\"https:\/\/www.anglet-tourisme.com\/es\/en-movimiento-en-anglet\/actividades\/anglet\/PCUAQU064V590TWZ-la-love-tower\/\">\n\t\t<div class=\"tis-item-cover \">\n\t\t\t\t\t\t<img decoding=\"async\" src=\"https:\/\/cdt64.media.tourinsoft.eu\/upload\/Love-Tower-I-Love-Anglet-1RIB1330--RiBLANC.jpg?width=450\" title=\"La Love Tower\" alt=\"La Love Tower\" loading=\"lazy\" \/>\n\t\t\t\t\t<div class=\"tis-item-label-container\">\n\t\t\t\t\t\t\t<!--<span class=\"tis-item-handicap\"><img decoding=\"async\" src=\"https:\/\/www.anglet-tourisme.com\/wp-content\/plugins\/tourinsoft-syndication\/assets\/images\/icon-handicap.svg\" title=\"\" alt=\"\" \/><\/span>-->\n\t\t\t\t\t\t\t\t\t<\/div>\n\t\t\t\t\t<\/div>\t\t\n\t<\/a>\n\t<div class=\"tis-item-info\">\n\t\t<span class=\"tis-item-type\"><\/span>\t\t<h3>La Love Tower<\/h3>\n\t\t\t\t\t\t\t\t<p>una obra de madera y metal que forma parte de la 7\u00aa edici\u00f3n de la&hellip;<\/p>\t\t<strong class=\"tis-box-city\">ANGLET<\/strong>\t\t\n\t\t\n\t\t\t\t\t<div class=\"wp-block-button\">\n\t\t\t\t<a href=\"https:\/\/www.anglet-tourisme.com\/es\/en-movimiento-en-anglet\/actividades\/anglet\/PCUAQU064V590TWZ-la-love-tower\/\" class=\"has-black-color has-white-background-color has-text-color has-background has-link-color wp-element-button\"><img decoding=\"async\" src=\"https:\/\/www.anglet-tourisme.com\/wp-content\/themes\/onk-tourisme\/assets\/images\/arrow-right-2.svg\" alt=\"Ver m\u00e1s\" \/><\/a>\n\t\t\t<\/div>\n\t\t\t\t\n\t<\/div>\n<\/article><article class=\"tis-box swiper-slide \">\n\t<a href=\"https:\/\/www.anglet-tourisme.com\/es\/en-movimiento-en-anglet\/actividades\/anglet\/PCUAQU064V590W2T-anglet-surf-avenue\/\">\n\t\t<div class=\"tis-item-cover \">\n\t\t\t\t\t\t<img decoding=\"async\" src=\"https:\/\/cdt64.media.tourinsoft.eu\/upload\/Kelly-Slater-01.jpg?width=450\" title=\"Anglet Surf Avenue\" alt=\"Anglet Surf Avenue\" loading=\"lazy\" \/>\n\t\t\t\t\t<div class=\"tis-item-label-container\">\n\t\t\t\t\t\t\t<!--<span class=\"tis-item-handicap\"><img decoding=\"async\" src=\"https:\/\/www.anglet-tourisme.com\/wp-content\/plugins\/tourinsoft-syndication\/assets\/images\/icon-handicap.svg\" title=\"\" alt=\"\" \/><\/span>-->\n\t\t\t\t\t\t\t\t\t<\/div>\n\t\t\t\t\t<\/div>\t\t\n\t<\/a>\n\t<div class=\"tis-item-info\">\n\t\t<span class=\"tis-item-type\"><\/span>\t\t<h3>Anglet Surf Avenue<\/h3>\n\t\t\t\t\t\t\t\t<p>Entre los lugares imprescindibles que visitar, recomendamos encarecidamente la Anglet Surf Avenue, situada en la&hellip;<\/p>\t\t<strong class=\"tis-box-city\">ANGLET<\/strong>\t\t\n\t\t\n\t\t\t\t\t<div class=\"wp-block-button\">\n\t\t\t\t<a href=\"https:\/\/www.anglet-tourisme.com\/es\/en-movimiento-en-anglet\/actividades\/anglet\/PCUAQU064V590W2T-anglet-surf-avenue\/\" class=\"has-black-color has-white-background-color has-text-color has-background has-link-color wp-element-button\"><img decoding=\"async\" src=\"https:\/\/www.anglet-tourisme.com\/wp-content\/themes\/onk-tourisme\/assets\/images\/arrow-right-2.svg\" alt=\"Ver m\u00e1s\" \/><\/a>\n\t\t\t<\/div>\n\t\t\t\t\n\t<\/div>\n<\/article><article class=\"tis-box swiper-slide \">\n\t<a href=\"https:\/\/www.anglet-tourisme.com\/es\/en-movimiento-en-anglet\/actividades\/anglet\/PCUAQU064V5B9DKZ-lhermione-a-anglet\/\">\n\t\t<div class=\"tis-item-cover \">\n\t\t\t\t\t\t<img decoding=\"async\" src=\"https:\/\/cdt64.media.tourinsoft.eu\/upload\/Hermione-Anglet-IMG-9943-2.jpg?width=450\" title=\"L'Hermione \u00e0 Anglet\" alt=\"L'Hermione \u00e0 Anglet\" loading=\"lazy\" \/>\n\t\t\t\t\t<div class=\"tis-item-label-container\">\n\t\t\t\t\t\t\t<!--<span class=\"tis-item-handicap\"><img decoding=\"async\" src=\"https:\/\/www.anglet-tourisme.com\/wp-content\/plugins\/tourinsoft-syndication\/assets\/images\/icon-handicap.svg\" title=\"\" alt=\"\" \/><\/span>-->\n\t\t\t\t\t\t\t\t\t<\/div>\n\t\t\t\t\t\t<div class=\"tis-item-online-booking\">\n\t\t\t\t<span>Reservas en l\u00ednea<\/span>\n\t\t\t<\/div>\n\t\t\t\t\t<\/div>\t\t\n\t<\/a>\n\t<div class=\"tis-item-info\">\n\t\t<span class=\"tis-item-type\"><\/span>\t\t<h3>L&#8217;Hermione \u00e0 Anglet<\/h3>\n\t\t\t\t\t\t\t\t<p>El Hermione hace escala en el puerto de Bayona, en Anglet, para su gran reacondicionamiento&hellip;<\/p>\t\t<strong class=\"tis-box-city\">ANGLET<\/strong>\t\t\n\t\t\n\t\t\t\t\t<div class=\"wp-block-button\">\n\t\t\t\t<a href=\"https:\/\/www.anglet-tourisme.com\/es\/en-movimiento-en-anglet\/actividades\/anglet\/PCUAQU064V5B9DKZ-lhermione-a-anglet\/\" class=\"has-black-color has-white-background-color has-text-color has-background has-link-color wp-element-button\"><img decoding=\"async\" src=\"https:\/\/www.anglet-tourisme.com\/wp-content\/themes\/onk-tourisme\/assets\/images\/arrow-right-2.svg\" alt=\"Ver m\u00e1s\" \/><\/a>\n\t\t\t<\/div>\n\t\t\t\t\n\t<\/div>\n<\/article><article class=\"tis-box swiper-slide \">\n\t<a href=\"https:\/\/www.anglet-tourisme.com\/es\/en-movimiento-en-anglet\/actividades\/anglet\/PCUAQU064V5BAMBY-notre-dame-du-refuge\/\">\n\t\t<div class=\"tis-item-cover \">\n\t\t\t\t\t\t<img decoding=\"async\" src=\"https:\/\/cdt64.media.tourinsoft.eu\/upload\/notre-dame-refuge-anglet-08.jpg?width=450\" title=\"Notre-Dame du Refuge\" alt=\"Notre-Dame du Refuge\" loading=\"lazy\" \/>\n\t\t\t\t\t<div class=\"tis-item-label-container\">\n\t\t\t\t\t\t\t<!--<span class=\"tis-item-handicap\"><img decoding=\"async\" src=\"https:\/\/www.anglet-tourisme.com\/wp-content\/plugins\/tourinsoft-syndication\/assets\/images\/icon-handicap.svg\" title=\"\" alt=\"\" \/><\/span>-->\n\t\t\t\t\t\t\t\t\t<\/div>\n\t\t\t\t\t<\/div>\t\t\n\t<\/a>\n\t<div class=\"tis-item-info\">\n\t\t<span class=\"tis-item-type\"><\/span>\t\t<h3>Notre-Dame du Refuge<\/h3>\n\t\t\t\t\t\t\t\t<p>D\u00e9jese seducir por este original paseo que recorre la vida y la obra del padre&hellip;<\/p>\t\t<strong class=\"tis-box-city\">ANGLET<\/strong>\t\t\n\t\t\n\t\t\t\t\t<div class=\"wp-block-button\">\n\t\t\t\t<a href=\"https:\/\/www.anglet-tourisme.com\/es\/en-movimiento-en-anglet\/actividades\/anglet\/PCUAQU064V5BAMBY-notre-dame-du-refuge\/\" class=\"has-black-color has-white-background-color has-text-color has-background has-link-color wp-element-button\"><img decoding=\"async\" src=\"https:\/\/www.anglet-tourisme.com\/wp-content\/themes\/onk-tourisme\/assets\/images\/arrow-right-2.svg\" alt=\"Ver m\u00e1s\" \/><\/a>\n\t\t\t<\/div>\n\t\t\t\t\n\t<\/div>\n<\/article><article class=\"tis-box swiper-slide \">\n\t<a href=\"https:\/\/www.anglet-tourisme.com\/es\/en-movimiento-en-anglet\/actividades\/anglet\/PCUAQU064V5BW2XZ-eglise-sainte-marie\/\">\n\t\t<div class=\"tis-item-cover \">\n\t\t\t\t\t\t<img decoding=\"async\" src=\"https:\/\/cdt64.media.tourinsoft.eu\/upload\/Eglise-Sainte-Marie-I-Love-Anglet-RIB0112--RiBLANC.jpg?width=450\" title=\"\u00c9glise Sainte-Marie\" alt=\"\u00c9glise Sainte-Marie\" loading=\"lazy\" \/>\n\t\t\t\t\t<div class=\"tis-item-label-container\">\n\t\t\t\t\t\t\t<!--<span class=\"tis-item-handicap\"><img decoding=\"async\" src=\"https:\/\/www.anglet-tourisme.com\/wp-content\/plugins\/tourinsoft-syndication\/assets\/images\/icon-handicap.svg\" title=\"\" alt=\"\" \/><\/span>-->\n\t\t\t\t\t\t\t\t\t<\/div>\n\t\t\t\t\t<\/div>\t\t\n\t<\/a>\n\t<div class=\"tis-item-info\">\n\t\t<span class=\"tis-item-type\"><\/span>\t\t<h3>\u00c9glise Sainte-Marie<\/h3>\n\t\t\t\t\t\t\t\t<p>Aut\u00e9ntica joya del siglo XX, la iglesia Sainte-Marie, construida en 1932, est\u00e1 catalogada como monumento&hellip;<\/p>\t\t<strong class=\"tis-box-city\">ANGLET<\/strong>\t\t\n\t\t\n\t\t\t\t\t<div class=\"wp-block-button\">\n\t\t\t\t<a href=\"https:\/\/www.anglet-tourisme.com\/es\/en-movimiento-en-anglet\/actividades\/anglet\/PCUAQU064V5BW2XZ-eglise-sainte-marie\/\" class=\"has-black-color has-white-background-color has-text-color has-background has-link-color wp-element-button\"><img decoding=\"async\" src=\"https:\/\/www.anglet-tourisme.com\/wp-content\/themes\/onk-tourisme\/assets\/images\/arrow-right-2.svg\" alt=\"Ver m\u00e1s\" \/><\/a>\n\t\t\t<\/div>\n\t\t\t\t\n\t<\/div>\n<\/article><article class=\"tis-box swiper-slide \">\n\t<a href=\"https:\/\/www.anglet-tourisme.com\/es\/en-movimiento-en-anglet\/actividades\/anglet\/PCUAQU064V5BW3UW-eglise-saint-leon\/\">\n\t\t<div class=\"tis-item-cover \">\n\t\t\t\t\t\t<img decoding=\"async\" src=\"https:\/\/cdt64.media.tourinsoft.eu\/upload\/Eglise-Saint-Leon-1---Dario-T-5.jpg?width=450\" title=\"\u00c9glise Saint-L\u00e9on\" alt=\"\u00c9glise Saint-L\u00e9on\" loading=\"lazy\" \/>\n\t\t\t\t\t<div class=\"tis-item-label-container\">\n\t\t\t\t\t\t\t<!--<span class=\"tis-item-handicap\"><img decoding=\"async\" src=\"https:\/\/www.anglet-tourisme.com\/wp-content\/plugins\/tourinsoft-syndication\/assets\/images\/icon-handicap.svg\" title=\"\" alt=\"\" \/><\/span>-->\n\t\t\t\t\t\t\t\t\t<\/div>\n\t\t\t\t\t<\/div>\t\t\n\t<\/a>\n\t<div class=\"tis-item-info\">\n\t\t<span class=\"tis-item-type\"><\/span>\t\t<h3>\u00c9glise Saint-L\u00e9on<\/h3>\n\t\t\t\t\t\t\t\t<p>La iglesia de Saint-L\u00e9on es la m\u00e1s antigua de Anglet, construida en 1557 tras el&hellip;<\/p>\t\t<strong class=\"tis-box-city\">ANGLET<\/strong>\t\t\n\t\t\n\t\t\t\t\t<div class=\"wp-block-button\">\n\t\t\t\t<a href=\"https:\/\/www.anglet-tourisme.com\/es\/en-movimiento-en-anglet\/actividades\/anglet\/PCUAQU064V5BW3UW-eglise-saint-leon\/\" class=\"has-black-color has-white-background-color has-text-color has-background has-link-color wp-element-button\"><img decoding=\"async\" src=\"https:\/\/www.anglet-tourisme.com\/wp-content\/themes\/onk-tourisme\/assets\/images\/arrow-right-2.svg\" alt=\"Ver m\u00e1s\" \/><\/a>\n\t\t\t<\/div>\n\t\t\t\t\n\t<\/div>\n<\/article><article class=\"tis-box swiper-slide \">\n\t<a href=\"https:\/\/www.anglet-tourisme.com\/es\/en-movimiento-en-anglet\/actividades\/anglet\/PCUAQU064V5BXDJ7-hotel-de-ville-danglet-mairie\/\">\n\t\t<div class=\"tis-item-cover \">\n\t\t\t\t\t\t<img decoding=\"async\" src=\"https:\/\/cdt64.media.tourinsoft.eu\/upload\/Hotel-de-Ville-Anglet-01-2.jpg?width=450\" title=\"H\u00f4tel de Ville d\u2019Anglet - Mairie\" alt=\"H\u00f4tel de Ville d\u2019Anglet - Mairie\" loading=\"lazy\" \/>\n\t\t\t\t\t<div class=\"tis-item-label-container\">\n\t\t\t\t\t\t\t<!--<span class=\"tis-item-handicap\"><img decoding=\"async\" src=\"https:\/\/www.anglet-tourisme.com\/wp-content\/plugins\/tourinsoft-syndication\/assets\/images\/icon-handicap.svg\" title=\"\" alt=\"\" \/><\/span>-->\n\t\t\t\t\t\t\t\t\t<\/div>\n\t\t\t\t\t<\/div>\t\t\n\t<\/a>\n\t<div class=\"tis-item-info\">\n\t\t<span class=\"tis-item-type\"><\/span>\t\t<h3>H\u00f4tel de Ville d\u2019Anglet &#8211; Mairie<\/h3>\n\t\t\t\t\t\t\t\t<p>El Ayuntamiento de Anglet es un testigo clave de la historia y la arquitectura locales.&hellip;<\/p>\t\t<strong class=\"tis-box-city\">ANGLET<\/strong>\t\t\n\t\t\n\t\t\t\t\t<div class=\"wp-block-button\">\n\t\t\t\t<a href=\"https:\/\/www.anglet-tourisme.com\/es\/en-movimiento-en-anglet\/actividades\/anglet\/PCUAQU064V5BXDJ7-hotel-de-ville-danglet-mairie\/\" class=\"has-black-color has-white-background-color has-text-color has-background has-link-color wp-element-button\"><img decoding=\"async\" src=\"https:\/\/www.anglet-tourisme.com\/wp-content\/themes\/onk-tourisme\/assets\/images\/arrow-right-2.svg\" alt=\"Ver m\u00e1s\" \/><\/a>\n\t\t\t<\/div>\n\t\t\t\t\n\t<\/div>\n<\/article><article class=\"tis-box swiper-slide \">\n\t<a href=\"https:\/\/www.anglet-tourisme.com\/es\/en-movimiento-en-anglet\/actividades\/anglet\/PCUAQU064V5BXQ7F-le-chateau-de-brindos\/\">\n\t\t<div class=\"tis-item-cover \">\n\t\t\t\t\t\t<img decoding=\"async\" src=\"https:\/\/cdt64.media.tourinsoft.eu\/upload\/brindos-lac-chateau-anglet-2-2.jpg?width=450\" title=\"Le Ch\u00e2teau de Brindos\" alt=\"Le Ch\u00e2teau de Brindos\" loading=\"lazy\" \/>\n\t\t\t\t\t<div class=\"tis-item-label-container\">\n\t\t\t\t\t\t\t<!--<span class=\"tis-item-handicap\"><img decoding=\"async\" src=\"https:\/\/www.anglet-tourisme.com\/wp-content\/plugins\/tourinsoft-syndication\/assets\/images\/icon-handicap.svg\" title=\"\" alt=\"\" \/><\/span>-->\n\t\t\t\t\t\t\t\t\t<\/div>\n\t\t\t\t\t<\/div>\t\t\n\t<\/a>\n\t<div class=\"tis-item-info\">\n\t\t<span class=\"tis-item-type\"><\/span>\t\t<h3>Le Ch\u00e2teau de Brindos<\/h3>\n\t\t\t\t\t\t\t\t<p>El castillo de Brindos es una joya de la arquitectura hispano-morisca dise\u00f1ada en los a\u00f1os&hellip;<\/p>\t\t<strong class=\"tis-box-city\">ANGLET<\/strong>\t\t\n\t\t\n\t\t\t\t\t<div class=\"wp-block-button\">\n\t\t\t\t<a href=\"https:\/\/www.anglet-tourisme.com\/es\/en-movimiento-en-anglet\/actividades\/anglet\/PCUAQU064V5BXQ7F-le-chateau-de-brindos\/\" class=\"has-black-color has-white-background-color has-text-color has-background has-link-color wp-element-button\"><img decoding=\"async\" src=\"https:\/\/www.anglet-tourisme.com\/wp-content\/themes\/onk-tourisme\/assets\/images\/arrow-right-2.svg\" alt=\"Ver m\u00e1s\" \/><\/a>\n\t\t\t<\/div>\n\t\t\t\t\n\t<\/div>\n<\/article><\/div><\/div><div class=\"swiper-button-prev prev-ts-block-66390544d64d3\"><\/div><div class=\"swiper-button-next next-ts-block-66390544d64d3\"><\/div><\/div><\/div>\n<\/div><\/section>\n","protected":false},"excerpt":{"rendered":"<p>Anglet, en la Costa Vasca, rebosa talento art\u00edstico y creativo \u00fanico repartido por sus diferentes barrios. Ya se trate del artista pl\u00e1stico Fabien Cayer\u00e9, que trabaja en su estudio, o de los artesanos de la Maison Zabaldu, estos creadores merecen una atenci\u00f3n especial. Descubre aut\u00e9nticas pepitas de oro: ceramistas, dise\u00f1adores, [&hellip;]<\/p>\n","protected":false},"author":1,"featured_media":5159,"parent":11792,"menu_order":0,"comment_status":"closed","ping_status":"closed","template":"","meta":{"_acf_changed":false,"_seopress_robots_primary_cat":"","_seopress_titles_title":"Dise\u00f1adores y artistas de Anglet: \u00a1descubre a los dise\u00f1adores anglosajones!","_seopress_titles_desc":"\u00bfExplorando a los dise\u00f1adores y artistas de Anglet?\r\nEncuentra talentos anglosajones \u00fanicos y originales para enriquecer tu colecci\u00f3n de arte.","_seopress_robots_index":"","footnotes":""},"class_list":["post-12060","page","type-page","status-publish","has-post-thumbnail"],"acf":[],"_links":{"self":[{"href":"https:\/\/www.anglet-tourisme.com\/es\/wp-json\/wp\/v2\/pages\/12060","targetHints":{"allow":["GET"]}}],"collection":[{"href":"https:\/\/www.anglet-tourisme.com\/es\/wp-json\/wp\/v2\/pages"}],"about":[{"href":"https:\/\/www.anglet-tourisme.com\/es\/wp-json\/wp\/v2\/types\/page"}],"author":[{"embeddable":true,"href":"https:\/\/www.anglet-tourisme.com\/es\/wp-json\/wp\/v2\/users\/1"}],"replies":[{"embeddable":true,"href":"https:\/\/www.anglet-tourisme.com\/es\/wp-json\/wp\/v2\/comments?post=12060"}],"version-history":[{"count":3,"href":"https:\/\/www.anglet-tourisme.com\/es\/wp-json\/wp\/v2\/pages\/12060\/revisions"}],"predecessor-version":[{"id":19497,"href":"https:\/\/www.anglet-tourisme.com\/es\/wp-json\/wp\/v2\/pages\/12060\/revisions\/19497"}],"up":[{"embeddable":true,"href":"https:\/\/www.anglet-tourisme.com\/es\/wp-json\/wp\/v2\/pages\/11792"}],"wp:featuredmedia":[{"embeddable":true,"href":"https:\/\/www.anglet-tourisme.com\/es\/wp-json\/wp\/v2\/media\/5159"}],"wp:attachment":[{"href":"https:\/\/www.anglet-tourisme.com\/es\/wp-json\/wp\/v2\/media?parent=12060"}],"curies":[{"name":"wp","href":"https:\/\/api.w.org\/{rel}","templated":true}]}}