{"id":12117,"date":"2024-04-30T16:19:38","date_gmt":"2024-04-30T14:19:38","guid":{"rendered":"https:\/\/www.anglet-tourisme.com\/de-compras\/"},"modified":"2024-10-10T11:44:34","modified_gmt":"2024-10-10T09:44:34","slug":"de-compras","status":"publish","type":"page","link":"https:\/\/www.anglet-tourisme.com\/es\/de-compras\/","title":{"rendered":"De compras"},"content":{"rendered":"\n<div class=\"wp-block-columns is-layout-flex wp-container-core-columns-is-layout-9d6595d7 wp-block-columns-is-layout-flex\">\n<div class=\"wp-block-column is-layout-flow wp-block-column-is-layout-flow\" style=\"flex-basis:33.33%\"><div class=\"highlight-bloc-container \" id=\"ts-block-65368af54ee28\"  >\n\t<div class=\"highlight-bloc-content\">\n\t\t<div class=\"acf-innerblocks-container\">\n\n<h1 class=\"wp-block-heading suptitle\">D\u00f3nde comprar en Anglet<\/h1>\n\n<\/div>\t<\/div>\n<\/div>\n<\/div>\n\n\n\n<div class=\"wp-block-column is-layout-flow wp-block-column-is-layout-flow\" style=\"flex-basis:66.66%\">\n<p><strong>Una actividad imprescindible<\/strong> para algunos, un verdadero reto para otros, \u00a1las <strong>compras<\/strong> tienen muchas formas y tama\u00f1os en Anglet!<\/p>\n\n\n\n<p>Si te gustan <strong>las tiendas de dise\u00f1o<\/strong>, la <strong>artesan\u00eda local<\/strong> y <strong>los circuitos cortos<\/strong>, seguro que en Anglet encuentras lo que buscas: <strong>librer\u00edas<\/strong> independientes, <strong>concept stores<\/strong>, <strong>tiendas-boutique<\/strong>, <strong>tiendas de surf<\/strong>, <strong>\u00f3pticas<\/strong>, <strong>joyer\u00edas<\/strong>, <strong>florister\u00edas<\/strong>&#8230; A los que les gusta buscar gangas, les esperan eventos regulares a lo largo del a\u00f1o en las <strong>Puces de Quintaou<\/strong> y la <strong>Brocante des 5 Cantons<\/strong>.<\/p>\n\n\n\n<p>Por \u00faltimo, el <strong>Centro Comercial BAB2<\/strong>, con sus 120 tiendas y restaurantes, es un lugar animado durante todo el a\u00f1o, haga el tiempo que haga.<\/p>\n\n\n\n<p>Aqu\u00ed encontrar\u00e1s todas nuestras <strong>mejores direcciones<\/strong> para ayudarte a ahorrar tiempo y energ\u00eda en tu pr\u00f3ximo <strong>viaje de compras<\/strong>.<\/p>\n<\/div>\n<\/div>\n\n\n\n<div style=\"height:80px\" aria-hidden=\"true\" class=\"wp-block-spacer\"><\/div>\n\n\n\n<section class=\"wp-block-group alignwide has-orange-light-background-color has-background\"><div class=\"wp-block-group__inner-container is-layout-constrained wp-block-group-is-layout-constrained\">\n<div class=\"wp-block-columns is-layout-flex wp-container-core-columns-is-layout-9d6595d7 wp-block-columns-is-layout-flex\">\n<div class=\"wp-block-column is-layout-flow wp-block-column-is-layout-flow\" style=\"flex-basis:40%\"><div class=\"banner-container  text-shadow with-overlay\" id=\"ts-block-661e32b70a93b\"  >\n\t\t<a href=\"\/es\/tiendas-y-servicios\/anglet\/A0013AQU064V5BWLDA-centre-commercial-bab2\/\" target=\"\">\n\t\t\t<div class=\"banner-content\">\n\n<div class=\"wp-block-cover has-custom-content-position is-position-top-left\" style=\"min-height:350px;aspect-ratio:unset;\"><span aria-hidden=\"true\" class=\"wp-block-cover__background has-background-dim\"><\/span><img loading=\"lazy\" decoding=\"async\" width=\"2048\" height=\"1365\" class=\"wp-block-cover__image-background wp-image-3049\" alt=\"\" src=\"https:\/\/www.anglet-tourisme.com\/wp-content\/uploads\/2024\/05\/3-Centre-Commercial-Inauguration-BAB2-175-scaled.jpg\" data-object-fit=\"cover\" srcset=\"https:\/\/www.anglet-tourisme.com\/wp-content\/uploads\/2024\/05\/3-Centre-Commercial-Inauguration-BAB2-175-scaled.jpg 2048w, https:\/\/www.anglet-tourisme.com\/wp-content\/uploads\/2024\/05\/3-Centre-Commercial-Inauguration-BAB2-175-800x533.jpg 800w, https:\/\/www.anglet-tourisme.com\/wp-content\/uploads\/2024\/05\/3-Centre-Commercial-Inauguration-BAB2-175-1024x683.jpg 1024w, https:\/\/www.anglet-tourisme.com\/wp-content\/uploads\/2024\/05\/3-Centre-Commercial-Inauguration-BAB2-175-768x512.jpg 768w, https:\/\/www.anglet-tourisme.com\/wp-content\/uploads\/2024\/05\/3-Centre-Commercial-Inauguration-BAB2-175-1536x1024.jpg 1536w\" sizes=\"auto, (max-width: 2048px) 100vw, 2048px\" \/><div class=\"wp-block-cover__inner-container is-layout-flow wp-block-cover-is-layout-flow\">\n<h3 class=\"wp-block-heading\">Centro Comercial BAB2<\/h3>\n\n\n\n<div class=\"wp-block-buttons is-layout-flex wp-block-buttons-is-layout-flex\"><\/div>\n<\/div><\/div>\n\n<\/div>\t\t\t\t<\/a>\n\t\t<\/div>\n<\/div>\n\n\n\n<div class=\"wp-block-column is-layout-flow wp-block-column-is-layout-flow\" style=\"flex-basis:30%\"><div class=\"banner-container  text-shadow with-overlay btn-hover\" id=\"ts-block-661e32b70a492\"  >\n\t\t<a href=\"\/es\/de-compras\/tiendas\/\" target=\"\">\n\t\t\t<div class=\"banner-content\">\n\n<div class=\"wp-block-cover has-custom-content-position is-position-top-left\" style=\"min-height:350px;aspect-ratio:unset;\"><span aria-hidden=\"true\" class=\"wp-block-cover__background has-background-dim\"><\/span><img loading=\"lazy\" decoding=\"async\" width=\"2048\" height=\"1366\" class=\"wp-block-cover__image-background wp-image-3043\" alt=\"\" src=\"https:\/\/www.anglet-tourisme.com\/wp-content\/uploads\/2024\/05\/1-Boutique-I-Love-Anglet__RIB0017_\u00a9RiBLANC-2-scaled.jpg\" data-object-fit=\"cover\" srcset=\"https:\/\/www.anglet-tourisme.com\/wp-content\/uploads\/2024\/05\/1-Boutique-I-Love-Anglet__RIB0017_\u00a9RiBLANC-2-scaled.jpg 2048w, https:\/\/www.anglet-tourisme.com\/wp-content\/uploads\/2024\/05\/1-Boutique-I-Love-Anglet__RIB0017_\u00a9RiBLANC-2-800x534.jpg 800w, https:\/\/www.anglet-tourisme.com\/wp-content\/uploads\/2024\/05\/1-Boutique-I-Love-Anglet__RIB0017_\u00a9RiBLANC-2-1024x683.jpg 1024w, https:\/\/www.anglet-tourisme.com\/wp-content\/uploads\/2024\/05\/1-Boutique-I-Love-Anglet__RIB0017_\u00a9RiBLANC-2-768x512.jpg 768w, https:\/\/www.anglet-tourisme.com\/wp-content\/uploads\/2024\/05\/1-Boutique-I-Love-Anglet__RIB0017_\u00a9RiBLANC-2-1536x1025.jpg 1536w\" sizes=\"auto, (max-width: 2048px) 100vw, 2048px\" \/><div class=\"wp-block-cover__inner-container is-layout-flow wp-block-cover-is-layout-flow\">\n<h3 class=\"wp-block-heading\">Tiendas y comercios<\/h3>\n\n\n\n<div class=\"wp-block-buttons is-layout-flex wp-block-buttons-is-layout-flex\"><\/div>\n<\/div><\/div>\n\n<\/div>\t\t\t\t\t<div class=\"wp-block-button is-style-outline\">\n\t\t\t<button class=\"wp-block-button__link\">Descubre<\/button>\n\t\t<\/div>\n\t\t\t<\/a>\n\t\t<\/div>\n<\/div>\n\n\n\n<div class=\"wp-block-column is-layout-flow wp-block-column-is-layout-flow\" style=\"flex-basis:30%\"><div class=\"banner-container  text-shadow with-overlay\" id=\"ts-block-661e32b70a6e6\"  >\n\t\t<a href=\"\/es\/de-compras\/brocantes-y-mercadillos\/\" target=\"\">\n\t\t\t<div class=\"banner-content\">\n\n<div class=\"wp-block-cover has-custom-content-position is-position-top-left\" style=\"min-height:350px;aspect-ratio:unset;\"><span aria-hidden=\"true\" class=\"wp-block-cover__background has-background-dim\"><\/span><img loading=\"lazy\" decoding=\"async\" width=\"2048\" height=\"1536\" class=\"wp-block-cover__image-background wp-image-3046\" alt=\"\" src=\"https:\/\/www.anglet-tourisme.com\/wp-content\/uploads\/2024\/05\/2-Brocantes-et-puces-IMG-8242-scaled.jpg\" data-object-fit=\"cover\" srcset=\"https:\/\/www.anglet-tourisme.com\/wp-content\/uploads\/2024\/05\/2-Brocantes-et-puces-IMG-8242-scaled.jpg 2048w, https:\/\/www.anglet-tourisme.com\/wp-content\/uploads\/2024\/05\/2-Brocantes-et-puces-IMG-8242-800x600.jpg 800w, https:\/\/www.anglet-tourisme.com\/wp-content\/uploads\/2024\/05\/2-Brocantes-et-puces-IMG-8242-1024x768.jpg 1024w, https:\/\/www.anglet-tourisme.com\/wp-content\/uploads\/2024\/05\/2-Brocantes-et-puces-IMG-8242-768x576.jpg 768w, https:\/\/www.anglet-tourisme.com\/wp-content\/uploads\/2024\/05\/2-Brocantes-et-puces-IMG-8242-1536x1152.jpg 1536w\" sizes=\"auto, (max-width: 2048px) 100vw, 2048px\" \/><div class=\"wp-block-cover__inner-container is-layout-flow wp-block-cover-is-layout-flow\">\n<h3 class=\"wp-block-heading\">Brocantes y mercadillos<\/h3>\n\n\n\n<div class=\"wp-block-buttons is-layout-flex wp-block-buttons-is-layout-flex\"><\/div>\n<\/div><\/div>\n\n<\/div>\t\t\t\t<\/a>\n\t\t<\/div>\n<\/div>\n<\/div>\n<\/div><\/section>\n\n\n\n<div style=\"height:80px\" aria-hidden=\"true\" class=\"wp-block-spacer\"><\/div>\n\n\n\n<div class=\"wp-block-media-text is-stacked-on-mobile is-image-fill\" style=\"grid-template-columns:60% auto\"><figure class=\"wp-block-media-text__media\" style=\"background-image:url(https:\/\/www.anglet-tourisme.com\/wp-content\/uploads\/2024\/05\/Zoom-sur-la-boutique-L_Office-I-Love-Anglet_1RIB9845_\u00a9RiBLANC-1024x682.jpg);background-position:50% 50%\"><img loading=\"lazy\" decoding=\"async\" width=\"1024\" height=\"682\" src=\"https:\/\/www.anglet-tourisme.com\/wp-content\/uploads\/2024\/05\/Zoom-sur-la-boutique-L_Office-I-Love-Anglet_1RIB9845_\u00a9RiBLANC-1024x682.jpg\" alt=\"\" class=\"wp-image-3038 size-full\" srcset=\"https:\/\/www.anglet-tourisme.com\/wp-content\/uploads\/2024\/05\/Zoom-sur-la-boutique-L_Office-I-Love-Anglet_1RIB9845_\u00a9RiBLANC-1024x682.jpg 1024w, https:\/\/www.anglet-tourisme.com\/wp-content\/uploads\/2024\/05\/Zoom-sur-la-boutique-L_Office-I-Love-Anglet_1RIB9845_\u00a9RiBLANC-800x533.jpg 800w, https:\/\/www.anglet-tourisme.com\/wp-content\/uploads\/2024\/05\/Zoom-sur-la-boutique-L_Office-I-Love-Anglet_1RIB9845_\u00a9RiBLANC-768x512.jpg 768w, https:\/\/www.anglet-tourisme.com\/wp-content\/uploads\/2024\/05\/Zoom-sur-la-boutique-L_Office-I-Love-Anglet_1RIB9845_\u00a9RiBLANC-1536x1024.jpg 1536w, https:\/\/www.anglet-tourisme.com\/wp-content\/uploads\/2024\/05\/Zoom-sur-la-boutique-L_Office-I-Love-Anglet_1RIB9845_\u00a9RiBLANC.jpg 2000w\" sizes=\"auto, (max-width: 1024px) 100vw, 1024px\" \/><\/figure><div class=\"wp-block-media-text__content\"><div id=\"ts-block-66390544d34f8\"  class=\"title-bloc-container\">\n\t\t<div class=\"title-bloc-content\">\n\t\t<div class=\"title-bloc\" >\n\t\t\t<div class=\"acf-innerblocks-container\">\n\n<p class=\"suptitle\">C\u00e9ntrate en&#8230;<\/p>\n\n\n\n<h2 class=\"wp-block-heading\">La tienda de Anglet C\u00f4te Basque<\/h2>\n\n<\/div>\t\t<\/div>\n\t\t\t<\/div>\n<\/div>\n\n\n\n<p>Atraviesa las puertas de la Oficina de Turismo y Ocio de Anglet y descubre un <strong>espacio dedicado a la creatividad<\/strong> y la <strong>artesan\u00eda locales<\/strong>, todo con los colores de Anglet.<\/p>\n\n\n\n<p>Librer\u00eda papeler\u00eda, textil, complementos y decoraci\u00f3n, vajilla, art\u00edculos infantiles y delicias locales.<\/p>\n\n\n\n<p>Un compendio de <strong>ideas de regalos responsables<\/strong> para regalar o para darte un capricho.<\/p>\n\n\n\n<div style=\"height:40px\" aria-hidden=\"true\" class=\"wp-block-spacer\"><\/div>\n\n\n\n<div class=\"wp-block-buttons is-layout-flex wp-block-buttons-is-layout-flex\">\n<div class=\"wp-block-button is-style-outline is-style-outline--1\"><a class=\"wp-block-button__link wp-element-button\" href=\"\/es\/oficina-de-turismo-y-ocio-de-anglet\/nuestra-tienda\/\">M\u00e1s informaci\u00f3n<\/a><\/div>\n<\/div>\n<\/div><\/div>\n\n\n\n<div style=\"height:80px\" aria-hidden=\"true\" class=\"wp-block-spacer\"><\/div>\n\n\n\n<section class=\"wp-block-group alignwide has-light-green-background-color has-background\"><div class=\"wp-block-group__inner-container is-layout-constrained wp-block-group-is-layout-constrained\"><div id=\"ts-block-66390544d3551\"  class=\"title-bloc-container px-xl aligncenter\">\n\t\t<div class=\"title-bloc-content\">\n\t\t<div class=\"title-bloc\" >\n\t\t\t<div class=\"acf-innerblocks-container\">\n\n<h2 class=\"wp-block-heading\">Tambi\u00e9n te gustar\u00e1&#8230;<\/h2>\n\n<\/div>\t\t<\/div>\n\t\t\t<\/div>\n<\/div>\n\n\n<div id=\"ts-block-66390544d64d3\"  class=\"is-style-horizontal\">\n\t<div class=\"swiper-container tis_item_box-swiper\"><div data-block_id=\"ts-block-66390544d64d3\" class=\"tis_item_box_container columns-2 img-zoom  with-slide slide-ts-block-66390544d64d3\"><div class=\"swiper-wrapper\" data-nb_col=\"2\" id=\"ts-block-66390544d64d3\"><article class=\"tis-box swiper-slide \">\n\t<a href=\"https:\/\/www.anglet-tourisme.com\/es\/gastronomia\/restaurantes\/anglet\/RESAQU064FS00133-kostaldea\/\">\n\t\t<div class=\"tis-item-cover \">\n\t\t\t\t\t\t<img decoding=\"async\" src=\"https:\/\/cdt64.media.tourinsoft.eu\/upload\/Sunset-Kostaldea-Anglet-5RIB3234--RiBLANC.jpg?width=450\" title=\"Kostaldea\" alt=\"Kostaldea\" loading=\"lazy\" \/>\n\t\t\t\t\t<div class=\"tis-item-label-container\">\n\t\t\t\t\t\t\t<!--<span class=\"tis-item-handicap\"><img decoding=\"async\" src=\"https:\/\/www.anglet-tourisme.com\/wp-content\/plugins\/tourinsoft-syndication\/assets\/images\/icon-handicap.svg\" title=\"\" alt=\"\" \/><\/span>-->\n\t\t\t\t\t\t\t\t\t<\/div>\n\t\t\t\t\t<\/div>\t\t\n\t<\/a>\n\t<div class=\"tis-item-info\">\n\t\t<span class=\"tis-item-type\"><\/span>\t\t<h3>Kostaldea<\/h3>\n\t\t\t\t\t\t\t\t<p>Situado en las alturas de la Chambre d&#8217;Amour, el Kostaldea domina el oc\u00e9ano con una&hellip;<\/p>\t\t<strong class=\"tis-box-city\">ANGLET<\/strong>\t\t\n\t\t\n\t\t\t\t\t<div class=\"wp-block-button\">\n\t\t\t\t<a href=\"https:\/\/www.anglet-tourisme.com\/es\/gastronomia\/restaurantes\/anglet\/RESAQU064FS00133-kostaldea\/\" class=\"has-black-color has-white-background-color has-text-color has-background has-link-color wp-element-button\"><img decoding=\"async\" src=\"https:\/\/www.anglet-tourisme.com\/wp-content\/themes\/onk-tourisme\/assets\/images\/arrow-right-2.svg\" alt=\"Ver m\u00e1s\" \/><\/a>\n\t\t\t<\/div>\n\t\t\t\t\n\t<\/div>\n<\/article><article class=\"tis-box swiper-slide \">\n\t<a href=\"https:\/\/www.anglet-tourisme.com\/es\/gastronomia\/restaurantes\/anglet\/RESAQU064FS00136-le-sunset\/\">\n\t\t<div class=\"tis-item-cover \">\n\t\t\t\t\t\t<img decoding=\"async\" src=\"https:\/\/cdt64.media.tourinsoft.eu\/upload\/Le-Sunset-Marinella-Anglet-03-RiBLANC.jpg?width=450\" title=\"Le Sunset\" alt=\"Le Sunset\" loading=\"lazy\" \/>\n\t\t\t\t\t<div class=\"tis-item-label-container\">\n\t\t\t\t\t\t\t<!--<span class=\"tis-item-handicap\"><img decoding=\"async\" src=\"https:\/\/www.anglet-tourisme.com\/wp-content\/plugins\/tourinsoft-syndication\/assets\/images\/icon-handicap.svg\" title=\"\" alt=\"\" \/><\/span>-->\n\t\t\t\t\t\t\t\t\t<\/div>\n\t\t\t\t\t<\/div>\t\t\n\t<\/a>\n\t<div class=\"tis-item-info\">\n\t\t<span class=\"tis-item-type\"><\/span>\t\t<h3>Le Sunset<\/h3>\n\t\t\t\t\t\t\t\t<p>\u00bfVas a ver una puesta de sol en el Sunset? S\u00ed, s\u00ed es posible La&hellip;<\/p>\t\t<strong class=\"tis-box-city\">ANGLET<\/strong>\t\t\n\t\t\n\t\t\t\t\t<div class=\"wp-block-button\">\n\t\t\t\t<a href=\"https:\/\/www.anglet-tourisme.com\/es\/gastronomia\/restaurantes\/anglet\/RESAQU064FS00136-le-sunset\/\" class=\"has-black-color has-white-background-color has-text-color has-background has-link-color wp-element-button\"><img decoding=\"async\" src=\"https:\/\/www.anglet-tourisme.com\/wp-content\/themes\/onk-tourisme\/assets\/images\/arrow-right-2.svg\" alt=\"Ver m\u00e1s\" \/><\/a>\n\t\t\t<\/div>\n\t\t\t\t\n\t<\/div>\n<\/article><article class=\"tis-box swiper-slide \">\n\t<a href=\"https:\/\/www.anglet-tourisme.com\/es\/gastronomia\/restaurantes\/anglet\/RESAQU064FS0013E-la-chaloupe\/\">\n\t\t<div class=\"tis-item-cover \">\n\t\t\t\t\t\t<img decoding=\"async\" src=\"https:\/\/cdt64.media.tourinsoft.eu\/upload\/La-Chaloupe-5.jpg?width=450\" title=\"La Chaloupe\" alt=\"La Chaloupe\" loading=\"lazy\" \/>\n\t\t\t\t\t<div class=\"tis-item-label-container\">\n\t\t\t\t\t\t\t<!--<span class=\"tis-item-handicap\"><img decoding=\"async\" src=\"https:\/\/www.anglet-tourisme.com\/wp-content\/plugins\/tourinsoft-syndication\/assets\/images\/icon-handicap.svg\" title=\"\" alt=\"\" \/><\/span>-->\n\t\t\t\t\t\t\t\t\t<\/div>\n\t\t\t\t\t<\/div>\t\t\n\t<\/a>\n\t<div class=\"tis-item-info\">\n\t\t<span class=\"tis-item-type\"><\/span>\t\t<h3>La Chaloupe<\/h3>\n\t\t\t\t\t\t\t\t<p>La playa de Cavaliers es famosa por sus rulos y sus espectaculares olas, que hacen&hellip;<\/p>\t\t<strong class=\"tis-box-city\">ANGLET<\/strong>\t\t\n\t\t\n\t\t\t\t\t<div class=\"wp-block-button\">\n\t\t\t\t<a href=\"https:\/\/www.anglet-tourisme.com\/es\/gastronomia\/restaurantes\/anglet\/RESAQU064FS0013E-la-chaloupe\/\" class=\"has-black-color has-white-background-color has-text-color has-background has-link-color wp-element-button\"><img decoding=\"async\" src=\"https:\/\/www.anglet-tourisme.com\/wp-content\/themes\/onk-tourisme\/assets\/images\/arrow-right-2.svg\" alt=\"Ver m\u00e1s\" \/><\/a>\n\t\t\t<\/div>\n\t\t\t\t\n\t<\/div>\n<\/article><article class=\"tis-box swiper-slide \">\n\t<a href=\"https:\/\/www.anglet-tourisme.com\/es\/gastronomia\/restaurantes\/anglet\/RESAQU064FS0013G-lepi-cafe\/\">\n\t\t<div class=\"tis-item-cover \">\n\t\t\t\t\t\t<img decoding=\"async\" src=\"https:\/\/cdt64.media.tourinsoft.eu\/upload\/Epi-cafe-1---Dario-T.jpg?width=450\" title=\"L'Epi Caf\u00e9\" alt=\"L'Epi Caf\u00e9\" loading=\"lazy\" \/>\n\t\t\t\t\t<div class=\"tis-item-label-container\">\n\t\t\t\t\t\t\t<!--<span class=\"tis-item-handicap\"><img decoding=\"async\" src=\"https:\/\/www.anglet-tourisme.com\/wp-content\/plugins\/tourinsoft-syndication\/assets\/images\/icon-handicap.svg\" title=\"\" alt=\"\" \/><\/span>-->\n\t\t\t\t\t\t\t\t\t<\/div>\n\t\t\t\t\t<\/div>\t\t\n\t<\/a>\n\t<div class=\"tis-item-info\">\n\t\t<span class=\"tis-item-type\"><\/span>\t\t<h3>L&#8217;Epi Caf\u00e9<\/h3>\n\t\t\t\t\t\t\t\t<p>Desde que Rute y su equipo se hicieron cargo del caf\u00e9 Epi, entre las playas&hellip;<\/p>\t\t<strong class=\"tis-box-city\">ANGLET<\/strong>\t\t\n\t\t\n\t\t\t\t\t<div class=\"wp-block-button\">\n\t\t\t\t<a href=\"https:\/\/www.anglet-tourisme.com\/es\/gastronomia\/restaurantes\/anglet\/RESAQU064FS0013G-lepi-cafe\/\" class=\"has-black-color has-white-background-color has-text-color has-background has-link-color wp-element-button\"><img decoding=\"async\" src=\"https:\/\/www.anglet-tourisme.com\/wp-content\/themes\/onk-tourisme\/assets\/images\/arrow-right-2.svg\" alt=\"Ver m\u00e1s\" \/><\/a>\n\t\t\t<\/div>\n\t\t\t\t\n\t<\/div>\n<\/article><article class=\"tis-box swiper-slide \">\n\t<a href=\"https:\/\/www.anglet-tourisme.com\/es\/gastronomia\/restaurantes\/anglet\/RESAQU064FS0015G-ozeanoa\/\">\n\t\t<div class=\"tis-item-cover \">\n\t\t\t\t\t\t<img decoding=\"async\" src=\"https:\/\/cdt64.media.tourinsoft.eu\/upload\/OZEANOA-ANGLET-03-2.jpg?width=450\" title=\"Ozeanoa\" alt=\"Ozeanoa\" loading=\"lazy\" \/>\n\t\t\t\t\t<div class=\"tis-item-label-container\">\n\t\t\t\t\t\t\t<!--<span class=\"tis-item-handicap\"><img decoding=\"async\" src=\"https:\/\/www.anglet-tourisme.com\/wp-content\/plugins\/tourinsoft-syndication\/assets\/images\/icon-handicap.svg\" title=\"\" alt=\"\" \/><\/span>-->\n\t\t\t\t\t\t\t\t\t<\/div>\n\t\t\t\t\t<\/div>\t\t\n\t<\/a>\n\t<div class=\"tis-item-info\">\n\t\t<span class=\"tis-item-type\"><\/span>\t\t<h3>Ozeanoa<\/h3>\n\t\t\t\t\t\t\t\t<p>Emilie Bensa\u00efd le da la bienvenida a la caba\u00f1a de playa Ozeanoa, en Plage de&hellip;<\/p>\t\t<strong class=\"tis-box-city\">ANGLET<\/strong>\t\t\n\t\t\n\t\t\t\t\t<div class=\"wp-block-button\">\n\t\t\t\t<a href=\"https:\/\/www.anglet-tourisme.com\/es\/gastronomia\/restaurantes\/anglet\/RESAQU064FS0015G-ozeanoa\/\" class=\"has-black-color has-white-background-color has-text-color has-background has-link-color wp-element-button\"><img decoding=\"async\" src=\"https:\/\/www.anglet-tourisme.com\/wp-content\/themes\/onk-tourisme\/assets\/images\/arrow-right-2.svg\" alt=\"Ver m\u00e1s\" \/><\/a>\n\t\t\t<\/div>\n\t\t\t\t\n\t<\/div>\n<\/article><article class=\"tis-box swiper-slide \">\n\t<a href=\"https:\/\/www.anglet-tourisme.com\/es\/gastronomia\/restaurantes\/anglet\/RESAQU064V501R22-larrantza\/\">\n\t\t<div class=\"tis-item-cover \">\n\t\t\t\t\t\t<img decoding=\"async\" src=\"https:\/\/cdt64.media.tourinsoft.eu\/upload\/arrantza-51.jpg?width=450\" title=\"L'Arrantza\" alt=\"L'Arrantza\" loading=\"lazy\" \/>\n\t\t\t\t\t<div class=\"tis-item-label-container\">\n\t\t\t\t\t\t\t<!--<span class=\"tis-item-handicap\"><img decoding=\"async\" src=\"https:\/\/www.anglet-tourisme.com\/wp-content\/plugins\/tourinsoft-syndication\/assets\/images\/icon-handicap.svg\" title=\"\" alt=\"\" \/><\/span>-->\n\t\t\t\t\t\t\t\t\t<\/div>\n\t\t\t\t\t<\/div>\t\t\n\t<\/a>\n\t<div class=\"tis-item-info\">\n\t\t<span class=\"tis-item-type\"><\/span>\t\t<h3>L&#8217;Arrantza<\/h3>\n\t\t\t\t\t\t\t\t<p>Situado en la playa de Madrague, nuestro restaurante ofrece una experiencia gastron\u00f3mica \u00fanica junto al&hellip;<\/p>\t\t<strong class=\"tis-box-city\">ANGLET<\/strong>\t\t\n\t\t\n\t\t\t\t\t<div class=\"wp-block-button\">\n\t\t\t\t<a href=\"https:\/\/www.anglet-tourisme.com\/es\/gastronomia\/restaurantes\/anglet\/RESAQU064V501R22-larrantza\/\" class=\"has-black-color has-white-background-color has-text-color has-background has-link-color wp-element-button\"><img decoding=\"async\" src=\"https:\/\/www.anglet-tourisme.com\/wp-content\/themes\/onk-tourisme\/assets\/images\/arrow-right-2.svg\" alt=\"Ver m\u00e1s\" \/><\/a>\n\t\t\t<\/div>\n\t\t\t\t\n\t<\/div>\n<\/article><article class=\"tis-box swiper-slide \">\n\t<a href=\"https:\/\/www.anglet-tourisme.com\/es\/gastronomia\/restaurantes\/anglet\/RESAQU064V508GEL-anaiak-sables-dor\/\">\n\t\t<div class=\"tis-item-cover \">\n\t\t\t\t\t\t<img decoding=\"async\" src=\"https:\/\/cdt64.media.tourinsoft.eu\/upload\/ANAIAK-SABLES-D-OR-01.jpg?width=450\" title=\"Anaiak Sables d'Or\" alt=\"Anaiak Sables d'Or\" loading=\"lazy\" \/>\n\t\t\t\t\t<div class=\"tis-item-label-container\">\n\t\t\t\t\t\t\t<!--<span class=\"tis-item-handicap\"><img decoding=\"async\" src=\"https:\/\/www.anglet-tourisme.com\/wp-content\/plugins\/tourinsoft-syndication\/assets\/images\/icon-handicap.svg\" title=\"\" alt=\"\" \/><\/span>-->\n\t\t\t\t\t\t\t\t\t<\/div>\n\t\t\t\t\t<\/div>\t\t\n\t<\/a>\n\t<div class=\"tis-item-info\">\n\t\t<span class=\"tis-item-type\"><\/span>\t\t<h3>Anaiak Sables d&#8217;Or<\/h3>\n\t\t\t\t\t\t\t\t<p>Descubra nuestro chiringuito junto a la playa con impresionantes vistas al oc\u00e9ano, el lugar perfecto&hellip;<\/p>\t\t<strong class=\"tis-box-city\">ANGLET<\/strong>\t\t\n\t\t\n\t\t\t\t\t<div class=\"wp-block-button\">\n\t\t\t\t<a href=\"https:\/\/www.anglet-tourisme.com\/es\/gastronomia\/restaurantes\/anglet\/RESAQU064V508GEL-anaiak-sables-dor\/\" class=\"has-black-color has-white-background-color has-text-color has-background has-link-color wp-element-button\"><img decoding=\"async\" src=\"https:\/\/www.anglet-tourisme.com\/wp-content\/themes\/onk-tourisme\/assets\/images\/arrow-right-2.svg\" alt=\"Ver m\u00e1s\" \/><\/a>\n\t\t\t<\/div>\n\t\t\t\t\n\t<\/div>\n<\/article><article class=\"tis-box swiper-slide \">\n\t<a href=\"https:\/\/www.anglet-tourisme.com\/es\/gastronomia\/restaurantes\/anglet\/RESAQU064V58OYAQ-itxasoa-les-cavaliers\/\">\n\t\t<div class=\"tis-item-cover \">\n\t\t\t\t\t\t<img decoding=\"async\" src=\"https:\/\/cdt64.media.tourinsoft.eu\/upload\/ITXASOA-3.jpg?width=450\" title=\"Itxasoa, Les Cavaliers\" alt=\"Itxasoa, Les Cavaliers\" loading=\"lazy\" \/>\n\t\t\t\t\t<div class=\"tis-item-label-container\">\n\t\t\t\t\t\t\t<!--<span class=\"tis-item-handicap\"><img decoding=\"async\" src=\"https:\/\/www.anglet-tourisme.com\/wp-content\/plugins\/tourinsoft-syndication\/assets\/images\/icon-handicap.svg\" title=\"\" alt=\"\" \/><\/span>-->\n\t\t\t\t\t\t\t\t\t<\/div>\n\t\t\t\t\t<\/div>\t\t\n\t<\/a>\n\t<div class=\"tis-item-info\">\n\t\t<span class=\"tis-item-type\"><\/span>\t\t<h3>Itxasoa, Les Cavaliers<\/h3>\n\t\t\t\t\t\t\t\t<p>Itxasoa marca la pauta: \u00a1\u00e9sta es la actitud vasca! En un entorno verde, el chef&hellip;<\/p>\t\t<strong class=\"tis-box-city\">ANGLET<\/strong>\t\t\n\t\t\n\t\t\t\t\t<div class=\"wp-block-button\">\n\t\t\t\t<a href=\"https:\/\/www.anglet-tourisme.com\/es\/gastronomia\/restaurantes\/anglet\/RESAQU064V58OYAQ-itxasoa-les-cavaliers\/\" class=\"has-black-color has-white-background-color has-text-color has-background has-link-color wp-element-button\"><img decoding=\"async\" src=\"https:\/\/www.anglet-tourisme.com\/wp-content\/themes\/onk-tourisme\/assets\/images\/arrow-right-2.svg\" alt=\"Ver m\u00e1s\" \/><\/a>\n\t\t\t<\/div>\n\t\t\t\t\n\t<\/div>\n<\/article><article class=\"tis-box swiper-slide \">\n\t<a href=\"https:\/\/www.anglet-tourisme.com\/es\/gastronomia\/restaurantes\/anglet\/RESAQU064V5BCVFR-la-cabena\/\">\n\t\t<div class=\"tis-item-cover \">\n\t\t\t\t\t\t<img decoding=\"async\" src=\"https:\/\/cdt64.media.tourinsoft.eu\/upload\/La-Cabena-Anglet-Cote-Basque-3.jpg?width=450\" title=\"La Cabena\" alt=\"La Cabena\" loading=\"lazy\" \/>\n\t\t\t\t\t<div class=\"tis-item-label-container\">\n\t\t\t\t\t\t\t<!--<span class=\"tis-item-handicap\"><img decoding=\"async\" src=\"https:\/\/www.anglet-tourisme.com\/wp-content\/plugins\/tourinsoft-syndication\/assets\/images\/icon-handicap.svg\" title=\"\" alt=\"\" \/><\/span>-->\n\t\t\t\t\t\t\t\t\t<\/div>\n\t\t\t\t\t<\/div>\t\t\n\t<\/a>\n\t<div class=\"tis-item-info\">\n\t\t<span class=\"tis-item-type\"><\/span>\t\t<h3>La Cabena<\/h3>\n\t\t\t\t\t\t\t\t<p><\/p>\t\t<strong class=\"tis-box-city\">ANGLET<\/strong>\t\t\n\t\t\n\t\t\t\t\t<div class=\"wp-block-button\">\n\t\t\t\t<a href=\"https:\/\/www.anglet-tourisme.com\/es\/gastronomia\/restaurantes\/anglet\/RESAQU064V5BCVFR-la-cabena\/\" class=\"has-black-color has-white-background-color has-text-color has-background has-link-color wp-element-button\"><img decoding=\"async\" src=\"https:\/\/www.anglet-tourisme.com\/wp-content\/themes\/onk-tourisme\/assets\/images\/arrow-right-2.svg\" alt=\"Ver m\u00e1s\" \/><\/a>\n\t\t\t<\/div>\n\t\t\t\t\n\t<\/div>\n<\/article><article class=\"tis-box swiper-slide \">\n\t<a href=\"https:\/\/www.anglet-tourisme.com\/es\/gastronomia\/restaurantes\/anglet\/RESAQU064V5C3D1K-tinta-beltza\/\">\n\t\t<div class=\"tis-item-cover \">\n\t\t\t\t\t\t<img decoding=\"async\" src=\"https:\/\/cdt64.media.tourinsoft.eu\/upload\/Tinta-Beltza-1.jpg?width=450\" title=\"Tinta Beltza\" alt=\"Tinta Beltza\" loading=\"lazy\" \/>\n\t\t\t\t\t<div class=\"tis-item-label-container\">\n\t\t\t\t\t\t\t<!--<span class=\"tis-item-handicap\"><img decoding=\"async\" src=\"https:\/\/www.anglet-tourisme.com\/wp-content\/plugins\/tourinsoft-syndication\/assets\/images\/icon-handicap.svg\" title=\"\" alt=\"\" \/><\/span>-->\n\t\t\t\t\t\t\t\t\t<\/div>\n\t\t\t\t\t<\/div>\t\t\n\t<\/a>\n\t<div class=\"tis-item-info\">\n\t\t<span class=\"tis-item-type\"><\/span>\t\t<h3>Tinta Beltza<\/h3>\n\t\t\t\t\t\t\t\t<p>Guillaume y Amandine Minvielle ofrecen cocina local e internacional con productos frescos para comer y&hellip;<\/p>\t\t<strong class=\"tis-box-city\">ANGLET<\/strong>\t\t\n\t\t\n\t\t\t\t\t<div class=\"wp-block-button\">\n\t\t\t\t<a href=\"https:\/\/www.anglet-tourisme.com\/es\/gastronomia\/restaurantes\/anglet\/RESAQU064V5C3D1K-tinta-beltza\/\" class=\"has-black-color has-white-background-color has-text-color has-background has-link-color wp-element-button\"><img decoding=\"async\" src=\"https:\/\/www.anglet-tourisme.com\/wp-content\/themes\/onk-tourisme\/assets\/images\/arrow-right-2.svg\" alt=\"Ver m\u00e1s\" \/><\/a>\n\t\t\t<\/div>\n\t\t\t\t\n\t<\/div>\n<\/article><\/div><\/div><div class=\"swiper-button-prev prev-ts-block-66390544d64d3\"><\/div><div class=\"swiper-button-next next-ts-block-66390544d64d3\"><\/div><\/div><\/div>\n<\/div><\/section>\n","protected":false},"excerpt":{"rendered":"<p>Una actividad imprescindible para algunos, un verdadero reto para otros, \u00a1las compras tienen muchas formas y tama\u00f1os en Anglet! Si te gustan las tiendas de dise\u00f1o, la artesan\u00eda local y los circuitos cortos, seguro que en Anglet encuentras lo que buscas: librer\u00edas independientes, concept stores, tiendas-boutique, tiendas de surf, \u00f3pticas, [&hellip;]<\/p>\n","protected":false},"author":1,"featured_media":3023,"parent":0,"menu_order":0,"comment_status":"closed","ping_status":"closed","template":"","meta":{"_acf_changed":false,"_seopress_robots_primary_cat":"","_seopress_titles_title":"Compras Anglet: compras en Anglet - direcciones e informaci\u00f3n pr\u00e1ctica","_seopress_titles_desc":"\u00bfQuieres ir de compras en Anglet?\r\nEncuentra las mejores direcciones e informaci\u00f3n pr\u00e1ctica para una experiencia de compra agradable.","_seopress_robots_index":"","footnotes":""},"class_list":["post-12117","page","type-page","status-publish","has-post-thumbnail"],"acf":[],"_links":{"self":[{"href":"https:\/\/www.anglet-tourisme.com\/es\/wp-json\/wp\/v2\/pages\/12117","targetHints":{"allow":["GET"]}}],"collection":[{"href":"https:\/\/www.anglet-tourisme.com\/es\/wp-json\/wp\/v2\/pages"}],"about":[{"href":"https:\/\/www.anglet-tourisme.com\/es\/wp-json\/wp\/v2\/types\/page"}],"author":[{"embeddable":true,"href":"https:\/\/www.anglet-tourisme.com\/es\/wp-json\/wp\/v2\/users\/1"}],"replies":[{"embeddable":true,"href":"https:\/\/www.anglet-tourisme.com\/es\/wp-json\/wp\/v2\/comments?post=12117"}],"version-history":[{"count":0,"href":"https:\/\/www.anglet-tourisme.com\/es\/wp-json\/wp\/v2\/pages\/12117\/revisions"}],"wp:featuredmedia":[{"embeddable":true,"href":"https:\/\/www.anglet-tourisme.com\/es\/wp-json\/wp\/v2\/media\/3023"}],"wp:attachment":[{"href":"https:\/\/www.anglet-tourisme.com\/es\/wp-json\/wp\/v2\/media?parent=12117"}],"curies":[{"name":"wp","href":"https:\/\/api.w.org\/{rel}","templated":true}]}}