{"id":12151,"date":"2024-07-10T17:48:51","date_gmt":"2024-07-10T15:48:51","guid":{"rendered":"https:\/\/www.anglet-tourisme.com\/movilidad-y-transporte\/como-desplazarse\/alquiler-de-furgonetas\/"},"modified":"2024-10-02T12:05:36","modified_gmt":"2024-10-02T10:05:36","slug":"alquiler-de-furgonetas","status":"publish","type":"page","link":"https:\/\/www.anglet-tourisme.com\/es\/movilidad-y-transporte\/como-desplazarse\/alquiler-de-furgonetas\/","title":{"rendered":"Alquiler de furgonetas"},"content":{"rendered":"<div id=\"ts-block-661e91d910090\"  class=\"is-style-map\">\n\t\t<script type=\"text\/javascript\">\n\t\tvar tsObjects = {\"type\":\"FeatureCollection\",\"features\":[{\"geometry\":{\"type\":\"Point\",\"coordinates\":[-1.49985,43.508]},\"type\":\"Feature\",\"id\":\"ORGAQU064V5BJDAM\",\"properties\":{\"objectTypeCode\":\"ORG\",\"name\":\"Exode\",\"marker_id\":\"ORGAQU064V5BJDAM\",\"commune\":\"ANGLET\",\"display_city\":\"1\",\"cp\":\"64600\",\"ad1\":\"10 all\\u00e9e de Samadet\",\"gmapLongitude\":-1.49985,\"gmapLatitude\":43.508,\"zone1\":null,\"telephone\":\"\",\"detail_url\":\"https:\\\/\\\/www.anglet-tourisme.com\\\/es\\\/organizaciones\\\/anglet\\\/ORGAQU064V5BJDAM-exode\\\/\",\"excerpt\":\"Entre mar y monta\\u00f1a, descubrimiento y cambio de aires, surf y senderismo, su furgoneta le acompa\\u00f1ar\\u00e1 por las carreteras de la regi\\u00f3n para hacerle vivir momentos y experiencias inolvidables. Equipado con madera&hellip;\",\"display_excerpt\":\"1\",\"photo\":\"https:\\\/\\\/www.anglet-tourisme.com\\\/wp-content\\\/uploads\\\/tis\\\/VAN-EXODE-02.jpg\",\"clas\":null,\"btn_label\":\"Ver m\\u00e1s\",\"btn_class\":null,\"durable\":false,\"charte\":\"\",\"durable_label\":\"Desarrollo sostenible\",\"online_bookable\":false,\"price_from\":false,\"type\":\"Place\"}},{\"geometry\":{\"type\":\"Point\",\"coordinates\":[-1.52723,43.485]},\"type\":\"Feature\",\"id\":\"ORGAQU064V5BC1IJ\",\"properties\":{\"objectTypeCode\":\"ORG\",\"name\":\"Biarritz Van\",\"marker_id\":\"ORGAQU064V5BC1IJ\",\"commune\":\"ANGLET\",\"display_city\":\"1\",\"cp\":\"64600\",\"ad1\":\"129 all\\u00e9e Loriak\",\"gmapLongitude\":-1.52723,\"gmapLatitude\":43.485,\"zone1\":null,\"telephone\":\"\",\"detail_url\":\"https:\\\/\\\/www.anglet-tourisme.com\\\/es\\\/organizaciones\\\/anglet\\\/ORGAQU064V5BC1IJ-biarritz-van\\\/\",\"excerpt\":\"Entre los Pirineos, el Pa\\u00eds Vasco y las Landas, no tendr\\u00e1 que ir muy lejos para descubrir la regi\\u00f3n. Descubra una forma original, pr\\u00e1ctica y econ\\u00f3mica de descubrir la regi\\u00f3n alquilando una&hellip;\",\"display_excerpt\":\"1\",\"photo\":\"https:\\\/\\\/www.anglet-tourisme.com\\\/wp-content\\\/uploads\\\/tis\\\/BIARRITZ-VAN-00.jpg\",\"clas\":null,\"btn_label\":\"Ver m\\u00e1s\",\"btn_class\":null,\"durable\":false,\"charte\":\"\",\"durable_label\":\"Desarrollo sostenible\",\"online_bookable\":false,\"price_from\":false,\"type\":\"Place\"}}]};\n\t<\/script>\n\n\t\t\n\n<div id=\"tourinsoft-loader\">\n\t<div class=\"outer\">\n\t\t<div class=\"inner\">\n\t\t\t<div class=\"small\"><\/div>\n\t\t\t<div class=\"small\"><\/div>\n\t\t\t<div class=\"small\"><\/div>\n\t\t\t<div class=\"small\"><\/div>\n\t\t<\/div>\n\t\t<div class=\"big\">\n\t\t\t<div class=\"small\"><\/div>\n\t\t<\/div>\n\t\t<div class=\"big\">\n\t\t\t<div class=\"small\"><\/div>\n\t\t<\/div>\n\t<\/div>\n<\/div>\n\n\n<div style=\"height:50px\" aria-hidden=\"true\" class=\"wp-block-spacer\" id=\"form-results\"><\/div>\n\n\n<div id=\"tourinsoft-list\" class=\"py wp-block-group alignfull \">\n\t<div class=\"tourinsoft-map-container\">\n\t\t<div id=\"tourinsoft-result-list\">\n\t\t\t\t\t\t<div id=\"tourinsoft-result-container\" >\n\t\t\t\n\t\t\t\t\t\t\t\t<div id=\"js-marker-result\" class=\"grid-mode\" >\n\t\t\t\t\t\n\t\t\t\t\t<article class=\"js-marker tourinsoft-item tis-box \" id=\"marker-ORGAQU064V5BJDAM\" data-lat=\"43.508\" data-lng=\"-1.49985\" data-title=\"Exode\">\n\t<a href=\"https:\/\/www.anglet-tourisme.com\/es\/organizaciones\/anglet\/ORGAQU064V5BJDAM-exode\/\" class=\"trk_visit_single\">\n\t\t<div class=\"tis-item-cover \">\n\t\t\t\t\t\t\t\t\t<img decoding=\"async\" src=\"https:\/\/www.anglet-tourisme.com\/wp-content\/uploads\/tis\/VAN-EXODE-02.jpg\" title=\"Exode\" alt=\"Exode\" loading=\"lazy\" \/>\n\t\t\t\t\t\t\t\t<div class=\"tis-item-label-container\">\n\t\t\t\t\t\t\t\t\t<!--<span class=\"tis-item-handicap\"><img decoding=\"async\" src=\"https:\/\/www.anglet-tourisme.com\/wp-content\/plugins\/tourinsoft-syndication\/assets\/images\/icon-handicap.svg\" title=\"\" alt=\"\" \/><\/span>-->\n\t\t\t\t\t\t\t\t\t\t\t<\/div>\n\t\t\t\t\t<\/div>\n\t\t\n\t\t\n\t\t\n\t\t<h3>\t\t\tExode\t\t<\/h3>\n\t\t\t<\/a>\n\t\n\t\t\t\t\t\n\t<p>Entre mar y monta\u00f1a, descubrimiento y cambio de aires, surf y senderismo, su furgoneta le acompa\u00f1ar\u00e1 por las carreteras de la regi\u00f3n para hacerle vivir momentos y experiencias inolvidables. Equipado con madera&hellip;<\/p>\t\n\t<strong class=\"tis-box-city\">ANGLET<\/strong>\t\n\t<div class=\"wp-block-button is-style-outline\">\n\t\t<a href=\"https:\/\/www.anglet-tourisme.com\/es\/organizaciones\/anglet\/ORGAQU064V5BJDAM-exode\/\" class=\"trk_visit_single wp-block-button__link has-dark-color has-white-background-color \">Ver m\u00e1s<\/a>\n\t<\/div>\n\t\n<\/article>\t<article class=\"js-marker tourinsoft-item tis-box \" id=\"marker-ORGAQU064V5BC1IJ\" data-lat=\"43.485\" data-lng=\"-1.52723\" data-title=\"Biarritz Van\">\n\t<a href=\"https:\/\/www.anglet-tourisme.com\/es\/organizaciones\/anglet\/ORGAQU064V5BC1IJ-biarritz-van\/\" class=\"trk_visit_single\">\n\t\t<div class=\"tis-item-cover \">\n\t\t\t\t\t\t\t\t\t<img decoding=\"async\" src=\"https:\/\/www.anglet-tourisme.com\/wp-content\/uploads\/tis\/BIARRITZ-VAN-00.jpg\" title=\"Biarritz Van\" alt=\"Biarritz Van\" loading=\"lazy\" \/>\n\t\t\t\t\t\t\t\t<div class=\"tis-item-label-container\">\n\t\t\t\t\t\t\t\t\t<!--<span class=\"tis-item-handicap\"><img decoding=\"async\" src=\"https:\/\/www.anglet-tourisme.com\/wp-content\/plugins\/tourinsoft-syndication\/assets\/images\/icon-handicap.svg\" title=\"\" alt=\"\" \/><\/span>-->\n\t\t\t\t\t\t\t\t\t\t\t<\/div>\n\t\t\t\t\t<\/div>\n\t\t\n\t\t\n\t\t\n\t\t<h3>\t\t\tBiarritz Van\t\t<\/h3>\n\t\t\t<\/a>\n\t\n\t\t\t\t\t\n\t<p>Entre los Pirineos, el Pa\u00eds Vasco y las Landas, no tendr\u00e1 que ir muy lejos para descubrir la regi\u00f3n. Descubra una forma original, pr\u00e1ctica y econ\u00f3mica de descubrir la regi\u00f3n alquilando una&hellip;<\/p>\t\n\t<strong class=\"tis-box-city\">ANGLET<\/strong>\t\n\t<div class=\"wp-block-button is-style-outline\">\n\t\t<a href=\"https:\/\/www.anglet-tourisme.com\/es\/organizaciones\/anglet\/ORGAQU064V5BC1IJ-biarritz-van\/\" class=\"trk_visit_single wp-block-button__link has-dark-color has-white-background-color \">Ver m\u00e1s<\/a>\n\t<\/div>\n\t\n<\/article>\t\t\t\t\t<\/div>\n\t\t\t<\/div>\n\t\t<\/div>\n\t\t<div id=\"tourinsoft-map\"  data-marker=\"https:\/\/www.anglet-tourisme.com\/wp-content\/plugins\/tourinsoft-syndication\/assets\/images\/map-marker.png\" data-lat=\"43.29510117\" data-lng=\"-0.37079701\" data-zoom=\"10\"><\/div>\n\t<\/div>\n<\/div>\n\n\n<div style=\"height:50px\" aria-hidden=\"true\" class=\"wp-block-spacer\"><\/div>\n\n<\/div>\n","protected":false},"excerpt":{"rendered":"","protected":false},"author":2,"featured_media":8042,"parent":12139,"menu_order":0,"comment_status":"closed","ping_status":"closed","template":"","meta":{"_acf_changed":false,"_seopress_robots_primary_cat":"","_seopress_titles_title":"","_seopress_titles_desc":"","_seopress_robots_index":"","footnotes":""},"class_list":["post-12151","page","type-page","status-publish","has-post-thumbnail"],"acf":[],"_links":{"self":[{"href":"https:\/\/www.anglet-tourisme.com\/es\/wp-json\/wp\/v2\/pages\/12151","targetHints":{"allow":["GET"]}}],"collection":[{"href":"https:\/\/www.anglet-tourisme.com\/es\/wp-json\/wp\/v2\/pages"}],"about":[{"href":"https:\/\/www.anglet-tourisme.com\/es\/wp-json\/wp\/v2\/types\/page"}],"author":[{"embeddable":true,"href":"https:\/\/www.anglet-tourisme.com\/es\/wp-json\/wp\/v2\/users\/2"}],"replies":[{"embeddable":true,"href":"https:\/\/www.anglet-tourisme.com\/es\/wp-json\/wp\/v2\/comments?post=12151"}],"version-history":[{"count":0,"href":"https:\/\/www.anglet-tourisme.com\/es\/wp-json\/wp\/v2\/pages\/12151\/revisions"}],"up":[{"embeddable":true,"href":"https:\/\/www.anglet-tourisme.com\/es\/wp-json\/wp\/v2\/pages\/12139"}],"wp:featuredmedia":[{"embeddable":true,"href":"https:\/\/www.anglet-tourisme.com\/es\/wp-json\/wp\/v2\/media\/8042"}],"wp:attachment":[{"href":"https:\/\/www.anglet-tourisme.com\/es\/wp-json\/wp\/v2\/media?parent=12151"}],"curies":[{"name":"wp","href":"https:\/\/api.w.org\/{rel}","templated":true}]}}